{"id":9961,"date":"2024-12-20T12:53:24","date_gmt":"2024-12-20T11:53:24","guid":{"rendered":"https:\/\/www.chateaudegoutelas.fr\/?page_id=9961"},"modified":"2026-04-04T11:23:46","modified_gmt":"2026-04-04T09:23:46","slug":"musique","status":"publish","type":"page","link":"https:\/\/www.chateaudegoutelas.fr\/en\/saison-culturelle\/musique\/","title":{"rendered":"Musique"},"content":{"rendered":"<h1>\n\t\t\t\tMusique\n\t\t\t<\/h1>\n\t\t\t<h3>Concerts, projets partag\u00e9s, r\u00e9sidences<\/h3>\t\n\t<p>\u00a9 Louis Perrin<\/p>\n\t<h1>\n\t\t\t\tMusique\n\t\t\t<\/h1>\n\t\t\t<h3>Concerts, projets partag\u00e9s, r\u00e9sidences<\/h3>\t\n\t<p>Jazz, musiques actuelles, musiques du monde, chanson, folk&#8230; Autour du piano, sous les toits ou en plein air sur les terrasses, la musique se partage toute l&rsquo;ann\u00e9e au ch\u00e2teau !<\/p>\n<h2>\n\t\t\tles prochains \u00e9v\u00e9nements\t<\/h2>\n\t<div class=\"em em-view-container\" id=\"em-view-458867671\" data-view=\"list\">\r\n\t<div class=\"em em-list em-events-list\" id=\"em-events-list-458867671\" data-view-id=\"458867671\">\r\n\t<div class=\"shmEventListWidget\">\r\n<a href=\"https:\/\/www.chateaudegoutelas.fr\/en\/agenda\/sukoon\/\" class=\"shmEventListItem\">\r\n\t<div class=\"marg\">\r\n\t\t<div class=\"EVENTIMAGE\"><img loading=\"lazy\" decoding=\"async\" width=\"720\" height=\"720\" src=\"https:\/\/www.chateaudegoutelas.fr\/wp-content\/uploads\/2025\/09\/Sukoon-1_credit-Sukoon-min-720x720.jpg\" class=\"attachment-thumbnail size-thumbnail\" alt=\"\" \/><\/div>\r\n\t\t<div class=\"shmEventListItemText\">\r\n\t\t\t<div> <span class=\"ATT_type_rendez_vous\">Concert<\/span><span class=\"ATT_type_rendez_vous\"> \u2022 Musiques arabes &amp; mexicaines<\/span><\/div>\r\n\t\t\t<div class=\"EVENTNAME\">Sukoon<\/div>\r\n\t\t\t<div class=\"ATT_sous_titre\"><\/div>\r\n\t\t\t<div class=\"DATE\">Fri. 19 June<\/div>\r\n\t\t<\/div>\r\n\t<\/div>\r\n<\/a><\/div>\t<\/div>\r\n<\/div>\n<h2>\n\t\t\ten ce moment\t<\/h2>\n\t\t<a href=\"https:\/\/www.chateaudegoutelas.fr\/en\/appel-groupes-musicaux-amateurs-2026\/\" title=\"Afficher le contenu de la bo\u00eete\" target=\"_self\"  aria-label=\"Post Element\"><\/a>\t\t\n\t\t\t\t\t\t\t\t\t\t\t\t\t\t<a href=\"https:\/\/www.chateaudegoutelas.fr\/en\/appel-groupes-musicaux-amateurs-2026\/\" target=\"_self\" title=\"Appel \u00e0 candidatures : groupes musicaux amateurs, concerts Panorama 2026\">\n\t\t\t\t<img decoding=\"async\" src=\"https:\/\/www.chateaudegoutelas.fr\/wp-content\/uploads\/2026\/04\/forms-utopia-2-720x720.jpg\" alt=\"\" \/>\n\t\t\t\t<\/a>\n\t\t\t\t\t\t<h4>\n\t\t\t\t<a href=\"https:\/\/www.chateaudegoutelas.fr\/en\/appel-groupes-musicaux-amateurs-2026\/\" title=\"Appel \u00e0 candidatures : groupes musicaux amateurs, concerts Panorama 2026\">Appel \u00e0 candidatures : groupes musicaux amateurs, concerts Panorama 2026<\/a>\t\t\t<\/h4>\n\t\t\t<h2>Duke Ellington \u00e0 Goutelas<\/h2>\t\t\t\n\t\t\t\t<p>En f\u00e9vrier 1966, le c\u00e9l\u00e8bre pianiste de jazz am\u00e9ricain Duke Ellington s\u00e9journe \u00e0 Goutelas alors en pleine reconstruction. Durablement marqu\u00e9 par son passage et ses rencontres, il compose quelques ann\u00e9es plus tard une <em>Goutelas Suite<\/em>&#8230; Une vid\u00e9o r\u00e9alis\u00e9e par Laurent Lukic restitue cet \u00e9pisode extraordinaire, et \u00e0 travers lui l&rsquo;aventure humaine de la reconstruction du ch\u00e2teau.<\/p>\n<p><strong><a href=\"https:\/\/www.chateaudegoutelas.fr\/en\/media\/goutelas_la-transmission_dune_utopie\/\">EN SAVOIR +<\/a><\/strong><\/p>\n<h2>\n\t\t\tartistes en r\u00e9sidence\t<\/h2>\n\t\t<a href=\"https:\/\/www.chateaudegoutelas.fr\/en\/artiste\/sukoon\/\" title=\"Afficher le contenu de la bo\u00eete\" target=\"_self\"  aria-label=\"Post Element\"><\/a>\t\t\n\t\t\t\t\t\t\t\t\t\t\t\t\t\t<a href=\"https:\/\/www.chateaudegoutelas.fr\/en\/artiste\/sukoon\/\" target=\"_self\" title=\"Sukoon\">\n\t\t\t\t<img decoding=\"async\" src=\"https:\/\/www.chateaudegoutelas.fr\/wp-content\/uploads\/2025\/09\/Sukoon-1_credit-Sukoon-min-720x720.jpg\" alt=\"\" \/>\n\t\t\t\t<\/a>\n\t\t\t\t\t\t<h4>\n\t\t\t\t<a href=\"https:\/\/www.chateaudegoutelas.fr\/en\/artiste\/sukoon\/\" title=\"Sukoon\">Sukoon<\/a>\t\t\t<\/h4>\n\t\t<a href=\"https:\/\/www.chateaudegoutelas.fr\/en\/artiste\/tilt-trio\/\" title=\"Afficher le contenu de la bo\u00eete\" target=\"_self\"  aria-label=\"Post Element\"><\/a>\t\t\n\t\t\t\t\t\t\t\t\t\t\t\t\t\t<a href=\"https:\/\/www.chateaudegoutelas.fr\/en\/artiste\/tilt-trio\/\" target=\"_self\" title=\"Tilt trio &#8211; Farah Kaddour, Samah Boulmona, Ali Hout\">\n\t\t\t\t<img decoding=\"async\" src=\"https:\/\/www.chateaudegoutelas.fr\/wp-content\/uploads\/2025\/09\/TILT-trio_credit-Gabriel-Ferneini-1-720x720.jpg\" alt=\"\" \/>\n\t\t\t\t<\/a>\n\t\t\t\t\t\t<h4>\n\t\t\t\t<a href=\"https:\/\/www.chateaudegoutelas.fr\/en\/artiste\/tilt-trio\/\" title=\"Tilt trio &#8211; Farah Kaddour, Samah Boulmona, Ali Hout\">Tilt trio &#8211; Farah Kaddour, Samah Boulmona, Ali Hout<\/a>\t\t\t<\/h4>\n\t\t<a href=\"https:\/\/www.chateaudegoutelas.fr\/en\/artiste\/elodie-chapeland-quartet\/\" title=\"Afficher le contenu de la bo\u00eete\" target=\"_self\"  aria-label=\"Post Element\"><\/a>\t\t\n\t\t\t\t\t\t\t\t\t\t\t\t\t\t<a href=\"https:\/\/www.chateaudegoutelas.fr\/en\/artiste\/elodie-chapeland-quartet\/\" target=\"_self\" title=\"Elodie Chapeland quartet\">\n\t\t\t\t<img decoding=\"async\" src=\"https:\/\/www.chateaudegoutelas.fr\/wp-content\/uploads\/2026\/01\/elodie-chapeland-solar_roger-berhet-1-scaled-e1769167104205-720x720.jpg\" alt=\"\" \/>\n\t\t\t\t<\/a>\n\t\t\t\t\t\t<h4>\n\t\t\t\t<a href=\"https:\/\/www.chateaudegoutelas.fr\/en\/artiste\/elodie-chapeland-quartet\/\" title=\"Elodie Chapeland quartet\">Elodie Chapeland quartet<\/a>\t\t\t<\/h4>\n\t\t<a href=\"https:\/\/www.chateaudegoutelas.fr\/en\/residences\/residence-jazz\/\" title=\"Afficher le contenu de la bo\u00eete\" target=\"_self\"  aria-label=\"Post Element\"><\/a>\t\t\n\t\t\t\t\t\t\t\t\t\t\t\t\t\t<a href=\"https:\/\/www.chateaudegoutelas.fr\/en\/residences\/residence-jazz\/\" target=\"_self\" title=\"R\u00e9sidence jazz\">\n\t\t\t\t<img decoding=\"async\" src=\"https:\/\/www.chateaudegoutelas.fr\/wp-content\/uploads\/2024\/09\/XBY545913x19-720x720.jpg\" alt=\"\" \/>\n\t\t\t\t<\/a>\n\t\t\t\t\t\t<h4>\n\t\t\t\t<a href=\"https:\/\/www.chateaudegoutelas.fr\/en\/residences\/residence-jazz\/\" title=\"R\u00e9sidence jazz\">R\u00e9sidence jazz<\/a>\t\t\t<\/h4>","protected":false},"excerpt":{"rendered":"<p>Musique Concerts, projets partag\u00e9s, r\u00e9sidences \u00a9 Louis Perrin Musique Concerts, projets partag\u00e9s, r\u00e9sidences Jazz, musiques actuelles, musiques du monde, chanson, folk&#8230; Autour du piano, sous les toits ou en plein air sur les terrasses, la musique se partage toute l&rsquo;ann\u00e9e au ch\u00e2teau ! les prochains \u00e9v\u00e9nements en ce moment Appel \u00e0 candidatures : groupes musicaux [&hellip;]<\/p>\n","protected":false},"author":7,"featured_media":9962,"parent":6031,"menu_order":3,"comment_status":"closed","ping_status":"closed","template":"","meta":{"site-sidebar-layout":"no-sidebar","site-content-layout":"","ast-site-content-layout":"full-width-container","site-content-style":"unboxed","site-sidebar-style":"unboxed","ast-global-header-display":"","ast-banner-title-visibility":"","ast-main-header-display":"","ast-hfb-above-header-display":"","ast-hfb-below-header-display":"","ast-hfb-mobile-header-display":"","site-post-title":"disabled","ast-breadcrumbs-content":"","ast-featured-img":"disabled","footer-sml-layout":"","ast-disable-related-posts":"","theme-transparent-header-meta":"default","adv-header-id-meta":"","stick-header-meta":"default","header-above-stick-meta":"","header-main-stick-meta":"","header-below-stick-meta":"","astra-migrate-meta-layouts":"set","ast-page-background-enabled":"default","ast-page-background-meta":{"desktop":{"background-color":"","background-image":"","background-repeat":"repeat","background-position":"center center","background-size":"auto","background-attachment":"scroll","background-type":"","background-media":"","overlay-type":"","overlay-color":"","overlay-opacity":"","overlay-gradient":""},"tablet":{"background-color":"","background-image":"","background-repeat":"repeat","background-position":"center center","background-size":"auto","background-attachment":"scroll","background-type":"","background-media":"","overlay-type":"","overlay-color":"","overlay-opacity":"","overlay-gradient":""},"mobile":{"background-color":"","background-image":"","background-repeat":"repeat","background-position":"center center","background-size":"auto","background-attachment":"scroll","background-type":"","background-media":"","overlay-type":"","overlay-color":"","overlay-opacity":"","overlay-gradient":""}},"ast-content-background-meta":{"desktop":{"background-color":"var(--ast-global-color-5)","background-image":"","background-repeat":"repeat","background-position":"center center","background-size":"auto","background-attachment":"scroll","background-type":"","background-media":"","overlay-type":"","overlay-color":"","overlay-opacity":"","overlay-gradient":""},"tablet":{"background-color":"var(--ast-global-color-5)","background-image":"","background-repeat":"repeat","background-position":"center center","background-size":"auto","background-attachment":"scroll","background-type":"","background-media":"","overlay-type":"","overlay-color":"","overlay-opacity":"","overlay-gradient":""},"mobile":{"background-color":"var(--ast-global-color-5)","background-image":"","background-repeat":"repeat","background-position":"center center","background-size":"auto","background-attachment":"scroll","background-type":"","background-media":"","overlay-type":"","overlay-color":"","overlay-opacity":"","overlay-gradient":""}},"footnotes":""},"categories":[],"tags":[],"class_list":["post-9961","page","type-page","status-publish","has-post-thumbnail","hentry"],"yoast_head":"<!-- This site is optimized with the Yoast SEO plugin v27.5 - https:\/\/yoast.com\/product\/yoast-seo-wordpress\/ -->\n<title>Musique - Ch\u00e2teau de Goutelas<\/title>\n<meta name=\"robots\" content=\"index, follow, max-snippet:-1, max-image-preview:large, max-video-preview:-1\" \/>\n<link rel=\"canonical\" href=\"https:\/\/www.chateaudegoutelas.fr\/en\/saison-culturelle\/musique\/\" \/>\n<meta property=\"og:locale\" content=\"en_GB\" \/>\n<meta property=\"og:type\" content=\"article\" \/>\n<meta property=\"og:title\" content=\"Musique - Ch\u00e2teau de Goutelas\" \/>\n<meta property=\"og:description\" content=\"Musique Concerts, projets partag\u00e9s, r\u00e9sidences \u00a9 Louis Perrin Musique Concerts, projets partag\u00e9s, r\u00e9sidences Jazz, musiques actuelles, musiques du monde, chanson, folk&#8230; Autour du piano, sous les toits ou en plein air sur les terrasses, la musique se partage toute l&rsquo;ann\u00e9e au ch\u00e2teau ! les prochains \u00e9v\u00e9nements en ce moment Appel \u00e0 candidatures : groupes musicaux [&hellip;]\" \/>\n<meta property=\"og:url\" content=\"https:\/\/www.chateaudegoutelas.fr\/en\/saison-culturelle\/musique\/\" \/>\n<meta property=\"og:site_name\" content=\"Ch\u00e2teau de Goutelas\" \/>\n<meta property=\"article:modified_time\" content=\"2026-04-04T09:23:46+00:00\" \/>\n<meta property=\"og:image\" content=\"https:\/\/www.chateaudegoutelas.fr\/wp-content\/uploads\/2024\/11\/DSC_9229-scaled.jpg\" \/>\n\t<meta property=\"og:image:width\" content=\"2560\" \/>\n\t<meta property=\"og:image:height\" content=\"1707\" \/>\n\t<meta property=\"og:image:type\" content=\"image\/jpeg\" \/>\n<meta name=\"twitter:card\" content=\"summary_large_image\" \/>\n<meta name=\"twitter:label1\" content=\"Estimated reading time\" \/>\n\t<meta name=\"twitter:data1\" content=\"2 minutes\" \/>\n<script type=\"application\/ld+json\" class=\"yoast-schema-graph\">{\"@context\":\"https:\\\/\\\/schema.org\",\"@graph\":[{\"@type\":\"WebPage\",\"@id\":\"https:\\\/\\\/www.chateaudegoutelas.fr\\\/saison-culturelle\\\/musique\\\/\",\"url\":\"https:\\\/\\\/www.chateaudegoutelas.fr\\\/saison-culturelle\\\/musique\\\/\",\"name\":\"Musique - Ch\u00e2teau de Goutelas\",\"isPartOf\":{\"@id\":\"https:\\\/\\\/www.chateaudegoutelas.fr\\\/#website\"},\"primaryImageOfPage\":{\"@id\":\"https:\\\/\\\/www.chateaudegoutelas.fr\\\/saison-culturelle\\\/musique\\\/#primaryimage\"},\"image\":{\"@id\":\"https:\\\/\\\/www.chateaudegoutelas.fr\\\/saison-culturelle\\\/musique\\\/#primaryimage\"},\"thumbnailUrl\":\"https:\\\/\\\/www.chateaudegoutelas.fr\\\/wp-content\\\/uploads\\\/2024\\\/11\\\/DSC_9229-scaled.jpg\",\"datePublished\":\"2024-12-20T11:53:24+00:00\",\"dateModified\":\"2026-04-04T09:23:46+00:00\",\"breadcrumb\":{\"@id\":\"https:\\\/\\\/www.chateaudegoutelas.fr\\\/saison-culturelle\\\/musique\\\/#breadcrumb\"},\"inLanguage\":\"en-GB\",\"potentialAction\":[{\"@type\":\"ReadAction\",\"target\":[\"https:\\\/\\\/www.chateaudegoutelas.fr\\\/saison-culturelle\\\/musique\\\/\"]}]},{\"@type\":\"ImageObject\",\"inLanguage\":\"en-GB\",\"@id\":\"https:\\\/\\\/www.chateaudegoutelas.fr\\\/saison-culturelle\\\/musique\\\/#primaryimage\",\"url\":\"https:\\\/\\\/www.chateaudegoutelas.fr\\\/wp-content\\\/uploads\\\/2024\\\/11\\\/DSC_9229-scaled.jpg\",\"contentUrl\":\"https:\\\/\\\/www.chateaudegoutelas.fr\\\/wp-content\\\/uploads\\\/2024\\\/11\\\/DSC_9229-scaled.jpg\",\"width\":2560,\"height\":1707},{\"@type\":\"BreadcrumbList\",\"@id\":\"https:\\\/\\\/www.chateaudegoutelas.fr\\\/saison-culturelle\\\/musique\\\/#breadcrumb\",\"itemListElement\":[{\"@type\":\"ListItem\",\"position\":1,\"name\":\"Accueil\",\"item\":\"https:\\\/\\\/www.chateaudegoutelas.fr\\\/\"},{\"@type\":\"ListItem\",\"position\":2,\"name\":\"Saison culturelle 2024-25\",\"item\":\"https:\\\/\\\/www.chateaudegoutelas.fr\\\/saison-culturelle\\\/\"},{\"@type\":\"ListItem\",\"position\":3,\"name\":\"Musique\"}]},{\"@type\":\"WebSite\",\"@id\":\"https:\\\/\\\/www.chateaudegoutelas.fr\\\/#website\",\"url\":\"https:\\\/\\\/www.chateaudegoutelas.fr\\\/\",\"name\":\"Ch\u00e2teau de Goutelas\",\"description\":\"Un centre culturel de rencontre en Forez\",\"publisher\":{\"@id\":\"https:\\\/\\\/www.chateaudegoutelas.fr\\\/#organization\"},\"potentialAction\":[{\"@type\":\"SearchAction\",\"target\":{\"@type\":\"EntryPoint\",\"urlTemplate\":\"https:\\\/\\\/www.chateaudegoutelas.fr\\\/?s={search_term_string}\"},\"query-input\":{\"@type\":\"PropertyValueSpecification\",\"valueRequired\":true,\"valueName\":\"search_term_string\"}}],\"inLanguage\":\"en-GB\"},{\"@type\":\"Organization\",\"@id\":\"https:\\\/\\\/www.chateaudegoutelas.fr\\\/#organization\",\"name\":\"Ch\u00e2teau de Goutelas\",\"url\":\"https:\\\/\\\/www.chateaudegoutelas.fr\\\/\",\"logo\":{\"@type\":\"ImageObject\",\"inLanguage\":\"en-GB\",\"@id\":\"https:\\\/\\\/www.chateaudegoutelas.fr\\\/#\\\/schema\\\/logo\\\/image\\\/\",\"url\":\"https:\\\/\\\/www.chateaudegoutelas.fr\\\/wp-content\\\/uploads\\\/2023\\\/05\\\/logo-chateau-goutelas-bleu.png\",\"contentUrl\":\"https:\\\/\\\/www.chateaudegoutelas.fr\\\/wp-content\\\/uploads\\\/2023\\\/05\\\/logo-chateau-goutelas-bleu.png\",\"width\":1123,\"height\":327,\"caption\":\"Ch\u00e2teau de Goutelas\"},\"image\":{\"@id\":\"https:\\\/\\\/www.chateaudegoutelas.fr\\\/#\\\/schema\\\/logo\\\/image\\\/\"}}]}<\/script>\n<!-- \/ Yoast SEO plugin. -->","yoast_head_json":{"title":"Musique - Ch\u00e2teau de Goutelas","robots":{"index":"index","follow":"follow","max-snippet":"max-snippet:-1","max-image-preview":"max-image-preview:large","max-video-preview":"max-video-preview:-1"},"canonical":"https:\/\/www.chateaudegoutelas.fr\/en\/saison-culturelle\/musique\/","og_locale":"en_GB","og_type":"article","og_title":"Musique - Ch\u00e2teau de Goutelas","og_description":"Musique Concerts, projets partag\u00e9s, r\u00e9sidences \u00a9 Louis Perrin Musique Concerts, projets partag\u00e9s, r\u00e9sidences Jazz, musiques actuelles, musiques du monde, chanson, folk&#8230; Autour du piano, sous les toits ou en plein air sur les terrasses, la musique se partage toute l&rsquo;ann\u00e9e au ch\u00e2teau ! les prochains \u00e9v\u00e9nements en ce moment Appel \u00e0 candidatures : groupes musicaux [&hellip;]","og_url":"https:\/\/www.chateaudegoutelas.fr\/en\/saison-culturelle\/musique\/","og_site_name":"Ch\u00e2teau de Goutelas","article_modified_time":"2026-04-04T09:23:46+00:00","og_image":[{"width":2560,"height":1707,"url":"https:\/\/www.chateaudegoutelas.fr\/wp-content\/uploads\/2024\/11\/DSC_9229-scaled.jpg","type":"image\/jpeg"}],"twitter_card":"summary_large_image","twitter_misc":{"Estimated reading time":"2 minutes"},"schema":{"@context":"https:\/\/schema.org","@graph":[{"@type":"WebPage","@id":"https:\/\/www.chateaudegoutelas.fr\/saison-culturelle\/musique\/","url":"https:\/\/www.chateaudegoutelas.fr\/saison-culturelle\/musique\/","name":"Musique - Ch\u00e2teau de Goutelas","isPartOf":{"@id":"https:\/\/www.chateaudegoutelas.fr\/#website"},"primaryImageOfPage":{"@id":"https:\/\/www.chateaudegoutelas.fr\/saison-culturelle\/musique\/#primaryimage"},"image":{"@id":"https:\/\/www.chateaudegoutelas.fr\/saison-culturelle\/musique\/#primaryimage"},"thumbnailUrl":"https:\/\/www.chateaudegoutelas.fr\/wp-content\/uploads\/2024\/11\/DSC_9229-scaled.jpg","datePublished":"2024-12-20T11:53:24+00:00","dateModified":"2026-04-04T09:23:46+00:00","breadcrumb":{"@id":"https:\/\/www.chateaudegoutelas.fr\/saison-culturelle\/musique\/#breadcrumb"},"inLanguage":"en-GB","potentialAction":[{"@type":"ReadAction","target":["https:\/\/www.chateaudegoutelas.fr\/saison-culturelle\/musique\/"]}]},{"@type":"ImageObject","inLanguage":"en-GB","@id":"https:\/\/www.chateaudegoutelas.fr\/saison-culturelle\/musique\/#primaryimage","url":"https:\/\/www.chateaudegoutelas.fr\/wp-content\/uploads\/2024\/11\/DSC_9229-scaled.jpg","contentUrl":"https:\/\/www.chateaudegoutelas.fr\/wp-content\/uploads\/2024\/11\/DSC_9229-scaled.jpg","width":2560,"height":1707},{"@type":"BreadcrumbList","@id":"https:\/\/www.chateaudegoutelas.fr\/saison-culturelle\/musique\/#breadcrumb","itemListElement":[{"@type":"ListItem","position":1,"name":"Accueil","item":"https:\/\/www.chateaudegoutelas.fr\/"},{"@type":"ListItem","position":2,"name":"Saison culturelle 2024-25","item":"https:\/\/www.chateaudegoutelas.fr\/saison-culturelle\/"},{"@type":"ListItem","position":3,"name":"Musique"}]},{"@type":"WebSite","@id":"https:\/\/www.chateaudegoutelas.fr\/#website","url":"https:\/\/www.chateaudegoutelas.fr\/","name":"Ch\u00e2teau de Goutelas","description":"Un centre culturel de rencontre en Forez","publisher":{"@id":"https:\/\/www.chateaudegoutelas.fr\/#organization"},"potentialAction":[{"@type":"SearchAction","target":{"@type":"EntryPoint","urlTemplate":"https:\/\/www.chateaudegoutelas.fr\/?s={search_term_string}"},"query-input":{"@type":"PropertyValueSpecification","valueRequired":true,"valueName":"search_term_string"}}],"inLanguage":"en-GB"},{"@type":"Organization","@id":"https:\/\/www.chateaudegoutelas.fr\/#organization","name":"Ch\u00e2teau de Goutelas","url":"https:\/\/www.chateaudegoutelas.fr\/","logo":{"@type":"ImageObject","inLanguage":"en-GB","@id":"https:\/\/www.chateaudegoutelas.fr\/#\/schema\/logo\/image\/","url":"https:\/\/www.chateaudegoutelas.fr\/wp-content\/uploads\/2023\/05\/logo-chateau-goutelas-bleu.png","contentUrl":"https:\/\/www.chateaudegoutelas.fr\/wp-content\/uploads\/2023\/05\/logo-chateau-goutelas-bleu.png","width":1123,"height":327,"caption":"Ch\u00e2teau de Goutelas"},"image":{"@id":"https:\/\/www.chateaudegoutelas.fr\/#\/schema\/logo\/image\/"}}]}},"_links":{"self":[{"href":"https:\/\/www.chateaudegoutelas.fr\/en\/wp-json\/wp\/v2\/pages\/9961","targetHints":{"allow":["GET"]}}],"collection":[{"href":"https:\/\/www.chateaudegoutelas.fr\/en\/wp-json\/wp\/v2\/pages"}],"about":[{"href":"https:\/\/www.chateaudegoutelas.fr\/en\/wp-json\/wp\/v2\/types\/page"}],"author":[{"embeddable":true,"href":"https:\/\/www.chateaudegoutelas.fr\/en\/wp-json\/wp\/v2\/users\/7"}],"replies":[{"embeddable":true,"href":"https:\/\/www.chateaudegoutelas.fr\/en\/wp-json\/wp\/v2\/comments?post=9961"}],"version-history":[{"count":6,"href":"https:\/\/www.chateaudegoutelas.fr\/en\/wp-json\/wp\/v2\/pages\/9961\/revisions"}],"predecessor-version":[{"id":11899,"href":"https:\/\/www.chateaudegoutelas.fr\/en\/wp-json\/wp\/v2\/pages\/9961\/revisions\/11899"}],"up":[{"embeddable":true,"href":"https:\/\/www.chateaudegoutelas.fr\/en\/wp-json\/wp\/v2\/pages\/6031"}],"wp:featuredmedia":[{"embeddable":true,"href":"https:\/\/www.chateaudegoutelas.fr\/en\/wp-json\/wp\/v2\/media\/9962"}],"wp:attachment":[{"href":"https:\/\/www.chateaudegoutelas.fr\/en\/wp-json\/wp\/v2\/media?parent=9961"}],"wp:term":[{"taxonomy":"category","embeddable":true,"href":"https:\/\/www.chateaudegoutelas.fr\/en\/wp-json\/wp\/v2\/categories?post=9961"},{"taxonomy":"post_tag","embeddable":true,"href":"https:\/\/www.chateaudegoutelas.fr\/en\/wp-json\/wp\/v2\/tags?post=9961"}],"curies":[{"name":"wp","href":"https:\/\/api.w.org\/{rel}","templated":true}]}}