{"id":8245,"date":"2023-09-16T10:34:30","date_gmt":"2023-09-16T08:34:30","guid":{"rendered":"https:\/\/dev.chateaudegoutelas.fr\/?page_id=8245"},"modified":"2025-11-12T11:42:02","modified_gmt":"2025-11-12T10:42:02","slug":"seminaires-evenements","status":"publish","type":"page","link":"https:\/\/www.chateaudegoutelas.fr\/en\/seminaires-evenements\/","title":{"rendered":"S\u00e9minaires et \u00e9v\u00e9nements"},"content":{"rendered":"<h1>\n\t\t\t\tS\u00e9minaires &amp; \u00e9v\u00e9nements\n\t\t\t<\/h1>\n\t\t\t<h3>S\u00e9journer, travailler, se r\u00e9unir au ch\u00e2teau<\/h3>\t\n\t<p>\u00a9 Colombe Production<\/p>\n<h1>\n\t\t\tS\u00e9minaires &#038; \u00e9v\u00e9nements\t<\/h1>\n<h3>\n\t\t\tS\u00e9journer, travailler, se r\u00e9unir au ch\u00e2teau\t<\/h3>\n\t<h5><strong>Situ\u00e9 entre Lyon, Saint-\u00c9tienne et Clermont-Ferrand, Goutelas offre un cadre id\u00e9al pour l&rsquo;organisation de vos \u00e9v\u00e9nements, r\u00e9unions ou s\u00e9minaires r\u00e9sidentiels.<\/strong><\/h5>\n<p>26 chambres doubles peuvent accueillir jusqu&rsquo;\u00e0 50 personnes, avec des possibilit\u00e9s d&rsquo;h\u00e9bergements compl\u00e9mentaires sur demande. Les espaces de travail \u00e9quip\u00e9s peuvent accueillir de 20 \u00e0 160 personnes, dans diverses configurations. Le restaurant, d&rsquo;une capacit\u00e9 de 100 couverts, mobilise les savoir-faire du Forez pour proposer une cuisine simple et traditionnelle qui privil\u00e9gie les circuits courts.<\/p>\n<p><strong>Pour plus d&rsquo;informations, contactez-nous :<\/strong> 04 77 97 35 42 \/ contact@chateaudegoutelas.fr<\/p>\n\t\t<a href=\"https:\/\/www.chateaudegoutelas.fr\/en\/seminaires-evenements\/accueil-a-goutelas\/\" title=\"Afficher le contenu de la bo\u00eete\" target=\"_self\"  aria-label=\"Post Element\"><\/a>\t\t\n\t\t\t\t\t\t\t\t\t\t\t\t\t\t<a href=\"https:\/\/www.chateaudegoutelas.fr\/en\/seminaires-evenements\/accueil-a-goutelas\/\" target=\"_self\" title=\"Priv\u00e9\u00a0: L&rsquo;accueil \u00e0 Goutelas\">\n\t\t\t\t<img decoding=\"async\" src=\"https:\/\/www.chateaudegoutelas.fr\/wp-content\/uploads\/2022\/05\/EVT4-\u00a9-Chateau-de-Goutelas-600x600.jpg\" alt=\"\" \/>\n\t\t\t\t<\/a>\n\t\t\t\t\t\t<h4>\n\t\t\t\t<a href=\"https:\/\/www.chateaudegoutelas.fr\/en\/seminaires-evenements\/accueil-a-goutelas\/\" title=\"Priv\u00e9\u00a0: L&rsquo;accueil \u00e0 Goutelas\">Priv\u00e9\u00a0: L&rsquo;accueil \u00e0 Goutelas<\/a>\t\t\t<\/h4>\n\t\t<a href=\"https:\/\/www.chateaudegoutelas.fr\/en\/seminaires-evenements\/les-espaces\/\" title=\"Afficher le contenu de la bo\u00eete\" target=\"_self\"  aria-label=\"Post Element\"><\/a>\t\t\n\t\t\t\t\t\t\t\t\t\t\t\t\t\t<a href=\"https:\/\/www.chateaudegoutelas.fr\/en\/seminaires-evenements\/les-espaces\/\" target=\"_self\" title=\"Les espaces\">\n\t\t\t\t<img decoding=\"async\" src=\"https:\/\/www.chateaudegoutelas.fr\/wp-content\/uploads\/2023\/09\/Chateau-Goutelas-41-720x720.jpg\" alt=\"\" \/>\n\t\t\t\t<\/a>\n\t\t\t\t\t\t<h4>\n\t\t\t\t<a href=\"https:\/\/www.chateaudegoutelas.fr\/en\/seminaires-evenements\/les-espaces\/\" title=\"Les espaces\">Les espaces<\/a>\t\t\t<\/h4>\n\t\t<a href=\"https:\/\/www.chateaudegoutelas.fr\/en\/seminaires-evenements\/hebergement\/\" title=\"Afficher le contenu de la bo\u00eete\" target=\"_self\"  aria-label=\"Post Element\"><\/a>\t\t\n\t\t\t\t\t\t\t\t\t\t\t\t\t\t<a href=\"https:\/\/www.chateaudegoutelas.fr\/en\/seminaires-evenements\/hebergement\/\" target=\"_self\" title=\"H\u00e9bergement\">\n\t\t\t\t<img decoding=\"async\" src=\"https:\/\/www.chateaudegoutelas.fr\/wp-content\/uploads\/2023\/09\/Chateau-Goutelas-36_credit-Ludovic-Lino-720x720.jpg\" alt=\"\" \/>\n\t\t\t\t<\/a>\n\t\t\t\t\t\t<h4>\n\t\t\t\t<a href=\"https:\/\/www.chateaudegoutelas.fr\/en\/seminaires-evenements\/hebergement\/\" title=\"H\u00e9bergement\">H\u00e9bergement<\/a>\t\t\t<\/h4>\n\t\t<a href=\"https:\/\/www.chateaudegoutelas.fr\/en\/seminaires-evenements\/restauration\/\" title=\"Afficher le contenu de la bo\u00eete\" target=\"_self\"  aria-label=\"Post Element\"><\/a>\t\t\n\t\t\t\t\t\t\t\t\t\t\t\t\t\t<a href=\"https:\/\/www.chateaudegoutelas.fr\/en\/seminaires-evenements\/restauration\/\" target=\"_self\" title=\"Restauration\">\n\t\t\t\t<img decoding=\"async\" src=\"https:\/\/www.chateaudegoutelas.fr\/wp-content\/uploads\/2023\/09\/DSC0798-720x720.jpg\" alt=\"\" \/>\n\t\t\t\t<\/a>\n\t\t\t\t\t\t<h4>\n\t\t\t\t<a href=\"https:\/\/www.chateaudegoutelas.fr\/en\/seminaires-evenements\/restauration\/\" title=\"Restauration\">Restauration<\/a>\t\t\t<\/h4>\n<h2>\n\t\t\tvoir aussi\t<\/h2>\n\t\t\t\t<img decoding=\"async\" src=\"https:\/\/www.chateaudegoutelas.fr\/wp-content\/uploads\/2023\/06\/gimmick-goutelas-vert-rouge-720x720.png\" alt=\"gimmick-goutelas-vert-rouge\" itemprop=\"image\" height=\"720\" width=\"720\" title=\"gimmick-goutelas-vert-rouge\" onerror=\"this.style.display='none'\" loading=\"lazy\" \/>\n\t\t<a href=\"https:\/\/www.chateaudegoutelas.fr\/en\/votre-visite\/informations-pratiques\/\" title=\"Afficher le contenu de la bo\u00eete\" target=\"_self\"  aria-label=\"Post Element\"><\/a>\t\t\n\t\t\t\t\t\t\t\t\t\t\t\t\t\t<a href=\"https:\/\/www.chateaudegoutelas.fr\/en\/votre-visite\/informations-pratiques\/\" target=\"_self\" title=\"Informations pratiques\">\n\t\t\t\t<img decoding=\"async\" src=\"https:\/\/www.chateaudegoutelas.fr\/wp-content\/uploads\/2023\/09\/madalitso-1052-720x720.jpg\" alt=\"\" \/>\n\t\t\t\t<\/a>\n\t\t\t\t\t\t<h4>\n\t\t\t\t<a href=\"https:\/\/www.chateaudegoutelas.fr\/en\/votre-visite\/informations-pratiques\/\" title=\"Informations pratiques\">Informations pratiques<\/a>\t\t\t<\/h4>\n\t\t<a href=\"https:\/\/www.chateaudegoutelas.fr\/en\/la-saison-culturelle\/\" title=\"Afficher le contenu de la bo\u00eete\" target=\"_self\"  aria-label=\"Post Element\"><\/a>\t\t\n\t\t\t\t\t\t\t\t\t\t\t\t\t\t<a href=\"https:\/\/www.chateaudegoutelas.fr\/en\/la-saison-culturelle\/\" target=\"_self\" title=\"Saison culturelle\">\n\t\t\t\t<img decoding=\"async\" src=\"https:\/\/www.chateaudegoutelas.fr\/wp-content\/uploads\/2025\/09\/Visuel_seul-min-720x720.jpg\" alt=\"\" \/>\n\t\t\t\t<\/a>\n\t\t\t\t\t\t<h4>\n\t\t\t\t<a href=\"https:\/\/www.chateaudegoutelas.fr\/en\/la-saison-culturelle\/\" title=\"Saison culturelle\">Saison culturelle<\/a>\t\t\t<\/h4>","protected":false},"excerpt":{"rendered":"<p>S\u00e9minaires &amp; \u00e9v\u00e9nements S\u00e9journer, travailler, se r\u00e9unir au ch\u00e2teau \u00a9 Colombe Production S\u00e9minaires &#038; \u00e9v\u00e9nements S\u00e9journer, travailler, se r\u00e9unir au ch\u00e2teau Situ\u00e9 entre Lyon, Saint-\u00c9tienne et Clermont-Ferrand, Goutelas offre un cadre id\u00e9al pour l&rsquo;organisation de vos \u00e9v\u00e9nements, r\u00e9unions ou s\u00e9minaires r\u00e9sidentiels. 26 chambres doubles peuvent accueillir jusqu&rsquo;\u00e0 50 personnes, avec des possibilit\u00e9s d&rsquo;h\u00e9bergements compl\u00e9mentaires sur [&hellip;]<\/p>\n","protected":false},"author":7,"featured_media":7845,"parent":0,"menu_order":0,"comment_status":"closed","ping_status":"closed","template":"","meta":{"site-sidebar-layout":"no-sidebar","site-content-layout":null,"ast-site-content-layout":"full-width-container","site-content-style":"unboxed","site-sidebar-style":"unboxed","ast-global-header-display":"","ast-banner-title-visibility":"","ast-main-header-display":"","ast-hfb-above-header-display":"","ast-hfb-below-header-display":"","ast-hfb-mobile-header-display":"","site-post-title":"disabled","ast-breadcrumbs-content":null,"ast-featured-img":"disabled","footer-sml-layout":"","ast-disable-related-posts":"","theme-transparent-header-meta":"default","adv-header-id-meta":"","stick-header-meta":"default","header-above-stick-meta":null,"header-main-stick-meta":"","header-below-stick-meta":null,"astra-migrate-meta-layouts":"set","ast-page-background-enabled":"default","ast-page-background-meta":{"desktop":{"background-color":"","background-image":"","background-repeat":"repeat","background-position":"center center","background-size":"auto","background-attachment":"scroll","background-type":"","background-media":"","overlay-type":"","overlay-color":"","overlay-opacity":"","overlay-gradient":""},"tablet":{"background-color":"","background-image":"","background-repeat":"repeat","background-position":"center center","background-size":"auto","background-attachment":"scroll","background-type":"","background-media":"","overlay-type":"","overlay-color":"","overlay-opacity":"","overlay-gradient":""},"mobile":{"background-color":"","background-image":"","background-repeat":"repeat","background-position":"center center","background-size":"auto","background-attachment":"scroll","background-type":"","background-media":"","overlay-type":"","overlay-color":"","overlay-opacity":"","overlay-gradient":""}},"ast-content-background-meta":{"desktop":{"background-color":"var(--ast-global-color-5)","background-image":"","background-repeat":"repeat","background-position":"center center","background-size":"auto","background-attachment":"scroll","background-type":"","background-media":"","overlay-type":"","overlay-color":"","overlay-opacity":"","overlay-gradient":""},"tablet":{"background-color":"var(--ast-global-color-5)","background-image":"","background-repeat":"repeat","background-position":"center center","background-size":"auto","background-attachment":"scroll","background-type":"","background-media":"","overlay-type":"","overlay-color":"","overlay-opacity":"","overlay-gradient":""},"mobile":{"background-color":"var(--ast-global-color-5)","background-image":"","background-repeat":"repeat","background-position":"center center","background-size":"auto","background-attachment":"scroll","background-type":"","background-media":"","overlay-type":"","overlay-color":"","overlay-opacity":"","overlay-gradient":""}},"footnotes":""},"categories":[],"tags":[],"class_list":["post-8245","page","type-page","status-publish","has-post-thumbnail","hentry"],"yoast_head":"<!-- This site is optimized with the Yoast SEO plugin v27.5 - https:\/\/yoast.com\/product\/yoast-seo-wordpress\/ -->\n<title>S\u00e9minaires et \u00e9v\u00e9nements - Ch\u00e2teau de Goutelas<\/title>\n<meta name=\"robots\" content=\"index, follow, max-snippet:-1, max-image-preview:large, max-video-preview:-1\" \/>\n<link rel=\"canonical\" href=\"https:\/\/www.chateaudegoutelas.fr\/en\/seminaires-evenements\/\" \/>\n<meta property=\"og:locale\" content=\"en_GB\" \/>\n<meta property=\"og:type\" content=\"article\" \/>\n<meta property=\"og:title\" content=\"S\u00e9minaires et \u00e9v\u00e9nements - Ch\u00e2teau de Goutelas\" \/>\n<meta property=\"og:description\" content=\"S\u00e9minaires &amp; \u00e9v\u00e9nements S\u00e9journer, travailler, se r\u00e9unir au ch\u00e2teau \u00a9 Colombe Production S\u00e9minaires &#038; \u00e9v\u00e9nements S\u00e9journer, travailler, se r\u00e9unir au ch\u00e2teau Situ\u00e9 entre Lyon, Saint-\u00c9tienne et Clermont-Ferrand, Goutelas offre un cadre id\u00e9al pour l&rsquo;organisation de vos \u00e9v\u00e9nements, r\u00e9unions ou s\u00e9minaires r\u00e9sidentiels. 26 chambres doubles peuvent accueillir jusqu&rsquo;\u00e0 50 personnes, avec des possibilit\u00e9s d&rsquo;h\u00e9bergements compl\u00e9mentaires sur [&hellip;]\" \/>\n<meta property=\"og:url\" content=\"https:\/\/www.chateaudegoutelas.fr\/en\/seminaires-evenements\/\" \/>\n<meta property=\"og:site_name\" content=\"Ch\u00e2teau de Goutelas\" \/>\n<meta property=\"article:modified_time\" content=\"2025-11-12T10:42:02+00:00\" \/>\n<meta property=\"og:image\" content=\"https:\/\/www.chateaudegoutelas.fr\/wp-content\/uploads\/2023\/09\/DJI_0912-scaled.jpg\" \/>\n\t<meta property=\"og:image:width\" content=\"2560\" \/>\n\t<meta property=\"og:image:height\" content=\"1438\" \/>\n\t<meta property=\"og:image:type\" content=\"image\/jpeg\" \/>\n<meta name=\"twitter:card\" content=\"summary_large_image\" \/>\n<meta name=\"twitter:label1\" content=\"Estimated reading time\" \/>\n\t<meta name=\"twitter:data1\" content=\"3 minutes\" \/>\n<script type=\"application\/ld+json\" class=\"yoast-schema-graph\">{\"@context\":\"https:\\\/\\\/schema.org\",\"@graph\":[{\"@type\":\"WebPage\",\"@id\":\"https:\\\/\\\/www.chateaudegoutelas.fr\\\/seminaires-evenements\\\/\",\"url\":\"https:\\\/\\\/www.chateaudegoutelas.fr\\\/seminaires-evenements\\\/\",\"name\":\"S\u00e9minaires et \u00e9v\u00e9nements - Ch\u00e2teau de Goutelas\",\"isPartOf\":{\"@id\":\"https:\\\/\\\/www.chateaudegoutelas.fr\\\/#website\"},\"primaryImageOfPage\":{\"@id\":\"https:\\\/\\\/www.chateaudegoutelas.fr\\\/seminaires-evenements\\\/#primaryimage\"},\"image\":{\"@id\":\"https:\\\/\\\/www.chateaudegoutelas.fr\\\/seminaires-evenements\\\/#primaryimage\"},\"thumbnailUrl\":\"https:\\\/\\\/www.chateaudegoutelas.fr\\\/wp-content\\\/uploads\\\/2023\\\/09\\\/DJI_0912-scaled.jpg\",\"datePublished\":\"2023-09-16T08:34:30+00:00\",\"dateModified\":\"2025-11-12T10:42:02+00:00\",\"breadcrumb\":{\"@id\":\"https:\\\/\\\/www.chateaudegoutelas.fr\\\/seminaires-evenements\\\/#breadcrumb\"},\"inLanguage\":\"en-GB\",\"potentialAction\":[{\"@type\":\"ReadAction\",\"target\":[\"https:\\\/\\\/www.chateaudegoutelas.fr\\\/seminaires-evenements\\\/\"]}]},{\"@type\":\"ImageObject\",\"inLanguage\":\"en-GB\",\"@id\":\"https:\\\/\\\/www.chateaudegoutelas.fr\\\/seminaires-evenements\\\/#primaryimage\",\"url\":\"https:\\\/\\\/www.chateaudegoutelas.fr\\\/wp-content\\\/uploads\\\/2023\\\/09\\\/DJI_0912-scaled.jpg\",\"contentUrl\":\"https:\\\/\\\/www.chateaudegoutelas.fr\\\/wp-content\\\/uploads\\\/2023\\\/09\\\/DJI_0912-scaled.jpg\",\"width\":2560,\"height\":1438},{\"@type\":\"BreadcrumbList\",\"@id\":\"https:\\\/\\\/www.chateaudegoutelas.fr\\\/seminaires-evenements\\\/#breadcrumb\",\"itemListElement\":[{\"@type\":\"ListItem\",\"position\":1,\"name\":\"Accueil\",\"item\":\"https:\\\/\\\/www.chateaudegoutelas.fr\\\/\"},{\"@type\":\"ListItem\",\"position\":2,\"name\":\"S\u00e9minaires et \u00e9v\u00e9nements\"}]},{\"@type\":\"WebSite\",\"@id\":\"https:\\\/\\\/www.chateaudegoutelas.fr\\\/#website\",\"url\":\"https:\\\/\\\/www.chateaudegoutelas.fr\\\/\",\"name\":\"Ch\u00e2teau de Goutelas\",\"description\":\"Un centre culturel de rencontre en Forez\",\"publisher\":{\"@id\":\"https:\\\/\\\/www.chateaudegoutelas.fr\\\/#organization\"},\"potentialAction\":[{\"@type\":\"SearchAction\",\"target\":{\"@type\":\"EntryPoint\",\"urlTemplate\":\"https:\\\/\\\/www.chateaudegoutelas.fr\\\/?s={search_term_string}\"},\"query-input\":{\"@type\":\"PropertyValueSpecification\",\"valueRequired\":true,\"valueName\":\"search_term_string\"}}],\"inLanguage\":\"en-GB\"},{\"@type\":\"Organization\",\"@id\":\"https:\\\/\\\/www.chateaudegoutelas.fr\\\/#organization\",\"name\":\"Ch\u00e2teau de Goutelas\",\"url\":\"https:\\\/\\\/www.chateaudegoutelas.fr\\\/\",\"logo\":{\"@type\":\"ImageObject\",\"inLanguage\":\"en-GB\",\"@id\":\"https:\\\/\\\/www.chateaudegoutelas.fr\\\/#\\\/schema\\\/logo\\\/image\\\/\",\"url\":\"https:\\\/\\\/www.chateaudegoutelas.fr\\\/wp-content\\\/uploads\\\/2023\\\/05\\\/logo-chateau-goutelas-bleu.png\",\"contentUrl\":\"https:\\\/\\\/www.chateaudegoutelas.fr\\\/wp-content\\\/uploads\\\/2023\\\/05\\\/logo-chateau-goutelas-bleu.png\",\"width\":1123,\"height\":327,\"caption\":\"Ch\u00e2teau de Goutelas\"},\"image\":{\"@id\":\"https:\\\/\\\/www.chateaudegoutelas.fr\\\/#\\\/schema\\\/logo\\\/image\\\/\"}}]}<\/script>\n<!-- \/ Yoast SEO plugin. -->","yoast_head_json":{"title":"S\u00e9minaires et \u00e9v\u00e9nements - Ch\u00e2teau de Goutelas","robots":{"index":"index","follow":"follow","max-snippet":"max-snippet:-1","max-image-preview":"max-image-preview:large","max-video-preview":"max-video-preview:-1"},"canonical":"https:\/\/www.chateaudegoutelas.fr\/en\/seminaires-evenements\/","og_locale":"en_GB","og_type":"article","og_title":"S\u00e9minaires et \u00e9v\u00e9nements - Ch\u00e2teau de Goutelas","og_description":"S\u00e9minaires &amp; \u00e9v\u00e9nements S\u00e9journer, travailler, se r\u00e9unir au ch\u00e2teau \u00a9 Colombe Production S\u00e9minaires &#038; \u00e9v\u00e9nements S\u00e9journer, travailler, se r\u00e9unir au ch\u00e2teau Situ\u00e9 entre Lyon, Saint-\u00c9tienne et Clermont-Ferrand, Goutelas offre un cadre id\u00e9al pour l&rsquo;organisation de vos \u00e9v\u00e9nements, r\u00e9unions ou s\u00e9minaires r\u00e9sidentiels. 26 chambres doubles peuvent accueillir jusqu&rsquo;\u00e0 50 personnes, avec des possibilit\u00e9s d&rsquo;h\u00e9bergements compl\u00e9mentaires sur [&hellip;]","og_url":"https:\/\/www.chateaudegoutelas.fr\/en\/seminaires-evenements\/","og_site_name":"Ch\u00e2teau de Goutelas","article_modified_time":"2025-11-12T10:42:02+00:00","og_image":[{"width":2560,"height":1438,"url":"https:\/\/www.chateaudegoutelas.fr\/wp-content\/uploads\/2023\/09\/DJI_0912-scaled.jpg","type":"image\/jpeg"}],"twitter_card":"summary_large_image","twitter_misc":{"Estimated reading time":"3 minutes"},"schema":{"@context":"https:\/\/schema.org","@graph":[{"@type":"WebPage","@id":"https:\/\/www.chateaudegoutelas.fr\/seminaires-evenements\/","url":"https:\/\/www.chateaudegoutelas.fr\/seminaires-evenements\/","name":"S\u00e9minaires et \u00e9v\u00e9nements - Ch\u00e2teau de Goutelas","isPartOf":{"@id":"https:\/\/www.chateaudegoutelas.fr\/#website"},"primaryImageOfPage":{"@id":"https:\/\/www.chateaudegoutelas.fr\/seminaires-evenements\/#primaryimage"},"image":{"@id":"https:\/\/www.chateaudegoutelas.fr\/seminaires-evenements\/#primaryimage"},"thumbnailUrl":"https:\/\/www.chateaudegoutelas.fr\/wp-content\/uploads\/2023\/09\/DJI_0912-scaled.jpg","datePublished":"2023-09-16T08:34:30+00:00","dateModified":"2025-11-12T10:42:02+00:00","breadcrumb":{"@id":"https:\/\/www.chateaudegoutelas.fr\/seminaires-evenements\/#breadcrumb"},"inLanguage":"en-GB","potentialAction":[{"@type":"ReadAction","target":["https:\/\/www.chateaudegoutelas.fr\/seminaires-evenements\/"]}]},{"@type":"ImageObject","inLanguage":"en-GB","@id":"https:\/\/www.chateaudegoutelas.fr\/seminaires-evenements\/#primaryimage","url":"https:\/\/www.chateaudegoutelas.fr\/wp-content\/uploads\/2023\/09\/DJI_0912-scaled.jpg","contentUrl":"https:\/\/www.chateaudegoutelas.fr\/wp-content\/uploads\/2023\/09\/DJI_0912-scaled.jpg","width":2560,"height":1438},{"@type":"BreadcrumbList","@id":"https:\/\/www.chateaudegoutelas.fr\/seminaires-evenements\/#breadcrumb","itemListElement":[{"@type":"ListItem","position":1,"name":"Accueil","item":"https:\/\/www.chateaudegoutelas.fr\/"},{"@type":"ListItem","position":2,"name":"S\u00e9minaires et \u00e9v\u00e9nements"}]},{"@type":"WebSite","@id":"https:\/\/www.chateaudegoutelas.fr\/#website","url":"https:\/\/www.chateaudegoutelas.fr\/","name":"Ch\u00e2teau de Goutelas","description":"Un centre culturel de rencontre en Forez","publisher":{"@id":"https:\/\/www.chateaudegoutelas.fr\/#organization"},"potentialAction":[{"@type":"SearchAction","target":{"@type":"EntryPoint","urlTemplate":"https:\/\/www.chateaudegoutelas.fr\/?s={search_term_string}"},"query-input":{"@type":"PropertyValueSpecification","valueRequired":true,"valueName":"search_term_string"}}],"inLanguage":"en-GB"},{"@type":"Organization","@id":"https:\/\/www.chateaudegoutelas.fr\/#organization","name":"Ch\u00e2teau de Goutelas","url":"https:\/\/www.chateaudegoutelas.fr\/","logo":{"@type":"ImageObject","inLanguage":"en-GB","@id":"https:\/\/www.chateaudegoutelas.fr\/#\/schema\/logo\/image\/","url":"https:\/\/www.chateaudegoutelas.fr\/wp-content\/uploads\/2023\/05\/logo-chateau-goutelas-bleu.png","contentUrl":"https:\/\/www.chateaudegoutelas.fr\/wp-content\/uploads\/2023\/05\/logo-chateau-goutelas-bleu.png","width":1123,"height":327,"caption":"Ch\u00e2teau de Goutelas"},"image":{"@id":"https:\/\/www.chateaudegoutelas.fr\/#\/schema\/logo\/image\/"}}]}},"_links":{"self":[{"href":"https:\/\/www.chateaudegoutelas.fr\/en\/wp-json\/wp\/v2\/pages\/8245","targetHints":{"allow":["GET"]}}],"collection":[{"href":"https:\/\/www.chateaudegoutelas.fr\/en\/wp-json\/wp\/v2\/pages"}],"about":[{"href":"https:\/\/www.chateaudegoutelas.fr\/en\/wp-json\/wp\/v2\/types\/page"}],"author":[{"embeddable":true,"href":"https:\/\/www.chateaudegoutelas.fr\/en\/wp-json\/wp\/v2\/users\/7"}],"replies":[{"embeddable":true,"href":"https:\/\/www.chateaudegoutelas.fr\/en\/wp-json\/wp\/v2\/comments?post=8245"}],"version-history":[{"count":5,"href":"https:\/\/www.chateaudegoutelas.fr\/en\/wp-json\/wp\/v2\/pages\/8245\/revisions"}],"predecessor-version":[{"id":11355,"href":"https:\/\/www.chateaudegoutelas.fr\/en\/wp-json\/wp\/v2\/pages\/8245\/revisions\/11355"}],"wp:featuredmedia":[{"embeddable":true,"href":"https:\/\/www.chateaudegoutelas.fr\/en\/wp-json\/wp\/v2\/media\/7845"}],"wp:attachment":[{"href":"https:\/\/www.chateaudegoutelas.fr\/en\/wp-json\/wp\/v2\/media?parent=8245"}],"wp:term":[{"taxonomy":"category","embeddable":true,"href":"https:\/\/www.chateaudegoutelas.fr\/en\/wp-json\/wp\/v2\/categories?post=8245"},{"taxonomy":"post_tag","embeddable":true,"href":"https:\/\/www.chateaudegoutelas.fr\/en\/wp-json\/wp\/v2\/tags?post=8245"}],"curies":[{"name":"wp","href":"https:\/\/api.w.org\/{rel}","templated":true}]}}