{"id":6846,"date":"2023-05-13T09:35:57","date_gmt":"2023-05-13T07:35:57","guid":{"rendered":"https:\/\/dev.chateaudegoutelas.fr\/?page_id=6846"},"modified":"2023-09-20T17:07:18","modified_gmt":"2023-09-20T15:07:18","slug":"agenda-calendrier","status":"publish","type":"page","link":"https:\/\/www.chateaudegoutelas.fr\/en\/agenda-calendrier\/","title":{"rendered":"Agenda calendrier"},"content":{"rendered":"<div class=\"shmCatFilter\">\r\n\t\t\t\t<a href=\"\/en\/agenda\/\" class=\"\">All events<\/a>\r\n\t\t\t\t<span class=\"shmMonthFilter shmCatFilter\">\r\n<select onchange=\"location = '\/en\/agenda-calendrier\/' + this.value;\"  class=\"selected\">\r\n\t<option value=\"#\">EVENTS BY MONTH<\/option><option value=\"#May 2026\">May 2026<\/option>\n<option value=\"#June 2026\">June 2026<\/option>\n\r\n<\/select>\r\n<\/span>\r\n\r\n\t\t\t\t<!-- <span class=\"shmCatFilter\"><a href=\"\/en\/agenda-planing\/\">Calendrier<\/a><\/span> -->\r\n\t\t\t\t<br \/>\r\n<a href=\"\/en\/agenda\/categories\/rencontres-et-debats\/\" class=\"\">Rencontres & d\u00e9bats<\/a><a href=\"\/en\/agenda\/categories\/musiques\/\" class=\"\">Musiques<\/a><a href=\"\/en\/agenda\/categories\/arts-visuels\/\" class=\"\"> Arts visuels<\/a><a href=\"\/en\/agenda\/categories\/spectacle-vivant\/\" class=\"\">Spectacle vivant<\/a><a href=\"\/en\/agenda\/categories\/enfants\/\" class=\"\">Enfants<\/a><a href=\"\/en\/agenda\/categories\/visites-et-decouverte\/\" class=\"\">Visites & d\u00e9couverte<\/a><a href=\"\/en\/agenda\/categories\/a-table\/\" class=\"\">\u00e0 table !<\/a><\/div>\n\t<div class=\"em em-view-container\" id=\"em-view-1456916585\" data-view=\"list-grouped\">\r\n\t<div class=\"em em-list em-events-list em-events-list-grouped\" id=\"em-events-list-grouped-1456916585\">\r\n\t<h3 id=\"May 2026\" class=\"shmGroupbymonthTitle\">May 2026<\/h3><div class=\"shmEventListWidget\">\r\n<a href=\"https:\/\/www.chateaudegoutelas.fr\/en\/agenda\/grande-bricole-chantier-collectif\/\" class=\"shmEventListItem\">\r\n\t<div class=\"marg\">\r\n\t\t<div class=\"EVENTIMAGE\"><img loading=\"lazy\" decoding=\"async\" width=\"720\" height=\"720\" src=\"https:\/\/www.chateaudegoutelas.fr\/wp-content\/uploads\/2026\/03\/grande-bricole-carre-720x720.png\" class=\"attachment-thumbnail size-thumbnail\" alt=\"\" srcset=\"https:\/\/www.chateaudegoutelas.fr\/wp-content\/uploads\/2026\/03\/grande-bricole-carre-720x720.png 720w, https:\/\/www.chateaudegoutelas.fr\/wp-content\/uploads\/2026\/03\/grande-bricole-carre-768x768.png 768w, https:\/\/www.chateaudegoutelas.fr\/wp-content\/uploads\/2026\/03\/grande-bricole-carre-12x12.png 12w, https:\/\/www.chateaudegoutelas.fr\/wp-content\/uploads\/2026\/03\/grande-bricole-carre.png 1080w\" sizes=\"auto, (max-width: 720px) 100vw, 720px\" \/><\/div>\r\n\t\t<div class=\"shmEventListItemText\">\r\n\t\t\t<div> <span class=\"ATT_type_rendez_vous\">Chantier<\/span><\/div>\r\n\t\t\t<div class=\"EVENTNAME\">La Grande Bricole<\/div>\r\n\t\t\t<div class=\"ATT_sous_titre\">Chantier collectif avec la compagnie Titanos<\/div>\r\n\t\t\t<div class=\"DATE\">Wed. 13 May - Sun. 31 May<\/div>\r\n\t\t<\/div>\r\n\t<\/div>\r\n<\/a><a href=\"https:\/\/www.chateaudegoutelas.fr\/en\/agenda\/futurs-possibles-2026\/\" class=\"shmEventListItem\">\r\n\t<div class=\"marg\">\r\n\t\t<div class=\"EVENTIMAGE\"><img loading=\"lazy\" decoding=\"async\" width=\"720\" height=\"720\" src=\"https:\/\/www.chateaudegoutelas.fr\/wp-content\/uploads\/2025\/09\/visuel-FP-2026-720x720.jpg\" class=\"attachment-thumbnail size-thumbnail\" alt=\"\" \/><\/div>\r\n\t\t<div class=\"shmEventListItemText\">\r\n\t\t\t<div> <span class=\"ATT_type_rendez_vous\">Festival<\/span><\/div>\r\n\t\t\t<div class=\"EVENTNAME\">Futurs possibles 2026<\/div>\r\n\t\t\t<div class=\"ATT_sous_titre\">Quelles techniques pour r\u00e9parer le monde ?<\/div>\r\n\t\t\t<div class=\"DATE\">Fri. 29 May - Sun. 31 May<\/div>\r\n\t\t<\/div>\r\n\t<\/div>\r\n<\/a><a href=\"https:\/\/www.chateaudegoutelas.fr\/en\/agenda\/on-n-arrete-pas-le-progres-francois-jarrige\/\" class=\"shmEventListItem\">\r\n\t<div class=\"marg\">\r\n\t\t<div class=\"EVENTIMAGE\"><img loading=\"lazy\" decoding=\"async\" width=\"720\" height=\"720\" src=\"https:\/\/www.chateaudegoutelas.fr\/wp-content\/uploads\/2026\/03\/Francois-Jarrige_credit-Mathieu-Genon-Reporterre-720x720.jpg\" class=\"attachment-thumbnail size-thumbnail\" alt=\"\" \/><\/div>\r\n\t\t<div class=\"shmEventListItemText\">\r\n\t\t\t<div> <span class=\"ATT_type_rendez_vous\">Entretien<\/span><\/div>\r\n\t\t\t<div class=\"EVENTNAME\">On n&rsquo;arr\u00eate pas le progr\u00e8s ?<\/div>\r\n\t\t\t<div class=\"ATT_sous_titre\">Fran\u00e7ois Jarrige<\/div>\r\n\t\t\t<div class=\"DATE\">Fri. 29 May<\/div>\r\n\t\t<\/div>\r\n\t<\/div>\r\n<\/a><a href=\"https:\/\/www.chateaudegoutelas.fr\/en\/agenda\/big-data-yoyo\/\" class=\"shmEventListItem\">\r\n\t<div class=\"marg\">\r\n\t\t<div class=\"EVENTIMAGE\"><img loading=\"lazy\" decoding=\"async\" width=\"720\" height=\"720\" src=\"https:\/\/www.chateaudegoutelas.fr\/wp-content\/uploads\/2026\/03\/Big-data-yoyo_credit-Kalimba-720x720.png\" class=\"attachment-thumbnail size-thumbnail\" alt=\"\" \/><\/div>\r\n\t\t<div class=\"shmEventListItemText\">\r\n\t\t\t<div> <span class=\"ATT_type_rendez_vous\">Spectacle<\/span><\/div>\r\n\t\t\t<div class=\"EVENTNAME\">Big Data Yoyo<\/div>\r\n\t\t\t<div class=\"ATT_sous_titre\">L'Amicale de production<\/div>\r\n\t\t\t<div class=\"DATE\">Fri. 29 May<\/div>\r\n\t\t<\/div>\r\n\t<\/div>\r\n<\/a><a href=\"https:\/\/www.chateaudegoutelas.fr\/en\/agenda\/construction-four-solaire\/\" class=\"shmEventListItem\">\r\n\t<div class=\"marg\">\r\n\t\t<div class=\"EVENTIMAGE\"><img loading=\"lazy\" decoding=\"async\" width=\"720\" height=\"720\" src=\"https:\/\/www.chateaudegoutelas.fr\/wp-content\/uploads\/2026\/03\/enoki-c-Hugues-Montano-6-720x720.jpg\" class=\"attachment-thumbnail size-thumbnail\" alt=\"\" \/><\/div>\r\n\t\t<div class=\"shmEventListItemText\">\r\n\t\t\t<div> <span class=\"ATT_type_rendez_vous\">Atelier<\/span><\/div>\r\n\t\t\t<div class=\"EVENTNAME\">Construction d&rsquo;un four solaire<\/div>\r\n\t\t\t<div class=\"ATT_sous_titre\">Collectif Enoki<\/div>\r\n\t\t\t<div class=\"DATE\">Sat. 30 May - Sun. 31 May<\/div>\r\n\t\t<\/div>\r\n\t<\/div>\r\n<\/a><a href=\"https:\/\/www.chateaudegoutelas.fr\/en\/agenda\/systeme-exploitant\/\" class=\"shmEventListItem\">\r\n\t<div class=\"marg\">\r\n\t\t<div class=\"EVENTIMAGE\"><img loading=\"lazy\" decoding=\"async\" width=\"720\" height=\"720\" src=\"https:\/\/www.chateaudegoutelas.fr\/wp-content\/uploads\/2026\/04\/ecran_horizontale-5-720x720.png\" class=\"attachment-thumbnail size-thumbnail\" alt=\"\" \/><\/div>\r\n\t\t<div class=\"shmEventListItemText\">\r\n\t\t\t<div> <span class=\"ATT_type_rendez_vous\">Jeu de piste<\/span><\/div>\r\n\t\t\t<div class=\"EVENTNAME\">Syst\u00e8me exploitant<\/div>\r\n\t\t\t<div class=\"ATT_sous_titre\">Par les \u00e9tudiant\u00b7es de l'ESADSE<\/div>\r\n\t\t\t<div class=\"DATE\">Sat. 30 May - Sun. 31 May<\/div>\r\n\t\t<\/div>\r\n\t<\/div>\r\n<\/a><a href=\"https:\/\/www.chateaudegoutelas.fr\/en\/agenda\/au-coeur-du-technosolutionnisme\/\" class=\"shmEventListItem\">\r\n\t<div class=\"marg\">\r\n\t\t<div class=\"EVENTIMAGE\"><img loading=\"lazy\" decoding=\"async\" width=\"720\" height=\"720\" src=\"https:\/\/www.chateaudegoutelas.fr\/wp-content\/uploads\/2026\/03\/32-720x720.jpg\" class=\"attachment-thumbnail size-thumbnail\" alt=\"\" srcset=\"https:\/\/www.chateaudegoutelas.fr\/wp-content\/uploads\/2026\/03\/32-720x720.jpg 720w, https:\/\/www.chateaudegoutelas.fr\/wp-content\/uploads\/2026\/03\/32-768x768.jpg 768w, https:\/\/www.chateaudegoutelas.fr\/wp-content\/uploads\/2026\/03\/32-12x12.jpg 12w, https:\/\/www.chateaudegoutelas.fr\/wp-content\/uploads\/2026\/03\/32.jpg 1080w\" sizes=\"auto, (max-width: 720px) 100vw, 720px\" \/><\/div>\r\n\t\t<div class=\"shmEventListItemText\">\r\n\t\t\t<div> <span class=\"ATT_type_rendez_vous\">Discussion<\/span><\/div>\r\n\t\t\t<div class=\"EVENTNAME\">Au c\u0153ur du technosolutionnisme<\/div>\r\n\t\t\t<div class=\"ATT_sous_titre\">Olivier Tesquet, Agn\u00e8s Cr\u00e9pet<\/div>\r\n\t\t\t<div class=\"DATE\">Sat. 30 May<\/div>\r\n\t\t<\/div>\r\n\t<\/div>\r\n<\/a><a href=\"https:\/\/www.chateaudegoutelas.fr\/en\/agenda\/surmecanisation-agricole-outillage-paysan\/\" class=\"shmEventListItem\">\r\n\t<div class=\"marg\">\r\n\t\t<div class=\"EVENTIMAGE\"><img loading=\"lazy\" decoding=\"async\" width=\"720\" height=\"720\" src=\"https:\/\/www.chateaudegoutelas.fr\/wp-content\/uploads\/2026\/03\/33-720x720.jpg\" class=\"attachment-thumbnail size-thumbnail\" alt=\"\" srcset=\"https:\/\/www.chateaudegoutelas.fr\/wp-content\/uploads\/2026\/03\/33-720x720.jpg 720w, https:\/\/www.chateaudegoutelas.fr\/wp-content\/uploads\/2026\/03\/33-768x768.jpg 768w, https:\/\/www.chateaudegoutelas.fr\/wp-content\/uploads\/2026\/03\/33-12x12.jpg 12w, https:\/\/www.chateaudegoutelas.fr\/wp-content\/uploads\/2026\/03\/33.jpg 1080w\" sizes=\"auto, (max-width: 720px) 100vw, 720px\" \/><\/div>\r\n\t\t<div class=\"shmEventListItemText\">\r\n\t\t\t<div> <span class=\"ATT_type_rendez_vous\">Atelier<\/span><\/div>\r\n\t\t\t<div class=\"EVENTNAME\">De la surm\u00e9canisation agricole \u00e0 l&rsquo;outillage paysan<\/div>\r\n\t\t\t<div class=\"ATT_sous_titre\">Fran\u00e7ois Chabr\u00e9, Tom Hebrard, l'Atelier Paysan<\/div>\r\n\t\t\t<div class=\"DATE\">Sat. 30 May<\/div>\r\n\t\t<\/div>\r\n\t<\/div>\r\n<\/a><a href=\"https:\/\/www.chateaudegoutelas.fr\/en\/agenda\/systemes-debrouilles\/\" class=\"shmEventListItem\">\r\n\t<div class=\"marg\">\r\n\t\t<div class=\"EVENTIMAGE\"><img loading=\"lazy\" decoding=\"async\" width=\"720\" height=\"720\" src=\"https:\/\/www.chateaudegoutelas.fr\/wp-content\/uploads\/2026\/03\/31-720x720.jpg\" class=\"attachment-thumbnail size-thumbnail\" alt=\"\" srcset=\"https:\/\/www.chateaudegoutelas.fr\/wp-content\/uploads\/2026\/03\/31-720x720.jpg 720w, https:\/\/www.chateaudegoutelas.fr\/wp-content\/uploads\/2026\/03\/31-768x768.jpg 768w, https:\/\/www.chateaudegoutelas.fr\/wp-content\/uploads\/2026\/03\/31-12x12.jpg 12w, https:\/\/www.chateaudegoutelas.fr\/wp-content\/uploads\/2026\/03\/31.jpg 1080w\" sizes=\"auto, (max-width: 720px) 100vw, 720px\" \/><\/div>\r\n\t\t<div class=\"shmEventListItemText\">\r\n\t\t\t<div> <span class=\"ATT_type_rendez_vous\">Discussion<\/span><\/div>\r\n\t\t\t<div class=\"EVENTNAME\">Syst\u00e8mes D(\u00e9brouilles)<\/div>\r\n\t\t\t<div class=\"ATT_sous_titre\">Fanny Hugues, Julie Madon, Morgan Meyer<\/div>\r\n\t\t\t<div class=\"DATE\">Sat. 30 May<\/div>\r\n\t\t<\/div>\r\n\t<\/div>\r\n<\/a><a href=\"https:\/\/www.chateaudegoutelas.fr\/en\/agenda\/la-grande-bricole\/\" class=\"shmEventListItem\">\r\n\t<div class=\"marg\">\r\n\t\t<div class=\"EVENTIMAGE\"><img loading=\"lazy\" decoding=\"async\" width=\"720\" height=\"720\" src=\"https:\/\/www.chateaudegoutelas.fr\/wp-content\/uploads\/2026\/03\/img112-2-720x720.jpg\" class=\"attachment-thumbnail size-thumbnail\" alt=\"\" srcset=\"https:\/\/www.chateaudegoutelas.fr\/wp-content\/uploads\/2026\/03\/img112-2-720x720.jpg 720w, https:\/\/www.chateaudegoutelas.fr\/wp-content\/uploads\/2026\/03\/img112-2-768x768.jpg 768w, https:\/\/www.chateaudegoutelas.fr\/wp-content\/uploads\/2026\/03\/img112-2-12x12.jpg 12w, https:\/\/www.chateaudegoutelas.fr\/wp-content\/uploads\/2026\/03\/img112-2.jpg 1080w\" sizes=\"auto, (max-width: 720px) 100vw, 720px\" \/><\/div>\r\n\t\t<div class=\"shmEventListItemText\">\r\n\t\t\t<div> <span class=\"ATT_type_rendez_vous\">F\u00eate foraine<\/span><\/div>\r\n\t\t\t<div class=\"EVENTNAME\">La Grande Bricole<\/div>\r\n\t\t\t<div class=\"ATT_sous_titre\">Circuit de billes g\u00e9ant<\/div>\r\n\t\t\t<div class=\"DATE\">Sat. 30 May<\/div>\r\n\t\t<\/div>\r\n\t<\/div>\r\n<\/a><a href=\"https:\/\/www.chateaudegoutelas.fr\/en\/agenda\/barbecue-solaire\/\" class=\"shmEventListItem\">\r\n\t<div class=\"marg\">\r\n\t\t<div class=\"EVENTIMAGE\"><img loading=\"lazy\" decoding=\"async\" width=\"720\" height=\"720\" src=\"https:\/\/www.chateaudegoutelas.fr\/wp-content\/uploads\/2026\/03\/DSC0109-720x720.jpg\" class=\"attachment-thumbnail size-thumbnail\" alt=\"\" \/><\/div>\r\n\t\t<div class=\"shmEventListItemText\">\r\n\t\t\t<div> <span class=\"ATT_type_rendez_vous\">Repas<\/span><\/div>\r\n\t\t\t<div class=\"EVENTNAME\">Barbecue solaire<\/div>\r\n\t\t\t<div class=\"ATT_sous_titre\">Collectif Enoki<\/div>\r\n\t\t\t<div class=\"DATE\">Sun. 31 May<\/div>\r\n\t\t<\/div>\r\n\t<\/div>\r\n<\/a><a href=\"https:\/\/www.chateaudegoutelas.fr\/en\/agenda\/fabrication-de-papier\/\" class=\"shmEventListItem\">\r\n\t<div class=\"marg\">\r\n\t\t<div class=\"EVENTIMAGE\"><img loading=\"lazy\" decoding=\"async\" width=\"720\" height=\"720\" src=\"https:\/\/www.chateaudegoutelas.fr\/wp-content\/uploads\/2026\/03\/atelier-goutelas-720x720.jpg\" class=\"attachment-thumbnail size-thumbnail\" alt=\"\" \/><\/div>\r\n\t\t<div class=\"shmEventListItemText\">\r\n\t\t\t<div> <span class=\"ATT_type_rendez_vous\">Atelier<\/span><\/div>\r\n\t\t\t<div class=\"EVENTNAME\">Fabrication de papier<\/div>\r\n\t\t\t<div class=\"ATT_sous_titre\">Avec Justine Marin<\/div>\r\n\t\t\t<div class=\"DATE\">Sun. 31 May<\/div>\r\n\t\t<\/div>\r\n\t<\/div>\r\n<\/a><a href=\"https:\/\/www.chateaudegoutelas.fr\/en\/agenda\/techniques-buissonnieres\/\" class=\"shmEventListItem\">\r\n\t<div class=\"marg\">\r\n\t\t<div class=\"EVENTIMAGE\"><img loading=\"lazy\" decoding=\"async\" width=\"720\" height=\"720\" src=\"https:\/\/www.chateaudegoutelas.fr\/wp-content\/uploads\/2026\/03\/futurs-possibles-157-720x720.jpg\" class=\"attachment-thumbnail size-thumbnail\" alt=\"\" \/><\/div>\r\n\t\t<div class=\"shmEventListItemText\">\r\n\t\t\t<div> <span class=\"ATT_type_rendez_vous\">Atelier<\/span><\/div>\r\n\t\t\t<div class=\"EVENTNAME\">Techniques buissonni\u00e8res<\/div>\r\n\t\t\t<div class=\"ATT_sous_titre\">Avec Vincent Marquant - L'Enforesteur<\/div>\r\n\t\t\t<div class=\"DATE\">Sun. 31 May<\/div>\r\n\t\t<\/div>\r\n\t<\/div>\r\n<\/a><a href=\"https:\/\/www.chateaudegoutelas.fr\/en\/agenda\/bidouille-et-sciences\/\" class=\"shmEventListItem\">\r\n\t<div class=\"marg\">\r\n\t\t<div class=\"EVENTIMAGE\"><img loading=\"lazy\" decoding=\"async\" width=\"720\" height=\"720\" src=\"https:\/\/www.chateaudegoutelas.fr\/wp-content\/uploads\/2026\/03\/atelier-720x720.jpg\" class=\"attachment-thumbnail size-thumbnail\" alt=\"\" \/><\/div>\r\n\t\t<div class=\"shmEventListItemText\">\r\n\t\t\t<div> <span class=\"ATT_type_rendez_vous\">Atelier<\/span><\/div>\r\n\t\t\t<div class=\"EVENTNAME\">Bidouille et sciences<\/div>\r\n\t\t\t<div class=\"ATT_sous_titre\">Avec Les petits d\u00e9brouillards<\/div>\r\n\t\t\t<div class=\"DATE\">Sun. 31 May<\/div>\r\n\t\t<\/div>\r\n\t<\/div>\r\n<\/a><\/div><h3 id=\"June 2026\" class=\"shmGroupbymonthTitle\">June 2026<\/h3><div class=\"shmEventListWidget\">\r\n<a href=\"https:\/\/www.chateaudegoutelas.fr\/en\/agenda\/l-ete-phenomene-2026\/\" class=\"shmEventListItem\">\r\n\t<div class=\"marg\">\r\n\t\t<div class=\"EVENTIMAGE\"><img loading=\"lazy\" decoding=\"async\" width=\"720\" height=\"720\" src=\"https:\/\/www.chateaudegoutelas.fr\/wp-content\/uploads\/2026\/04\/forms-utopia-2-720x720.jpg\" class=\"attachment-thumbnail size-thumbnail\" alt=\"\" \/><\/div>\r\n\t\t<div class=\"shmEventListItemText\">\r\n\t\t\t<div> <\/div>\r\n\t\t\t<div class=\"EVENTNAME\">L&rsquo;\u00e9t\u00e9 ph\u00e9nom\u00e8ne<\/div>\r\n\t\t\t<div class=\"ATT_sous_titre\"><\/div>\r\n\t\t\t<div class=\"DATE\">Mon. 1 June - Sun. 20 September<\/div>\r\n\t\t<\/div>\r\n\t<\/div>\r\n<\/a><a href=\"https:\/\/www.chateaudegoutelas.fr\/en\/agenda\/sukoon\/\" class=\"shmEventListItem\">\r\n\t<div class=\"marg\">\r\n\t\t<div class=\"EVENTIMAGE\"><img loading=\"lazy\" decoding=\"async\" width=\"720\" height=\"720\" src=\"https:\/\/www.chateaudegoutelas.fr\/wp-content\/uploads\/2025\/09\/Sukoon-1_credit-Sukoon-min-720x720.jpg\" class=\"attachment-thumbnail size-thumbnail\" alt=\"\" \/><\/div>\r\n\t\t<div class=\"shmEventListItemText\">\r\n\t\t\t<div> <span class=\"ATT_type_rendez_vous\">Concert<\/span><span class=\"ATT_type_rendez_vous\"> \u2022 Musiques arabes &amp; mexicaines<\/span><\/div>\r\n\t\t\t<div class=\"EVENTNAME\">Sukoon<\/div>\r\n\t\t\t<div class=\"ATT_sous_titre\"><\/div>\r\n\t\t\t<div class=\"DATE\">Fri. 19 June<\/div>\r\n\t\t<\/div>\r\n\t<\/div>\r\n<\/a><\/div>\t<\/div>\r\n<\/div>","protected":false},"excerpt":{"rendered":"","protected":false},"author":8,"featured_media":0,"parent":0,"menu_order":0,"comment_status":"closed","ping_status":"closed","template":"","meta":{"site-sidebar-layout":"no-sidebar","site-content-layout":"page-builder","ast-site-content-layout":"default","site-content-style":"default","site-sidebar-style":"default","ast-global-header-display":"","ast-banner-title-visibility":"","ast-main-header-display":"","ast-hfb-above-header-display":"","ast-hfb-below-header-display":"","ast-hfb-mobile-header-display":"","site-post-title":"disabled","ast-breadcrumbs-content":null,"ast-featured-img":"disabled","footer-sml-layout":"","ast-disable-related-posts":"","theme-transparent-header-meta":"default","adv-header-id-meta":"","stick-header-meta":"default","header-above-stick-meta":null,"header-main-stick-meta":"","header-below-stick-meta":null,"astra-migrate-meta-layouts":"default","ast-page-background-enabled":"default","ast-page-background-meta":{"desktop":{"background-color":"","background-image":"","background-repeat":"repeat","background-position":"center center","background-size":"auto","background-attachment":"scroll","background-type":"","background-media":"","overlay-type":"","overlay-color":"","overlay-opacity":"","overlay-gradient":""},"tablet":{"background-color":"","background-image":"","background-repeat":"repeat","background-position":"center center","background-size":"auto","background-attachment":"scroll","background-type":"","background-media":"","overlay-type":"","overlay-color":"","overlay-opacity":"","overlay-gradient":""},"mobile":{"background-color":"","background-image":"","background-repeat":"repeat","background-position":"center center","background-size":"auto","background-attachment":"scroll","background-type":"","background-media":"","overlay-type":"","overlay-color":"","overlay-opacity":"","overlay-gradient":""}},"ast-content-background-meta":{"desktop":{"background-color":"var(--ast-global-color-5)","background-image":"","background-repeat":"repeat","background-position":"center center","background-size":"auto","background-attachment":"scroll","background-type":"","background-media":"","overlay-type":"","overlay-color":"","overlay-opacity":"","overlay-gradient":""},"tablet":{"background-color":"var(--ast-global-color-5)","background-image":"","background-repeat":"repeat","background-position":"center center","background-size":"auto","background-attachment":"scroll","background-type":"","background-media":"","overlay-type":"","overlay-color":"","overlay-opacity":"","overlay-gradient":""},"mobile":{"background-color":"var(--ast-global-color-5)","background-image":"","background-repeat":"repeat","background-position":"center center","background-size":"auto","background-attachment":"scroll","background-type":"","background-media":"","overlay-type":"","overlay-color":"","overlay-opacity":"","overlay-gradient":""}},"footnotes":""},"categories":[206],"tags":[],"class_list":["post-6846","page","type-page","status-publish","hentry","category-programme-culturel"],"yoast_head":"<!-- This site is optimized with the Yoast SEO plugin v27.5 - https:\/\/yoast.com\/product\/yoast-seo-wordpress\/ -->\n<title>Agenda calendrier - Ch\u00e2teau de Goutelas<\/title>\n<meta name=\"robots\" content=\"index, follow, max-snippet:-1, max-image-preview:large, max-video-preview:-1\" \/>\n<link rel=\"canonical\" href=\"https:\/\/www.chateaudegoutelas.fr\/en\/agenda-calendrier\/\" \/>\n<meta property=\"og:locale\" content=\"en_GB\" \/>\n<meta property=\"og:type\" content=\"article\" \/>\n<meta property=\"og:title\" content=\"Agenda calendrier - Ch\u00e2teau de Goutelas\" \/>\n<meta property=\"og:url\" content=\"https:\/\/www.chateaudegoutelas.fr\/en\/agenda-calendrier\/\" \/>\n<meta property=\"og:site_name\" content=\"Ch\u00e2teau de Goutelas\" \/>\n<meta property=\"article:modified_time\" content=\"2023-09-20T15:07:18+00:00\" \/>\n<meta name=\"twitter:card\" content=\"summary_large_image\" \/>\n<meta name=\"twitter:label1\" content=\"Estimated reading time\" \/>\n\t<meta name=\"twitter:data1\" content=\"1 minute\" \/>\n<script type=\"application\/ld+json\" class=\"yoast-schema-graph\">{\"@context\":\"https:\\\/\\\/schema.org\",\"@graph\":[{\"@type\":\"WebPage\",\"@id\":\"https:\\\/\\\/www.chateaudegoutelas.fr\\\/agenda-calendrier\\\/\",\"url\":\"https:\\\/\\\/www.chateaudegoutelas.fr\\\/agenda-calendrier\\\/\",\"name\":\"Agenda calendrier - Ch\u00e2teau de Goutelas\",\"isPartOf\":{\"@id\":\"https:\\\/\\\/www.chateaudegoutelas.fr\\\/#website\"},\"datePublished\":\"2023-05-13T07:35:57+00:00\",\"dateModified\":\"2023-09-20T15:07:18+00:00\",\"breadcrumb\":{\"@id\":\"https:\\\/\\\/www.chateaudegoutelas.fr\\\/agenda-calendrier\\\/#breadcrumb\"},\"inLanguage\":\"en-GB\",\"potentialAction\":[{\"@type\":\"ReadAction\",\"target\":[\"https:\\\/\\\/www.chateaudegoutelas.fr\\\/agenda-calendrier\\\/\"]}]},{\"@type\":\"BreadcrumbList\",\"@id\":\"https:\\\/\\\/www.chateaudegoutelas.fr\\\/agenda-calendrier\\\/#breadcrumb\",\"itemListElement\":[{\"@type\":\"ListItem\",\"position\":1,\"name\":\"Accueil\",\"item\":\"https:\\\/\\\/www.chateaudegoutelas.fr\\\/\"},{\"@type\":\"ListItem\",\"position\":2,\"name\":\"Agenda calendrier\"}]},{\"@type\":\"WebSite\",\"@id\":\"https:\\\/\\\/www.chateaudegoutelas.fr\\\/#website\",\"url\":\"https:\\\/\\\/www.chateaudegoutelas.fr\\\/\",\"name\":\"Ch\u00e2teau de Goutelas\",\"description\":\"Un centre culturel de rencontre en Forez\",\"publisher\":{\"@id\":\"https:\\\/\\\/www.chateaudegoutelas.fr\\\/#organization\"},\"potentialAction\":[{\"@type\":\"SearchAction\",\"target\":{\"@type\":\"EntryPoint\",\"urlTemplate\":\"https:\\\/\\\/www.chateaudegoutelas.fr\\\/?s={search_term_string}\"},\"query-input\":{\"@type\":\"PropertyValueSpecification\",\"valueRequired\":true,\"valueName\":\"search_term_string\"}}],\"inLanguage\":\"en-GB\"},{\"@type\":\"Organization\",\"@id\":\"https:\\\/\\\/www.chateaudegoutelas.fr\\\/#organization\",\"name\":\"Ch\u00e2teau de Goutelas\",\"url\":\"https:\\\/\\\/www.chateaudegoutelas.fr\\\/\",\"logo\":{\"@type\":\"ImageObject\",\"inLanguage\":\"en-GB\",\"@id\":\"https:\\\/\\\/www.chateaudegoutelas.fr\\\/#\\\/schema\\\/logo\\\/image\\\/\",\"url\":\"https:\\\/\\\/www.chateaudegoutelas.fr\\\/wp-content\\\/uploads\\\/2023\\\/05\\\/logo-chateau-goutelas-bleu.png\",\"contentUrl\":\"https:\\\/\\\/www.chateaudegoutelas.fr\\\/wp-content\\\/uploads\\\/2023\\\/05\\\/logo-chateau-goutelas-bleu.png\",\"width\":1123,\"height\":327,\"caption\":\"Ch\u00e2teau de Goutelas\"},\"image\":{\"@id\":\"https:\\\/\\\/www.chateaudegoutelas.fr\\\/#\\\/schema\\\/logo\\\/image\\\/\"}}]}<\/script>\n<!-- \/ Yoast SEO plugin. -->","yoast_head_json":{"title":"Agenda calendrier - Ch\u00e2teau de Goutelas","robots":{"index":"index","follow":"follow","max-snippet":"max-snippet:-1","max-image-preview":"max-image-preview:large","max-video-preview":"max-video-preview:-1"},"canonical":"https:\/\/www.chateaudegoutelas.fr\/en\/agenda-calendrier\/","og_locale":"en_GB","og_type":"article","og_title":"Agenda calendrier - Ch\u00e2teau de Goutelas","og_url":"https:\/\/www.chateaudegoutelas.fr\/en\/agenda-calendrier\/","og_site_name":"Ch\u00e2teau de Goutelas","article_modified_time":"2023-09-20T15:07:18+00:00","twitter_card":"summary_large_image","twitter_misc":{"Estimated reading time":"1 minute"},"schema":{"@context":"https:\/\/schema.org","@graph":[{"@type":"WebPage","@id":"https:\/\/www.chateaudegoutelas.fr\/agenda-calendrier\/","url":"https:\/\/www.chateaudegoutelas.fr\/agenda-calendrier\/","name":"Agenda calendrier - Ch\u00e2teau de Goutelas","isPartOf":{"@id":"https:\/\/www.chateaudegoutelas.fr\/#website"},"datePublished":"2023-05-13T07:35:57+00:00","dateModified":"2023-09-20T15:07:18+00:00","breadcrumb":{"@id":"https:\/\/www.chateaudegoutelas.fr\/agenda-calendrier\/#breadcrumb"},"inLanguage":"en-GB","potentialAction":[{"@type":"ReadAction","target":["https:\/\/www.chateaudegoutelas.fr\/agenda-calendrier\/"]}]},{"@type":"BreadcrumbList","@id":"https:\/\/www.chateaudegoutelas.fr\/agenda-calendrier\/#breadcrumb","itemListElement":[{"@type":"ListItem","position":1,"name":"Accueil","item":"https:\/\/www.chateaudegoutelas.fr\/"},{"@type":"ListItem","position":2,"name":"Agenda calendrier"}]},{"@type":"WebSite","@id":"https:\/\/www.chateaudegoutelas.fr\/#website","url":"https:\/\/www.chateaudegoutelas.fr\/","name":"Ch\u00e2teau de Goutelas","description":"Un centre culturel de rencontre en Forez","publisher":{"@id":"https:\/\/www.chateaudegoutelas.fr\/#organization"},"potentialAction":[{"@type":"SearchAction","target":{"@type":"EntryPoint","urlTemplate":"https:\/\/www.chateaudegoutelas.fr\/?s={search_term_string}"},"query-input":{"@type":"PropertyValueSpecification","valueRequired":true,"valueName":"search_term_string"}}],"inLanguage":"en-GB"},{"@type":"Organization","@id":"https:\/\/www.chateaudegoutelas.fr\/#organization","name":"Ch\u00e2teau de Goutelas","url":"https:\/\/www.chateaudegoutelas.fr\/","logo":{"@type":"ImageObject","inLanguage":"en-GB","@id":"https:\/\/www.chateaudegoutelas.fr\/#\/schema\/logo\/image\/","url":"https:\/\/www.chateaudegoutelas.fr\/wp-content\/uploads\/2023\/05\/logo-chateau-goutelas-bleu.png","contentUrl":"https:\/\/www.chateaudegoutelas.fr\/wp-content\/uploads\/2023\/05\/logo-chateau-goutelas-bleu.png","width":1123,"height":327,"caption":"Ch\u00e2teau de Goutelas"},"image":{"@id":"https:\/\/www.chateaudegoutelas.fr\/#\/schema\/logo\/image\/"}}]}},"_links":{"self":[{"href":"https:\/\/www.chateaudegoutelas.fr\/en\/wp-json\/wp\/v2\/pages\/6846","targetHints":{"allow":["GET"]}}],"collection":[{"href":"https:\/\/www.chateaudegoutelas.fr\/en\/wp-json\/wp\/v2\/pages"}],"about":[{"href":"https:\/\/www.chateaudegoutelas.fr\/en\/wp-json\/wp\/v2\/types\/page"}],"author":[{"embeddable":true,"href":"https:\/\/www.chateaudegoutelas.fr\/en\/wp-json\/wp\/v2\/users\/8"}],"replies":[{"embeddable":true,"href":"https:\/\/www.chateaudegoutelas.fr\/en\/wp-json\/wp\/v2\/comments?post=6846"}],"version-history":[{"count":3,"href":"https:\/\/www.chateaudegoutelas.fr\/en\/wp-json\/wp\/v2\/pages\/6846\/revisions"}],"predecessor-version":[{"id":7551,"href":"https:\/\/www.chateaudegoutelas.fr\/en\/wp-json\/wp\/v2\/pages\/6846\/revisions\/7551"}],"wp:attachment":[{"href":"https:\/\/www.chateaudegoutelas.fr\/en\/wp-json\/wp\/v2\/media?parent=6846"}],"wp:term":[{"taxonomy":"category","embeddable":true,"href":"https:\/\/www.chateaudegoutelas.fr\/en\/wp-json\/wp\/v2\/categories?post=6846"},{"taxonomy":"post_tag","embeddable":true,"href":"https:\/\/www.chateaudegoutelas.fr\/en\/wp-json\/wp\/v2\/tags?post=6846"}],"curies":[{"name":"wp","href":"https:\/\/api.w.org\/{rel}","templated":true}]}}