{"id":6324,"date":"2023-04-26T18:43:34","date_gmt":"2023-04-26T16:43:34","guid":{"rendered":"https:\/\/dev.chateaudegoutelas.fr\/?page_id=6324"},"modified":"2023-09-20T17:07:19","modified_gmt":"2023-09-20T15:07:19","slug":"jeune-public-et-eac","status":"publish","type":"page","link":"https:\/\/www.chateaudegoutelas.fr\/en\/saison-culturelle\/jeune-public-et-eac\/","title":{"rendered":"Jeune public et EAC"},"content":{"rendered":"<h1>\n\t\tJeune public et EAC\n\t<\/h1>\n\t<p>La programmation jeune public ainsi que l&rsquo;EAC (\u00e9ducation artistique et culturelle) occupent une place importante au c\u0153ur des activit\u00e9s de Goutelas.<\/p>\n<p>Retrouvez ci-dessous les prochains \u00e9v\u00e9nements propos\u00e9s aux enfants et aux familles !<\/p>\n\t<div class=\"em em-view-container\" id=\"em-view-1061102689\" data-view=\"list\">\r\n\t<div class=\"em em-list em-events-list\" id=\"em-events-list-1061102689\" data-view-id=\"1061102689\">\r\n\t<div class=\"shmEventListWidget\">\r\n<a href=\"https:\/\/www.chateaudegoutelas.fr\/en\/agenda\/l-ete-phenomene-2026\/\" class=\"shmEventListItem\">\r\n\t<div class=\"marg\">\r\n\t\t<div class=\"EVENTIMAGE\"><img loading=\"lazy\" decoding=\"async\" width=\"720\" height=\"720\" src=\"https:\/\/www.chateaudegoutelas.fr\/wp-content\/uploads\/2026\/04\/forms-utopia-2-720x720.jpg\" class=\"attachment-thumbnail size-thumbnail\" alt=\"\" \/><\/div>\r\n\t\t<div class=\"shmEventListItemText\">\r\n\t\t\t<div> <\/div>\r\n\t\t\t<div class=\"EVENTNAME\">L&rsquo;\u00e9t\u00e9 ph\u00e9nom\u00e8ne<\/div>\r\n\t\t\t<div class=\"ATT_sous_titre\"><\/div>\r\n\t\t\t<div class=\"DATE\">Mon. 1 June - Sun. 20 September<\/div>\r\n\t\t<\/div>\r\n\t<\/div>\r\n<\/a><\/div>\t<\/div>\r\n<\/div>\n\t\t\t<h2>Sur les collines<\/h2>\t\t\t\n\t\t\t\t<p><strong>Lorem ipsum dolor sit amet, consectetur adipiscing elit. Donec libero ante, ullamcorper suscipit pharetra sit amet<\/strong>, sodales sed purus. Fusce eu dignissim elit. Aliquam sit amet mattis justo. Sed posuere est in mauris blandit, in dignissim ex lobortis. Sed condimentum mollis tempus. Etiam lacinia lectus eu elit vulputate maximus.<\/p>\n<p>Aenean et vulputate metus. Vestibulum velit diam, mollis et lacinia consequat, porta ac mauris. Proin quis faucibus mi. Vivamus sed elementum sapien. Ut tempus tincidunt imperdiet. Ut nec nisi eget urna mattis vehicula. Phasellus erat augue, ullamcorper at velit eu, vulputate iaculis risus.<\/p>\n<h2>\n\t\tEt aussi\n\t<\/h2>\n\t\t<a href=\"https:\/\/www.chateaudegoutelas.fr\/en\/agenda\/\" target=\"_self\" aria-label=\"Post Element\" rel=\"noopener\"><\/a>\t\t\n\t\t\t\t\t\t\t\t\t\t\t\t\t\t<a href=\"https:\/\/www.chateaudegoutelas.fr\/en\/agenda\/\" target=\"_self\" title=\"Agenda\" rel=\"noopener\">\n\t\t\t\t<img decoding=\"async\" src=\"https:\/\/www.chateaudegoutelas.fr\/wp-content\/uploads\/2023\/05\/blank-600x600.jpg\" alt=\"\" \/>\n\t\t\t\t<\/a>\n\t\t\t\t\t\t\t\t\t<a href=\"https:\/\/www.chateaudegoutelas.fr\/en\/cat\/programme-culturel\/\" rel=\"category tag\">Programme culturel<\/a>\t\t\t\t\n\t\t\t\t\t\t\t<h4>\n\t\t\t\t<a href=\"https:\/\/www.chateaudegoutelas.fr\/en\/agenda\/\" title=\"Agenda\">Agenda<\/a>\t\t\t<\/h4>\n\t\t<a href=\"https:\/\/www.chateaudegoutelas.fr\/en\/programme-culturel\/expositions\/\" target=\"_self\" aria-label=\"Post Element\" rel=\"noopener\"><\/a>\t\t\n\t\t\t\t\t\t\t\t\t<a href=\"https:\/\/www.chateaudegoutelas.fr\/en\/cat\/programme-culturel\/\" rel=\"category tag\">Programme culturel<\/a>\t\t\t\t\n\t\t\t\t\t\t\t<h4>\n\t\t\t\t<a href=\"https:\/\/www.chateaudegoutelas.fr\/en\/programme-culturel\/expositions\/\" title=\"Expositions\">Expositions<\/a>\t\t\t<\/h4>\n\t\t<a href=\"https:\/\/www.chateaudegoutelas.fr\/en\/programme-culturel\/temps-forts\/\" target=\"_self\" aria-label=\"Post Element\" rel=\"noopener\"><\/a>\t\t\n\t\t\t\t\t\t\t\t\t<a href=\"https:\/\/www.chateaudegoutelas.fr\/en\/cat\/programme-culturel\/\" rel=\"category tag\">Programme culturel<\/a>\t\t\t\t\n\t\t\t\t\t\t\t<h4>\n\t\t\t\t<a href=\"https:\/\/www.chateaudegoutelas.fr\/en\/programme-culturel\/temps-forts\/\" title=\"Temps forts\">Temps forts<\/a>\t\t\t<\/h4>\n\t\t<a href=\"https:\/\/www.chateaudegoutelas.fr\/en\/programme-culturel\/concerts\/\" target=\"_self\" aria-label=\"Post Element\" rel=\"noopener\"><\/a>\t\t\n\t\t\t\t\t\t\t\t\t<a href=\"https:\/\/www.chateaudegoutelas.fr\/en\/cat\/programme-culturel\/\" rel=\"category tag\">Programme culturel<\/a>\t\t\t\t\n\t\t\t\t\t\t\t<h4>\n\t\t\t\t<a href=\"https:\/\/www.chateaudegoutelas.fr\/en\/programme-culturel\/concerts\/\" title=\"Concerts\">Concerts<\/a>\t\t\t<\/h4>\n\t\t<a href=\"https:\/\/www.chateaudegoutelas.fr\/en\/programme-culturel\/creation-et-innovation-sociale\/\" target=\"_self\" aria-label=\"Post Element\" rel=\"noopener\"><\/a>\t\t\n\t\t\t\t\t\t\t\t\t<a href=\"https:\/\/www.chateaudegoutelas.fr\/en\/cat\/programme-culturel\/\" rel=\"category tag\">Programme culturel<\/a>\t\t\t\t\n\t\t\t\t\t\t\t<h4>\n\t\t\t\t<a href=\"https:\/\/www.chateaudegoutelas.fr\/en\/programme-culturel\/creation-et-innovation-sociale\/\" title=\"Cr\u00e9ation et innovation sociale\">Cr\u00e9ation et innovation sociale<\/a>\t\t\t<\/h4>\n\t\t<a href=\"https:\/\/www.chateaudegoutelas.fr\/en\/agenda-calendrier\/\" target=\"_self\" aria-label=\"Post Element\" rel=\"noopener\"><\/a>\t\t\n\t\t\t\t\t\t\t\t\t<a href=\"https:\/\/www.chateaudegoutelas.fr\/en\/cat\/programme-culturel\/\" rel=\"category tag\">Programme culturel<\/a>\t\t\t\t\n\t\t\t\t\t\t\t<h4>\n\t\t\t\t<a href=\"https:\/\/www.chateaudegoutelas.fr\/en\/agenda-calendrier\/\" title=\"Agenda calendrier\">Agenda calendrier<\/a>\t\t\t<\/h4>","protected":false},"excerpt":{"rendered":"<p>Jeune public et EAC La programmation jeune public ainsi que l&rsquo;EAC (\u00e9ducation artistique et culturelle) occupent une place importante au c\u0153ur des activit\u00e9s de Goutelas. Retrouvez ci-dessous les prochains \u00e9v\u00e9nements propos\u00e9s aux enfants et aux familles ! Sur les collines Lorem ipsum dolor sit amet, consectetur adipiscing elit. Donec libero ante, ullamcorper suscipit pharetra sit [&hellip;]<\/p>\n","protected":false},"author":8,"featured_media":0,"parent":6031,"menu_order":0,"comment_status":"closed","ping_status":"closed","template":"","meta":{"site-sidebar-layout":"no-sidebar","site-content-layout":"page-builder","ast-site-content-layout":"default","site-content-style":"default","site-sidebar-style":"default","ast-global-header-display":"","ast-banner-title-visibility":"","ast-main-header-display":"","ast-hfb-above-header-display":"","ast-hfb-below-header-display":"","ast-hfb-mobile-header-display":"","site-post-title":"disabled","ast-breadcrumbs-content":null,"ast-featured-img":"disabled","footer-sml-layout":"","ast-disable-related-posts":"","theme-transparent-header-meta":"default","adv-header-id-meta":"","stick-header-meta":"default","header-above-stick-meta":null,"header-main-stick-meta":"","header-below-stick-meta":null,"astra-migrate-meta-layouts":"default","ast-page-background-enabled":"default","ast-page-background-meta":{"desktop":{"background-color":"","background-image":"","background-repeat":"repeat","background-position":"center center","background-size":"auto","background-attachment":"scroll","background-type":"","background-media":"","overlay-type":"","overlay-color":"","overlay-opacity":"","overlay-gradient":""},"tablet":{"background-color":"","background-image":"","background-repeat":"repeat","background-position":"center center","background-size":"auto","background-attachment":"scroll","background-type":"","background-media":"","overlay-type":"","overlay-color":"","overlay-opacity":"","overlay-gradient":""},"mobile":{"background-color":"","background-image":"","background-repeat":"repeat","background-position":"center center","background-size":"auto","background-attachment":"scroll","background-type":"","background-media":"","overlay-type":"","overlay-color":"","overlay-opacity":"","overlay-gradient":""}},"ast-content-background-meta":{"desktop":{"background-color":"var(--ast-global-color-5)","background-image":"","background-repeat":"repeat","background-position":"center center","background-size":"auto","background-attachment":"scroll","background-type":"","background-media":"","overlay-type":"","overlay-color":"","overlay-opacity":"","overlay-gradient":""},"tablet":{"background-color":"var(--ast-global-color-5)","background-image":"","background-repeat":"repeat","background-position":"center center","background-size":"auto","background-attachment":"scroll","background-type":"","background-media":"","overlay-type":"","overlay-color":"","overlay-opacity":"","overlay-gradient":""},"mobile":{"background-color":"var(--ast-global-color-5)","background-image":"","background-repeat":"repeat","background-position":"center center","background-size":"auto","background-attachment":"scroll","background-type":"","background-media":"","overlay-type":"","overlay-color":"","overlay-opacity":"","overlay-gradient":""}},"footnotes":""},"categories":[206],"tags":[],"class_list":["post-6324","page","type-page","status-publish","hentry","category-programme-culturel"],"yoast_head":"<!-- This site is optimized with the Yoast SEO plugin v27.5 - https:\/\/yoast.com\/product\/yoast-seo-wordpress\/ -->\n<title>Jeune public et EAC - Ch\u00e2teau de Goutelas<\/title>\n<meta name=\"robots\" content=\"index, follow, max-snippet:-1, max-image-preview:large, max-video-preview:-1\" \/>\n<link rel=\"canonical\" href=\"https:\/\/www.chateaudegoutelas.fr\/en\/saison-culturelle\/jeune-public-et-eac\/\" \/>\n<meta property=\"og:locale\" content=\"en_GB\" \/>\n<meta property=\"og:type\" content=\"article\" \/>\n<meta property=\"og:title\" content=\"Jeune public et EAC - Ch\u00e2teau de Goutelas\" \/>\n<meta property=\"og:description\" content=\"Jeune public et EAC La programmation jeune public ainsi que l&rsquo;EAC (\u00e9ducation artistique et culturelle) occupent une place importante au c\u0153ur des activit\u00e9s de Goutelas. Retrouvez ci-dessous les prochains \u00e9v\u00e9nements propos\u00e9s aux enfants et aux familles ! Sur les collines Lorem ipsum dolor sit amet, consectetur adipiscing elit. Donec libero ante, ullamcorper suscipit pharetra sit [&hellip;]\" \/>\n<meta property=\"og:url\" content=\"https:\/\/www.chateaudegoutelas.fr\/en\/saison-culturelle\/jeune-public-et-eac\/\" \/>\n<meta property=\"og:site_name\" content=\"Ch\u00e2teau de Goutelas\" \/>\n<meta property=\"article:modified_time\" content=\"2023-09-20T15:07:19+00:00\" \/>\n<meta property=\"og:image\" content=\"https:\/\/www.chateaudegoutelas.fr\/wp-content\/uploads\/2023\/05\/blank-600x600.jpg\" \/>\n<meta name=\"twitter:card\" content=\"summary_large_image\" \/>\n<meta name=\"twitter:label1\" content=\"Estimated reading time\" \/>\n\t<meta name=\"twitter:data1\" content=\"3 minutes\" \/>\n<script type=\"application\/ld+json\" class=\"yoast-schema-graph\">{\"@context\":\"https:\\\/\\\/schema.org\",\"@graph\":[{\"@type\":\"WebPage\",\"@id\":\"https:\\\/\\\/www.chateaudegoutelas.fr\\\/saison-culturelle\\\/jeune-public-et-eac\\\/\",\"url\":\"https:\\\/\\\/www.chateaudegoutelas.fr\\\/saison-culturelle\\\/jeune-public-et-eac\\\/\",\"name\":\"Jeune public et EAC - Ch\u00e2teau de Goutelas\",\"isPartOf\":{\"@id\":\"https:\\\/\\\/www.chateaudegoutelas.fr\\\/#website\"},\"primaryImageOfPage\":{\"@id\":\"https:\\\/\\\/www.chateaudegoutelas.fr\\\/saison-culturelle\\\/jeune-public-et-eac\\\/#primaryimage\"},\"image\":{\"@id\":\"https:\\\/\\\/www.chateaudegoutelas.fr\\\/saison-culturelle\\\/jeune-public-et-eac\\\/#primaryimage\"},\"thumbnailUrl\":\"https:\\\/\\\/www.chateaudegoutelas.fr\\\/wp-content\\\/uploads\\\/2023\\\/05\\\/blank-600x600.jpg\",\"datePublished\":\"2023-04-26T16:43:34+00:00\",\"dateModified\":\"2023-09-20T15:07:19+00:00\",\"breadcrumb\":{\"@id\":\"https:\\\/\\\/www.chateaudegoutelas.fr\\\/saison-culturelle\\\/jeune-public-et-eac\\\/#breadcrumb\"},\"inLanguage\":\"en-GB\",\"potentialAction\":[{\"@type\":\"ReadAction\",\"target\":[\"https:\\\/\\\/www.chateaudegoutelas.fr\\\/saison-culturelle\\\/jeune-public-et-eac\\\/\"]}]},{\"@type\":\"ImageObject\",\"inLanguage\":\"en-GB\",\"@id\":\"https:\\\/\\\/www.chateaudegoutelas.fr\\\/saison-culturelle\\\/jeune-public-et-eac\\\/#primaryimage\",\"url\":\"https:\\\/\\\/www.chateaudegoutelas.fr\\\/wp-content\\\/uploads\\\/2023\\\/05\\\/blank-600x600.jpg\",\"contentUrl\":\"https:\\\/\\\/www.chateaudegoutelas.fr\\\/wp-content\\\/uploads\\\/2023\\\/05\\\/blank-600x600.jpg\"},{\"@type\":\"BreadcrumbList\",\"@id\":\"https:\\\/\\\/www.chateaudegoutelas.fr\\\/saison-culturelle\\\/jeune-public-et-eac\\\/#breadcrumb\",\"itemListElement\":[{\"@type\":\"ListItem\",\"position\":1,\"name\":\"Accueil\",\"item\":\"https:\\\/\\\/www.chateaudegoutelas.fr\\\/\"},{\"@type\":\"ListItem\",\"position\":2,\"name\":\"Saison culturelle 2024-25\",\"item\":\"https:\\\/\\\/www.chateaudegoutelas.fr\\\/saison-culturelle\\\/\"},{\"@type\":\"ListItem\",\"position\":3,\"name\":\"Jeune public et EAC\"}]},{\"@type\":\"WebSite\",\"@id\":\"https:\\\/\\\/www.chateaudegoutelas.fr\\\/#website\",\"url\":\"https:\\\/\\\/www.chateaudegoutelas.fr\\\/\",\"name\":\"Ch\u00e2teau de Goutelas\",\"description\":\"Un centre culturel de rencontre en Forez\",\"publisher\":{\"@id\":\"https:\\\/\\\/www.chateaudegoutelas.fr\\\/#organization\"},\"potentialAction\":[{\"@type\":\"SearchAction\",\"target\":{\"@type\":\"EntryPoint\",\"urlTemplate\":\"https:\\\/\\\/www.chateaudegoutelas.fr\\\/?s={search_term_string}\"},\"query-input\":{\"@type\":\"PropertyValueSpecification\",\"valueRequired\":true,\"valueName\":\"search_term_string\"}}],\"inLanguage\":\"en-GB\"},{\"@type\":\"Organization\",\"@id\":\"https:\\\/\\\/www.chateaudegoutelas.fr\\\/#organization\",\"name\":\"Ch\u00e2teau de Goutelas\",\"url\":\"https:\\\/\\\/www.chateaudegoutelas.fr\\\/\",\"logo\":{\"@type\":\"ImageObject\",\"inLanguage\":\"en-GB\",\"@id\":\"https:\\\/\\\/www.chateaudegoutelas.fr\\\/#\\\/schema\\\/logo\\\/image\\\/\",\"url\":\"https:\\\/\\\/www.chateaudegoutelas.fr\\\/wp-content\\\/uploads\\\/2023\\\/05\\\/logo-chateau-goutelas-bleu.png\",\"contentUrl\":\"https:\\\/\\\/www.chateaudegoutelas.fr\\\/wp-content\\\/uploads\\\/2023\\\/05\\\/logo-chateau-goutelas-bleu.png\",\"width\":1123,\"height\":327,\"caption\":\"Ch\u00e2teau de Goutelas\"},\"image\":{\"@id\":\"https:\\\/\\\/www.chateaudegoutelas.fr\\\/#\\\/schema\\\/logo\\\/image\\\/\"}}]}<\/script>\n<!-- \/ Yoast SEO plugin. -->","yoast_head_json":{"title":"Jeune public et EAC - Ch\u00e2teau de Goutelas","robots":{"index":"index","follow":"follow","max-snippet":"max-snippet:-1","max-image-preview":"max-image-preview:large","max-video-preview":"max-video-preview:-1"},"canonical":"https:\/\/www.chateaudegoutelas.fr\/en\/saison-culturelle\/jeune-public-et-eac\/","og_locale":"en_GB","og_type":"article","og_title":"Jeune public et EAC - Ch\u00e2teau de Goutelas","og_description":"Jeune public et EAC La programmation jeune public ainsi que l&rsquo;EAC (\u00e9ducation artistique et culturelle) occupent une place importante au c\u0153ur des activit\u00e9s de Goutelas. Retrouvez ci-dessous les prochains \u00e9v\u00e9nements propos\u00e9s aux enfants et aux familles ! Sur les collines Lorem ipsum dolor sit amet, consectetur adipiscing elit. Donec libero ante, ullamcorper suscipit pharetra sit [&hellip;]","og_url":"https:\/\/www.chateaudegoutelas.fr\/en\/saison-culturelle\/jeune-public-et-eac\/","og_site_name":"Ch\u00e2teau de Goutelas","article_modified_time":"2023-09-20T15:07:19+00:00","og_image":[{"url":"https:\/\/www.chateaudegoutelas.fr\/wp-content\/uploads\/2023\/05\/blank-600x600.jpg","type":"","width":"","height":""}],"twitter_card":"summary_large_image","twitter_misc":{"Estimated reading time":"3 minutes"},"schema":{"@context":"https:\/\/schema.org","@graph":[{"@type":"WebPage","@id":"https:\/\/www.chateaudegoutelas.fr\/saison-culturelle\/jeune-public-et-eac\/","url":"https:\/\/www.chateaudegoutelas.fr\/saison-culturelle\/jeune-public-et-eac\/","name":"Jeune public et EAC - Ch\u00e2teau de Goutelas","isPartOf":{"@id":"https:\/\/www.chateaudegoutelas.fr\/#website"},"primaryImageOfPage":{"@id":"https:\/\/www.chateaudegoutelas.fr\/saison-culturelle\/jeune-public-et-eac\/#primaryimage"},"image":{"@id":"https:\/\/www.chateaudegoutelas.fr\/saison-culturelle\/jeune-public-et-eac\/#primaryimage"},"thumbnailUrl":"https:\/\/www.chateaudegoutelas.fr\/wp-content\/uploads\/2023\/05\/blank-600x600.jpg","datePublished":"2023-04-26T16:43:34+00:00","dateModified":"2023-09-20T15:07:19+00:00","breadcrumb":{"@id":"https:\/\/www.chateaudegoutelas.fr\/saison-culturelle\/jeune-public-et-eac\/#breadcrumb"},"inLanguage":"en-GB","potentialAction":[{"@type":"ReadAction","target":["https:\/\/www.chateaudegoutelas.fr\/saison-culturelle\/jeune-public-et-eac\/"]}]},{"@type":"ImageObject","inLanguage":"en-GB","@id":"https:\/\/www.chateaudegoutelas.fr\/saison-culturelle\/jeune-public-et-eac\/#primaryimage","url":"https:\/\/www.chateaudegoutelas.fr\/wp-content\/uploads\/2023\/05\/blank-600x600.jpg","contentUrl":"https:\/\/www.chateaudegoutelas.fr\/wp-content\/uploads\/2023\/05\/blank-600x600.jpg"},{"@type":"BreadcrumbList","@id":"https:\/\/www.chateaudegoutelas.fr\/saison-culturelle\/jeune-public-et-eac\/#breadcrumb","itemListElement":[{"@type":"ListItem","position":1,"name":"Accueil","item":"https:\/\/www.chateaudegoutelas.fr\/"},{"@type":"ListItem","position":2,"name":"Saison culturelle 2024-25","item":"https:\/\/www.chateaudegoutelas.fr\/saison-culturelle\/"},{"@type":"ListItem","position":3,"name":"Jeune public et EAC"}]},{"@type":"WebSite","@id":"https:\/\/www.chateaudegoutelas.fr\/#website","url":"https:\/\/www.chateaudegoutelas.fr\/","name":"Ch\u00e2teau de Goutelas","description":"Un centre culturel de rencontre en Forez","publisher":{"@id":"https:\/\/www.chateaudegoutelas.fr\/#organization"},"potentialAction":[{"@type":"SearchAction","target":{"@type":"EntryPoint","urlTemplate":"https:\/\/www.chateaudegoutelas.fr\/?s={search_term_string}"},"query-input":{"@type":"PropertyValueSpecification","valueRequired":true,"valueName":"search_term_string"}}],"inLanguage":"en-GB"},{"@type":"Organization","@id":"https:\/\/www.chateaudegoutelas.fr\/#organization","name":"Ch\u00e2teau de Goutelas","url":"https:\/\/www.chateaudegoutelas.fr\/","logo":{"@type":"ImageObject","inLanguage":"en-GB","@id":"https:\/\/www.chateaudegoutelas.fr\/#\/schema\/logo\/image\/","url":"https:\/\/www.chateaudegoutelas.fr\/wp-content\/uploads\/2023\/05\/logo-chateau-goutelas-bleu.png","contentUrl":"https:\/\/www.chateaudegoutelas.fr\/wp-content\/uploads\/2023\/05\/logo-chateau-goutelas-bleu.png","width":1123,"height":327,"caption":"Ch\u00e2teau de Goutelas"},"image":{"@id":"https:\/\/www.chateaudegoutelas.fr\/#\/schema\/logo\/image\/"}}]}},"_links":{"self":[{"href":"https:\/\/www.chateaudegoutelas.fr\/en\/wp-json\/wp\/v2\/pages\/6324","targetHints":{"allow":["GET"]}}],"collection":[{"href":"https:\/\/www.chateaudegoutelas.fr\/en\/wp-json\/wp\/v2\/pages"}],"about":[{"href":"https:\/\/www.chateaudegoutelas.fr\/en\/wp-json\/wp\/v2\/types\/page"}],"author":[{"embeddable":true,"href":"https:\/\/www.chateaudegoutelas.fr\/en\/wp-json\/wp\/v2\/users\/8"}],"replies":[{"embeddable":true,"href":"https:\/\/www.chateaudegoutelas.fr\/en\/wp-json\/wp\/v2\/comments?post=6324"}],"version-history":[{"count":3,"href":"https:\/\/www.chateaudegoutelas.fr\/en\/wp-json\/wp\/v2\/pages\/6324\/revisions"}],"predecessor-version":[{"id":8472,"href":"https:\/\/www.chateaudegoutelas.fr\/en\/wp-json\/wp\/v2\/pages\/6324\/revisions\/8472"}],"up":[{"embeddable":true,"href":"https:\/\/www.chateaudegoutelas.fr\/en\/wp-json\/wp\/v2\/pages\/6031"}],"wp:attachment":[{"href":"https:\/\/www.chateaudegoutelas.fr\/en\/wp-json\/wp\/v2\/media?parent=6324"}],"wp:term":[{"taxonomy":"category","embeddable":true,"href":"https:\/\/www.chateaudegoutelas.fr\/en\/wp-json\/wp\/v2\/categories?post=6324"},{"taxonomy":"post_tag","embeddable":true,"href":"https:\/\/www.chateaudegoutelas.fr\/en\/wp-json\/wp\/v2\/tags?post=6324"}],"curies":[{"name":"wp","href":"https:\/\/api.w.org\/{rel}","templated":true}]}}