{"id":6031,"date":"2023-04-11T12:10:22","date_gmt":"2023-04-11T10:10:22","guid":{"rendered":"https:\/\/dev.chateaudegoutelas.fr\/?page_id=6031"},"modified":"2024-11-22T17:13:34","modified_gmt":"2024-11-22T16:13:34","slug":"saison-culturelle","status":"publish","type":"page","link":"https:\/\/www.chateaudegoutelas.fr\/en\/saison-culturelle\/","title":{"rendered":"Saison culturelle 2024-25"},"content":{"rendered":"<h1>\n\t\t\t\tSaison culturelle 2024-2025\n\t\t\t<\/h1>\n\t\t\t<a href=\"#rencontres\" title=\"Click Here\" target=\"_self\"   role=\"button\" aria-label=\"rencontres &amp; d\u00e9bats\">\n\t\t\t\t\t\t\trencontres &#038; d\u00e9bats\n\t\t<\/a>\n\t\t\t<a href=\"#expositions\" title=\"Click Here\" target=\"_self\"   role=\"button\" aria-label=\"expositions\">\n\t\t\t\t\t\t\texpositions\n\t\t<\/a>\n\t\t\t<a href=\"#musique\" title=\"Click Here\" target=\"_self\"   role=\"button\" aria-label=\"musique\">\n\t\t\t\t\t\t\tmusique\n\t\t<\/a>\n\t\t\t<a href=\"#jeune-public\" title=\"Click Here\" target=\"_self\"   role=\"button\" aria-label=\"jeune public\">\n\t\t\t\t\t\t\tjeune public\n\t\t<\/a>\n\t\t\t<a href=\"#action-culturelle\" title=\"Click Here\" target=\"_self\"   role=\"button\" aria-label=\"action culturelle\">\n\t\t\t\t\t\t\taction culturelle\n\t\t<\/a>\n\t<p>\u00a9 Atelier Pers<\/p>\n\t\t\t<h2>Habiter les milieux<\/h2>\t\t\t\n\t\t\t\t<p>Poussons les murs et r\u00e9inventons ensemble notre monde commun ! Cette nouvelle saison culturelle nous invite \u00e0 tendre l&rsquo;oreille et ouvrir grand les yeux pour mieux d\u00e9celer les traces et les messages de celles et ceux avec qui nous partageons la Terre. Nos relations avec les animaux et nos fa\u00e7ons d&rsquo;habiter sont deux grands sujets qui agiteront cette saison. Tout autour de temps forts de d\u00e9bat, retrouvez des concerts et des spectacles, des ateliers pour toute la famille, des explorations artistiques ou scientifiques en tous genres. Ouvrez les yeux, tendez l&rsquo;oreille, aff\u00fbtez vos sens et rejoignez-nous !<\/p>\n\t\t\t\t<img loading=\"lazy\" decoding=\"async\" src=\"https:\/\/www.chateaudegoutelas.fr\/wp-content\/uploads\/2023\/10\/gimmick_5.png\" alt=\"gimmick_5\" itemprop=\"image\" height=\"1458\" width=\"1458\" title=\"gimmick_5\" onerror=\"this.style.display='none'\"  \/>\n\t\t\t<h2>rencontres &#038; d\u00e9bats<\/h2>\t\t\t\n\t\t\t\t<p>\u00c0 Goutelas, d\u00e9bats et cr\u00e9ation artistique se m\u00ealent pour explorer de grands enjeux contemporains. Les \u00ab\u00a0temps forts\u00a0\u00bb de la saison culturelle invitent \u00e0 la confrontation d&rsquo;id\u00e9es autour de sujets de notre temps : l&rsquo;\u00e9cologie et notre rapport au vivant, les droits humains, les nouvelles technologies,&#8230;<\/p>\n\t\t\t<a href=\"https:\/\/www.chateaudegoutelas.fr\/en\/agenda\/categories\/rencontres-et-debats\/\" title=\"Click Here\" target=\"_self\"   role=\"button\" aria-label=\"All events\">\n\t\t\t\t\t\t\tAll events\n\t\t<\/a>\n\t<div class=\"em em-view-container\" id=\"em-view-573973545\" data-view=\"list\">\r\n\t<div class=\"em em-list em-events-list\" id=\"em-events-list-573973545\" data-view-id=\"573973545\">\r\n\t<div class=\"shmEventListWidget\">\r\n<a href=\"https:\/\/www.chateaudegoutelas.fr\/en\/agenda\/futurs-possibles-2026\/\" class=\"shmEventListItem\">\r\n\t<div class=\"marg\">\r\n\t\t<div class=\"EVENTIMAGE\"><img loading=\"lazy\" decoding=\"async\" width=\"720\" height=\"720\" src=\"https:\/\/www.chateaudegoutelas.fr\/wp-content\/uploads\/2025\/09\/visuel-FP-2026-720x720.jpg\" class=\"attachment-thumbnail size-thumbnail\" alt=\"\" \/><\/div>\r\n\t\t<div class=\"shmEventListItemText\">\r\n\t\t\t<div> <span class=\"ATT_type_rendez_vous\">Festival<\/span><\/div>\r\n\t\t\t<div class=\"EVENTNAME\">Futurs possibles 2026<\/div>\r\n\t\t\t<div class=\"ATT_sous_titre\">Quelles techniques pour r\u00e9parer le monde ?<\/div>\r\n\t\t\t<div class=\"DATE\">Fri. 29 May - Sun. 31 May<\/div>\r\n\t\t<\/div>\r\n\t<\/div>\r\n<\/a><a href=\"https:\/\/www.chateaudegoutelas.fr\/en\/agenda\/on-n-arrete-pas-le-progres-francois-jarrige\/\" class=\"shmEventListItem\">\r\n\t<div class=\"marg\">\r\n\t\t<div class=\"EVENTIMAGE\"><img loading=\"lazy\" decoding=\"async\" width=\"720\" height=\"720\" src=\"https:\/\/www.chateaudegoutelas.fr\/wp-content\/uploads\/2026\/03\/Francois-Jarrige_credit-Mathieu-Genon-Reporterre-720x720.jpg\" class=\"attachment-thumbnail size-thumbnail\" alt=\"\" \/><\/div>\r\n\t\t<div class=\"shmEventListItemText\">\r\n\t\t\t<div> <span class=\"ATT_type_rendez_vous\">Entretien<\/span><\/div>\r\n\t\t\t<div class=\"EVENTNAME\">On n&rsquo;arr\u00eate pas le progr\u00e8s ?<\/div>\r\n\t\t\t<div class=\"ATT_sous_titre\">Fran\u00e7ois Jarrige<\/div>\r\n\t\t\t<div class=\"DATE\">Fri. 29 May<\/div>\r\n\t\t<\/div>\r\n\t<\/div>\r\n<\/a><a href=\"https:\/\/www.chateaudegoutelas.fr\/en\/agenda\/big-data-yoyo\/\" class=\"shmEventListItem\">\r\n\t<div class=\"marg\">\r\n\t\t<div class=\"EVENTIMAGE\"><img loading=\"lazy\" decoding=\"async\" width=\"720\" height=\"720\" src=\"https:\/\/www.chateaudegoutelas.fr\/wp-content\/uploads\/2026\/03\/Big-data-yoyo_credit-Kalimba-720x720.png\" class=\"attachment-thumbnail size-thumbnail\" alt=\"\" \/><\/div>\r\n\t\t<div class=\"shmEventListItemText\">\r\n\t\t\t<div> <span class=\"ATT_type_rendez_vous\">Spectacle<\/span><\/div>\r\n\t\t\t<div class=\"EVENTNAME\">Big Data Yoyo<\/div>\r\n\t\t\t<div class=\"ATT_sous_titre\">L'Amicale de production<\/div>\r\n\t\t\t<div class=\"DATE\">Fri. 29 May<\/div>\r\n\t\t<\/div>\r\n\t<\/div>\r\n<\/a><a href=\"https:\/\/www.chateaudegoutelas.fr\/en\/agenda\/construction-four-solaire\/\" class=\"shmEventListItem\">\r\n\t<div class=\"marg\">\r\n\t\t<div class=\"EVENTIMAGE\"><img loading=\"lazy\" decoding=\"async\" width=\"720\" height=\"720\" src=\"https:\/\/www.chateaudegoutelas.fr\/wp-content\/uploads\/2026\/03\/enoki-c-Hugues-Montano-6-720x720.jpg\" class=\"attachment-thumbnail size-thumbnail\" alt=\"\" \/><\/div>\r\n\t\t<div class=\"shmEventListItemText\">\r\n\t\t\t<div> <span class=\"ATT_type_rendez_vous\">Atelier<\/span><\/div>\r\n\t\t\t<div class=\"EVENTNAME\">Construction d&rsquo;un four solaire<\/div>\r\n\t\t\t<div class=\"ATT_sous_titre\">Collectif Enoki<\/div>\r\n\t\t\t<div class=\"DATE\">Sat. 30 May - Sun. 31 May<\/div>\r\n\t\t<\/div>\r\n\t<\/div>\r\n<\/a><a href=\"https:\/\/www.chateaudegoutelas.fr\/en\/agenda\/systeme-exploitant\/\" class=\"shmEventListItem\">\r\n\t<div class=\"marg\">\r\n\t\t<div class=\"EVENTIMAGE\"><img loading=\"lazy\" decoding=\"async\" width=\"720\" height=\"720\" src=\"https:\/\/www.chateaudegoutelas.fr\/wp-content\/uploads\/2026\/04\/ecran_horizontale-5-720x720.png\" class=\"attachment-thumbnail size-thumbnail\" alt=\"\" \/><\/div>\r\n\t\t<div class=\"shmEventListItemText\">\r\n\t\t\t<div> <span class=\"ATT_type_rendez_vous\">Jeu de piste<\/span><\/div>\r\n\t\t\t<div class=\"EVENTNAME\">Syst\u00e8me exploitant<\/div>\r\n\t\t\t<div class=\"ATT_sous_titre\">Par les \u00e9tudiant\u00b7es de l'ESADSE<\/div>\r\n\t\t\t<div class=\"DATE\">Sat. 30 May - Sun. 31 May<\/div>\r\n\t\t<\/div>\r\n\t<\/div>\r\n<\/a><a href=\"https:\/\/www.chateaudegoutelas.fr\/en\/agenda\/au-coeur-du-technosolutionnisme\/\" class=\"shmEventListItem\">\r\n\t<div class=\"marg\">\r\n\t\t<div class=\"EVENTIMAGE\"><img loading=\"lazy\" decoding=\"async\" width=\"720\" height=\"720\" src=\"https:\/\/www.chateaudegoutelas.fr\/wp-content\/uploads\/2026\/03\/32-720x720.jpg\" class=\"attachment-thumbnail size-thumbnail\" alt=\"\" srcset=\"https:\/\/www.chateaudegoutelas.fr\/wp-content\/uploads\/2026\/03\/32-720x720.jpg 720w, https:\/\/www.chateaudegoutelas.fr\/wp-content\/uploads\/2026\/03\/32-768x768.jpg 768w, https:\/\/www.chateaudegoutelas.fr\/wp-content\/uploads\/2026\/03\/32-12x12.jpg 12w, https:\/\/www.chateaudegoutelas.fr\/wp-content\/uploads\/2026\/03\/32.jpg 1080w\" sizes=\"auto, (max-width: 720px) 100vw, 720px\" \/><\/div>\r\n\t\t<div class=\"shmEventListItemText\">\r\n\t\t\t<div> <span class=\"ATT_type_rendez_vous\">Discussion<\/span><\/div>\r\n\t\t\t<div class=\"EVENTNAME\">Au c\u0153ur du technosolutionnisme<\/div>\r\n\t\t\t<div class=\"ATT_sous_titre\">Olivier Tesquet, Agn\u00e8s Cr\u00e9pet<\/div>\r\n\t\t\t<div class=\"DATE\">Sat. 30 May<\/div>\r\n\t\t<\/div>\r\n\t<\/div>\r\n<\/a><\/div>\t<\/div>\r\n<\/div>\n\t\t\t<h2>expositions<\/h2>\t\t\t\n\t\t\t\t<p>Depuis 2020, le Ch\u00e2teau de Goutelas fait dialoguer l&rsquo;architecture Renaissance du site et la cr\u00e9ation contemporaine. Les \u0153uvres d&rsquo;artistes internationaux s&rsquo;invitent dans les espaces int\u00e9rieurs et ext\u00e9rieurs atypiques : le salon de musique, la chapelle, une chambre se transforment, les bois et jardins deviennent des espaces d&rsquo;exposition \u00e0 ciel ouvert.<\/p>\n\t<p>\u00a9 Louis Perrin<\/p>\n\t\t\t<h2>musique<\/h2>\t\t\t\n\t\t\t\t<p>Jazz, musiques actuelles, musiques du monde, chanson, folk&#8230; Autour du piano, sous les toits ou en plein air sur les terrasses, la musique se partage toute l&rsquo;ann\u00e9e au ch\u00e2teau !<\/p>\n\t\t\t<a href=\"https:\/\/www.chateaudegoutelas.fr\/en\/agenda\/categories\/musiques\/\" title=\"Click Here\" target=\"_self\"   role=\"button\" aria-label=\"All events\">\n\t\t\t\t\t\t\tAll events\n\t\t<\/a>\n\t<div class=\"em em-view-container\" id=\"em-view-415190579\" data-view=\"list\">\r\n\t<div class=\"em em-list em-events-list\" id=\"em-events-list-415190579\" data-view-id=\"415190579\">\r\n\t<div class=\"shmEventListWidget\">\r\n<a href=\"https:\/\/www.chateaudegoutelas.fr\/en\/agenda\/l-ete-phenomene-2026\/\" class=\"shmEventListItem\">\r\n\t<div class=\"marg\">\r\n\t\t<div class=\"EVENTIMAGE\"><img loading=\"lazy\" decoding=\"async\" width=\"720\" height=\"720\" src=\"https:\/\/www.chateaudegoutelas.fr\/wp-content\/uploads\/2026\/04\/forms-utopia-2-720x720.jpg\" class=\"attachment-thumbnail size-thumbnail\" alt=\"\" \/><\/div>\r\n\t\t<div class=\"shmEventListItemText\">\r\n\t\t\t<div> <\/div>\r\n\t\t\t<div class=\"EVENTNAME\">L&rsquo;\u00e9t\u00e9 ph\u00e9nom\u00e8ne<\/div>\r\n\t\t\t<div class=\"ATT_sous_titre\"><\/div>\r\n\t\t\t<div class=\"DATE\">Mon. 1 June - Sun. 20 September<\/div>\r\n\t\t<\/div>\r\n\t<\/div>\r\n<\/a><a href=\"https:\/\/www.chateaudegoutelas.fr\/en\/agenda\/sukoon\/\" class=\"shmEventListItem\">\r\n\t<div class=\"marg\">\r\n\t\t<div class=\"EVENTIMAGE\"><img loading=\"lazy\" decoding=\"async\" width=\"720\" height=\"720\" src=\"https:\/\/www.chateaudegoutelas.fr\/wp-content\/uploads\/2025\/09\/Sukoon-1_credit-Sukoon-min-720x720.jpg\" class=\"attachment-thumbnail size-thumbnail\" alt=\"\" \/><\/div>\r\n\t\t<div class=\"shmEventListItemText\">\r\n\t\t\t<div> <span class=\"ATT_type_rendez_vous\">Concert<\/span><span class=\"ATT_type_rendez_vous\"> \u2022 Musiques arabes &amp; mexicaines<\/span><\/div>\r\n\t\t\t<div class=\"EVENTNAME\">Sukoon<\/div>\r\n\t\t\t<div class=\"ATT_sous_titre\"><\/div>\r\n\t\t\t<div class=\"DATE\">Fri. 19 June<\/div>\r\n\t\t<\/div>\r\n\t<\/div>\r\n<\/a><\/div>\t<\/div>\r\n<\/div>\n\t\t\t<h2>jeune public<\/h2>\t\t\t\n\t\t\t\t<p>Spectacles et ateliers pendant les vacances scolaires, accueil de groupes, visites en famille&#8230; Bienvenue aux enfants !<\/p>\n\t\t\t<a href=\"https:\/\/www.chateaudegoutelas.fr\/en\/agenda\/categories\/enfants\/\" title=\"Click Here\" target=\"_self\"   role=\"button\" aria-label=\"All events\">\n\t\t\t\t\t\t\tAll events\n\t\t<\/a>\n\t<div class=\"em em-view-container\" id=\"em-view-1205606778\" data-view=\"list\">\r\n\t<div class=\"em em-list em-events-list\" id=\"em-events-list-1205606778\" data-view-id=\"1205606778\">\r\n\t<div class=\"shmEventListWidget\">\r\n<a href=\"https:\/\/www.chateaudegoutelas.fr\/en\/agenda\/l-ete-phenomene-2026\/\" class=\"shmEventListItem\">\r\n\t<div class=\"marg\">\r\n\t\t<div class=\"EVENTIMAGE\"><img loading=\"lazy\" decoding=\"async\" width=\"720\" height=\"720\" src=\"https:\/\/www.chateaudegoutelas.fr\/wp-content\/uploads\/2026\/04\/forms-utopia-2-720x720.jpg\" class=\"attachment-thumbnail size-thumbnail\" alt=\"\" \/><\/div>\r\n\t\t<div class=\"shmEventListItemText\">\r\n\t\t\t<div> <\/div>\r\n\t\t\t<div class=\"EVENTNAME\">L&rsquo;\u00e9t\u00e9 ph\u00e9nom\u00e8ne<\/div>\r\n\t\t\t<div class=\"ATT_sous_titre\"><\/div>\r\n\t\t\t<div class=\"DATE\">Mon. 1 June - Sun. 20 September<\/div>\r\n\t\t<\/div>\r\n\t<\/div>\r\n<\/a><\/div>\t<\/div>\r\n<\/div>\n\t\t\t<a href=\"https:\/\/www.chateaudegoutelas.fr\/en\/agenda\/categories\/enfants\/\" title=\"Click Here\" target=\"_self\"   role=\"button\" aria-label=\"All events\">\n\t\t\t\t\t\t\tAll events\n\t\t<\/a>\n\t\t\t<h2>projets partag\u00e9s &#038; droits culturels<\/h2>\t\t\t\n\t\t\t\t<p>Goutelas coordonne tout au long de l&rsquo;ann\u00e9e des projets artistiques et culturels avec les habitant\u00b7e\u00b7s du Forez, gr\u00e2ce aux liens forts tiss\u00e9s avec des \u00e9tablissements scolaires, socioculturels, de sant\u00e9,&#8230; Toutes ces rencontres sont anim\u00e9es par l&rsquo;\u00e9thique et le r\u00e9f\u00e9rentiel des droits culturels : permettre \u00e0 chacun\u00b7e, seul\u00b7e ou en commun, de participer \u00e0 la vie culturelle, d&rsquo;y contribuer avec ses propres r\u00e9f\u00e9rences, exp\u00e9riences et pratiques tout en ayant acc\u00e8s \u00e0 une diversit\u00e9 de ressources culturelles.<\/p>\n<p><strong>Vous \u00eates enseignant\u00b7e ou repr\u00e9sentant\u00b7e d&rsquo;un \u00e9tablissement socio-\u00e9ducatif, et vous souhaitez en savoir plus ?\u00a0<\/strong> <br \/><strong>Contactez-nous :<\/strong> centreculturel@chateaudegoutelas.fr<\/p>\n\t\t<a href=\"https:\/\/www.chateaudegoutelas.fr\/en\/popote-chef-concours-culinaire-pas-ordinaire\/\" title=\"View Box Content\" target=\"_self\"  aria-label=\"Post Element\"><\/a>\t\t\n\t\t\t\t\t\t\t\t\t\t\t\t\t\t<a href=\"https:\/\/www.chateaudegoutelas.fr\/en\/popote-chef-concours-culinaire-pas-ordinaire\/\" target=\"_self\" title=\"Popote chef, concours culinaire pas ordinaire\">\n\t\t\t\t<img decoding=\"async\" src=\"https:\/\/www.chateaudegoutelas.fr\/wp-content\/uploads\/2024\/06\/photo-Popote-Chef-720x720.jpg\" alt=\"\" \/>\n\t\t\t\t<\/a>\n\t\t\t\t\t\t\t<h4>\n\t\t\t\t<a href=\"https:\/\/www.chateaudegoutelas.fr\/en\/popote-chef-concours-culinaire-pas-ordinaire\/\" title=\"Popote chef, concours culinaire pas ordinaire\" tabindex=\"0\">Popote chef, concours culinaire pas ordinaire<\/a>\t\t\t<\/h4>\n\t\t<a href=\"https:\/\/www.chateaudegoutelas.fr\/en\/ma-terre-vue-d-ici\/\" title=\"View Box Content\" target=\"_self\"  aria-label=\"Post Element\"><\/a>\t\t\n\t\t\t\t\t\t\t\t\t\t\t\t\t\t<a href=\"https:\/\/www.chateaudegoutelas.fr\/en\/ma-terre-vue-d-ici\/\" target=\"_self\" title=\"Ma Terre vue d&rsquo;ici\">\n\t\t\t\t<img decoding=\"async\" src=\"https:\/\/www.chateaudegoutelas.fr\/wp-content\/uploads\/2024\/09\/DSC0435-2-720x720.jpg\" alt=\"\" \/>\n\t\t\t\t<\/a>\n\t\t\t\t\t\t\t<h4>\n\t\t\t\t<a href=\"https:\/\/www.chateaudegoutelas.fr\/en\/ma-terre-vue-d-ici\/\" title=\"Ma Terre vue d&rsquo;ici\" tabindex=\"0\">Ma Terre vue d&rsquo;ici<\/a>\t\t\t<\/h4>\n\t\t\t\t<img loading=\"lazy\" decoding=\"async\" src=\"https:\/\/www.chateaudegoutelas.fr\/wp-content\/uploads\/2023\/10\/gimmick_2.png\" alt=\"gimmick_2\" itemprop=\"image\" height=\"350\" width=\"350\" title=\"gimmick_2\" onerror=\"this.style.display='none'\"  \/>\n\t\t\t<a href=\"https:\/\/www.chateaudegoutelas.fr\/en\/agenda\/\" title=\"Click Here\" target=\"_self\"   role=\"button\" aria-label=\"tout l&#039;agenda\">\n\t\t\t\t\t\t\ttout l&rsquo;agenda\n\t\t<\/a>\n<h2>\n\t\tvoir aussi\n\t<\/h2>\n\t\t<a href=\"https:\/\/www.chateaudegoutelas.fr\/en\/le-chateau-de-goutelas\/\" title=\"View Box Content\" target=\"_self\"  aria-label=\"Post Element\"><\/a>\t\t\n\t\t\t\t\t\t\t\t\t\t\t\t\t\t<a href=\"https:\/\/www.chateaudegoutelas.fr\/en\/le-chateau-de-goutelas\/\" target=\"_self\" title=\"Le Ch\u00e2teau de Goutelas\">\n\t\t\t\t<img decoding=\"async\" src=\"https:\/\/www.chateaudegoutelas.fr\/wp-content\/uploads\/2023\/08\/DJI_0833-720x720.jpg\" alt=\"\" \/>\n\t\t\t\t<\/a>\n\t\t\t\t\t\t\t<h4>\n\t\t\t\t<a href=\"https:\/\/www.chateaudegoutelas.fr\/en\/le-chateau-de-goutelas\/\" title=\"Le Ch\u00e2teau de Goutelas\" tabindex=\"0\">Le Ch\u00e2teau de Goutelas<\/a>\t\t\t<\/h4>\n\t\t<a href=\"https:\/\/www.chateaudegoutelas.fr\/en\/medias\/\" title=\"View Box Content\" target=\"_self\"  aria-label=\"Post Element\"><\/a>\t\t\n\t\t\t\t\t\t\t\t\t\t\t\t\t\t<a href=\"https:\/\/www.chateaudegoutelas.fr\/en\/medias\/\" target=\"_self\" title=\"videos et podcast\">\n\t\t\t\t<img decoding=\"async\" src=\"https:\/\/www.chateaudegoutelas.fr\/wp-content\/uploads\/2022\/02\/La-caravane-600x600.jpg\" alt=\"\" \/>\n\t\t\t\t<\/a>\n\t\t\t\t\t\t\t<h4>\n\t\t\t\t<a href=\"https:\/\/www.chateaudegoutelas.fr\/en\/medias\/\" title=\"videos et podcast\" tabindex=\"0\">videos et podcast<\/a>\t\t\t<\/h4>\n\t\t<a href=\"https:\/\/www.chateaudegoutelas.fr\/en\/creation-et-recherche\/\" title=\"View Box Content\" target=\"_self\"  aria-label=\"Post Element\"><\/a>\t\t\n\t\t\t\t\t\t\t\t\t\t\t\t\t\t<a href=\"https:\/\/www.chateaudegoutelas.fr\/en\/creation-et-recherche\/\" target=\"_self\" title=\"Cr\u00e9ation &#038; recherche\">\n\t\t\t\t<img decoding=\"async\" src=\"https:\/\/www.chateaudegoutelas.fr\/wp-content\/uploads\/2023\/09\/\u00a9Chateau-de-Goutelas4-720x720.jpg\" alt=\"\" \/>\n\t\t\t\t<\/a>\n\t\t\t\t\t\t\t<h4>\n\t\t\t\t<a href=\"https:\/\/www.chateaudegoutelas.fr\/en\/creation-et-recherche\/\" title=\"Cr\u00e9ation &#038; recherche\" tabindex=\"0\">Cr\u00e9ation &#038; recherche<\/a>\t\t\t<\/h4>","protected":false},"excerpt":{"rendered":"<p>Saison culturelle 2024-2025 rencontres &#038; d\u00e9bats expositions musique jeune public action culturelle \u00a9 Atelier Pers Habiter les milieux Poussons les murs et r\u00e9inventons ensemble notre monde commun ! Cette nouvelle saison culturelle nous invite \u00e0 tendre l&rsquo;oreille et ouvrir grand les yeux pour mieux d\u00e9celer les traces et les messages de celles et ceux avec [&hellip;]<\/p>\n","protected":false},"author":8,"featured_media":9626,"parent":0,"menu_order":0,"comment_status":"closed","ping_status":"closed","template":"","meta":{"site-sidebar-layout":"no-sidebar","site-content-layout":"","ast-site-content-layout":"full-width-container","site-content-style":"unboxed","site-sidebar-style":"unboxed","ast-global-header-display":"","ast-banner-title-visibility":"","ast-main-header-display":"","ast-hfb-above-header-display":"","ast-hfb-below-header-display":"","ast-hfb-mobile-header-display":"","site-post-title":"disabled","ast-breadcrumbs-content":"","ast-featured-img":"disabled","footer-sml-layout":"","ast-disable-related-posts":"","theme-transparent-header-meta":"default","adv-header-id-meta":"","stick-header-meta":"default","header-above-stick-meta":"","header-main-stick-meta":"","header-below-stick-meta":"","astra-migrate-meta-layouts":"set","ast-page-background-enabled":"default","ast-page-background-meta":{"desktop":{"background-color":"","background-image":"","background-repeat":"repeat","background-position":"center center","background-size":"auto","background-attachment":"scroll","background-type":"","background-media":"","overlay-type":"","overlay-color":"","overlay-opacity":"","overlay-gradient":""},"tablet":{"background-color":"","background-image":"","background-repeat":"repeat","background-position":"center center","background-size":"auto","background-attachment":"scroll","background-type":"","background-media":"","overlay-type":"","overlay-color":"","overlay-opacity":"","overlay-gradient":""},"mobile":{"background-color":"","background-image":"","background-repeat":"repeat","background-position":"center center","background-size":"auto","background-attachment":"scroll","background-type":"","background-media":"","overlay-type":"","overlay-color":"","overlay-opacity":"","overlay-gradient":""}},"ast-content-background-meta":{"desktop":{"background-color":"var(--ast-global-color-5)","background-image":"","background-repeat":"repeat","background-position":"center center","background-size":"auto","background-attachment":"scroll","background-type":"","background-media":"","overlay-type":"","overlay-color":"","overlay-opacity":"","overlay-gradient":""},"tablet":{"background-color":"var(--ast-global-color-5)","background-image":"","background-repeat":"repeat","background-position":"center center","background-size":"auto","background-attachment":"scroll","background-type":"","background-media":"","overlay-type":"","overlay-color":"","overlay-opacity":"","overlay-gradient":""},"mobile":{"background-color":"var(--ast-global-color-5)","background-image":"","background-repeat":"repeat","background-position":"center center","background-size":"auto","background-attachment":"scroll","background-type":"","background-media":"","overlay-type":"","overlay-color":"","overlay-opacity":"","overlay-gradient":""}},"footnotes":""},"categories":[206],"tags":[],"class_list":["post-6031","page","type-page","status-publish","has-post-thumbnail","hentry","category-programme-culturel"],"yoast_head":"<!-- This site is optimized with the Yoast SEO plugin v27.5 - https:\/\/yoast.com\/product\/yoast-seo-wordpress\/ -->\n<title>Saison culturelle 2024-25 - Ch\u00e2teau de Goutelas<\/title>\n<meta name=\"robots\" content=\"index, follow, max-snippet:-1, max-image-preview:large, max-video-preview:-1\" \/>\n<link rel=\"canonical\" href=\"https:\/\/www.chateaudegoutelas.fr\/en\/saison-culturelle\/\" \/>\n<meta property=\"og:locale\" content=\"en_GB\" \/>\n<meta property=\"og:type\" content=\"article\" \/>\n<meta property=\"og:title\" content=\"Saison culturelle 2024-25 - Ch\u00e2teau de Goutelas\" \/>\n<meta property=\"og:description\" content=\"Saison culturelle 2024-2025 rencontres &#038; d\u00e9bats expositions musique jeune public action culturelle \u00a9 Atelier Pers Habiter les milieux Poussons les murs et r\u00e9inventons ensemble notre monde commun ! Cette nouvelle saison culturelle nous invite \u00e0 tendre l&rsquo;oreille et ouvrir grand les yeux pour mieux d\u00e9celer les traces et les messages de celles et ceux avec [&hellip;]\" \/>\n<meta property=\"og:url\" content=\"https:\/\/www.chateaudegoutelas.fr\/en\/saison-culturelle\/\" \/>\n<meta property=\"og:site_name\" content=\"Ch\u00e2teau de Goutelas\" \/>\n<meta property=\"article:modified_time\" content=\"2024-11-22T16:13:34+00:00\" \/>\n<meta property=\"og:image\" content=\"https:\/\/www.chateaudegoutelas.fr\/wp-content\/uploads\/2024\/08\/Visuel_S2425-768x1097.png\" \/>\n\t<meta property=\"og:image:width\" content=\"768\" \/>\n\t<meta property=\"og:image:height\" content=\"1097\" \/>\n\t<meta property=\"og:image:type\" content=\"image\/png\" \/>\n<meta name=\"twitter:card\" content=\"summary_large_image\" \/>\n<meta name=\"twitter:label1\" content=\"Estimated reading time\" \/>\n\t<meta name=\"twitter:data1\" content=\"8 minutes\" \/>\n<script type=\"application\/ld+json\" class=\"yoast-schema-graph\">{\"@context\":\"https:\\\/\\\/schema.org\",\"@graph\":[{\"@type\":\"WebPage\",\"@id\":\"https:\\\/\\\/www.chateaudegoutelas.fr\\\/saison-culturelle\\\/\",\"url\":\"https:\\\/\\\/www.chateaudegoutelas.fr\\\/saison-culturelle\\\/\",\"name\":\"Saison culturelle 2024-25 - Ch\u00e2teau de Goutelas\",\"isPartOf\":{\"@id\":\"https:\\\/\\\/www.chateaudegoutelas.fr\\\/#website\"},\"primaryImageOfPage\":{\"@id\":\"https:\\\/\\\/www.chateaudegoutelas.fr\\\/saison-culturelle\\\/#primaryimage\"},\"image\":{\"@id\":\"https:\\\/\\\/www.chateaudegoutelas.fr\\\/saison-culturelle\\\/#primaryimage\"},\"thumbnailUrl\":\"https:\\\/\\\/www.chateaudegoutelas.fr\\\/wp-content\\\/uploads\\\/2024\\\/08\\\/Visuel_S2425.png\",\"datePublished\":\"2023-04-11T10:10:22+00:00\",\"dateModified\":\"2024-11-22T16:13:34+00:00\",\"breadcrumb\":{\"@id\":\"https:\\\/\\\/www.chateaudegoutelas.fr\\\/saison-culturelle\\\/#breadcrumb\"},\"inLanguage\":\"en-GB\",\"potentialAction\":[{\"@type\":\"ReadAction\",\"target\":[\"https:\\\/\\\/www.chateaudegoutelas.fr\\\/saison-culturelle\\\/\"]}]},{\"@type\":\"ImageObject\",\"inLanguage\":\"en-GB\",\"@id\":\"https:\\\/\\\/www.chateaudegoutelas.fr\\\/saison-culturelle\\\/#primaryimage\",\"url\":\"https:\\\/\\\/www.chateaudegoutelas.fr\\\/wp-content\\\/uploads\\\/2024\\\/08\\\/Visuel_S2425.png\",\"contentUrl\":\"https:\\\/\\\/www.chateaudegoutelas.fr\\\/wp-content\\\/uploads\\\/2024\\\/08\\\/Visuel_S2425.png\",\"width\":1654,\"height\":2362},{\"@type\":\"BreadcrumbList\",\"@id\":\"https:\\\/\\\/www.chateaudegoutelas.fr\\\/saison-culturelle\\\/#breadcrumb\",\"itemListElement\":[{\"@type\":\"ListItem\",\"position\":1,\"name\":\"Accueil\",\"item\":\"https:\\\/\\\/www.chateaudegoutelas.fr\\\/\"},{\"@type\":\"ListItem\",\"position\":2,\"name\":\"Saison culturelle 2024-25\"}]},{\"@type\":\"WebSite\",\"@id\":\"https:\\\/\\\/www.chateaudegoutelas.fr\\\/#website\",\"url\":\"https:\\\/\\\/www.chateaudegoutelas.fr\\\/\",\"name\":\"Ch\u00e2teau de Goutelas\",\"description\":\"Un centre culturel de rencontre en Forez\",\"publisher\":{\"@id\":\"https:\\\/\\\/www.chateaudegoutelas.fr\\\/#organization\"},\"potentialAction\":[{\"@type\":\"SearchAction\",\"target\":{\"@type\":\"EntryPoint\",\"urlTemplate\":\"https:\\\/\\\/www.chateaudegoutelas.fr\\\/?s={search_term_string}\"},\"query-input\":{\"@type\":\"PropertyValueSpecification\",\"valueRequired\":true,\"valueName\":\"search_term_string\"}}],\"inLanguage\":\"en-GB\"},{\"@type\":\"Organization\",\"@id\":\"https:\\\/\\\/www.chateaudegoutelas.fr\\\/#organization\",\"name\":\"Ch\u00e2teau de Goutelas\",\"url\":\"https:\\\/\\\/www.chateaudegoutelas.fr\\\/\",\"logo\":{\"@type\":\"ImageObject\",\"inLanguage\":\"en-GB\",\"@id\":\"https:\\\/\\\/www.chateaudegoutelas.fr\\\/#\\\/schema\\\/logo\\\/image\\\/\",\"url\":\"https:\\\/\\\/www.chateaudegoutelas.fr\\\/wp-content\\\/uploads\\\/2023\\\/05\\\/logo-chateau-goutelas-bleu.png\",\"contentUrl\":\"https:\\\/\\\/www.chateaudegoutelas.fr\\\/wp-content\\\/uploads\\\/2023\\\/05\\\/logo-chateau-goutelas-bleu.png\",\"width\":1123,\"height\":327,\"caption\":\"Ch\u00e2teau de Goutelas\"},\"image\":{\"@id\":\"https:\\\/\\\/www.chateaudegoutelas.fr\\\/#\\\/schema\\\/logo\\\/image\\\/\"}}]}<\/script>\n<!-- \/ Yoast SEO plugin. -->","yoast_head_json":{"title":"Saison culturelle 2024-25 - Ch\u00e2teau de Goutelas","robots":{"index":"index","follow":"follow","max-snippet":"max-snippet:-1","max-image-preview":"max-image-preview:large","max-video-preview":"max-video-preview:-1"},"canonical":"https:\/\/www.chateaudegoutelas.fr\/en\/saison-culturelle\/","og_locale":"en_GB","og_type":"article","og_title":"Saison culturelle 2024-25 - Ch\u00e2teau de Goutelas","og_description":"Saison culturelle 2024-2025 rencontres &#038; d\u00e9bats expositions musique jeune public action culturelle \u00a9 Atelier Pers Habiter les milieux Poussons les murs et r\u00e9inventons ensemble notre monde commun ! Cette nouvelle saison culturelle nous invite \u00e0 tendre l&rsquo;oreille et ouvrir grand les yeux pour mieux d\u00e9celer les traces et les messages de celles et ceux avec [&hellip;]","og_url":"https:\/\/www.chateaudegoutelas.fr\/en\/saison-culturelle\/","og_site_name":"Ch\u00e2teau de Goutelas","article_modified_time":"2024-11-22T16:13:34+00:00","og_image":[{"width":768,"height":1097,"url":"https:\/\/www.chateaudegoutelas.fr\/wp-content\/uploads\/2024\/08\/Visuel_S2425-768x1097.png","type":"image\/png"}],"twitter_card":"summary_large_image","twitter_misc":{"Estimated reading time":"8 minutes"},"schema":{"@context":"https:\/\/schema.org","@graph":[{"@type":"WebPage","@id":"https:\/\/www.chateaudegoutelas.fr\/saison-culturelle\/","url":"https:\/\/www.chateaudegoutelas.fr\/saison-culturelle\/","name":"Saison culturelle 2024-25 - Ch\u00e2teau de Goutelas","isPartOf":{"@id":"https:\/\/www.chateaudegoutelas.fr\/#website"},"primaryImageOfPage":{"@id":"https:\/\/www.chateaudegoutelas.fr\/saison-culturelle\/#primaryimage"},"image":{"@id":"https:\/\/www.chateaudegoutelas.fr\/saison-culturelle\/#primaryimage"},"thumbnailUrl":"https:\/\/www.chateaudegoutelas.fr\/wp-content\/uploads\/2024\/08\/Visuel_S2425.png","datePublished":"2023-04-11T10:10:22+00:00","dateModified":"2024-11-22T16:13:34+00:00","breadcrumb":{"@id":"https:\/\/www.chateaudegoutelas.fr\/saison-culturelle\/#breadcrumb"},"inLanguage":"en-GB","potentialAction":[{"@type":"ReadAction","target":["https:\/\/www.chateaudegoutelas.fr\/saison-culturelle\/"]}]},{"@type":"ImageObject","inLanguage":"en-GB","@id":"https:\/\/www.chateaudegoutelas.fr\/saison-culturelle\/#primaryimage","url":"https:\/\/www.chateaudegoutelas.fr\/wp-content\/uploads\/2024\/08\/Visuel_S2425.png","contentUrl":"https:\/\/www.chateaudegoutelas.fr\/wp-content\/uploads\/2024\/08\/Visuel_S2425.png","width":1654,"height":2362},{"@type":"BreadcrumbList","@id":"https:\/\/www.chateaudegoutelas.fr\/saison-culturelle\/#breadcrumb","itemListElement":[{"@type":"ListItem","position":1,"name":"Accueil","item":"https:\/\/www.chateaudegoutelas.fr\/"},{"@type":"ListItem","position":2,"name":"Saison culturelle 2024-25"}]},{"@type":"WebSite","@id":"https:\/\/www.chateaudegoutelas.fr\/#website","url":"https:\/\/www.chateaudegoutelas.fr\/","name":"Ch\u00e2teau de Goutelas","description":"Un centre culturel de rencontre en Forez","publisher":{"@id":"https:\/\/www.chateaudegoutelas.fr\/#organization"},"potentialAction":[{"@type":"SearchAction","target":{"@type":"EntryPoint","urlTemplate":"https:\/\/www.chateaudegoutelas.fr\/?s={search_term_string}"},"query-input":{"@type":"PropertyValueSpecification","valueRequired":true,"valueName":"search_term_string"}}],"inLanguage":"en-GB"},{"@type":"Organization","@id":"https:\/\/www.chateaudegoutelas.fr\/#organization","name":"Ch\u00e2teau de Goutelas","url":"https:\/\/www.chateaudegoutelas.fr\/","logo":{"@type":"ImageObject","inLanguage":"en-GB","@id":"https:\/\/www.chateaudegoutelas.fr\/#\/schema\/logo\/image\/","url":"https:\/\/www.chateaudegoutelas.fr\/wp-content\/uploads\/2023\/05\/logo-chateau-goutelas-bleu.png","contentUrl":"https:\/\/www.chateaudegoutelas.fr\/wp-content\/uploads\/2023\/05\/logo-chateau-goutelas-bleu.png","width":1123,"height":327,"caption":"Ch\u00e2teau de Goutelas"},"image":{"@id":"https:\/\/www.chateaudegoutelas.fr\/#\/schema\/logo\/image\/"}}]}},"_links":{"self":[{"href":"https:\/\/www.chateaudegoutelas.fr\/en\/wp-json\/wp\/v2\/pages\/6031","targetHints":{"allow":["GET"]}}],"collection":[{"href":"https:\/\/www.chateaudegoutelas.fr\/en\/wp-json\/wp\/v2\/pages"}],"about":[{"href":"https:\/\/www.chateaudegoutelas.fr\/en\/wp-json\/wp\/v2\/types\/page"}],"author":[{"embeddable":true,"href":"https:\/\/www.chateaudegoutelas.fr\/en\/wp-json\/wp\/v2\/users\/8"}],"replies":[{"embeddable":true,"href":"https:\/\/www.chateaudegoutelas.fr\/en\/wp-json\/wp\/v2\/comments?post=6031"}],"version-history":[{"count":3,"href":"https:\/\/www.chateaudegoutelas.fr\/en\/wp-json\/wp\/v2\/pages\/6031\/revisions"}],"predecessor-version":[{"id":9997,"href":"https:\/\/www.chateaudegoutelas.fr\/en\/wp-json\/wp\/v2\/pages\/6031\/revisions\/9997"}],"wp:featuredmedia":[{"embeddable":true,"href":"https:\/\/www.chateaudegoutelas.fr\/en\/wp-json\/wp\/v2\/media\/9626"}],"wp:attachment":[{"href":"https:\/\/www.chateaudegoutelas.fr\/en\/wp-json\/wp\/v2\/media?parent=6031"}],"wp:term":[{"taxonomy":"category","embeddable":true,"href":"https:\/\/www.chateaudegoutelas.fr\/en\/wp-json\/wp\/v2\/categories?post=6031"},{"taxonomy":"post_tag","embeddable":true,"href":"https:\/\/www.chateaudegoutelas.fr\/en\/wp-json\/wp\/v2\/tags?post=6031"}],"curies":[{"name":"wp","href":"https:\/\/api.w.org\/{rel}","templated":true}]}}