{"id":5963,"date":"2023-04-07T10:39:16","date_gmt":"2023-04-07T08:39:16","guid":{"rendered":"https:\/\/dev.chateaudegoutelas.fr\/?page_id=5963"},"modified":"2023-09-28T18:14:33","modified_gmt":"2023-09-28T16:14:33","slug":"les-espaces","status":"publish","type":"page","link":"https:\/\/www.chateaudegoutelas.fr\/en\/seminaires-evenements\/les-espaces\/","title":{"rendered":"Les espaces"},"content":{"rendered":"<h1>\n\t\t\t\tLes espaces\n\t\t\t<\/h1>\n\t\t\t<h3>des salles modulables et atypiques<\/h3>\t\n\t\t\t<h2>Les espaces<\/h2>\t\t\t\n\t\t\t\t<h3>des salles modulables et atypiques<\/h3>\n\t<p>\u00a9 Ludovic Lino<\/p>\n\t<p>Les salles du ch\u00e2teau peuvent accueillir de 20 \u00e0 160 personnes (liste ci-dessous).<\/p>\n<p>&nbsp;<\/p>\n<p><strong>S\u00e9minaires<\/strong><\/p>\n<p>Nos salles disposent d&rsquo;un acc\u00e8s internet wifi et filaire par fibre optique.<\/p>\n<p>Nous mettons \u00e9galement \u00e0 votre disposition les \u00e9quipements suivants :<\/p>\n-\u00c9crans et vid\u00e9oprojecteurs<br \/>\n-Syst\u00e8me de visioconf\u00e9rence<br \/>\n-Sonorisation.\n<p>&nbsp;<\/p>\n<p><strong>Stages, \u00e9v\u00e9nements priv\u00e9s<\/strong><\/p>\n<p>Toutes nos salles sont polyvalentes et s&rsquo;adaptent selon vos besoins. Contactez-nous pour imaginer votre \u00e9v\u00e9nement sur mesure !<\/p>\n\t\t\t\t\t\t<h6 tabindex=\"0\">Salle des Devises<\/h6>\n<h5>SUPERFICIE\u00a0:\u00a0160 M\u00b2<\/h5>\n<h5>CAPACIT\u00c9 MINI\/MAXI\u00a0:\u00a040\/160<\/h5>\n\t\t\t\t\t\t<h6 tabindex=\"0\">Salle du Grand Juge<\/h6>\n\t\t\t<h5>SUPERFICIE\u00a0: 100 M\u00b2<\/h5>\n<h5>CAPACIT\u00c9 MINI\/MAXI\u00a0: 20\/80<\/h5>\n\t\t\t\t\t\t<h6 tabindex=\"0\">Le Pub<\/h6>\n<h5>SUPERFICIE\u00a0: 70\u00a0M\u00b2<\/h5>\n<h5>CAPACIT\u00c9 MINI\/MAXI\u00a0: 20\/60<\/h5>\n\t\t\t\t\t\t<h6 tabindex=\"0\">Le salon de musique<\/h6>\n\t\t\t<h5>SUPERFICIE\u00a0: 35 M\u00b2<\/h5>\n<h5>CAPACIT\u00c9 MINI\/MAXI\u00a0: 8\/25<\/h5>\n\t\t\t\t\t\t<h6 tabindex=\"0\">La biblioth\u00e8que<\/h6>\n\t\t\t<h5>SUPERFICIE\u00a0: 20 M\u00b2<\/h5>\n<h5>CAPACIT\u00c9 MINI\/MAXI\u00a0: 8\/20<\/h5>\n\t\t\t\t\t\t<h6 tabindex=\"0\">L&rsquo;ancienne biblioth\u00e8que<\/h6>\n\t\t\t<h5>SUPERFICIE\u00a0: 20 M\u00b2<\/h5>\n<h5>CAPACIT\u00c9 MINI\/MAXI\u00a0: 8\/20<\/h5>\n<h2>\n\t\tEt aussi\n\t<\/h2>\n\t\t<a href=\"https:\/\/www.chateaudegoutelas.fr\/en\/seminaires-evenements\/\" target=\"_self\" aria-label=\"Post Element\" rel=\"noopener\"><\/a>\t\t\n\t\t\t\t\t\t\t\t\t\t\t\t\t\t<a href=\"https:\/\/www.chateaudegoutelas.fr\/en\/seminaires-evenements\/\" target=\"_self\" title=\"S\u00e9minaires et \u00e9v\u00e9nements\" rel=\"noopener\">\n\t\t\t\t<img decoding=\"async\" src=\"https:\/\/www.chateaudegoutelas.fr\/wp-content\/uploads\/2023\/09\/DJI_0912-720x720.jpg\" alt=\"\" \/>\n\t\t\t\t<\/a>\n\t\t\t\t\t\t<h4>\n\t\t\t\t<a href=\"https:\/\/www.chateaudegoutelas.fr\/en\/seminaires-evenements\/\" title=\"S\u00e9minaires et \u00e9v\u00e9nements\" tabindex=\"0\">S\u00e9minaires et \u00e9v\u00e9nements<\/a>\t\t\t<\/h4>\n\t\t<a href=\"https:\/\/www.chateaudegoutelas.fr\/en\/seminaires-evenements\/hebergement\/\" target=\"_self\" aria-label=\"Post Element\" rel=\"noopener\"><\/a>\t\t\n\t\t\t\t\t\t\t\t\t\t\t\t\t\t<a href=\"https:\/\/www.chateaudegoutelas.fr\/en\/seminaires-evenements\/hebergement\/\" target=\"_self\" title=\"H\u00e9bergement\" rel=\"noopener\">\n\t\t\t\t<img decoding=\"async\" src=\"https:\/\/www.chateaudegoutelas.fr\/wp-content\/uploads\/2023\/09\/Chateau-Goutelas-36_credit-Ludovic-Lino-720x720.jpg\" alt=\"\" \/>\n\t\t\t\t<\/a>\n\t\t\t\t\t\t<h4>\n\t\t\t\t<a href=\"https:\/\/www.chateaudegoutelas.fr\/en\/seminaires-evenements\/hebergement\/\" title=\"H\u00e9bergement\" tabindex=\"0\">H\u00e9bergement<\/a>\t\t\t<\/h4>\n\t\t<a href=\"https:\/\/www.chateaudegoutelas.fr\/en\/seminaires-evenements\/restauration\/\" target=\"_self\" aria-label=\"Post Element\" rel=\"noopener\"><\/a>\t\t\n\t\t\t\t\t\t\t\t\t\t\t\t\t\t<a href=\"https:\/\/www.chateaudegoutelas.fr\/en\/seminaires-evenements\/restauration\/\" target=\"_self\" title=\"Restauration\" rel=\"noopener\">\n\t\t\t\t<img decoding=\"async\" src=\"https:\/\/www.chateaudegoutelas.fr\/wp-content\/uploads\/2023\/09\/DSC0798-720x720.jpg\" alt=\"\" \/>\n\t\t\t\t<\/a>\n\t\t\t\t\t\t<h4>\n\t\t\t\t<a href=\"https:\/\/www.chateaudegoutelas.fr\/en\/seminaires-evenements\/restauration\/\" title=\"Restauration\" tabindex=\"0\">Restauration<\/a>\t\t\t<\/h4>","protected":false},"excerpt":{"rendered":"<p>Les espaces des salles modulables et atypiques Les espaces des salles modulables et atypiques \u00a9 Ludovic Lino Les salles du ch\u00e2teau peuvent accueillir de 20 \u00e0 160 personnes (liste ci-dessous). &nbsp; S\u00e9minaires Nos salles disposent d&rsquo;un acc\u00e8s internet wifi et filaire par fibre optique. Nous mettons \u00e9galement \u00e0 votre disposition les \u00e9quipements suivants : -\u00c9crans [&hellip;]<\/p>\n","protected":false},"author":8,"featured_media":7858,"parent":8245,"menu_order":2,"comment_status":"closed","ping_status":"closed","template":"","meta":{"site-sidebar-layout":"no-sidebar","site-content-layout":null,"ast-site-content-layout":"full-width-container","site-content-style":"unboxed","site-sidebar-style":"unboxed","ast-global-header-display":"","ast-banner-title-visibility":"","ast-main-header-display":"","ast-hfb-above-header-display":"","ast-hfb-below-header-display":"","ast-hfb-mobile-header-display":"","site-post-title":"disabled","ast-breadcrumbs-content":null,"ast-featured-img":"disabled","footer-sml-layout":"","ast-disable-related-posts":"","theme-transparent-header-meta":"default","adv-header-id-meta":"","stick-header-meta":"default","header-above-stick-meta":null,"header-main-stick-meta":"","header-below-stick-meta":null,"astra-migrate-meta-layouts":"set","ast-page-background-enabled":"default","ast-page-background-meta":{"desktop":{"background-color":"","background-image":"","background-repeat":"repeat","background-position":"center center","background-size":"auto","background-attachment":"scroll","background-type":"","background-media":"","overlay-type":"","overlay-color":"","overlay-opacity":"","overlay-gradient":""},"tablet":{"background-color":"","background-image":"","background-repeat":"repeat","background-position":"center center","background-size":"auto","background-attachment":"scroll","background-type":"","background-media":"","overlay-type":"","overlay-color":"","overlay-opacity":"","overlay-gradient":""},"mobile":{"background-color":"","background-image":"","background-repeat":"repeat","background-position":"center center","background-size":"auto","background-attachment":"scroll","background-type":"","background-media":"","overlay-type":"","overlay-color":"","overlay-opacity":"","overlay-gradient":""}},"ast-content-background-meta":{"desktop":{"background-color":"var(--ast-global-color-5)","background-image":"","background-repeat":"repeat","background-position":"center center","background-size":"auto","background-attachment":"scroll","background-type":"","background-media":"","overlay-type":"","overlay-color":"","overlay-opacity":"","overlay-gradient":""},"tablet":{"background-color":"var(--ast-global-color-5)","background-image":"","background-repeat":"repeat","background-position":"center center","background-size":"auto","background-attachment":"scroll","background-type":"","background-media":"","overlay-type":"","overlay-color":"","overlay-opacity":"","overlay-gradient":""},"mobile":{"background-color":"var(--ast-global-color-5)","background-image":"","background-repeat":"repeat","background-position":"center center","background-size":"auto","background-attachment":"scroll","background-type":"","background-media":"","overlay-type":"","overlay-color":"","overlay-opacity":"","overlay-gradient":""}},"footnotes":""},"categories":[205],"tags":[],"class_list":["post-5963","page","type-page","status-publish","has-post-thumbnail","hentry","category-seminaires-evenements"],"yoast_head":"<!-- This site is optimized with the Yoast SEO plugin v27.5 - https:\/\/yoast.com\/product\/yoast-seo-wordpress\/ -->\n<title>Les espaces - Ch\u00e2teau de Goutelas<\/title>\n<meta name=\"robots\" content=\"index, follow, max-snippet:-1, max-image-preview:large, max-video-preview:-1\" \/>\n<link rel=\"canonical\" href=\"https:\/\/www.chateaudegoutelas.fr\/en\/seminaires-evenements\/les-espaces\/\" \/>\n<meta property=\"og:locale\" content=\"en_GB\" \/>\n<meta property=\"og:type\" content=\"article\" \/>\n<meta property=\"og:title\" content=\"Les espaces - Ch\u00e2teau de Goutelas\" \/>\n<meta property=\"og:description\" content=\"Les espaces des salles modulables et atypiques Les espaces des salles modulables et atypiques \u00a9 Ludovic Lino Les salles du ch\u00e2teau peuvent accueillir de 20 \u00e0 160 personnes (liste ci-dessous). &nbsp; S\u00e9minaires Nos salles disposent d&rsquo;un acc\u00e8s internet wifi et filaire par fibre optique. Nous mettons \u00e9galement \u00e0 votre disposition les \u00e9quipements suivants : -\u00c9crans [&hellip;]\" \/>\n<meta property=\"og:url\" content=\"https:\/\/www.chateaudegoutelas.fr\/en\/seminaires-evenements\/les-espaces\/\" \/>\n<meta property=\"og:site_name\" content=\"Ch\u00e2teau de Goutelas\" \/>\n<meta property=\"article:modified_time\" content=\"2023-09-28T16:14:33+00:00\" \/>\n<meta property=\"og:image\" content=\"https:\/\/www.chateaudegoutelas.fr\/wp-content\/uploads\/2023\/09\/Chateau-Goutelas-41-scaled.jpg\" \/>\n\t<meta property=\"og:image:width\" content=\"2560\" \/>\n\t<meta property=\"og:image:height\" content=\"1707\" \/>\n\t<meta property=\"og:image:type\" content=\"image\/jpeg\" \/>\n<meta name=\"twitter:card\" content=\"summary_large_image\" \/>\n<meta name=\"twitter:label1\" content=\"Estimated reading time\" \/>\n\t<meta name=\"twitter:data1\" content=\"2 minutes\" \/>\n<script type=\"application\/ld+json\" class=\"yoast-schema-graph\">{\"@context\":\"https:\\\/\\\/schema.org\",\"@graph\":[{\"@type\":\"WebPage\",\"@id\":\"https:\\\/\\\/www.chateaudegoutelas.fr\\\/seminaires-evenements\\\/les-espaces\\\/\",\"url\":\"https:\\\/\\\/www.chateaudegoutelas.fr\\\/seminaires-evenements\\\/les-espaces\\\/\",\"name\":\"Les espaces - Ch\u00e2teau de Goutelas\",\"isPartOf\":{\"@id\":\"https:\\\/\\\/www.chateaudegoutelas.fr\\\/#website\"},\"primaryImageOfPage\":{\"@id\":\"https:\\\/\\\/www.chateaudegoutelas.fr\\\/seminaires-evenements\\\/les-espaces\\\/#primaryimage\"},\"image\":{\"@id\":\"https:\\\/\\\/www.chateaudegoutelas.fr\\\/seminaires-evenements\\\/les-espaces\\\/#primaryimage\"},\"thumbnailUrl\":\"https:\\\/\\\/www.chateaudegoutelas.fr\\\/wp-content\\\/uploads\\\/2023\\\/09\\\/Chateau-Goutelas-41-scaled.jpg\",\"datePublished\":\"2023-04-07T08:39:16+00:00\",\"dateModified\":\"2023-09-28T16:14:33+00:00\",\"breadcrumb\":{\"@id\":\"https:\\\/\\\/www.chateaudegoutelas.fr\\\/seminaires-evenements\\\/les-espaces\\\/#breadcrumb\"},\"inLanguage\":\"en-GB\",\"potentialAction\":[{\"@type\":\"ReadAction\",\"target\":[\"https:\\\/\\\/www.chateaudegoutelas.fr\\\/seminaires-evenements\\\/les-espaces\\\/\"]}]},{\"@type\":\"ImageObject\",\"inLanguage\":\"en-GB\",\"@id\":\"https:\\\/\\\/www.chateaudegoutelas.fr\\\/seminaires-evenements\\\/les-espaces\\\/#primaryimage\",\"url\":\"https:\\\/\\\/www.chateaudegoutelas.fr\\\/wp-content\\\/uploads\\\/2023\\\/09\\\/Chateau-Goutelas-41-scaled.jpg\",\"contentUrl\":\"https:\\\/\\\/www.chateaudegoutelas.fr\\\/wp-content\\\/uploads\\\/2023\\\/09\\\/Chateau-Goutelas-41-scaled.jpg\",\"width\":2560,\"height\":1707},{\"@type\":\"BreadcrumbList\",\"@id\":\"https:\\\/\\\/www.chateaudegoutelas.fr\\\/seminaires-evenements\\\/les-espaces\\\/#breadcrumb\",\"itemListElement\":[{\"@type\":\"ListItem\",\"position\":1,\"name\":\"Accueil\",\"item\":\"https:\\\/\\\/www.chateaudegoutelas.fr\\\/\"},{\"@type\":\"ListItem\",\"position\":2,\"name\":\"S\u00e9minaires et \u00e9v\u00e9nements\",\"item\":\"https:\\\/\\\/www.chateaudegoutelas.fr\\\/seminaires-evenements\\\/\"},{\"@type\":\"ListItem\",\"position\":3,\"name\":\"Les espaces\"}]},{\"@type\":\"WebSite\",\"@id\":\"https:\\\/\\\/www.chateaudegoutelas.fr\\\/#website\",\"url\":\"https:\\\/\\\/www.chateaudegoutelas.fr\\\/\",\"name\":\"Ch\u00e2teau de Goutelas\",\"description\":\"Un centre culturel de rencontre en Forez\",\"publisher\":{\"@id\":\"https:\\\/\\\/www.chateaudegoutelas.fr\\\/#organization\"},\"potentialAction\":[{\"@type\":\"SearchAction\",\"target\":{\"@type\":\"EntryPoint\",\"urlTemplate\":\"https:\\\/\\\/www.chateaudegoutelas.fr\\\/?s={search_term_string}\"},\"query-input\":{\"@type\":\"PropertyValueSpecification\",\"valueRequired\":true,\"valueName\":\"search_term_string\"}}],\"inLanguage\":\"en-GB\"},{\"@type\":\"Organization\",\"@id\":\"https:\\\/\\\/www.chateaudegoutelas.fr\\\/#organization\",\"name\":\"Ch\u00e2teau de Goutelas\",\"url\":\"https:\\\/\\\/www.chateaudegoutelas.fr\\\/\",\"logo\":{\"@type\":\"ImageObject\",\"inLanguage\":\"en-GB\",\"@id\":\"https:\\\/\\\/www.chateaudegoutelas.fr\\\/#\\\/schema\\\/logo\\\/image\\\/\",\"url\":\"https:\\\/\\\/www.chateaudegoutelas.fr\\\/wp-content\\\/uploads\\\/2023\\\/05\\\/logo-chateau-goutelas-bleu.png\",\"contentUrl\":\"https:\\\/\\\/www.chateaudegoutelas.fr\\\/wp-content\\\/uploads\\\/2023\\\/05\\\/logo-chateau-goutelas-bleu.png\",\"width\":1123,\"height\":327,\"caption\":\"Ch\u00e2teau de Goutelas\"},\"image\":{\"@id\":\"https:\\\/\\\/www.chateaudegoutelas.fr\\\/#\\\/schema\\\/logo\\\/image\\\/\"}}]}<\/script>\n<!-- \/ Yoast SEO plugin. -->","yoast_head_json":{"title":"Les espaces - Ch\u00e2teau de Goutelas","robots":{"index":"index","follow":"follow","max-snippet":"max-snippet:-1","max-image-preview":"max-image-preview:large","max-video-preview":"max-video-preview:-1"},"canonical":"https:\/\/www.chateaudegoutelas.fr\/en\/seminaires-evenements\/les-espaces\/","og_locale":"en_GB","og_type":"article","og_title":"Les espaces - Ch\u00e2teau de Goutelas","og_description":"Les espaces des salles modulables et atypiques Les espaces des salles modulables et atypiques \u00a9 Ludovic Lino Les salles du ch\u00e2teau peuvent accueillir de 20 \u00e0 160 personnes (liste ci-dessous). &nbsp; S\u00e9minaires Nos salles disposent d&rsquo;un acc\u00e8s internet wifi et filaire par fibre optique. Nous mettons \u00e9galement \u00e0 votre disposition les \u00e9quipements suivants : -\u00c9crans [&hellip;]","og_url":"https:\/\/www.chateaudegoutelas.fr\/en\/seminaires-evenements\/les-espaces\/","og_site_name":"Ch\u00e2teau de Goutelas","article_modified_time":"2023-09-28T16:14:33+00:00","og_image":[{"width":2560,"height":1707,"url":"https:\/\/www.chateaudegoutelas.fr\/wp-content\/uploads\/2023\/09\/Chateau-Goutelas-41-scaled.jpg","type":"image\/jpeg"}],"twitter_card":"summary_large_image","twitter_misc":{"Estimated reading time":"2 minutes"},"schema":{"@context":"https:\/\/schema.org","@graph":[{"@type":"WebPage","@id":"https:\/\/www.chateaudegoutelas.fr\/seminaires-evenements\/les-espaces\/","url":"https:\/\/www.chateaudegoutelas.fr\/seminaires-evenements\/les-espaces\/","name":"Les espaces - Ch\u00e2teau de Goutelas","isPartOf":{"@id":"https:\/\/www.chateaudegoutelas.fr\/#website"},"primaryImageOfPage":{"@id":"https:\/\/www.chateaudegoutelas.fr\/seminaires-evenements\/les-espaces\/#primaryimage"},"image":{"@id":"https:\/\/www.chateaudegoutelas.fr\/seminaires-evenements\/les-espaces\/#primaryimage"},"thumbnailUrl":"https:\/\/www.chateaudegoutelas.fr\/wp-content\/uploads\/2023\/09\/Chateau-Goutelas-41-scaled.jpg","datePublished":"2023-04-07T08:39:16+00:00","dateModified":"2023-09-28T16:14:33+00:00","breadcrumb":{"@id":"https:\/\/www.chateaudegoutelas.fr\/seminaires-evenements\/les-espaces\/#breadcrumb"},"inLanguage":"en-GB","potentialAction":[{"@type":"ReadAction","target":["https:\/\/www.chateaudegoutelas.fr\/seminaires-evenements\/les-espaces\/"]}]},{"@type":"ImageObject","inLanguage":"en-GB","@id":"https:\/\/www.chateaudegoutelas.fr\/seminaires-evenements\/les-espaces\/#primaryimage","url":"https:\/\/www.chateaudegoutelas.fr\/wp-content\/uploads\/2023\/09\/Chateau-Goutelas-41-scaled.jpg","contentUrl":"https:\/\/www.chateaudegoutelas.fr\/wp-content\/uploads\/2023\/09\/Chateau-Goutelas-41-scaled.jpg","width":2560,"height":1707},{"@type":"BreadcrumbList","@id":"https:\/\/www.chateaudegoutelas.fr\/seminaires-evenements\/les-espaces\/#breadcrumb","itemListElement":[{"@type":"ListItem","position":1,"name":"Accueil","item":"https:\/\/www.chateaudegoutelas.fr\/"},{"@type":"ListItem","position":2,"name":"S\u00e9minaires et \u00e9v\u00e9nements","item":"https:\/\/www.chateaudegoutelas.fr\/seminaires-evenements\/"},{"@type":"ListItem","position":3,"name":"Les espaces"}]},{"@type":"WebSite","@id":"https:\/\/www.chateaudegoutelas.fr\/#website","url":"https:\/\/www.chateaudegoutelas.fr\/","name":"Ch\u00e2teau de Goutelas","description":"Un centre culturel de rencontre en Forez","publisher":{"@id":"https:\/\/www.chateaudegoutelas.fr\/#organization"},"potentialAction":[{"@type":"SearchAction","target":{"@type":"EntryPoint","urlTemplate":"https:\/\/www.chateaudegoutelas.fr\/?s={search_term_string}"},"query-input":{"@type":"PropertyValueSpecification","valueRequired":true,"valueName":"search_term_string"}}],"inLanguage":"en-GB"},{"@type":"Organization","@id":"https:\/\/www.chateaudegoutelas.fr\/#organization","name":"Ch\u00e2teau de Goutelas","url":"https:\/\/www.chateaudegoutelas.fr\/","logo":{"@type":"ImageObject","inLanguage":"en-GB","@id":"https:\/\/www.chateaudegoutelas.fr\/#\/schema\/logo\/image\/","url":"https:\/\/www.chateaudegoutelas.fr\/wp-content\/uploads\/2023\/05\/logo-chateau-goutelas-bleu.png","contentUrl":"https:\/\/www.chateaudegoutelas.fr\/wp-content\/uploads\/2023\/05\/logo-chateau-goutelas-bleu.png","width":1123,"height":327,"caption":"Ch\u00e2teau de Goutelas"},"image":{"@id":"https:\/\/www.chateaudegoutelas.fr\/#\/schema\/logo\/image\/"}}]}},"_links":{"self":[{"href":"https:\/\/www.chateaudegoutelas.fr\/en\/wp-json\/wp\/v2\/pages\/5963","targetHints":{"allow":["GET"]}}],"collection":[{"href":"https:\/\/www.chateaudegoutelas.fr\/en\/wp-json\/wp\/v2\/pages"}],"about":[{"href":"https:\/\/www.chateaudegoutelas.fr\/en\/wp-json\/wp\/v2\/types\/page"}],"author":[{"embeddable":true,"href":"https:\/\/www.chateaudegoutelas.fr\/en\/wp-json\/wp\/v2\/users\/8"}],"replies":[{"embeddable":true,"href":"https:\/\/www.chateaudegoutelas.fr\/en\/wp-json\/wp\/v2\/comments?post=5963"}],"version-history":[{"count":3,"href":"https:\/\/www.chateaudegoutelas.fr\/en\/wp-json\/wp\/v2\/pages\/5963\/revisions"}],"predecessor-version":[{"id":8666,"href":"https:\/\/www.chateaudegoutelas.fr\/en\/wp-json\/wp\/v2\/pages\/5963\/revisions\/8666"}],"up":[{"embeddable":true,"href":"https:\/\/www.chateaudegoutelas.fr\/en\/wp-json\/wp\/v2\/pages\/8245"}],"wp:featuredmedia":[{"embeddable":true,"href":"https:\/\/www.chateaudegoutelas.fr\/en\/wp-json\/wp\/v2\/media\/7858"}],"wp:attachment":[{"href":"https:\/\/www.chateaudegoutelas.fr\/en\/wp-json\/wp\/v2\/media?parent=5963"}],"wp:term":[{"taxonomy":"category","embeddable":true,"href":"https:\/\/www.chateaudegoutelas.fr\/en\/wp-json\/wp\/v2\/categories?post=5963"},{"taxonomy":"post_tag","embeddable":true,"href":"https:\/\/www.chateaudegoutelas.fr\/en\/wp-json\/wp\/v2\/tags?post=5963"}],"curies":[{"name":"wp","href":"https:\/\/api.w.org\/{rel}","templated":true}]}}