{"id":5892,"date":"2023-04-06T13:31:26","date_gmt":"2023-04-06T11:31:26","guid":{"rendered":"https:\/\/dev.chateaudegoutelas.fr\/?page_id=5892"},"modified":"2023-10-26T17:43:08","modified_gmt":"2023-10-26T15:43:08","slug":"artistes-et-juristes-en-residence","status":"publish","type":"page","link":"https:\/\/www.chateaudegoutelas.fr\/en\/residences\/artistes-et-juristes-en-residence\/","title":{"rendered":"Portraits des r\u00e9sident.e.s"},"content":{"rendered":"<img loading=\"lazy\" decoding=\"async\" src=\"https:\/\/www.chateaudegoutelas.fr\/wp-content\/uploads\/2023\/10\/gimmick_2.png\" alt=\"gimmick_2\" itemprop=\"image\" height=\"350\" width=\"350\" title=\"gimmick_2\" onerror=\"this.style.display='none'\"  \/>\n\t\t\t<h2>portraits des r\u00e9sident\u00b7e\u00b7s<\/h2>\t\t\t\n\t\t<a href=\"https:\/\/www.chateaudegoutelas.fr\/en\/artiste\/kainana-ramadani-azani-v-ebengou\/\" target=\"_self\" aria-label=\"Post Element\" rel=\"noopener\"><\/a>\t\t\n\t\t\t\t\t\t\t\t\t\t\t\t\t\t<a href=\"https:\/\/www.chateaudegoutelas.fr\/en\/artiste\/kainana-ramadani-azani-v-ebengou\/\" target=\"_self\" title=\"Ka\u00efnana Ramadani et Azani V. Ebengou &#8211; Cie Les pleureuses de feu\" rel=\"noopener\">\n\t\t\t\t<img decoding=\"async\" src=\"https:\/\/www.chateaudegoutelas.fr\/wp-content\/uploads\/2023\/10\/Freda_Lou-Morel_claire_carre-720x720.jpeg\" alt=\"\" \/>\n\t\t\t\t<\/a>\n\t\t\t\t\t\t<h4>\n\t\t\t\t<a href=\"https:\/\/www.chateaudegoutelas.fr\/en\/artiste\/kainana-ramadani-azani-v-ebengou\/\" title=\"Ka\u00efnana Ramadani et Azani V. Ebengou &#8211; Cie Les pleureuses de feu\" tabindex=\"0\">Ka\u00efnana Ramadani et Azani V. Ebengou &#8211; Cie Les pleureuses de feu<\/a>\t\t\t<\/h4>\n\t\t\t\t\t\t\t\tOctobre 2023\n\t\t<a href=\"https:\/\/www.chateaudegoutelas.fr\/en\/artiste\/mahmoud-elhaddad-nermin-habib\/\" target=\"_self\" aria-label=\"Post Element\" rel=\"noopener\"><\/a>\t\t\n\t\t\t\t\t\t\t\t\t\t\t\t\t\t<a href=\"https:\/\/www.chateaudegoutelas.fr\/en\/artiste\/mahmoud-elhaddad-nermin-habib\/\" target=\"_self\" title=\"Mahmoud El Haddad et Nermin Habib\" rel=\"noopener\">\n\t\t\t\t<img decoding=\"async\" src=\"https:\/\/www.chateaudegoutelas.fr\/wp-content\/uploads\/2023\/10\/soulo_2-1-720x600.jpg\" alt=\"\" \/>\n\t\t\t\t<\/a>\n\t\t\t\t\t\t<h4>\n\t\t\t\t<a href=\"https:\/\/www.chateaudegoutelas.fr\/en\/artiste\/mahmoud-elhaddad-nermin-habib\/\" title=\"Mahmoud El Haddad et Nermin Habib\" tabindex=\"0\">Mahmoud El Haddad et Nermin Habib<\/a>\t\t\t<\/h4>\n\t\t\t\t\t\t\t\tNovembre 2023\n\t\t<a href=\"https:\/\/www.chateaudegoutelas.fr\/en\/artiste\/modele-artiste\/\" target=\"_self\" aria-label=\"Post Element\" rel=\"noopener\"><\/a>\t\t\n\t\t\t\t\t\t\t\t\t\t\t\t\t\t<a href=\"https:\/\/www.chateaudegoutelas.fr\/en\/artiste\/modele-artiste\/\" target=\"_self\" title=\"Priv\u00e9\u00a0: Mod\u00e8le d&rsquo;artiste\" rel=\"noopener\">\n\t\t\t\t<img decoding=\"async\" src=\"https:\/\/www.chateaudegoutelas.fr\/wp-content\/uploads\/2023\/05\/blank-600x600.jpg\" alt=\"\" \/>\n\t\t\t\t<\/a>\n\t\t\t\t\t\t<h4>\n\t\t\t\t<a href=\"https:\/\/www.chateaudegoutelas.fr\/en\/artiste\/modele-artiste\/\" title=\"Priv\u00e9\u00a0: Mod\u00e8le d&rsquo;artiste\" tabindex=\"0\">Priv\u00e9\u00a0: Mod\u00e8le d&rsquo;artiste<\/a>\t\t\t<\/h4>\n\t\t\t\t\t\t\t\tdates de r\u00e9sidence\n\t\t\t\t<img loading=\"lazy\" decoding=\"async\" src=\"https:\/\/www.chateaudegoutelas.fr\/wp-content\/uploads\/2023\/10\/gimmick_4.png\" alt=\"gimmick_4\" itemprop=\"image\" height=\"1458\" width=\"1458\" title=\"gimmick_4\" onerror=\"this.style.display='none'\"  \/>\n\t\t\t<h2>r\u00e9sidences pass\u00e9es<\/h2>\t\t\t\n<ul><li data-filter=\"*\">Tous<\/li><li data-filter=\".uabb-masonary-cat-306\" tabindex=\"0\">home<\/li><\/ul>\n\t\t<a href=\"https:\/\/www.chateaudegoutelas.fr\/en\/artiste\/residence-adamas-2023\/\" target=\"_self\" aria-label=\"Post Element\" rel=\"noopener\"><\/a>\t\t\n\t\t\t\t\t\t\t\t\t\t\t\t\t\t<a href=\"https:\/\/www.chateaudegoutelas.fr\/en\/artiste\/residence-adamas-2023\/\" target=\"_self\" title=\"R\u00e9sidence Adamas 2023\" rel=\"noopener\">\n\t\t\t\t<img decoding=\"async\" src=\"https:\/\/www.chateaudegoutelas.fr\/wp-content\/uploads\/2023\/09\/DSC0070-720x720.jpg\" alt=\"\" \/>\n\t\t\t\t<\/a>\n\t\t\t\t\t\t<h4>\n\t\t\t\t<a href=\"https:\/\/www.chateaudegoutelas.fr\/en\/artiste\/residence-adamas-2023\/\" title=\"R\u00e9sidence Adamas 2023\" tabindex=\"0\">R\u00e9sidence Adamas 2023<\/a>\t\t\t<\/h4>\n\t\t<a href=\"https:\/\/www.chateaudegoutelas.fr\/en\/artiste\/arnaud-theval-et-alain-kerlan\/\" target=\"_self\" aria-label=\"Post Element\" rel=\"noopener\"><\/a>\t\t\n\t\t\t\t\t\t\t\t\t\t\t\t\t\t<a href=\"https:\/\/www.chateaudegoutelas.fr\/en\/artiste\/arnaud-theval-et-alain-kerlan\/\" target=\"_self\" title=\"Arnaud Th\u00e9val et Alain Kerlan\" rel=\"noopener\">\n\t\t\t\t<img decoding=\"async\" src=\"https:\/\/www.chateaudegoutelas.fr\/wp-content\/uploads\/2023\/09\/A-Theval-720x720.jpg\" alt=\"\" \/>\n\t\t\t\t<\/a>\n\t\t\t\t\t\t<h4>\n\t\t\t\t<a href=\"https:\/\/www.chateaudegoutelas.fr\/en\/artiste\/arnaud-theval-et-alain-kerlan\/\" title=\"Arnaud Th\u00e9val et Alain Kerlan\" tabindex=\"0\">Arnaud Th\u00e9val et Alain Kerlan<\/a>\t\t\t<\/h4>\n\t\t<a href=\"https:\/\/www.chateaudegoutelas.fr\/en\/artiste\/augustin-gridel\/\" target=\"_self\" aria-label=\"Post Element\" rel=\"noopener\"><\/a>\t\t\n\t\t\t\t\t\t\t\t\t\t\t\t\t\t<a href=\"https:\/\/www.chateaudegoutelas.fr\/en\/artiste\/augustin-gridel\/\" target=\"_self\" title=\"Augustin Gridel\" rel=\"noopener\">\n\t\t\t\t<img decoding=\"async\" src=\"https:\/\/www.chateaudegoutelas.fr\/wp-content\/uploads\/2023\/09\/DSC0110-scaled-e1695285955550-720x720.jpg\" alt=\"\" \/>\n\t\t\t\t<\/a>\n\t\t\t\t\t\t<h4>\n\t\t\t\t<a href=\"https:\/\/www.chateaudegoutelas.fr\/en\/artiste\/augustin-gridel\/\" title=\"Augustin Gridel\" tabindex=\"0\">Augustin Gridel<\/a>\t\t\t<\/h4>\n\t\t<a href=\"https:\/\/www.chateaudegoutelas.fr\/en\/artiste\/mathieu-carniama\/\" target=\"_self\" aria-label=\"Post Element\" rel=\"noopener\"><\/a>\t\t\n\t\t\t\t\t\t\t\t\t\t\t\t\t\t<a href=\"https:\/\/www.chateaudegoutelas.fr\/en\/artiste\/mathieu-carniama\/\" target=\"_self\" title=\"Mathieu Carniama\" rel=\"noopener\">\n\t\t\t\t<img decoding=\"async\" src=\"https:\/\/www.chateaudegoutelas.fr\/wp-content\/uploads\/2023\/09\/MAthieu-Carniama-720x720.jpg\" alt=\"\" \/>\n\t\t\t\t<\/a>\n\t\t\t\t\t\t<h4>\n\t\t\t\t<a href=\"https:\/\/www.chateaudegoutelas.fr\/en\/artiste\/mathieu-carniama\/\" title=\"Mathieu Carniama\" tabindex=\"0\">Mathieu Carniama<\/a>\t\t\t<\/h4>\n\t\t<a href=\"https:\/\/www.chateaudegoutelas.fr\/en\/artiste\/garance-navarro-uge\/\" target=\"_self\" aria-label=\"Post Element\" rel=\"noopener\"><\/a>\t\t\n\t\t\t\t\t\t\t\t\t\t\t\t\t\t<a href=\"https:\/\/www.chateaudegoutelas.fr\/en\/artiste\/garance-navarro-uge\/\" target=\"_self\" title=\"Garance Navarro-Ug\u00e9\" rel=\"noopener\">\n\t\t\t\t<img decoding=\"async\" src=\"https:\/\/www.chateaudegoutelas.fr\/wp-content\/uploads\/2023\/09\/Capture-decran-2023-09-10-153421.jpg\" alt=\"\" \/>\n\t\t\t\t<\/a>\n\t\t\t\t\t\t<h4>\n\t\t\t\t<a href=\"https:\/\/www.chateaudegoutelas.fr\/en\/artiste\/garance-navarro-uge\/\" title=\"Garance Navarro-Ug\u00e9\" tabindex=\"0\">Garance Navarro-Ug\u00e9<\/a>\t\t\t<\/h4>\n\t\t<a href=\"https:\/\/www.chateaudegoutelas.fr\/en\/artiste\/marie_wilmet\/\" target=\"_self\" aria-label=\"Post Element\" rel=\"noopener\"><\/a>\t\t\n\t\t\t\t\t\t\t\t\t\t\t\t\t\t<a href=\"https:\/\/www.chateaudegoutelas.fr\/en\/artiste\/marie_wilmet\/\" target=\"_self\" title=\"Marie Wilmet\" rel=\"noopener\">\n\t\t\t\t<img decoding=\"async\" src=\"https:\/\/www.chateaudegoutelas.fr\/wp-content\/uploads\/2023\/09\/Photo-Marie-Wilmet-720x720.jpg\" alt=\"\" \/>\n\t\t\t\t<\/a>\n\t\t\t\t\t\t<h4>\n\t\t\t\t<a href=\"https:\/\/www.chateaudegoutelas.fr\/en\/artiste\/marie_wilmet\/\" title=\"Marie Wilmet\" tabindex=\"0\">Marie Wilmet<\/a>\t\t\t<\/h4>\n\t\t<a href=\"https:\/\/www.chateaudegoutelas.fr\/en\/artiste\/catalina-jaramillo\/\" target=\"_self\" aria-label=\"Post Element\" rel=\"noopener\"><\/a>\t\t\n\t\t\t\t\t\t\t\t\t\t\t\t\t\t<a href=\"https:\/\/www.chateaudegoutelas.fr\/en\/artiste\/catalina-jaramillo\/\" target=\"_self\" title=\"Catalina Jaramillo\" rel=\"noopener\">\n\t\t\t\t<img decoding=\"async\" src=\"https:\/\/www.chateaudegoutelas.fr\/wp-content\/uploads\/2023\/05\/catalina-jaramillo-credit-catalina-jaramillo-min-600x600.jpg\" alt=\"\" \/>\n\t\t\t\t<\/a>\n\t\t\t\t\t\t<h4>\n\t\t\t\t<a href=\"https:\/\/www.chateaudegoutelas.fr\/en\/artiste\/catalina-jaramillo\/\" title=\"Catalina Jaramillo\" tabindex=\"0\">Catalina Jaramillo<\/a>\t\t\t<\/h4>\n\t\t<a href=\"https:\/\/www.chateaudegoutelas.fr\/en\/artiste\/maria-luisa-usai\/\" target=\"_self\" aria-label=\"Post Element\" rel=\"noopener\"><\/a>\t\t\n\t\t\t\t\t\t\t\t\t\t\t\t\t\t<a href=\"https:\/\/www.chateaudegoutelas.fr\/en\/artiste\/maria-luisa-usai\/\" target=\"_self\" title=\"Maria Luisa Usai\" rel=\"noopener\">\n\t\t\t\t<img decoding=\"async\" src=\"https:\/\/www.chateaudegoutelas.fr\/wp-content\/uploads\/2023\/05\/maria-luisa-usai-credit-Gabriel-Berretta-min-600x600.jpg\" alt=\"\" \/>\n\t\t\t\t<\/a>\n\t\t\t\t\t\t<h4>\n\t\t\t\t<a href=\"https:\/\/www.chateaudegoutelas.fr\/en\/artiste\/maria-luisa-usai\/\" title=\"Maria Luisa Usai\" tabindex=\"0\">Maria Luisa Usai<\/a>\t\t\t<\/h4>\n\t\t<a href=\"https:\/\/www.chateaudegoutelas.fr\/en\/artiste\/marjolaine-turpin\/\" target=\"_self\" aria-label=\"Post Element\" rel=\"noopener\"><\/a>\t\t\n\t\t\t\t\t\t\t\t\t\t\t\t\t\t<a href=\"https:\/\/www.chateaudegoutelas.fr\/en\/artiste\/marjolaine-turpin\/\" target=\"_self\" title=\"Marjolaine Turpin\" rel=\"noopener\">\n\t\t\t\t<img decoding=\"async\" src=\"https:\/\/www.chateaudegoutelas.fr\/wp-content\/uploads\/2023\/03\/Marjolaine-Turpin_paysage-2048x1537-1-600x600.jpg\" alt=\"\" \/>\n\t\t\t\t<\/a>\n\t\t\t\t\t\t<h4>\n\t\t\t\t<a href=\"https:\/\/www.chateaudegoutelas.fr\/en\/artiste\/marjolaine-turpin\/\" title=\"Marjolaine Turpin\" tabindex=\"0\">Marjolaine Turpin<\/a>\t\t\t<\/h4>\n\t\t<a href=\"https:\/\/www.chateaudegoutelas.fr\/en\/artiste\/sarah-laaroussi\/\" target=\"_self\" aria-label=\"Post Element\" rel=\"noopener\"><\/a>\t\t\n\t\t\t\t\t\t\t\t\t\t\t\t\t\t<a href=\"https:\/\/www.chateaudegoutelas.fr\/en\/artiste\/sarah-laaroussi\/\" target=\"_self\" title=\"Sarah Laaroussi\" rel=\"noopener\">\n\t\t\t\t<img decoding=\"async\" src=\"https:\/\/www.chateaudegoutelas.fr\/wp-content\/uploads\/2023\/03\/Sarah-Laaroussi_credit-Perrine-Geliot-min-2048x1044-1-600x600.jpg\" alt=\"\" \/>\n\t\t\t\t<\/a>\n\t\t\t\t\t\t<h4>\n\t\t\t\t<a href=\"https:\/\/www.chateaudegoutelas.fr\/en\/artiste\/sarah-laaroussi\/\" title=\"Sarah Laaroussi\" tabindex=\"0\">Sarah Laaroussi<\/a>\t\t\t<\/h4>\n\t\t<a href=\"https:\/\/www.chateaudegoutelas.fr\/en\/artiste\/trio-l\/\" target=\"_self\" aria-label=\"Post Element\" rel=\"noopener\"><\/a>\t\t\n\t\t\t\t\t\t\t\t\t\t\t\t\t\t<a href=\"https:\/\/www.chateaudegoutelas.fr\/en\/artiste\/trio-l\/\" target=\"_self\" title=\"Trio L\" rel=\"noopener\">\n\t\t\t\t<img decoding=\"async\" src=\"https:\/\/www.chateaudegoutelas.fr\/wp-content\/uploads\/2023\/03\/Trio-L_credit-Remy-Perrin-min-2048x1363-1-600x600.jpg\" alt=\"\" \/>\n\t\t\t\t<\/a>\n\t\t\t\t\t\t<h4>\n\t\t\t\t<a href=\"https:\/\/www.chateaudegoutelas.fr\/en\/artiste\/trio-l\/\" title=\"Trio L\" tabindex=\"0\">Trio L<\/a>\t\t\t<\/h4>\n\t\t<a href=\"https:\/\/www.chateaudegoutelas.fr\/en\/artiste\/novembre-artistes-en-residence-remede-a-la-solastalgie\/\" target=\"_self\" aria-label=\"Post Element\" rel=\"noopener\"><\/a>\t\t\n\t\t\t\t\t\t\t\t\t\t\t\t\t\t<a href=\"https:\/\/www.chateaudegoutelas.fr\/en\/artiste\/novembre-artistes-en-residence-remede-a-la-solastalgie\/\" target=\"_self\" title=\"Rem\u00e8de \u00e0 la solastalgie\" rel=\"noopener\">\n\t\t\t\t<img decoding=\"async\" src=\"https:\/\/www.chateaudegoutelas.fr\/wp-content\/uploads\/2022\/10\/solastalgie-credit-DR-min-600x600.jpg\" alt=\"\" \/>\n\t\t\t\t<\/a>\n\t\t\t\t\t\t<h4>\n\t\t\t\t<a href=\"https:\/\/www.chateaudegoutelas.fr\/en\/artiste\/novembre-artistes-en-residence-remede-a-la-solastalgie\/\" title=\"Rem\u00e8de \u00e0 la solastalgie\" tabindex=\"0\">Rem\u00e8de \u00e0 la solastalgie<\/a>\t\t\t<\/h4>\n\t\t<a href=\"https:\/\/www.chateaudegoutelas.fr\/en\/artiste\/novembre-artiste-en-residence-frida\/\" target=\"_self\" aria-label=\"Post Element\" rel=\"noopener\"><\/a>\t\t\n\t\t\t\t\t\t\t\t\t\t\t\t\t\t<a href=\"https:\/\/www.chateaudegoutelas.fr\/en\/artiste\/novembre-artiste-en-residence-frida\/\" target=\"_self\" title=\"Frida\" rel=\"noopener\">\n\t\t\t\t<img decoding=\"async\" src=\"https:\/\/www.chateaudegoutelas.fr\/wp-content\/uploads\/2022\/10\/frida-bw-landcape-photo-credit-benno-hunziker-min-600x600.jpeg\" alt=\"\" \/>\n\t\t\t\t<\/a>\n\t\t\t\t\t\t<h4>\n\t\t\t\t<a href=\"https:\/\/www.chateaudegoutelas.fr\/en\/artiste\/novembre-artiste-en-residence-frida\/\" title=\"Frida\" tabindex=\"0\">Frida<\/a>\t\t\t<\/h4>\n\t\t<a href=\"https:\/\/www.chateaudegoutelas.fr\/en\/artiste\/novembre-artistes-en-residence-quentin-nedelcu-et-remi-cortial\/\" target=\"_self\" aria-label=\"Post Element\" rel=\"noopener\"><\/a>\t\t\n\t\t\t\t\t\t\t\t\t\t\t\t\t\t<a href=\"https:\/\/www.chateaudegoutelas.fr\/en\/artiste\/novembre-artistes-en-residence-quentin-nedelcu-et-remi-cortial\/\" target=\"_self\" title=\"Quentin Nedelcu et R\u00e9mi Cortial\" rel=\"noopener\">\n\t\t\t\t<img decoding=\"async\" src=\"https:\/\/www.chateaudegoutelas.fr\/wp-content\/uploads\/2022\/10\/rosa-dos-ventos-credit-Andre-Lins-min-600x600.jpg\" alt=\"\" \/>\n\t\t\t\t<\/a>\n\t\t\t\t\t\t<h4>\n\t\t\t\t<a href=\"https:\/\/www.chateaudegoutelas.fr\/en\/artiste\/novembre-artistes-en-residence-quentin-nedelcu-et-remi-cortial\/\" title=\"Quentin Nedelcu et R\u00e9mi Cortial\" tabindex=\"0\">Quentin Nedelcu et R\u00e9mi Cortial<\/a>\t\t\t<\/h4>\n\t\t<a href=\"https:\/\/www.chateaudegoutelas.fr\/en\/artiste\/novembre-artiste-en-residence-omar-thek-zeroual\/\" target=\"_self\" aria-label=\"Post Element\" rel=\"noopener\"><\/a>\t\t\n\t\t\t\t\t\t\t\t\t\t\t\t\t\t<a href=\"https:\/\/www.chateaudegoutelas.fr\/en\/artiste\/novembre-artiste-en-residence-omar-thek-zeroual\/\" target=\"_self\" title=\"ramo\" rel=\"noopener\">\n\t\t\t\t<img decoding=\"async\" src=\"https:\/\/www.chateaudegoutelas.fr\/wp-content\/uploads\/2022\/10\/Omar-Thek-Zeroual-credit-Kamila-Stanley-min-600x600.jpg\" alt=\"\" \/>\n\t\t\t\t<\/a>\n\t\t\t\t\t\t<h4>\n\t\t\t\t<a href=\"https:\/\/www.chateaudegoutelas.fr\/en\/artiste\/novembre-artiste-en-residence-omar-thek-zeroual\/\" title=\"ramo\" tabindex=\"0\">ramo<\/a>\t\t\t<\/h4>\n\t\t\t<a href=\"https:\/\/www.chateaudegoutelas.fr\/en\/archives\/archives-artistes-juristes\/\" target=\"_self\" role=\"button\" aria-label=\"toutes les archives\" rel=\"noopener\">\n\t\t\t\t\t\t\ttoutes les archives\n\t\t<\/a>","protected":false},"excerpt":{"rendered":"<p>portraits des r\u00e9sident\u00b7e\u00b7s Ka\u00efnana Ramadani et Azani V. Ebengou &#8211; Cie Les pleureuses de feu Octobre 2023 Mahmoud El Haddad et Nermin Habib Novembre 2023 Priv\u00e9\u00a0: Mod\u00e8le d&rsquo;artiste dates de r\u00e9sidence r\u00e9sidences pass\u00e9es Tous home R\u00e9sidence Adamas 2023 Arnaud Th\u00e9val et Alain Kerlan Augustin Gridel Mathieu Carniama Garance Navarro-Ug\u00e9 Marie Wilmet Catalina Jaramillo Maria Luisa [&hellip;]<\/p>\n","protected":false},"author":8,"featured_media":8255,"parent":8233,"menu_order":0,"comment_status":"closed","ping_status":"closed","template":"","meta":{"site-sidebar-layout":"no-sidebar","site-content-layout":null,"ast-site-content-layout":"full-width-container","site-content-style":"unboxed","site-sidebar-style":"unboxed","ast-global-header-display":"","ast-banner-title-visibility":"","ast-main-header-display":"","ast-hfb-above-header-display":"","ast-hfb-below-header-display":"","ast-hfb-mobile-header-display":"","site-post-title":"disabled","ast-breadcrumbs-content":null,"ast-featured-img":"disabled","footer-sml-layout":"","ast-disable-related-posts":"","theme-transparent-header-meta":"default","adv-header-id-meta":"","stick-header-meta":"default","header-above-stick-meta":null,"header-main-stick-meta":"","header-below-stick-meta":null,"astra-migrate-meta-layouts":"set","ast-page-background-enabled":"default","ast-page-background-meta":{"desktop":{"background-color":"","background-image":"","background-repeat":"repeat","background-position":"center center","background-size":"auto","background-attachment":"scroll","background-type":"","background-media":"","overlay-type":"","overlay-color":"","overlay-opacity":"","overlay-gradient":""},"tablet":{"background-color":"","background-image":"","background-repeat":"repeat","background-position":"center center","background-size":"auto","background-attachment":"scroll","background-type":"","background-media":"","overlay-type":"","overlay-color":"","overlay-opacity":"","overlay-gradient":""},"mobile":{"background-color":"","background-image":"","background-repeat":"repeat","background-position":"center center","background-size":"auto","background-attachment":"scroll","background-type":"","background-media":"","overlay-type":"","overlay-color":"","overlay-opacity":"","overlay-gradient":""}},"ast-content-background-meta":{"desktop":{"background-color":"var(--ast-global-color-5)","background-image":"","background-repeat":"repeat","background-position":"center center","background-size":"auto","background-attachment":"scroll","background-type":"","background-media":"","overlay-type":"","overlay-color":"","overlay-opacity":"","overlay-gradient":""},"tablet":{"background-color":"var(--ast-global-color-5)","background-image":"","background-repeat":"repeat","background-position":"center center","background-size":"auto","background-attachment":"scroll","background-type":"","background-media":"","overlay-type":"","overlay-color":"","overlay-opacity":"","overlay-gradient":""},"mobile":{"background-color":"var(--ast-global-color-5)","background-image":"","background-repeat":"repeat","background-position":"center center","background-size":"auto","background-attachment":"scroll","background-type":"","background-media":"","overlay-type":"","overlay-color":"","overlay-opacity":"","overlay-gradient":""}},"footnotes":""},"categories":[203],"tags":[],"class_list":["post-5892","page","type-page","status-publish","has-post-thumbnail","hentry","category-creation-recherche"],"yoast_head":"<!-- This site is optimized with the Yoast SEO plugin v27.5 - https:\/\/yoast.com\/product\/yoast-seo-wordpress\/ -->\n<title>Portraits des r\u00e9sident.e.s - Ch\u00e2teau de Goutelas<\/title>\n<meta name=\"robots\" content=\"index, follow, max-snippet:-1, max-image-preview:large, max-video-preview:-1\" \/>\n<link rel=\"canonical\" href=\"https:\/\/www.chateaudegoutelas.fr\/en\/residences\/artistes-et-juristes-en-residence\/\" \/>\n<meta property=\"og:locale\" content=\"en_GB\" \/>\n<meta property=\"og:type\" content=\"article\" \/>\n<meta property=\"og:title\" content=\"Portraits des r\u00e9sident.e.s - Ch\u00e2teau de Goutelas\" \/>\n<meta property=\"og:description\" content=\"portraits des r\u00e9sident\u00b7e\u00b7s Ka\u00efnana Ramadani et Azani V. Ebengou &#8211; Cie Les pleureuses de feu Octobre 2023 Mahmoud El Haddad et Nermin Habib Novembre 2023 Priv\u00e9\u00a0: Mod\u00e8le d&rsquo;artiste dates de r\u00e9sidence r\u00e9sidences pass\u00e9es Tous home R\u00e9sidence Adamas 2023 Arnaud Th\u00e9val et Alain Kerlan Augustin Gridel Mathieu Carniama Garance Navarro-Ug\u00e9 Marie Wilmet Catalina Jaramillo Maria Luisa [&hellip;]\" \/>\n<meta property=\"og:url\" content=\"https:\/\/www.chateaudegoutelas.fr\/en\/residences\/artistes-et-juristes-en-residence\/\" \/>\n<meta property=\"og:site_name\" content=\"Ch\u00e2teau de Goutelas\" \/>\n<meta property=\"article:modified_time\" content=\"2023-10-26T15:43:08+00:00\" \/>\n<meta property=\"og:image\" content=\"https:\/\/www.chateaudegoutelas.fr\/wp-content\/uploads\/2023\/09\/P1120024-scaled.jpg\" \/>\n\t<meta property=\"og:image:width\" content=\"1707\" \/>\n\t<meta property=\"og:image:height\" content=\"2560\" \/>\n\t<meta property=\"og:image:type\" content=\"image\/jpeg\" \/>\n<meta name=\"twitter:card\" content=\"summary_large_image\" \/>\n<meta name=\"twitter:label1\" content=\"Estimated reading time\" \/>\n\t<meta name=\"twitter:data1\" content=\"5 minutes\" \/>\n<script type=\"application\/ld+json\" class=\"yoast-schema-graph\">{\"@context\":\"https:\\\/\\\/schema.org\",\"@graph\":[{\"@type\":\"WebPage\",\"@id\":\"https:\\\/\\\/www.chateaudegoutelas.fr\\\/residences\\\/artistes-et-juristes-en-residence\\\/\",\"url\":\"https:\\\/\\\/www.chateaudegoutelas.fr\\\/residences\\\/artistes-et-juristes-en-residence\\\/\",\"name\":\"Portraits des r\u00e9sident.e.s - Ch\u00e2teau de Goutelas\",\"isPartOf\":{\"@id\":\"https:\\\/\\\/www.chateaudegoutelas.fr\\\/#website\"},\"primaryImageOfPage\":{\"@id\":\"https:\\\/\\\/www.chateaudegoutelas.fr\\\/residences\\\/artistes-et-juristes-en-residence\\\/#primaryimage\"},\"image\":{\"@id\":\"https:\\\/\\\/www.chateaudegoutelas.fr\\\/residences\\\/artistes-et-juristes-en-residence\\\/#primaryimage\"},\"thumbnailUrl\":\"https:\\\/\\\/www.chateaudegoutelas.fr\\\/wp-content\\\/uploads\\\/2023\\\/09\\\/P1120024-scaled.jpg\",\"datePublished\":\"2023-04-06T11:31:26+00:00\",\"dateModified\":\"2023-10-26T15:43:08+00:00\",\"breadcrumb\":{\"@id\":\"https:\\\/\\\/www.chateaudegoutelas.fr\\\/residences\\\/artistes-et-juristes-en-residence\\\/#breadcrumb\"},\"inLanguage\":\"en-GB\",\"potentialAction\":[{\"@type\":\"ReadAction\",\"target\":[\"https:\\\/\\\/www.chateaudegoutelas.fr\\\/residences\\\/artistes-et-juristes-en-residence\\\/\"]}]},{\"@type\":\"ImageObject\",\"inLanguage\":\"en-GB\",\"@id\":\"https:\\\/\\\/www.chateaudegoutelas.fr\\\/residences\\\/artistes-et-juristes-en-residence\\\/#primaryimage\",\"url\":\"https:\\\/\\\/www.chateaudegoutelas.fr\\\/wp-content\\\/uploads\\\/2023\\\/09\\\/P1120024-scaled.jpg\",\"contentUrl\":\"https:\\\/\\\/www.chateaudegoutelas.fr\\\/wp-content\\\/uploads\\\/2023\\\/09\\\/P1120024-scaled.jpg\",\"width\":1707,\"height\":2560},{\"@type\":\"BreadcrumbList\",\"@id\":\"https:\\\/\\\/www.chateaudegoutelas.fr\\\/residences\\\/artistes-et-juristes-en-residence\\\/#breadcrumb\",\"itemListElement\":[{\"@type\":\"ListItem\",\"position\":1,\"name\":\"Accueil\",\"item\":\"https:\\\/\\\/www.chateaudegoutelas.fr\\\/\"},{\"@type\":\"ListItem\",\"position\":2,\"name\":\"R\u00e9sidences\",\"item\":\"https:\\\/\\\/www.chateaudegoutelas.fr\\\/residences\\\/\"},{\"@type\":\"ListItem\",\"position\":3,\"name\":\"Portraits des r\u00e9sident.e.s\"}]},{\"@type\":\"WebSite\",\"@id\":\"https:\\\/\\\/www.chateaudegoutelas.fr\\\/#website\",\"url\":\"https:\\\/\\\/www.chateaudegoutelas.fr\\\/\",\"name\":\"Ch\u00e2teau de Goutelas\",\"description\":\"Un centre culturel de rencontre en Forez\",\"publisher\":{\"@id\":\"https:\\\/\\\/www.chateaudegoutelas.fr\\\/#organization\"},\"potentialAction\":[{\"@type\":\"SearchAction\",\"target\":{\"@type\":\"EntryPoint\",\"urlTemplate\":\"https:\\\/\\\/www.chateaudegoutelas.fr\\\/?s={search_term_string}\"},\"query-input\":{\"@type\":\"PropertyValueSpecification\",\"valueRequired\":true,\"valueName\":\"search_term_string\"}}],\"inLanguage\":\"en-GB\"},{\"@type\":\"Organization\",\"@id\":\"https:\\\/\\\/www.chateaudegoutelas.fr\\\/#organization\",\"name\":\"Ch\u00e2teau de Goutelas\",\"url\":\"https:\\\/\\\/www.chateaudegoutelas.fr\\\/\",\"logo\":{\"@type\":\"ImageObject\",\"inLanguage\":\"en-GB\",\"@id\":\"https:\\\/\\\/www.chateaudegoutelas.fr\\\/#\\\/schema\\\/logo\\\/image\\\/\",\"url\":\"https:\\\/\\\/www.chateaudegoutelas.fr\\\/wp-content\\\/uploads\\\/2023\\\/05\\\/logo-chateau-goutelas-bleu.png\",\"contentUrl\":\"https:\\\/\\\/www.chateaudegoutelas.fr\\\/wp-content\\\/uploads\\\/2023\\\/05\\\/logo-chateau-goutelas-bleu.png\",\"width\":1123,\"height\":327,\"caption\":\"Ch\u00e2teau de Goutelas\"},\"image\":{\"@id\":\"https:\\\/\\\/www.chateaudegoutelas.fr\\\/#\\\/schema\\\/logo\\\/image\\\/\"}}]}<\/script>\n<!-- \/ Yoast SEO plugin. -->","yoast_head_json":{"title":"Portraits des r\u00e9sident.e.s - Ch\u00e2teau de Goutelas","robots":{"index":"index","follow":"follow","max-snippet":"max-snippet:-1","max-image-preview":"max-image-preview:large","max-video-preview":"max-video-preview:-1"},"canonical":"https:\/\/www.chateaudegoutelas.fr\/en\/residences\/artistes-et-juristes-en-residence\/","og_locale":"en_GB","og_type":"article","og_title":"Portraits des r\u00e9sident.e.s - Ch\u00e2teau de Goutelas","og_description":"portraits des r\u00e9sident\u00b7e\u00b7s Ka\u00efnana Ramadani et Azani V. Ebengou &#8211; Cie Les pleureuses de feu Octobre 2023 Mahmoud El Haddad et Nermin Habib Novembre 2023 Priv\u00e9\u00a0: Mod\u00e8le d&rsquo;artiste dates de r\u00e9sidence r\u00e9sidences pass\u00e9es Tous home R\u00e9sidence Adamas 2023 Arnaud Th\u00e9val et Alain Kerlan Augustin Gridel Mathieu Carniama Garance Navarro-Ug\u00e9 Marie Wilmet Catalina Jaramillo Maria Luisa [&hellip;]","og_url":"https:\/\/www.chateaudegoutelas.fr\/en\/residences\/artistes-et-juristes-en-residence\/","og_site_name":"Ch\u00e2teau de Goutelas","article_modified_time":"2023-10-26T15:43:08+00:00","og_image":[{"width":1707,"height":2560,"url":"https:\/\/www.chateaudegoutelas.fr\/wp-content\/uploads\/2023\/09\/P1120024-scaled.jpg","type":"image\/jpeg"}],"twitter_card":"summary_large_image","twitter_misc":{"Estimated reading time":"5 minutes"},"schema":{"@context":"https:\/\/schema.org","@graph":[{"@type":"WebPage","@id":"https:\/\/www.chateaudegoutelas.fr\/residences\/artistes-et-juristes-en-residence\/","url":"https:\/\/www.chateaudegoutelas.fr\/residences\/artistes-et-juristes-en-residence\/","name":"Portraits des r\u00e9sident.e.s - Ch\u00e2teau de Goutelas","isPartOf":{"@id":"https:\/\/www.chateaudegoutelas.fr\/#website"},"primaryImageOfPage":{"@id":"https:\/\/www.chateaudegoutelas.fr\/residences\/artistes-et-juristes-en-residence\/#primaryimage"},"image":{"@id":"https:\/\/www.chateaudegoutelas.fr\/residences\/artistes-et-juristes-en-residence\/#primaryimage"},"thumbnailUrl":"https:\/\/www.chateaudegoutelas.fr\/wp-content\/uploads\/2023\/09\/P1120024-scaled.jpg","datePublished":"2023-04-06T11:31:26+00:00","dateModified":"2023-10-26T15:43:08+00:00","breadcrumb":{"@id":"https:\/\/www.chateaudegoutelas.fr\/residences\/artistes-et-juristes-en-residence\/#breadcrumb"},"inLanguage":"en-GB","potentialAction":[{"@type":"ReadAction","target":["https:\/\/www.chateaudegoutelas.fr\/residences\/artistes-et-juristes-en-residence\/"]}]},{"@type":"ImageObject","inLanguage":"en-GB","@id":"https:\/\/www.chateaudegoutelas.fr\/residences\/artistes-et-juristes-en-residence\/#primaryimage","url":"https:\/\/www.chateaudegoutelas.fr\/wp-content\/uploads\/2023\/09\/P1120024-scaled.jpg","contentUrl":"https:\/\/www.chateaudegoutelas.fr\/wp-content\/uploads\/2023\/09\/P1120024-scaled.jpg","width":1707,"height":2560},{"@type":"BreadcrumbList","@id":"https:\/\/www.chateaudegoutelas.fr\/residences\/artistes-et-juristes-en-residence\/#breadcrumb","itemListElement":[{"@type":"ListItem","position":1,"name":"Accueil","item":"https:\/\/www.chateaudegoutelas.fr\/"},{"@type":"ListItem","position":2,"name":"R\u00e9sidences","item":"https:\/\/www.chateaudegoutelas.fr\/residences\/"},{"@type":"ListItem","position":3,"name":"Portraits des r\u00e9sident.e.s"}]},{"@type":"WebSite","@id":"https:\/\/www.chateaudegoutelas.fr\/#website","url":"https:\/\/www.chateaudegoutelas.fr\/","name":"Ch\u00e2teau de Goutelas","description":"Un centre culturel de rencontre en Forez","publisher":{"@id":"https:\/\/www.chateaudegoutelas.fr\/#organization"},"potentialAction":[{"@type":"SearchAction","target":{"@type":"EntryPoint","urlTemplate":"https:\/\/www.chateaudegoutelas.fr\/?s={search_term_string}"},"query-input":{"@type":"PropertyValueSpecification","valueRequired":true,"valueName":"search_term_string"}}],"inLanguage":"en-GB"},{"@type":"Organization","@id":"https:\/\/www.chateaudegoutelas.fr\/#organization","name":"Ch\u00e2teau de Goutelas","url":"https:\/\/www.chateaudegoutelas.fr\/","logo":{"@type":"ImageObject","inLanguage":"en-GB","@id":"https:\/\/www.chateaudegoutelas.fr\/#\/schema\/logo\/image\/","url":"https:\/\/www.chateaudegoutelas.fr\/wp-content\/uploads\/2023\/05\/logo-chateau-goutelas-bleu.png","contentUrl":"https:\/\/www.chateaudegoutelas.fr\/wp-content\/uploads\/2023\/05\/logo-chateau-goutelas-bleu.png","width":1123,"height":327,"caption":"Ch\u00e2teau de Goutelas"},"image":{"@id":"https:\/\/www.chateaudegoutelas.fr\/#\/schema\/logo\/image\/"}}]}},"_links":{"self":[{"href":"https:\/\/www.chateaudegoutelas.fr\/en\/wp-json\/wp\/v2\/pages\/5892","targetHints":{"allow":["GET"]}}],"collection":[{"href":"https:\/\/www.chateaudegoutelas.fr\/en\/wp-json\/wp\/v2\/pages"}],"about":[{"href":"https:\/\/www.chateaudegoutelas.fr\/en\/wp-json\/wp\/v2\/types\/page"}],"author":[{"embeddable":true,"href":"https:\/\/www.chateaudegoutelas.fr\/en\/wp-json\/wp\/v2\/users\/8"}],"replies":[{"embeddable":true,"href":"https:\/\/www.chateaudegoutelas.fr\/en\/wp-json\/wp\/v2\/comments?post=5892"}],"version-history":[{"count":3,"href":"https:\/\/www.chateaudegoutelas.fr\/en\/wp-json\/wp\/v2\/pages\/5892\/revisions"}],"predecessor-version":[{"id":8826,"href":"https:\/\/www.chateaudegoutelas.fr\/en\/wp-json\/wp\/v2\/pages\/5892\/revisions\/8826"}],"up":[{"embeddable":true,"href":"https:\/\/www.chateaudegoutelas.fr\/en\/wp-json\/wp\/v2\/pages\/8233"}],"wp:featuredmedia":[{"embeddable":true,"href":"https:\/\/www.chateaudegoutelas.fr\/en\/wp-json\/wp\/v2\/media\/8255"}],"wp:attachment":[{"href":"https:\/\/www.chateaudegoutelas.fr\/en\/wp-json\/wp\/v2\/media?parent=5892"}],"wp:term":[{"taxonomy":"category","embeddable":true,"href":"https:\/\/www.chateaudegoutelas.fr\/en\/wp-json\/wp\/v2\/categories?post=5892"},{"taxonomy":"post_tag","embeddable":true,"href":"https:\/\/www.chateaudegoutelas.fr\/en\/wp-json\/wp\/v2\/tags?post=5892"}],"curies":[{"name":"wp","href":"https:\/\/api.w.org\/{rel}","templated":true}]}}