{"id":5282,"date":"2023-01-14T21:02:58","date_gmt":"2023-01-14T20:02:58","guid":{"rendered":"https:\/\/dev.chateaudegoutelas.fr\/?page_id=5282"},"modified":"2026-02-10T07:38:25","modified_gmt":"2026-02-10T06:38:25","slug":"le-chateau-de-goutelas","status":"publish","type":"page","link":"https:\/\/www.chateaudegoutelas.fr\/en\/le-chateau-de-goutelas\/","title":{"rendered":"Le Ch\u00e2teau de Goutelas"},"content":{"rendered":"<h1>\n\t\t\t\tLe Ch\u00e2teau de Goutelas\n\t\t\t<\/h1>\n\t\t\t<h3>heritage site for culture<\/h3>\t\n\t<p>\u00a9 Colombe Production<\/p>\n<h1>\n\t\t\tLe Ch\u00e2teau de Goutelas\t<\/h1>\n<h3>\n\t\t\theritage site for culture\t<\/h3>\n\t<h5>Ch\u00e2teau de Goutelas is a heritage, cultural and tourist site located in the Forez region, in the heart of the Auvergne-Rh\u00f4ne-Alpes region.<\/h5>\nCette demeure Renaissance du XVIe si\u00e8cle est devenue au fil des ann\u00e9es un lieu de vie, de cr\u00e9ation, de recherche et de f\u00eate. Labellis\u00e9 Centre culturel de rencontre par le minist\u00e8re de la Culture, Goutelas s&rsquo;anime tout au long de l&rsquo;ann\u00e9e : concerts, spectacles, rencontres et d\u00e9bats d&rsquo;id\u00e9es, r\u00e9sidences d&rsquo;artistes, expositions, ateliers&#8230;<br \/>\n\n<p>Avec un cadre unique et un \u00e9quipement complet (h\u00e9bergement, restauration, espaces de travail), le ch\u00e2teau s&rsquo;ouvre aussi pour des \u00e9v\u00e9nements publics ou priv\u00e9s : s\u00e9minaires, rendez-vous professionnels ou familiaux.<\/p>\n<p>D\u00e9couvrir le Ch\u00e2teau de Goutelas, c&rsquo;est faire l&rsquo;exp\u00e9rience d&rsquo;un patrimoine intens\u00e9ment vivant ! Vous \u00eates les bienvenu\u00b7e\u00b7s !<\/p>\n\t\t<a href=\"https:\/\/www.chateaudegoutelas.fr\/en\/le-chateau-de-goutelas\/un-patrimoine-vivant\/\" title=\"Afficher le contenu de la bo\u00eete\" target=\"_self\"  aria-label=\"Post Element\"><\/a>\t\t\n\t\t\t\t\t\t\t\t\t\t\t\t\t\t<a href=\"https:\/\/www.chateaudegoutelas.fr\/en\/le-chateau-de-goutelas\/un-patrimoine-vivant\/\" target=\"_self\" title=\"Un patrimoine vivant\">\n\t\t\t\t<img decoding=\"async\" src=\"https:\/\/www.chateaudegoutelas.fr\/wp-content\/uploads\/2023\/03\/le-mystere-du-h-600x600.jpg\" alt=\"\" \/>\n\t\t\t\t<\/a>\n\t\t\t\t\t\t<h4>\n\t\t\t\t<a href=\"https:\/\/www.chateaudegoutelas.fr\/en\/le-chateau-de-goutelas\/un-patrimoine-vivant\/\" title=\"Un patrimoine vivant\">Un patrimoine vivant<\/a>\t\t\t<\/h4>\n\t\t<a href=\"https:\/\/www.chateaudegoutelas.fr\/en\/le-chateau-de-goutelas\/les-vies-du-chateau\/\" title=\"Afficher le contenu de la bo\u00eete\" target=\"_self\"  aria-label=\"Post Element\"><\/a>\t\t\n\t\t\t\t\t\t\t\t\t\t\t\t\t\t<a href=\"https:\/\/www.chateaudegoutelas.fr\/en\/le-chateau-de-goutelas\/les-vies-du-chateau\/\" target=\"_self\" title=\"Histoire\">\n\t\t\t\t<img decoding=\"async\" src=\"https:\/\/www.chateaudegoutelas.fr\/wp-content\/uploads\/2023\/09\/\u00a9Chateau-de-Goutelas2-1-720x720.jpg\" alt=\"\" \/>\n\t\t\t\t<\/a>\n\t\t\t\t\t\t<h4>\n\t\t\t\t<a href=\"https:\/\/www.chateaudegoutelas.fr\/en\/le-chateau-de-goutelas\/les-vies-du-chateau\/\" title=\"Histoire\">Histoire<\/a>\t\t\t<\/h4>\n\t\t<a href=\"https:\/\/www.chateaudegoutelas.fr\/en\/le-chateau-de-goutelas\/equipe-et-association\/\" title=\"Afficher le contenu de la bo\u00eete\" target=\"_self\"  aria-label=\"Post Element\"><\/a>\t\t\n\t\t\t\t\t\t\t\t\t\t\t\t\t\t<a href=\"https:\/\/www.chateaudegoutelas.fr\/en\/le-chateau-de-goutelas\/equipe-et-association\/\" target=\"_self\" title=\"\u00c9quipe &#038; association\">\n\t\t\t\t<img decoding=\"async\" src=\"https:\/\/www.chateaudegoutelas.fr\/wp-content\/uploads\/2023\/04\/devenez-benevole-chateau-de-goutelas-600x600.jpg\" alt=\"\" \/>\n\t\t\t\t<\/a>\n\t\t\t\t\t\t<h4>\n\t\t\t\t<a href=\"https:\/\/www.chateaudegoutelas.fr\/en\/le-chateau-de-goutelas\/equipe-et-association\/\" title=\"\u00c9quipe &#038; association\">\u00c9quipe &#038; association<\/a>\t\t\t<\/h4>\n\t\t<a href=\"https:\/\/www.chateaudegoutelas.fr\/en\/le-chateau-de-goutelas\/partenaires\/\" title=\"Afficher le contenu de la bo\u00eete\" target=\"_self\"  aria-label=\"Post Element\"><\/a>\t\t\n\t\t\t\t\t\t\t\t\t\t\t\t\t\t<a href=\"https:\/\/www.chateaudegoutelas.fr\/en\/le-chateau-de-goutelas\/partenaires\/\" target=\"_self\" title=\"Nos partenaires\">\n\t\t\t\t<img decoding=\"async\" src=\"https:\/\/www.chateaudegoutelas.fr\/wp-content\/uploads\/2023\/03\/Visite_credit_Philippe-Mesa-min-scaled-1-600x600.jpg\" alt=\"\" \/>\n\t\t\t\t<\/a>\n\t\t\t\t\t\t<h4>\n\t\t\t\t<a href=\"https:\/\/www.chateaudegoutelas.fr\/en\/le-chateau-de-goutelas\/partenaires\/\" title=\"Nos partenaires\">Nos partenaires<\/a>\t\t\t<\/h4>\n<h2>\n\t\t\tvoir aussi\t<\/h2>\n<figure itemscope itemtype=\"https:\/\/schema.org\/ImageObject\">\n\t\t\t\t<img decoding=\"async\" src=\"https:\/\/www.chateaudegoutelas.fr\/wp-content\/uploads\/2023\/06\/gimmick-goutelas-vert-rouge-720x720.png\" alt=\"gimmick-goutelas-vert-rouge\" height=\"720\" width=\"720\" title=\"gimmick-goutelas-vert-rouge\" onerror=\"this.style.display='none'\" loading=\"lazy\" \/>\n\t<\/figure>\n\t\t<a href=\"https:\/\/www.chateaudegoutelas.fr\/en\/la-saison-culturelle\/\" title=\"Afficher le contenu de la bo\u00eete\" target=\"_self\"  aria-label=\"Post Element\"><\/a>\t\t\n\t\t\t\t\t\t\t\t\t\t\t\t\t\t<a href=\"https:\/\/www.chateaudegoutelas.fr\/en\/la-saison-culturelle\/\" target=\"_self\" title=\"Saison culturelle\">\n\t\t\t\t<img decoding=\"async\" src=\"https:\/\/www.chateaudegoutelas.fr\/wp-content\/uploads\/2025\/09\/Visuel_seul-min-720x720.jpg\" alt=\"\" \/>\n\t\t\t\t<\/a>\n\t\t\t\t\t\t<h4>\n\t\t\t\t<a href=\"https:\/\/www.chateaudegoutelas.fr\/en\/la-saison-culturelle\/\" title=\"Saison culturelle\">Saison culturelle<\/a>\t\t\t<\/h4>","protected":false},"excerpt":{"rendered":"<p>Le Ch\u00e2teau de Goutelas Centre culturel de rencontre \u00a9 Colombe Production Le Ch\u00e2teau de Goutelas Centre culturel de rencontre Le Ch\u00e2teau de Goutelas est un site patrimonial, culturel et touristique situ\u00e9 dans le Forez, au c\u0153ur de la r\u00e9gion Auvergne-Rh\u00f4ne-Alpes. Cette demeure Renaissance du XVIe si\u00e8cle est devenue au fil des ann\u00e9es un lieu de [&hellip;]<\/p>\n","protected":false},"author":8,"featured_media":7475,"parent":0,"menu_order":0,"comment_status":"closed","ping_status":"closed","template":"","meta":{"site-sidebar-layout":"no-sidebar","site-content-layout":"page-builder","ast-site-content-layout":"full-width-container","site-content-style":"unboxed","site-sidebar-style":"unboxed","ast-global-header-display":"","ast-banner-title-visibility":"","ast-main-header-display":"","ast-hfb-above-header-display":"","ast-hfb-below-header-display":"","ast-hfb-mobile-header-display":"","site-post-title":"disabled","ast-breadcrumbs-content":"","ast-featured-img":"disabled","footer-sml-layout":"","ast-disable-related-posts":"","theme-transparent-header-meta":"default","adv-header-id-meta":"","stick-header-meta":"default","header-above-stick-meta":"","header-main-stick-meta":"","header-below-stick-meta":"","astra-migrate-meta-layouts":"set","ast-page-background-enabled":"default","ast-page-background-meta":{"desktop":{"background-color":"","background-image":"","background-repeat":"repeat","background-position":"center center","background-size":"auto","background-attachment":"scroll","background-type":"","background-media":"","overlay-type":"","overlay-color":"","overlay-opacity":"","overlay-gradient":""},"tablet":{"background-color":"","background-image":"","background-repeat":"repeat","background-position":"center center","background-size":"auto","background-attachment":"scroll","background-type":"","background-media":"","overlay-type":"","overlay-color":"","overlay-opacity":"","overlay-gradient":""},"mobile":{"background-color":"","background-image":"","background-repeat":"repeat","background-position":"center center","background-size":"auto","background-attachment":"scroll","background-type":"","background-media":"","overlay-type":"","overlay-color":"","overlay-opacity":"","overlay-gradient":""}},"ast-content-background-meta":{"desktop":{"background-color":"var(--ast-global-color-5)","background-image":"","background-repeat":"repeat","background-position":"center center","background-size":"auto","background-attachment":"scroll","background-type":"","background-media":"","overlay-type":"","overlay-color":"","overlay-opacity":"","overlay-gradient":""},"tablet":{"background-color":"var(--ast-global-color-5)","background-image":"","background-repeat":"repeat","background-position":"center center","background-size":"auto","background-attachment":"scroll","background-type":"","background-media":"","overlay-type":"","overlay-color":"","overlay-opacity":"","overlay-gradient":""},"mobile":{"background-color":"var(--ast-global-color-5)","background-image":"","background-repeat":"repeat","background-position":"center center","background-size":"auto","background-attachment":"scroll","background-type":"","background-media":"","overlay-type":"","overlay-color":"","overlay-opacity":"","overlay-gradient":""}},"footnotes":""},"categories":[80],"tags":[],"class_list":["post-5282","page","type-page","status-publish","has-post-thumbnail","hentry","category-le-chateau-de-goutelas"],"yoast_head":"<!-- This site is optimized with the Yoast SEO plugin v27.5 - https:\/\/yoast.com\/product\/yoast-seo-wordpress\/ -->\n<title>Le Ch\u00e2teau de Goutelas - Ch\u00e2teau de Goutelas<\/title>\n<meta name=\"robots\" content=\"index, follow, max-snippet:-1, max-image-preview:large, max-video-preview:-1\" \/>\n<link rel=\"canonical\" href=\"https:\/\/www.chateaudegoutelas.fr\/en\/le-chateau-de-goutelas\/\" \/>\n<meta property=\"og:locale\" content=\"en_GB\" \/>\n<meta property=\"og:type\" content=\"article\" \/>\n<meta property=\"og:title\" content=\"Le Ch\u00e2teau de Goutelas - Ch\u00e2teau de Goutelas\" \/>\n<meta property=\"og:description\" content=\"Le Ch\u00e2teau de Goutelas Centre culturel de rencontre \u00a9 Colombe Production Le Ch\u00e2teau de Goutelas Centre culturel de rencontre Le Ch\u00e2teau de Goutelas est un site patrimonial, culturel et touristique situ\u00e9 dans le Forez, au c\u0153ur de la r\u00e9gion Auvergne-Rh\u00f4ne-Alpes. Cette demeure Renaissance du XVIe si\u00e8cle est devenue au fil des ann\u00e9es un lieu de [&hellip;]\" \/>\n<meta property=\"og:url\" content=\"https:\/\/www.chateaudegoutelas.fr\/en\/le-chateau-de-goutelas\/\" \/>\n<meta property=\"og:site_name\" content=\"Ch\u00e2teau de Goutelas\" \/>\n<meta property=\"article:modified_time\" content=\"2026-02-10T06:38:25+00:00\" \/>\n<meta property=\"og:image\" content=\"https:\/\/www.chateaudegoutelas.fr\/wp-content\/uploads\/2023\/08\/DJI_0833-scaled.jpg\" \/>\n\t<meta property=\"og:image:width\" content=\"2560\" \/>\n\t<meta property=\"og:image:height\" content=\"1438\" \/>\n\t<meta property=\"og:image:type\" content=\"image\/jpeg\" \/>\n<meta name=\"twitter:card\" content=\"summary_large_image\" \/>\n<meta name=\"twitter:label1\" content=\"Estimated reading time\" \/>\n\t<meta name=\"twitter:data1\" content=\"2 minutes\" \/>\n<script type=\"application\/ld+json\" class=\"yoast-schema-graph\">{\"@context\":\"https:\\\/\\\/schema.org\",\"@graph\":[{\"@type\":\"WebPage\",\"@id\":\"https:\\\/\\\/www.chateaudegoutelas.fr\\\/le-chateau-de-goutelas\\\/\",\"url\":\"https:\\\/\\\/www.chateaudegoutelas.fr\\\/le-chateau-de-goutelas\\\/\",\"name\":\"Le Ch\u00e2teau de Goutelas - Ch\u00e2teau de Goutelas\",\"isPartOf\":{\"@id\":\"https:\\\/\\\/www.chateaudegoutelas.fr\\\/#website\"},\"primaryImageOfPage\":{\"@id\":\"https:\\\/\\\/www.chateaudegoutelas.fr\\\/le-chateau-de-goutelas\\\/#primaryimage\"},\"image\":{\"@id\":\"https:\\\/\\\/www.chateaudegoutelas.fr\\\/le-chateau-de-goutelas\\\/#primaryimage\"},\"thumbnailUrl\":\"https:\\\/\\\/www.chateaudegoutelas.fr\\\/wp-content\\\/uploads\\\/2023\\\/08\\\/DJI_0833-scaled.jpg\",\"datePublished\":\"2023-01-14T20:02:58+00:00\",\"dateModified\":\"2026-02-10T06:38:25+00:00\",\"breadcrumb\":{\"@id\":\"https:\\\/\\\/www.chateaudegoutelas.fr\\\/le-chateau-de-goutelas\\\/#breadcrumb\"},\"inLanguage\":\"en-GB\",\"potentialAction\":[{\"@type\":\"ReadAction\",\"target\":[\"https:\\\/\\\/www.chateaudegoutelas.fr\\\/le-chateau-de-goutelas\\\/\"]}]},{\"@type\":\"ImageObject\",\"inLanguage\":\"en-GB\",\"@id\":\"https:\\\/\\\/www.chateaudegoutelas.fr\\\/le-chateau-de-goutelas\\\/#primaryimage\",\"url\":\"https:\\\/\\\/www.chateaudegoutelas.fr\\\/wp-content\\\/uploads\\\/2023\\\/08\\\/DJI_0833-scaled.jpg\",\"contentUrl\":\"https:\\\/\\\/www.chateaudegoutelas.fr\\\/wp-content\\\/uploads\\\/2023\\\/08\\\/DJI_0833-scaled.jpg\",\"width\":2560,\"height\":1438},{\"@type\":\"BreadcrumbList\",\"@id\":\"https:\\\/\\\/www.chateaudegoutelas.fr\\\/le-chateau-de-goutelas\\\/#breadcrumb\",\"itemListElement\":[{\"@type\":\"ListItem\",\"position\":1,\"name\":\"Accueil\",\"item\":\"https:\\\/\\\/www.chateaudegoutelas.fr\\\/\"},{\"@type\":\"ListItem\",\"position\":2,\"name\":\"Le Ch\u00e2teau de Goutelas\"}]},{\"@type\":\"WebSite\",\"@id\":\"https:\\\/\\\/www.chateaudegoutelas.fr\\\/#website\",\"url\":\"https:\\\/\\\/www.chateaudegoutelas.fr\\\/\",\"name\":\"Ch\u00e2teau de Goutelas\",\"description\":\"Un centre culturel de rencontre en Forez\",\"publisher\":{\"@id\":\"https:\\\/\\\/www.chateaudegoutelas.fr\\\/#organization\"},\"potentialAction\":[{\"@type\":\"SearchAction\",\"target\":{\"@type\":\"EntryPoint\",\"urlTemplate\":\"https:\\\/\\\/www.chateaudegoutelas.fr\\\/?s={search_term_string}\"},\"query-input\":{\"@type\":\"PropertyValueSpecification\",\"valueRequired\":true,\"valueName\":\"search_term_string\"}}],\"inLanguage\":\"en-GB\"},{\"@type\":\"Organization\",\"@id\":\"https:\\\/\\\/www.chateaudegoutelas.fr\\\/#organization\",\"name\":\"Ch\u00e2teau de Goutelas\",\"url\":\"https:\\\/\\\/www.chateaudegoutelas.fr\\\/\",\"logo\":{\"@type\":\"ImageObject\",\"inLanguage\":\"en-GB\",\"@id\":\"https:\\\/\\\/www.chateaudegoutelas.fr\\\/#\\\/schema\\\/logo\\\/image\\\/\",\"url\":\"https:\\\/\\\/www.chateaudegoutelas.fr\\\/wp-content\\\/uploads\\\/2023\\\/05\\\/logo-chateau-goutelas-bleu.png\",\"contentUrl\":\"https:\\\/\\\/www.chateaudegoutelas.fr\\\/wp-content\\\/uploads\\\/2023\\\/05\\\/logo-chateau-goutelas-bleu.png\",\"width\":1123,\"height\":327,\"caption\":\"Ch\u00e2teau de Goutelas\"},\"image\":{\"@id\":\"https:\\\/\\\/www.chateaudegoutelas.fr\\\/#\\\/schema\\\/logo\\\/image\\\/\"}}]}<\/script>\n<!-- \/ Yoast SEO plugin. -->","yoast_head_json":{"title":"Le Ch\u00e2teau de Goutelas - Ch\u00e2teau de Goutelas","robots":{"index":"index","follow":"follow","max-snippet":"max-snippet:-1","max-image-preview":"max-image-preview:large","max-video-preview":"max-video-preview:-1"},"canonical":"https:\/\/www.chateaudegoutelas.fr\/en\/le-chateau-de-goutelas\/","og_locale":"en_GB","og_type":"article","og_title":"Le Ch\u00e2teau de Goutelas - Ch\u00e2teau de Goutelas","og_description":"Le Ch\u00e2teau de Goutelas Centre culturel de rencontre \u00a9 Colombe Production Le Ch\u00e2teau de Goutelas Centre culturel de rencontre Le Ch\u00e2teau de Goutelas est un site patrimonial, culturel et touristique situ\u00e9 dans le Forez, au c\u0153ur de la r\u00e9gion Auvergne-Rh\u00f4ne-Alpes. Cette demeure Renaissance du XVIe si\u00e8cle est devenue au fil des ann\u00e9es un lieu de [&hellip;]","og_url":"https:\/\/www.chateaudegoutelas.fr\/en\/le-chateau-de-goutelas\/","og_site_name":"Ch\u00e2teau de Goutelas","article_modified_time":"2026-02-10T06:38:25+00:00","og_image":[{"width":2560,"height":1438,"url":"https:\/\/www.chateaudegoutelas.fr\/wp-content\/uploads\/2023\/08\/DJI_0833-scaled.jpg","type":"image\/jpeg"}],"twitter_card":"summary_large_image","twitter_misc":{"Estimated reading time":"2 minutes"},"schema":{"@context":"https:\/\/schema.org","@graph":[{"@type":"WebPage","@id":"https:\/\/www.chateaudegoutelas.fr\/le-chateau-de-goutelas\/","url":"https:\/\/www.chateaudegoutelas.fr\/le-chateau-de-goutelas\/","name":"Le Ch\u00e2teau de Goutelas - Ch\u00e2teau de Goutelas","isPartOf":{"@id":"https:\/\/www.chateaudegoutelas.fr\/#website"},"primaryImageOfPage":{"@id":"https:\/\/www.chateaudegoutelas.fr\/le-chateau-de-goutelas\/#primaryimage"},"image":{"@id":"https:\/\/www.chateaudegoutelas.fr\/le-chateau-de-goutelas\/#primaryimage"},"thumbnailUrl":"https:\/\/www.chateaudegoutelas.fr\/wp-content\/uploads\/2023\/08\/DJI_0833-scaled.jpg","datePublished":"2023-01-14T20:02:58+00:00","dateModified":"2026-02-10T06:38:25+00:00","breadcrumb":{"@id":"https:\/\/www.chateaudegoutelas.fr\/le-chateau-de-goutelas\/#breadcrumb"},"inLanguage":"en-GB","potentialAction":[{"@type":"ReadAction","target":["https:\/\/www.chateaudegoutelas.fr\/le-chateau-de-goutelas\/"]}]},{"@type":"ImageObject","inLanguage":"en-GB","@id":"https:\/\/www.chateaudegoutelas.fr\/le-chateau-de-goutelas\/#primaryimage","url":"https:\/\/www.chateaudegoutelas.fr\/wp-content\/uploads\/2023\/08\/DJI_0833-scaled.jpg","contentUrl":"https:\/\/www.chateaudegoutelas.fr\/wp-content\/uploads\/2023\/08\/DJI_0833-scaled.jpg","width":2560,"height":1438},{"@type":"BreadcrumbList","@id":"https:\/\/www.chateaudegoutelas.fr\/le-chateau-de-goutelas\/#breadcrumb","itemListElement":[{"@type":"ListItem","position":1,"name":"Accueil","item":"https:\/\/www.chateaudegoutelas.fr\/"},{"@type":"ListItem","position":2,"name":"Le Ch\u00e2teau de Goutelas"}]},{"@type":"WebSite","@id":"https:\/\/www.chateaudegoutelas.fr\/#website","url":"https:\/\/www.chateaudegoutelas.fr\/","name":"Ch\u00e2teau de Goutelas","description":"Un centre culturel de rencontre en Forez","publisher":{"@id":"https:\/\/www.chateaudegoutelas.fr\/#organization"},"potentialAction":[{"@type":"SearchAction","target":{"@type":"EntryPoint","urlTemplate":"https:\/\/www.chateaudegoutelas.fr\/?s={search_term_string}"},"query-input":{"@type":"PropertyValueSpecification","valueRequired":true,"valueName":"search_term_string"}}],"inLanguage":"en-GB"},{"@type":"Organization","@id":"https:\/\/www.chateaudegoutelas.fr\/#organization","name":"Ch\u00e2teau de Goutelas","url":"https:\/\/www.chateaudegoutelas.fr\/","logo":{"@type":"ImageObject","inLanguage":"en-GB","@id":"https:\/\/www.chateaudegoutelas.fr\/#\/schema\/logo\/image\/","url":"https:\/\/www.chateaudegoutelas.fr\/wp-content\/uploads\/2023\/05\/logo-chateau-goutelas-bleu.png","contentUrl":"https:\/\/www.chateaudegoutelas.fr\/wp-content\/uploads\/2023\/05\/logo-chateau-goutelas-bleu.png","width":1123,"height":327,"caption":"Ch\u00e2teau de Goutelas"},"image":{"@id":"https:\/\/www.chateaudegoutelas.fr\/#\/schema\/logo\/image\/"}}]}},"_links":{"self":[{"href":"https:\/\/www.chateaudegoutelas.fr\/en\/wp-json\/wp\/v2\/pages\/5282","targetHints":{"allow":["GET"]}}],"collection":[{"href":"https:\/\/www.chateaudegoutelas.fr\/en\/wp-json\/wp\/v2\/pages"}],"about":[{"href":"https:\/\/www.chateaudegoutelas.fr\/en\/wp-json\/wp\/v2\/types\/page"}],"author":[{"embeddable":true,"href":"https:\/\/www.chateaudegoutelas.fr\/en\/wp-json\/wp\/v2\/users\/8"}],"replies":[{"embeddable":true,"href":"https:\/\/www.chateaudegoutelas.fr\/en\/wp-json\/wp\/v2\/comments?post=5282"}],"version-history":[{"count":7,"href":"https:\/\/www.chateaudegoutelas.fr\/en\/wp-json\/wp\/v2\/pages\/5282\/revisions"}],"predecessor-version":[{"id":11744,"href":"https:\/\/www.chateaudegoutelas.fr\/en\/wp-json\/wp\/v2\/pages\/5282\/revisions\/11744"}],"wp:featuredmedia":[{"embeddable":true,"href":"https:\/\/www.chateaudegoutelas.fr\/en\/wp-json\/wp\/v2\/media\/7475"}],"wp:attachment":[{"href":"https:\/\/www.chateaudegoutelas.fr\/en\/wp-json\/wp\/v2\/media?parent=5282"}],"wp:term":[{"taxonomy":"category","embeddable":true,"href":"https:\/\/www.chateaudegoutelas.fr\/en\/wp-json\/wp\/v2\/categories?post=5282"},{"taxonomy":"post_tag","embeddable":true,"href":"https:\/\/www.chateaudegoutelas.fr\/en\/wp-json\/wp\/v2\/tags?post=5282"}],"curies":[{"name":"wp","href":"https:\/\/api.w.org\/{rel}","templated":true}]}}