{"id":11416,"date":"2025-11-25T14:33:05","date_gmt":"2025-11-25T13:33:05","guid":{"rendered":"https:\/\/www.chateaudegoutelas.fr\/?page_id=11416"},"modified":"2026-01-22T11:19:14","modified_gmt":"2026-01-22T10:19:14","slug":"utopie-en-actes","status":"publish","type":"page","link":"https:\/\/www.chateaudegoutelas.fr\/en\/utopie-en-actes\/","title":{"rendered":"Goutelas, une utopie en actes"},"content":{"rendered":"<h6>DOCUMENTAIRE<\/h6><h1>Goutelas, une utopie en actes<\/h1>\t\t\t\n\t\t\t\t<h3>(re)cr\u00e9er, ancrer, essaimer<\/h3>\n\t\t\t<h6>DOCUMENTAIRE<\/h6><h1>Goutelas, une utopie en actes<\/h1>\t\t\t\n\t\t\t\t<h3>(re)cr\u00e9er, ancrer, essaimer<\/h3>\n\t<p>Au d\u00e9but des ann\u00e9es 1960, des paysans, des ouvriers et des intellectuels unissent leurs efforts pour restaurer, sur les contreforts du Forez, une ancienne demeure de la Renaissance : le ch\u00e2teau de Goutelas.<\/p>\n<p>Le lieu devient un creuset d&rsquo;id\u00e9es et d&rsquo;initiatives nouvelles o\u00f9 l&rsquo;on partage l&rsquo;utopie que les arts et la culture ne se s\u00e9parent pas de l&rsquo;ensemble des activit\u00e9s humaines.<\/p>\n<p>L&rsquo;aventure de Goutelas transforme en profondeur ce territoire rural.<\/p>\n\t<a href=\"#recreer\" target=\"_self\"><\/a>\t\t\t\t\n\t\t\t\t\t\t<img decoding=\"async\" alt=\"\" src=\"https:\/\/www.chateaudegoutelas.fr\/wp-content\/uploads\/2025\/11\/Utopie-en-actes-Goutelas_repas_5-e1764671972824-720x720.jpg\"\/>\n\t\t<h1>(re)cr\u00e9er<\/h1>\n\t\t\t<h6>Partie 1<\/h6>\n\t<a href=\"#ancrer\" target=\"_self\"><\/a>\t\t\t\t\n\t\t\t\t\t\t<img decoding=\"async\" alt=\"\" src=\"https:\/\/www.chateaudegoutelas.fr\/wp-content\/uploads\/2025\/11\/utopie-en-actes-josette_seule_dans_la_cour_1-720x720.jpg\"\/>\n\t\t<h1>ancrer<\/h1>\n\t\t\t<h6>Partie 2<\/h6>\n\t<a href=\"#essaimer\" target=\"_self\"><\/a>\t\t\t\t\n\t\t\t\t\t\t<img decoding=\"async\" alt=\"\" src=\"https:\/\/www.chateaudegoutelas.fr\/wp-content\/uploads\/2025\/11\/utipie-en-actes-photo3-chateau-720x720.png\"\/>\n\t\t<h1>essaimer<\/h1>\n\t\t\t<h6>Partie 3<\/h6>\n\t\t\t\t<img decoding=\"async\" src=\"https:\/\/www.chateaudegoutelas.fr\/wp-content\/uploads\/2023\/10\/gimmick_1.png\" alt=\"gimmick_1\" itemprop=\"image\" height=\"1458\" width=\"1458\" title=\"gimmick_1\" onerror=\"this.style.display='none'\" loading=\"lazy\" \/>\n\t\t\t<h5>Partie 1<\/h5><h2>(re)cr\u00e9er<\/h2>\t\t\t\n\t\t\t\t<h3><strong>1961 &gt; 1967<\/strong><\/h3>\n\t<h6>No\u00ebl Durand et Paul Bouchet, les fondateurs, racontent les tout d\u00e9buts de l&rsquo;aventure.<\/h6>\n<p>Vid\u00e9o de 24 minutes<\/p>\n\t\t<meta itemprop=\"url\" content=\"https:\/\/www.chateaudegoutelas.fr\/wp-content\/uploads\/2025\/11\/QUE_PIERRES_VIVES_ACTES_1__RE_Cre_er_-_MASTER_min.mp4\" \/><div style=\"width: 640px;\" class=\"wp-video\"><video class=\"wp-video-shortcode\" id=\"video-11416-1\" width=\"640\" height=\"360\" poster=\"https:\/\/www.chateaudegoutelas.fr\/wp-content\/uploads\/2025\/11\/Utopie-en-actes-Goutelas_repas_5-e1764671972824.jpg\" preload=\"none\" controls=\"controls\"><source type=\"video\/mp4\" src=\"https:\/\/www.chateaudegoutelas.fr\/wp-content\/uploads\/2025\/11\/QUE_PIERRES_VIVES_ACTES_1__RE_Cre_er_-_MASTER_min.mp4?_=1\" \/><source type=\"video\/mp4\" src=\"https:\/\/www.chateaudegoutelas.fr\/wp-content\/uploads\/2025\/11\/QUE_PIERRES_VIVES_ACTES_1__RE_Cre_er_-_MASTER_min.mp4?_=1\" \/><a href=\"https:\/\/www.chateaudegoutelas.fr\/wp-content\/uploads\/2025\/11\/QUE_PIERRES_VIVES_ACTES_1__RE_Cre_er_-_MASTER_min.mp4\">https:\/\/www.chateaudegoutelas.fr\/wp-content\/uploads\/2025\/11\/QUE_PIERRES_VIVES_ACTES_1__RE_Cre_er_-_MASTER_min.mp4<\/a><\/video><\/div>\t\n\t\t<a href=\"https:\/\/www.chateaudegoutelas.fr\/en\/media\/paul-bouchet-le-visionnaire\/\" title=\"Afficher le contenu de la bo\u00eete\" target=\"_self\"  aria-label=\"Post Element\"><\/a>\t\t\n\t\t\t\t\t\t\t\t\t\t\t\t\t\t<a href=\"https:\/\/www.chateaudegoutelas.fr\/en\/media\/paul-bouchet-le-visionnaire\/\" target=\"_self\" title=\"Paul Bouchet, le visionnaire\">\n\t\t\t\t<img decoding=\"async\" src=\"https:\/\/www.chateaudegoutelas.fr\/wp-content\/uploads\/2025\/11\/Paul_Bouchet_pendant_la_reconstruction_de_Goutelas_en_1964-720x720.jpg\" alt=\"\" \/>\n\t\t\t\t<\/a>\n\t\t\t\t\t\t<h5>\n\t\t\t\t<a href=\"https:\/\/www.chateaudegoutelas.fr\/en\/media\/paul-bouchet-le-visionnaire\/\" title=\"Paul Bouchet, le visionnaire\">Paul Bouchet, le visionnaire<\/a>\t\t\t<\/h5>\n\t\t<a href=\"https:\/\/www.chateaudegoutelas.fr\/en\/media\/noel-durand-le-fondateur\/\" title=\"Afficher le contenu de la bo\u00eete\" target=\"_self\"  aria-label=\"Post Element\"><\/a>\t\t\n\t\t\t\t\t\t\t\t\t\t\t\t\t\t<a href=\"https:\/\/www.chateaudegoutelas.fr\/en\/media\/noel-durand-le-fondateur\/\" target=\"_self\" title=\"No\u00ebl Durand, le fondateur\">\n\t\t\t\t<img decoding=\"async\" src=\"https:\/\/www.chateaudegoutelas.fr\/wp-content\/uploads\/2025\/11\/La_famille_Durand_en_1966__Noel__Marie-Claude_et_Jean-Luc-720x720.jpg\" alt=\"\" \/>\n\t\t\t\t<\/a>\n\t\t\t\t\t\t<h5>\n\t\t\t\t<a href=\"https:\/\/www.chateaudegoutelas.fr\/en\/media\/noel-durand-le-fondateur\/\" title=\"No\u00ebl Durand, le fondateur\">No\u00ebl Durand, le fondateur<\/a>\t\t\t<\/h5>\n\t\t<a href=\"https:\/\/www.chateaudegoutelas.fr\/en\/media\/duke-ellington-en-forez\/\" title=\"Afficher le contenu de la bo\u00eete\" target=\"_self\"  aria-label=\"Post Element\"><\/a>\t\t\n\t\t\t\t\t\t\t\t\t\t\t\t\t\t<a href=\"https:\/\/www.chateaudegoutelas.fr\/en\/media\/duke-ellington-en-forez\/\" target=\"_self\" title=\"Duke Ellington en Forez\">\n\t\t\t\t<img decoding=\"async\" src=\"https:\/\/www.chateaudegoutelas.fr\/wp-content\/uploads\/2025\/11\/3-Duke_Ellington_a_Sail-Sous-Couzan-720x720.jpg\" alt=\"\" \/>\n\t\t\t\t<\/a>\n\t\t\t\t\t\t<h5>\n\t\t\t\t<a href=\"https:\/\/www.chateaudegoutelas.fr\/en\/media\/duke-ellington-en-forez\/\" title=\"Duke Ellington en Forez\">Duke Ellington en Forez<\/a>\t\t\t<\/h5>\n\t\t<a href=\"https:\/\/www.chateaudegoutelas.fr\/en\/media\/bernard-cathelin-et-les-soutiens-artistiques-des-premieres-heures\/\" title=\"Afficher le contenu de la bo\u00eete\" target=\"_self\"  aria-label=\"Post Element\"><\/a>\t\t\n\t\t\t\t\t\t\t\t\t\t\t\t\t\t<a href=\"https:\/\/www.chateaudegoutelas.fr\/en\/media\/bernard-cathelin-et-les-soutiens-artistiques-des-premieres-heures\/\" target=\"_self\" title=\"Bernard Cathelin et les soutiens artistiques des premi\u00e8res heures\">\n\t\t\t\t<img decoding=\"async\" src=\"https:\/\/www.chateaudegoutelas.fr\/wp-content\/uploads\/2025\/12\/Exposition_de_lithographies_1966-720x720.jpeg\" alt=\"\" \/>\n\t\t\t\t<\/a>\n\t\t\t\t\t\t<h5>\n\t\t\t\t<a href=\"https:\/\/www.chateaudegoutelas.fr\/en\/media\/bernard-cathelin-et-les-soutiens-artistiques-des-premieres-heures\/\" title=\"Bernard Cathelin et les soutiens artistiques des premi\u00e8res heures\">Bernard Cathelin et les soutiens artistiques des premi\u00e8res heures<\/a>\t\t\t<\/h5>\n\t\t<a href=\"https:\/\/www.chateaudegoutelas.fr\/en\/media\/tonton-fusible\/\" title=\"Afficher le contenu de la bo\u00eete\" target=\"_self\"  aria-label=\"Post Element\"><\/a>\t\t\n\t\t\t\t\t\t\t\t\t\t\t\t\t\t<a href=\"https:\/\/www.chateaudegoutelas.fr\/en\/media\/tonton-fusible\/\" target=\"_self\" title=\"Tonton Fusible\">\n\t\t\t\t<img decoding=\"async\" src=\"https:\/\/www.chateaudegoutelas.fr\/wp-content\/uploads\/2025\/12\/Marius_Rubino_Clectricien_en_1965_O_Goutelas__1_-720x720.jpg\" alt=\"\" \/>\n\t\t\t\t<\/a>\n\t\t\t\t\t\t<h5>\n\t\t\t\t<a href=\"https:\/\/www.chateaudegoutelas.fr\/en\/media\/tonton-fusible\/\" title=\"Tonton Fusible\">Tonton Fusible<\/a>\t\t\t<\/h5>\n\t\t<a href=\"https:\/\/www.chateaudegoutelas.fr\/en\/media\/l-utopie-au-chateau\/\" title=\"Afficher le contenu de la bo\u00eete\" target=\"_self\"  aria-label=\"Post Element\"><\/a>\t\t\n\t\t\t\t\t\t\t\t\t\t\t\t\t\t<a href=\"https:\/\/www.chateaudegoutelas.fr\/en\/media\/l-utopie-au-chateau\/\" target=\"_self\" title=\"L&rsquo;utopie au ch\u00e2teau\">\n\t\t\t\t<img decoding=\"async\" src=\"https:\/\/www.chateaudegoutelas.fr\/wp-content\/uploads\/2025\/12\/Goutelas_1968__1_-720x720.jpg\" alt=\"\" \/>\n\t\t\t\t<\/a>\n\t\t\t\t\t\t<h5>\n\t\t\t\t<a href=\"https:\/\/www.chateaudegoutelas.fr\/en\/media\/l-utopie-au-chateau\/\" title=\"L&rsquo;utopie au ch\u00e2teau\">L&rsquo;utopie au ch\u00e2teau<\/a>\t\t\t<\/h5>\n\t\t<a href=\"https:\/\/www.chateaudegoutelas.fr\/en\/media\/l-humanisme-heritage-et-continuite\/\" title=\"Afficher le contenu de la bo\u00eete\" target=\"_self\"  aria-label=\"Post Element\"><\/a>\t\t\n\t\t\t\t\t\t\t\t\t\t\t\t\t\t<a href=\"https:\/\/www.chateaudegoutelas.fr\/en\/media\/l-humanisme-heritage-et-continuite\/\" target=\"_self\" title=\"L&rsquo;humanisme, h\u00e9ritage et continuit\u00e9\">\n\t\t\t\t<img decoding=\"async\" src=\"https:\/\/www.chateaudegoutelas.fr\/wp-content\/uploads\/2025\/12\/Je_suis_humain__rien_de_ce_qui_est_humain_ne_m_est_Ctranger_-720x720.png\" alt=\"\" \/>\n\t\t\t\t<\/a>\n\t\t\t\t\t\t<h5>\n\t\t\t\t<a href=\"https:\/\/www.chateaudegoutelas.fr\/en\/media\/l-humanisme-heritage-et-continuite\/\" title=\"L&rsquo;humanisme, h\u00e9ritage et continuit\u00e9\">L&rsquo;humanisme, h\u00e9ritage et continuit\u00e9<\/a>\t\t\t<\/h5>\n\t\t<a href=\"https:\/\/www.chateaudegoutelas.fr\/en\/media\/l-astree-un-roman-un-patrimoine-forezien\/\" title=\"Afficher le contenu de la bo\u00eete\" target=\"_self\"  aria-label=\"Post Element\"><\/a>\t\t\n\t\t\t\t\t\t\t\t\t\t\t\t\t\t<a href=\"https:\/\/www.chateaudegoutelas.fr\/en\/media\/l-astree-un-roman-un-patrimoine-forezien\/\" target=\"_self\" title=\"L'Astr\u00e9e, un roman, un patrimoine for\u00e9zien\">\n\t\t\t\t<img decoding=\"async\" src=\"https:\/\/www.chateaudegoutelas.fr\/wp-content\/uploads\/2025\/12\/Honore_d_Urfe__site_du_colloque_L_Astree_dans_tous_ses_etats-720x720.jpg\" alt=\"\" \/>\n\t\t\t\t<\/a>\n\t\t\t\t\t\t<h5>\n\t\t\t\t<a href=\"https:\/\/www.chateaudegoutelas.fr\/en\/media\/l-astree-un-roman-un-patrimoine-forezien\/\" title=\"L'Astr\u00e9e, un roman, un patrimoine for\u00e9zien\">L&rsquo;Astr\u00e9e, un roman, un patrimoine for\u00e9zien<\/a>\t\t\t<\/h5>\n\t\t<a href=\"https:\/\/www.chateaudegoutelas.fr\/en\/media\/la-demeure-de-jean-papon-grand-juge-et-humaniste-forezien\/\" title=\"Afficher le contenu de la bo\u00eete\" target=\"_self\"  aria-label=\"Post Element\"><\/a>\t\t\n\t\t\t\t\t\t\t\t\t\t\t\t\t\t<a href=\"https:\/\/www.chateaudegoutelas.fr\/en\/media\/la-demeure-de-jean-papon-grand-juge-et-humaniste-forezien\/\" target=\"_self\" title=\"La demeure de Jean Papon, grand juge et humaniste for\u00e9zien\">\n\t\t\t\t<img decoding=\"async\" src=\"https:\/\/www.chateaudegoutelas.fr\/wp-content\/uploads\/2025\/12\/Portrait_Jean_Papon-720x720.jpeg\" alt=\"\" \/>\n\t\t\t\t<\/a>\n\t\t\t\t\t\t<h5>\n\t\t\t\t<a href=\"https:\/\/www.chateaudegoutelas.fr\/en\/media\/la-demeure-de-jean-papon-grand-juge-et-humaniste-forezien\/\" title=\"La demeure de Jean Papon, grand juge et humaniste for\u00e9zien\">La demeure de Jean Papon, grand juge et humaniste for\u00e9zien<\/a>\t\t\t<\/h5>\n\t\t\t\t<img decoding=\"async\" src=\"https:\/\/www.chateaudegoutelas.fr\/wp-content\/uploads\/2023\/10\/gimmick_5.png\" alt=\"gimmick_5\" itemprop=\"image\" height=\"1458\" width=\"1458\" title=\"gimmick_5\" onerror=\"this.style.display='none'\" loading=\"lazy\" \/>\n\t\t\t<h5>Partie 2<\/h5><h2>ancrer<\/h2>\t\t\t\n\t\t\t\t<h3><strong>1967 &gt; 1985<\/strong><\/h3>\n\t<h6>Josette Pa\u00efs, ma\u00eetresse de maison, Chantal Sartorio, tr\u00e9sori\u00e8re, et les maires des communes avoisinantes retracent les changements induits par Goutelas sur le territoire.<\/h6>\n<p>Vid\u00e9o de 21 minutes<\/p>\n\t\t<meta itemprop=\"url\" content=\"https:\/\/www.chateaudegoutelas.fr\/wp-content\/uploads\/2025\/11\/QUE_PIERRES_VIVES_ACTES_2_ANCRER_-_MASTER_min.mp4\" \/><div style=\"width: 640px;\" class=\"wp-video\"><video class=\"wp-video-shortcode\" id=\"video-11416-2\" width=\"640\" height=\"360\" poster=\"https:\/\/www.chateaudegoutelas.fr\/wp-content\/uploads\/2025\/11\/utopie-en-actes-josette_seule_dans_la_cour_1.jpg\" preload=\"none\" controls=\"controls\"><source type=\"video\/mp4\" src=\"https:\/\/www.chateaudegoutelas.fr\/wp-content\/uploads\/2025\/11\/QUE_PIERRES_VIVES_ACTES_2_ANCRER_-_MASTER_min.mp4?_=2\" \/><source type=\"video\/mp4\" src=\"https:\/\/www.chateaudegoutelas.fr\/wp-content\/uploads\/2025\/11\/QUE_PIERRES_VIVES_ACTES_2_ANCRER_-_MASTER_min.mp4?_=2\" \/><a href=\"https:\/\/www.chateaudegoutelas.fr\/wp-content\/uploads\/2025\/11\/QUE_PIERRES_VIVES_ACTES_2_ANCRER_-_MASTER_min.mp4\">https:\/\/www.chateaudegoutelas.fr\/wp-content\/uploads\/2025\/11\/QUE_PIERRES_VIVES_ACTES_2_ANCRER_-_MASTER_min.mp4<\/a><\/video><\/div>\t\n\t\t<a href=\"https:\/\/www.chateaudegoutelas.fr\/en\/media\/premiers-salaries-au-chateau-les-pais\/\" title=\"Afficher le contenu de la bo\u00eete\" target=\"_self\"  aria-label=\"Post Element\"><\/a>\t\t\n\t\t\t\t\t\t\t\t\t\t\t\t\t\t<a href=\"https:\/\/www.chateaudegoutelas.fr\/en\/media\/premiers-salaries-au-chateau-les-pais\/\" target=\"_self\" title=\"Premiers salari\u00e9s au ch\u00e2teau : les Pa\u00efs\">\n\t\t\t\t<img decoding=\"async\" src=\"https:\/\/www.chateaudegoutelas.fr\/wp-content\/uploads\/2025\/12\/Paul_Paas__Annie_Detour_et_Josette_Paas-720x720.jpg\" alt=\"\" \/>\n\t\t\t\t<\/a>\n\t\t\t\t\t\t<h5>\n\t\t\t\t<a href=\"https:\/\/www.chateaudegoutelas.fr\/en\/media\/premiers-salaries-au-chateau-les-pais\/\" title=\"Premiers salari\u00e9s au ch\u00e2teau : les Pa\u00efs\">Premiers salari\u00e9s au ch\u00e2teau : les Pa\u00efs<\/a>\t\t\t<\/h5>\n\t\t<a href=\"https:\/\/www.chateaudegoutelas.fr\/en\/media\/paul-pais-ouvrier-artisan-aux-mains-et-au-coeur\/\" title=\"Afficher le contenu de la bo\u00eete\" target=\"_self\"  aria-label=\"Post Element\"><\/a>\t\t\n\t\t\t\t\t\t\t\t\t\t\t\t\t\t<a href=\"https:\/\/www.chateaudegoutelas.fr\/en\/media\/paul-pais-ouvrier-artisan-aux-mains-et-au-coeur\/\" target=\"_self\" title=\"Paul Pa\u00efs, ouvrier- artisan aux mains et au c\u0153ur\">\n\t\t\t\t<img decoding=\"async\" src=\"https:\/\/www.chateaudegoutelas.fr\/wp-content\/uploads\/2025\/12\/Paul_Paas_rCnovant_le_campanile__1_-720x720.jpg\" alt=\"\" \/>\n\t\t\t\t<\/a>\n\t\t\t\t\t\t<h5>\n\t\t\t\t<a href=\"https:\/\/www.chateaudegoutelas.fr\/en\/media\/paul-pais-ouvrier-artisan-aux-mains-et-au-coeur\/\" title=\"Paul Pa\u00efs, ouvrier- artisan aux mains et au c\u0153ur\">Paul Pa\u00efs, ouvrier- artisan aux mains et au c\u0153ur<\/a>\t\t\t<\/h5>\n\t\t<a href=\"https:\/\/www.chateaudegoutelas.fr\/en\/media\/un-festival-de-cinema-mythique-le-cici\/\" title=\"Afficher le contenu de la bo\u00eete\" target=\"_self\"  aria-label=\"Post Element\"><\/a>\t\t\n\t\t\t\t\t\t\t\t\t\t\t\t\t\t<a href=\"https:\/\/www.chateaudegoutelas.fr\/en\/media\/un-festival-de-cinema-mythique-le-cici\/\" target=\"_self\" title=\"Un festival de cin\u00e9ma mythique, le CICI\">\n\t\t\t\t<img decoding=\"async\" src=\"https:\/\/www.chateaudegoutelas.fr\/wp-content\/uploads\/2025\/12\/cine_club_en_1968-1969_goutelas_accueille_le_congres_international_du_cinema_independant-720x720.jpg\" alt=\"\" \/>\n\t\t\t\t<\/a>\n\t\t\t\t\t\t<h5>\n\t\t\t\t<a href=\"https:\/\/www.chateaudegoutelas.fr\/en\/media\/un-festival-de-cinema-mythique-le-cici\/\" title=\"Un festival de cin\u00e9ma mythique, le CICI\">Un festival de cin\u00e9ma mythique, le CICI<\/a>\t\t\t<\/h5>\n\t\t<a href=\"https:\/\/www.chateaudegoutelas.fr\/en\/media\/un-memorable-cure-de-campagne\/\" title=\"Afficher le contenu de la bo\u00eete\" target=\"_self\"  aria-label=\"Post Element\"><\/a>\t\t\n\t\t\t\t\t\t\t\t\t\t\t\t\t\t<a href=\"https:\/\/www.chateaudegoutelas.fr\/en\/media\/un-memorable-cure-de-campagne\/\" target=\"_self\" title=\"Un m\u00e9morable cur\u00e9 de campagne\">\n\t\t\t\t<img decoding=\"async\" src=\"https:\/\/www.chateaudegoutelas.fr\/wp-content\/uploads\/2025\/12\/Le_pere_Dumas_avec_une_equipe_de_benevoles_a_Goutelas-720x720.jpg\" alt=\"\" \/>\n\t\t\t\t<\/a>\n\t\t\t\t\t\t<h5>\n\t\t\t\t<a href=\"https:\/\/www.chateaudegoutelas.fr\/en\/media\/un-memorable-cure-de-campagne\/\" title=\"Un m\u00e9morable cur\u00e9 de campagne\">Un m\u00e9morable cur\u00e9 de campagne<\/a>\t\t\t<\/h5>\n\t\t<a href=\"https:\/\/www.chateaudegoutelas.fr\/en\/media\/la-jeunesse-agricole-catholique\/\" title=\"Afficher le contenu de la bo\u00eete\" target=\"_self\"  aria-label=\"Post Element\"><\/a>\t\t\n\t\t\t\t\t\t\t\t\t\t\t\t\t\t<a href=\"https:\/\/www.chateaudegoutelas.fr\/en\/media\/la-jeunesse-agricole-catholique\/\" target=\"_self\" title=\"La Jeunesse agricole catholique (JAC), terreau d&rsquo;engagements\">\n\t\t\t\t<img decoding=\"async\" src=\"https:\/\/www.chateaudegoutelas.fr\/wp-content\/uploads\/2025\/12\/Responsables_de_la_JAC_Rhone-Alpes_en_1957-c_Robert_Duclos-720x720.jpg\" alt=\"\" \/>\n\t\t\t\t<\/a>\n\t\t\t\t\t\t<h5>\n\t\t\t\t<a href=\"https:\/\/www.chateaudegoutelas.fr\/en\/media\/la-jeunesse-agricole-catholique\/\" title=\"La Jeunesse agricole catholique (JAC), terreau d&rsquo;engagements\">La Jeunesse agricole catholique (JAC), terreau d&rsquo;engagements<\/a>\t\t\t<\/h5>\n\t\t<a href=\"https:\/\/www.chateaudegoutelas.fr\/en\/media\/les-fardelets\/\" title=\"Afficher le contenu de la bo\u00eete\" target=\"_self\"  aria-label=\"Post Element\"><\/a>\t\t\n\t\t\t\t\t\t\t\t\t\t\t\t\t\t<a href=\"https:\/\/www.chateaudegoutelas.fr\/en\/media\/les-fardelets\/\" target=\"_self\" title=\"Les Fardelets\">\n\t\t\t\t<img decoding=\"async\" src=\"https:\/\/www.chateaudegoutelas.fr\/wp-content\/uploads\/2025\/12\/Les_Fardelets_-_cour_de_Goutelas-720x720.jpg\" alt=\"\" \/>\n\t\t\t\t<\/a>\n\t\t\t\t\t\t<h5>\n\t\t\t\t<a href=\"https:\/\/www.chateaudegoutelas.fr\/en\/media\/les-fardelets\/\" title=\"Les Fardelets\">Les Fardelets<\/a>\t\t\t<\/h5>\n\t\t<a href=\"https:\/\/www.chateaudegoutelas.fr\/en\/media\/mariages-a-goutelas\/\" title=\"Afficher le contenu de la bo\u00eete\" target=\"_self\"  aria-label=\"Post Element\"><\/a>\t\t\n\t\t\t\t\t\t\t\t\t\t\t\t\t\t<a href=\"https:\/\/www.chateaudegoutelas.fr\/en\/media\/mariages-a-goutelas\/\" target=\"_self\" title=\"Mariages \u00e0 Goutelas\">\n\t\t\t\t<img decoding=\"async\" src=\"https:\/\/www.chateaudegoutelas.fr\/wp-content\/uploads\/2025\/12\/Photo_article_mariage-720x606.jpg\" alt=\"\" \/>\n\t\t\t\t<\/a>\n\t\t\t\t\t\t<h5>\n\t\t\t\t<a href=\"https:\/\/www.chateaudegoutelas.fr\/en\/media\/mariages-a-goutelas\/\" title=\"Mariages \u00e0 Goutelas\">Mariages \u00e0 Goutelas<\/a>\t\t\t<\/h5>\n\t\t\t\t<img decoding=\"async\" src=\"https:\/\/www.chateaudegoutelas.fr\/wp-content\/uploads\/2023\/12\/gimmick_6.png\" alt=\"gimmick_6\" itemprop=\"image\" height=\"3508\" width=\"3508\" title=\"gimmick_6\" onerror=\"this.style.display='none'\" loading=\"lazy\" \/>\n\t\t\t<h5>Partie 3<\/h5><h2>essaimer<\/h2>\t\t\t\n\t\t\t\t<h3><strong>1967 &gt; 1992<\/strong><\/h3>\n\t<h6>L&rsquo;ancien maire, Michel Houzet, ses adjoints Jean Berthet et Jean Cellier, racontent l&rsquo;ampleur des actions culturelles qui se d\u00e9ploy\u00e8rent dans leur village de Sail-sous-Couzan. Des habitans des g\u00e9n\u00e9rations suivantes se questionnent sur l&rsquo;avenir&#8230;<\/h6>\n<p>Vid\u00e9o de 31 minutes<\/p>\n\t\t<meta itemprop=\"url\" content=\"https:\/\/www.chateaudegoutelas.fr\/wp-content\/uploads\/2025\/11\/QUE_PIERRES_VIVES_ACTES_3_ESSAIMER_-_MASTER_min.mp4\" \/><div style=\"width: 640px;\" class=\"wp-video\"><video class=\"wp-video-shortcode\" id=\"video-11416-3\" width=\"640\" height=\"360\" poster=\"https:\/\/www.chateaudegoutelas.fr\/wp-content\/uploads\/2025\/11\/utipie-en-actes-photo3-chateau.png\" preload=\"none\" controls=\"controls\"><source type=\"video\/mp4\" src=\"https:\/\/www.chateaudegoutelas.fr\/wp-content\/uploads\/2025\/11\/QUE_PIERRES_VIVES_ACTES_3_ESSAIMER_-_MASTER_min.mp4?_=3\" \/><source type=\"video\/mp4\" src=\"https:\/\/www.chateaudegoutelas.fr\/wp-content\/uploads\/2025\/11\/QUE_PIERRES_VIVES_ACTES_3_ESSAIMER_-_MASTER_min.mp4?_=3\" \/><a href=\"https:\/\/www.chateaudegoutelas.fr\/wp-content\/uploads\/2025\/11\/QUE_PIERRES_VIVES_ACTES_3_ESSAIMER_-_MASTER_min.mp4\">https:\/\/www.chateaudegoutelas.fr\/wp-content\/uploads\/2025\/11\/QUE_PIERRES_VIVES_ACTES_3_ESSAIMER_-_MASTER_min.mp4<\/a><\/video><\/div>\t\n\t\t<a href=\"https:\/\/www.chateaudegoutelas.fr\/en\/media\/sail-sous-couzan-laboratoire-culturel\/\" title=\"Afficher le contenu de la bo\u00eete\" target=\"_self\"  aria-label=\"Post Element\"><\/a>\t\t\n\t\t\t\t\t\t\t\t\t\t\t\t\t\t<a href=\"https:\/\/www.chateaudegoutelas.fr\/en\/media\/sail-sous-couzan-laboratoire-culturel\/\" target=\"_self\" title=\"Sail-sous-Couzan, laboratoire culturel\">\n\t\t\t\t<img decoding=\"async\" src=\"https:\/\/www.chateaudegoutelas.fr\/wp-content\/uploads\/2025\/12\/M._Marechal-Citadelle-sail_sous_Couzan-avec-M.Houzet-Paul_Bo-720x672.jpg\" alt=\"\" \/>\n\t\t\t\t<\/a>\n\t\t\t\t\t\t<h5>\n\t\t\t\t<a href=\"https:\/\/www.chateaudegoutelas.fr\/en\/media\/sail-sous-couzan-laboratoire-culturel\/\" title=\"Sail-sous-Couzan, laboratoire culturel\">Sail-sous-Couzan, laboratoire culturel<\/a>\t\t\t<\/h5>\n\t\t<a href=\"https:\/\/www.chateaudegoutelas.fr\/en\/media\/un-laboratoire-juridique\/\" title=\"Afficher le contenu de la bo\u00eete\" target=\"_self\"  aria-label=\"Post Element\"><\/a>\t\t\n\t\t\t\t\t\t\t\t\t\t\t\t\t\t<a href=\"https:\/\/www.chateaudegoutelas.fr\/en\/media\/un-laboratoire-juridique\/\" target=\"_self\" title=\"Un laboratoire juridique\">\n\t\t\t\t<img decoding=\"async\" src=\"https:\/\/www.chateaudegoutelas.fr\/wp-content\/uploads\/2025\/12\/Antoine_Jeammaud_et_Robert_Guillaumond_Colloque_Jean_Papon_2013-720x720.jpg\" alt=\"\" \/>\n\t\t\t\t<\/a>\n\t\t\t\t\t\t<h5>\n\t\t\t\t<a href=\"https:\/\/www.chateaudegoutelas.fr\/en\/media\/un-laboratoire-juridique\/\" title=\"Un laboratoire juridique\">Un laboratoire juridique<\/a>\t\t\t<\/h5>\n\t\t<a href=\"https:\/\/www.chateaudegoutelas.fr\/en\/media\/apprendre-par-l-action-et-la-cooperation\/\" title=\"Afficher le contenu de la bo\u00eete\" target=\"_self\"  aria-label=\"Post Element\"><\/a>\t\t\n\t\t\t\t\t\t\t\t\t\t\t\t\t\t<a href=\"https:\/\/www.chateaudegoutelas.fr\/en\/media\/apprendre-par-l-action-et-la-cooperation\/\" target=\"_self\" title=\"Apprendre par l&rsquo;action et la coop\u00e9ration\">\n\t\t\t\t<img decoding=\"async\" src=\"https:\/\/www.chateaudegoutelas.fr\/wp-content\/uploads\/2025\/12\/Bernard_Dorel_AnnCes_70-720x720.jpg\" alt=\"\" \/>\n\t\t\t\t<\/a>\n\t\t\t\t\t\t<h5>\n\t\t\t\t<a href=\"https:\/\/www.chateaudegoutelas.fr\/en\/media\/apprendre-par-l-action-et-la-cooperation\/\" title=\"Apprendre par l&rsquo;action et la coop\u00e9ration\">Apprendre par l&rsquo;action et la coop\u00e9ration<\/a>\t\t\t<\/h5>\n\t\t<a href=\"https:\/\/www.chateaudegoutelas.fr\/en\/media\/le-syndicat-de-la-magistrature-et-goutelas\/\" title=\"Afficher le contenu de la bo\u00eete\" target=\"_self\"  aria-label=\"Post Element\"><\/a>\t\t\n\t\t\t\t\t\t\t\t\t\t\t\t\t\t<a href=\"https:\/\/www.chateaudegoutelas.fr\/en\/media\/le-syndicat-de-la-magistrature-et-goutelas\/\" target=\"_self\" title=\"Le syndicat de la magistrature et Goutelas\">\n\t\t\t\t<img decoding=\"async\" src=\"https:\/\/www.chateaudegoutelas.fr\/wp-content\/uploads\/2025\/12\/Louis_Joinet__fondateur_du_Syndicat_de_la_magistrature_et_le-720x720.jpg\" alt=\"\" \/>\n\t\t\t\t<\/a>\n\t\t\t\t\t\t<h5>\n\t\t\t\t<a href=\"https:\/\/www.chateaudegoutelas.fr\/en\/media\/le-syndicat-de-la-magistrature-et-goutelas\/\" title=\"Le syndicat de la magistrature et Goutelas\">Le syndicat de la magistrature et Goutelas<\/a>\t\t\t<\/h5>\n\t\t\t<h2>\u00e0 propos<\/h2>\t\t\t\n\t\t\t\t\t\t<h6>Contact<\/h6>\n\t\t\t<p><strong>Ch\u00e2teau de Gouteas<\/strong><\/p>\n<p>42130 Marcoux<br \/>France<\/p>\n<p>email : contact@chateaudegoutelas.fr<br \/>tel. :\u00a004 77 97 35 43<\/p>\n\t\t\t\t\t\t<h6>Pour aller plus loin : la recherche-action<\/h6>\n\t\t\t<p>Le webdocumentaire est le fruit d&rsquo;une recherche-action qui a d\u00e9but\u00e9 en 2013 alors que le Ch\u00e2teau de Goutelas candidatait \u00e0 l&rsquo;obtention du label national\u00a0Centre culturel de rencontre (CCR). Goutelas a fait appel \u00e0 des chercheurs en sciences humaines et \u00e0 l&rsquo;association Grand ensemble pour conduire tout \u00e0 la fois une recherche et une r\u00e9alisation qui permettent de revisiter et partager largement son histoire.<\/p>\n<p>Nous avons donc lanc\u00e9 une dynamique pour r\u00e9-interroger collectivement ce pass\u00e9, en mobilisant les porteurs de m\u00e9moires et en l&rsquo;\u00e9clairant par le croisement de regards scientifique et artistique. L&rsquo;aventure singuli\u00e8re de la renaissance du ch\u00e2teau\u00a0a \u00e9t\u00e9 ainsi remise en perspective dans un contexte social et historique ; la mise en r\u00e9cit s&rsquo;en trouve enrichie, la parole plus largement partag\u00e9e.<br \/>L&rsquo;\u00e9tude de l&rsquo; \u00ab utopie en actes \u00bb que repr\u00e9sente cette reconstruction montre\u00a0qu&rsquo;elle a mobilis\u00e9\u00a0diff\u00e9rents niveaux d&rsquo;exp\u00e9rience collective : une action concr\u00e8te de restauration, une \u00ab cr\u00e9olisation \u00bb des cultures et des id\u00e9es, une activit\u00e9 socialement cr\u00e9ative, une activit\u00e9 inscrite dans une \u00e9conomie.<\/p>\n<p>L&rsquo;histoire de Goutelas permet aussi de relire\u00a0une bonne partie des enjeux qui traversent la soci\u00e9t\u00e9 rh\u00f4ne-alpine et plus largement fran\u00e7aise entre les ann\u00e9es 1960 et 1990. L&rsquo;essor et le militantisme des classes moyennes qui caract\u00e9risent cette p\u00e9riode sont \u00e0 l&rsquo;origine d&rsquo;initiatives multiples port\u00e9es par deux g\u00e9n\u00e9rations au moins d&rsquo;acteurs et de groupes locaux : de la \u00ab mise en patrimoine \u00bb \u00e0 la d\u00e9mocratisation des loisirs, de l&rsquo;\u00e9ducation populaire \u00e0 la professionnalisation du monde artistique, des r\u00e9flexions sur le productivisme agricole \u00e0 la lutte contre la d\u00e9sindustrialisation acc\u00e9l\u00e9r\u00e9e du territoire.<\/p>\n<p>La recherche-action a montr\u00e9 un lieu investi par une multitude d&rsquo;acteurs qui fait \u00e9merger de nouvelles pratiques et de nouvelles repr\u00e9sentations du monde. Les films r\u00e9alis\u00e9s s&rsquo;attachent \u00e0 faire entendre la diversit\u00e9 de ces voix. Ils mettent en sc\u00e8ne des situations de parole o\u00f9 plusieurs personnes conversent, afin de rendre perceptibles les fondements relationnels qui ont fait Goutelas : l&rsquo;intelligence collective, la libert\u00e9 de ton, l&rsquo;ouverture \u00e0 l&rsquo;autre qui transcende les barri\u00e8res sociales.<\/p>\n<p>Les trois films\u00a0<em>Recr\u00e9er &#8211; Ancrer &#8211; Essaimer<\/em> correspondent \u00e0 la fois \u00e0 trois temps et \u00e0 trois visions qui traduisent l&rsquo;\u00e9mergence, la structuration et les transformations de l&rsquo;utopie fondatrice. Le webdocumentaire est ainsi structur\u00e9 en trois pages sur lesquelles diff\u00e9rents articles sont r\u00e9partis. Les auteurs et autrices en sont tr\u00e8s divers : acteurs d&rsquo;hier et aujourd&rsquo;hui, enfants d&rsquo;acteurs, historiens, juristes, artistes&#8230; Ces textes r\u00e9v\u00e8lent des points de vue diff\u00e9rents.\u00a0Ils racontent\u00a0le parcours singulier d&rsquo;un personnage qui a apport\u00e9 sa pierre \u00e0 l&rsquo;\u00e9difice, exposent une probl\u00e9matique, mettent en lumi\u00e8re un aspect du projet.<\/p>\n<p>Les premiers articles publi\u00e9s ne pr\u00e9tendent pas donner une vue exhaustive de cette vaste exp\u00e9rience. Bien au contraire, l&rsquo;ambition de la recherche-action est de d\u00e9clencher un processus, de cr\u00e9er une dynamique collective qui continue d&rsquo;explorer et d&rsquo;interroger ce pass\u00e9. Cet espace num\u00e9rique n&rsquo;est pas clos, il se veut ouvert, \u00e9volutif, collaboratif. De jeunes chercheurs pourraient \u00eatre sollicit\u00e9s sur des th\u00e8mes pr\u00e9cis, qui, suite \u00e0 ce premier d\u00e9chiffrage, se d\u00e9finissent plus clairement.<br \/>Fid\u00e8le \u00e0 l&rsquo;esprit de Goutelas, ce nouvel espace en ligne, au croisement de plusieurs points de vue, donne la parole aux acteurs et actrices qui ont fait Goutelas, \u00e0 celles et ceux qui s&rsquo;investissent aujourd&rsquo;hui.\u00a0<\/p>\n<p>Un appel \u00e0 contribution est donc lanc\u00e9 : vous \u0153uvrez ou avez \u0153uvr\u00e9 \u00e0 Goutelas, ou vous \u00eates simplement passionn\u00e9, inspir\u00e9 par le lieu et son histoire, proposez un article !\u00a0Confiez-nous\u00a0aussi vos archives qui pourront \u00eatre num\u00e9ris\u00e9es pour alimenter le webdocumentaire.<\/p>\n\t\t\t\t\t\t<h6>Liens et ressources compl\u00e9mentaires<\/h6>\n\t\t\t<h4>D&rsquo;autres recherches associ\u00e9es<\/h4>\n<p><a title=\"La M\u00e9moire de Goutelas\" href=\"https:\/\/drive.google.com\/file\/d\/0B-rWAascL1uObi1PQ0ctZnpSSXc\/view?usp=sharing\" target=\"_blank\" rel=\"noopener\">La m\u00e9moire de Goutelas, entre \u00ab\u00a0ombres et lumi\u00e8re\u00a0\u00bb\u00a0: le mythe fondateur<\/a>\u00a0\u00a0Irchadi\u00a0SIGO<br \/>M\u00e9moire de recherche et D\u00e9veloppement en Action Communautaire<br \/>Sous la direction d&rsquo;Ariella ROTHBERG<br \/>D\u00e9partement de sociologie Universit\u00e9 Jean Monnet 2014-2015<\/p>\n<h4>Liens internet<\/h4>\n<p>Jean Bonnard <br \/>Hommage sur le site de la F\u00e9d\u00e9ration Nationale des Unions de Jeunes Avocats<br \/><a href=\"http:\/\/www.fnuja.com\/Hommage-a-Jean-Bonnard_a881.html\" target=\"_blank\" rel=\"noopener\">http:\/\/www.fnuja.com\/Hommage-a-Jean-Bonnard_a881.html<\/a><\/p>\n<p>Paul Bouchet<br \/><a href=\"https:\/\/fr.wikipedia.org\/wiki\/Paul_Bouchet\" target=\"_blank\" rel=\"noopener\">https:\/\/fr.wikipedia.org\/wiki\/Paul_Bouchet<\/a><\/p>\n<p><a href=\"http:\/\/www.la-croix.com\/Archives\/2010-03-31\/Paul-Bouchet-avocat-de-la-mixite-sociale.-_NP_-2010-03-31-367741\" target=\"_blank\" rel=\"noopener\">http:\/\/www.la-croix.com\/Archives\/2010-03-31\/Paul-Bouchet-avocat-de-la-mixite-sociale.-_NP_-2010-03-31-367741<\/a><\/p>\n<p><a href=\"http:\/\/www.babelio.com\/auteur\/Paul-Bouchet\/56371\" target=\"_blank\" rel=\"noopener\">http:\/\/www.babelio.com\/auteur\/Paul-Bouchet\/56371<\/a><\/p>\n<p><a href=\"http:\/\/www.institut-tribune-socialiste.fr\/wp-content\/uploads\/2013\/10\/BOUCHET-Paul.pdf\" target=\"_blank\" rel=\"noopener\">http:\/\/www.institut-tribune-socialiste.fr\/wp-content\/uploads\/2013\/10\/BOUCHET-Paul.pdf<\/a>\u00a0<a href=\"http:\/\/www.germe-inform.fr\/?p=263\" target=\"_blank\" rel=\"noopener\">http:\/\/www.germe-inform.fr\/?p=263<\/a><\/p>\n<p><a href=\"https:\/\/wikimonde.com\/article\/Paul_Bouchet\" target=\"_blank\" rel=\"noopener\">https:\/\/wikimonde.com\/article\/Paul_Bouchet<\/a><\/p>\n<p><a href=\"http:\/\/voyagesenpassion.canalblog.com\/archives\/2013\/03\/08\/26596068.html\" target=\"_blank\" rel=\"noopener\">http:\/\/voyagesenpassion.canalblog.com\/archives\/2013\/03\/08\/26596068.html<\/a><\/p>\n<p>Une page sur le CICI sur le site de la cin\u00e9math\u00e8que suisse<br \/><a href=\"http:\/\/www.cinematheque.ch\/documents-de-cinema\/complement-de-programme\/cinema-et-avant-garde\/\" target=\"_blank\" rel=\"noopener\">http:\/\/www.cinematheque.ch\/documents-de-cinema\/complement-de-programme\/cinema-et-avant-garde\/<\/a><\/p>\n<p>Une histoire des cin\u00e9-clubs sur le site \u00ab\u00a0Autour du 1er mai\u00a0\u00bb<br \/>par Michel Hoare<br \/><a href=\"http:\/\/www.autourdu1ermai.fr\/article19.html\" target=\"_blank\" rel=\"noopener\">http:\/\/www.autourdu1ermai.fr\/article19.html<\/a><\/p>\n\t\t\t\t\t\t<h6>Cr\u00e9dits<\/h6>\n\t\t\t<p>Coordination et r\u00e9alisation audiovisuelle\u00a0: <strong>B\u00e9atrice Dubell<\/strong><\/p>\n<p>B\u00e9atrice Dubell est r\u00e9alisatrice et directrice artistique de Grand ensemble-atelier de cin\u00e9ma\u00a0populaire. Elle m\u00e8ne un parcours de cin\u00e9aste\u00a0engag\u00e9e, tant \u00e0 travers des documentaires sur des th\u00e9matiques sociales et politiques, qu&rsquo;avec des\u00a0travaux plus hybrides et exp\u00e9rimentaux : fiction-documentaires, installations, expositions, web\u00a0documentaires, films d&rsquo;ateliers dans des milieux divers.<\/p>\n<p>R\u00e9alisation Web\u00a0: <strong>Amandine Konan<\/strong>, agence <a href=\"http:\/\/www.konected.fr\" target=\"_blank\" rel=\"noopener\">Konected<\/a>.<\/p>\n<p>R\u00e9f\u00e9rents scientifiques<br \/><strong>Olivier Chatelan<\/strong>\u00a0est ma\u00eetre de conf\u00e9rences en histoire contemporaine \u00e0 l&rsquo;Universit\u00e9 Jean Moulin &#8211; Lyon 3, membre du Laboratoire de recherche historique Rh\u00f4ne-Alpes (LARHRA UMR 5190). Il travaille plus particuli\u00e8rement sur l&rsquo;histoire intellectuelle et sociale du XXe si\u00e8cle, sous l&rsquo;angle des\u00a0engagements religieux.<br \/><strong>Maeva Lecordier<\/strong>\u00a0est \u00e9tudiante en Master 2 Histoire &#8211; fili\u00e8re Recherche \u00e0 l&rsquo;Universit\u00e9 Jean Moulin Lyon 3. Son m\u00e9moire de master 1(sous la direction d&rsquo;Olivier Chatelan) portait sur une histoire contextualis\u00e9e de Goutelas ayant pour but de l&rsquo;int\u00e9grer dans des grands ph\u00e9nom\u00e8nes historiques.<br \/><strong>Michel Rautenberg<\/strong>\u00a0est anthropologue, professeur de sociologie \u00e0 l&rsquo;universit\u00e9 Jean Monnet de Saint- Etienne o\u00f9 il dirige la facult\u00e9 de Sciences humaines et sociales. Il a publi\u00e9 de nombreux articles et ouvrages sur le patrimoine culturel, la m\u00e9moire collective et les imaginaires sociaux.<\/p>\n<p>Comit\u00e9 de pilotage : groupe \u00ab M\u00e9moires \u00bb<br \/>Une dizaine de b\u00e9n\u00e9voles du Ch\u00e2teau de Goutelas et de la CLEF (Culture, Loisirs, Economie en Forez), association culturelle de Sail-sous-Couzan accompagne le projet. Certains sont des t\u00e9moins de la p\u00e9riode concern\u00e9e par la recherche-action. D&rsquo;autres sont des relais vers les d\u00e9marches actuelles des deux associations.<\/p>\n<p>Coordination pour le Ch\u00e2teau de Goutelas<br \/><strong>Marie-Claude Mioche<\/strong> est responsable des publications, en lien avec le groupe \u00ab\u00a0M\u00e9moires\u00a0\u00bb<br \/><strong>Ir\u00e8ne Guillot<\/strong> anime la d\u00e9marche et les collectes d&rsquo;archives<br \/><strong>Sarah Wasserstrom<\/strong> est charg\u00e9e de production<\/p>\n<p>R\u00e9alisation documentaire\u00a0: <strong>B\u00e9atrice Dubell<\/strong><br \/>Image\u00a0:\u00a0<strong>Franck Wolf<\/strong>f<br \/>Son\u00a0: <strong>Romain Goujon et Gaspard Charreton<\/strong><br \/>Montage\u00a0: <strong>Christian Cuilleron<\/strong><br \/>Mixage\u00a0: <strong>Jo\u00ebl Pr\u00e9vost<\/strong><br \/>Les personnes film\u00e9es\u00a0:<br \/><strong>Paul Bouchet et No\u00ebl Durand<\/strong>, les visionnaires<br \/><strong>Josette Pa\u00efs<\/strong>, ma\u00eetresse de maison<br \/><strong>Chantal Sartorio<\/strong>, fille de Marius Rubino, et tr\u00e9sori\u00e8re de l&rsquo;association du centre culturel de1981 \u00e0 1993<br \/>Les maires de Leigneux, Sail,\u00a0Marcoux : <strong>Dominique Ch\u00e8ze, Michel Houzet et Jean-C\u00e9lestin Duclos<\/strong>, fondateurs du syndicat intercommunal.<br \/>Les \u00e9lus de Sail-sous-Couzan, <strong>Jean Berthet, Jean Cellier et Michel Houzet<\/strong>, fondateurs du festival des Estivades<br \/><strong>Simone Perret<\/strong>, cr\u00e9atrice de l&rsquo;auberge la Sarrazine<br \/><strong>Josef Ciesla<\/strong>, sculpteur, cr\u00e9ateur de la Mazotte<br \/><strong>Jean-Claude Rochigneux<\/strong>, administrateur des Rencontres interculturelles<br \/><strong>Fr\u00e9d\u00e9ric Murat et Ludovic B\u00e9al,<\/strong> habitants de Sail-sous-Couzan et participants aux Rencontres interculturelles<br \/>Musique\u00a0:<br \/>Symphonie pour un monde meilleur, Extraits du concert de Duke Ellington enregistr\u00e9 \u00e0 Goutelas en f\u00e9vrier 1966<\/p>\n<h3>Archives film\u00e9es<\/h3>\n<p>Archives INA\u00a0: Cinq colonnes \u00e0 la une- Juin 1965<\/p>\n<p>Films super 8\u00a0: Jean-Claude Chazelle<\/p>\n<h4>Photographies\u00a0:<\/h4>\n<p>Archives priv\u00e9es<br \/>Archives du Centre culturel de Goutelas<br \/>Archives de la CLEF, association culturelle de Sail-sous-Couzan<br \/>Rajak Ohanian<br \/>Philippe Mesa, photographe du 50e anniversaire de Goutelas<\/p>\n<h4>Production<\/h4>\n<p>Centre Culturel de Goutelas<br \/>Grand ensemble-atelier de cin\u00e9ma populaire<br \/>avec le soutien de la commune de Sail-sous Couzan, du Syndicat mixte des Pays du Forez (appel \u00e0 projets Sauvegarder, transmettre et promouvoir le patrimoine immat\u00e9riel du Forez)\u00a0de la R\u00e9gion Auvergne-Rh\u00f4ne-Alpes et de la DRAC Auvergne-Rh\u00f4ne-Alpes (appel \u00e0 projets M\u00e9moires du XX\u00b0 si\u00e8cle)<\/p>\n<p>Les 3 films Recr\u00e9er, Ancrer et Essaimer sont sous licence cr\u00e9ative commons 2.0 \u200b\u200bFrance (CC BY-NC-ND 2.0 FR\u200b)\u200b\u00a0Attribution &#8211; \u200bB\u00e9atrice Dubell \u200b\/Centre culturel de Goutelas \/ Grand ensemble-atelier de cin\u00e9ma populaire\u00a0Pas d&rsquo;Utilisation Commerciale &#8211; Pas de Modification<\/p>\n<p>L&rsquo;ensemble des mat\u00e9riaux (texte, images, sons) est pr\u00e9sent\u00e9 sur ce site sous licence\u00a0<a href=\"https:\/\/creativecommons.org\/licences\/by-nc-nd\/2.0\/fr\" target=\"_blank\" rel=\"noopener\">Creative Commons<\/a><\/p>\n<h4>Donateurs pour la r\u00e9alisation du 1er film recr\u00e9er (2013)<\/h4>\n<p>Franco Baldini, Fran\u00e7oise Barret, Jean-Marc Beurton, Claude Bonnard, Fran\u00e7ois Bouchet, Louis Bouchet, Christine Chastang, Emmanuel Cremonese, Marie-Jacqueline Couturier, Maurice Damon, Anne-Marie Detour, Marie-Claude Drutel, Robert Duclos, Philippe Dujardin, Robert Fouquet, Jean-Michel Ghinsberg, Elie Grillet, Ir\u00e8ne Guillot, Andr\u00e9 Guillot, Antoine Jeammaud, Olivier Leclerc, Jacques Leduc, Robert Mazet, V\u00e9ronique Meurgues, Marie Claude Mioche, Catherine Orecchioni, Josette Pais, Roland Ponsignon, Ren\u00e9e Rubino, l&rsquo;Institut Eva Ruschpaul, Jean-Fran\u00e7ois Say, Paul Verdier, l&rsquo;Universit\u00e9 de St ETIENNE, Sarah Wasserstrom.<\/p>\n<h4>Donateurs pour le webdocumentaire<\/h4>\n<p>Daniel Baby, Fran\u00e7ois Bouchet, Hubert Bouchet, Louis Bouchet, Olivier Chatelan, Josef et Paulette Ciesla, Marie-Jacqueline Couturier, Christine Daval, Fran\u00e7oise Delay, Bernard Dorel, Rafael Encinas de Munagorri, Jean-Michel Ghinsberg, Jean-Marc Gu\u00e8leraud, Ir\u00e8ne Guillot, Olivier Leclerc, Jacques et Reine-Marie Leduc, Philippe Merlant, V\u00e9ronique Meurgues, Marie-Claude Mioche, Christine Moiroux, Marie-Noelle Palley, Audrey Pascaud, Philippe Pluvinage, Roland Ponsignon, Michel Rautenberg, Marie-Claire Roche, Jean-Claude Rochigneux, Robert Rodriguez, Marie-Rose Rosset, Loup Thiollier.<\/p>\n<p>Entreprises<br \/>Cr\u00e9dit mutuel Feurs, Entreprise Nigay Feurs, Jardineries P\u00e9pini\u00e8res du Montal Feurs<\/p>","protected":false},"excerpt":{"rendered":"<p>DOCUMENTAIRE Goutelas, une utopie en actes (re)cr\u00e9er, ancrer, essaimer DOCUMENTAIRE Goutelas, une utopie en actes (re)cr\u00e9er, ancrer, essaimer Au d\u00e9but des ann\u00e9es 1960, des paysans, des ouvriers et des intellectuels unissent leurs efforts pour restaurer, sur les contreforts du Forez, une ancienne demeure de la Renaissance : le ch\u00e2teau de Goutelas. Le lieu devient un [&hellip;]<\/p>\n","protected":false},"author":8,"featured_media":11675,"parent":0,"menu_order":0,"comment_status":"closed","ping_status":"closed","template":"","meta":{"site-sidebar-layout":"no-sidebar","site-content-layout":"","ast-site-content-layout":"full-width-container","site-content-style":"unboxed","site-sidebar-style":"unboxed","ast-global-header-display":"","ast-banner-title-visibility":"","ast-main-header-display":"","ast-hfb-above-header-display":"","ast-hfb-below-header-display":"","ast-hfb-mobile-header-display":"","site-post-title":"disabled","ast-breadcrumbs-content":"","ast-featured-img":"disabled","footer-sml-layout":"","ast-disable-related-posts":"","theme-transparent-header-meta":"default","adv-header-id-meta":"","stick-header-meta":"default","header-above-stick-meta":"","header-main-stick-meta":"","header-below-stick-meta":"","astra-migrate-meta-layouts":"set","ast-page-background-enabled":"default","ast-page-background-meta":{"desktop":{"background-color":"","background-image":"","background-repeat":"repeat","background-position":"center center","background-size":"auto","background-attachment":"scroll","background-type":"","background-media":"","overlay-type":"","overlay-color":"","overlay-opacity":"","overlay-gradient":""},"tablet":{"background-color":"","background-image":"","background-repeat":"repeat","background-position":"center center","background-size":"auto","background-attachment":"scroll","background-type":"","background-media":"","overlay-type":"","overlay-color":"","overlay-opacity":"","overlay-gradient":""},"mobile":{"background-color":"","background-image":"","background-repeat":"repeat","background-position":"center center","background-size":"auto","background-attachment":"scroll","background-type":"","background-media":"","overlay-type":"","overlay-color":"","overlay-opacity":"","overlay-gradient":""}},"ast-content-background-meta":{"desktop":{"background-color":"var(--ast-global-color-5)","background-image":"","background-repeat":"repeat","background-position":"center center","background-size":"auto","background-attachment":"scroll","background-type":"","background-media":"","overlay-type":"","overlay-color":"","overlay-opacity":"","overlay-gradient":""},"tablet":{"background-color":"var(--ast-global-color-5)","background-image":"","background-repeat":"repeat","background-position":"center center","background-size":"auto","background-attachment":"scroll","background-type":"","background-media":"","overlay-type":"","overlay-color":"","overlay-opacity":"","overlay-gradient":""},"mobile":{"background-color":"var(--ast-global-color-5)","background-image":"","background-repeat":"repeat","background-position":"center center","background-size":"auto","background-attachment":"scroll","background-type":"","background-media":"","overlay-type":"","overlay-color":"","overlay-opacity":"","overlay-gradient":""}},"footnotes":""},"categories":[204],"tags":[],"class_list":["post-11416","page","type-page","status-publish","has-post-thumbnail","hentry","category-nous-rendre-visite"],"yoast_head":"<!-- This site is optimized with the Yoast SEO plugin v27.5 - https:\/\/yoast.com\/product\/yoast-seo-wordpress\/ -->\n<title>Goutelas, une utopie en actes - Ch\u00e2teau de Goutelas<\/title>\n<meta name=\"robots\" content=\"index, follow, max-snippet:-1, max-image-preview:large, max-video-preview:-1\" \/>\n<link rel=\"canonical\" href=\"https:\/\/www.chateaudegoutelas.fr\/en\/utopie-en-actes\/\" \/>\n<meta property=\"og:locale\" content=\"en_GB\" \/>\n<meta property=\"og:type\" content=\"article\" \/>\n<meta property=\"og:title\" content=\"Goutelas, une utopie en actes - Ch\u00e2teau de Goutelas\" \/>\n<meta property=\"og:description\" content=\"DOCUMENTAIRE Goutelas, une utopie en actes (re)cr\u00e9er, ancrer, essaimer DOCUMENTAIRE Goutelas, une utopie en actes (re)cr\u00e9er, ancrer, essaimer Au d\u00e9but des ann\u00e9es 1960, des paysans, des ouvriers et des intellectuels unissent leurs efforts pour restaurer, sur les contreforts du Forez, une ancienne demeure de la Renaissance : le ch\u00e2teau de Goutelas. Le lieu devient un [&hellip;]\" \/>\n<meta property=\"og:url\" content=\"https:\/\/www.chateaudegoutelas.fr\/en\/utopie-en-actes\/\" \/>\n<meta property=\"og:site_name\" content=\"Ch\u00e2teau de Goutelas\" \/>\n<meta property=\"article:modified_time\" content=\"2026-01-22T10:19:14+00:00\" \/>\n<meta property=\"og:image\" content=\"https:\/\/www.chateaudegoutelas.fr\/wp-content\/uploads\/2026\/01\/DSC_1223-scaled.jpg\" \/>\n\t<meta property=\"og:image:width\" content=\"1707\" \/>\n\t<meta property=\"og:image:height\" content=\"2560\" \/>\n\t<meta property=\"og:image:type\" content=\"image\/jpeg\" \/>\n<meta name=\"twitter:card\" content=\"summary_large_image\" \/>\n<meta name=\"twitter:label1\" content=\"Estimated reading time\" \/>\n\t<meta name=\"twitter:data1\" content=\"16 minutes\" \/>\n<script type=\"application\/ld+json\" class=\"yoast-schema-graph\">{\"@context\":\"https:\\\/\\\/schema.org\",\"@graph\":[{\"@type\":\"WebPage\",\"@id\":\"https:\\\/\\\/www.chateaudegoutelas.fr\\\/utopie-en-actes\\\/\",\"url\":\"https:\\\/\\\/www.chateaudegoutelas.fr\\\/utopie-en-actes\\\/\",\"name\":\"Goutelas, une utopie en actes - Ch\u00e2teau de Goutelas\",\"isPartOf\":{\"@id\":\"https:\\\/\\\/www.chateaudegoutelas.fr\\\/#website\"},\"primaryImageOfPage\":{\"@id\":\"https:\\\/\\\/www.chateaudegoutelas.fr\\\/utopie-en-actes\\\/#primaryimage\"},\"image\":{\"@id\":\"https:\\\/\\\/www.chateaudegoutelas.fr\\\/utopie-en-actes\\\/#primaryimage\"},\"thumbnailUrl\":\"https:\\\/\\\/www.chateaudegoutelas.fr\\\/wp-content\\\/uploads\\\/2026\\\/01\\\/DSC_1223-scaled.jpg\",\"datePublished\":\"2025-11-25T13:33:05+00:00\",\"dateModified\":\"2026-01-22T10:19:14+00:00\",\"breadcrumb\":{\"@id\":\"https:\\\/\\\/www.chateaudegoutelas.fr\\\/utopie-en-actes\\\/#breadcrumb\"},\"inLanguage\":\"en-GB\",\"potentialAction\":[{\"@type\":\"ReadAction\",\"target\":[\"https:\\\/\\\/www.chateaudegoutelas.fr\\\/utopie-en-actes\\\/\"]}]},{\"@type\":\"ImageObject\",\"inLanguage\":\"en-GB\",\"@id\":\"https:\\\/\\\/www.chateaudegoutelas.fr\\\/utopie-en-actes\\\/#primaryimage\",\"url\":\"https:\\\/\\\/www.chateaudegoutelas.fr\\\/wp-content\\\/uploads\\\/2026\\\/01\\\/DSC_1223-scaled.jpg\",\"contentUrl\":\"https:\\\/\\\/www.chateaudegoutelas.fr\\\/wp-content\\\/uploads\\\/2026\\\/01\\\/DSC_1223-scaled.jpg\",\"width\":1707,\"height\":2560},{\"@type\":\"BreadcrumbList\",\"@id\":\"https:\\\/\\\/www.chateaudegoutelas.fr\\\/utopie-en-actes\\\/#breadcrumb\",\"itemListElement\":[{\"@type\":\"ListItem\",\"position\":1,\"name\":\"Accueil\",\"item\":\"https:\\\/\\\/www.chateaudegoutelas.fr\\\/\"},{\"@type\":\"ListItem\",\"position\":2,\"name\":\"Goutelas, une utopie en actes\"}]},{\"@type\":\"WebSite\",\"@id\":\"https:\\\/\\\/www.chateaudegoutelas.fr\\\/#website\",\"url\":\"https:\\\/\\\/www.chateaudegoutelas.fr\\\/\",\"name\":\"Ch\u00e2teau de Goutelas\",\"description\":\"Un centre culturel de rencontre en Forez\",\"publisher\":{\"@id\":\"https:\\\/\\\/www.chateaudegoutelas.fr\\\/#organization\"},\"potentialAction\":[{\"@type\":\"SearchAction\",\"target\":{\"@type\":\"EntryPoint\",\"urlTemplate\":\"https:\\\/\\\/www.chateaudegoutelas.fr\\\/?s={search_term_string}\"},\"query-input\":{\"@type\":\"PropertyValueSpecification\",\"valueRequired\":true,\"valueName\":\"search_term_string\"}}],\"inLanguage\":\"en-GB\"},{\"@type\":\"Organization\",\"@id\":\"https:\\\/\\\/www.chateaudegoutelas.fr\\\/#organization\",\"name\":\"Ch\u00e2teau de Goutelas\",\"url\":\"https:\\\/\\\/www.chateaudegoutelas.fr\\\/\",\"logo\":{\"@type\":\"ImageObject\",\"inLanguage\":\"en-GB\",\"@id\":\"https:\\\/\\\/www.chateaudegoutelas.fr\\\/#\\\/schema\\\/logo\\\/image\\\/\",\"url\":\"https:\\\/\\\/www.chateaudegoutelas.fr\\\/wp-content\\\/uploads\\\/2023\\\/05\\\/logo-chateau-goutelas-bleu.png\",\"contentUrl\":\"https:\\\/\\\/www.chateaudegoutelas.fr\\\/wp-content\\\/uploads\\\/2023\\\/05\\\/logo-chateau-goutelas-bleu.png\",\"width\":1123,\"height\":327,\"caption\":\"Ch\u00e2teau de Goutelas\"},\"image\":{\"@id\":\"https:\\\/\\\/www.chateaudegoutelas.fr\\\/#\\\/schema\\\/logo\\\/image\\\/\"}}]}<\/script>\n<!-- \/ Yoast SEO plugin. -->","yoast_head_json":{"title":"Goutelas, une utopie en actes - Ch\u00e2teau de Goutelas","robots":{"index":"index","follow":"follow","max-snippet":"max-snippet:-1","max-image-preview":"max-image-preview:large","max-video-preview":"max-video-preview:-1"},"canonical":"https:\/\/www.chateaudegoutelas.fr\/en\/utopie-en-actes\/","og_locale":"en_GB","og_type":"article","og_title":"Goutelas, une utopie en actes - Ch\u00e2teau de Goutelas","og_description":"DOCUMENTAIRE Goutelas, une utopie en actes (re)cr\u00e9er, ancrer, essaimer DOCUMENTAIRE Goutelas, une utopie en actes (re)cr\u00e9er, ancrer, essaimer Au d\u00e9but des ann\u00e9es 1960, des paysans, des ouvriers et des intellectuels unissent leurs efforts pour restaurer, sur les contreforts du Forez, une ancienne demeure de la Renaissance : le ch\u00e2teau de Goutelas. Le lieu devient un [&hellip;]","og_url":"https:\/\/www.chateaudegoutelas.fr\/en\/utopie-en-actes\/","og_site_name":"Ch\u00e2teau de Goutelas","article_modified_time":"2026-01-22T10:19:14+00:00","og_image":[{"width":1707,"height":2560,"url":"https:\/\/www.chateaudegoutelas.fr\/wp-content\/uploads\/2026\/01\/DSC_1223-scaled.jpg","type":"image\/jpeg"}],"twitter_card":"summary_large_image","twitter_misc":{"Estimated reading time":"16 minutes"},"schema":{"@context":"https:\/\/schema.org","@graph":[{"@type":"WebPage","@id":"https:\/\/www.chateaudegoutelas.fr\/utopie-en-actes\/","url":"https:\/\/www.chateaudegoutelas.fr\/utopie-en-actes\/","name":"Goutelas, une utopie en actes - Ch\u00e2teau de Goutelas","isPartOf":{"@id":"https:\/\/www.chateaudegoutelas.fr\/#website"},"primaryImageOfPage":{"@id":"https:\/\/www.chateaudegoutelas.fr\/utopie-en-actes\/#primaryimage"},"image":{"@id":"https:\/\/www.chateaudegoutelas.fr\/utopie-en-actes\/#primaryimage"},"thumbnailUrl":"https:\/\/www.chateaudegoutelas.fr\/wp-content\/uploads\/2026\/01\/DSC_1223-scaled.jpg","datePublished":"2025-11-25T13:33:05+00:00","dateModified":"2026-01-22T10:19:14+00:00","breadcrumb":{"@id":"https:\/\/www.chateaudegoutelas.fr\/utopie-en-actes\/#breadcrumb"},"inLanguage":"en-GB","potentialAction":[{"@type":"ReadAction","target":["https:\/\/www.chateaudegoutelas.fr\/utopie-en-actes\/"]}]},{"@type":"ImageObject","inLanguage":"en-GB","@id":"https:\/\/www.chateaudegoutelas.fr\/utopie-en-actes\/#primaryimage","url":"https:\/\/www.chateaudegoutelas.fr\/wp-content\/uploads\/2026\/01\/DSC_1223-scaled.jpg","contentUrl":"https:\/\/www.chateaudegoutelas.fr\/wp-content\/uploads\/2026\/01\/DSC_1223-scaled.jpg","width":1707,"height":2560},{"@type":"BreadcrumbList","@id":"https:\/\/www.chateaudegoutelas.fr\/utopie-en-actes\/#breadcrumb","itemListElement":[{"@type":"ListItem","position":1,"name":"Accueil","item":"https:\/\/www.chateaudegoutelas.fr\/"},{"@type":"ListItem","position":2,"name":"Goutelas, une utopie en actes"}]},{"@type":"WebSite","@id":"https:\/\/www.chateaudegoutelas.fr\/#website","url":"https:\/\/www.chateaudegoutelas.fr\/","name":"Ch\u00e2teau de Goutelas","description":"Un centre culturel de rencontre en Forez","publisher":{"@id":"https:\/\/www.chateaudegoutelas.fr\/#organization"},"potentialAction":[{"@type":"SearchAction","target":{"@type":"EntryPoint","urlTemplate":"https:\/\/www.chateaudegoutelas.fr\/?s={search_term_string}"},"query-input":{"@type":"PropertyValueSpecification","valueRequired":true,"valueName":"search_term_string"}}],"inLanguage":"en-GB"},{"@type":"Organization","@id":"https:\/\/www.chateaudegoutelas.fr\/#organization","name":"Ch\u00e2teau de Goutelas","url":"https:\/\/www.chateaudegoutelas.fr\/","logo":{"@type":"ImageObject","inLanguage":"en-GB","@id":"https:\/\/www.chateaudegoutelas.fr\/#\/schema\/logo\/image\/","url":"https:\/\/www.chateaudegoutelas.fr\/wp-content\/uploads\/2023\/05\/logo-chateau-goutelas-bleu.png","contentUrl":"https:\/\/www.chateaudegoutelas.fr\/wp-content\/uploads\/2023\/05\/logo-chateau-goutelas-bleu.png","width":1123,"height":327,"caption":"Ch\u00e2teau de Goutelas"},"image":{"@id":"https:\/\/www.chateaudegoutelas.fr\/#\/schema\/logo\/image\/"}}]}},"_links":{"self":[{"href":"https:\/\/www.chateaudegoutelas.fr\/en\/wp-json\/wp\/v2\/pages\/11416","targetHints":{"allow":["GET"]}}],"collection":[{"href":"https:\/\/www.chateaudegoutelas.fr\/en\/wp-json\/wp\/v2\/pages"}],"about":[{"href":"https:\/\/www.chateaudegoutelas.fr\/en\/wp-json\/wp\/v2\/types\/page"}],"author":[{"embeddable":true,"href":"https:\/\/www.chateaudegoutelas.fr\/en\/wp-json\/wp\/v2\/users\/8"}],"replies":[{"embeddable":true,"href":"https:\/\/www.chateaudegoutelas.fr\/en\/wp-json\/wp\/v2\/comments?post=11416"}],"version-history":[{"count":19,"href":"https:\/\/www.chateaudegoutelas.fr\/en\/wp-json\/wp\/v2\/pages\/11416\/revisions"}],"predecessor-version":[{"id":11679,"href":"https:\/\/www.chateaudegoutelas.fr\/en\/wp-json\/wp\/v2\/pages\/11416\/revisions\/11679"}],"wp:featuredmedia":[{"embeddable":true,"href":"https:\/\/www.chateaudegoutelas.fr\/en\/wp-json\/wp\/v2\/media\/11675"}],"wp:attachment":[{"href":"https:\/\/www.chateaudegoutelas.fr\/en\/wp-json\/wp\/v2\/media?parent=11416"}],"wp:term":[{"taxonomy":"category","embeddable":true,"href":"https:\/\/www.chateaudegoutelas.fr\/en\/wp-json\/wp\/v2\/categories?post=11416"},{"taxonomy":"post_tag","embeddable":true,"href":"https:\/\/www.chateaudegoutelas.fr\/en\/wp-json\/wp\/v2\/tags?post=11416"}],"curies":[{"name":"wp","href":"https:\/\/api.w.org\/{rel}","templated":true}]}}