{"id":10157,"date":"2024-12-20T12:38:57","date_gmt":"2024-12-20T11:38:57","guid":{"rendered":"https:\/\/www.chateaudegoutelas.fr\/?page_id=10157"},"modified":"2025-09-26T17:22:28","modified_gmt":"2025-09-26T15:22:28","slug":"femmes-de-goutelas","status":"publish","type":"page","link":"https:\/\/www.chateaudegoutelas.fr\/en\/femmes-de-goutelas\/","title":{"rendered":"Femmes de Goutelas"},"content":{"rendered":"<h1>\n\t\t\t\tFemmes de Goutelas\n\t\t\t<\/h1>\n<h3>\n\t\t\tun r\u00e9cit au f\u00e9minin de l&rsquo;histoire du ch\u00e2teau\t<\/h3>\n\t<p>\u00a9 Ch\u00e2teau de Goutelas<\/p>\n<h1>\n\t\t\tFemmes de Goutelas\t<\/h1>\n<h3>\n\t\t\tUn r\u00e9cit au f\u00e9minin de l&rsquo;histoire du ch\u00e2teau\t<\/h3>\n<p>&nbsp;<\/p>\n<p>Femmes de Goutelas est <strong>une recherche-action pluridisciplinaire<\/strong> \u00a0&#8211; \u00a0historique, ethnographique et artistique &#8211; <strong>sur la place et le r\u00f4le des femmes \u00e0<\/strong> Goutelas depuis la reconstruction du ch\u00e2teau dans les ann\u00e9es 60, jusqu&rsquo;\u00e0 aujourd&rsquo;hui. Longtemps invisibilis\u00e9es, les femmes ont pourtant \u00e9t\u00e9 nombreuses \u00e0 participer \u00e0 l&rsquo;aventure exceptionnelle et \u00e0 la (re)naissance du ch\u00e2teau en tant que Centre culturel de rencontre.<\/p>\n<p>&nbsp;<\/p>\n<p>Convaincues qu&rsquo;une part f\u00e9minine manque \u00e0 l&rsquo;histoire de Goutelas et qu&rsquo;elle est \u00e0 r\u00e9introduire avec m\u00e9thode, <strong>un groupe de femmes &#8211; Marie-Claude Drutel, Ir\u00e8ne Guillot, Marie-Claude Mioche, Marie-No\u00ebl Moulin<\/strong>, membres du Conseil d&rsquo;administration de Goutelas &#8211; va \u00e0 la rencontre de t\u00e9moins et recueille leurs r\u00e9cits. Elles s&rsquo;entourent d&rsquo;<strong>une \u00e9quipe scientifique &#8211; Michel Rautenberg<\/strong>, professeur \u00e9m\u00e9rite de sociologie et <strong>Agathe Rochet<\/strong>, doctorante au Centre Max Weber de l&rsquo;Universit\u00e9 Jean Monnet de Saint-Etienne &#8211; <strong>et artistique &#8211; Costanza Matteucci<\/strong>, graphiste et sc\u00e9nographe, et le collectif pluridisciplinaire <strong>Carton Plein.<\/strong><\/p>\n<p>Afin de garder une trace tangible de cette m\u00e9moire in\u00e9dite, de la partager et transmettre au plus grand nombre de personnes, <strong>les r\u00e9cits seront publi\u00e9s sous la forme d&rsquo;une \u00e9dition artistique.<\/strong> Le livre\u00a0 sera ensuite activ\u00e9 sous forme d&rsquo;exposition, de rencontres et de balades matrimoniales au Ch\u00e2teau de Goutelas, \u00e0 l&rsquo;occasion des <strong>Journ\u00e9es europ\u00e9ennes du patrimoine en 2025<\/strong>. Avec ce projet, Goutelas poursuit son ambition d&rsquo;<strong>explorer<\/strong>, \u00e0 travers sa propre histoire, <strong>des enjeux contemporains qui traversent notre soci\u00e9t\u00e9. <\/strong>C&rsquo;est en revisitant sa propre histoire, que Goutelas interroge plus largement la place des femmes dans la soci\u00e9t\u00e9 rurale des XXe et XXIe si\u00e8cles.<\/p>\n<p>&nbsp;<\/p>\n<p><strong>PARTENAIRES<\/strong><\/p>\n<p>En partenariat avec le Centre de recherche Max Weber &#8211; Universit\u00e9 de Saint Etienne et l&rsquo;Association des Centres Culturels de Rencontre &#8211; ACCR. Laur\u00e9at de l&rsquo;appel \u00e0 projets\u00a0 \u00ab M\u00e9moires des XX et XXI\u00e8me si\u00e8cle en Auvergne Rh\u00f4ne-Alpes \u00bb, le projet re\u00e7oit\u00a0 le soutien de l&rsquo;Etat &#8211; DRAC et R\u00e9gion Auvergne-Rh\u00f4ne-Alpes et de la R\u00e9gion Auvergne-Rh\u00f4ne-Alpes.<\/p>\n<p><img loading=\"lazy\" decoding=\"async\" src=\"https:\/\/www.chateaudegoutelas.fr\/wp-content\/uploads\/2023\/09\/ACCR-1-1200x587.png\" alt=\"\" width=\"104\" height=\"49\" \/>\u00a0 \u00a0 \u00a0<img loading=\"lazy\" decoding=\"async\" src=\"https:\/\/www.chateaudegoutelas.fr\/wp-content\/uploads\/2020\/01\/Logo-DRACgris-233x300.jpg\" alt=\"\" width=\"57\" height=\"88\" \/>\u00a0 \u00a0 \u00a0<img loading=\"lazy\" decoding=\"async\" src=\"https:\/\/www.chateaudegoutelas.fr\/wp-content\/uploads\/2020\/01\/R\u00e9gion-AURA_N_B-300x156.png\" alt=\"\" width=\"142\" height=\"68\" \/><\/p>\n<h2>\n\t\t\tvoir aussi\t<\/h2>\n\t\t<a href=\"https:\/\/www.chateaudegoutelas.fr\/en\/femmes-au-chateau\/\" title=\"Afficher le contenu de la bo\u00eete\" target=\"_self\"  aria-label=\"Post Element\"><\/a>\t\t\n\t\t\t\t\t\t\t\t\t\t\t\t\t\t<a href=\"https:\/\/www.chateaudegoutelas.fr\/en\/femmes-au-chateau\/\" target=\"_self\" title=\"Sortie de livre : Femmes, au ch\u00e2teau !\">\n\t\t\t\t<img decoding=\"async\" src=\"https:\/\/www.chateaudegoutelas.fr\/wp-content\/uploads\/2025\/09\/visuel-carre-720x720.png\" alt=\"\" \/>\n\t\t\t\t<\/a>\n\t\t\t\t\t\t<h4>\n\t\t\t\t<a href=\"https:\/\/www.chateaudegoutelas.fr\/en\/femmes-au-chateau\/\" title=\"Sortie de livre : Femmes, au ch\u00e2teau !\">Sortie de livre : Femmes, au ch\u00e2teau !<\/a>\t\t\t<\/h4>\n\t\t<a href=\"https:\/\/www.chateaudegoutelas.fr\/en\/artiste\/costanza-matteucci\/\" title=\"Afficher le contenu de la bo\u00eete\" target=\"_self\"  aria-label=\"Post Element\"><\/a>\t\t\n\t\t\t\t\t\t\t\t\t\t\t\t\t\t<a href=\"https:\/\/www.chateaudegoutelas.fr\/en\/artiste\/costanza-matteucci\/\" target=\"_self\" title=\"Costanza Matteucci\">\n\t\t\t\t<img decoding=\"async\" src=\"https:\/\/www.chateaudegoutelas.fr\/wp-content\/uploads\/2024\/12\/CMatteucci-oct-2023-NB-720x720.jpg\" alt=\"\" \/>\n\t\t\t\t<\/a>\n\t\t\t\t\t\t<h4>\n\t\t\t\t<a href=\"https:\/\/www.chateaudegoutelas.fr\/en\/artiste\/costanza-matteucci\/\" title=\"Costanza Matteucci\">Costanza Matteucci<\/a>\t\t\t<\/h4>\n\t\t<a href=\"https:\/\/www.chateaudegoutelas.fr\/en\/artiste\/agathe-rochet\/\" title=\"Afficher le contenu de la bo\u00eete\" target=\"_self\"  aria-label=\"Post Element\"><\/a>\t\t\n\t\t\t\t\t\t\t\t\t\t\t\t\t\t<a href=\"https:\/\/www.chateaudegoutelas.fr\/en\/artiste\/agathe-rochet\/\" target=\"_self\" title=\"Agathe Rochet\">\n\t\t\t\t<img decoding=\"async\" src=\"https:\/\/www.chateaudegoutelas.fr\/wp-content\/uploads\/2025\/01\/agathe-rochet-720x720.jpg\" alt=\"\" \/>\n\t\t\t\t<\/a>\n\t\t\t\t\t\t<h4>\n\t\t\t\t<a href=\"https:\/\/www.chateaudegoutelas.fr\/en\/artiste\/agathe-rochet\/\" title=\"Agathe Rochet\">Agathe Rochet<\/a>\t\t\t<\/h4>","protected":false},"excerpt":{"rendered":"<p>Femmes de Goutelas un r\u00e9cit au f\u00e9minin de l&rsquo;histoire du ch\u00e2teau \u00a9 Ch\u00e2teau de Goutelas Femmes de Goutelas Un r\u00e9cit au f\u00e9minin de l&rsquo;histoire du ch\u00e2teau &nbsp; Femmes de Goutelas est une recherche-action pluridisciplinaire \u00a0&#8211; \u00a0historique, ethnographique et artistique &#8211; sur la place et le r\u00f4le des femmes \u00e0 Goutelas depuis la reconstruction du ch\u00e2teau [&hellip;]<\/p>\n","protected":false},"author":7,"featured_media":10162,"parent":0,"menu_order":0,"comment_status":"closed","ping_status":"closed","template":"","meta":{"site-sidebar-layout":"no-sidebar","site-content-layout":"page-builder","ast-site-content-layout":"full-width-container","site-content-style":"unboxed","site-sidebar-style":"unboxed","ast-global-header-display":"","ast-banner-title-visibility":"","ast-main-header-display":"","ast-hfb-above-header-display":"","ast-hfb-below-header-display":"","ast-hfb-mobile-header-display":"","site-post-title":"disabled","ast-breadcrumbs-content":"","ast-featured-img":"disabled","footer-sml-layout":"","ast-disable-related-posts":"","theme-transparent-header-meta":"default","adv-header-id-meta":"","stick-header-meta":"default","header-above-stick-meta":"","header-main-stick-meta":"","header-below-stick-meta":"","astra-migrate-meta-layouts":"set","ast-page-background-enabled":"default","ast-page-background-meta":{"desktop":{"background-color":"","background-image":"","background-repeat":"repeat","background-position":"center center","background-size":"auto","background-attachment":"scroll","background-type":"","background-media":"","overlay-type":"","overlay-color":"","overlay-opacity":"","overlay-gradient":""},"tablet":{"background-color":"","background-image":"","background-repeat":"repeat","background-position":"center center","background-size":"auto","background-attachment":"scroll","background-type":"","background-media":"","overlay-type":"","overlay-color":"","overlay-opacity":"","overlay-gradient":""},"mobile":{"background-color":"","background-image":"","background-repeat":"repeat","background-position":"center center","background-size":"auto","background-attachment":"scroll","background-type":"","background-media":"","overlay-type":"","overlay-color":"","overlay-opacity":"","overlay-gradient":""}},"ast-content-background-meta":{"desktop":{"background-color":"var(--ast-global-color-5)","background-image":"","background-repeat":"repeat","background-position":"center center","background-size":"auto","background-attachment":"scroll","background-type":"","background-media":"","overlay-type":"","overlay-color":"","overlay-opacity":"","overlay-gradient":""},"tablet":{"background-color":"var(--ast-global-color-5)","background-image":"","background-repeat":"repeat","background-position":"center center","background-size":"auto","background-attachment":"scroll","background-type":"","background-media":"","overlay-type":"","overlay-color":"","overlay-opacity":"","overlay-gradient":""},"mobile":{"background-color":"var(--ast-global-color-5)","background-image":"","background-repeat":"repeat","background-position":"center center","background-size":"auto","background-attachment":"scroll","background-type":"","background-media":"","overlay-type":"","overlay-color":"","overlay-opacity":"","overlay-gradient":""}},"footnotes":""},"categories":[],"tags":[324,323],"class_list":["post-10157","page","type-page","status-publish","has-post-thumbnail","hentry","tag-droits-culturels","tag-patrimoine"],"yoast_head":"<!-- This site is optimized with the Yoast SEO plugin v27.5 - https:\/\/yoast.com\/product\/yoast-seo-wordpress\/ -->\n<title>Femmes de Goutelas - Ch\u00e2teau de Goutelas<\/title>\n<meta name=\"robots\" content=\"index, follow, max-snippet:-1, max-image-preview:large, max-video-preview:-1\" \/>\n<link rel=\"canonical\" href=\"https:\/\/www.chateaudegoutelas.fr\/en\/femmes-de-goutelas\/\" \/>\n<meta property=\"og:locale\" content=\"en_GB\" \/>\n<meta property=\"og:type\" content=\"article\" \/>\n<meta property=\"og:title\" content=\"Femmes de Goutelas - Ch\u00e2teau de Goutelas\" \/>\n<meta property=\"og:description\" content=\"Femmes de Goutelas un r\u00e9cit au f\u00e9minin de l&rsquo;histoire du ch\u00e2teau \u00a9 Ch\u00e2teau de Goutelas Femmes de Goutelas Un r\u00e9cit au f\u00e9minin de l&rsquo;histoire du ch\u00e2teau &nbsp; Femmes de Goutelas est une recherche-action pluridisciplinaire \u00a0&#8211; \u00a0historique, ethnographique et artistique &#8211; sur la place et le r\u00f4le des femmes \u00e0 Goutelas depuis la reconstruction du ch\u00e2teau [&hellip;]\" \/>\n<meta property=\"og:url\" content=\"https:\/\/www.chateaudegoutelas.fr\/en\/femmes-de-goutelas\/\" \/>\n<meta property=\"og:site_name\" content=\"Ch\u00e2teau de Goutelas\" \/>\n<meta property=\"article:modified_time\" content=\"2025-09-26T15:22:28+00:00\" \/>\n<meta property=\"og:image\" content=\"https:\/\/www.chateaudegoutelas.fr\/wp-content\/uploads\/2024\/12\/image8.jpg\" \/>\n\t<meta property=\"og:image:width\" content=\"1152\" \/>\n\t<meta property=\"og:image:height\" content=\"1728\" \/>\n\t<meta property=\"og:image:type\" content=\"image\/jpeg\" \/>\n<meta name=\"twitter:card\" content=\"summary_large_image\" \/>\n<meta name=\"twitter:label1\" content=\"Estimated reading time\" \/>\n\t<meta name=\"twitter:data1\" content=\"4 minutes\" \/>\n<script type=\"application\/ld+json\" class=\"yoast-schema-graph\">{\"@context\":\"https:\\\/\\\/schema.org\",\"@graph\":[{\"@type\":\"WebPage\",\"@id\":\"https:\\\/\\\/www.chateaudegoutelas.fr\\\/femmes-de-goutelas\\\/\",\"url\":\"https:\\\/\\\/www.chateaudegoutelas.fr\\\/femmes-de-goutelas\\\/\",\"name\":\"Femmes de Goutelas - Ch\u00e2teau de Goutelas\",\"isPartOf\":{\"@id\":\"https:\\\/\\\/www.chateaudegoutelas.fr\\\/#website\"},\"primaryImageOfPage\":{\"@id\":\"https:\\\/\\\/www.chateaudegoutelas.fr\\\/femmes-de-goutelas\\\/#primaryimage\"},\"image\":{\"@id\":\"https:\\\/\\\/www.chateaudegoutelas.fr\\\/femmes-de-goutelas\\\/#primaryimage\"},\"thumbnailUrl\":\"https:\\\/\\\/www.chateaudegoutelas.fr\\\/wp-content\\\/uploads\\\/2024\\\/12\\\/image8.jpg\",\"datePublished\":\"2024-12-20T11:38:57+00:00\",\"dateModified\":\"2025-09-26T15:22:28+00:00\",\"breadcrumb\":{\"@id\":\"https:\\\/\\\/www.chateaudegoutelas.fr\\\/femmes-de-goutelas\\\/#breadcrumb\"},\"inLanguage\":\"en-GB\",\"potentialAction\":[{\"@type\":\"ReadAction\",\"target\":[\"https:\\\/\\\/www.chateaudegoutelas.fr\\\/femmes-de-goutelas\\\/\"]}]},{\"@type\":\"ImageObject\",\"inLanguage\":\"en-GB\",\"@id\":\"https:\\\/\\\/www.chateaudegoutelas.fr\\\/femmes-de-goutelas\\\/#primaryimage\",\"url\":\"https:\\\/\\\/www.chateaudegoutelas.fr\\\/wp-content\\\/uploads\\\/2024\\\/12\\\/image8.jpg\",\"contentUrl\":\"https:\\\/\\\/www.chateaudegoutelas.fr\\\/wp-content\\\/uploads\\\/2024\\\/12\\\/image8.jpg\",\"width\":1152,\"height\":1728},{\"@type\":\"BreadcrumbList\",\"@id\":\"https:\\\/\\\/www.chateaudegoutelas.fr\\\/femmes-de-goutelas\\\/#breadcrumb\",\"itemListElement\":[{\"@type\":\"ListItem\",\"position\":1,\"name\":\"Accueil\",\"item\":\"https:\\\/\\\/www.chateaudegoutelas.fr\\\/\"},{\"@type\":\"ListItem\",\"position\":2,\"name\":\"Femmes de Goutelas\"}]},{\"@type\":\"WebSite\",\"@id\":\"https:\\\/\\\/www.chateaudegoutelas.fr\\\/#website\",\"url\":\"https:\\\/\\\/www.chateaudegoutelas.fr\\\/\",\"name\":\"Ch\u00e2teau de Goutelas\",\"description\":\"Un centre culturel de rencontre en Forez\",\"publisher\":{\"@id\":\"https:\\\/\\\/www.chateaudegoutelas.fr\\\/#organization\"},\"potentialAction\":[{\"@type\":\"SearchAction\",\"target\":{\"@type\":\"EntryPoint\",\"urlTemplate\":\"https:\\\/\\\/www.chateaudegoutelas.fr\\\/?s={search_term_string}\"},\"query-input\":{\"@type\":\"PropertyValueSpecification\",\"valueRequired\":true,\"valueName\":\"search_term_string\"}}],\"inLanguage\":\"en-GB\"},{\"@type\":\"Organization\",\"@id\":\"https:\\\/\\\/www.chateaudegoutelas.fr\\\/#organization\",\"name\":\"Ch\u00e2teau de Goutelas\",\"url\":\"https:\\\/\\\/www.chateaudegoutelas.fr\\\/\",\"logo\":{\"@type\":\"ImageObject\",\"inLanguage\":\"en-GB\",\"@id\":\"https:\\\/\\\/www.chateaudegoutelas.fr\\\/#\\\/schema\\\/logo\\\/image\\\/\",\"url\":\"https:\\\/\\\/www.chateaudegoutelas.fr\\\/wp-content\\\/uploads\\\/2023\\\/05\\\/logo-chateau-goutelas-bleu.png\",\"contentUrl\":\"https:\\\/\\\/www.chateaudegoutelas.fr\\\/wp-content\\\/uploads\\\/2023\\\/05\\\/logo-chateau-goutelas-bleu.png\",\"width\":1123,\"height\":327,\"caption\":\"Ch\u00e2teau de Goutelas\"},\"image\":{\"@id\":\"https:\\\/\\\/www.chateaudegoutelas.fr\\\/#\\\/schema\\\/logo\\\/image\\\/\"}}]}<\/script>\n<!-- \/ Yoast SEO plugin. -->","yoast_head_json":{"title":"Femmes de Goutelas - Ch\u00e2teau de Goutelas","robots":{"index":"index","follow":"follow","max-snippet":"max-snippet:-1","max-image-preview":"max-image-preview:large","max-video-preview":"max-video-preview:-1"},"canonical":"https:\/\/www.chateaudegoutelas.fr\/en\/femmes-de-goutelas\/","og_locale":"en_GB","og_type":"article","og_title":"Femmes de Goutelas - Ch\u00e2teau de Goutelas","og_description":"Femmes de Goutelas un r\u00e9cit au f\u00e9minin de l&rsquo;histoire du ch\u00e2teau \u00a9 Ch\u00e2teau de Goutelas Femmes de Goutelas Un r\u00e9cit au f\u00e9minin de l&rsquo;histoire du ch\u00e2teau &nbsp; Femmes de Goutelas est une recherche-action pluridisciplinaire \u00a0&#8211; \u00a0historique, ethnographique et artistique &#8211; sur la place et le r\u00f4le des femmes \u00e0 Goutelas depuis la reconstruction du ch\u00e2teau [&hellip;]","og_url":"https:\/\/www.chateaudegoutelas.fr\/en\/femmes-de-goutelas\/","og_site_name":"Ch\u00e2teau de Goutelas","article_modified_time":"2025-09-26T15:22:28+00:00","og_image":[{"width":1152,"height":1728,"url":"https:\/\/www.chateaudegoutelas.fr\/wp-content\/uploads\/2024\/12\/image8.jpg","type":"image\/jpeg"}],"twitter_card":"summary_large_image","twitter_misc":{"Estimated reading time":"4 minutes"},"schema":{"@context":"https:\/\/schema.org","@graph":[{"@type":"WebPage","@id":"https:\/\/www.chateaudegoutelas.fr\/femmes-de-goutelas\/","url":"https:\/\/www.chateaudegoutelas.fr\/femmes-de-goutelas\/","name":"Femmes de Goutelas - Ch\u00e2teau de Goutelas","isPartOf":{"@id":"https:\/\/www.chateaudegoutelas.fr\/#website"},"primaryImageOfPage":{"@id":"https:\/\/www.chateaudegoutelas.fr\/femmes-de-goutelas\/#primaryimage"},"image":{"@id":"https:\/\/www.chateaudegoutelas.fr\/femmes-de-goutelas\/#primaryimage"},"thumbnailUrl":"https:\/\/www.chateaudegoutelas.fr\/wp-content\/uploads\/2024\/12\/image8.jpg","datePublished":"2024-12-20T11:38:57+00:00","dateModified":"2025-09-26T15:22:28+00:00","breadcrumb":{"@id":"https:\/\/www.chateaudegoutelas.fr\/femmes-de-goutelas\/#breadcrumb"},"inLanguage":"en-GB","potentialAction":[{"@type":"ReadAction","target":["https:\/\/www.chateaudegoutelas.fr\/femmes-de-goutelas\/"]}]},{"@type":"ImageObject","inLanguage":"en-GB","@id":"https:\/\/www.chateaudegoutelas.fr\/femmes-de-goutelas\/#primaryimage","url":"https:\/\/www.chateaudegoutelas.fr\/wp-content\/uploads\/2024\/12\/image8.jpg","contentUrl":"https:\/\/www.chateaudegoutelas.fr\/wp-content\/uploads\/2024\/12\/image8.jpg","width":1152,"height":1728},{"@type":"BreadcrumbList","@id":"https:\/\/www.chateaudegoutelas.fr\/femmes-de-goutelas\/#breadcrumb","itemListElement":[{"@type":"ListItem","position":1,"name":"Accueil","item":"https:\/\/www.chateaudegoutelas.fr\/"},{"@type":"ListItem","position":2,"name":"Femmes de Goutelas"}]},{"@type":"WebSite","@id":"https:\/\/www.chateaudegoutelas.fr\/#website","url":"https:\/\/www.chateaudegoutelas.fr\/","name":"Ch\u00e2teau de Goutelas","description":"Un centre culturel de rencontre en Forez","publisher":{"@id":"https:\/\/www.chateaudegoutelas.fr\/#organization"},"potentialAction":[{"@type":"SearchAction","target":{"@type":"EntryPoint","urlTemplate":"https:\/\/www.chateaudegoutelas.fr\/?s={search_term_string}"},"query-input":{"@type":"PropertyValueSpecification","valueRequired":true,"valueName":"search_term_string"}}],"inLanguage":"en-GB"},{"@type":"Organization","@id":"https:\/\/www.chateaudegoutelas.fr\/#organization","name":"Ch\u00e2teau de Goutelas","url":"https:\/\/www.chateaudegoutelas.fr\/","logo":{"@type":"ImageObject","inLanguage":"en-GB","@id":"https:\/\/www.chateaudegoutelas.fr\/#\/schema\/logo\/image\/","url":"https:\/\/www.chateaudegoutelas.fr\/wp-content\/uploads\/2023\/05\/logo-chateau-goutelas-bleu.png","contentUrl":"https:\/\/www.chateaudegoutelas.fr\/wp-content\/uploads\/2023\/05\/logo-chateau-goutelas-bleu.png","width":1123,"height":327,"caption":"Ch\u00e2teau de Goutelas"},"image":{"@id":"https:\/\/www.chateaudegoutelas.fr\/#\/schema\/logo\/image\/"}}]}},"_links":{"self":[{"href":"https:\/\/www.chateaudegoutelas.fr\/en\/wp-json\/wp\/v2\/pages\/10157","targetHints":{"allow":["GET"]}}],"collection":[{"href":"https:\/\/www.chateaudegoutelas.fr\/en\/wp-json\/wp\/v2\/pages"}],"about":[{"href":"https:\/\/www.chateaudegoutelas.fr\/en\/wp-json\/wp\/v2\/types\/page"}],"author":[{"embeddable":true,"href":"https:\/\/www.chateaudegoutelas.fr\/en\/wp-json\/wp\/v2\/users\/7"}],"replies":[{"embeddable":true,"href":"https:\/\/www.chateaudegoutelas.fr\/en\/wp-json\/wp\/v2\/comments?post=10157"}],"version-history":[{"count":6,"href":"https:\/\/www.chateaudegoutelas.fr\/en\/wp-json\/wp\/v2\/pages\/10157\/revisions"}],"predecessor-version":[{"id":11184,"href":"https:\/\/www.chateaudegoutelas.fr\/en\/wp-json\/wp\/v2\/pages\/10157\/revisions\/11184"}],"wp:featuredmedia":[{"embeddable":true,"href":"https:\/\/www.chateaudegoutelas.fr\/en\/wp-json\/wp\/v2\/media\/10162"}],"wp:attachment":[{"href":"https:\/\/www.chateaudegoutelas.fr\/en\/wp-json\/wp\/v2\/media?parent=10157"}],"wp:term":[{"taxonomy":"category","embeddable":true,"href":"https:\/\/www.chateaudegoutelas.fr\/en\/wp-json\/wp\/v2\/categories?post=10157"},{"taxonomy":"post_tag","embeddable":true,"href":"https:\/\/www.chateaudegoutelas.fr\/en\/wp-json\/wp\/v2\/tags?post=10157"}],"curies":[{"name":"wp","href":"https:\/\/api.w.org\/{rel}","templated":true}]}}