{"id":10130,"date":"2024-12-20T11:47:24","date_gmt":"2024-12-20T10:47:24","guid":{"rendered":"https:\/\/www.chateaudegoutelas.fr\/?page_id=10130"},"modified":"2024-12-20T15:12:58","modified_gmt":"2024-12-20T14:12:58","slug":"la-forez-academy","status":"publish","type":"page","link":"https:\/\/www.chateaudegoutelas.fr\/en\/la-forez-academy\/","title":{"rendered":"La Forez Academy"},"content":{"rendered":"<h1>\n\t\tLa Forez Academy : une vie en chansons\n\t<\/h1>\n<h3>\n\t\tUne com\u00e9die musicale cr\u00e9\u00e9e avec les habitant\u00b7e\u00b7s du Forez\n\t<\/h3>\n\t<p>\u00a9 Lionel Goiset<\/p>\n<h1>\n\t\tLa Forez Academy : une vie en chansons\n\t<\/h1>\n<h3>\n\t\tUne com\u00e9die musicale cr\u00e9\u00e9e avec les habitant\u00b7e\u00b7s du Forez\n\t<\/h3>\nEn 2020-2021, 21 habitantes et habitants du Forez (42) rel\u00e8vent le d\u00e9fi de cr\u00e9er une com\u00e9die musicale pour raconter une vie en chansons.<br \/>\nApr\u00e8s des auditions en vid\u00e9o pendant le confinement de 2020, puis en live sur des sc\u00e8nes de la r\u00e9gion, la troupe constitu\u00e9e travaille pendant plusieurs mois \u00e0 la cr\u00e9ation du spectacle, accompagn\u00e9e par des artistes professionnels et soutenue par des b\u00e9n\u00e9voles.\n<p>D\u00e9couvrez le film d&rsquo;un spectacle in\u00e9dit et surtout d&rsquo;une aventure artistique et humaine exceptionnelle !<\/p>\n<p><i>Un projet coordonn\u00e9 par Loire Forez agglom\u00e9ration, la Cie La Cogite et le Ch\u00e2teau de Goutelas dans le cadre de la Convention territoriale pour l&rsquo;\u00e9ducation aux arts et \u00e0 la culture.<\/i><\/p>\n\t<iframe loading=\"lazy\" title=\"Making of Forez Academy 2021\" width=\"500\" height=\"281\" src=\"https:\/\/www.youtube.com\/embed\/fN9Urlj6x-A?feature=oembed\" frameborder=\"0\" allow=\"accelerometer; autoplay; clipboard-write; encrypted-media; gyroscope; picture-in-picture; web-share\" referrerpolicy=\"strict-origin-when-cross-origin\" allowfullscreen><\/iframe>\n\t\t\t<h3>Projets partag\u00e9s &#038; droits culturels<\/h3>\t\t\t\n\t\t\t\t<p>Goutelas coordonne tout au long de l&rsquo;ann\u00e9e des projets artistiques et culturels avec les habitant\u00b7e\u00b7s du Forez, gr\u00e2ce aux liens forts tiss\u00e9s avec des \u00e9tablissements scolaires, socioculturels, de sant\u00e9,&#8230;\u00a0Toutes ces rencontres sont anim\u00e9es par l&rsquo;\u00e9thique et le r\u00e9f\u00e9rentiel des droits culturels : permettre \u00e0 chacun\u00b7e, seul\u00b7e ou en commun, de participer \u00e0 la vie culturelle, d&rsquo;y contribuer avec ses propres r\u00e9f\u00e9rences, exp\u00e9riences et pratiques tout en ayant acc\u00e8s \u00e0 une diversit\u00e9 de ressources culturelles.<\/p>\n<h2>\n\t\ten images\n\t<\/h2>\n\t<p>\u00a9 Ch\u00e2teau de Goutelas (r\u00e9p\u00e9titions) \/ \u00a9 Lionel Goiset (spectacle)<\/p>\n<h2>\n\t\tvoir aussi\n\t<\/h2>\n\t\t\t\t<img loading=\"lazy\" decoding=\"async\" src=\"https:\/\/www.chateaudegoutelas.fr\/wp-content\/uploads\/2023\/06\/gimmick-goutelas-vert-rouge-720x720.png\" alt=\"gimmick-goutelas-vert-rouge\" itemprop=\"image\" height=\"720\" width=\"720\" title=\"gimmick-goutelas-vert-rouge\" onerror=\"this.style.display='none'\"  \/>\n\t\t<a href=\"https:\/\/www.chateaudegoutelas.fr\/en\/saison-culturelle\/en-famille\/\" title=\"View Box Content\" target=\"_self\"  aria-label=\"Post Element\"><\/a>\t\t\n\t\t\t\t\t\t\t\t\t\t\t\t\t\t<a href=\"https:\/\/www.chateaudegoutelas.fr\/en\/saison-culturelle\/en-famille\/\" target=\"_self\" title=\"En famille\">\n\t\t\t\t<img decoding=\"async\" src=\"https:\/\/www.chateaudegoutelas.fr\/wp-content\/uploads\/2023\/10\/DSC0112-720x720.jpg\" alt=\"\" \/>\n\t\t\t\t<\/a>\n\t\t\t\t\t\t<h4>\n\t\t\t\t<a href=\"https:\/\/www.chateaudegoutelas.fr\/en\/saison-culturelle\/en-famille\/\" title=\"En famille\" tabindex=\"0\">En famille<\/a>\t\t\t<\/h4>","protected":false},"excerpt":{"rendered":"<p>La Forez Academy : une vie en chansons Une com\u00e9die musicale cr\u00e9\u00e9e avec les habitant\u00b7e\u00b7s du Forez \u00a9 Lionel Goiset La Forez Academy : une vie en chansons Une com\u00e9die musicale cr\u00e9\u00e9e avec les habitant\u00b7e\u00b7s du Forez En 2020-2021, 21 habitantes et habitants du Forez (42) rel\u00e8vent le d\u00e9fi de cr\u00e9er une com\u00e9die musicale pour [&hellip;]<\/p>\n","protected":false},"author":7,"featured_media":10131,"parent":0,"menu_order":0,"comment_status":"closed","ping_status":"closed","template":"","meta":{"site-sidebar-layout":"no-sidebar","site-content-layout":null,"ast-site-content-layout":"full-width-container","site-content-style":"unboxed","site-sidebar-style":"unboxed","ast-global-header-display":"","ast-banner-title-visibility":"","ast-main-header-display":"","ast-hfb-above-header-display":null,"ast-hfb-below-header-display":null,"ast-hfb-mobile-header-display":"","site-post-title":"disabled","ast-breadcrumbs-content":null,"ast-featured-img":"disabled","footer-sml-layout":"","ast-disable-related-posts":"","theme-transparent-header-meta":"default","adv-header-id-meta":"","stick-header-meta":"default","header-above-stick-meta":null,"header-main-stick-meta":"","header-below-stick-meta":null,"astra-migrate-meta-layouts":"set","ast-page-background-enabled":"default","ast-page-background-meta":{"desktop":{"background-color":"","background-image":"","background-repeat":"repeat","background-position":"center center","background-size":"auto","background-attachment":"scroll","background-type":"","background-media":"","overlay-type":"","overlay-color":"","overlay-opacity":"","overlay-gradient":""},"tablet":{"background-color":"","background-image":"","background-repeat":"repeat","background-position":"center center","background-size":"auto","background-attachment":"scroll","background-type":"","background-media":"","overlay-type":"","overlay-color":"","overlay-opacity":"","overlay-gradient":""},"mobile":{"background-color":"","background-image":"","background-repeat":"repeat","background-position":"center center","background-size":"auto","background-attachment":"scroll","background-type":"","background-media":"","overlay-type":"","overlay-color":"","overlay-opacity":"","overlay-gradient":""}},"ast-content-background-meta":{"desktop":{"background-color":"var(--ast-global-color-5)","background-image":"","background-repeat":"repeat","background-position":"center center","background-size":"auto","background-attachment":"scroll","background-type":"","background-media":"","overlay-type":"","overlay-color":"","overlay-opacity":"","overlay-gradient":""},"tablet":{"background-color":"var(--ast-global-color-5)","background-image":"","background-repeat":"repeat","background-position":"center center","background-size":"auto","background-attachment":"scroll","background-type":"","background-media":"","overlay-type":"","overlay-color":"","overlay-opacity":"","overlay-gradient":""},"mobile":{"background-color":"var(--ast-global-color-5)","background-image":"","background-repeat":"repeat","background-position":"center center","background-size":"auto","background-attachment":"scroll","background-type":"","background-media":"","overlay-type":"","overlay-color":"","overlay-opacity":"","overlay-gradient":""}},"footnotes":""},"categories":[],"tags":[],"class_list":["post-10130","page","type-page","status-publish","has-post-thumbnail","hentry"],"yoast_head":"<!-- This site is optimized with the Yoast SEO plugin v27.5 - https:\/\/yoast.com\/product\/yoast-seo-wordpress\/ -->\n<title>La Forez Academy - Ch\u00e2teau de Goutelas<\/title>\n<meta name=\"robots\" content=\"index, follow, max-snippet:-1, max-image-preview:large, max-video-preview:-1\" \/>\n<link rel=\"canonical\" href=\"https:\/\/www.chateaudegoutelas.fr\/en\/la-forez-academy\/\" \/>\n<meta property=\"og:locale\" content=\"en_GB\" \/>\n<meta property=\"og:type\" content=\"article\" \/>\n<meta property=\"og:title\" content=\"La Forez Academy - Ch\u00e2teau de Goutelas\" \/>\n<meta property=\"og:description\" content=\"La Forez Academy : une vie en chansons Une com\u00e9die musicale cr\u00e9\u00e9e avec les habitant\u00b7e\u00b7s du Forez \u00a9 Lionel Goiset La Forez Academy : une vie en chansons Une com\u00e9die musicale cr\u00e9\u00e9e avec les habitant\u00b7e\u00b7s du Forez En 2020-2021, 21 habitantes et habitants du Forez (42) rel\u00e8vent le d\u00e9fi de cr\u00e9er une com\u00e9die musicale pour [&hellip;]\" \/>\n<meta property=\"og:url\" content=\"https:\/\/www.chateaudegoutelas.fr\/en\/la-forez-academy\/\" \/>\n<meta property=\"og:site_name\" content=\"Ch\u00e2teau de Goutelas\" \/>\n<meta property=\"article:modified_time\" content=\"2024-12-20T14:12:58+00:00\" \/>\n<meta property=\"og:image\" content=\"https:\/\/www.chateaudegoutelas.fr\/wp-content\/uploads\/2024\/12\/149-A99A8915-2.jpg\" \/>\n\t<meta property=\"og:image:width\" content=\"1363\" \/>\n\t<meta property=\"og:image:height\" content=\"1364\" \/>\n\t<meta property=\"og:image:type\" content=\"image\/jpeg\" \/>\n<meta name=\"twitter:card\" content=\"summary_large_image\" \/>\n<meta name=\"twitter:label1\" content=\"Estimated reading time\" \/>\n\t<meta name=\"twitter:data1\" content=\"4 minutes\" \/>\n<script type=\"application\/ld+json\" class=\"yoast-schema-graph\">{\"@context\":\"https:\\\/\\\/schema.org\",\"@graph\":[{\"@type\":\"WebPage\",\"@id\":\"https:\\\/\\\/www.chateaudegoutelas.fr\\\/la-forez-academy\\\/\",\"url\":\"https:\\\/\\\/www.chateaudegoutelas.fr\\\/la-forez-academy\\\/\",\"name\":\"La Forez Academy - Ch\u00e2teau de Goutelas\",\"isPartOf\":{\"@id\":\"https:\\\/\\\/www.chateaudegoutelas.fr\\\/#website\"},\"primaryImageOfPage\":{\"@id\":\"https:\\\/\\\/www.chateaudegoutelas.fr\\\/la-forez-academy\\\/#primaryimage\"},\"image\":{\"@id\":\"https:\\\/\\\/www.chateaudegoutelas.fr\\\/la-forez-academy\\\/#primaryimage\"},\"thumbnailUrl\":\"https:\\\/\\\/www.chateaudegoutelas.fr\\\/wp-content\\\/uploads\\\/2024\\\/12\\\/149-A99A8915-2.jpg\",\"datePublished\":\"2024-12-20T10:47:24+00:00\",\"dateModified\":\"2024-12-20T14:12:58+00:00\",\"breadcrumb\":{\"@id\":\"https:\\\/\\\/www.chateaudegoutelas.fr\\\/la-forez-academy\\\/#breadcrumb\"},\"inLanguage\":\"en-GB\",\"potentialAction\":[{\"@type\":\"ReadAction\",\"target\":[\"https:\\\/\\\/www.chateaudegoutelas.fr\\\/la-forez-academy\\\/\"]}]},{\"@type\":\"ImageObject\",\"inLanguage\":\"en-GB\",\"@id\":\"https:\\\/\\\/www.chateaudegoutelas.fr\\\/la-forez-academy\\\/#primaryimage\",\"url\":\"https:\\\/\\\/www.chateaudegoutelas.fr\\\/wp-content\\\/uploads\\\/2024\\\/12\\\/149-A99A8915-2.jpg\",\"contentUrl\":\"https:\\\/\\\/www.chateaudegoutelas.fr\\\/wp-content\\\/uploads\\\/2024\\\/12\\\/149-A99A8915-2.jpg\",\"width\":1363,\"height\":1364},{\"@type\":\"BreadcrumbList\",\"@id\":\"https:\\\/\\\/www.chateaudegoutelas.fr\\\/la-forez-academy\\\/#breadcrumb\",\"itemListElement\":[{\"@type\":\"ListItem\",\"position\":1,\"name\":\"Accueil\",\"item\":\"https:\\\/\\\/www.chateaudegoutelas.fr\\\/\"},{\"@type\":\"ListItem\",\"position\":2,\"name\":\"La Forez Academy\"}]},{\"@type\":\"WebSite\",\"@id\":\"https:\\\/\\\/www.chateaudegoutelas.fr\\\/#website\",\"url\":\"https:\\\/\\\/www.chateaudegoutelas.fr\\\/\",\"name\":\"Ch\u00e2teau de Goutelas\",\"description\":\"Un centre culturel de rencontre en Forez\",\"publisher\":{\"@id\":\"https:\\\/\\\/www.chateaudegoutelas.fr\\\/#organization\"},\"potentialAction\":[{\"@type\":\"SearchAction\",\"target\":{\"@type\":\"EntryPoint\",\"urlTemplate\":\"https:\\\/\\\/www.chateaudegoutelas.fr\\\/?s={search_term_string}\"},\"query-input\":{\"@type\":\"PropertyValueSpecification\",\"valueRequired\":true,\"valueName\":\"search_term_string\"}}],\"inLanguage\":\"en-GB\"},{\"@type\":\"Organization\",\"@id\":\"https:\\\/\\\/www.chateaudegoutelas.fr\\\/#organization\",\"name\":\"Ch\u00e2teau de Goutelas\",\"url\":\"https:\\\/\\\/www.chateaudegoutelas.fr\\\/\",\"logo\":{\"@type\":\"ImageObject\",\"inLanguage\":\"en-GB\",\"@id\":\"https:\\\/\\\/www.chateaudegoutelas.fr\\\/#\\\/schema\\\/logo\\\/image\\\/\",\"url\":\"https:\\\/\\\/www.chateaudegoutelas.fr\\\/wp-content\\\/uploads\\\/2023\\\/05\\\/logo-chateau-goutelas-bleu.png\",\"contentUrl\":\"https:\\\/\\\/www.chateaudegoutelas.fr\\\/wp-content\\\/uploads\\\/2023\\\/05\\\/logo-chateau-goutelas-bleu.png\",\"width\":1123,\"height\":327,\"caption\":\"Ch\u00e2teau de Goutelas\"},\"image\":{\"@id\":\"https:\\\/\\\/www.chateaudegoutelas.fr\\\/#\\\/schema\\\/logo\\\/image\\\/\"}}]}<\/script>\n<!-- \/ Yoast SEO plugin. -->","yoast_head_json":{"title":"La Forez Academy - Ch\u00e2teau de Goutelas","robots":{"index":"index","follow":"follow","max-snippet":"max-snippet:-1","max-image-preview":"max-image-preview:large","max-video-preview":"max-video-preview:-1"},"canonical":"https:\/\/www.chateaudegoutelas.fr\/en\/la-forez-academy\/","og_locale":"en_GB","og_type":"article","og_title":"La Forez Academy - Ch\u00e2teau de Goutelas","og_description":"La Forez Academy : une vie en chansons Une com\u00e9die musicale cr\u00e9\u00e9e avec les habitant\u00b7e\u00b7s du Forez \u00a9 Lionel Goiset La Forez Academy : une vie en chansons Une com\u00e9die musicale cr\u00e9\u00e9e avec les habitant\u00b7e\u00b7s du Forez En 2020-2021, 21 habitantes et habitants du Forez (42) rel\u00e8vent le d\u00e9fi de cr\u00e9er une com\u00e9die musicale pour [&hellip;]","og_url":"https:\/\/www.chateaudegoutelas.fr\/en\/la-forez-academy\/","og_site_name":"Ch\u00e2teau de Goutelas","article_modified_time":"2024-12-20T14:12:58+00:00","og_image":[{"width":1363,"height":1364,"url":"https:\/\/www.chateaudegoutelas.fr\/wp-content\/uploads\/2024\/12\/149-A99A8915-2.jpg","type":"image\/jpeg"}],"twitter_card":"summary_large_image","twitter_misc":{"Estimated reading time":"4 minutes"},"schema":{"@context":"https:\/\/schema.org","@graph":[{"@type":"WebPage","@id":"https:\/\/www.chateaudegoutelas.fr\/la-forez-academy\/","url":"https:\/\/www.chateaudegoutelas.fr\/la-forez-academy\/","name":"La Forez Academy - Ch\u00e2teau de Goutelas","isPartOf":{"@id":"https:\/\/www.chateaudegoutelas.fr\/#website"},"primaryImageOfPage":{"@id":"https:\/\/www.chateaudegoutelas.fr\/la-forez-academy\/#primaryimage"},"image":{"@id":"https:\/\/www.chateaudegoutelas.fr\/la-forez-academy\/#primaryimage"},"thumbnailUrl":"https:\/\/www.chateaudegoutelas.fr\/wp-content\/uploads\/2024\/12\/149-A99A8915-2.jpg","datePublished":"2024-12-20T10:47:24+00:00","dateModified":"2024-12-20T14:12:58+00:00","breadcrumb":{"@id":"https:\/\/www.chateaudegoutelas.fr\/la-forez-academy\/#breadcrumb"},"inLanguage":"en-GB","potentialAction":[{"@type":"ReadAction","target":["https:\/\/www.chateaudegoutelas.fr\/la-forez-academy\/"]}]},{"@type":"ImageObject","inLanguage":"en-GB","@id":"https:\/\/www.chateaudegoutelas.fr\/la-forez-academy\/#primaryimage","url":"https:\/\/www.chateaudegoutelas.fr\/wp-content\/uploads\/2024\/12\/149-A99A8915-2.jpg","contentUrl":"https:\/\/www.chateaudegoutelas.fr\/wp-content\/uploads\/2024\/12\/149-A99A8915-2.jpg","width":1363,"height":1364},{"@type":"BreadcrumbList","@id":"https:\/\/www.chateaudegoutelas.fr\/la-forez-academy\/#breadcrumb","itemListElement":[{"@type":"ListItem","position":1,"name":"Accueil","item":"https:\/\/www.chateaudegoutelas.fr\/"},{"@type":"ListItem","position":2,"name":"La Forez Academy"}]},{"@type":"WebSite","@id":"https:\/\/www.chateaudegoutelas.fr\/#website","url":"https:\/\/www.chateaudegoutelas.fr\/","name":"Ch\u00e2teau de Goutelas","description":"Un centre culturel de rencontre en Forez","publisher":{"@id":"https:\/\/www.chateaudegoutelas.fr\/#organization"},"potentialAction":[{"@type":"SearchAction","target":{"@type":"EntryPoint","urlTemplate":"https:\/\/www.chateaudegoutelas.fr\/?s={search_term_string}"},"query-input":{"@type":"PropertyValueSpecification","valueRequired":true,"valueName":"search_term_string"}}],"inLanguage":"en-GB"},{"@type":"Organization","@id":"https:\/\/www.chateaudegoutelas.fr\/#organization","name":"Ch\u00e2teau de Goutelas","url":"https:\/\/www.chateaudegoutelas.fr\/","logo":{"@type":"ImageObject","inLanguage":"en-GB","@id":"https:\/\/www.chateaudegoutelas.fr\/#\/schema\/logo\/image\/","url":"https:\/\/www.chateaudegoutelas.fr\/wp-content\/uploads\/2023\/05\/logo-chateau-goutelas-bleu.png","contentUrl":"https:\/\/www.chateaudegoutelas.fr\/wp-content\/uploads\/2023\/05\/logo-chateau-goutelas-bleu.png","width":1123,"height":327,"caption":"Ch\u00e2teau de Goutelas"},"image":{"@id":"https:\/\/www.chateaudegoutelas.fr\/#\/schema\/logo\/image\/"}}]}},"_links":{"self":[{"href":"https:\/\/www.chateaudegoutelas.fr\/en\/wp-json\/wp\/v2\/pages\/10130","targetHints":{"allow":["GET"]}}],"collection":[{"href":"https:\/\/www.chateaudegoutelas.fr\/en\/wp-json\/wp\/v2\/pages"}],"about":[{"href":"https:\/\/www.chateaudegoutelas.fr\/en\/wp-json\/wp\/v2\/types\/page"}],"author":[{"embeddable":true,"href":"https:\/\/www.chateaudegoutelas.fr\/en\/wp-json\/wp\/v2\/users\/7"}],"replies":[{"embeddable":true,"href":"https:\/\/www.chateaudegoutelas.fr\/en\/wp-json\/wp\/v2\/comments?post=10130"}],"version-history":[{"count":2,"href":"https:\/\/www.chateaudegoutelas.fr\/en\/wp-json\/wp\/v2\/pages\/10130\/revisions"}],"predecessor-version":[{"id":10155,"href":"https:\/\/www.chateaudegoutelas.fr\/en\/wp-json\/wp\/v2\/pages\/10130\/revisions\/10155"}],"wp:featuredmedia":[{"embeddable":true,"href":"https:\/\/www.chateaudegoutelas.fr\/en\/wp-json\/wp\/v2\/media\/10131"}],"wp:attachment":[{"href":"https:\/\/www.chateaudegoutelas.fr\/en\/wp-json\/wp\/v2\/media?parent=10130"}],"wp:term":[{"taxonomy":"category","embeddable":true,"href":"https:\/\/www.chateaudegoutelas.fr\/en\/wp-json\/wp\/v2\/categories?post=10130"},{"taxonomy":"post_tag","embeddable":true,"href":"https:\/\/www.chateaudegoutelas.fr\/en\/wp-json\/wp\/v2\/tags?post=10130"}],"curies":[{"name":"wp","href":"https:\/\/api.w.org\/{rel}","templated":true}]}}