{"id":10124,"date":"2024-12-20T10:47:43","date_gmt":"2024-12-20T09:47:43","guid":{"rendered":"https:\/\/www.chateaudegoutelas.fr\/?page_id=10124"},"modified":"2024-12-20T15:13:46","modified_gmt":"2024-12-20T14:13:46","slug":"l-art-dement-le-chaos","status":"publish","type":"page","link":"https:\/\/www.chateaudegoutelas.fr\/en\/l-art-dement-le-chaos\/","title":{"rendered":"L&rsquo;art d\u00e9ment le chaos"},"content":{"rendered":"<h1>\n\t\t\t\tL&rsquo;art d\u00e9ment le chaos\n\t\t\t<\/h1>\n<h3>\n\t\tDroits culturels &#038; sant\u00e9\n\t<\/h3>\n\t<p>\u00a9 Cl\u00e9ment Gaumon<\/p>\n<h1>\n\t\tL&rsquo;art d\u00e9ment le chaos\n\t<\/h1>\n<h3>\n\t\tDroits culturels &#038; sant\u00e9\n\t<\/h3>\n<p>Avec le programme \u00ab L&rsquo;art d\u00e9ment le chaos \u00bb, le Ch\u00e2teau de Goutelas poursuit et essaime une d\u00e9marche au long cours visant \u00e0 favoriser l&rsquo;expression, la cr\u00e9ativit\u00e9 et le\u00a0 bien-\u00eatre de personnes \u00e2g\u00e9es atteintes de troubles cognitifs.<\/p>\n<p>C&rsquo;est dans ce contexte que l&rsquo;exposition\u00a0<em><strong>Confabulations<\/strong>\u00a0<\/em>a vu le jour au d\u00e9but de\u00a0 l&rsquo;ann\u00e9e 2023. Cette installation immersive faite d&rsquo;objets, de sons, d&rsquo;images et de\u00a0 souvenirs est le fruit des moments partag\u00e9s entre les artistes\u00a0<strong>Lynn Pook<\/strong>\u00a0(plasticienne),\u00a0\u00a0<strong>Cl\u00e9ment Gaumon<\/strong>\u00a0(vid\u00e9aste) et les patients, r\u00e9sidents et soignants de l&rsquo;accueil de jour\u00a0 pour personnes Alzheimer de Bo\u00ebn-sur-Lignon et de l&rsquo;EHPAD de Noir\u00e9table.<\/p>\n<p>Pr\u00e9sent\u00e9e d&rsquo;abord \u00e0 Cervi\u00e8res (en partenariat avec la Maison des Grenadi\u00e8res) puis \u00e0 Goutelas dans le cadre du festival\u00a0<em>Au bout d&rsquo;ma life<\/em>, l&rsquo;exposition a re\u00e7u la visite de pr\u00e8s de 1000 personnes au total, dont les participant\u00b7e\u00b7s et leurs familles. En 2023, \u00ab L&rsquo;art d\u00e9ment le chaos \u00bb associait aussi l&rsquo;artiste\u00a0<strong>Alexis M\u00e9rat<\/strong>\u00a0qui a pu transmettre sa technique singuli\u00e8re de \u00ab plieur-froisseur de papier \u00bb aux patients et \u00e9quipes de l&rsquo;accueil de jour Volubilis de Montbrison, partenaire de longue date du\u00a0 programme.<\/p>\n\t\t\t<h3>Projets partag\u00e9s &#038; droits culturels<\/h3>\t\t\t\n\t\t\t\t<p>Goutelas coordonne tout au long de l&rsquo;ann\u00e9e des projets artistiques et culturels avec les habitant\u00b7e\u00b7s du Forez, gr\u00e2ce aux liens forts tiss\u00e9s avec des \u00e9tablissements scolaires, socioculturels, de sant\u00e9,&#8230;\u00a0Toutes ces rencontres sont anim\u00e9es par l&rsquo;\u00e9thique et le r\u00e9f\u00e9rentiel des droits culturels : permettre \u00e0 chacun\u00b7e, seul\u00b7e ou en commun, de participer \u00e0 la vie culturelle, d&rsquo;y contribuer avec ses propres r\u00e9f\u00e9rences, exp\u00e9riences et pratiques tout en ayant acc\u00e8s \u00e0 une diversit\u00e9 de ressources culturelles.<\/p>\n<h2>\n\t\ten images\n\t<\/h2>\n\t<p>\u00a9 Cl\u00e9ment Gaumon<\/p>\n<h2>\n\t\tvoir aussi\n\t<\/h2>\n\t\t\t\t<img loading=\"lazy\" decoding=\"async\" src=\"https:\/\/www.chateaudegoutelas.fr\/wp-content\/uploads\/2023\/06\/gimmick-goutelas-vert-rouge-720x720.png\" alt=\"gimmick-goutelas-vert-rouge\" itemprop=\"image\" height=\"720\" width=\"720\" title=\"gimmick-goutelas-vert-rouge\" onerror=\"this.style.display='none'\"  \/>\n\t\t<a href=\"https:\/\/www.chateaudegoutelas.fr\/en\/ma-terre-vue-d-ici\/\" title=\"View Box Content\" target=\"_self\"  aria-label=\"Post Element\"><\/a>\t\t\n\t\t\t\t\t\t\t\t\t\t\t\t\t\t<a href=\"https:\/\/www.chateaudegoutelas.fr\/en\/ma-terre-vue-d-ici\/\" target=\"_self\" title=\"Ma Terre vue d&rsquo;ici\">\n\t\t\t\t<img decoding=\"async\" src=\"https:\/\/www.chateaudegoutelas.fr\/wp-content\/uploads\/2024\/09\/DSC0435-2-720x720.jpg\" alt=\"\" \/>\n\t\t\t\t<\/a>\n\t\t\t\t\t\t<h4>\n\t\t\t\t<a href=\"https:\/\/www.chateaudegoutelas.fr\/en\/ma-terre-vue-d-ici\/\" title=\"Ma Terre vue d&rsquo;ici\" tabindex=\"0\">Ma Terre vue d&rsquo;ici<\/a>\t\t\t<\/h4>","protected":false},"excerpt":{"rendered":"<p>L&rsquo;art d\u00e9ment le chaos Droits culturels &#038; sant\u00e9 \u00a9 Cl\u00e9ment Gaumon L&rsquo;art d\u00e9ment le chaos Droits culturels &#038; sant\u00e9 Avec le programme \u00ab L&rsquo;art d\u00e9ment le chaos \u00bb, le Ch\u00e2teau de Goutelas poursuit et essaime une d\u00e9marche au long cours visant \u00e0 favoriser l&rsquo;expression, la cr\u00e9ativit\u00e9 et le\u00a0 bien-\u00eatre de personnes \u00e2g\u00e9es atteintes de troubles [&hellip;]<\/p>\n","protected":false},"author":7,"featured_media":9689,"parent":0,"menu_order":0,"comment_status":"closed","ping_status":"closed","template":"","meta":{"site-sidebar-layout":"no-sidebar","site-content-layout":null,"ast-site-content-layout":"full-width-container","site-content-style":"unboxed","site-sidebar-style":"unboxed","ast-global-header-display":"","ast-banner-title-visibility":"","ast-main-header-display":"","ast-hfb-above-header-display":null,"ast-hfb-below-header-display":null,"ast-hfb-mobile-header-display":"","site-post-title":"disabled","ast-breadcrumbs-content":null,"ast-featured-img":"disabled","footer-sml-layout":"","ast-disable-related-posts":"","theme-transparent-header-meta":"default","adv-header-id-meta":"","stick-header-meta":"default","header-above-stick-meta":null,"header-main-stick-meta":"","header-below-stick-meta":null,"astra-migrate-meta-layouts":"set","ast-page-background-enabled":"default","ast-page-background-meta":{"desktop":{"background-color":"","background-image":"","background-repeat":"repeat","background-position":"center center","background-size":"auto","background-attachment":"scroll","background-type":"","background-media":"","overlay-type":"","overlay-color":"","overlay-opacity":"","overlay-gradient":""},"tablet":{"background-color":"","background-image":"","background-repeat":"repeat","background-position":"center center","background-size":"auto","background-attachment":"scroll","background-type":"","background-media":"","overlay-type":"","overlay-color":"","overlay-opacity":"","overlay-gradient":""},"mobile":{"background-color":"","background-image":"","background-repeat":"repeat","background-position":"center center","background-size":"auto","background-attachment":"scroll","background-type":"","background-media":"","overlay-type":"","overlay-color":"","overlay-opacity":"","overlay-gradient":""}},"ast-content-background-meta":{"desktop":{"background-color":"var(--ast-global-color-5)","background-image":"","background-repeat":"repeat","background-position":"center center","background-size":"auto","background-attachment":"scroll","background-type":"","background-media":"","overlay-type":"","overlay-color":"","overlay-opacity":"","overlay-gradient":""},"tablet":{"background-color":"var(--ast-global-color-5)","background-image":"","background-repeat":"repeat","background-position":"center center","background-size":"auto","background-attachment":"scroll","background-type":"","background-media":"","overlay-type":"","overlay-color":"","overlay-opacity":"","overlay-gradient":""},"mobile":{"background-color":"var(--ast-global-color-5)","background-image":"","background-repeat":"repeat","background-position":"center center","background-size":"auto","background-attachment":"scroll","background-type":"","background-media":"","overlay-type":"","overlay-color":"","overlay-opacity":"","overlay-gradient":""}},"footnotes":""},"categories":[],"tags":[],"class_list":["post-10124","page","type-page","status-publish","has-post-thumbnail","hentry"],"yoast_head":"<!-- This site is optimized with the Yoast SEO plugin v27.5 - https:\/\/yoast.com\/product\/yoast-seo-wordpress\/ -->\n<title>L&#039;art d\u00e9ment le chaos - Ch\u00e2teau de Goutelas<\/title>\n<meta name=\"robots\" content=\"index, follow, max-snippet:-1, max-image-preview:large, max-video-preview:-1\" \/>\n<link rel=\"canonical\" href=\"https:\/\/www.chateaudegoutelas.fr\/en\/l-art-dement-le-chaos\/\" \/>\n<meta property=\"og:locale\" content=\"en_GB\" \/>\n<meta property=\"og:type\" content=\"article\" \/>\n<meta property=\"og:title\" content=\"L&#039;art d\u00e9ment le chaos - Ch\u00e2teau de Goutelas\" \/>\n<meta property=\"og:description\" content=\"L&rsquo;art d\u00e9ment le chaos Droits culturels &#038; sant\u00e9 \u00a9 Cl\u00e9ment Gaumon L&rsquo;art d\u00e9ment le chaos Droits culturels &#038; sant\u00e9 Avec le programme \u00ab L&rsquo;art d\u00e9ment le chaos \u00bb, le Ch\u00e2teau de Goutelas poursuit et essaime une d\u00e9marche au long cours visant \u00e0 favoriser l&rsquo;expression, la cr\u00e9ativit\u00e9 et le\u00a0 bien-\u00eatre de personnes \u00e2g\u00e9es atteintes de troubles [&hellip;]\" \/>\n<meta property=\"og:url\" content=\"https:\/\/www.chateaudegoutelas.fr\/en\/l-art-dement-le-chaos\/\" \/>\n<meta property=\"og:site_name\" content=\"Ch\u00e2teau de Goutelas\" \/>\n<meta property=\"article:modified_time\" content=\"2024-12-20T14:13:46+00:00\" \/>\n<meta property=\"og:image\" content=\"https:\/\/www.chateaudegoutelas.fr\/wp-content\/uploads\/2024\/09\/C0418.MP4.04_32_25_01.Still001.jpg\" \/>\n\t<meta property=\"og:image:width\" content=\"1920\" \/>\n\t<meta property=\"og:image:height\" content=\"1080\" \/>\n\t<meta property=\"og:image:type\" content=\"image\/jpeg\" \/>\n<meta name=\"twitter:card\" content=\"summary_large_image\" \/>\n<meta name=\"twitter:label1\" content=\"Estimated reading time\" \/>\n\t<meta name=\"twitter:data1\" content=\"4 minutes\" \/>\n<script type=\"application\/ld+json\" class=\"yoast-schema-graph\">{\"@context\":\"https:\\\/\\\/schema.org\",\"@graph\":[{\"@type\":\"WebPage\",\"@id\":\"https:\\\/\\\/www.chateaudegoutelas.fr\\\/l-art-dement-le-chaos\\\/\",\"url\":\"https:\\\/\\\/www.chateaudegoutelas.fr\\\/l-art-dement-le-chaos\\\/\",\"name\":\"L'art d\u00e9ment le chaos - Ch\u00e2teau de Goutelas\",\"isPartOf\":{\"@id\":\"https:\\\/\\\/www.chateaudegoutelas.fr\\\/#website\"},\"primaryImageOfPage\":{\"@id\":\"https:\\\/\\\/www.chateaudegoutelas.fr\\\/l-art-dement-le-chaos\\\/#primaryimage\"},\"image\":{\"@id\":\"https:\\\/\\\/www.chateaudegoutelas.fr\\\/l-art-dement-le-chaos\\\/#primaryimage\"},\"thumbnailUrl\":\"https:\\\/\\\/www.chateaudegoutelas.fr\\\/wp-content\\\/uploads\\\/2024\\\/09\\\/C0418.MP4.04_32_25_01.Still001.jpg\",\"datePublished\":\"2024-12-20T09:47:43+00:00\",\"dateModified\":\"2024-12-20T14:13:46+00:00\",\"breadcrumb\":{\"@id\":\"https:\\\/\\\/www.chateaudegoutelas.fr\\\/l-art-dement-le-chaos\\\/#breadcrumb\"},\"inLanguage\":\"en-GB\",\"potentialAction\":[{\"@type\":\"ReadAction\",\"target\":[\"https:\\\/\\\/www.chateaudegoutelas.fr\\\/l-art-dement-le-chaos\\\/\"]}]},{\"@type\":\"ImageObject\",\"inLanguage\":\"en-GB\",\"@id\":\"https:\\\/\\\/www.chateaudegoutelas.fr\\\/l-art-dement-le-chaos\\\/#primaryimage\",\"url\":\"https:\\\/\\\/www.chateaudegoutelas.fr\\\/wp-content\\\/uploads\\\/2024\\\/09\\\/C0418.MP4.04_32_25_01.Still001.jpg\",\"contentUrl\":\"https:\\\/\\\/www.chateaudegoutelas.fr\\\/wp-content\\\/uploads\\\/2024\\\/09\\\/C0418.MP4.04_32_25_01.Still001.jpg\",\"width\":1920,\"height\":1080},{\"@type\":\"BreadcrumbList\",\"@id\":\"https:\\\/\\\/www.chateaudegoutelas.fr\\\/l-art-dement-le-chaos\\\/#breadcrumb\",\"itemListElement\":[{\"@type\":\"ListItem\",\"position\":1,\"name\":\"Accueil\",\"item\":\"https:\\\/\\\/www.chateaudegoutelas.fr\\\/\"},{\"@type\":\"ListItem\",\"position\":2,\"name\":\"L&rsquo;art d\u00e9ment le chaos\"}]},{\"@type\":\"WebSite\",\"@id\":\"https:\\\/\\\/www.chateaudegoutelas.fr\\\/#website\",\"url\":\"https:\\\/\\\/www.chateaudegoutelas.fr\\\/\",\"name\":\"Ch\u00e2teau de Goutelas\",\"description\":\"Un centre culturel de rencontre en Forez\",\"publisher\":{\"@id\":\"https:\\\/\\\/www.chateaudegoutelas.fr\\\/#organization\"},\"potentialAction\":[{\"@type\":\"SearchAction\",\"target\":{\"@type\":\"EntryPoint\",\"urlTemplate\":\"https:\\\/\\\/www.chateaudegoutelas.fr\\\/?s={search_term_string}\"},\"query-input\":{\"@type\":\"PropertyValueSpecification\",\"valueRequired\":true,\"valueName\":\"search_term_string\"}}],\"inLanguage\":\"en-GB\"},{\"@type\":\"Organization\",\"@id\":\"https:\\\/\\\/www.chateaudegoutelas.fr\\\/#organization\",\"name\":\"Ch\u00e2teau de Goutelas\",\"url\":\"https:\\\/\\\/www.chateaudegoutelas.fr\\\/\",\"logo\":{\"@type\":\"ImageObject\",\"inLanguage\":\"en-GB\",\"@id\":\"https:\\\/\\\/www.chateaudegoutelas.fr\\\/#\\\/schema\\\/logo\\\/image\\\/\",\"url\":\"https:\\\/\\\/www.chateaudegoutelas.fr\\\/wp-content\\\/uploads\\\/2023\\\/05\\\/logo-chateau-goutelas-bleu.png\",\"contentUrl\":\"https:\\\/\\\/www.chateaudegoutelas.fr\\\/wp-content\\\/uploads\\\/2023\\\/05\\\/logo-chateau-goutelas-bleu.png\",\"width\":1123,\"height\":327,\"caption\":\"Ch\u00e2teau de Goutelas\"},\"image\":{\"@id\":\"https:\\\/\\\/www.chateaudegoutelas.fr\\\/#\\\/schema\\\/logo\\\/image\\\/\"}}]}<\/script>\n<!-- \/ Yoast SEO plugin. -->","yoast_head_json":{"title":"L'art d\u00e9ment le chaos - Ch\u00e2teau de Goutelas","robots":{"index":"index","follow":"follow","max-snippet":"max-snippet:-1","max-image-preview":"max-image-preview:large","max-video-preview":"max-video-preview:-1"},"canonical":"https:\/\/www.chateaudegoutelas.fr\/en\/l-art-dement-le-chaos\/","og_locale":"en_GB","og_type":"article","og_title":"L'art d\u00e9ment le chaos - Ch\u00e2teau de Goutelas","og_description":"L&rsquo;art d\u00e9ment le chaos Droits culturels &#038; sant\u00e9 \u00a9 Cl\u00e9ment Gaumon L&rsquo;art d\u00e9ment le chaos Droits culturels &#038; sant\u00e9 Avec le programme \u00ab L&rsquo;art d\u00e9ment le chaos \u00bb, le Ch\u00e2teau de Goutelas poursuit et essaime une d\u00e9marche au long cours visant \u00e0 favoriser l&rsquo;expression, la cr\u00e9ativit\u00e9 et le\u00a0 bien-\u00eatre de personnes \u00e2g\u00e9es atteintes de troubles [&hellip;]","og_url":"https:\/\/www.chateaudegoutelas.fr\/en\/l-art-dement-le-chaos\/","og_site_name":"Ch\u00e2teau de Goutelas","article_modified_time":"2024-12-20T14:13:46+00:00","og_image":[{"width":1920,"height":1080,"url":"https:\/\/www.chateaudegoutelas.fr\/wp-content\/uploads\/2024\/09\/C0418.MP4.04_32_25_01.Still001.jpg","type":"image\/jpeg"}],"twitter_card":"summary_large_image","twitter_misc":{"Estimated reading time":"4 minutes"},"schema":{"@context":"https:\/\/schema.org","@graph":[{"@type":"WebPage","@id":"https:\/\/www.chateaudegoutelas.fr\/l-art-dement-le-chaos\/","url":"https:\/\/www.chateaudegoutelas.fr\/l-art-dement-le-chaos\/","name":"L'art d\u00e9ment le chaos - Ch\u00e2teau de Goutelas","isPartOf":{"@id":"https:\/\/www.chateaudegoutelas.fr\/#website"},"primaryImageOfPage":{"@id":"https:\/\/www.chateaudegoutelas.fr\/l-art-dement-le-chaos\/#primaryimage"},"image":{"@id":"https:\/\/www.chateaudegoutelas.fr\/l-art-dement-le-chaos\/#primaryimage"},"thumbnailUrl":"https:\/\/www.chateaudegoutelas.fr\/wp-content\/uploads\/2024\/09\/C0418.MP4.04_32_25_01.Still001.jpg","datePublished":"2024-12-20T09:47:43+00:00","dateModified":"2024-12-20T14:13:46+00:00","breadcrumb":{"@id":"https:\/\/www.chateaudegoutelas.fr\/l-art-dement-le-chaos\/#breadcrumb"},"inLanguage":"en-GB","potentialAction":[{"@type":"ReadAction","target":["https:\/\/www.chateaudegoutelas.fr\/l-art-dement-le-chaos\/"]}]},{"@type":"ImageObject","inLanguage":"en-GB","@id":"https:\/\/www.chateaudegoutelas.fr\/l-art-dement-le-chaos\/#primaryimage","url":"https:\/\/www.chateaudegoutelas.fr\/wp-content\/uploads\/2024\/09\/C0418.MP4.04_32_25_01.Still001.jpg","contentUrl":"https:\/\/www.chateaudegoutelas.fr\/wp-content\/uploads\/2024\/09\/C0418.MP4.04_32_25_01.Still001.jpg","width":1920,"height":1080},{"@type":"BreadcrumbList","@id":"https:\/\/www.chateaudegoutelas.fr\/l-art-dement-le-chaos\/#breadcrumb","itemListElement":[{"@type":"ListItem","position":1,"name":"Accueil","item":"https:\/\/www.chateaudegoutelas.fr\/"},{"@type":"ListItem","position":2,"name":"L&rsquo;art d\u00e9ment le chaos"}]},{"@type":"WebSite","@id":"https:\/\/www.chateaudegoutelas.fr\/#website","url":"https:\/\/www.chateaudegoutelas.fr\/","name":"Ch\u00e2teau de Goutelas","description":"Un centre culturel de rencontre en Forez","publisher":{"@id":"https:\/\/www.chateaudegoutelas.fr\/#organization"},"potentialAction":[{"@type":"SearchAction","target":{"@type":"EntryPoint","urlTemplate":"https:\/\/www.chateaudegoutelas.fr\/?s={search_term_string}"},"query-input":{"@type":"PropertyValueSpecification","valueRequired":true,"valueName":"search_term_string"}}],"inLanguage":"en-GB"},{"@type":"Organization","@id":"https:\/\/www.chateaudegoutelas.fr\/#organization","name":"Ch\u00e2teau de Goutelas","url":"https:\/\/www.chateaudegoutelas.fr\/","logo":{"@type":"ImageObject","inLanguage":"en-GB","@id":"https:\/\/www.chateaudegoutelas.fr\/#\/schema\/logo\/image\/","url":"https:\/\/www.chateaudegoutelas.fr\/wp-content\/uploads\/2023\/05\/logo-chateau-goutelas-bleu.png","contentUrl":"https:\/\/www.chateaudegoutelas.fr\/wp-content\/uploads\/2023\/05\/logo-chateau-goutelas-bleu.png","width":1123,"height":327,"caption":"Ch\u00e2teau de Goutelas"},"image":{"@id":"https:\/\/www.chateaudegoutelas.fr\/#\/schema\/logo\/image\/"}}]}},"_links":{"self":[{"href":"https:\/\/www.chateaudegoutelas.fr\/en\/wp-json\/wp\/v2\/pages\/10124","targetHints":{"allow":["GET"]}}],"collection":[{"href":"https:\/\/www.chateaudegoutelas.fr\/en\/wp-json\/wp\/v2\/pages"}],"about":[{"href":"https:\/\/www.chateaudegoutelas.fr\/en\/wp-json\/wp\/v2\/types\/page"}],"author":[{"embeddable":true,"href":"https:\/\/www.chateaudegoutelas.fr\/en\/wp-json\/wp\/v2\/users\/7"}],"replies":[{"embeddable":true,"href":"https:\/\/www.chateaudegoutelas.fr\/en\/wp-json\/wp\/v2\/comments?post=10124"}],"version-history":[{"count":2,"href":"https:\/\/www.chateaudegoutelas.fr\/en\/wp-json\/wp\/v2\/pages\/10124\/revisions"}],"predecessor-version":[{"id":10129,"href":"https:\/\/www.chateaudegoutelas.fr\/en\/wp-json\/wp\/v2\/pages\/10124\/revisions\/10129"}],"wp:featuredmedia":[{"embeddable":true,"href":"https:\/\/www.chateaudegoutelas.fr\/en\/wp-json\/wp\/v2\/media\/9689"}],"wp:attachment":[{"href":"https:\/\/www.chateaudegoutelas.fr\/en\/wp-json\/wp\/v2\/media?parent=10124"}],"wp:term":[{"taxonomy":"category","embeddable":true,"href":"https:\/\/www.chateaudegoutelas.fr\/en\/wp-json\/wp\/v2\/categories?post=10124"},{"taxonomy":"post_tag","embeddable":true,"href":"https:\/\/www.chateaudegoutelas.fr\/en\/wp-json\/wp\/v2\/tags?post=10124"}],"curies":[{"name":"wp","href":"https:\/\/api.w.org\/{rel}","templated":true}]}}