{"id":9790,"date":"2024-10-03T12:50:46","date_gmt":"2024-10-03T10:50:46","guid":{"rendered":"https:\/\/www.chateaudegoutelas.fr\/?post_type=artiste&#038;p=9790"},"modified":"2024-11-22T10:33:11","modified_gmt":"2024-11-22T09:33:11","slug":"cycles-fabienne-charles-xavier-boyer","status":"publish","type":"artiste","link":"https:\/\/www.chateaudegoutelas.fr\/en\/artiste\/cycles-fabienne-charles-xavier-boyer\/","title":{"rendered":"Cycles &#8211; Fabienne Charles &#038; Xavier Boyer"},"content":{"rendered":"<img loading=\"lazy\" decoding=\"async\" width=\"1680\" height=\"1120\" src=\"https:\/\/www.chateaudegoutelas.fr\/wp-content\/uploads\/2024\/10\/Fabienne-Charles.-Credit-Romane-Boyer.jpg\" class=\"attachment-post-thumbnail size-post-thumbnail wp-post-image\" alt=\"\" srcset=\"https:\/\/www.chateaudegoutelas.fr\/wp-content\/uploads\/2024\/10\/Fabienne-Charles.-Credit-Romane-Boyer.jpg 1680w, https:\/\/www.chateaudegoutelas.fr\/wp-content\/uploads\/2024\/10\/Fabienne-Charles.-Credit-Romane-Boyer-1200x800.jpg 1200w, https:\/\/www.chateaudegoutelas.fr\/wp-content\/uploads\/2024\/10\/Fabienne-Charles.-Credit-Romane-Boyer-768x512.jpg 768w, https:\/\/www.chateaudegoutelas.fr\/wp-content\/uploads\/2024\/10\/Fabienne-Charles.-Credit-Romane-Boyer-1536x1024.jpg 1536w, https:\/\/www.chateaudegoutelas.fr\/wp-content\/uploads\/2024\/10\/Fabienne-Charles.-Credit-Romane-Boyer-18x12.jpg 18w\" sizes=\"auto, (max-width: 1680px) 100vw, 1680px\" \/>\n\t<p>\u00a9 Romane Boyer<\/p>\n\t<h1>\n\t\t\t\tFabienne Charles &#038; Xavier Boyer\n\t\t\t<\/h1>\n\t\t\t<p><em><strong>Cycles<\/strong><\/em><\/p>\t\n\t<p><em>Cycles<\/em> est un recueil de 12 po\u00e8mes de femmes, chant\u00e9s dans 12 langues et mis en musique pour : voix de femme \/ AbletonLive \/ claviers \/ violoncelle et instruments acoustiques.<\/p>\n<p>Con\u00e7u comme une m\u00e9taphore du vivant, <em>Cycles<\/em> traverse ces 12 po\u00e8mes comme les 12 mois de l&rsquo;ann\u00e9e dessineraient le chemin de la naissance \u00e0 la mort, dans un \u00e9ternel recommencement.<\/p>\n<p><em>Cycles<\/em> explore les saisons du temps et de l&rsquo;\u00e2me : 12 mois pour 12 moi. Chaque musique incarne une facette sensible et unique de nos identit\u00e9s f\u00e9minines \u00e0 travers 12 langues et une esth\u00e9tique musicale toujours singuli\u00e8re.<\/p>\n\t\t\t\t\t\t<h6>Fabienne Charles<\/h6>\n\t\t\t<h5>Compositrice et pianiste hybride venue du monde classique, elle signe avec Cycles sa premi\u00e8re cr\u00e9ation o\u00f9 se m\u00ealent lyrisme et \u00e9lectro, pop et rubato, beats et vibrato.<br \/>Chercheuse de l&rsquo;intime et du sensible, elle puise son inspiration dans la po\u00e9sie, la nature et son amour ind\u00e9fectible de l&rsquo;alt\u00e9rit\u00e9.<br \/>Elle se r\u00eave passerelle entre les mondes et m\u00e8ne de nombreux projets de m\u00e9diation culturelle avec les op\u00e9ras de Lyon et Saint Etienne en milieu hospitalier et carc\u00e9ral, et des projets cit\u00e9s \u00e9ducatives.<br \/>Elle est actuellement en cr\u00e9ation du spectacle La Vie nue (th\u00e9atre \/ musique mixte) de la Cie Daimon.<\/h5>\n\t\t\t\t\t\t<h6>Xavier Boyer<\/h6>\n\t\t\t<h5>Assistant a la composition et ing\u00e9nieur du son, il accompagne depuis 25 ans de nombreux artistes en France et a l&rsquo;international : cr\u00e9ations lyriques (Gr\u00e9goire Pont, L&rsquo;Enfant et les Sortil\u00e8ges, La Lune, Snowqueen, Songe d&rsquo;une nuit d&rsquo;\u00e9t\u00e9 &#8230;), chor\u00e9graphiques (Anne Martin, Umwandlung), ou visuelles (Je crois que j&rsquo;ai dormi 2014-, Inuit 2011-12).<br \/>C&rsquo;est aupr\u00e8s des compositeurs r\u00e9sidents et invit\u00e9s du GRAME, centre national de cr\u00e9ation musicale, que Xavier Boyer prend go\u00fbt au r\u00f4le d&rsquo;assistant a la composition.<br \/>Il devient ensuite ing\u00e9nieur du son du Ballet puis de la Sc\u00e8ne Lyrique de l&rsquo;Opera de Lyon ou il participe a de nombreuses cr\u00e9ations.<br \/>Il m\u00e8ne \u00e9galement des projets photographiques (Et pourtant Elle danse 2006, Yuval Pick 2003-2013, Paul 2016, Jazz 2018, De Pierre et d&rsquo;arbres 2023, Trait danse 2023).<\/h5>\n<h2>\n\t\tvoir aussi\n\t<\/h2>\n\t\t<a href=\"https:\/\/www.chateaudegoutelas.fr\/en\/artiste\/harlem-swing-orchestra\/\" title=\"View Box Content\" target=\"_self\" aria-label=\"Post Element\" rel=\"noopener\"><\/a>\t\t\n\t\t\t\t\t\t\t\t\t\t\t\t\t\t<a href=\"https:\/\/www.chateaudegoutelas.fr\/en\/artiste\/harlem-swing-orchestra\/\" target=\"_self\" title=\"Harlem Swing Orchestra\" rel=\"noopener\">\n\t\t\t\t<img decoding=\"async\" src=\"https:\/\/www.chateaudegoutelas.fr\/wp-content\/uploads\/2024\/09\/harlem-swing-orchestra_credit-Melanie-Petrarca-720x720.jpg\" alt=\"\" \/>\n\t\t\t\t<\/a>\n\t\t\t\t<a href=\"https:\/\/www.chateaudegoutelas.fr\/en\/artiste\/harlem-swing-orchestra\/\" title=\"Harlem Swing Orchestra\" tabindex=\"0\">Harlem Swing Orchestra<\/a>\t\t\t\n\t\t\t\t\t\t\t\tSeptembre 2024\n\t\t<a href=\"https:\/\/www.chateaudegoutelas.fr\/en\/artiste\/dessine-moi-le-monde-a-venir-camille-de-toledo\/\" title=\"View Box Content\" target=\"_self\" aria-label=\"Post Element\" rel=\"noopener\"><\/a>\t\t\n\t\t\t\t\t\t\t\t\t\t\t\t\t\t<a href=\"https:\/\/www.chateaudegoutelas.fr\/en\/artiste\/dessine-moi-le-monde-a-venir-camille-de-toledo\/\" target=\"_self\" title=\"Camille de Toledo et chercheur\u00b7euse\u00b7s invit\u00e9\u00b7e\u00b7s : Dessine-moi le monde \u00e0 venir\" rel=\"noopener\">\n\t\t\t\t<img decoding=\"async\" src=\"https:\/\/www.chateaudegoutelas.fr\/wp-content\/uploads\/2024\/09\/img32-720x720.jpg\" alt=\"\" \/>\n\t\t\t\t<\/a>\n\t\t\t\t<a href=\"https:\/\/www.chateaudegoutelas.fr\/en\/artiste\/dessine-moi-le-monde-a-venir-camille-de-toledo\/\" title=\"Camille de Toledo et chercheur\u00b7euse\u00b7s invit\u00e9\u00b7e\u00b7s : Dessine-moi le monde \u00e0 venir\" tabindex=\"0\">Camille de Toledo et chercheur\u00b7euse\u00b7s invit\u00e9\u00b7e\u00b7s : Dessine-moi le monde \u00e0 venir<\/a>\t\t\t\n\t\t\t\t\t\t\t\tSeptembre 2024\n\t\t<a href=\"https:\/\/www.chateaudegoutelas.fr\/en\/artiste\/hiba-najem-samah-boulmona\/\" title=\"View Box Content\" target=\"_self\" aria-label=\"Post Element\" rel=\"noopener\"><\/a>\t\t\n\t\t\t\t\t\t\t\t\t\t\t\t\t\t<a href=\"https:\/\/www.chateaudegoutelas.fr\/en\/artiste\/hiba-najem-samah-boulmona\/\" target=\"_self\" title=\"Hiba Najem et Samah Boulmona\" rel=\"noopener\">\n\t\t\t\t<img decoding=\"async\" src=\"https:\/\/www.chateaudegoutelas.fr\/wp-content\/uploads\/2024\/05\/hiba-samah-720x500.png\" alt=\"\" \/>\n\t\t\t\t<\/a>\n\t\t\t\t<a href=\"https:\/\/www.chateaudegoutelas.fr\/en\/artiste\/hiba-najem-samah-boulmona\/\" title=\"Hiba Najem et Samah Boulmona\" tabindex=\"0\">Hiba Najem et Samah Boulmona<\/a>\t\t\t\n\t\t\t\t\t\t\t\tjuin 2024","protected":false},"excerpt":{"rendered":"<p>Octobre 2024<\/p>","protected":false},"featured_media":9791,"template":"","meta":{"site-sidebar-layout":"no-sidebar","site-content-layout":null,"ast-site-content-layout":"full-width-container","site-content-style":"unboxed","site-sidebar-style":"unboxed","ast-global-header-display":"","ast-banner-title-visibility":"","ast-main-header-display":"","ast-hfb-above-header-display":null,"ast-hfb-below-header-display":null,"ast-hfb-mobile-header-display":"","site-post-title":"disabled","ast-breadcrumbs-content":null,"ast-featured-img":"disabled","footer-sml-layout":"","ast-disable-related-posts":"","theme-transparent-header-meta":"default","adv-header-id-meta":"","stick-header-meta":"default","header-above-stick-meta":null,"header-main-stick-meta":"","header-below-stick-meta":null,"astra-migrate-meta-layouts":"set","ast-page-background-enabled":"default","ast-page-background-meta":{"desktop":{"background-color":"","background-image":"","background-repeat":"repeat","background-position":"center center","background-size":"auto","background-attachment":"scroll","background-type":"","background-media":"","overlay-type":"","overlay-color":"","overlay-opacity":"","overlay-gradient":""},"tablet":{"background-color":"","background-image":"","background-repeat":"repeat","background-position":"center center","background-size":"auto","background-attachment":"scroll","background-type":"","background-media":"","overlay-type":"","overlay-color":"","overlay-opacity":"","overlay-gradient":""},"mobile":{"background-color":"","background-image":"","background-repeat":"repeat","background-position":"center center","background-size":"auto","background-attachment":"scroll","background-type":"","background-media":"","overlay-type":"","overlay-color":"","overlay-opacity":"","overlay-gradient":""}},"ast-content-background-meta":{"desktop":{"background-color":"var(--ast-global-color-5)","background-image":"","background-repeat":"repeat","background-position":"center center","background-size":"auto","background-attachment":"scroll","background-type":"","background-media":"","overlay-type":"","overlay-color":"","overlay-opacity":"","overlay-gradient":""},"tablet":{"background-color":"var(--ast-global-color-5)","background-image":"","background-repeat":"repeat","background-position":"center center","background-size":"auto","background-attachment":"scroll","background-type":"","background-media":"","overlay-type":"","overlay-color":"","overlay-opacity":"","overlay-gradient":""},"mobile":{"background-color":"var(--ast-global-color-5)","background-image":"","background-repeat":"repeat","background-position":"center center","background-size":"auto","background-attachment":"scroll","background-type":"","background-media":"","overlay-type":"","overlay-color":"","overlay-opacity":"","overlay-gradient":""}}},"categories":[145],"tags":[387],"class_list":["post-9790","artiste","type-artiste","status-publish","has-post-thumbnail","hentry","category-residences","tag-residence-musique"],"yoast_head":"<!-- This site is optimized with the Yoast SEO plugin v27.5 - https:\/\/yoast.com\/product\/yoast-seo-wordpress\/ -->\n<title>Cycles - Fabienne Charles &amp; Xavier Boyer - Ch\u00e2teau de Goutelas<\/title>\n<meta name=\"robots\" content=\"index, follow, max-snippet:-1, max-image-preview:large, max-video-preview:-1\" \/>\n<link rel=\"canonical\" href=\"https:\/\/www.chateaudegoutelas.fr\/en\/artiste\/cycles-fabienne-charles-xavier-boyer\/\" \/>\n<meta property=\"og:locale\" content=\"en_GB\" \/>\n<meta property=\"og:type\" content=\"article\" \/>\n<meta property=\"og:title\" content=\"Cycles - Fabienne Charles &amp; Xavier Boyer - Ch\u00e2teau de Goutelas\" \/>\n<meta property=\"og:description\" content=\"Octobre 2024\" \/>\n<meta property=\"og:url\" content=\"https:\/\/www.chateaudegoutelas.fr\/en\/artiste\/cycles-fabienne-charles-xavier-boyer\/\" \/>\n<meta property=\"og:site_name\" content=\"Ch\u00e2teau de Goutelas\" \/>\n<meta property=\"article:modified_time\" content=\"2024-11-22T09:33:11+00:00\" \/>\n<meta property=\"og:image\" content=\"https:\/\/www.chateaudegoutelas.fr\/wp-content\/uploads\/2024\/10\/Fabienne-Charles.-Credit-Romane-Boyer.jpg\" \/>\n\t<meta property=\"og:image:width\" content=\"1680\" \/>\n\t<meta property=\"og:image:height\" content=\"1120\" \/>\n\t<meta property=\"og:image:type\" content=\"image\/jpeg\" \/>\n<meta name=\"twitter:card\" content=\"summary_large_image\" \/>\n<meta name=\"twitter:label1\" content=\"Estimated reading time\" \/>\n\t<meta name=\"twitter:data1\" content=\"3 minutes\" \/>\n<script type=\"application\/ld+json\" class=\"yoast-schema-graph\">{\"@context\":\"https:\\\/\\\/schema.org\",\"@graph\":[{\"@type\":\"WebPage\",\"@id\":\"https:\\\/\\\/www.chateaudegoutelas.fr\\\/artiste\\\/cycles-fabienne-charles-xavier-boyer\\\/\",\"url\":\"https:\\\/\\\/www.chateaudegoutelas.fr\\\/artiste\\\/cycles-fabienne-charles-xavier-boyer\\\/\",\"name\":\"Cycles - Fabienne Charles & Xavier Boyer - Ch\u00e2teau de Goutelas\",\"isPartOf\":{\"@id\":\"https:\\\/\\\/www.chateaudegoutelas.fr\\\/#website\"},\"primaryImageOfPage\":{\"@id\":\"https:\\\/\\\/www.chateaudegoutelas.fr\\\/artiste\\\/cycles-fabienne-charles-xavier-boyer\\\/#primaryimage\"},\"image\":{\"@id\":\"https:\\\/\\\/www.chateaudegoutelas.fr\\\/artiste\\\/cycles-fabienne-charles-xavier-boyer\\\/#primaryimage\"},\"thumbnailUrl\":\"https:\\\/\\\/www.chateaudegoutelas.fr\\\/wp-content\\\/uploads\\\/2024\\\/10\\\/Fabienne-Charles.-Credit-Romane-Boyer.jpg\",\"datePublished\":\"2024-10-03T10:50:46+00:00\",\"dateModified\":\"2024-11-22T09:33:11+00:00\",\"breadcrumb\":{\"@id\":\"https:\\\/\\\/www.chateaudegoutelas.fr\\\/artiste\\\/cycles-fabienne-charles-xavier-boyer\\\/#breadcrumb\"},\"inLanguage\":\"en-GB\",\"potentialAction\":[{\"@type\":\"ReadAction\",\"target\":[\"https:\\\/\\\/www.chateaudegoutelas.fr\\\/artiste\\\/cycles-fabienne-charles-xavier-boyer\\\/\"]}]},{\"@type\":\"ImageObject\",\"inLanguage\":\"en-GB\",\"@id\":\"https:\\\/\\\/www.chateaudegoutelas.fr\\\/artiste\\\/cycles-fabienne-charles-xavier-boyer\\\/#primaryimage\",\"url\":\"https:\\\/\\\/www.chateaudegoutelas.fr\\\/wp-content\\\/uploads\\\/2024\\\/10\\\/Fabienne-Charles.-Credit-Romane-Boyer.jpg\",\"contentUrl\":\"https:\\\/\\\/www.chateaudegoutelas.fr\\\/wp-content\\\/uploads\\\/2024\\\/10\\\/Fabienne-Charles.-Credit-Romane-Boyer.jpg\",\"width\":1680,\"height\":1120},{\"@type\":\"BreadcrumbList\",\"@id\":\"https:\\\/\\\/www.chateaudegoutelas.fr\\\/artiste\\\/cycles-fabienne-charles-xavier-boyer\\\/#breadcrumb\",\"itemListElement\":[{\"@type\":\"ListItem\",\"position\":1,\"name\":\"Accueil\",\"item\":\"https:\\\/\\\/www.chateaudegoutelas.fr\\\/\"},{\"@type\":\"ListItem\",\"position\":2,\"name\":\"Cycles &#8211; Fabienne Charles &#038; Xavier Boyer\"}]},{\"@type\":\"WebSite\",\"@id\":\"https:\\\/\\\/www.chateaudegoutelas.fr\\\/#website\",\"url\":\"https:\\\/\\\/www.chateaudegoutelas.fr\\\/\",\"name\":\"Ch\u00e2teau de Goutelas\",\"description\":\"Un centre culturel de rencontre en Forez\",\"publisher\":{\"@id\":\"https:\\\/\\\/www.chateaudegoutelas.fr\\\/#organization\"},\"potentialAction\":[{\"@type\":\"SearchAction\",\"target\":{\"@type\":\"EntryPoint\",\"urlTemplate\":\"https:\\\/\\\/www.chateaudegoutelas.fr\\\/?s={search_term_string}\"},\"query-input\":{\"@type\":\"PropertyValueSpecification\",\"valueRequired\":true,\"valueName\":\"search_term_string\"}}],\"inLanguage\":\"en-GB\"},{\"@type\":\"Organization\",\"@id\":\"https:\\\/\\\/www.chateaudegoutelas.fr\\\/#organization\",\"name\":\"Ch\u00e2teau de Goutelas\",\"url\":\"https:\\\/\\\/www.chateaudegoutelas.fr\\\/\",\"logo\":{\"@type\":\"ImageObject\",\"inLanguage\":\"en-GB\",\"@id\":\"https:\\\/\\\/www.chateaudegoutelas.fr\\\/#\\\/schema\\\/logo\\\/image\\\/\",\"url\":\"https:\\\/\\\/www.chateaudegoutelas.fr\\\/wp-content\\\/uploads\\\/2023\\\/05\\\/logo-chateau-goutelas-bleu.png\",\"contentUrl\":\"https:\\\/\\\/www.chateaudegoutelas.fr\\\/wp-content\\\/uploads\\\/2023\\\/05\\\/logo-chateau-goutelas-bleu.png\",\"width\":1123,\"height\":327,\"caption\":\"Ch\u00e2teau de Goutelas\"},\"image\":{\"@id\":\"https:\\\/\\\/www.chateaudegoutelas.fr\\\/#\\\/schema\\\/logo\\\/image\\\/\"}}]}<\/script>\n<!-- \/ Yoast SEO plugin. -->","yoast_head_json":{"title":"Cycles - Fabienne Charles & Xavier Boyer - Ch\u00e2teau de Goutelas","robots":{"index":"index","follow":"follow","max-snippet":"max-snippet:-1","max-image-preview":"max-image-preview:large","max-video-preview":"max-video-preview:-1"},"canonical":"https:\/\/www.chateaudegoutelas.fr\/en\/artiste\/cycles-fabienne-charles-xavier-boyer\/","og_locale":"en_GB","og_type":"article","og_title":"Cycles - Fabienne Charles & Xavier Boyer - Ch\u00e2teau de Goutelas","og_description":"Octobre 2024","og_url":"https:\/\/www.chateaudegoutelas.fr\/en\/artiste\/cycles-fabienne-charles-xavier-boyer\/","og_site_name":"Ch\u00e2teau de Goutelas","article_modified_time":"2024-11-22T09:33:11+00:00","og_image":[{"width":1680,"height":1120,"url":"https:\/\/www.chateaudegoutelas.fr\/wp-content\/uploads\/2024\/10\/Fabienne-Charles.-Credit-Romane-Boyer.jpg","type":"image\/jpeg"}],"twitter_card":"summary_large_image","twitter_misc":{"Estimated reading time":"3 minutes"},"schema":{"@context":"https:\/\/schema.org","@graph":[{"@type":"WebPage","@id":"https:\/\/www.chateaudegoutelas.fr\/artiste\/cycles-fabienne-charles-xavier-boyer\/","url":"https:\/\/www.chateaudegoutelas.fr\/artiste\/cycles-fabienne-charles-xavier-boyer\/","name":"Cycles - Fabienne Charles & Xavier Boyer - Ch\u00e2teau de Goutelas","isPartOf":{"@id":"https:\/\/www.chateaudegoutelas.fr\/#website"},"primaryImageOfPage":{"@id":"https:\/\/www.chateaudegoutelas.fr\/artiste\/cycles-fabienne-charles-xavier-boyer\/#primaryimage"},"image":{"@id":"https:\/\/www.chateaudegoutelas.fr\/artiste\/cycles-fabienne-charles-xavier-boyer\/#primaryimage"},"thumbnailUrl":"https:\/\/www.chateaudegoutelas.fr\/wp-content\/uploads\/2024\/10\/Fabienne-Charles.-Credit-Romane-Boyer.jpg","datePublished":"2024-10-03T10:50:46+00:00","dateModified":"2024-11-22T09:33:11+00:00","breadcrumb":{"@id":"https:\/\/www.chateaudegoutelas.fr\/artiste\/cycles-fabienne-charles-xavier-boyer\/#breadcrumb"},"inLanguage":"en-GB","potentialAction":[{"@type":"ReadAction","target":["https:\/\/www.chateaudegoutelas.fr\/artiste\/cycles-fabienne-charles-xavier-boyer\/"]}]},{"@type":"ImageObject","inLanguage":"en-GB","@id":"https:\/\/www.chateaudegoutelas.fr\/artiste\/cycles-fabienne-charles-xavier-boyer\/#primaryimage","url":"https:\/\/www.chateaudegoutelas.fr\/wp-content\/uploads\/2024\/10\/Fabienne-Charles.-Credit-Romane-Boyer.jpg","contentUrl":"https:\/\/www.chateaudegoutelas.fr\/wp-content\/uploads\/2024\/10\/Fabienne-Charles.-Credit-Romane-Boyer.jpg","width":1680,"height":1120},{"@type":"BreadcrumbList","@id":"https:\/\/www.chateaudegoutelas.fr\/artiste\/cycles-fabienne-charles-xavier-boyer\/#breadcrumb","itemListElement":[{"@type":"ListItem","position":1,"name":"Accueil","item":"https:\/\/www.chateaudegoutelas.fr\/"},{"@type":"ListItem","position":2,"name":"Cycles &#8211; Fabienne Charles &#038; Xavier Boyer"}]},{"@type":"WebSite","@id":"https:\/\/www.chateaudegoutelas.fr\/#website","url":"https:\/\/www.chateaudegoutelas.fr\/","name":"Ch\u00e2teau de Goutelas","description":"Un centre culturel de rencontre en Forez","publisher":{"@id":"https:\/\/www.chateaudegoutelas.fr\/#organization"},"potentialAction":[{"@type":"SearchAction","target":{"@type":"EntryPoint","urlTemplate":"https:\/\/www.chateaudegoutelas.fr\/?s={search_term_string}"},"query-input":{"@type":"PropertyValueSpecification","valueRequired":true,"valueName":"search_term_string"}}],"inLanguage":"en-GB"},{"@type":"Organization","@id":"https:\/\/www.chateaudegoutelas.fr\/#organization","name":"Ch\u00e2teau de Goutelas","url":"https:\/\/www.chateaudegoutelas.fr\/","logo":{"@type":"ImageObject","inLanguage":"en-GB","@id":"https:\/\/www.chateaudegoutelas.fr\/#\/schema\/logo\/image\/","url":"https:\/\/www.chateaudegoutelas.fr\/wp-content\/uploads\/2023\/05\/logo-chateau-goutelas-bleu.png","contentUrl":"https:\/\/www.chateaudegoutelas.fr\/wp-content\/uploads\/2023\/05\/logo-chateau-goutelas-bleu.png","width":1123,"height":327,"caption":"Ch\u00e2teau de Goutelas"},"image":{"@id":"https:\/\/www.chateaudegoutelas.fr\/#\/schema\/logo\/image\/"}}]}},"_links":{"self":[{"href":"https:\/\/www.chateaudegoutelas.fr\/en\/wp-json\/wp\/v2\/artiste\/9790","targetHints":{"allow":["GET"]}}],"collection":[{"href":"https:\/\/www.chateaudegoutelas.fr\/en\/wp-json\/wp\/v2\/artiste"}],"about":[{"href":"https:\/\/www.chateaudegoutelas.fr\/en\/wp-json\/wp\/v2\/types\/artiste"}],"wp:featuredmedia":[{"embeddable":true,"href":"https:\/\/www.chateaudegoutelas.fr\/en\/wp-json\/wp\/v2\/media\/9791"}],"wp:attachment":[{"href":"https:\/\/www.chateaudegoutelas.fr\/en\/wp-json\/wp\/v2\/media?parent=9790"}],"wp:term":[{"taxonomy":"category","embeddable":true,"href":"https:\/\/www.chateaudegoutelas.fr\/en\/wp-json\/wp\/v2\/categories?post=9790"},{"taxonomy":"post_tag","embeddable":true,"href":"https:\/\/www.chateaudegoutelas.fr\/en\/wp-json\/wp\/v2\/tags?post=9790"}],"curies":[{"name":"wp","href":"https:\/\/api.w.org\/{rel}","templated":true}]}}