{"id":9207,"date":"2024-05-02T11:25:22","date_gmt":"2024-05-02T09:25:22","guid":{"rendered":"https:\/\/www.chateaudegoutelas.fr\/?post_type=artiste&#038;p=9207"},"modified":"2024-11-22T10:33:31","modified_gmt":"2024-11-22T09:33:31","slug":"elliavir","status":"publish","type":"artiste","link":"https:\/\/www.chateaudegoutelas.fr\/en\/artiste\/elliavir\/","title":{"rendered":"ElliAViR"},"content":{"rendered":"<img loading=\"lazy\" decoding=\"async\" width=\"2048\" height=\"1365\" src=\"https:\/\/www.chateaudegoutelas.fr\/wp-content\/uploads\/2024\/05\/elliavir.jpg\" class=\"attachment-post-thumbnail size-post-thumbnail wp-post-image\" alt=\"\" srcset=\"https:\/\/www.chateaudegoutelas.fr\/wp-content\/uploads\/2024\/05\/elliavir.jpg 2048w, https:\/\/www.chateaudegoutelas.fr\/wp-content\/uploads\/2024\/05\/elliavir-1200x800.jpg 1200w, https:\/\/www.chateaudegoutelas.fr\/wp-content\/uploads\/2024\/05\/elliavir-1920x1280.jpg 1920w, https:\/\/www.chateaudegoutelas.fr\/wp-content\/uploads\/2024\/05\/elliavir-768x512.jpg 768w, https:\/\/www.chateaudegoutelas.fr\/wp-content\/uploads\/2024\/05\/elliavir-1536x1024.jpg 1536w, https:\/\/www.chateaudegoutelas.fr\/wp-content\/uploads\/2024\/05\/elliavir-18x12.jpg 18w\" sizes=\"auto, (max-width: 2048px) 100vw, 2048px\" \/>\n\t<p>\u00a9 Mikel Muneton<\/p>\n\t<h1>\n\t\t\t\tElliAViR\n\t\t\t<\/h1>\n\t\t\t<p>mai 2024<\/p>\t\n\t<p><strong>Compos\u00e9, arrang\u00e9 par la chanteuse Lou Rivaille, ElliAViR est un voyage instrumental et vocal aux sonorit\u00e9s riches et oniriques.<\/strong> Incarn\u00e9e par cinq musiciens, la musique d&rsquo;ElliAViR puise ses influences aupr\u00e8s du jazz, de la musique du monde, parfois du chant celtique ou bien des musiques de l&rsquo;est. Dans ce projet, la voix est un instrument \u00e0 part enti\u00e8re o\u00f9 le rythme, la m\u00e9lodie, l&rsquo;improvisation, la phon\u00e9tique illustrent un langage riche et narrateur, au plus pr\u00e8s des instruments, ouvrant d&rsquo;infinies possibilit\u00e9s.<\/p>\n<p>Le quintette est accueilli en r\u00e9sidence \u00e0 Goutelas pour la cr\u00e9ation de nouveaux morceaux. Les artistes iront \u00e0 la rencontre des \u00e9l\u00e8ves de la cit\u00e9 scolaire de Bo\u00ebn pour un atelier musical.<\/p>\n<p>\u00ab <em>Laur\u00e9ate du prestigieux tremplin ReZZo Jazz \u00e0 Vienne en 2022, la chanteuse vient de publier un premier disque qui confirme son originalit\u00e9 et sa sensibilit\u00e9 \u00e0 fleur de peau. Entour\u00e9e de son groupe ElliAViR, un quintette de haut vol, elle inaugurera notre nouveau rendez-vous live au Studio de l&rsquo;Ermitage.<\/em> \u00bb &#8211; Jazz Magazine<\/p>\n\t<strong>Lou Rivaille : voix<br \/>\nR\u00e9mi Flambard <\/strong>: trompette<strong><br \/>\nChristophe Waldner<\/strong> : piano<strong><br \/>\nCyril Billot<\/strong> : contrebasse<strong><br \/>\nMaxime Mary <\/strong>: batterie\n<h2>\n\t\tautres artistes en r\u00e9sidence\n\t<\/h2>\n\t\t<a href=\"https:\/\/www.chateaudegoutelas.fr\/en\/artiste\/kainana-ramadani-azani-v-ebengou\/\" target=\"_self\" aria-label=\"Post Element\" rel=\"noopener\"><\/a>\t\t\n\t\t\t\t\t\t\t\t\t\t\t\t\t\t<a href=\"https:\/\/www.chateaudegoutelas.fr\/en\/artiste\/kainana-ramadani-azani-v-ebengou\/\" target=\"_self\" title=\"Ka\u00efnana Ramadani et Azani V. Ebengou &#8211; Cie Les pleureuses de feu\" rel=\"noopener\">\n\t\t\t\t<img decoding=\"async\" src=\"https:\/\/www.chateaudegoutelas.fr\/wp-content\/uploads\/2023\/10\/Freda_Lou-Morel_claire_carre-720x720.jpeg\" alt=\"\" \/>\n\t\t\t\t<\/a>\n\t\t\t\t<a href=\"https:\/\/www.chateaudegoutelas.fr\/en\/artiste\/kainana-ramadani-azani-v-ebengou\/\" title=\"Ka\u00efnana Ramadani et Azani V. Ebengou &#8211; Cie Les pleureuses de feu\" tabindex=\"0\">Ka\u00efnana Ramadani et Azani V. Ebengou &#8211; Cie Les pleureuses de feu<\/a>\t\t\t\n\t\t\t\t\t\t\t\tOctobre 2023\n\t\t<a href=\"https:\/\/www.chateaudegoutelas.fr\/en\/artiste\/mahmoud-elhaddad-nermin-habib\/\" target=\"_self\" aria-label=\"Post Element\" rel=\"noopener\"><\/a>\t\t\n\t\t\t\t\t\t\t\t\t\t\t\t\t\t<a href=\"https:\/\/www.chateaudegoutelas.fr\/en\/artiste\/mahmoud-elhaddad-nermin-habib\/\" target=\"_self\" title=\"Mahmoud El Haddad et Nermin Habib\" rel=\"noopener\">\n\t\t\t\t<img decoding=\"async\" src=\"https:\/\/www.chateaudegoutelas.fr\/wp-content\/uploads\/2023\/10\/soulo_2-1-720x600.jpg\" alt=\"\" \/>\n\t\t\t\t<\/a>\n\t\t\t\t<a href=\"https:\/\/www.chateaudegoutelas.fr\/en\/artiste\/mahmoud-elhaddad-nermin-habib\/\" title=\"Mahmoud El Haddad et Nermin Habib\" tabindex=\"0\">Mahmoud El Haddad et Nermin Habib<\/a>\t\t\t\n\t\t\t\t\t\t\t\tNovembre 2023\n\t\t<a href=\"https:\/\/www.chateaudegoutelas.fr\/en\/artiste\/modele-artiste\/\" target=\"_self\" aria-label=\"Post Element\" rel=\"noopener\"><\/a>\t\t\n\t\t\t\t\t\t\t\t\t\t\t\t\t\t<a href=\"https:\/\/www.chateaudegoutelas.fr\/en\/artiste\/modele-artiste\/\" target=\"_self\" title=\"Priv\u00e9\u00a0: Mod\u00e8le d&rsquo;artiste\" rel=\"noopener\">\n\t\t\t\t<img decoding=\"async\" src=\"https:\/\/www.chateaudegoutelas.fr\/wp-content\/uploads\/2023\/05\/blank-600x600.jpg\" alt=\"\" \/>\n\t\t\t\t<\/a>\n\t\t\t\t<a href=\"https:\/\/www.chateaudegoutelas.fr\/en\/artiste\/modele-artiste\/\" title=\"Priv\u00e9\u00a0: Mod\u00e8le d&rsquo;artiste\" tabindex=\"0\">Priv\u00e9\u00a0: Mod\u00e8le d&rsquo;artiste<\/a>\t\t\t\n\t\t\t\t\t\t\t\tdates de r\u00e9sidence","protected":false},"excerpt":{"rendered":"<p>mai 2024<\/p>","protected":false},"featured_media":9208,"template":"","meta":{"site-sidebar-layout":"default","site-content-layout":null,"ast-site-content-layout":"default","site-content-style":"default","site-sidebar-style":"default","ast-global-header-display":"","ast-banner-title-visibility":"","ast-main-header-display":"","ast-hfb-above-header-display":null,"ast-hfb-below-header-display":null,"ast-hfb-mobile-header-display":"","site-post-title":"disabled","ast-breadcrumbs-content":null,"ast-featured-img":"disabled","footer-sml-layout":"","ast-disable-related-posts":"","theme-transparent-header-meta":"default","adv-header-id-meta":"","stick-header-meta":"default","header-above-stick-meta":null,"header-main-stick-meta":"","header-below-stick-meta":null,"astra-migrate-meta-layouts":"set","ast-page-background-enabled":"default","ast-page-background-meta":{"desktop":{"background-color":"","background-image":"","background-repeat":"repeat","background-position":"center center","background-size":"auto","background-attachment":"scroll","background-type":"","background-media":"","overlay-type":"","overlay-color":"","overlay-opacity":"","overlay-gradient":""},"tablet":{"background-color":"","background-image":"","background-repeat":"repeat","background-position":"center center","background-size":"auto","background-attachment":"scroll","background-type":"","background-media":"","overlay-type":"","overlay-color":"","overlay-opacity":"","overlay-gradient":""},"mobile":{"background-color":"","background-image":"","background-repeat":"repeat","background-position":"center center","background-size":"auto","background-attachment":"scroll","background-type":"","background-media":"","overlay-type":"","overlay-color":"","overlay-opacity":"","overlay-gradient":""}},"ast-content-background-meta":{"desktop":{"background-color":"var(--ast-global-color-5)","background-image":"","background-repeat":"repeat","background-position":"center center","background-size":"auto","background-attachment":"scroll","background-type":"","background-media":"","overlay-type":"","overlay-color":"","overlay-opacity":"","overlay-gradient":""},"tablet":{"background-color":"var(--ast-global-color-5)","background-image":"","background-repeat":"repeat","background-position":"center center","background-size":"auto","background-attachment":"scroll","background-type":"","background-media":"","overlay-type":"","overlay-color":"","overlay-opacity":"","overlay-gradient":""},"mobile":{"background-color":"var(--ast-global-color-5)","background-image":"","background-repeat":"repeat","background-position":"center center","background-size":"auto","background-attachment":"scroll","background-type":"","background-media":"","overlay-type":"","overlay-color":"","overlay-opacity":"","overlay-gradient":""}}},"categories":[241],"tags":[387],"class_list":["post-9207","artiste","type-artiste","status-publish","has-post-thumbnail","hentry","category-artiste-venu-en-residence","tag-residence-musique"],"yoast_head":"<!-- This site is optimized with the Yoast SEO plugin v27.5 - https:\/\/yoast.com\/product\/yoast-seo-wordpress\/ -->\n<title>ElliAViR - Ch\u00e2teau de Goutelas<\/title>\n<meta name=\"robots\" content=\"index, follow, max-snippet:-1, max-image-preview:large, max-video-preview:-1\" \/>\n<link rel=\"canonical\" href=\"https:\/\/www.chateaudegoutelas.fr\/en\/artiste\/elliavir\/\" \/>\n<meta property=\"og:locale\" content=\"en_GB\" \/>\n<meta property=\"og:type\" content=\"article\" \/>\n<meta property=\"og:title\" content=\"ElliAViR - Ch\u00e2teau de Goutelas\" \/>\n<meta property=\"og:description\" content=\"mai 2024\" \/>\n<meta property=\"og:url\" content=\"https:\/\/www.chateaudegoutelas.fr\/en\/artiste\/elliavir\/\" \/>\n<meta property=\"og:site_name\" content=\"Ch\u00e2teau de Goutelas\" \/>\n<meta property=\"article:modified_time\" content=\"2024-11-22T09:33:31+00:00\" \/>\n<meta property=\"og:image\" content=\"https:\/\/www.chateaudegoutelas.fr\/wp-content\/uploads\/2024\/05\/elliavir.jpg\" \/>\n\t<meta property=\"og:image:width\" content=\"2048\" \/>\n\t<meta property=\"og:image:height\" content=\"1365\" \/>\n\t<meta property=\"og:image:type\" content=\"image\/jpeg\" \/>\n<meta name=\"twitter:card\" content=\"summary_large_image\" \/>\n<meta name=\"twitter:label1\" content=\"Estimated reading time\" \/>\n\t<meta name=\"twitter:data1\" content=\"2 minutes\" \/>\n<script type=\"application\/ld+json\" class=\"yoast-schema-graph\">{\"@context\":\"https:\\\/\\\/schema.org\",\"@graph\":[{\"@type\":\"WebPage\",\"@id\":\"https:\\\/\\\/www.chateaudegoutelas.fr\\\/artiste\\\/elliavir\\\/\",\"url\":\"https:\\\/\\\/www.chateaudegoutelas.fr\\\/artiste\\\/elliavir\\\/\",\"name\":\"ElliAViR - Ch\u00e2teau de Goutelas\",\"isPartOf\":{\"@id\":\"https:\\\/\\\/www.chateaudegoutelas.fr\\\/#website\"},\"primaryImageOfPage\":{\"@id\":\"https:\\\/\\\/www.chateaudegoutelas.fr\\\/artiste\\\/elliavir\\\/#primaryimage\"},\"image\":{\"@id\":\"https:\\\/\\\/www.chateaudegoutelas.fr\\\/artiste\\\/elliavir\\\/#primaryimage\"},\"thumbnailUrl\":\"https:\\\/\\\/www.chateaudegoutelas.fr\\\/wp-content\\\/uploads\\\/2024\\\/05\\\/elliavir.jpg\",\"datePublished\":\"2024-05-02T09:25:22+00:00\",\"dateModified\":\"2024-11-22T09:33:31+00:00\",\"breadcrumb\":{\"@id\":\"https:\\\/\\\/www.chateaudegoutelas.fr\\\/artiste\\\/elliavir\\\/#breadcrumb\"},\"inLanguage\":\"en-GB\",\"potentialAction\":[{\"@type\":\"ReadAction\",\"target\":[\"https:\\\/\\\/www.chateaudegoutelas.fr\\\/artiste\\\/elliavir\\\/\"]}]},{\"@type\":\"ImageObject\",\"inLanguage\":\"en-GB\",\"@id\":\"https:\\\/\\\/www.chateaudegoutelas.fr\\\/artiste\\\/elliavir\\\/#primaryimage\",\"url\":\"https:\\\/\\\/www.chateaudegoutelas.fr\\\/wp-content\\\/uploads\\\/2024\\\/05\\\/elliavir.jpg\",\"contentUrl\":\"https:\\\/\\\/www.chateaudegoutelas.fr\\\/wp-content\\\/uploads\\\/2024\\\/05\\\/elliavir.jpg\",\"width\":2048,\"height\":1365},{\"@type\":\"BreadcrumbList\",\"@id\":\"https:\\\/\\\/www.chateaudegoutelas.fr\\\/artiste\\\/elliavir\\\/#breadcrumb\",\"itemListElement\":[{\"@type\":\"ListItem\",\"position\":1,\"name\":\"Accueil\",\"item\":\"https:\\\/\\\/www.chateaudegoutelas.fr\\\/\"},{\"@type\":\"ListItem\",\"position\":2,\"name\":\"ElliAViR\"}]},{\"@type\":\"WebSite\",\"@id\":\"https:\\\/\\\/www.chateaudegoutelas.fr\\\/#website\",\"url\":\"https:\\\/\\\/www.chateaudegoutelas.fr\\\/\",\"name\":\"Ch\u00e2teau de Goutelas\",\"description\":\"Un centre culturel de rencontre en Forez\",\"publisher\":{\"@id\":\"https:\\\/\\\/www.chateaudegoutelas.fr\\\/#organization\"},\"potentialAction\":[{\"@type\":\"SearchAction\",\"target\":{\"@type\":\"EntryPoint\",\"urlTemplate\":\"https:\\\/\\\/www.chateaudegoutelas.fr\\\/?s={search_term_string}\"},\"query-input\":{\"@type\":\"PropertyValueSpecification\",\"valueRequired\":true,\"valueName\":\"search_term_string\"}}],\"inLanguage\":\"en-GB\"},{\"@type\":\"Organization\",\"@id\":\"https:\\\/\\\/www.chateaudegoutelas.fr\\\/#organization\",\"name\":\"Ch\u00e2teau de Goutelas\",\"url\":\"https:\\\/\\\/www.chateaudegoutelas.fr\\\/\",\"logo\":{\"@type\":\"ImageObject\",\"inLanguage\":\"en-GB\",\"@id\":\"https:\\\/\\\/www.chateaudegoutelas.fr\\\/#\\\/schema\\\/logo\\\/image\\\/\",\"url\":\"https:\\\/\\\/www.chateaudegoutelas.fr\\\/wp-content\\\/uploads\\\/2023\\\/05\\\/logo-chateau-goutelas-bleu.png\",\"contentUrl\":\"https:\\\/\\\/www.chateaudegoutelas.fr\\\/wp-content\\\/uploads\\\/2023\\\/05\\\/logo-chateau-goutelas-bleu.png\",\"width\":1123,\"height\":327,\"caption\":\"Ch\u00e2teau de Goutelas\"},\"image\":{\"@id\":\"https:\\\/\\\/www.chateaudegoutelas.fr\\\/#\\\/schema\\\/logo\\\/image\\\/\"}}]}<\/script>\n<!-- \/ Yoast SEO plugin. -->","yoast_head_json":{"title":"ElliAViR - Ch\u00e2teau de Goutelas","robots":{"index":"index","follow":"follow","max-snippet":"max-snippet:-1","max-image-preview":"max-image-preview:large","max-video-preview":"max-video-preview:-1"},"canonical":"https:\/\/www.chateaudegoutelas.fr\/en\/artiste\/elliavir\/","og_locale":"en_GB","og_type":"article","og_title":"ElliAViR - Ch\u00e2teau de Goutelas","og_description":"mai 2024","og_url":"https:\/\/www.chateaudegoutelas.fr\/en\/artiste\/elliavir\/","og_site_name":"Ch\u00e2teau de Goutelas","article_modified_time":"2024-11-22T09:33:31+00:00","og_image":[{"width":2048,"height":1365,"url":"https:\/\/www.chateaudegoutelas.fr\/wp-content\/uploads\/2024\/05\/elliavir.jpg","type":"image\/jpeg"}],"twitter_card":"summary_large_image","twitter_misc":{"Estimated reading time":"2 minutes"},"schema":{"@context":"https:\/\/schema.org","@graph":[{"@type":"WebPage","@id":"https:\/\/www.chateaudegoutelas.fr\/artiste\/elliavir\/","url":"https:\/\/www.chateaudegoutelas.fr\/artiste\/elliavir\/","name":"ElliAViR - Ch\u00e2teau de Goutelas","isPartOf":{"@id":"https:\/\/www.chateaudegoutelas.fr\/#website"},"primaryImageOfPage":{"@id":"https:\/\/www.chateaudegoutelas.fr\/artiste\/elliavir\/#primaryimage"},"image":{"@id":"https:\/\/www.chateaudegoutelas.fr\/artiste\/elliavir\/#primaryimage"},"thumbnailUrl":"https:\/\/www.chateaudegoutelas.fr\/wp-content\/uploads\/2024\/05\/elliavir.jpg","datePublished":"2024-05-02T09:25:22+00:00","dateModified":"2024-11-22T09:33:31+00:00","breadcrumb":{"@id":"https:\/\/www.chateaudegoutelas.fr\/artiste\/elliavir\/#breadcrumb"},"inLanguage":"en-GB","potentialAction":[{"@type":"ReadAction","target":["https:\/\/www.chateaudegoutelas.fr\/artiste\/elliavir\/"]}]},{"@type":"ImageObject","inLanguage":"en-GB","@id":"https:\/\/www.chateaudegoutelas.fr\/artiste\/elliavir\/#primaryimage","url":"https:\/\/www.chateaudegoutelas.fr\/wp-content\/uploads\/2024\/05\/elliavir.jpg","contentUrl":"https:\/\/www.chateaudegoutelas.fr\/wp-content\/uploads\/2024\/05\/elliavir.jpg","width":2048,"height":1365},{"@type":"BreadcrumbList","@id":"https:\/\/www.chateaudegoutelas.fr\/artiste\/elliavir\/#breadcrumb","itemListElement":[{"@type":"ListItem","position":1,"name":"Accueil","item":"https:\/\/www.chateaudegoutelas.fr\/"},{"@type":"ListItem","position":2,"name":"ElliAViR"}]},{"@type":"WebSite","@id":"https:\/\/www.chateaudegoutelas.fr\/#website","url":"https:\/\/www.chateaudegoutelas.fr\/","name":"Ch\u00e2teau de Goutelas","description":"Un centre culturel de rencontre en Forez","publisher":{"@id":"https:\/\/www.chateaudegoutelas.fr\/#organization"},"potentialAction":[{"@type":"SearchAction","target":{"@type":"EntryPoint","urlTemplate":"https:\/\/www.chateaudegoutelas.fr\/?s={search_term_string}"},"query-input":{"@type":"PropertyValueSpecification","valueRequired":true,"valueName":"search_term_string"}}],"inLanguage":"en-GB"},{"@type":"Organization","@id":"https:\/\/www.chateaudegoutelas.fr\/#organization","name":"Ch\u00e2teau de Goutelas","url":"https:\/\/www.chateaudegoutelas.fr\/","logo":{"@type":"ImageObject","inLanguage":"en-GB","@id":"https:\/\/www.chateaudegoutelas.fr\/#\/schema\/logo\/image\/","url":"https:\/\/www.chateaudegoutelas.fr\/wp-content\/uploads\/2023\/05\/logo-chateau-goutelas-bleu.png","contentUrl":"https:\/\/www.chateaudegoutelas.fr\/wp-content\/uploads\/2023\/05\/logo-chateau-goutelas-bleu.png","width":1123,"height":327,"caption":"Ch\u00e2teau de Goutelas"},"image":{"@id":"https:\/\/www.chateaudegoutelas.fr\/#\/schema\/logo\/image\/"}}]}},"_links":{"self":[{"href":"https:\/\/www.chateaudegoutelas.fr\/en\/wp-json\/wp\/v2\/artiste\/9207","targetHints":{"allow":["GET"]}}],"collection":[{"href":"https:\/\/www.chateaudegoutelas.fr\/en\/wp-json\/wp\/v2\/artiste"}],"about":[{"href":"https:\/\/www.chateaudegoutelas.fr\/en\/wp-json\/wp\/v2\/types\/artiste"}],"wp:featuredmedia":[{"embeddable":true,"href":"https:\/\/www.chateaudegoutelas.fr\/en\/wp-json\/wp\/v2\/media\/9208"}],"wp:attachment":[{"href":"https:\/\/www.chateaudegoutelas.fr\/en\/wp-json\/wp\/v2\/media?parent=9207"}],"wp:term":[{"taxonomy":"category","embeddable":true,"href":"https:\/\/www.chateaudegoutelas.fr\/en\/wp-json\/wp\/v2\/categories?post=9207"},{"taxonomy":"post_tag","embeddable":true,"href":"https:\/\/www.chateaudegoutelas.fr\/en\/wp-json\/wp\/v2\/tags?post=9207"}],"curies":[{"name":"wp","href":"https:\/\/api.w.org\/{rel}","templated":true}]}}