{"id":11931,"date":"2026-04-30T12:22:51","date_gmt":"2026-04-30T10:22:51","guid":{"rendered":"https:\/\/www.chateaudegoutelas.fr\/?post_type=artiste&#038;p=11931"},"modified":"2026-04-30T12:22:51","modified_gmt":"2026-04-30T10:22:51","slug":"julie-madon","status":"publish","type":"artiste","link":"https:\/\/www.chateaudegoutelas.fr\/en\/artiste\/julie-madon\/","title":{"rendered":"Julie Madon"},"content":{"rendered":"<img loading=\"lazy\" decoding=\"async\" width=\"2301\" height=\"1726\" src=\"https:\/\/www.chateaudegoutelas.fr\/wp-content\/uploads\/2026\/04\/Julie-Madon-credit-DR.jpg\" class=\"attachment-post-thumbnail size-post-thumbnail wp-post-image\" alt=\"\" srcset=\"https:\/\/www.chateaudegoutelas.fr\/wp-content\/uploads\/2026\/04\/Julie-Madon-credit-DR.jpg 2301w, https:\/\/www.chateaudegoutelas.fr\/wp-content\/uploads\/2026\/04\/Julie-Madon-credit-DR-1200x900.jpg 1200w, https:\/\/www.chateaudegoutelas.fr\/wp-content\/uploads\/2026\/04\/Julie-Madon-credit-DR-1920x1440.jpg 1920w, https:\/\/www.chateaudegoutelas.fr\/wp-content\/uploads\/2026\/04\/Julie-Madon-credit-DR-768x576.jpg 768w, https:\/\/www.chateaudegoutelas.fr\/wp-content\/uploads\/2026\/04\/Julie-Madon-credit-DR-1536x1152.jpg 1536w, https:\/\/www.chateaudegoutelas.fr\/wp-content\/uploads\/2026\/04\/Julie-Madon-credit-DR-2048x1536.jpg 2048w, https:\/\/www.chateaudegoutelas.fr\/wp-content\/uploads\/2026\/04\/Julie-Madon-credit-DR-16x12.jpg 16w\" sizes=\"auto, (max-width: 2301px) 100vw, 2301px\" \/>\n\t<p>\u00a9 DR<\/p>\n\t<h1>\n\t\t\t\tJulie Madon\n\t\t\t<\/h1>\n<h3>\n\t\t\tUne sociologue en immersion au c\u0153ur de La Grande Bricole\t<\/h3>\n\t<p>Julie Madon, sociologue, consultante et autrice, est sp\u00e9cialiste des modes de vie et des pratiques quotidiennes en lien avec la transition \u00e9cologique.<\/p>\n<p>Docteure en sociologie, elle a soutenu une th\u00e8se sur le rapport des consommateurs \u00e0 la dur\u00e9e de vie de leurs biens domestiques : <i>Faire durer les objets<\/i> (Presses de Sciences Po, 2024).<\/p>\n<p>Aujourd&rsquo;hui, elle m\u00e8ne des enqu\u00eates sur des th\u00e8mes aussi vari\u00e9s que le rapport au v\u00e9lo des Franciliens ou l&rsquo;effet des premi\u00e8res vacances chez les familles modestes.\u00a0<\/p>\n<p>Julie Madon est invit\u00e9e par le Ch\u00e2teau de Goutelas et Loire Forez agglom\u00e9ration pour participer au chantier de <a href=\"https:\/\/www.chateaudegoutelas.fr\/en\/la-grande-bricole\/\"><strong>la Grande Bricole<\/strong><\/a> en tant que chercheuse associ\u00e9e au projet men\u00e9 par la Compagnie Titanos.<\/p>\n<p>Ses \u00e9changes avec les artistes et les bricoleur\u00b7euses associ\u00e9s \u00e0 ce grand projet participatif seront restitu\u00e9s lors de la table-ronde <a href=\"https:\/\/www.chateaudegoutelas.fr\/en\/agenda\/systemes-debrouilles\/\"><em>Syst\u00e8me D(\u00e9brouilles)<\/em><\/a> programm\u00e9e le samedi 30 mai 2026 apr\u00e8s-midi dans le cadre du <a href=\"https:\/\/www.chateaudegoutelas.fr\/en\/agenda\/futurs-possibles-2026\/\">festival Futurs possibles<\/a>.<\/p>\n<h2>\n\t\t\tvoir aussi\t<\/h2>\n\t\t<a href=\"https:\/\/www.chateaudegoutelas.fr\/en\/artiste\/collectif-enoki\/\" title=\"Afficher le contenu de la bo\u00eete\" target=\"_self\"  aria-label=\"Post Element\"><\/a>\t\t\n\t\t\t\t\t\t\t\t\t\t\t\t\t\t<a href=\"https:\/\/www.chateaudegoutelas.fr\/en\/artiste\/collectif-enoki\/\" target=\"_self\" title=\"Collectif Enoki\">\n\t\t\t\t<img decoding=\"async\" src=\"https:\/\/www.chateaudegoutelas.fr\/wp-content\/uploads\/2026\/04\/futurspossibles24-credit-Chateau-de-Goutelas-720x720.jpg\" alt=\"\" \/>\n\t\t\t\t<\/a>\n\t\t\t\t<a href=\"https:\/\/www.chateaudegoutelas.fr\/en\/artiste\/collectif-enoki\/\" title=\"Collectif Enoki\">Collectif Enoki<\/a>\t\t\t\n\t\t<a href=\"https:\/\/www.chateaudegoutelas.fr\/en\/artiste\/sukoon\/\" title=\"Afficher le contenu de la bo\u00eete\" target=\"_self\"  aria-label=\"Post Element\"><\/a>\t\t\n\t\t\t\t\t\t\t\t\t\t\t\t\t\t<a href=\"https:\/\/www.chateaudegoutelas.fr\/en\/artiste\/sukoon\/\" target=\"_self\" title=\"Sukoon\">\n\t\t\t\t<img decoding=\"async\" src=\"https:\/\/www.chateaudegoutelas.fr\/wp-content\/uploads\/2025\/09\/Sukoon-1_credit-Sukoon-min-720x720.jpg\" alt=\"\" \/>\n\t\t\t\t<\/a>\n\t\t\t\t<a href=\"https:\/\/www.chateaudegoutelas.fr\/en\/artiste\/sukoon\/\" title=\"Sukoon\">Sukoon<\/a>\t\t\t\n\t\t<a href=\"https:\/\/www.chateaudegoutelas.fr\/en\/artiste\/tilt-trio\/\" title=\"Afficher le contenu de la bo\u00eete\" target=\"_self\"  aria-label=\"Post Element\"><\/a>\t\t\n\t\t\t\t\t\t\t\t\t\t\t\t\t\t<a href=\"https:\/\/www.chateaudegoutelas.fr\/en\/artiste\/tilt-trio\/\" target=\"_self\" title=\"Tilt trio &#8211; Farah Kaddour, Samah Boulmona, Ali Hout\">\n\t\t\t\t<img decoding=\"async\" src=\"https:\/\/www.chateaudegoutelas.fr\/wp-content\/uploads\/2025\/09\/TILT-trio_credit-Gabriel-Ferneini-1-720x720.jpg\" alt=\"\" \/>\n\t\t\t\t<\/a>\n\t\t\t\t<a href=\"https:\/\/www.chateaudegoutelas.fr\/en\/artiste\/tilt-trio\/\" title=\"Tilt trio &#8211; Farah Kaddour, Samah Boulmona, Ali Hout\">Tilt trio &#8211; Farah Kaddour, Samah Boulmona, Ali Hout<\/a>","protected":false},"excerpt":{"rendered":"<p>Avril et juin 2026<\/p>","protected":false},"featured_media":11932,"template":"","meta":{"site-sidebar-layout":"default","site-content-layout":"","ast-site-content-layout":"default","site-content-style":"default","site-sidebar-style":"default","ast-global-header-display":"","ast-banner-title-visibility":"","ast-main-header-display":"","ast-hfb-above-header-display":"","ast-hfb-below-header-display":"","ast-hfb-mobile-header-display":"","site-post-title":"disabled","ast-breadcrumbs-content":"","ast-featured-img":"disabled","footer-sml-layout":"","ast-disable-related-posts":"","theme-transparent-header-meta":"default","adv-header-id-meta":"","stick-header-meta":"default","header-above-stick-meta":"","header-main-stick-meta":"","header-below-stick-meta":"","astra-migrate-meta-layouts":"set","ast-page-background-enabled":"default","ast-page-background-meta":{"desktop":{"background-color":"","background-image":"","background-repeat":"repeat","background-position":"center center","background-size":"auto","background-attachment":"scroll","background-type":"","background-media":"","overlay-type":"","overlay-color":"","overlay-opacity":"","overlay-gradient":""},"tablet":{"background-color":"","background-image":"","background-repeat":"repeat","background-position":"center center","background-size":"auto","background-attachment":"scroll","background-type":"","background-media":"","overlay-type":"","overlay-color":"","overlay-opacity":"","overlay-gradient":""},"mobile":{"background-color":"","background-image":"","background-repeat":"repeat","background-position":"center center","background-size":"auto","background-attachment":"scroll","background-type":"","background-media":"","overlay-type":"","overlay-color":"","overlay-opacity":"","overlay-gradient":""}},"ast-content-background-meta":{"desktop":{"background-color":"var(--ast-global-color-5)","background-image":"","background-repeat":"repeat","background-position":"center center","background-size":"auto","background-attachment":"scroll","background-type":"","background-media":"","overlay-type":"","overlay-color":"","overlay-opacity":"","overlay-gradient":""},"tablet":{"background-color":"var(--ast-global-color-5)","background-image":"","background-repeat":"repeat","background-position":"center center","background-size":"auto","background-attachment":"scroll","background-type":"","background-media":"","overlay-type":"","overlay-color":"","overlay-opacity":"","overlay-gradient":""},"mobile":{"background-color":"var(--ast-global-color-5)","background-image":"","background-repeat":"repeat","background-position":"center center","background-size":"auto","background-attachment":"scroll","background-type":"","background-media":"","overlay-type":"","overlay-color":"","overlay-opacity":"","overlay-gradient":""}}},"categories":[145],"tags":[18,390,11],"class_list":["post-11931","artiste","type-artiste","status-publish","has-post-thumbnail","hentry","category-residences","tag-musique","tag-nora","tag-residence"],"yoast_head":"<!-- This site is optimized with the Yoast SEO plugin v27.5 - https:\/\/yoast.com\/product\/yoast-seo-wordpress\/ -->\n<title>Julie Madon - Ch\u00e2teau de Goutelas<\/title>\n<meta name=\"robots\" content=\"index, follow, max-snippet:-1, max-image-preview:large, max-video-preview:-1\" \/>\n<link rel=\"canonical\" href=\"https:\/\/www.chateaudegoutelas.fr\/en\/artiste\/julie-madon\/\" \/>\n<meta property=\"og:locale\" content=\"en_GB\" \/>\n<meta property=\"og:type\" content=\"article\" \/>\n<meta property=\"og:title\" content=\"Julie Madon - Ch\u00e2teau de Goutelas\" \/>\n<meta property=\"og:description\" content=\"Avril et juin 2026\" \/>\n<meta property=\"og:url\" content=\"https:\/\/www.chateaudegoutelas.fr\/en\/artiste\/julie-madon\/\" \/>\n<meta property=\"og:site_name\" content=\"Ch\u00e2teau de Goutelas\" \/>\n<meta property=\"og:image\" content=\"https:\/\/www.chateaudegoutelas.fr\/wp-content\/uploads\/2026\/04\/Julie-Madon-credit-DR-1920x1440.jpg\" \/>\n\t<meta property=\"og:image:width\" content=\"1920\" \/>\n\t<meta property=\"og:image:height\" content=\"1440\" \/>\n\t<meta property=\"og:image:type\" content=\"image\/jpeg\" \/>\n<meta name=\"twitter:card\" content=\"summary_large_image\" \/>\n<meta name=\"twitter:label1\" content=\"Estimated reading time\" \/>\n\t<meta name=\"twitter:data1\" content=\"2 minutes\" \/>\n<script type=\"application\/ld+json\" class=\"yoast-schema-graph\">{\"@context\":\"https:\\\/\\\/schema.org\",\"@graph\":[{\"@type\":\"WebPage\",\"@id\":\"https:\\\/\\\/www.chateaudegoutelas.fr\\\/artiste\\\/julie-madon\\\/\",\"url\":\"https:\\\/\\\/www.chateaudegoutelas.fr\\\/artiste\\\/julie-madon\\\/\",\"name\":\"Julie Madon - Ch\u00e2teau de Goutelas\",\"isPartOf\":{\"@id\":\"https:\\\/\\\/www.chateaudegoutelas.fr\\\/#website\"},\"primaryImageOfPage\":{\"@id\":\"https:\\\/\\\/www.chateaudegoutelas.fr\\\/artiste\\\/julie-madon\\\/#primaryimage\"},\"image\":{\"@id\":\"https:\\\/\\\/www.chateaudegoutelas.fr\\\/artiste\\\/julie-madon\\\/#primaryimage\"},\"thumbnailUrl\":\"https:\\\/\\\/www.chateaudegoutelas.fr\\\/wp-content\\\/uploads\\\/2026\\\/04\\\/Julie-Madon-credit-DR.jpg\",\"datePublished\":\"2026-04-30T10:22:51+00:00\",\"breadcrumb\":{\"@id\":\"https:\\\/\\\/www.chateaudegoutelas.fr\\\/artiste\\\/julie-madon\\\/#breadcrumb\"},\"inLanguage\":\"en-GB\",\"potentialAction\":[{\"@type\":\"ReadAction\",\"target\":[\"https:\\\/\\\/www.chateaudegoutelas.fr\\\/artiste\\\/julie-madon\\\/\"]}]},{\"@type\":\"ImageObject\",\"inLanguage\":\"en-GB\",\"@id\":\"https:\\\/\\\/www.chateaudegoutelas.fr\\\/artiste\\\/julie-madon\\\/#primaryimage\",\"url\":\"https:\\\/\\\/www.chateaudegoutelas.fr\\\/wp-content\\\/uploads\\\/2026\\\/04\\\/Julie-Madon-credit-DR.jpg\",\"contentUrl\":\"https:\\\/\\\/www.chateaudegoutelas.fr\\\/wp-content\\\/uploads\\\/2026\\\/04\\\/Julie-Madon-credit-DR.jpg\",\"width\":2301,\"height\":1726},{\"@type\":\"BreadcrumbList\",\"@id\":\"https:\\\/\\\/www.chateaudegoutelas.fr\\\/artiste\\\/julie-madon\\\/#breadcrumb\",\"itemListElement\":[{\"@type\":\"ListItem\",\"position\":1,\"name\":\"Accueil\",\"item\":\"https:\\\/\\\/www.chateaudegoutelas.fr\\\/\"},{\"@type\":\"ListItem\",\"position\":2,\"name\":\"Julie Madon\"}]},{\"@type\":\"WebSite\",\"@id\":\"https:\\\/\\\/www.chateaudegoutelas.fr\\\/#website\",\"url\":\"https:\\\/\\\/www.chateaudegoutelas.fr\\\/\",\"name\":\"Ch\u00e2teau de Goutelas\",\"description\":\"Un centre culturel de rencontre en Forez\",\"publisher\":{\"@id\":\"https:\\\/\\\/www.chateaudegoutelas.fr\\\/#organization\"},\"potentialAction\":[{\"@type\":\"SearchAction\",\"target\":{\"@type\":\"EntryPoint\",\"urlTemplate\":\"https:\\\/\\\/www.chateaudegoutelas.fr\\\/?s={search_term_string}\"},\"query-input\":{\"@type\":\"PropertyValueSpecification\",\"valueRequired\":true,\"valueName\":\"search_term_string\"}}],\"inLanguage\":\"en-GB\"},{\"@type\":\"Organization\",\"@id\":\"https:\\\/\\\/www.chateaudegoutelas.fr\\\/#organization\",\"name\":\"Ch\u00e2teau de Goutelas\",\"url\":\"https:\\\/\\\/www.chateaudegoutelas.fr\\\/\",\"logo\":{\"@type\":\"ImageObject\",\"inLanguage\":\"en-GB\",\"@id\":\"https:\\\/\\\/www.chateaudegoutelas.fr\\\/#\\\/schema\\\/logo\\\/image\\\/\",\"url\":\"https:\\\/\\\/www.chateaudegoutelas.fr\\\/wp-content\\\/uploads\\\/2023\\\/05\\\/logo-chateau-goutelas-bleu.png\",\"contentUrl\":\"https:\\\/\\\/www.chateaudegoutelas.fr\\\/wp-content\\\/uploads\\\/2023\\\/05\\\/logo-chateau-goutelas-bleu.png\",\"width\":1123,\"height\":327,\"caption\":\"Ch\u00e2teau de Goutelas\"},\"image\":{\"@id\":\"https:\\\/\\\/www.chateaudegoutelas.fr\\\/#\\\/schema\\\/logo\\\/image\\\/\"}}]}<\/script>\n<!-- \/ Yoast SEO plugin. -->","yoast_head_json":{"title":"Julie Madon - Ch\u00e2teau de Goutelas","robots":{"index":"index","follow":"follow","max-snippet":"max-snippet:-1","max-image-preview":"max-image-preview:large","max-video-preview":"max-video-preview:-1"},"canonical":"https:\/\/www.chateaudegoutelas.fr\/en\/artiste\/julie-madon\/","og_locale":"en_GB","og_type":"article","og_title":"Julie Madon - Ch\u00e2teau de Goutelas","og_description":"Avril et juin 2026","og_url":"https:\/\/www.chateaudegoutelas.fr\/en\/artiste\/julie-madon\/","og_site_name":"Ch\u00e2teau de Goutelas","og_image":[{"width":1920,"height":1440,"url":"https:\/\/www.chateaudegoutelas.fr\/wp-content\/uploads\/2026\/04\/Julie-Madon-credit-DR-1920x1440.jpg","type":"image\/jpeg"}],"twitter_card":"summary_large_image","twitter_misc":{"Estimated reading time":"2 minutes"},"schema":{"@context":"https:\/\/schema.org","@graph":[{"@type":"WebPage","@id":"https:\/\/www.chateaudegoutelas.fr\/artiste\/julie-madon\/","url":"https:\/\/www.chateaudegoutelas.fr\/artiste\/julie-madon\/","name":"Julie Madon - Ch\u00e2teau de Goutelas","isPartOf":{"@id":"https:\/\/www.chateaudegoutelas.fr\/#website"},"primaryImageOfPage":{"@id":"https:\/\/www.chateaudegoutelas.fr\/artiste\/julie-madon\/#primaryimage"},"image":{"@id":"https:\/\/www.chateaudegoutelas.fr\/artiste\/julie-madon\/#primaryimage"},"thumbnailUrl":"https:\/\/www.chateaudegoutelas.fr\/wp-content\/uploads\/2026\/04\/Julie-Madon-credit-DR.jpg","datePublished":"2026-04-30T10:22:51+00:00","breadcrumb":{"@id":"https:\/\/www.chateaudegoutelas.fr\/artiste\/julie-madon\/#breadcrumb"},"inLanguage":"en-GB","potentialAction":[{"@type":"ReadAction","target":["https:\/\/www.chateaudegoutelas.fr\/artiste\/julie-madon\/"]}]},{"@type":"ImageObject","inLanguage":"en-GB","@id":"https:\/\/www.chateaudegoutelas.fr\/artiste\/julie-madon\/#primaryimage","url":"https:\/\/www.chateaudegoutelas.fr\/wp-content\/uploads\/2026\/04\/Julie-Madon-credit-DR.jpg","contentUrl":"https:\/\/www.chateaudegoutelas.fr\/wp-content\/uploads\/2026\/04\/Julie-Madon-credit-DR.jpg","width":2301,"height":1726},{"@type":"BreadcrumbList","@id":"https:\/\/www.chateaudegoutelas.fr\/artiste\/julie-madon\/#breadcrumb","itemListElement":[{"@type":"ListItem","position":1,"name":"Accueil","item":"https:\/\/www.chateaudegoutelas.fr\/"},{"@type":"ListItem","position":2,"name":"Julie Madon"}]},{"@type":"WebSite","@id":"https:\/\/www.chateaudegoutelas.fr\/#website","url":"https:\/\/www.chateaudegoutelas.fr\/","name":"Ch\u00e2teau de Goutelas","description":"Un centre culturel de rencontre en Forez","publisher":{"@id":"https:\/\/www.chateaudegoutelas.fr\/#organization"},"potentialAction":[{"@type":"SearchAction","target":{"@type":"EntryPoint","urlTemplate":"https:\/\/www.chateaudegoutelas.fr\/?s={search_term_string}"},"query-input":{"@type":"PropertyValueSpecification","valueRequired":true,"valueName":"search_term_string"}}],"inLanguage":"en-GB"},{"@type":"Organization","@id":"https:\/\/www.chateaudegoutelas.fr\/#organization","name":"Ch\u00e2teau de Goutelas","url":"https:\/\/www.chateaudegoutelas.fr\/","logo":{"@type":"ImageObject","inLanguage":"en-GB","@id":"https:\/\/www.chateaudegoutelas.fr\/#\/schema\/logo\/image\/","url":"https:\/\/www.chateaudegoutelas.fr\/wp-content\/uploads\/2023\/05\/logo-chateau-goutelas-bleu.png","contentUrl":"https:\/\/www.chateaudegoutelas.fr\/wp-content\/uploads\/2023\/05\/logo-chateau-goutelas-bleu.png","width":1123,"height":327,"caption":"Ch\u00e2teau de Goutelas"},"image":{"@id":"https:\/\/www.chateaudegoutelas.fr\/#\/schema\/logo\/image\/"}}]}},"_links":{"self":[{"href":"https:\/\/www.chateaudegoutelas.fr\/en\/wp-json\/wp\/v2\/artiste\/11931","targetHints":{"allow":["GET"]}}],"collection":[{"href":"https:\/\/www.chateaudegoutelas.fr\/en\/wp-json\/wp\/v2\/artiste"}],"about":[{"href":"https:\/\/www.chateaudegoutelas.fr\/en\/wp-json\/wp\/v2\/types\/artiste"}],"wp:featuredmedia":[{"embeddable":true,"href":"https:\/\/www.chateaudegoutelas.fr\/en\/wp-json\/wp\/v2\/media\/11932"}],"wp:attachment":[{"href":"https:\/\/www.chateaudegoutelas.fr\/en\/wp-json\/wp\/v2\/media?parent=11931"}],"wp:term":[{"taxonomy":"category","embeddable":true,"href":"https:\/\/www.chateaudegoutelas.fr\/en\/wp-json\/wp\/v2\/categories?post=11931"},{"taxonomy":"post_tag","embeddable":true,"href":"https:\/\/www.chateaudegoutelas.fr\/en\/wp-json\/wp\/v2\/tags?post=11931"}],"curies":[{"name":"wp","href":"https:\/\/api.w.org\/{rel}","templated":true}]}}