{"id":11928,"date":"2026-04-30T12:13:31","date_gmt":"2026-04-30T10:13:31","guid":{"rendered":"https:\/\/www.chateaudegoutelas.fr\/?post_type=artiste&#038;p=11928"},"modified":"2026-04-30T12:13:31","modified_gmt":"2026-04-30T10:13:31","slug":"collectif-enoki","status":"publish","type":"artiste","link":"https:\/\/www.chateaudegoutelas.fr\/en\/artiste\/collectif-enoki\/","title":{"rendered":"Collectif Enoki"},"content":{"rendered":"<img loading=\"lazy\" decoding=\"async\" width=\"2560\" height=\"1707\" src=\"https:\/\/www.chateaudegoutelas.fr\/wp-content\/uploads\/2026\/04\/futurspossibles24-credit-Chateau-de-Goutelas-scaled.jpg\" class=\"attachment-post-thumbnail size-post-thumbnail wp-post-image\" alt=\"\" srcset=\"https:\/\/www.chateaudegoutelas.fr\/wp-content\/uploads\/2026\/04\/futurspossibles24-credit-Chateau-de-Goutelas-scaled.jpg 2560w, https:\/\/www.chateaudegoutelas.fr\/wp-content\/uploads\/2026\/04\/futurspossibles24-credit-Chateau-de-Goutelas-1200x800.jpg 1200w, https:\/\/www.chateaudegoutelas.fr\/wp-content\/uploads\/2026\/04\/futurspossibles24-credit-Chateau-de-Goutelas-1920x1280.jpg 1920w, https:\/\/www.chateaudegoutelas.fr\/wp-content\/uploads\/2026\/04\/futurspossibles24-credit-Chateau-de-Goutelas-768x512.jpg 768w, https:\/\/www.chateaudegoutelas.fr\/wp-content\/uploads\/2026\/04\/futurspossibles24-credit-Chateau-de-Goutelas-1536x1024.jpg 1536w, https:\/\/www.chateaudegoutelas.fr\/wp-content\/uploads\/2026\/04\/futurspossibles24-credit-Chateau-de-Goutelas-2048x1365.jpg 2048w, https:\/\/www.chateaudegoutelas.fr\/wp-content\/uploads\/2026\/04\/futurspossibles24-credit-Chateau-de-Goutelas-18x12.jpg 18w\" sizes=\"auto, (max-width: 2560px) 100vw, 2560px\" \/>\n\t<p>\u00a9 Ch\u00e2teau de Goutelas<\/p>\n\t<h1>\n\t\t\t\tCollectif Enoki\n\t\t\t<\/h1>\n<h3>\n\t\t\tCuisine et low tech\t<\/h3>\n\t<p>En mai 2026, le collectif Enoki est de retour \u00e0 Goutelas dans le cadre du festival <a href=\"https:\/\/www.chateaudegoutelas.fr\/en\/agenda\/futurs-possibles-2026\/\">Futurs possibles<\/a> pour cr\u00e9er un mini-laboratoire de cuisine <i>low tech<\/i>.<\/p>\n<p>\u00c0 travers des expositions, ateliers, d\u00eeners collaboratifs, projets \u00e9ditoriaux, ce collectif de designers r\u00e9fl\u00e9chit aux rapports entre art et alimentation et invite \u00e0 poser un regard renouvel\u00e9 sur notre relation au vivant, tout en proposant de nouvelles approches culinaires et gustatives.<\/p>\n<p>Enoki entend ainsi imaginer une cuisine \u00e0 l&rsquo;\u00e9preuve du futur, tout en explorant et en remettant \u00e0 l&rsquo;honneur des proc\u00e9d\u00e9s traditionnels et alternatifs, respectueux des \u00e9cosyst\u00e8mes et de l&rsquo;individu.<\/p>\n<p>Pour cette nouvelle \u00e9dition de <strong>Futurs possibles<\/strong>, Joanna Wong, Ludivine Pangaud et J\u00e9r\u00e9my Faivre imaginent avec des producteur\u00b7ices du Forez un menu in\u00e9dit autour d&rsquo;un barbecue solaire construit sur place pendant le festival.<\/p>\n<h2>\n\t\t\tvoir aussi\t<\/h2>\n\t\t<a href=\"https:\/\/www.chateaudegoutelas.fr\/en\/artiste\/sukoon\/\" title=\"Afficher le contenu de la bo\u00eete\" target=\"_self\"  aria-label=\"Post Element\"><\/a>\t\t\n\t\t\t\t\t\t\t\t\t\t\t\t\t\t<a href=\"https:\/\/www.chateaudegoutelas.fr\/en\/artiste\/sukoon\/\" target=\"_self\" title=\"Sukoon\">\n\t\t\t\t<img decoding=\"async\" src=\"https:\/\/www.chateaudegoutelas.fr\/wp-content\/uploads\/2025\/09\/Sukoon-1_credit-Sukoon-min-720x720.jpg\" alt=\"\" \/>\n\t\t\t\t<\/a>\n\t\t\t\t<a href=\"https:\/\/www.chateaudegoutelas.fr\/en\/artiste\/sukoon\/\" title=\"Sukoon\">Sukoon<\/a>\t\t\t\n\t\t<a href=\"https:\/\/www.chateaudegoutelas.fr\/en\/artiste\/tilt-trio\/\" title=\"Afficher le contenu de la bo\u00eete\" target=\"_self\"  aria-label=\"Post Element\"><\/a>\t\t\n\t\t\t\t\t\t\t\t\t\t\t\t\t\t<a href=\"https:\/\/www.chateaudegoutelas.fr\/en\/artiste\/tilt-trio\/\" target=\"_self\" title=\"Tilt trio &#8211; Farah Kaddour, Samah Boulmona, Ali Hout\">\n\t\t\t\t<img decoding=\"async\" src=\"https:\/\/www.chateaudegoutelas.fr\/wp-content\/uploads\/2025\/09\/TILT-trio_credit-Gabriel-Ferneini-1-720x720.jpg\" alt=\"\" \/>\n\t\t\t\t<\/a>\n\t\t\t\t<a href=\"https:\/\/www.chateaudegoutelas.fr\/en\/artiste\/tilt-trio\/\" title=\"Tilt trio &#8211; Farah Kaddour, Samah Boulmona, Ali Hout\">Tilt trio &#8211; Farah Kaddour, Samah Boulmona, Ali Hout<\/a>\t\t\t\n\t\t<a href=\"https:\/\/www.chateaudegoutelas.fr\/en\/artiste\/jean-estebanez\/\" title=\"Afficher le contenu de la bo\u00eete\" target=\"_self\"  aria-label=\"Post Element\"><\/a>\t\t\n\t\t\t\t\t\t\t\t\t\t\t\t\t\t<a href=\"https:\/\/www.chateaudegoutelas.fr\/en\/artiste\/jean-estebanez\/\" target=\"_self\" title=\"Jean Estebanez\">\n\t\t\t\t<img decoding=\"async\" src=\"https:\/\/www.chateaudegoutelas.fr\/wp-content\/uploads\/2026\/01\/jean-estebanez-credit-politika-e1769510569145.jpg\" alt=\"\" \/>\n\t\t\t\t<\/a>\n\t\t\t\t<a href=\"https:\/\/www.chateaudegoutelas.fr\/en\/artiste\/jean-estebanez\/\" title=\"Jean Estebanez\">Jean Estebanez<\/a>","protected":false},"excerpt":{"rendered":"<p>Avril et juin 2026<\/p>","protected":false},"featured_media":11929,"template":"","meta":{"site-sidebar-layout":"default","site-content-layout":"","ast-site-content-layout":"default","site-content-style":"default","site-sidebar-style":"default","ast-global-header-display":"","ast-banner-title-visibility":"","ast-main-header-display":"","ast-hfb-above-header-display":"","ast-hfb-below-header-display":"","ast-hfb-mobile-header-display":"","site-post-title":"disabled","ast-breadcrumbs-content":"","ast-featured-img":"disabled","footer-sml-layout":"","ast-disable-related-posts":"","theme-transparent-header-meta":"default","adv-header-id-meta":"","stick-header-meta":"default","header-above-stick-meta":"","header-main-stick-meta":"","header-below-stick-meta":"","astra-migrate-meta-layouts":"set","ast-page-background-enabled":"default","ast-page-background-meta":{"desktop":{"background-color":"","background-image":"","background-repeat":"repeat","background-position":"center center","background-size":"auto","background-attachment":"scroll","background-type":"","background-media":"","overlay-type":"","overlay-color":"","overlay-opacity":"","overlay-gradient":""},"tablet":{"background-color":"","background-image":"","background-repeat":"repeat","background-position":"center center","background-size":"auto","background-attachment":"scroll","background-type":"","background-media":"","overlay-type":"","overlay-color":"","overlay-opacity":"","overlay-gradient":""},"mobile":{"background-color":"","background-image":"","background-repeat":"repeat","background-position":"center center","background-size":"auto","background-attachment":"scroll","background-type":"","background-media":"","overlay-type":"","overlay-color":"","overlay-opacity":"","overlay-gradient":""}},"ast-content-background-meta":{"desktop":{"background-color":"var(--ast-global-color-5)","background-image":"","background-repeat":"repeat","background-position":"center center","background-size":"auto","background-attachment":"scroll","background-type":"","background-media":"","overlay-type":"","overlay-color":"","overlay-opacity":"","overlay-gradient":""},"tablet":{"background-color":"var(--ast-global-color-5)","background-image":"","background-repeat":"repeat","background-position":"center center","background-size":"auto","background-attachment":"scroll","background-type":"","background-media":"","overlay-type":"","overlay-color":"","overlay-opacity":"","overlay-gradient":""},"mobile":{"background-color":"var(--ast-global-color-5)","background-image":"","background-repeat":"repeat","background-position":"center center","background-size":"auto","background-attachment":"scroll","background-type":"","background-media":"","overlay-type":"","overlay-color":"","overlay-opacity":"","overlay-gradient":""}}},"categories":[145],"tags":[18,390,11],"class_list":["post-11928","artiste","type-artiste","status-publish","has-post-thumbnail","hentry","category-residences","tag-musique","tag-nora","tag-residence"],"yoast_head":"<!-- This site is optimized with the Yoast SEO plugin v27.5 - https:\/\/yoast.com\/product\/yoast-seo-wordpress\/ -->\n<title>Collectif Enoki - Ch\u00e2teau de Goutelas<\/title>\n<meta name=\"robots\" content=\"index, follow, max-snippet:-1, max-image-preview:large, max-video-preview:-1\" \/>\n<link rel=\"canonical\" href=\"https:\/\/www.chateaudegoutelas.fr\/en\/artiste\/collectif-enoki\/\" \/>\n<meta property=\"og:locale\" content=\"en_GB\" \/>\n<meta property=\"og:type\" content=\"article\" \/>\n<meta property=\"og:title\" content=\"Collectif Enoki - Ch\u00e2teau de Goutelas\" \/>\n<meta property=\"og:description\" content=\"Avril et juin 2026\" \/>\n<meta property=\"og:url\" content=\"https:\/\/www.chateaudegoutelas.fr\/en\/artiste\/collectif-enoki\/\" \/>\n<meta property=\"og:site_name\" content=\"Ch\u00e2teau de Goutelas\" \/>\n<meta property=\"og:image\" content=\"https:\/\/www.chateaudegoutelas.fr\/wp-content\/uploads\/2026\/04\/futurspossibles24-credit-Chateau-de-Goutelas-scaled.jpg\" \/>\n\t<meta property=\"og:image:width\" content=\"2560\" \/>\n\t<meta property=\"og:image:height\" content=\"1707\" \/>\n\t<meta property=\"og:image:type\" content=\"image\/jpeg\" \/>\n<meta name=\"twitter:card\" content=\"summary_large_image\" \/>\n<meta name=\"twitter:label1\" content=\"Estimated reading time\" \/>\n\t<meta name=\"twitter:data1\" content=\"2 minutes\" \/>\n<script type=\"application\/ld+json\" class=\"yoast-schema-graph\">{\"@context\":\"https:\\\/\\\/schema.org\",\"@graph\":[{\"@type\":\"WebPage\",\"@id\":\"https:\\\/\\\/www.chateaudegoutelas.fr\\\/artiste\\\/collectif-enoki\\\/\",\"url\":\"https:\\\/\\\/www.chateaudegoutelas.fr\\\/artiste\\\/collectif-enoki\\\/\",\"name\":\"Collectif Enoki - Ch\u00e2teau de Goutelas\",\"isPartOf\":{\"@id\":\"https:\\\/\\\/www.chateaudegoutelas.fr\\\/#website\"},\"primaryImageOfPage\":{\"@id\":\"https:\\\/\\\/www.chateaudegoutelas.fr\\\/artiste\\\/collectif-enoki\\\/#primaryimage\"},\"image\":{\"@id\":\"https:\\\/\\\/www.chateaudegoutelas.fr\\\/artiste\\\/collectif-enoki\\\/#primaryimage\"},\"thumbnailUrl\":\"https:\\\/\\\/www.chateaudegoutelas.fr\\\/wp-content\\\/uploads\\\/2026\\\/04\\\/futurspossibles24-credit-Chateau-de-Goutelas-scaled.jpg\",\"datePublished\":\"2026-04-30T10:13:31+00:00\",\"breadcrumb\":{\"@id\":\"https:\\\/\\\/www.chateaudegoutelas.fr\\\/artiste\\\/collectif-enoki\\\/#breadcrumb\"},\"inLanguage\":\"en-GB\",\"potentialAction\":[{\"@type\":\"ReadAction\",\"target\":[\"https:\\\/\\\/www.chateaudegoutelas.fr\\\/artiste\\\/collectif-enoki\\\/\"]}]},{\"@type\":\"ImageObject\",\"inLanguage\":\"en-GB\",\"@id\":\"https:\\\/\\\/www.chateaudegoutelas.fr\\\/artiste\\\/collectif-enoki\\\/#primaryimage\",\"url\":\"https:\\\/\\\/www.chateaudegoutelas.fr\\\/wp-content\\\/uploads\\\/2026\\\/04\\\/futurspossibles24-credit-Chateau-de-Goutelas-scaled.jpg\",\"contentUrl\":\"https:\\\/\\\/www.chateaudegoutelas.fr\\\/wp-content\\\/uploads\\\/2026\\\/04\\\/futurspossibles24-credit-Chateau-de-Goutelas-scaled.jpg\",\"width\":2560,\"height\":1707},{\"@type\":\"BreadcrumbList\",\"@id\":\"https:\\\/\\\/www.chateaudegoutelas.fr\\\/artiste\\\/collectif-enoki\\\/#breadcrumb\",\"itemListElement\":[{\"@type\":\"ListItem\",\"position\":1,\"name\":\"Accueil\",\"item\":\"https:\\\/\\\/www.chateaudegoutelas.fr\\\/\"},{\"@type\":\"ListItem\",\"position\":2,\"name\":\"Collectif Enoki\"}]},{\"@type\":\"WebSite\",\"@id\":\"https:\\\/\\\/www.chateaudegoutelas.fr\\\/#website\",\"url\":\"https:\\\/\\\/www.chateaudegoutelas.fr\\\/\",\"name\":\"Ch\u00e2teau de Goutelas\",\"description\":\"Un centre culturel de rencontre en Forez\",\"publisher\":{\"@id\":\"https:\\\/\\\/www.chateaudegoutelas.fr\\\/#organization\"},\"potentialAction\":[{\"@type\":\"SearchAction\",\"target\":{\"@type\":\"EntryPoint\",\"urlTemplate\":\"https:\\\/\\\/www.chateaudegoutelas.fr\\\/?s={search_term_string}\"},\"query-input\":{\"@type\":\"PropertyValueSpecification\",\"valueRequired\":true,\"valueName\":\"search_term_string\"}}],\"inLanguage\":\"en-GB\"},{\"@type\":\"Organization\",\"@id\":\"https:\\\/\\\/www.chateaudegoutelas.fr\\\/#organization\",\"name\":\"Ch\u00e2teau de Goutelas\",\"url\":\"https:\\\/\\\/www.chateaudegoutelas.fr\\\/\",\"logo\":{\"@type\":\"ImageObject\",\"inLanguage\":\"en-GB\",\"@id\":\"https:\\\/\\\/www.chateaudegoutelas.fr\\\/#\\\/schema\\\/logo\\\/image\\\/\",\"url\":\"https:\\\/\\\/www.chateaudegoutelas.fr\\\/wp-content\\\/uploads\\\/2023\\\/05\\\/logo-chateau-goutelas-bleu.png\",\"contentUrl\":\"https:\\\/\\\/www.chateaudegoutelas.fr\\\/wp-content\\\/uploads\\\/2023\\\/05\\\/logo-chateau-goutelas-bleu.png\",\"width\":1123,\"height\":327,\"caption\":\"Ch\u00e2teau de Goutelas\"},\"image\":{\"@id\":\"https:\\\/\\\/www.chateaudegoutelas.fr\\\/#\\\/schema\\\/logo\\\/image\\\/\"}}]}<\/script>\n<!-- \/ Yoast SEO plugin. -->","yoast_head_json":{"title":"Collectif Enoki - Ch\u00e2teau de Goutelas","robots":{"index":"index","follow":"follow","max-snippet":"max-snippet:-1","max-image-preview":"max-image-preview:large","max-video-preview":"max-video-preview:-1"},"canonical":"https:\/\/www.chateaudegoutelas.fr\/en\/artiste\/collectif-enoki\/","og_locale":"en_GB","og_type":"article","og_title":"Collectif Enoki - Ch\u00e2teau de Goutelas","og_description":"Avril et juin 2026","og_url":"https:\/\/www.chateaudegoutelas.fr\/en\/artiste\/collectif-enoki\/","og_site_name":"Ch\u00e2teau de Goutelas","og_image":[{"width":2560,"height":1707,"url":"https:\/\/www.chateaudegoutelas.fr\/wp-content\/uploads\/2026\/04\/futurspossibles24-credit-Chateau-de-Goutelas-scaled.jpg","type":"image\/jpeg"}],"twitter_card":"summary_large_image","twitter_misc":{"Estimated reading time":"2 minutes"},"schema":{"@context":"https:\/\/schema.org","@graph":[{"@type":"WebPage","@id":"https:\/\/www.chateaudegoutelas.fr\/artiste\/collectif-enoki\/","url":"https:\/\/www.chateaudegoutelas.fr\/artiste\/collectif-enoki\/","name":"Collectif Enoki - Ch\u00e2teau de Goutelas","isPartOf":{"@id":"https:\/\/www.chateaudegoutelas.fr\/#website"},"primaryImageOfPage":{"@id":"https:\/\/www.chateaudegoutelas.fr\/artiste\/collectif-enoki\/#primaryimage"},"image":{"@id":"https:\/\/www.chateaudegoutelas.fr\/artiste\/collectif-enoki\/#primaryimage"},"thumbnailUrl":"https:\/\/www.chateaudegoutelas.fr\/wp-content\/uploads\/2026\/04\/futurspossibles24-credit-Chateau-de-Goutelas-scaled.jpg","datePublished":"2026-04-30T10:13:31+00:00","breadcrumb":{"@id":"https:\/\/www.chateaudegoutelas.fr\/artiste\/collectif-enoki\/#breadcrumb"},"inLanguage":"en-GB","potentialAction":[{"@type":"ReadAction","target":["https:\/\/www.chateaudegoutelas.fr\/artiste\/collectif-enoki\/"]}]},{"@type":"ImageObject","inLanguage":"en-GB","@id":"https:\/\/www.chateaudegoutelas.fr\/artiste\/collectif-enoki\/#primaryimage","url":"https:\/\/www.chateaudegoutelas.fr\/wp-content\/uploads\/2026\/04\/futurspossibles24-credit-Chateau-de-Goutelas-scaled.jpg","contentUrl":"https:\/\/www.chateaudegoutelas.fr\/wp-content\/uploads\/2026\/04\/futurspossibles24-credit-Chateau-de-Goutelas-scaled.jpg","width":2560,"height":1707},{"@type":"BreadcrumbList","@id":"https:\/\/www.chateaudegoutelas.fr\/artiste\/collectif-enoki\/#breadcrumb","itemListElement":[{"@type":"ListItem","position":1,"name":"Accueil","item":"https:\/\/www.chateaudegoutelas.fr\/"},{"@type":"ListItem","position":2,"name":"Collectif Enoki"}]},{"@type":"WebSite","@id":"https:\/\/www.chateaudegoutelas.fr\/#website","url":"https:\/\/www.chateaudegoutelas.fr\/","name":"Ch\u00e2teau de Goutelas","description":"Un centre culturel de rencontre en Forez","publisher":{"@id":"https:\/\/www.chateaudegoutelas.fr\/#organization"},"potentialAction":[{"@type":"SearchAction","target":{"@type":"EntryPoint","urlTemplate":"https:\/\/www.chateaudegoutelas.fr\/?s={search_term_string}"},"query-input":{"@type":"PropertyValueSpecification","valueRequired":true,"valueName":"search_term_string"}}],"inLanguage":"en-GB"},{"@type":"Organization","@id":"https:\/\/www.chateaudegoutelas.fr\/#organization","name":"Ch\u00e2teau de Goutelas","url":"https:\/\/www.chateaudegoutelas.fr\/","logo":{"@type":"ImageObject","inLanguage":"en-GB","@id":"https:\/\/www.chateaudegoutelas.fr\/#\/schema\/logo\/image\/","url":"https:\/\/www.chateaudegoutelas.fr\/wp-content\/uploads\/2023\/05\/logo-chateau-goutelas-bleu.png","contentUrl":"https:\/\/www.chateaudegoutelas.fr\/wp-content\/uploads\/2023\/05\/logo-chateau-goutelas-bleu.png","width":1123,"height":327,"caption":"Ch\u00e2teau de Goutelas"},"image":{"@id":"https:\/\/www.chateaudegoutelas.fr\/#\/schema\/logo\/image\/"}}]}},"_links":{"self":[{"href":"https:\/\/www.chateaudegoutelas.fr\/en\/wp-json\/wp\/v2\/artiste\/11928","targetHints":{"allow":["GET"]}}],"collection":[{"href":"https:\/\/www.chateaudegoutelas.fr\/en\/wp-json\/wp\/v2\/artiste"}],"about":[{"href":"https:\/\/www.chateaudegoutelas.fr\/en\/wp-json\/wp\/v2\/types\/artiste"}],"wp:featuredmedia":[{"embeddable":true,"href":"https:\/\/www.chateaudegoutelas.fr\/en\/wp-json\/wp\/v2\/media\/11929"}],"wp:attachment":[{"href":"https:\/\/www.chateaudegoutelas.fr\/en\/wp-json\/wp\/v2\/media?parent=11928"}],"wp:term":[{"taxonomy":"category","embeddable":true,"href":"https:\/\/www.chateaudegoutelas.fr\/en\/wp-json\/wp\/v2\/categories?post=11928"},{"taxonomy":"post_tag","embeddable":true,"href":"https:\/\/www.chateaudegoutelas.fr\/en\/wp-json\/wp\/v2\/tags?post=11928"}],"curies":[{"name":"wp","href":"https:\/\/api.w.org\/{rel}","templated":true}]}}