{"id":11694,"date":"2026-01-27T11:49:01","date_gmt":"2026-01-27T10:49:01","guid":{"rendered":"https:\/\/www.chateaudegoutelas.fr\/?post_type=artiste&#038;p=11694"},"modified":"2026-01-27T15:54:28","modified_gmt":"2026-01-27T14:54:28","slug":"jean-estebanez","status":"publish","type":"artiste","link":"https:\/\/www.chateaudegoutelas.fr\/en\/artiste\/jean-estebanez\/","title":{"rendered":"Jean Estebanez"},"content":{"rendered":"<img loading=\"lazy\" decoding=\"async\" width=\"386\" height=\"386\" src=\"https:\/\/www.chateaudegoutelas.fr\/wp-content\/uploads\/2026\/01\/jean-estebanez-credit-politika-e1769510569145.jpg\" class=\"attachment-post-thumbnail size-post-thumbnail wp-post-image\" alt=\"\" srcset=\"https:\/\/www.chateaudegoutelas.fr\/wp-content\/uploads\/2026\/01\/jean-estebanez-credit-politika-e1769510569145.jpg 386w, https:\/\/www.chateaudegoutelas.fr\/wp-content\/uploads\/2026\/01\/jean-estebanez-credit-politika-e1769510569145-12x12.jpg 12w\" sizes=\"auto, (max-width: 386px) 100vw, 386px\" \/>\n\t<p>\u00a9 Politika<\/p>\n\t<h1>\n\t\t\t\tJean Estebanez\n\t\t\t<\/h1>\n\t<p>En 2026, Jean Estebanez, g\u00e9ographe, est accueilli en r\u00e9sidence aux c\u00f4t\u00e9s de l&rsquo;artiste et chercheur <a href=\"https:\/\/www.chateaudegoutelas.fr\/en\/artiste\/arnaud-theval\/\">Arnaud Th\u00e9val<\/a> et de l&rsquo;artiste sonore <a href=\"https:\/\/www.chateaudegoutelas.fr\/en\/artiste\/jean-baptiste-imbert\/\">Jean-Baptiste Imbert<\/a> pour mener la deuxi\u00e8me phase du projet \u00ab <a href=\"https:\/\/www.chateaudegoutelas.fr\/en\/familles-devorantes\/\">Familles d\u00e9vorantes<\/a> \u00bb, pens\u00e9 comme une <strong>r\u00e9sidence artistique de territoire<\/strong> \u00e0 temporalit\u00e9 longue, qui m\u00eale recherche, cr\u00e9ation, co-cr\u00e9ation et transmission autour d&rsquo;un sujet clivant et r\u00e9v\u00e9lateur de la diversit\u00e9 de nos rapports au vivant : <strong>la mort animale<\/strong>.<\/p>\n<p>Cette nouvelle \u00e9tape du projet s&rsquo;appuie sur ses travaux de recherche, qui portent notamment sur la domestication et la mise \u00e0 mort des animaux.<\/p>\n\t\t\t\t\t\t<h6>Biographie<\/h6>\n\t\t\tJean Estebanez est ma\u00eetre de conf\u00e9rences en g\u00e9ographie \u00e0 l&rsquo;universit\u00e9 Paris-Est Cr\u00e9teil depuis 2012. Il a auparavant enseign\u00e9 \u00e0 l&rsquo;\u00c9cole Normale Sup\u00e9rieure de la rue d&rsquo;Ulm pendant cinq ans. Ses domaines de recherche portent principalement sur la g\u00e9ographie des relations entre humains et animaux, les natures urbaines, et la sant\u00e9 globale.\u00a0\n<a href=\"https:\/\/laburba.univ-gustave-eiffel.fr\/membres\/jean-estebanez\">https:\/\/laburba.univ-gustave-eiffel.fr\/membres\/jean-estebanez<\/a>\n<h2>\n\t\t\tvoir aussi\t<\/h2>\n\t\t<a href=\"https:\/\/www.chateaudegoutelas.fr\/en\/artiste\/arnaud-theval\/\" title=\"Afficher le contenu de la bo\u00eete\" target=\"_self\"  aria-label=\"Post Element\"><\/a>\t\t\n\t\t\t\t\t\t\t\t\t\t\t\t\t\t<a href=\"https:\/\/www.chateaudegoutelas.fr\/en\/artiste\/arnaud-theval\/\" target=\"_self\" title=\"Arnaud Th\u00e9val\">\n\t\t\t\t<img decoding=\"async\" src=\"https:\/\/www.chateaudegoutelas.fr\/wp-content\/uploads\/2025\/01\/ARNAUD-THEVAL-720x720.jpg\" alt=\"\" \/>\n\t\t\t\t<\/a>\n\t\t\t\t<a href=\"https:\/\/www.chateaudegoutelas.fr\/en\/artiste\/arnaud-theval\/\" title=\"Arnaud Th\u00e9val\">Arnaud Th\u00e9val<\/a>\t\t\t\n\t\t\t\t\t\t\t\t2025-2026\n\t\t<a href=\"https:\/\/www.chateaudegoutelas.fr\/en\/familles-devorantes\/\" title=\"Afficher le contenu de la bo\u00eete\" target=\"_self\"  aria-label=\"Post Element\"><\/a>\t\t\n\t\t\t\t\t\t\t\t\t\t\t\t\t\t<a href=\"https:\/\/www.chateaudegoutelas.fr\/en\/familles-devorantes\/\" target=\"_self\" title=\"Familles d\u00e9vorantes\">\n\t\t\t\t<img decoding=\"async\" src=\"https:\/\/www.chateaudegoutelas.fr\/wp-content\/uploads\/2025\/09\/2-720x720.jpg\" alt=\"\" \/>\n\t\t\t\t<\/a>\n\t\t\t\t<a href=\"https:\/\/www.chateaudegoutelas.fr\/en\/familles-devorantes\/\" title=\"Familles d\u00e9vorantes\">Familles d\u00e9vorantes<\/a>\t\t\t\n\t\t<a href=\"https:\/\/www.chateaudegoutelas.fr\/en\/artiste\/jean-baptiste-imbert\/\" title=\"Afficher le contenu de la bo\u00eete\" target=\"_self\"  aria-label=\"Post Element\"><\/a>\t\t\n\t\t\t\t\t\t\t\t\t\t\t\t\t\t<a href=\"https:\/\/www.chateaudegoutelas.fr\/en\/artiste\/jean-baptiste-imbert\/\" target=\"_self\" title=\"Jean-Baptiste Imbert\">\n\t\t\t\t<img decoding=\"async\" src=\"https:\/\/www.chateaudegoutelas.fr\/wp-content\/uploads\/2025\/09\/Jean-Baptiste-Imbert-credit-Elea-Julien-720x720.jpeg\" alt=\"\" \/>\n\t\t\t\t<\/a>\n\t\t\t\t<a href=\"https:\/\/www.chateaudegoutelas.fr\/en\/artiste\/jean-baptiste-imbert\/\" title=\"Jean-Baptiste Imbert\">Jean-Baptiste Imbert<\/a>","protected":false},"excerpt":{"rendered":"<p>2025<\/p>","protected":false},"featured_media":11695,"template":"","meta":{"site-sidebar-layout":"default","site-content-layout":"","ast-site-content-layout":"default","site-content-style":"default","site-sidebar-style":"default","ast-global-header-display":"","ast-banner-title-visibility":"","ast-main-header-display":"","ast-hfb-above-header-display":"","ast-hfb-below-header-display":"","ast-hfb-mobile-header-display":"","site-post-title":"disabled","ast-breadcrumbs-content":"","ast-featured-img":"disabled","footer-sml-layout":"","ast-disable-related-posts":"","theme-transparent-header-meta":"default","adv-header-id-meta":"","stick-header-meta":"default","header-above-stick-meta":"","header-main-stick-meta":"","header-below-stick-meta":"","astra-migrate-meta-layouts":"set","ast-page-background-enabled":"default","ast-page-background-meta":{"desktop":{"background-color":"","background-image":"","background-repeat":"repeat","background-position":"center center","background-size":"auto","background-attachment":"scroll","background-type":"","background-media":"","overlay-type":"","overlay-color":"","overlay-opacity":"","overlay-gradient":""},"tablet":{"background-color":"","background-image":"","background-repeat":"repeat","background-position":"center center","background-size":"auto","background-attachment":"scroll","background-type":"","background-media":"","overlay-type":"","overlay-color":"","overlay-opacity":"","overlay-gradient":""},"mobile":{"background-color":"","background-image":"","background-repeat":"repeat","background-position":"center center","background-size":"auto","background-attachment":"scroll","background-type":"","background-media":"","overlay-type":"","overlay-color":"","overlay-opacity":"","overlay-gradient":""}},"ast-content-background-meta":{"desktop":{"background-color":"var(--ast-global-color-5)","background-image":"","background-repeat":"repeat","background-position":"center center","background-size":"auto","background-attachment":"scroll","background-type":"","background-media":"","overlay-type":"","overlay-color":"","overlay-opacity":"","overlay-gradient":""},"tablet":{"background-color":"var(--ast-global-color-5)","background-image":"","background-repeat":"repeat","background-position":"center center","background-size":"auto","background-attachment":"scroll","background-type":"","background-media":"","overlay-type":"","overlay-color":"","overlay-opacity":"","overlay-gradient":""},"mobile":{"background-color":"var(--ast-global-color-5)","background-image":"","background-repeat":"repeat","background-position":"center center","background-size":"auto","background-attachment":"scroll","background-type":"","background-media":"","overlay-type":"","overlay-color":"","overlay-opacity":"","overlay-gradient":""}}},"categories":[145],"tags":[],"class_list":["post-11694","artiste","type-artiste","status-publish","has-post-thumbnail","hentry","category-residences"],"yoast_head":"<!-- This site is optimized with the Yoast SEO plugin v27.5 - https:\/\/yoast.com\/product\/yoast-seo-wordpress\/ -->\n<title>Jean Estebanez - Ch\u00e2teau de Goutelas<\/title>\n<meta name=\"robots\" content=\"index, follow, max-snippet:-1, max-image-preview:large, max-video-preview:-1\" \/>\n<link rel=\"canonical\" href=\"https:\/\/www.chateaudegoutelas.fr\/en\/artiste\/jean-estebanez\/\" \/>\n<meta property=\"og:locale\" content=\"en_GB\" \/>\n<meta property=\"og:type\" content=\"article\" \/>\n<meta property=\"og:title\" content=\"Jean Estebanez - Ch\u00e2teau de Goutelas\" \/>\n<meta property=\"og:description\" content=\"2025\" \/>\n<meta property=\"og:url\" content=\"https:\/\/www.chateaudegoutelas.fr\/en\/artiste\/jean-estebanez\/\" \/>\n<meta property=\"og:site_name\" content=\"Ch\u00e2teau de Goutelas\" \/>\n<meta property=\"article:modified_time\" content=\"2026-01-27T14:54:28+00:00\" \/>\n<meta property=\"og:image\" content=\"https:\/\/www.chateaudegoutelas.fr\/wp-content\/uploads\/2026\/01\/jean-estebanez-credit-politika-e1769510569145.jpg\" \/>\n\t<meta property=\"og:image:width\" content=\"386\" \/>\n\t<meta property=\"og:image:height\" content=\"386\" \/>\n\t<meta property=\"og:image:type\" content=\"image\/jpeg\" \/>\n<meta name=\"twitter:card\" content=\"summary_large_image\" \/>\n<meta name=\"twitter:label1\" content=\"Estimated reading time\" \/>\n\t<meta name=\"twitter:data1\" content=\"3 minutes\" \/>\n<script type=\"application\/ld+json\" class=\"yoast-schema-graph\">{\"@context\":\"https:\\\/\\\/schema.org\",\"@graph\":[{\"@type\":\"WebPage\",\"@id\":\"https:\\\/\\\/www.chateaudegoutelas.fr\\\/artiste\\\/jean-estebanez\\\/\",\"url\":\"https:\\\/\\\/www.chateaudegoutelas.fr\\\/artiste\\\/jean-estebanez\\\/\",\"name\":\"Jean Estebanez - Ch\u00e2teau de Goutelas\",\"isPartOf\":{\"@id\":\"https:\\\/\\\/www.chateaudegoutelas.fr\\\/#website\"},\"primaryImageOfPage\":{\"@id\":\"https:\\\/\\\/www.chateaudegoutelas.fr\\\/artiste\\\/jean-estebanez\\\/#primaryimage\"},\"image\":{\"@id\":\"https:\\\/\\\/www.chateaudegoutelas.fr\\\/artiste\\\/jean-estebanez\\\/#primaryimage\"},\"thumbnailUrl\":\"https:\\\/\\\/www.chateaudegoutelas.fr\\\/wp-content\\\/uploads\\\/2026\\\/01\\\/jean-estebanez-credit-politika-e1769510569145.jpg\",\"datePublished\":\"2026-01-27T10:49:01+00:00\",\"dateModified\":\"2026-01-27T14:54:28+00:00\",\"breadcrumb\":{\"@id\":\"https:\\\/\\\/www.chateaudegoutelas.fr\\\/artiste\\\/jean-estebanez\\\/#breadcrumb\"},\"inLanguage\":\"en-GB\",\"potentialAction\":[{\"@type\":\"ReadAction\",\"target\":[\"https:\\\/\\\/www.chateaudegoutelas.fr\\\/artiste\\\/jean-estebanez\\\/\"]}]},{\"@type\":\"ImageObject\",\"inLanguage\":\"en-GB\",\"@id\":\"https:\\\/\\\/www.chateaudegoutelas.fr\\\/artiste\\\/jean-estebanez\\\/#primaryimage\",\"url\":\"https:\\\/\\\/www.chateaudegoutelas.fr\\\/wp-content\\\/uploads\\\/2026\\\/01\\\/jean-estebanez-credit-politika-e1769510569145.jpg\",\"contentUrl\":\"https:\\\/\\\/www.chateaudegoutelas.fr\\\/wp-content\\\/uploads\\\/2026\\\/01\\\/jean-estebanez-credit-politika-e1769510569145.jpg\",\"width\":386,\"height\":386},{\"@type\":\"BreadcrumbList\",\"@id\":\"https:\\\/\\\/www.chateaudegoutelas.fr\\\/artiste\\\/jean-estebanez\\\/#breadcrumb\",\"itemListElement\":[{\"@type\":\"ListItem\",\"position\":1,\"name\":\"Accueil\",\"item\":\"https:\\\/\\\/www.chateaudegoutelas.fr\\\/\"},{\"@type\":\"ListItem\",\"position\":2,\"name\":\"Jean Estebanez\"}]},{\"@type\":\"WebSite\",\"@id\":\"https:\\\/\\\/www.chateaudegoutelas.fr\\\/#website\",\"url\":\"https:\\\/\\\/www.chateaudegoutelas.fr\\\/\",\"name\":\"Ch\u00e2teau de Goutelas\",\"description\":\"Un centre culturel de rencontre en Forez\",\"publisher\":{\"@id\":\"https:\\\/\\\/www.chateaudegoutelas.fr\\\/#organization\"},\"potentialAction\":[{\"@type\":\"SearchAction\",\"target\":{\"@type\":\"EntryPoint\",\"urlTemplate\":\"https:\\\/\\\/www.chateaudegoutelas.fr\\\/?s={search_term_string}\"},\"query-input\":{\"@type\":\"PropertyValueSpecification\",\"valueRequired\":true,\"valueName\":\"search_term_string\"}}],\"inLanguage\":\"en-GB\"},{\"@type\":\"Organization\",\"@id\":\"https:\\\/\\\/www.chateaudegoutelas.fr\\\/#organization\",\"name\":\"Ch\u00e2teau de Goutelas\",\"url\":\"https:\\\/\\\/www.chateaudegoutelas.fr\\\/\",\"logo\":{\"@type\":\"ImageObject\",\"inLanguage\":\"en-GB\",\"@id\":\"https:\\\/\\\/www.chateaudegoutelas.fr\\\/#\\\/schema\\\/logo\\\/image\\\/\",\"url\":\"https:\\\/\\\/www.chateaudegoutelas.fr\\\/wp-content\\\/uploads\\\/2023\\\/05\\\/logo-chateau-goutelas-bleu.png\",\"contentUrl\":\"https:\\\/\\\/www.chateaudegoutelas.fr\\\/wp-content\\\/uploads\\\/2023\\\/05\\\/logo-chateau-goutelas-bleu.png\",\"width\":1123,\"height\":327,\"caption\":\"Ch\u00e2teau de Goutelas\"},\"image\":{\"@id\":\"https:\\\/\\\/www.chateaudegoutelas.fr\\\/#\\\/schema\\\/logo\\\/image\\\/\"}}]}<\/script>\n<!-- \/ Yoast SEO plugin. -->","yoast_head_json":{"title":"Jean Estebanez - Ch\u00e2teau de Goutelas","robots":{"index":"index","follow":"follow","max-snippet":"max-snippet:-1","max-image-preview":"max-image-preview:large","max-video-preview":"max-video-preview:-1"},"canonical":"https:\/\/www.chateaudegoutelas.fr\/en\/artiste\/jean-estebanez\/","og_locale":"en_GB","og_type":"article","og_title":"Jean Estebanez - Ch\u00e2teau de Goutelas","og_description":"2025","og_url":"https:\/\/www.chateaudegoutelas.fr\/en\/artiste\/jean-estebanez\/","og_site_name":"Ch\u00e2teau de Goutelas","article_modified_time":"2026-01-27T14:54:28+00:00","og_image":[{"width":386,"height":386,"url":"https:\/\/www.chateaudegoutelas.fr\/wp-content\/uploads\/2026\/01\/jean-estebanez-credit-politika-e1769510569145.jpg","type":"image\/jpeg"}],"twitter_card":"summary_large_image","twitter_misc":{"Estimated reading time":"3 minutes"},"schema":{"@context":"https:\/\/schema.org","@graph":[{"@type":"WebPage","@id":"https:\/\/www.chateaudegoutelas.fr\/artiste\/jean-estebanez\/","url":"https:\/\/www.chateaudegoutelas.fr\/artiste\/jean-estebanez\/","name":"Jean Estebanez - Ch\u00e2teau de Goutelas","isPartOf":{"@id":"https:\/\/www.chateaudegoutelas.fr\/#website"},"primaryImageOfPage":{"@id":"https:\/\/www.chateaudegoutelas.fr\/artiste\/jean-estebanez\/#primaryimage"},"image":{"@id":"https:\/\/www.chateaudegoutelas.fr\/artiste\/jean-estebanez\/#primaryimage"},"thumbnailUrl":"https:\/\/www.chateaudegoutelas.fr\/wp-content\/uploads\/2026\/01\/jean-estebanez-credit-politika-e1769510569145.jpg","datePublished":"2026-01-27T10:49:01+00:00","dateModified":"2026-01-27T14:54:28+00:00","breadcrumb":{"@id":"https:\/\/www.chateaudegoutelas.fr\/artiste\/jean-estebanez\/#breadcrumb"},"inLanguage":"en-GB","potentialAction":[{"@type":"ReadAction","target":["https:\/\/www.chateaudegoutelas.fr\/artiste\/jean-estebanez\/"]}]},{"@type":"ImageObject","inLanguage":"en-GB","@id":"https:\/\/www.chateaudegoutelas.fr\/artiste\/jean-estebanez\/#primaryimage","url":"https:\/\/www.chateaudegoutelas.fr\/wp-content\/uploads\/2026\/01\/jean-estebanez-credit-politika-e1769510569145.jpg","contentUrl":"https:\/\/www.chateaudegoutelas.fr\/wp-content\/uploads\/2026\/01\/jean-estebanez-credit-politika-e1769510569145.jpg","width":386,"height":386},{"@type":"BreadcrumbList","@id":"https:\/\/www.chateaudegoutelas.fr\/artiste\/jean-estebanez\/#breadcrumb","itemListElement":[{"@type":"ListItem","position":1,"name":"Accueil","item":"https:\/\/www.chateaudegoutelas.fr\/"},{"@type":"ListItem","position":2,"name":"Jean Estebanez"}]},{"@type":"WebSite","@id":"https:\/\/www.chateaudegoutelas.fr\/#website","url":"https:\/\/www.chateaudegoutelas.fr\/","name":"Ch\u00e2teau de Goutelas","description":"Un centre culturel de rencontre en Forez","publisher":{"@id":"https:\/\/www.chateaudegoutelas.fr\/#organization"},"potentialAction":[{"@type":"SearchAction","target":{"@type":"EntryPoint","urlTemplate":"https:\/\/www.chateaudegoutelas.fr\/?s={search_term_string}"},"query-input":{"@type":"PropertyValueSpecification","valueRequired":true,"valueName":"search_term_string"}}],"inLanguage":"en-GB"},{"@type":"Organization","@id":"https:\/\/www.chateaudegoutelas.fr\/#organization","name":"Ch\u00e2teau de Goutelas","url":"https:\/\/www.chateaudegoutelas.fr\/","logo":{"@type":"ImageObject","inLanguage":"en-GB","@id":"https:\/\/www.chateaudegoutelas.fr\/#\/schema\/logo\/image\/","url":"https:\/\/www.chateaudegoutelas.fr\/wp-content\/uploads\/2023\/05\/logo-chateau-goutelas-bleu.png","contentUrl":"https:\/\/www.chateaudegoutelas.fr\/wp-content\/uploads\/2023\/05\/logo-chateau-goutelas-bleu.png","width":1123,"height":327,"caption":"Ch\u00e2teau de Goutelas"},"image":{"@id":"https:\/\/www.chateaudegoutelas.fr\/#\/schema\/logo\/image\/"}}]}},"_links":{"self":[{"href":"https:\/\/www.chateaudegoutelas.fr\/en\/wp-json\/wp\/v2\/artiste\/11694","targetHints":{"allow":["GET"]}}],"collection":[{"href":"https:\/\/www.chateaudegoutelas.fr\/en\/wp-json\/wp\/v2\/artiste"}],"about":[{"href":"https:\/\/www.chateaudegoutelas.fr\/en\/wp-json\/wp\/v2\/types\/artiste"}],"wp:featuredmedia":[{"embeddable":true,"href":"https:\/\/www.chateaudegoutelas.fr\/en\/wp-json\/wp\/v2\/media\/11695"}],"wp:attachment":[{"href":"https:\/\/www.chateaudegoutelas.fr\/en\/wp-json\/wp\/v2\/media?parent=11694"}],"wp:term":[{"taxonomy":"category","embeddable":true,"href":"https:\/\/www.chateaudegoutelas.fr\/en\/wp-json\/wp\/v2\/categories?post=11694"},{"taxonomy":"post_tag","embeddable":true,"href":"https:\/\/www.chateaudegoutelas.fr\/en\/wp-json\/wp\/v2\/tags?post=11694"}],"curies":[{"name":"wp","href":"https:\/\/api.w.org\/{rel}","templated":true}]}}