{"id":10193,"date":"2024-12-20T15:49:11","date_gmt":"2024-12-20T14:49:11","guid":{"rendered":"https:\/\/www.chateaudegoutelas.fr\/?post_type=artiste&#038;p=10193"},"modified":"2025-04-25T12:01:27","modified_gmt":"2025-04-25T10:01:27","slug":"charlie-moine-et-julie-vandal-comite-des-fetes-mobile","status":"publish","type":"artiste","link":"https:\/\/www.chateaudegoutelas.fr\/en\/artiste\/charlie-moine-et-julie-vandal-comite-des-fetes-mobile\/","title":{"rendered":"Charlie Moine et Julie Vandal &#8211; Comit\u00e9 des f\u00eates [mobile]"},"content":{"rendered":"\n\n\t<img loading=\"lazy\" decoding=\"async\" width=\"1517\" height=\"1420\" src=\"https:\/\/www.chateaudegoutelas.fr\/wp-content\/uploads\/2024\/12\/Tournee-des-popotes-avril-181-c-Julie-Vandal-e1734706312382.jpg\" class=\"attachment-post-thumbnail size-post-thumbnail wp-post-image\" alt=\"\" srcset=\"https:\/\/www.chateaudegoutelas.fr\/wp-content\/uploads\/2024\/12\/Tournee-des-popotes-avril-181-c-Julie-Vandal-e1734706312382.jpg 1517w, https:\/\/www.chateaudegoutelas.fr\/wp-content\/uploads\/2024\/12\/Tournee-des-popotes-avril-181-c-Julie-Vandal-e1734706312382-1200x1123.jpg 1200w, https:\/\/www.chateaudegoutelas.fr\/wp-content\/uploads\/2024\/12\/Tournee-des-popotes-avril-181-c-Julie-Vandal-e1734706312382-768x719.jpg 768w, https:\/\/www.chateaudegoutelas.fr\/wp-content\/uploads\/2024\/12\/Tournee-des-popotes-avril-181-c-Julie-Vandal-e1734706312382-13x12.jpg 13w\" sizes=\"auto, (max-width: 1517px) 100vw, 1517px\" \/>\n\t<p>\u00a9 DR<\/p>\n\t<h1>\n\t\t\t\tComit\u00e9 des f\u00eates [mobile]\n\t\t\t<\/h1>\n\t\t\t<h3>Charlie Moine &amp; Julie Vandal<\/h3>\t\n\t<p>De 2024 \u00e0 2025, Charlie Moine, artiste du Comit\u00e9 de f\u00eates [mobile] et la photographe Julie Vandal arpentent le territoire de Loire Forez agglom\u00e9ration dans le cadre d&rsquo;<strong>une cr\u00e9ation artistique participative sur la pratique et la mise en forme artistique des mani\u00e8res de cuisiner : Popote Chef !<\/strong><\/p>\n<p>Le Comit\u00e9 des f\u00eates [mobile] est un atelier de recherche, de production et d&rsquo;action d\u00e9di\u00e9 aux <strong>initiatives sociales et solidaires et \u00e0 l&rsquo;innovation citoyenne<\/strong>. Sp\u00e9cialis\u00e9 dans la conception de banquets, de foires, de march\u00e9s et plus largement de projets d&rsquo;urbanisme culturel, comit\u00e9 des f\u00eates [mobile] milite pour de nouvelles <strong>modalit\u00e9s relationnelles entre les territoires, les producteur.ice.s et les populations<\/strong> en participant \u00e0 la vie des quartiers et des villages et en contribuant aux enjeux crois\u00e9s de l&rsquo;alimentation, du tourisme, de la culture et de l&rsquo;artisanat.<\/p>\n<p>Dans le cadre d&rsquo;une r\u00e9sidence \u00e0 Goutelas, Charlie Moine et Julie Vandal arpentent Loire Forez agglom\u00e9ration et impliquent des habitant.e.s dans <strong>une cr\u00e9ation collective conviviale au ton \u00ab\u00a0pop\u00a0\u00bb \u00e0 travers le d\u00e9tournement des codes de l&rsquo;\u00e9mission de t\u00e9l\u00e9vision \u00ab\u00a0Top chef \u00ab\u00a0. Ce vrai-faux concours de cuisine a pour but de valoriser les pratiques culinaires et culturelles locales<\/strong>, de mettre le sujet de l&rsquo;alimentation sur la table, et de tisser des liens \u00e0 l&rsquo;\u00e9chelle du territoire \u00e0 travers l&rsquo;engagement des habitant\u00b7e\u00b7s dans un projet artistique et culturel collectif.<\/p>\n<h2>\n\t\tdans le cadre de la r\u00e9sidence\n\t<\/h2>\n\t<div class=\"em em-view-container\" id=\"em-view-1777631489\" data-view=\"list\">\r\n\t<div class=\"em em-list em-events-list\" id=\"em-events-list-1777631489\" data-view-id=\"1777631489\">\r\n\t<div class=\"shmEventListWidget\">\r\n<a href=\"https:\/\/www.chateaudegoutelas.fr\/en\/agenda\/popote-chef-la-baraka-sury\/\" class=\"shmEventListItem \">\r\n\t<div class=\"marg\">\r\n\t\t<div class=\"EVENTIMAGE\"><img loading=\"lazy\" decoding=\"async\" width=\"720\" height=\"720\" src=\"https:\/\/www.chateaudegoutelas.fr\/wp-content\/uploads\/2025\/04\/banniere-facebook-popotechef-Copie-720x720.jpg\" class=\"attachment-thumbnail size-thumbnail\" alt=\"\" srcset=\"https:\/\/www.chateaudegoutelas.fr\/wp-content\/uploads\/2025\/04\/banniere-facebook-popotechef-Copie-720x720.jpg 720w, https:\/\/www.chateaudegoutelas.fr\/wp-content\/uploads\/2025\/04\/banniere-facebook-popotechef-Copie-11x12.jpg 11w\" sizes=\"auto, (max-width: 720px) 100vw, 720px\" \/><\/div>\r\n\t\t<div class=\"shmEventListItemText\">\r\n\t\t\t<div> <span class=\"ATT_type_rendez_vous\">Animations &amp; cuisine<\/span><\/div>\r\n\t\t\t<div class=\"EVENTNAME\">Popote chef : \u00e9preuve #1 La Baraka<\/div>\r\n\t\t\t<div class=\"ATT_sous_titre\">\u00c0 Sury-le-Comtal<\/div>\r\n\t\t\t<div class=\"DATE\">Sun. 6 April<\/div>\r\n\t\t<\/div>\r\n\t<\/div>\r\n<\/a><a href=\"https:\/\/www.chateaudegoutelas.fr\/en\/agenda\/popote-chef-la-guerre-des-restaus\/\" class=\"shmEventListItem \">\r\n\t<div class=\"marg\">\r\n\t\t<div class=\"EVENTIMAGE\"><img loading=\"lazy\" decoding=\"async\" width=\"720\" height=\"720\" src=\"https:\/\/www.chateaudegoutelas.fr\/wp-content\/uploads\/2025\/04\/banniere-facebook-popotechef-Copie-720x720.jpg\" class=\"attachment-thumbnail size-thumbnail\" alt=\"\" srcset=\"https:\/\/www.chateaudegoutelas.fr\/wp-content\/uploads\/2025\/04\/banniere-facebook-popotechef-Copie-720x720.jpg 720w, https:\/\/www.chateaudegoutelas.fr\/wp-content\/uploads\/2025\/04\/banniere-facebook-popotechef-Copie-11x12.jpg 11w\" sizes=\"auto, (max-width: 720px) 100vw, 720px\" \/><\/div>\r\n\t\t<div class=\"shmEventListItemText\">\r\n\t\t\t<div> <span class=\"ATT_type_rendez_vous\">Animations &amp; cuisine<\/span><\/div>\r\n\t\t\t<div class=\"EVENTNAME\">Popote chef : \u00e9preuve #3 La guerre des restaus<\/div>\r\n\t\t\t<div class=\"ATT_sous_titre\">\u00c0 Montbrison<\/div>\r\n\t\t\t<div class=\"DATE\">Sun. 18 May<\/div>\r\n\t\t<\/div>\r\n\t<\/div>\r\n<\/a><a href=\"https:\/\/www.chateaudegoutelas.fr\/en\/agenda\/popote-chef-la-finale\/\" class=\"shmEventListItem \">\r\n\t<div class=\"marg\">\r\n\t\t<div class=\"EVENTIMAGE\"><img loading=\"lazy\" decoding=\"async\" width=\"720\" height=\"720\" src=\"https:\/\/www.chateaudegoutelas.fr\/wp-content\/uploads\/2025\/04\/banniere-facebook-popotechef-Copie-720x720.jpg\" class=\"attachment-thumbnail size-thumbnail\" alt=\"\" srcset=\"https:\/\/www.chateaudegoutelas.fr\/wp-content\/uploads\/2025\/04\/banniere-facebook-popotechef-Copie-720x720.jpg 720w, https:\/\/www.chateaudegoutelas.fr\/wp-content\/uploads\/2025\/04\/banniere-facebook-popotechef-Copie-11x12.jpg 11w\" sizes=\"auto, (max-width: 720px) 100vw, 720px\" \/><\/div>\r\n\t\t<div class=\"shmEventListItemText\">\r\n\t\t\t<div> <span class=\"ATT_type_rendez_vous\">Animations &amp; cuisine<\/span><\/div>\r\n\t\t\t<div class=\"EVENTNAME\">Popote chef : la finale !<\/div>\r\n\t\t\t<div class=\"ATT_sous_titre\">\u00c0 Bo\u00ebn-sur-Lignon<\/div>\r\n\t\t\t<div class=\"DATE\">Sat. 5 July<\/div>\r\n\t\t<\/div>\r\n\t<\/div>\r\n<\/a><\/div>\t<\/div>\r\n<\/div>\n\n","protected":false},"excerpt":{"rendered":"<p>2024-2025<\/p>","protected":false},"featured_media":10195,"template":"","meta":{"site-sidebar-layout":"default","site-content-layout":"","ast-site-content-layout":"default","site-content-style":"default","site-sidebar-style":"default","ast-global-header-display":"","ast-banner-title-visibility":"","ast-main-header-display":"","ast-hfb-above-header-display":"","ast-hfb-below-header-display":"","ast-hfb-mobile-header-display":"","site-post-title":"disabled","ast-breadcrumbs-content":"","ast-featured-img":"disabled","footer-sml-layout":"","ast-disable-related-posts":"","theme-transparent-header-meta":"default","adv-header-id-meta":"","stick-header-meta":"default","header-above-stick-meta":"","header-main-stick-meta":"","header-below-stick-meta":"","astra-migrate-meta-layouts":"set","ast-page-background-enabled":"default","ast-page-background-meta":{"desktop":{"background-color":"","background-image":"","background-repeat":"repeat","background-position":"center center","background-size":"auto","background-attachment":"scroll","background-type":"","background-media":"","overlay-type":"","overlay-color":"","overlay-opacity":"","overlay-gradient":""},"tablet":{"background-color":"","background-image":"","background-repeat":"repeat","background-position":"center center","background-size":"auto","background-attachment":"scroll","background-type":"","background-media":"","overlay-type":"","overlay-color":"","overlay-opacity":"","overlay-gradient":""},"mobile":{"background-color":"","background-image":"","background-repeat":"repeat","background-position":"center center","background-size":"auto","background-attachment":"scroll","background-type":"","background-media":"","overlay-type":"","overlay-color":"","overlay-opacity":"","overlay-gradient":""}},"ast-content-background-meta":{"desktop":{"background-color":"var(--ast-global-color-5)","background-image":"","background-repeat":"repeat","background-position":"center center","background-size":"auto","background-attachment":"scroll","background-type":"","background-media":"","overlay-type":"","overlay-color":"","overlay-opacity":"","overlay-gradient":""},"tablet":{"background-color":"var(--ast-global-color-5)","background-image":"","background-repeat":"repeat","background-position":"center center","background-size":"auto","background-attachment":"scroll","background-type":"","background-media":"","overlay-type":"","overlay-color":"","overlay-opacity":"","overlay-gradient":""},"mobile":{"background-color":"var(--ast-global-color-5)","background-image":"","background-repeat":"repeat","background-position":"center center","background-size":"auto","background-attachment":"scroll","background-type":"","background-media":"","overlay-type":"","overlay-color":"","overlay-opacity":"","overlay-gradient":""}}},"categories":[145],"tags":[388],"class_list":["post-10193","artiste","type-artiste","status-publish","has-post-thumbnail","hentry","category-residences","tag-arts-visuels"],"yoast_head":"<!-- This site is optimized with the Yoast SEO plugin v27.5 - https:\/\/yoast.com\/product\/yoast-seo-wordpress\/ -->\n<title>Charlie Moine et Julie Vandal - Comit\u00e9 des f\u00eates [mobile] - Ch\u00e2teau de Goutelas<\/title>\n<meta name=\"robots\" content=\"index, follow, max-snippet:-1, max-image-preview:large, max-video-preview:-1\" \/>\n<link rel=\"canonical\" href=\"https:\/\/www.chateaudegoutelas.fr\/en\/artiste\/charlie-moine-et-julie-vandal-comite-des-fetes-mobile\/\" \/>\n<meta property=\"og:locale\" content=\"en_GB\" \/>\n<meta property=\"og:type\" content=\"article\" \/>\n<meta property=\"og:title\" content=\"Charlie Moine et Julie Vandal - Comit\u00e9 des f\u00eates [mobile] - Ch\u00e2teau de Goutelas\" \/>\n<meta property=\"og:description\" content=\"2024-2025\" \/>\n<meta property=\"og:url\" content=\"https:\/\/www.chateaudegoutelas.fr\/en\/artiste\/charlie-moine-et-julie-vandal-comite-des-fetes-mobile\/\" \/>\n<meta property=\"og:site_name\" content=\"Ch\u00e2teau de Goutelas\" \/>\n<meta property=\"article:modified_time\" content=\"2025-04-25T10:01:27+00:00\" \/>\n<meta property=\"og:image\" content=\"https:\/\/www.chateaudegoutelas.fr\/wp-content\/uploads\/2024\/12\/Tournee-des-popotes-avril-181-c-Julie-Vandal-e1734706312382.jpg\" \/>\n\t<meta property=\"og:image:width\" content=\"1517\" \/>\n\t<meta property=\"og:image:height\" content=\"1420\" \/>\n\t<meta property=\"og:image:type\" content=\"image\/jpeg\" \/>\n<meta name=\"twitter:card\" content=\"summary_large_image\" \/>\n<meta name=\"twitter:label1\" content=\"Estimated reading time\" \/>\n\t<meta name=\"twitter:data1\" content=\"3 minutes\" \/>\n<script type=\"application\/ld+json\" class=\"yoast-schema-graph\">{\"@context\":\"https:\\\/\\\/schema.org\",\"@graph\":[{\"@type\":\"WebPage\",\"@id\":\"https:\\\/\\\/www.chateaudegoutelas.fr\\\/artiste\\\/charlie-moine-et-julie-vandal-comite-des-fetes-mobile\\\/\",\"url\":\"https:\\\/\\\/www.chateaudegoutelas.fr\\\/artiste\\\/charlie-moine-et-julie-vandal-comite-des-fetes-mobile\\\/\",\"name\":\"Charlie Moine et Julie Vandal - Comit\u00e9 des f\u00eates [mobile] - Ch\u00e2teau de Goutelas\",\"isPartOf\":{\"@id\":\"https:\\\/\\\/www.chateaudegoutelas.fr\\\/#website\"},\"primaryImageOfPage\":{\"@id\":\"https:\\\/\\\/www.chateaudegoutelas.fr\\\/artiste\\\/charlie-moine-et-julie-vandal-comite-des-fetes-mobile\\\/#primaryimage\"},\"image\":{\"@id\":\"https:\\\/\\\/www.chateaudegoutelas.fr\\\/artiste\\\/charlie-moine-et-julie-vandal-comite-des-fetes-mobile\\\/#primaryimage\"},\"thumbnailUrl\":\"https:\\\/\\\/www.chateaudegoutelas.fr\\\/wp-content\\\/uploads\\\/2024\\\/12\\\/Tournee-des-popotes-avril-181-c-Julie-Vandal-e1734706312382.jpg\",\"datePublished\":\"2024-12-20T14:49:11+00:00\",\"dateModified\":\"2025-04-25T10:01:27+00:00\",\"breadcrumb\":{\"@id\":\"https:\\\/\\\/www.chateaudegoutelas.fr\\\/artiste\\\/charlie-moine-et-julie-vandal-comite-des-fetes-mobile\\\/#breadcrumb\"},\"inLanguage\":\"en-GB\",\"potentialAction\":[{\"@type\":\"ReadAction\",\"target\":[\"https:\\\/\\\/www.chateaudegoutelas.fr\\\/artiste\\\/charlie-moine-et-julie-vandal-comite-des-fetes-mobile\\\/\"]}]},{\"@type\":\"ImageObject\",\"inLanguage\":\"en-GB\",\"@id\":\"https:\\\/\\\/www.chateaudegoutelas.fr\\\/artiste\\\/charlie-moine-et-julie-vandal-comite-des-fetes-mobile\\\/#primaryimage\",\"url\":\"https:\\\/\\\/www.chateaudegoutelas.fr\\\/wp-content\\\/uploads\\\/2024\\\/12\\\/Tournee-des-popotes-avril-181-c-Julie-Vandal-e1734706312382.jpg\",\"contentUrl\":\"https:\\\/\\\/www.chateaudegoutelas.fr\\\/wp-content\\\/uploads\\\/2024\\\/12\\\/Tournee-des-popotes-avril-181-c-Julie-Vandal-e1734706312382.jpg\",\"width\":1517,\"height\":1420},{\"@type\":\"BreadcrumbList\",\"@id\":\"https:\\\/\\\/www.chateaudegoutelas.fr\\\/artiste\\\/charlie-moine-et-julie-vandal-comite-des-fetes-mobile\\\/#breadcrumb\",\"itemListElement\":[{\"@type\":\"ListItem\",\"position\":1,\"name\":\"Accueil\",\"item\":\"https:\\\/\\\/www.chateaudegoutelas.fr\\\/\"},{\"@type\":\"ListItem\",\"position\":2,\"name\":\"Charlie Moine et Julie Vandal &#8211; Comit\u00e9 des f\u00eates [mobile]\"}]},{\"@type\":\"WebSite\",\"@id\":\"https:\\\/\\\/www.chateaudegoutelas.fr\\\/#website\",\"url\":\"https:\\\/\\\/www.chateaudegoutelas.fr\\\/\",\"name\":\"Ch\u00e2teau de Goutelas\",\"description\":\"Un centre culturel de rencontre en Forez\",\"publisher\":{\"@id\":\"https:\\\/\\\/www.chateaudegoutelas.fr\\\/#organization\"},\"potentialAction\":[{\"@type\":\"SearchAction\",\"target\":{\"@type\":\"EntryPoint\",\"urlTemplate\":\"https:\\\/\\\/www.chateaudegoutelas.fr\\\/?s={search_term_string}\"},\"query-input\":{\"@type\":\"PropertyValueSpecification\",\"valueRequired\":true,\"valueName\":\"search_term_string\"}}],\"inLanguage\":\"en-GB\"},{\"@type\":\"Organization\",\"@id\":\"https:\\\/\\\/www.chateaudegoutelas.fr\\\/#organization\",\"name\":\"Ch\u00e2teau de Goutelas\",\"url\":\"https:\\\/\\\/www.chateaudegoutelas.fr\\\/\",\"logo\":{\"@type\":\"ImageObject\",\"inLanguage\":\"en-GB\",\"@id\":\"https:\\\/\\\/www.chateaudegoutelas.fr\\\/#\\\/schema\\\/logo\\\/image\\\/\",\"url\":\"https:\\\/\\\/www.chateaudegoutelas.fr\\\/wp-content\\\/uploads\\\/2023\\\/05\\\/logo-chateau-goutelas-bleu.png\",\"contentUrl\":\"https:\\\/\\\/www.chateaudegoutelas.fr\\\/wp-content\\\/uploads\\\/2023\\\/05\\\/logo-chateau-goutelas-bleu.png\",\"width\":1123,\"height\":327,\"caption\":\"Ch\u00e2teau de Goutelas\"},\"image\":{\"@id\":\"https:\\\/\\\/www.chateaudegoutelas.fr\\\/#\\\/schema\\\/logo\\\/image\\\/\"}}]}<\/script>\n<!-- \/ Yoast SEO plugin. -->","yoast_head_json":{"title":"Charlie Moine et Julie Vandal - Comit\u00e9 des f\u00eates [mobile] - Ch\u00e2teau de Goutelas","robots":{"index":"index","follow":"follow","max-snippet":"max-snippet:-1","max-image-preview":"max-image-preview:large","max-video-preview":"max-video-preview:-1"},"canonical":"https:\/\/www.chateaudegoutelas.fr\/en\/artiste\/charlie-moine-et-julie-vandal-comite-des-fetes-mobile\/","og_locale":"en_GB","og_type":"article","og_title":"Charlie Moine et Julie Vandal - Comit\u00e9 des f\u00eates [mobile] - Ch\u00e2teau de Goutelas","og_description":"2024-2025","og_url":"https:\/\/www.chateaudegoutelas.fr\/en\/artiste\/charlie-moine-et-julie-vandal-comite-des-fetes-mobile\/","og_site_name":"Ch\u00e2teau de Goutelas","article_modified_time":"2025-04-25T10:01:27+00:00","og_image":[{"width":1517,"height":1420,"url":"https:\/\/www.chateaudegoutelas.fr\/wp-content\/uploads\/2024\/12\/Tournee-des-popotes-avril-181-c-Julie-Vandal-e1734706312382.jpg","type":"image\/jpeg"}],"twitter_card":"summary_large_image","twitter_misc":{"Estimated reading time":"3 minutes"},"schema":{"@context":"https:\/\/schema.org","@graph":[{"@type":"WebPage","@id":"https:\/\/www.chateaudegoutelas.fr\/artiste\/charlie-moine-et-julie-vandal-comite-des-fetes-mobile\/","url":"https:\/\/www.chateaudegoutelas.fr\/artiste\/charlie-moine-et-julie-vandal-comite-des-fetes-mobile\/","name":"Charlie Moine et Julie Vandal - Comit\u00e9 des f\u00eates [mobile] - Ch\u00e2teau de Goutelas","isPartOf":{"@id":"https:\/\/www.chateaudegoutelas.fr\/#website"},"primaryImageOfPage":{"@id":"https:\/\/www.chateaudegoutelas.fr\/artiste\/charlie-moine-et-julie-vandal-comite-des-fetes-mobile\/#primaryimage"},"image":{"@id":"https:\/\/www.chateaudegoutelas.fr\/artiste\/charlie-moine-et-julie-vandal-comite-des-fetes-mobile\/#primaryimage"},"thumbnailUrl":"https:\/\/www.chateaudegoutelas.fr\/wp-content\/uploads\/2024\/12\/Tournee-des-popotes-avril-181-c-Julie-Vandal-e1734706312382.jpg","datePublished":"2024-12-20T14:49:11+00:00","dateModified":"2025-04-25T10:01:27+00:00","breadcrumb":{"@id":"https:\/\/www.chateaudegoutelas.fr\/artiste\/charlie-moine-et-julie-vandal-comite-des-fetes-mobile\/#breadcrumb"},"inLanguage":"en-GB","potentialAction":[{"@type":"ReadAction","target":["https:\/\/www.chateaudegoutelas.fr\/artiste\/charlie-moine-et-julie-vandal-comite-des-fetes-mobile\/"]}]},{"@type":"ImageObject","inLanguage":"en-GB","@id":"https:\/\/www.chateaudegoutelas.fr\/artiste\/charlie-moine-et-julie-vandal-comite-des-fetes-mobile\/#primaryimage","url":"https:\/\/www.chateaudegoutelas.fr\/wp-content\/uploads\/2024\/12\/Tournee-des-popotes-avril-181-c-Julie-Vandal-e1734706312382.jpg","contentUrl":"https:\/\/www.chateaudegoutelas.fr\/wp-content\/uploads\/2024\/12\/Tournee-des-popotes-avril-181-c-Julie-Vandal-e1734706312382.jpg","width":1517,"height":1420},{"@type":"BreadcrumbList","@id":"https:\/\/www.chateaudegoutelas.fr\/artiste\/charlie-moine-et-julie-vandal-comite-des-fetes-mobile\/#breadcrumb","itemListElement":[{"@type":"ListItem","position":1,"name":"Accueil","item":"https:\/\/www.chateaudegoutelas.fr\/"},{"@type":"ListItem","position":2,"name":"Charlie Moine et Julie Vandal &#8211; Comit\u00e9 des f\u00eates [mobile]"}]},{"@type":"WebSite","@id":"https:\/\/www.chateaudegoutelas.fr\/#website","url":"https:\/\/www.chateaudegoutelas.fr\/","name":"Ch\u00e2teau de Goutelas","description":"Un centre culturel de rencontre en Forez","publisher":{"@id":"https:\/\/www.chateaudegoutelas.fr\/#organization"},"potentialAction":[{"@type":"SearchAction","target":{"@type":"EntryPoint","urlTemplate":"https:\/\/www.chateaudegoutelas.fr\/?s={search_term_string}"},"query-input":{"@type":"PropertyValueSpecification","valueRequired":true,"valueName":"search_term_string"}}],"inLanguage":"en-GB"},{"@type":"Organization","@id":"https:\/\/www.chateaudegoutelas.fr\/#organization","name":"Ch\u00e2teau de Goutelas","url":"https:\/\/www.chateaudegoutelas.fr\/","logo":{"@type":"ImageObject","inLanguage":"en-GB","@id":"https:\/\/www.chateaudegoutelas.fr\/#\/schema\/logo\/image\/","url":"https:\/\/www.chateaudegoutelas.fr\/wp-content\/uploads\/2023\/05\/logo-chateau-goutelas-bleu.png","contentUrl":"https:\/\/www.chateaudegoutelas.fr\/wp-content\/uploads\/2023\/05\/logo-chateau-goutelas-bleu.png","width":1123,"height":327,"caption":"Ch\u00e2teau de Goutelas"},"image":{"@id":"https:\/\/www.chateaudegoutelas.fr\/#\/schema\/logo\/image\/"}}]}},"_links":{"self":[{"href":"https:\/\/www.chateaudegoutelas.fr\/en\/wp-json\/wp\/v2\/artiste\/10193","targetHints":{"allow":["GET"]}}],"collection":[{"href":"https:\/\/www.chateaudegoutelas.fr\/en\/wp-json\/wp\/v2\/artiste"}],"about":[{"href":"https:\/\/www.chateaudegoutelas.fr\/en\/wp-json\/wp\/v2\/types\/artiste"}],"wp:featuredmedia":[{"embeddable":true,"href":"https:\/\/www.chateaudegoutelas.fr\/en\/wp-json\/wp\/v2\/media\/10195"}],"wp:attachment":[{"href":"https:\/\/www.chateaudegoutelas.fr\/en\/wp-json\/wp\/v2\/media?parent=10193"}],"wp:term":[{"taxonomy":"category","embeddable":true,"href":"https:\/\/www.chateaudegoutelas.fr\/en\/wp-json\/wp\/v2\/categories?post=10193"},{"taxonomy":"post_tag","embeddable":true,"href":"https:\/\/www.chateaudegoutelas.fr\/en\/wp-json\/wp\/v2\/tags?post=10193"}],"curies":[{"name":"wp","href":"https:\/\/api.w.org\/{rel}","templated":true}]}}