{"id":4888,"date":"2022-11-15T17:25:34","date_gmt":"2022-11-15T16:25:34","guid":{"rendered":"https:\/\/www.chateaudegoutelas.fr\/?p=4888"},"modified":"2023-05-26T09:52:56","modified_gmt":"2023-05-26T07:52:56","slug":"lundi-20-03-concert-anna-ulaieva-et-eleves-daremuz","status":"publish","type":"archive","link":"https:\/\/www.chateaudegoutelas.fr\/en\/archive\/lundi-20-03-concert-anna-ulaieva-et-eleves-daremuz\/","title":{"rendered":"Lundi 20\/03 &#8211; Concert : Anna Ulaieva et \u00e9l\u00e8ves d&rsquo;Ar\u00e9muz"},"content":{"rendered":"<div class=\"shmMigrate\"><\/div>\n<div class=\"shmMigrate\"><\/div>\n<div class=\"shmMigrate\"><\/div>\n<div class=\"shmMigrate\"><\/div>\n<h4><span style=\"font-weight: 400;\">Lundi 20 mars<\/span><\/h4>\n<h4><span style=\"font-weight: 400;\">19h<\/span><\/h4>\n<div class=\"shmMigrate\"><\/div>\n<div class=\"shmMigrate\"><\/div>\n<div class=\"shmMigrate\"><\/div>\n<p>Apr\u00e8s avoir remport\u00e9 de nombreux prix internationaux et jou\u00e9 dans les plus grandes salles, la pianiste ukrainienne Anna Ulaieva est invit\u00e9e \u00e0 Goutelas par l\u2019association d\u2019enseignement artistique Ar\u00e9muz. D\u00e9couvrez le travail men\u00e9 par la pianiste avec les \u00e9l\u00e8ves de musique de chambre du Forez.<\/p>\n<p>&nbsp;<\/p>\n<p><em>Anna Ulaieva : piano<\/em><br \/>\n<em>\u00c9l\u00e8ves d\u2019Ar\u00e9muz : piano, cordes, bois<\/em><\/p>\n<div class=\"shmMigrate\"><\/div>\n<div class=\"shmMigrate\"><\/div>\n<div class=\"shmMigrate\"><\/div>\n<p><strong>12\u20ac | 8\u20ac tarif r\u00e9duit | Gratuit &#8211; de 12 ans<\/strong><\/p>\n<p><strong>Informations et r\u00e9servations aupr\u00e8s d\u2019Ar\u00e9muz : www.aremuz.fr<\/strong><\/p>\n<div class=\"shmMigrate\"><\/div>\n<div class=\"shmMigrate\"><\/div>\n<div class=\"shmMigrate\"><\/div>\n<p>Photo \u00a9 Arman Karakhanyan<\/p>\n<div class=\"shmMigrate\"><\/div>\n<div class=\"shmMigrate\"><\/div>\n<div class=\"shmMigrate\"><\/div>\n<div class=\"shmMigrate\"><\/div>","protected":false},"author":7,"featured_media":4889,"template":"","meta":{"site-sidebar-layout":"default","site-content-layout":"","ast-site-content-layout":"default","site-content-style":"default","site-sidebar-style":"default","ast-global-header-display":"","ast-banner-title-visibility":"","ast-main-header-display":"","ast-hfb-above-header-display":"","ast-hfb-below-header-display":"","ast-hfb-mobile-header-display":"","site-post-title":"","ast-breadcrumbs-content":null,"ast-featured-img":"","footer-sml-layout":"","ast-disable-related-posts":"","theme-transparent-header-meta":"","adv-header-id-meta":"","stick-header-meta":"","header-above-stick-meta":null,"header-main-stick-meta":"","header-below-stick-meta":null,"astra-migrate-meta-layouts":"default","ast-page-background-enabled":"default","ast-page-background-meta":{"desktop":{"background-color":"","background-image":"","background-repeat":"repeat","background-position":"center center","background-size":"auto","background-attachment":"scroll","background-type":"","background-media":"","overlay-type":"","overlay-color":"","overlay-opacity":"","overlay-gradient":""},"tablet":{"background-color":"","background-image":"","background-repeat":"repeat","background-position":"center center","background-size":"auto","background-attachment":"scroll","background-type":"","background-media":"","overlay-type":"","overlay-color":"","overlay-opacity":"","overlay-gradient":""},"mobile":{"background-color":"","background-image":"","background-repeat":"repeat","background-position":"center center","background-size":"auto","background-attachment":"scroll","background-type":"","background-media":"","overlay-type":"","overlay-color":"","overlay-opacity":"","overlay-gradient":""}},"ast-content-background-meta":{"desktop":{"background-color":"var(--ast-global-color-5)","background-image":"","background-repeat":"repeat","background-position":"center center","background-size":"auto","background-attachment":"scroll","background-type":"","background-media":"","overlay-type":"","overlay-color":"","overlay-opacity":"","overlay-gradient":""},"tablet":{"background-color":"var(--ast-global-color-5)","background-image":"","background-repeat":"repeat","background-position":"center center","background-size":"auto","background-attachment":"scroll","background-type":"","background-media":"","overlay-type":"","overlay-color":"","overlay-opacity":"","overlay-gradient":""},"mobile":{"background-color":"var(--ast-global-color-5)","background-image":"","background-repeat":"repeat","background-position":"center center","background-size":"auto","background-attachment":"scroll","background-type":"","background-media":"","overlay-type":"","overlay-color":"","overlay-opacity":"","overlay-gradient":""}}},"categories":[4,5],"tags":[],"class_list":["post-4888","archive","type-archive","status-publish","has-post-thumbnail","hentry","category-actualites","category-calendrier"],"yoast_head":"<!-- This site is optimized with the Yoast SEO plugin v27.5 - https:\/\/yoast.com\/product\/yoast-seo-wordpress\/ -->\n<title>Lundi 20\/03 - Concert : Anna Ulaieva et \u00e9l\u00e8ves d&#039;Ar\u00e9muz - Ch\u00e2teau de Goutelas<\/title>\n<meta name=\"robots\" content=\"index, follow, max-snippet:-1, max-image-preview:large, max-video-preview:-1\" \/>\n<link rel=\"canonical\" href=\"https:\/\/www.chateaudegoutelas.fr\/en\/archive\/lundi-20-03-concert-anna-ulaieva-et-eleves-daremuz\/\" \/>\n<meta property=\"og:locale\" content=\"en_GB\" \/>\n<meta property=\"og:type\" content=\"article\" \/>\n<meta property=\"og:title\" content=\"Lundi 20\/03 - Concert : Anna Ulaieva et \u00e9l\u00e8ves d&#039;Ar\u00e9muz - Ch\u00e2teau de Goutelas\" \/>\n<meta property=\"og:description\" content=\"Lundi 20 mars 19h Apr\u00e8s avoir remport\u00e9 de nombreux prix internationaux et jou\u00e9 dans les plus grandes salles, la pianiste ukrainienne Anna Ulaieva est invit\u00e9e \u00e0 Goutelas par l\u2019association d\u2019enseignement artistique Ar\u00e9muz. D\u00e9couvrez le travail men\u00e9 par la pianiste avec les \u00e9l\u00e8ves de musique de chambre du Forez. &nbsp; Anna Ulaieva : piano \u00c9l\u00e8ves d\u2019Ar\u00e9muz [&hellip;]\" \/>\n<meta property=\"og:url\" content=\"https:\/\/www.chateaudegoutelas.fr\/en\/archive\/lundi-20-03-concert-anna-ulaieva-et-eleves-daremuz\/\" \/>\n<meta property=\"og:site_name\" content=\"Ch\u00e2teau de Goutelas\" \/>\n<meta property=\"article:modified_time\" content=\"2023-05-26T07:52:56+00:00\" \/>\n<meta property=\"og:image\" content=\"https:\/\/www.chateaudegoutelas.fr\/wp-content\/uploads\/2022\/11\/Anna-Ulaieva_credit-Arman-Karakhanyan-min-scaled.jpg\" \/>\n\t<meta property=\"og:image:width\" content=\"2560\" \/>\n\t<meta property=\"og:image:height\" content=\"1707\" \/>\n\t<meta property=\"og:image:type\" content=\"image\/jpeg\" \/>\n<meta name=\"twitter:card\" content=\"summary_large_image\" \/>\n<meta name=\"twitter:label1\" content=\"Estimated reading time\" \/>\n\t<meta name=\"twitter:data1\" content=\"1 minute\" \/>\n<script type=\"application\/ld+json\" class=\"yoast-schema-graph\">{\"@context\":\"https:\\\/\\\/schema.org\",\"@graph\":[{\"@type\":\"WebPage\",\"@id\":\"https:\\\/\\\/www.chateaudegoutelas.fr\\\/archive\\\/lundi-20-03-concert-anna-ulaieva-et-eleves-daremuz\\\/\",\"url\":\"https:\\\/\\\/www.chateaudegoutelas.fr\\\/archive\\\/lundi-20-03-concert-anna-ulaieva-et-eleves-daremuz\\\/\",\"name\":\"Lundi 20\\\/03 - Concert : Anna Ulaieva et \u00e9l\u00e8ves d'Ar\u00e9muz - Ch\u00e2teau de Goutelas\",\"isPartOf\":{\"@id\":\"https:\\\/\\\/www.chateaudegoutelas.fr\\\/#website\"},\"primaryImageOfPage\":{\"@id\":\"https:\\\/\\\/www.chateaudegoutelas.fr\\\/archive\\\/lundi-20-03-concert-anna-ulaieva-et-eleves-daremuz\\\/#primaryimage\"},\"image\":{\"@id\":\"https:\\\/\\\/www.chateaudegoutelas.fr\\\/archive\\\/lundi-20-03-concert-anna-ulaieva-et-eleves-daremuz\\\/#primaryimage\"},\"thumbnailUrl\":\"https:\\\/\\\/www.chateaudegoutelas.fr\\\/wp-content\\\/uploads\\\/2022\\\/11\\\/Anna-Ulaieva_credit-Arman-Karakhanyan-min-scaled.jpg\",\"datePublished\":\"2022-11-15T16:25:34+00:00\",\"dateModified\":\"2023-05-26T07:52:56+00:00\",\"breadcrumb\":{\"@id\":\"https:\\\/\\\/www.chateaudegoutelas.fr\\\/archive\\\/lundi-20-03-concert-anna-ulaieva-et-eleves-daremuz\\\/#breadcrumb\"},\"inLanguage\":\"en-GB\",\"potentialAction\":[{\"@type\":\"ReadAction\",\"target\":[\"https:\\\/\\\/www.chateaudegoutelas.fr\\\/archive\\\/lundi-20-03-concert-anna-ulaieva-et-eleves-daremuz\\\/\"]}]},{\"@type\":\"ImageObject\",\"inLanguage\":\"en-GB\",\"@id\":\"https:\\\/\\\/www.chateaudegoutelas.fr\\\/archive\\\/lundi-20-03-concert-anna-ulaieva-et-eleves-daremuz\\\/#primaryimage\",\"url\":\"https:\\\/\\\/www.chateaudegoutelas.fr\\\/wp-content\\\/uploads\\\/2022\\\/11\\\/Anna-Ulaieva_credit-Arman-Karakhanyan-min-scaled.jpg\",\"contentUrl\":\"https:\\\/\\\/www.chateaudegoutelas.fr\\\/wp-content\\\/uploads\\\/2022\\\/11\\\/Anna-Ulaieva_credit-Arman-Karakhanyan-min-scaled.jpg\",\"width\":2560,\"height\":1707},{\"@type\":\"BreadcrumbList\",\"@id\":\"https:\\\/\\\/www.chateaudegoutelas.fr\\\/archive\\\/lundi-20-03-concert-anna-ulaieva-et-eleves-daremuz\\\/#breadcrumb\",\"itemListElement\":[{\"@type\":\"ListItem\",\"position\":1,\"name\":\"Accueil\",\"item\":\"https:\\\/\\\/www.chateaudegoutelas.fr\\\/\"},{\"@type\":\"ListItem\",\"position\":2,\"name\":\"Lundi 20\\\/03 &#8211; Concert : Anna Ulaieva et \u00e9l\u00e8ves d&rsquo;Ar\u00e9muz\"}]},{\"@type\":\"WebSite\",\"@id\":\"https:\\\/\\\/www.chateaudegoutelas.fr\\\/#website\",\"url\":\"https:\\\/\\\/www.chateaudegoutelas.fr\\\/\",\"name\":\"Ch\u00e2teau de Goutelas\",\"description\":\"Un centre culturel de rencontre en Forez\",\"publisher\":{\"@id\":\"https:\\\/\\\/www.chateaudegoutelas.fr\\\/#organization\"},\"potentialAction\":[{\"@type\":\"SearchAction\",\"target\":{\"@type\":\"EntryPoint\",\"urlTemplate\":\"https:\\\/\\\/www.chateaudegoutelas.fr\\\/?s={search_term_string}\"},\"query-input\":{\"@type\":\"PropertyValueSpecification\",\"valueRequired\":true,\"valueName\":\"search_term_string\"}}],\"inLanguage\":\"en-GB\"},{\"@type\":\"Organization\",\"@id\":\"https:\\\/\\\/www.chateaudegoutelas.fr\\\/#organization\",\"name\":\"Ch\u00e2teau de Goutelas\",\"url\":\"https:\\\/\\\/www.chateaudegoutelas.fr\\\/\",\"logo\":{\"@type\":\"ImageObject\",\"inLanguage\":\"en-GB\",\"@id\":\"https:\\\/\\\/www.chateaudegoutelas.fr\\\/#\\\/schema\\\/logo\\\/image\\\/\",\"url\":\"https:\\\/\\\/www.chateaudegoutelas.fr\\\/wp-content\\\/uploads\\\/2023\\\/05\\\/logo-chateau-goutelas-bleu.png\",\"contentUrl\":\"https:\\\/\\\/www.chateaudegoutelas.fr\\\/wp-content\\\/uploads\\\/2023\\\/05\\\/logo-chateau-goutelas-bleu.png\",\"width\":1123,\"height\":327,\"caption\":\"Ch\u00e2teau de Goutelas\"},\"image\":{\"@id\":\"https:\\\/\\\/www.chateaudegoutelas.fr\\\/#\\\/schema\\\/logo\\\/image\\\/\"}}]}<\/script>\n<!-- \/ Yoast SEO plugin. -->","yoast_head_json":{"title":"Lundi 20\/03 - Concert : Anna Ulaieva et \u00e9l\u00e8ves d'Ar\u00e9muz - Ch\u00e2teau de Goutelas","robots":{"index":"index","follow":"follow","max-snippet":"max-snippet:-1","max-image-preview":"max-image-preview:large","max-video-preview":"max-video-preview:-1"},"canonical":"https:\/\/www.chateaudegoutelas.fr\/en\/archive\/lundi-20-03-concert-anna-ulaieva-et-eleves-daremuz\/","og_locale":"en_GB","og_type":"article","og_title":"Lundi 20\/03 - Concert : Anna Ulaieva et \u00e9l\u00e8ves d'Ar\u00e9muz - Ch\u00e2teau de Goutelas","og_description":"Lundi 20 mars 19h Apr\u00e8s avoir remport\u00e9 de nombreux prix internationaux et jou\u00e9 dans les plus grandes salles, la pianiste ukrainienne Anna Ulaieva est invit\u00e9e \u00e0 Goutelas par l\u2019association d\u2019enseignement artistique Ar\u00e9muz. D\u00e9couvrez le travail men\u00e9 par la pianiste avec les \u00e9l\u00e8ves de musique de chambre du Forez. &nbsp; Anna Ulaieva : piano \u00c9l\u00e8ves d\u2019Ar\u00e9muz [&hellip;]","og_url":"https:\/\/www.chateaudegoutelas.fr\/en\/archive\/lundi-20-03-concert-anna-ulaieva-et-eleves-daremuz\/","og_site_name":"Ch\u00e2teau de Goutelas","article_modified_time":"2023-05-26T07:52:56+00:00","og_image":[{"width":2560,"height":1707,"url":"https:\/\/www.chateaudegoutelas.fr\/wp-content\/uploads\/2022\/11\/Anna-Ulaieva_credit-Arman-Karakhanyan-min-scaled.jpg","type":"image\/jpeg"}],"twitter_card":"summary_large_image","twitter_misc":{"Estimated reading time":"1 minute"},"schema":{"@context":"https:\/\/schema.org","@graph":[{"@type":"WebPage","@id":"https:\/\/www.chateaudegoutelas.fr\/archive\/lundi-20-03-concert-anna-ulaieva-et-eleves-daremuz\/","url":"https:\/\/www.chateaudegoutelas.fr\/archive\/lundi-20-03-concert-anna-ulaieva-et-eleves-daremuz\/","name":"Lundi 20\/03 - Concert : Anna Ulaieva et \u00e9l\u00e8ves d'Ar\u00e9muz - Ch\u00e2teau de Goutelas","isPartOf":{"@id":"https:\/\/www.chateaudegoutelas.fr\/#website"},"primaryImageOfPage":{"@id":"https:\/\/www.chateaudegoutelas.fr\/archive\/lundi-20-03-concert-anna-ulaieva-et-eleves-daremuz\/#primaryimage"},"image":{"@id":"https:\/\/www.chateaudegoutelas.fr\/archive\/lundi-20-03-concert-anna-ulaieva-et-eleves-daremuz\/#primaryimage"},"thumbnailUrl":"https:\/\/www.chateaudegoutelas.fr\/wp-content\/uploads\/2022\/11\/Anna-Ulaieva_credit-Arman-Karakhanyan-min-scaled.jpg","datePublished":"2022-11-15T16:25:34+00:00","dateModified":"2023-05-26T07:52:56+00:00","breadcrumb":{"@id":"https:\/\/www.chateaudegoutelas.fr\/archive\/lundi-20-03-concert-anna-ulaieva-et-eleves-daremuz\/#breadcrumb"},"inLanguage":"en-GB","potentialAction":[{"@type":"ReadAction","target":["https:\/\/www.chateaudegoutelas.fr\/archive\/lundi-20-03-concert-anna-ulaieva-et-eleves-daremuz\/"]}]},{"@type":"ImageObject","inLanguage":"en-GB","@id":"https:\/\/www.chateaudegoutelas.fr\/archive\/lundi-20-03-concert-anna-ulaieva-et-eleves-daremuz\/#primaryimage","url":"https:\/\/www.chateaudegoutelas.fr\/wp-content\/uploads\/2022\/11\/Anna-Ulaieva_credit-Arman-Karakhanyan-min-scaled.jpg","contentUrl":"https:\/\/www.chateaudegoutelas.fr\/wp-content\/uploads\/2022\/11\/Anna-Ulaieva_credit-Arman-Karakhanyan-min-scaled.jpg","width":2560,"height":1707},{"@type":"BreadcrumbList","@id":"https:\/\/www.chateaudegoutelas.fr\/archive\/lundi-20-03-concert-anna-ulaieva-et-eleves-daremuz\/#breadcrumb","itemListElement":[{"@type":"ListItem","position":1,"name":"Accueil","item":"https:\/\/www.chateaudegoutelas.fr\/"},{"@type":"ListItem","position":2,"name":"Lundi 20\/03 &#8211; Concert : Anna Ulaieva et \u00e9l\u00e8ves d&rsquo;Ar\u00e9muz"}]},{"@type":"WebSite","@id":"https:\/\/www.chateaudegoutelas.fr\/#website","url":"https:\/\/www.chateaudegoutelas.fr\/","name":"Ch\u00e2teau de Goutelas","description":"Un centre culturel de rencontre en Forez","publisher":{"@id":"https:\/\/www.chateaudegoutelas.fr\/#organization"},"potentialAction":[{"@type":"SearchAction","target":{"@type":"EntryPoint","urlTemplate":"https:\/\/www.chateaudegoutelas.fr\/?s={search_term_string}"},"query-input":{"@type":"PropertyValueSpecification","valueRequired":true,"valueName":"search_term_string"}}],"inLanguage":"en-GB"},{"@type":"Organization","@id":"https:\/\/www.chateaudegoutelas.fr\/#organization","name":"Ch\u00e2teau de Goutelas","url":"https:\/\/www.chateaudegoutelas.fr\/","logo":{"@type":"ImageObject","inLanguage":"en-GB","@id":"https:\/\/www.chateaudegoutelas.fr\/#\/schema\/logo\/image\/","url":"https:\/\/www.chateaudegoutelas.fr\/wp-content\/uploads\/2023\/05\/logo-chateau-goutelas-bleu.png","contentUrl":"https:\/\/www.chateaudegoutelas.fr\/wp-content\/uploads\/2023\/05\/logo-chateau-goutelas-bleu.png","width":1123,"height":327,"caption":"Ch\u00e2teau de Goutelas"},"image":{"@id":"https:\/\/www.chateaudegoutelas.fr\/#\/schema\/logo\/image\/"}}]}},"_links":{"self":[{"href":"https:\/\/www.chateaudegoutelas.fr\/en\/wp-json\/wp\/v2\/archive\/4888","targetHints":{"allow":["GET"]}}],"collection":[{"href":"https:\/\/www.chateaudegoutelas.fr\/en\/wp-json\/wp\/v2\/archive"}],"about":[{"href":"https:\/\/www.chateaudegoutelas.fr\/en\/wp-json\/wp\/v2\/types\/archive"}],"author":[{"embeddable":true,"href":"https:\/\/www.chateaudegoutelas.fr\/en\/wp-json\/wp\/v2\/users\/7"}],"wp:featuredmedia":[{"embeddable":true,"href":"https:\/\/www.chateaudegoutelas.fr\/en\/wp-json\/wp\/v2\/media\/4889"}],"wp:attachment":[{"href":"https:\/\/www.chateaudegoutelas.fr\/en\/wp-json\/wp\/v2\/media?parent=4888"}],"wp:term":[{"taxonomy":"category","embeddable":true,"href":"https:\/\/www.chateaudegoutelas.fr\/en\/wp-json\/wp\/v2\/categories?post=4888"},{"taxonomy":"post_tag","embeddable":true,"href":"https:\/\/www.chateaudegoutelas.fr\/en\/wp-json\/wp\/v2\/tags?post=4888"}],"curies":[{"name":"wp","href":"https:\/\/api.w.org\/{rel}","templated":true}]}}