{"id":4846,"date":"2022-10-07T15:55:51","date_gmt":"2022-10-07T13:55:51","guid":{"rendered":"https:\/\/www.chateaudegoutelas.fr\/?p=4846"},"modified":"2023-05-26T09:53:08","modified_gmt":"2023-05-26T07:53:08","slug":"lundi-21-11-conversation-identite-de-genre-et-orientation-sexuelle-dans-le-cadre-du-droit-dasile","status":"publish","type":"archive","link":"https:\/\/www.chateaudegoutelas.fr\/en\/archive\/lundi-21-11-conversation-identite-de-genre-et-orientation-sexuelle-dans-le-cadre-du-droit-dasile\/","title":{"rendered":"LUNDI 21\/11 &#8211; CONVERSATION : Identit\u00e9 de genre et orientation sexuelle dans le cadre du droit d&rsquo;asile"},"content":{"rendered":"<div class=\"shmMigrate\"><\/div>\n<div class=\"shmMigrate\"><\/div>\n<div class=\"shmMigrate\"><\/div>\n<div class=\"shmMigrate\"><\/div>\n<h4><span style=\"color: #ea558c;\">Dans le cadre du festival <strong><a style=\"color: #ea558c;\" href=\"https:\/\/www.chateaudegoutelas.fr\/en\/du-15-11-au-19-11-festival-plus-plus-plus-cultures-et-droits-lgbtqia-de-kaboul-a-marcoux\/\">PLUS PLUS PLUS &#8211; Cultures et droits LGBTQIA+, de Kaboul \u00e0 Marcoux<\/a><\/strong> (15 &gt; 21 nov.)<\/span><\/h4>\n<div class=\"shmMigrate\"><\/div>\n<div class=\"shmMigrate\"><\/div>\n<div class=\"shmMigrate\"><\/div>\n<h4><span style=\"font-weight: 400;\">Lundi 21 novembre<\/span><\/h4>\n<h4><span style=\"font-weight: 400;\">12h30<\/span><\/h4>\n<h4><span style=\"font-weight: 400;\">En pr\u00e9sentiel \u00e0 la Maison des avocats (Lyon 3e), en visionnage collectif depuis le Ch\u00e2teau de Goutelas ou en visioconf\u00e9rence<\/span><\/h4>\n<div class=\"shmMigrate\"><\/div>\n<div class=\"shmMigrate\"><\/div>\n<div class=\"shmMigrate\"><\/div>\n<p><strong>Avec Edith Jaillardon, ex-juge-assesseure \u00e0 la Cour Nationale du Droit d\u2019Asile et <\/strong><strong>professeure \u00e9m\u00e9rite de droit public de l\u2019Universit\u00e9 Lyon 2, Pascale Taelman, avocat au Barreau du Val de Marne, ancien B\u00e2tonnier et ancienne Pr\u00e9sidente du Syndicat des Avocats de France<\/strong><strong>, et Carole Grand, <\/strong><strong>r\u00e9alisatrice du film <em>Les portes d\u2019Arcadie<\/em>.<\/strong><br \/>\n<strong>Mod\u00e9ration par Jean-Philippe Petit, avocat et co-pr\u00e9sident de la commission Droit <\/strong><strong>des \u00e9trangers du Barreau de Lyon.<\/strong><\/p>\n<p>&nbsp;<\/p>\n<p>Dans de nombreuses r\u00e9gions du monde, \u00eatre homo-, bi-, ou trans-sexuel\u00b7le expose \u00e0 de mauvais traitements, rel\u00e8ve de la d\u00e9linquance ou de la criminalit\u00e9. Pour obtenir le statut de r\u00e9fugi\u00e9 dans un autre pays, les personnes LGBTQIA+ doivent \u00e9tablir l\u2019existence d\u2019une crainte raisonnable de pers\u00e9cution ou de violence dans le pays d\u2019origine, en raison de l\u2019orientation sexuelle ou de l\u2019identit\u00e9 de genre. Si la preuve de l\u2019orientation sexuelle, constitutive d\u2019une atteinte \u00e0 la vie priv\u00e9e, n\u2019est pas exig\u00e9e, la cr\u00e9dibilit\u00e9 de l\u2019identit\u00e9 sexuelle ou de genre est au c\u0153ur de la discussion entre le demandeur d\u2019asile et l\u2019Office Fran\u00e7ais de Protection des R\u00e9fugi\u00e9s et Apatrides (OFPRA) et du d\u00e9bat devant la Cour Nationale du Droit d\u2019Asile (CNDA).<\/p>\n<p>&nbsp;<\/p>\n<p>\u201cComment prouver l\u2019intime ?\u201d s\u2019interrogeait le D\u00e9fenseur Des Droits en mai 2020. Comment d\u00e9passer les images st\u00e9r\u00e9otyp\u00e9es et \u00e9valuer l\u2019identit\u00e9 de personnes issues de contextes culturels \u00e9loign\u00e9s de celui du d\u00e9cideur ? Comment mesurer le d\u00e9calage culturel entre demandeur d\u2019asile et d\u00e9cideur ? Comment les associations peuvent-elles accompagner efficacement les demandeurs d\u2019asile, et les aider \u00e0 traverser ce qui peut \u00eatre v\u00e9cu comme une intrusion ?<\/p>\n<div class=\"shmMigrate\"><\/div>\n<div class=\"shmMigrate\"><\/div>\n<div class=\"shmMigrate\"><\/div>\n<p><strong>&#8211; En pr\u00e9sentiel \u00e0 la Maison des Avocats (176 rue de Cr\u00e9qui, Lyon 3e)<\/strong><br \/>\n<strong>&#8211; ou en visionnage collectif depuis le Ch\u00e2teau de Goutelas<\/strong><br \/>\n<strong>&#8211; ou en visioconf\u00e9rence Zoom.<\/strong><\/p>\n<p>&nbsp;<\/p>\n<p><b>Gratuit, sur inscription<\/b><\/p>\n<p><b>Dur\u00e9e : 1h30<\/b><\/p>\n<div class=\"shmMigrate\"><\/div>\n<div class=\"shmMigrate\"><\/div>\n<div class=\"shmMigrate\"><\/div>\n<div class=\"shmMigrate\"><\/div>\n<p>Illustration \u00a9 Atelier Pers<\/p>\n<div class=\"shmMigrate\"><\/div>\n<div class=\"shmMigrate\"><\/div>\n<div class=\"shmMigrate\"><\/div>\n<div class=\"shmMigrate\"><\/div>","protected":false},"author":7,"featured_media":4855,"template":"","meta":{"site-sidebar-layout":"default","site-content-layout":"","ast-site-content-layout":"default","site-content-style":"default","site-sidebar-style":"default","ast-global-header-display":"","ast-banner-title-visibility":"","ast-main-header-display":"","ast-hfb-above-header-display":"","ast-hfb-below-header-display":"","ast-hfb-mobile-header-display":"","site-post-title":"","ast-breadcrumbs-content":null,"ast-featured-img":"","footer-sml-layout":"","ast-disable-related-posts":"","theme-transparent-header-meta":"","adv-header-id-meta":"","stick-header-meta":"","header-above-stick-meta":null,"header-main-stick-meta":"","header-below-stick-meta":null,"astra-migrate-meta-layouts":"default","ast-page-background-enabled":"default","ast-page-background-meta":{"desktop":{"background-color":"","background-image":"","background-repeat":"repeat","background-position":"center center","background-size":"auto","background-attachment":"scroll","background-type":"","background-media":"","overlay-type":"","overlay-color":"","overlay-opacity":"","overlay-gradient":""},"tablet":{"background-color":"","background-image":"","background-repeat":"repeat","background-position":"center center","background-size":"auto","background-attachment":"scroll","background-type":"","background-media":"","overlay-type":"","overlay-color":"","overlay-opacity":"","overlay-gradient":""},"mobile":{"background-color":"","background-image":"","background-repeat":"repeat","background-position":"center center","background-size":"auto","background-attachment":"scroll","background-type":"","background-media":"","overlay-type":"","overlay-color":"","overlay-opacity":"","overlay-gradient":""}},"ast-content-background-meta":{"desktop":{"background-color":"var(--ast-global-color-5)","background-image":"","background-repeat":"repeat","background-position":"center center","background-size":"auto","background-attachment":"scroll","background-type":"","background-media":"","overlay-type":"","overlay-color":"","overlay-opacity":"","overlay-gradient":""},"tablet":{"background-color":"var(--ast-global-color-5)","background-image":"","background-repeat":"repeat","background-position":"center center","background-size":"auto","background-attachment":"scroll","background-type":"","background-media":"","overlay-type":"","overlay-color":"","overlay-opacity":"","overlay-gradient":""},"mobile":{"background-color":"var(--ast-global-color-5)","background-image":"","background-repeat":"repeat","background-position":"center center","background-size":"auto","background-attachment":"scroll","background-type":"","background-media":"","overlay-type":"","overlay-color":"","overlay-opacity":"","overlay-gradient":""}}},"categories":[4,5,149,150],"tags":[],"class_list":["post-4846","archive","type-archive","status-publish","has-post-thumbnail","hentry","category-actualites","category-calendrier","category-plus-plus-plus-2022","category-plusplusplus2022"],"yoast_head":"<!-- This site is optimized with the Yoast SEO plugin v27.5 - https:\/\/yoast.com\/product\/yoast-seo-wordpress\/ -->\n<title>LUNDI 21\/11 - CONVERSATION : Identit\u00e9 de genre et orientation sexuelle dans le cadre du droit d&#039;asile - Ch\u00e2teau de Goutelas<\/title>\n<meta name=\"robots\" content=\"index, follow, max-snippet:-1, max-image-preview:large, max-video-preview:-1\" \/>\n<link rel=\"canonical\" href=\"https:\/\/www.chateaudegoutelas.fr\/en\/archive\/lundi-21-11-conversation-identite-de-genre-et-orientation-sexuelle-dans-le-cadre-du-droit-dasile\/\" \/>\n<meta property=\"og:locale\" content=\"en_GB\" \/>\n<meta property=\"og:type\" content=\"article\" \/>\n<meta property=\"og:title\" content=\"LUNDI 21\/11 - CONVERSATION : Identit\u00e9 de genre et orientation sexuelle dans le cadre du droit d&#039;asile - Ch\u00e2teau de Goutelas\" \/>\n<meta property=\"og:description\" content=\"Dans le cadre du festival PLUS PLUS PLUS &#8211; Cultures et droits LGBTQIA+, de Kaboul \u00e0 Marcoux (15 &gt; 21 nov.) Lundi 21 novembre 12h30 En pr\u00e9sentiel \u00e0 la Maison des avocats (Lyon 3e), en visionnage collectif depuis le Ch\u00e2teau de Goutelas ou en visioconf\u00e9rence Avec Edith Jaillardon, ex-juge-assesseure \u00e0 la Cour Nationale du Droit [&hellip;]\" \/>\n<meta property=\"og:url\" content=\"https:\/\/www.chateaudegoutelas.fr\/en\/archive\/lundi-21-11-conversation-identite-de-genre-et-orientation-sexuelle-dans-le-cadre-du-droit-dasile\/\" \/>\n<meta property=\"og:site_name\" content=\"Ch\u00e2teau de Goutelas\" \/>\n<meta property=\"article:modified_time\" content=\"2023-05-26T07:53:08+00:00\" \/>\n<meta property=\"og:image\" content=\"https:\/\/www.chateaudegoutelas.fr\/wp-content\/uploads\/2022\/11\/visuel-web-scaled.jpg\" \/>\n\t<meta property=\"og:image:width\" content=\"2560\" \/>\n\t<meta property=\"og:image:height\" content=\"1810\" \/>\n\t<meta property=\"og:image:type\" content=\"image\/jpeg\" \/>\n<meta name=\"twitter:card\" content=\"summary_large_image\" \/>\n<meta name=\"twitter:label1\" content=\"Estimated reading time\" \/>\n\t<meta name=\"twitter:data1\" content=\"2 minutes\" \/>\n<script type=\"application\/ld+json\" class=\"yoast-schema-graph\">{\"@context\":\"https:\\\/\\\/schema.org\",\"@graph\":[{\"@type\":\"WebPage\",\"@id\":\"https:\\\/\\\/www.chateaudegoutelas.fr\\\/archive\\\/lundi-21-11-conversation-identite-de-genre-et-orientation-sexuelle-dans-le-cadre-du-droit-dasile\\\/\",\"url\":\"https:\\\/\\\/www.chateaudegoutelas.fr\\\/archive\\\/lundi-21-11-conversation-identite-de-genre-et-orientation-sexuelle-dans-le-cadre-du-droit-dasile\\\/\",\"name\":\"LUNDI 21\\\/11 - CONVERSATION : Identit\u00e9 de genre et orientation sexuelle dans le cadre du droit d'asile - Ch\u00e2teau de Goutelas\",\"isPartOf\":{\"@id\":\"https:\\\/\\\/www.chateaudegoutelas.fr\\\/#website\"},\"primaryImageOfPage\":{\"@id\":\"https:\\\/\\\/www.chateaudegoutelas.fr\\\/archive\\\/lundi-21-11-conversation-identite-de-genre-et-orientation-sexuelle-dans-le-cadre-du-droit-dasile\\\/#primaryimage\"},\"image\":{\"@id\":\"https:\\\/\\\/www.chateaudegoutelas.fr\\\/archive\\\/lundi-21-11-conversation-identite-de-genre-et-orientation-sexuelle-dans-le-cadre-du-droit-dasile\\\/#primaryimage\"},\"thumbnailUrl\":\"https:\\\/\\\/www.chateaudegoutelas.fr\\\/wp-content\\\/uploads\\\/2022\\\/11\\\/visuel-web-scaled.jpg\",\"datePublished\":\"2022-10-07T13:55:51+00:00\",\"dateModified\":\"2023-05-26T07:53:08+00:00\",\"breadcrumb\":{\"@id\":\"https:\\\/\\\/www.chateaudegoutelas.fr\\\/archive\\\/lundi-21-11-conversation-identite-de-genre-et-orientation-sexuelle-dans-le-cadre-du-droit-dasile\\\/#breadcrumb\"},\"inLanguage\":\"en-GB\",\"potentialAction\":[{\"@type\":\"ReadAction\",\"target\":[\"https:\\\/\\\/www.chateaudegoutelas.fr\\\/archive\\\/lundi-21-11-conversation-identite-de-genre-et-orientation-sexuelle-dans-le-cadre-du-droit-dasile\\\/\"]}]},{\"@type\":\"ImageObject\",\"inLanguage\":\"en-GB\",\"@id\":\"https:\\\/\\\/www.chateaudegoutelas.fr\\\/archive\\\/lundi-21-11-conversation-identite-de-genre-et-orientation-sexuelle-dans-le-cadre-du-droit-dasile\\\/#primaryimage\",\"url\":\"https:\\\/\\\/www.chateaudegoutelas.fr\\\/wp-content\\\/uploads\\\/2022\\\/11\\\/visuel-web-scaled.jpg\",\"contentUrl\":\"https:\\\/\\\/www.chateaudegoutelas.fr\\\/wp-content\\\/uploads\\\/2022\\\/11\\\/visuel-web-scaled.jpg\",\"width\":2560,\"height\":1810},{\"@type\":\"BreadcrumbList\",\"@id\":\"https:\\\/\\\/www.chateaudegoutelas.fr\\\/archive\\\/lundi-21-11-conversation-identite-de-genre-et-orientation-sexuelle-dans-le-cadre-du-droit-dasile\\\/#breadcrumb\",\"itemListElement\":[{\"@type\":\"ListItem\",\"position\":1,\"name\":\"Accueil\",\"item\":\"https:\\\/\\\/www.chateaudegoutelas.fr\\\/\"},{\"@type\":\"ListItem\",\"position\":2,\"name\":\"LUNDI 21\\\/11 &#8211; CONVERSATION : Identit\u00e9 de genre et orientation sexuelle dans le cadre du droit d&rsquo;asile\"}]},{\"@type\":\"WebSite\",\"@id\":\"https:\\\/\\\/www.chateaudegoutelas.fr\\\/#website\",\"url\":\"https:\\\/\\\/www.chateaudegoutelas.fr\\\/\",\"name\":\"Ch\u00e2teau de Goutelas\",\"description\":\"Un centre culturel de rencontre en Forez\",\"publisher\":{\"@id\":\"https:\\\/\\\/www.chateaudegoutelas.fr\\\/#organization\"},\"potentialAction\":[{\"@type\":\"SearchAction\",\"target\":{\"@type\":\"EntryPoint\",\"urlTemplate\":\"https:\\\/\\\/www.chateaudegoutelas.fr\\\/?s={search_term_string}\"},\"query-input\":{\"@type\":\"PropertyValueSpecification\",\"valueRequired\":true,\"valueName\":\"search_term_string\"}}],\"inLanguage\":\"en-GB\"},{\"@type\":\"Organization\",\"@id\":\"https:\\\/\\\/www.chateaudegoutelas.fr\\\/#organization\",\"name\":\"Ch\u00e2teau de Goutelas\",\"url\":\"https:\\\/\\\/www.chateaudegoutelas.fr\\\/\",\"logo\":{\"@type\":\"ImageObject\",\"inLanguage\":\"en-GB\",\"@id\":\"https:\\\/\\\/www.chateaudegoutelas.fr\\\/#\\\/schema\\\/logo\\\/image\\\/\",\"url\":\"https:\\\/\\\/www.chateaudegoutelas.fr\\\/wp-content\\\/uploads\\\/2023\\\/05\\\/logo-chateau-goutelas-bleu.png\",\"contentUrl\":\"https:\\\/\\\/www.chateaudegoutelas.fr\\\/wp-content\\\/uploads\\\/2023\\\/05\\\/logo-chateau-goutelas-bleu.png\",\"width\":1123,\"height\":327,\"caption\":\"Ch\u00e2teau de Goutelas\"},\"image\":{\"@id\":\"https:\\\/\\\/www.chateaudegoutelas.fr\\\/#\\\/schema\\\/logo\\\/image\\\/\"}}]}<\/script>\n<!-- \/ Yoast SEO plugin. -->","yoast_head_json":{"title":"LUNDI 21\/11 - CONVERSATION : Identit\u00e9 de genre et orientation sexuelle dans le cadre du droit d'asile - Ch\u00e2teau de Goutelas","robots":{"index":"index","follow":"follow","max-snippet":"max-snippet:-1","max-image-preview":"max-image-preview:large","max-video-preview":"max-video-preview:-1"},"canonical":"https:\/\/www.chateaudegoutelas.fr\/en\/archive\/lundi-21-11-conversation-identite-de-genre-et-orientation-sexuelle-dans-le-cadre-du-droit-dasile\/","og_locale":"en_GB","og_type":"article","og_title":"LUNDI 21\/11 - CONVERSATION : Identit\u00e9 de genre et orientation sexuelle dans le cadre du droit d'asile - Ch\u00e2teau de Goutelas","og_description":"Dans le cadre du festival PLUS PLUS PLUS &#8211; Cultures et droits LGBTQIA+, de Kaboul \u00e0 Marcoux (15 &gt; 21 nov.) Lundi 21 novembre 12h30 En pr\u00e9sentiel \u00e0 la Maison des avocats (Lyon 3e), en visionnage collectif depuis le Ch\u00e2teau de Goutelas ou en visioconf\u00e9rence Avec Edith Jaillardon, ex-juge-assesseure \u00e0 la Cour Nationale du Droit [&hellip;]","og_url":"https:\/\/www.chateaudegoutelas.fr\/en\/archive\/lundi-21-11-conversation-identite-de-genre-et-orientation-sexuelle-dans-le-cadre-du-droit-dasile\/","og_site_name":"Ch\u00e2teau de Goutelas","article_modified_time":"2023-05-26T07:53:08+00:00","og_image":[{"width":2560,"height":1810,"url":"https:\/\/www.chateaudegoutelas.fr\/wp-content\/uploads\/2022\/11\/visuel-web-scaled.jpg","type":"image\/jpeg"}],"twitter_card":"summary_large_image","twitter_misc":{"Estimated reading time":"2 minutes"},"schema":{"@context":"https:\/\/schema.org","@graph":[{"@type":"WebPage","@id":"https:\/\/www.chateaudegoutelas.fr\/archive\/lundi-21-11-conversation-identite-de-genre-et-orientation-sexuelle-dans-le-cadre-du-droit-dasile\/","url":"https:\/\/www.chateaudegoutelas.fr\/archive\/lundi-21-11-conversation-identite-de-genre-et-orientation-sexuelle-dans-le-cadre-du-droit-dasile\/","name":"LUNDI 21\/11 - CONVERSATION : Identit\u00e9 de genre et orientation sexuelle dans le cadre du droit d'asile - Ch\u00e2teau de Goutelas","isPartOf":{"@id":"https:\/\/www.chateaudegoutelas.fr\/#website"},"primaryImageOfPage":{"@id":"https:\/\/www.chateaudegoutelas.fr\/archive\/lundi-21-11-conversation-identite-de-genre-et-orientation-sexuelle-dans-le-cadre-du-droit-dasile\/#primaryimage"},"image":{"@id":"https:\/\/www.chateaudegoutelas.fr\/archive\/lundi-21-11-conversation-identite-de-genre-et-orientation-sexuelle-dans-le-cadre-du-droit-dasile\/#primaryimage"},"thumbnailUrl":"https:\/\/www.chateaudegoutelas.fr\/wp-content\/uploads\/2022\/11\/visuel-web-scaled.jpg","datePublished":"2022-10-07T13:55:51+00:00","dateModified":"2023-05-26T07:53:08+00:00","breadcrumb":{"@id":"https:\/\/www.chateaudegoutelas.fr\/archive\/lundi-21-11-conversation-identite-de-genre-et-orientation-sexuelle-dans-le-cadre-du-droit-dasile\/#breadcrumb"},"inLanguage":"en-GB","potentialAction":[{"@type":"ReadAction","target":["https:\/\/www.chateaudegoutelas.fr\/archive\/lundi-21-11-conversation-identite-de-genre-et-orientation-sexuelle-dans-le-cadre-du-droit-dasile\/"]}]},{"@type":"ImageObject","inLanguage":"en-GB","@id":"https:\/\/www.chateaudegoutelas.fr\/archive\/lundi-21-11-conversation-identite-de-genre-et-orientation-sexuelle-dans-le-cadre-du-droit-dasile\/#primaryimage","url":"https:\/\/www.chateaudegoutelas.fr\/wp-content\/uploads\/2022\/11\/visuel-web-scaled.jpg","contentUrl":"https:\/\/www.chateaudegoutelas.fr\/wp-content\/uploads\/2022\/11\/visuel-web-scaled.jpg","width":2560,"height":1810},{"@type":"BreadcrumbList","@id":"https:\/\/www.chateaudegoutelas.fr\/archive\/lundi-21-11-conversation-identite-de-genre-et-orientation-sexuelle-dans-le-cadre-du-droit-dasile\/#breadcrumb","itemListElement":[{"@type":"ListItem","position":1,"name":"Accueil","item":"https:\/\/www.chateaudegoutelas.fr\/"},{"@type":"ListItem","position":2,"name":"LUNDI 21\/11 &#8211; CONVERSATION : Identit\u00e9 de genre et orientation sexuelle dans le cadre du droit d&rsquo;asile"}]},{"@type":"WebSite","@id":"https:\/\/www.chateaudegoutelas.fr\/#website","url":"https:\/\/www.chateaudegoutelas.fr\/","name":"Ch\u00e2teau de Goutelas","description":"Un centre culturel de rencontre en Forez","publisher":{"@id":"https:\/\/www.chateaudegoutelas.fr\/#organization"},"potentialAction":[{"@type":"SearchAction","target":{"@type":"EntryPoint","urlTemplate":"https:\/\/www.chateaudegoutelas.fr\/?s={search_term_string}"},"query-input":{"@type":"PropertyValueSpecification","valueRequired":true,"valueName":"search_term_string"}}],"inLanguage":"en-GB"},{"@type":"Organization","@id":"https:\/\/www.chateaudegoutelas.fr\/#organization","name":"Ch\u00e2teau de Goutelas","url":"https:\/\/www.chateaudegoutelas.fr\/","logo":{"@type":"ImageObject","inLanguage":"en-GB","@id":"https:\/\/www.chateaudegoutelas.fr\/#\/schema\/logo\/image\/","url":"https:\/\/www.chateaudegoutelas.fr\/wp-content\/uploads\/2023\/05\/logo-chateau-goutelas-bleu.png","contentUrl":"https:\/\/www.chateaudegoutelas.fr\/wp-content\/uploads\/2023\/05\/logo-chateau-goutelas-bleu.png","width":1123,"height":327,"caption":"Ch\u00e2teau de Goutelas"},"image":{"@id":"https:\/\/www.chateaudegoutelas.fr\/#\/schema\/logo\/image\/"}}]}},"_links":{"self":[{"href":"https:\/\/www.chateaudegoutelas.fr\/en\/wp-json\/wp\/v2\/archive\/4846","targetHints":{"allow":["GET"]}}],"collection":[{"href":"https:\/\/www.chateaudegoutelas.fr\/en\/wp-json\/wp\/v2\/archive"}],"about":[{"href":"https:\/\/www.chateaudegoutelas.fr\/en\/wp-json\/wp\/v2\/types\/archive"}],"author":[{"embeddable":true,"href":"https:\/\/www.chateaudegoutelas.fr\/en\/wp-json\/wp\/v2\/users\/7"}],"wp:featuredmedia":[{"embeddable":true,"href":"https:\/\/www.chateaudegoutelas.fr\/en\/wp-json\/wp\/v2\/media\/4855"}],"wp:attachment":[{"href":"https:\/\/www.chateaudegoutelas.fr\/en\/wp-json\/wp\/v2\/media?parent=4846"}],"wp:term":[{"taxonomy":"category","embeddable":true,"href":"https:\/\/www.chateaudegoutelas.fr\/en\/wp-json\/wp\/v2\/categories?post=4846"},{"taxonomy":"post_tag","embeddable":true,"href":"https:\/\/www.chateaudegoutelas.fr\/en\/wp-json\/wp\/v2\/tags?post=4846"}],"curies":[{"name":"wp","href":"https:\/\/api.w.org\/{rel}","templated":true}]}}