{"id":4835,"date":"2022-10-07T15:45:42","date_gmt":"2022-10-07T13:45:42","guid":{"rendered":"https:\/\/www.chateaudegoutelas.fr\/?p=4835"},"modified":"2023-05-26T09:53:10","modified_gmt":"2023-05-26T07:53:10","slug":"samedi-19-11-theatre-lhomosexualite-ce-douloureux-probleme-collectif-fleau-social","status":"publish","type":"archive","link":"https:\/\/www.chateaudegoutelas.fr\/en\/archive\/samedi-19-11-theatre-lhomosexualite-ce-douloureux-probleme-collectif-fleau-social\/","title":{"rendered":"SAMEDI 19\/11 &#8211; TH\u00c9\u00c2TRE : L&rsquo;homosexualit\u00e9, ce douloureux probl\u00e8me &#8211; Collectif Fl\u00e9au social"},"content":{"rendered":"<div class=\"shmMigrate\"><\/div>\n<div class=\"shmMigrate\"><\/div>\n<div class=\"shmMigrate\"><\/div>\n<div class=\"shmMigrate\"><\/div>\n<h4><span style=\"color: #ea558c;\">Dans le cadre du festival <strong><a style=\"color: #ea558c;\" href=\"https:\/\/www.chateaudegoutelas.fr\/en\/du-15-11-au-19-11-festival-plus-plus-plus-cultures-et-droits-lgbtqia-de-kaboul-a-marcoux\/\">PLUS PLUS PLUS &#8211; Cultures et droits LGBTQIA+, de Kaboul \u00e0 Marcoux<\/a><\/strong> (15 &gt; 21 nov.)<\/span><\/h4>\n<div class=\"shmMigrate\"><\/div>\n<div class=\"shmMigrate\"><\/div>\n<div class=\"shmMigrate\"><\/div>\n<h4><span style=\"font-weight: 400;\">Samedi 19 novembre<\/span><\/h4>\n<h4><span style=\"font-weight: 400;\">17h30<\/span><\/h4>\n<div class=\"shmMigrate\"><\/div>\n<div class=\"shmMigrate\"><\/div>\n<div class=\"shmMigrate\"><\/div>\n<p><strong>Fiction document\u00e9e d&rsquo;un mouvement r\u00e9volutionnaire<\/strong><\/p>\n<p><strong>Collectif Fl\u00e9au social<\/strong><\/p>\n<p>&nbsp;<\/p>\n<p>\u00c0 partir d\u2019un moment charni\u00e8re des mouvements LGBTQIA+, celui o\u00f9 des militant\u00b7e\u00b7s du Front Homosexuel d&rsquo;Action R\u00e9volutionnaire (FHAR) envahissent un plateau radio, le collectif <em>Fl\u00e9au social<\/em>, en r\u00e9sidence \u00e0 Goutelas, explore l\u2019histoire d\u2019une lutte toujours actuelle.<\/p>\n<div class=\"shmMigrate\"><\/div>\n<div class=\"shmMigrate\"><\/div>\n<div class=\"shmMigrate\"><\/div>\n<p><b>8\u20ac | 5\u20ac tarif r\u00e9duit <em>(moins de 18 ans, \u00e9tudiant\u00b7e\u00b7s, personnes en recherche d&#8217;emploi)<\/em><\/b><\/p>\n<p><b>Dur\u00e9e : 35 min + \u00e9changes<\/b><\/p>\n<div class=\"shmMigrate\"><\/div>\n<div class=\"shmMigrate\"><\/div>\n<div class=\"shmMigrate\"><\/div>\n<div class=\"shmMigrate\"><\/div>\n<p>Photo \u00a9 Lucie Demange<\/p>\n<div class=\"shmMigrate\"><\/div>\n<div class=\"shmMigrate\"><\/div>\n<div class=\"shmMigrate\"><\/div>\n<div class=\"shmMigrate\"><\/div>","protected":false},"author":7,"featured_media":4836,"template":"","meta":{"site-sidebar-layout":"default","site-content-layout":"","ast-site-content-layout":"default","site-content-style":"default","site-sidebar-style":"default","ast-global-header-display":"","ast-banner-title-visibility":"","ast-main-header-display":"","ast-hfb-above-header-display":"","ast-hfb-below-header-display":"","ast-hfb-mobile-header-display":"","site-post-title":"","ast-breadcrumbs-content":null,"ast-featured-img":"","footer-sml-layout":"","ast-disable-related-posts":"","theme-transparent-header-meta":"","adv-header-id-meta":"","stick-header-meta":"","header-above-stick-meta":null,"header-main-stick-meta":"","header-below-stick-meta":null,"astra-migrate-meta-layouts":"default","ast-page-background-enabled":"default","ast-page-background-meta":{"desktop":{"background-color":"","background-image":"","background-repeat":"repeat","background-position":"center center","background-size":"auto","background-attachment":"scroll","background-type":"","background-media":"","overlay-type":"","overlay-color":"","overlay-opacity":"","overlay-gradient":""},"tablet":{"background-color":"","background-image":"","background-repeat":"repeat","background-position":"center center","background-size":"auto","background-attachment":"scroll","background-type":"","background-media":"","overlay-type":"","overlay-color":"","overlay-opacity":"","overlay-gradient":""},"mobile":{"background-color":"","background-image":"","background-repeat":"repeat","background-position":"center center","background-size":"auto","background-attachment":"scroll","background-type":"","background-media":"","overlay-type":"","overlay-color":"","overlay-opacity":"","overlay-gradient":""}},"ast-content-background-meta":{"desktop":{"background-color":"var(--ast-global-color-5)","background-image":"","background-repeat":"repeat","background-position":"center center","background-size":"auto","background-attachment":"scroll","background-type":"","background-media":"","overlay-type":"","overlay-color":"","overlay-opacity":"","overlay-gradient":""},"tablet":{"background-color":"var(--ast-global-color-5)","background-image":"","background-repeat":"repeat","background-position":"center center","background-size":"auto","background-attachment":"scroll","background-type":"","background-media":"","overlay-type":"","overlay-color":"","overlay-opacity":"","overlay-gradient":""},"mobile":{"background-color":"var(--ast-global-color-5)","background-image":"","background-repeat":"repeat","background-position":"center center","background-size":"auto","background-attachment":"scroll","background-type":"","background-media":"","overlay-type":"","overlay-color":"","overlay-opacity":"","overlay-gradient":""}}},"categories":[149,150],"tags":[],"class_list":["post-4835","archive","type-archive","status-publish","has-post-thumbnail","hentry","category-plus-plus-plus-2022","category-plusplusplus2022"],"yoast_head":"<!-- This site is optimized with the Yoast SEO plugin v27.5 - https:\/\/yoast.com\/product\/yoast-seo-wordpress\/ -->\n<title>SAMEDI 19\/11 - TH\u00c9\u00c2TRE : L&#039;homosexualit\u00e9, ce douloureux probl\u00e8me - Collectif Fl\u00e9au social - Ch\u00e2teau de Goutelas<\/title>\n<meta name=\"robots\" content=\"index, follow, max-snippet:-1, max-image-preview:large, max-video-preview:-1\" \/>\n<link rel=\"canonical\" href=\"https:\/\/www.chateaudegoutelas.fr\/en\/archive\/samedi-19-11-theatre-lhomosexualite-ce-douloureux-probleme-collectif-fleau-social\/\" \/>\n<meta property=\"og:locale\" content=\"en_GB\" \/>\n<meta property=\"og:type\" content=\"article\" \/>\n<meta property=\"og:title\" content=\"SAMEDI 19\/11 - TH\u00c9\u00c2TRE : L&#039;homosexualit\u00e9, ce douloureux probl\u00e8me - Collectif Fl\u00e9au social - Ch\u00e2teau de Goutelas\" \/>\n<meta property=\"og:description\" content=\"Dans le cadre du festival PLUS PLUS PLUS &#8211; Cultures et droits LGBTQIA+, de Kaboul \u00e0 Marcoux (15 &gt; 21 nov.) Samedi 19 novembre 17h30 Fiction document\u00e9e d&rsquo;un mouvement r\u00e9volutionnaire Collectif Fl\u00e9au social &nbsp; \u00c0 partir d\u2019un moment charni\u00e8re des mouvements LGBTQIA+, celui o\u00f9 des militant\u00b7e\u00b7s du Front Homosexuel d&rsquo;Action R\u00e9volutionnaire (FHAR) envahissent un plateau [&hellip;]\" \/>\n<meta property=\"og:url\" content=\"https:\/\/www.chateaudegoutelas.fr\/en\/archive\/samedi-19-11-theatre-lhomosexualite-ce-douloureux-probleme-collectif-fleau-social\/\" \/>\n<meta property=\"og:site_name\" content=\"Ch\u00e2teau de Goutelas\" \/>\n<meta property=\"article:modified_time\" content=\"2023-05-26T07:53:10+00:00\" \/>\n<meta property=\"og:image\" content=\"https:\/\/www.chateaudegoutelas.fr\/wp-content\/uploads\/2022\/11\/Lhomosexualite-Affiche-\u00a9-Lucie-Demange-scaled.jpg\" \/>\n\t<meta property=\"og:image:width\" content=\"2560\" \/>\n\t<meta property=\"og:image:height\" content=\"1710\" \/>\n\t<meta property=\"og:image:type\" content=\"image\/jpeg\" \/>\n<meta name=\"twitter:card\" content=\"summary_large_image\" \/>\n<meta name=\"twitter:label1\" content=\"Estimated reading time\" \/>\n\t<meta name=\"twitter:data1\" content=\"1 minute\" \/>\n<script type=\"application\/ld+json\" class=\"yoast-schema-graph\">{\"@context\":\"https:\\\/\\\/schema.org\",\"@graph\":[{\"@type\":\"WebPage\",\"@id\":\"https:\\\/\\\/www.chateaudegoutelas.fr\\\/archive\\\/samedi-19-11-theatre-lhomosexualite-ce-douloureux-probleme-collectif-fleau-social\\\/\",\"url\":\"https:\\\/\\\/www.chateaudegoutelas.fr\\\/archive\\\/samedi-19-11-theatre-lhomosexualite-ce-douloureux-probleme-collectif-fleau-social\\\/\",\"name\":\"SAMEDI 19\\\/11 - TH\u00c9\u00c2TRE : L'homosexualit\u00e9, ce douloureux probl\u00e8me - Collectif Fl\u00e9au social - Ch\u00e2teau de Goutelas\",\"isPartOf\":{\"@id\":\"https:\\\/\\\/www.chateaudegoutelas.fr\\\/#website\"},\"primaryImageOfPage\":{\"@id\":\"https:\\\/\\\/www.chateaudegoutelas.fr\\\/archive\\\/samedi-19-11-theatre-lhomosexualite-ce-douloureux-probleme-collectif-fleau-social\\\/#primaryimage\"},\"image\":{\"@id\":\"https:\\\/\\\/www.chateaudegoutelas.fr\\\/archive\\\/samedi-19-11-theatre-lhomosexualite-ce-douloureux-probleme-collectif-fleau-social\\\/#primaryimage\"},\"thumbnailUrl\":\"https:\\\/\\\/www.chateaudegoutelas.fr\\\/wp-content\\\/uploads\\\/2022\\\/11\\\/Lhomosexualite-Affiche-\u00a9-Lucie-Demange-scaled.jpg\",\"datePublished\":\"2022-10-07T13:45:42+00:00\",\"dateModified\":\"2023-05-26T07:53:10+00:00\",\"breadcrumb\":{\"@id\":\"https:\\\/\\\/www.chateaudegoutelas.fr\\\/archive\\\/samedi-19-11-theatre-lhomosexualite-ce-douloureux-probleme-collectif-fleau-social\\\/#breadcrumb\"},\"inLanguage\":\"en-GB\",\"potentialAction\":[{\"@type\":\"ReadAction\",\"target\":[\"https:\\\/\\\/www.chateaudegoutelas.fr\\\/archive\\\/samedi-19-11-theatre-lhomosexualite-ce-douloureux-probleme-collectif-fleau-social\\\/\"]}]},{\"@type\":\"ImageObject\",\"inLanguage\":\"en-GB\",\"@id\":\"https:\\\/\\\/www.chateaudegoutelas.fr\\\/archive\\\/samedi-19-11-theatre-lhomosexualite-ce-douloureux-probleme-collectif-fleau-social\\\/#primaryimage\",\"url\":\"https:\\\/\\\/www.chateaudegoutelas.fr\\\/wp-content\\\/uploads\\\/2022\\\/11\\\/Lhomosexualite-Affiche-\u00a9-Lucie-Demange-scaled.jpg\",\"contentUrl\":\"https:\\\/\\\/www.chateaudegoutelas.fr\\\/wp-content\\\/uploads\\\/2022\\\/11\\\/Lhomosexualite-Affiche-\u00a9-Lucie-Demange-scaled.jpg\",\"width\":2560,\"height\":1710},{\"@type\":\"BreadcrumbList\",\"@id\":\"https:\\\/\\\/www.chateaudegoutelas.fr\\\/archive\\\/samedi-19-11-theatre-lhomosexualite-ce-douloureux-probleme-collectif-fleau-social\\\/#breadcrumb\",\"itemListElement\":[{\"@type\":\"ListItem\",\"position\":1,\"name\":\"Accueil\",\"item\":\"https:\\\/\\\/www.chateaudegoutelas.fr\\\/\"},{\"@type\":\"ListItem\",\"position\":2,\"name\":\"SAMEDI 19\\\/11 &#8211; TH\u00c9\u00c2TRE : L&rsquo;homosexualit\u00e9, ce douloureux probl\u00e8me &#8211; Collectif Fl\u00e9au social\"}]},{\"@type\":\"WebSite\",\"@id\":\"https:\\\/\\\/www.chateaudegoutelas.fr\\\/#website\",\"url\":\"https:\\\/\\\/www.chateaudegoutelas.fr\\\/\",\"name\":\"Ch\u00e2teau de Goutelas\",\"description\":\"Un centre culturel de rencontre en Forez\",\"publisher\":{\"@id\":\"https:\\\/\\\/www.chateaudegoutelas.fr\\\/#organization\"},\"potentialAction\":[{\"@type\":\"SearchAction\",\"target\":{\"@type\":\"EntryPoint\",\"urlTemplate\":\"https:\\\/\\\/www.chateaudegoutelas.fr\\\/?s={search_term_string}\"},\"query-input\":{\"@type\":\"PropertyValueSpecification\",\"valueRequired\":true,\"valueName\":\"search_term_string\"}}],\"inLanguage\":\"en-GB\"},{\"@type\":\"Organization\",\"@id\":\"https:\\\/\\\/www.chateaudegoutelas.fr\\\/#organization\",\"name\":\"Ch\u00e2teau de Goutelas\",\"url\":\"https:\\\/\\\/www.chateaudegoutelas.fr\\\/\",\"logo\":{\"@type\":\"ImageObject\",\"inLanguage\":\"en-GB\",\"@id\":\"https:\\\/\\\/www.chateaudegoutelas.fr\\\/#\\\/schema\\\/logo\\\/image\\\/\",\"url\":\"https:\\\/\\\/www.chateaudegoutelas.fr\\\/wp-content\\\/uploads\\\/2023\\\/05\\\/logo-chateau-goutelas-bleu.png\",\"contentUrl\":\"https:\\\/\\\/www.chateaudegoutelas.fr\\\/wp-content\\\/uploads\\\/2023\\\/05\\\/logo-chateau-goutelas-bleu.png\",\"width\":1123,\"height\":327,\"caption\":\"Ch\u00e2teau de Goutelas\"},\"image\":{\"@id\":\"https:\\\/\\\/www.chateaudegoutelas.fr\\\/#\\\/schema\\\/logo\\\/image\\\/\"}}]}<\/script>\n<!-- \/ Yoast SEO plugin. -->","yoast_head_json":{"title":"SAMEDI 19\/11 - TH\u00c9\u00c2TRE : L'homosexualit\u00e9, ce douloureux probl\u00e8me - Collectif Fl\u00e9au social - Ch\u00e2teau de Goutelas","robots":{"index":"index","follow":"follow","max-snippet":"max-snippet:-1","max-image-preview":"max-image-preview:large","max-video-preview":"max-video-preview:-1"},"canonical":"https:\/\/www.chateaudegoutelas.fr\/en\/archive\/samedi-19-11-theatre-lhomosexualite-ce-douloureux-probleme-collectif-fleau-social\/","og_locale":"en_GB","og_type":"article","og_title":"SAMEDI 19\/11 - TH\u00c9\u00c2TRE : L'homosexualit\u00e9, ce douloureux probl\u00e8me - Collectif Fl\u00e9au social - Ch\u00e2teau de Goutelas","og_description":"Dans le cadre du festival PLUS PLUS PLUS &#8211; Cultures et droits LGBTQIA+, de Kaboul \u00e0 Marcoux (15 &gt; 21 nov.) Samedi 19 novembre 17h30 Fiction document\u00e9e d&rsquo;un mouvement r\u00e9volutionnaire Collectif Fl\u00e9au social &nbsp; \u00c0 partir d\u2019un moment charni\u00e8re des mouvements LGBTQIA+, celui o\u00f9 des militant\u00b7e\u00b7s du Front Homosexuel d&rsquo;Action R\u00e9volutionnaire (FHAR) envahissent un plateau [&hellip;]","og_url":"https:\/\/www.chateaudegoutelas.fr\/en\/archive\/samedi-19-11-theatre-lhomosexualite-ce-douloureux-probleme-collectif-fleau-social\/","og_site_name":"Ch\u00e2teau de Goutelas","article_modified_time":"2023-05-26T07:53:10+00:00","og_image":[{"width":2560,"height":1710,"url":"https:\/\/www.chateaudegoutelas.fr\/wp-content\/uploads\/2022\/11\/Lhomosexualite-Affiche-\u00a9-Lucie-Demange-scaled.jpg","type":"image\/jpeg"}],"twitter_card":"summary_large_image","twitter_misc":{"Estimated reading time":"1 minute"},"schema":{"@context":"https:\/\/schema.org","@graph":[{"@type":"WebPage","@id":"https:\/\/www.chateaudegoutelas.fr\/archive\/samedi-19-11-theatre-lhomosexualite-ce-douloureux-probleme-collectif-fleau-social\/","url":"https:\/\/www.chateaudegoutelas.fr\/archive\/samedi-19-11-theatre-lhomosexualite-ce-douloureux-probleme-collectif-fleau-social\/","name":"SAMEDI 19\/11 - TH\u00c9\u00c2TRE : L'homosexualit\u00e9, ce douloureux probl\u00e8me - Collectif Fl\u00e9au social - Ch\u00e2teau de Goutelas","isPartOf":{"@id":"https:\/\/www.chateaudegoutelas.fr\/#website"},"primaryImageOfPage":{"@id":"https:\/\/www.chateaudegoutelas.fr\/archive\/samedi-19-11-theatre-lhomosexualite-ce-douloureux-probleme-collectif-fleau-social\/#primaryimage"},"image":{"@id":"https:\/\/www.chateaudegoutelas.fr\/archive\/samedi-19-11-theatre-lhomosexualite-ce-douloureux-probleme-collectif-fleau-social\/#primaryimage"},"thumbnailUrl":"https:\/\/www.chateaudegoutelas.fr\/wp-content\/uploads\/2022\/11\/Lhomosexualite-Affiche-\u00a9-Lucie-Demange-scaled.jpg","datePublished":"2022-10-07T13:45:42+00:00","dateModified":"2023-05-26T07:53:10+00:00","breadcrumb":{"@id":"https:\/\/www.chateaudegoutelas.fr\/archive\/samedi-19-11-theatre-lhomosexualite-ce-douloureux-probleme-collectif-fleau-social\/#breadcrumb"},"inLanguage":"en-GB","potentialAction":[{"@type":"ReadAction","target":["https:\/\/www.chateaudegoutelas.fr\/archive\/samedi-19-11-theatre-lhomosexualite-ce-douloureux-probleme-collectif-fleau-social\/"]}]},{"@type":"ImageObject","inLanguage":"en-GB","@id":"https:\/\/www.chateaudegoutelas.fr\/archive\/samedi-19-11-theatre-lhomosexualite-ce-douloureux-probleme-collectif-fleau-social\/#primaryimage","url":"https:\/\/www.chateaudegoutelas.fr\/wp-content\/uploads\/2022\/11\/Lhomosexualite-Affiche-\u00a9-Lucie-Demange-scaled.jpg","contentUrl":"https:\/\/www.chateaudegoutelas.fr\/wp-content\/uploads\/2022\/11\/Lhomosexualite-Affiche-\u00a9-Lucie-Demange-scaled.jpg","width":2560,"height":1710},{"@type":"BreadcrumbList","@id":"https:\/\/www.chateaudegoutelas.fr\/archive\/samedi-19-11-theatre-lhomosexualite-ce-douloureux-probleme-collectif-fleau-social\/#breadcrumb","itemListElement":[{"@type":"ListItem","position":1,"name":"Accueil","item":"https:\/\/www.chateaudegoutelas.fr\/"},{"@type":"ListItem","position":2,"name":"SAMEDI 19\/11 &#8211; TH\u00c9\u00c2TRE : L&rsquo;homosexualit\u00e9, ce douloureux probl\u00e8me &#8211; Collectif Fl\u00e9au social"}]},{"@type":"WebSite","@id":"https:\/\/www.chateaudegoutelas.fr\/#website","url":"https:\/\/www.chateaudegoutelas.fr\/","name":"Ch\u00e2teau de Goutelas","description":"Un centre culturel de rencontre en Forez","publisher":{"@id":"https:\/\/www.chateaudegoutelas.fr\/#organization"},"potentialAction":[{"@type":"SearchAction","target":{"@type":"EntryPoint","urlTemplate":"https:\/\/www.chateaudegoutelas.fr\/?s={search_term_string}"},"query-input":{"@type":"PropertyValueSpecification","valueRequired":true,"valueName":"search_term_string"}}],"inLanguage":"en-GB"},{"@type":"Organization","@id":"https:\/\/www.chateaudegoutelas.fr\/#organization","name":"Ch\u00e2teau de Goutelas","url":"https:\/\/www.chateaudegoutelas.fr\/","logo":{"@type":"ImageObject","inLanguage":"en-GB","@id":"https:\/\/www.chateaudegoutelas.fr\/#\/schema\/logo\/image\/","url":"https:\/\/www.chateaudegoutelas.fr\/wp-content\/uploads\/2023\/05\/logo-chateau-goutelas-bleu.png","contentUrl":"https:\/\/www.chateaudegoutelas.fr\/wp-content\/uploads\/2023\/05\/logo-chateau-goutelas-bleu.png","width":1123,"height":327,"caption":"Ch\u00e2teau de Goutelas"},"image":{"@id":"https:\/\/www.chateaudegoutelas.fr\/#\/schema\/logo\/image\/"}}]}},"_links":{"self":[{"href":"https:\/\/www.chateaudegoutelas.fr\/en\/wp-json\/wp\/v2\/archive\/4835","targetHints":{"allow":["GET"]}}],"collection":[{"href":"https:\/\/www.chateaudegoutelas.fr\/en\/wp-json\/wp\/v2\/archive"}],"about":[{"href":"https:\/\/www.chateaudegoutelas.fr\/en\/wp-json\/wp\/v2\/types\/archive"}],"author":[{"embeddable":true,"href":"https:\/\/www.chateaudegoutelas.fr\/en\/wp-json\/wp\/v2\/users\/7"}],"wp:featuredmedia":[{"embeddable":true,"href":"https:\/\/www.chateaudegoutelas.fr\/en\/wp-json\/wp\/v2\/media\/4836"}],"wp:attachment":[{"href":"https:\/\/www.chateaudegoutelas.fr\/en\/wp-json\/wp\/v2\/media?parent=4835"}],"wp:term":[{"taxonomy":"category","embeddable":true,"href":"https:\/\/www.chateaudegoutelas.fr\/en\/wp-json\/wp\/v2\/categories?post=4835"},{"taxonomy":"post_tag","embeddable":true,"href":"https:\/\/www.chateaudegoutelas.fr\/en\/wp-json\/wp\/v2\/tags?post=4835"}],"curies":[{"name":"wp","href":"https:\/\/api.w.org\/{rel}","templated":true}]}}