{"id":4782,"date":"2022-10-19T13:00:00","date_gmt":"2022-10-19T11:00:00","guid":{"rendered":"https:\/\/www.chateaudegoutelas.fr\/?p=4782"},"modified":"2023-05-26T09:52:59","modified_gmt":"2023-05-26T07:52:59","slug":"du-23-02-au-26-02-temps-fort-au-bout-dma-life","status":"publish","type":"archive","link":"https:\/\/www.chateaudegoutelas.fr\/en\/archive\/du-23-02-au-26-02-temps-fort-au-bout-dma-life\/","title":{"rendered":"DU 23\/02 AU 26\/02 &#8211; TEMPS FORT : Au bout d&rsquo;ma life"},"content":{"rendered":"<div class=\"shmMigrate\"><\/div>\n<div class=\"shmMigrate\"><\/div>\n<div class=\"shmMigrate\"><\/div>\n<div class=\"shmMigrate\"><\/div>\n<h4><span style=\"font-weight: 400;\">Du jeudi 23 au dimanche 26 f\u00e9vrier<\/span><\/h4>\n<h4><span style=\"font-weight: 400;\">Au ch\u00e2teau de Goutelas et hors les murs<\/span><\/h4>\n<div class=\"shmMigrate\"><\/div>\n<div class=\"shmMigrate\"><\/div>\n<div class=\"shmMigrate\"><\/div>\n<h4>Les vieux dans les yeux<\/h4>\n<p><strong>D\u00e9bats &#8211; Ateliers &#8211; Conf\u00e9rences gesticul\u00e9es &#8211; Spectacles &#8211; Jeune public &#8211; Exposition<\/strong><\/p>\n<p>&nbsp;<\/p>\n<p><span style=\"font-weight: 400;\"> Si nous sommes toutes et tous concern\u00e9\u00b7e\u00b7s par le vieillissement, comment expliquer le d\u00e9samour pour nos vieilles et nos vieux ?<\/span><\/p>\n<p><span style=\"font-weight: 400;\"><br \/>\nIl est temps de d\u00e9rider ce sujet et de nous a\u00e9rer les bigoudis : rester autonome, vieillir \u00e0 la campagne, partager et transmettre, choisir sa fin de vie, affirmer son droit \u00e0 l\u2019intimit\u00e9 et \u00e0 une sexualit\u00e9&#8230; On vous promet un \u00e9v\u00e9nement pas piqu\u00e9 des hannetons !<\/span><\/p>\n<p><span style=\"font-weight: 400;\"><br \/>\nD\u2019un bout \u00e0 l\u2019autre de la Loire, le collectif <em>\u00c0 la crois\u00e9e des savoirs<\/em> vous invite pour un temps fort citoyen et pluridisciplinaire, port\u00e9 par l\u2019engagement de l\u2019\u00e9ducation populaire.<\/span><\/p>\n<div class=\"shmMigrate\"><\/div>\n<div class=\"shmMigrate\"><\/div>\n<div class=\"shmMigrate\"><\/div>\n<p><strong>Programme d\u00e9taill\u00e9 et r\u00e9servations disponibles d\u00e9but janvier<\/strong><\/p>\n<div class=\"shmMigrate\"><\/div>\n<div class=\"shmMigrate\"><\/div>\n<div class=\"shmMigrate\"><\/div>\n<p><strong>Un \u00e9v\u00e9nement coordonn\u00e9 par le Ch\u00e2teau de Goutelas, avec les membres du collectif <em>\u00c0 la crois\u00e9e des savoirs<\/em> :<\/strong><br \/>\n<strong>l\u2019association Familles rurales, le Bar associatif Le Cheval Blanc, le Caf\u00e9-lecture Le Remue M\u00e9ninges, le Centre social de Montbrison, la CLEF de Sail-sous-Couzan, la MJC de Feurs <\/strong><strong>et le Ch\u00e2teau du Rozier, la MJC du Pays d\u2019Astr\u00e9e, le CILDEA et le cin\u00e9ma l\u2019Entract, le MRJC, la Ferme du Treuil et l\u2019ADDEAR, Tasse de Jeux.<\/strong><\/p>\n<p>&nbsp;<\/p>\n<p><strong>En partenariat avec Carton Plein &#8211; <em>Vieillir Vivant !<\/em>, Loire Forez agglom\u00e9ration et le Barreau de Lyon.<\/strong><\/p>\n<div class=\"shmMigrate\"><\/div>\n<div class=\"shmMigrate\"><\/div>\n<div class=\"shmMigrate\"><\/div>\n<p>Visuel \u00a9 C\u00e9line Nardou &#8211; Instagram <a href=\"https:\/\/www.instagram.com\/celinenardou\/\">@celinenardou<\/a><\/p>\n<div class=\"shmMigrate\"><\/div>\n<div class=\"shmMigrate\"><\/div>\n<div class=\"shmMigrate\"><\/div>\n<div class=\"shmMigrate\"><\/div>","protected":false},"author":7,"featured_media":4783,"template":"","meta":{"site-sidebar-layout":"default","site-content-layout":"","ast-site-content-layout":"default","site-content-style":"default","site-sidebar-style":"default","ast-global-header-display":"","ast-banner-title-visibility":"","ast-main-header-display":"","ast-hfb-above-header-display":"","ast-hfb-below-header-display":"","ast-hfb-mobile-header-display":"","site-post-title":"","ast-breadcrumbs-content":null,"ast-featured-img":"","footer-sml-layout":"","ast-disable-related-posts":"","theme-transparent-header-meta":"","adv-header-id-meta":"","stick-header-meta":"","header-above-stick-meta":null,"header-main-stick-meta":"","header-below-stick-meta":null,"astra-migrate-meta-layouts":"default","ast-page-background-enabled":"default","ast-page-background-meta":{"desktop":{"background-color":"","background-image":"","background-repeat":"repeat","background-position":"center center","background-size":"auto","background-attachment":"scroll","background-type":"","background-media":"","overlay-type":"","overlay-color":"","overlay-opacity":"","overlay-gradient":""},"tablet":{"background-color":"","background-image":"","background-repeat":"repeat","background-position":"center center","background-size":"auto","background-attachment":"scroll","background-type":"","background-media":"","overlay-type":"","overlay-color":"","overlay-opacity":"","overlay-gradient":""},"mobile":{"background-color":"","background-image":"","background-repeat":"repeat","background-position":"center center","background-size":"auto","background-attachment":"scroll","background-type":"","background-media":"","overlay-type":"","overlay-color":"","overlay-opacity":"","overlay-gradient":""}},"ast-content-background-meta":{"desktop":{"background-color":"var(--ast-global-color-5)","background-image":"","background-repeat":"repeat","background-position":"center center","background-size":"auto","background-attachment":"scroll","background-type":"","background-media":"","overlay-type":"","overlay-color":"","overlay-opacity":"","overlay-gradient":""},"tablet":{"background-color":"var(--ast-global-color-5)","background-image":"","background-repeat":"repeat","background-position":"center center","background-size":"auto","background-attachment":"scroll","background-type":"","background-media":"","overlay-type":"","overlay-color":"","overlay-opacity":"","overlay-gradient":""},"mobile":{"background-color":"var(--ast-global-color-5)","background-image":"","background-repeat":"repeat","background-position":"center center","background-size":"auto","background-attachment":"scroll","background-type":"","background-media":"","overlay-type":"","overlay-color":"","overlay-opacity":"","overlay-gradient":""}}},"categories":[4,5],"tags":[],"class_list":["post-4782","archive","type-archive","status-publish","has-post-thumbnail","hentry","category-actualites","category-calendrier"],"yoast_head":"<!-- This site is optimized with the Yoast SEO plugin v27.5 - https:\/\/yoast.com\/product\/yoast-seo-wordpress\/ -->\n<title>DU 23\/02 AU 26\/02 - TEMPS FORT : Au bout d&#039;ma life - Ch\u00e2teau de Goutelas<\/title>\n<meta name=\"robots\" content=\"index, follow, max-snippet:-1, max-image-preview:large, max-video-preview:-1\" \/>\n<link rel=\"canonical\" href=\"https:\/\/www.chateaudegoutelas.fr\/en\/archive\/du-23-02-au-26-02-temps-fort-au-bout-dma-life\/\" \/>\n<meta property=\"og:locale\" content=\"en_GB\" \/>\n<meta property=\"og:type\" content=\"article\" \/>\n<meta property=\"og:title\" content=\"DU 23\/02 AU 26\/02 - TEMPS FORT : Au bout d&#039;ma life - Ch\u00e2teau de Goutelas\" \/>\n<meta property=\"og:description\" content=\"Du jeudi 23 au dimanche 26 f\u00e9vrier Au ch\u00e2teau de Goutelas et hors les murs Les vieux dans les yeux D\u00e9bats &#8211; Ateliers &#8211; Conf\u00e9rences gesticul\u00e9es &#8211; Spectacles &#8211; Jeune public &#8211; Exposition &nbsp; Si nous sommes toutes et tous concern\u00e9\u00b7e\u00b7s par le vieillissement, comment expliquer le d\u00e9samour pour nos vieilles et nos vieux ? [&hellip;]\" \/>\n<meta property=\"og:url\" content=\"https:\/\/www.chateaudegoutelas.fr\/en\/archive\/du-23-02-au-26-02-temps-fort-au-bout-dma-life\/\" \/>\n<meta property=\"og:site_name\" content=\"Ch\u00e2teau de Goutelas\" \/>\n<meta property=\"article:modified_time\" content=\"2023-05-26T07:52:59+00:00\" \/>\n<meta property=\"og:image\" content=\"https:\/\/www.chateaudegoutelas.fr\/wp-content\/uploads\/2022\/10\/Au_bout-dma_life_credit-Celine-Nardou-min-scaled.jpg\" \/>\n\t<meta property=\"og:image:width\" content=\"2560\" \/>\n\t<meta property=\"og:image:height\" content=\"1935\" \/>\n\t<meta property=\"og:image:type\" content=\"image\/jpeg\" \/>\n<meta name=\"twitter:card\" content=\"summary_large_image\" \/>\n<meta name=\"twitter:label1\" content=\"Estimated reading time\" \/>\n\t<meta name=\"twitter:data1\" content=\"2 minutes\" \/>\n<script type=\"application\/ld+json\" class=\"yoast-schema-graph\">{\"@context\":\"https:\\\/\\\/schema.org\",\"@graph\":[{\"@type\":\"WebPage\",\"@id\":\"https:\\\/\\\/www.chateaudegoutelas.fr\\\/archive\\\/du-23-02-au-26-02-temps-fort-au-bout-dma-life\\\/\",\"url\":\"https:\\\/\\\/www.chateaudegoutelas.fr\\\/archive\\\/du-23-02-au-26-02-temps-fort-au-bout-dma-life\\\/\",\"name\":\"DU 23\\\/02 AU 26\\\/02 - TEMPS FORT : Au bout d'ma life - Ch\u00e2teau de Goutelas\",\"isPartOf\":{\"@id\":\"https:\\\/\\\/www.chateaudegoutelas.fr\\\/#website\"},\"primaryImageOfPage\":{\"@id\":\"https:\\\/\\\/www.chateaudegoutelas.fr\\\/archive\\\/du-23-02-au-26-02-temps-fort-au-bout-dma-life\\\/#primaryimage\"},\"image\":{\"@id\":\"https:\\\/\\\/www.chateaudegoutelas.fr\\\/archive\\\/du-23-02-au-26-02-temps-fort-au-bout-dma-life\\\/#primaryimage\"},\"thumbnailUrl\":\"https:\\\/\\\/www.chateaudegoutelas.fr\\\/wp-content\\\/uploads\\\/2022\\\/10\\\/Au_bout-dma_life_credit-Celine-Nardou-min-scaled.jpg\",\"datePublished\":\"2022-10-19T11:00:00+00:00\",\"dateModified\":\"2023-05-26T07:52:59+00:00\",\"breadcrumb\":{\"@id\":\"https:\\\/\\\/www.chateaudegoutelas.fr\\\/archive\\\/du-23-02-au-26-02-temps-fort-au-bout-dma-life\\\/#breadcrumb\"},\"inLanguage\":\"en-GB\",\"potentialAction\":[{\"@type\":\"ReadAction\",\"target\":[\"https:\\\/\\\/www.chateaudegoutelas.fr\\\/archive\\\/du-23-02-au-26-02-temps-fort-au-bout-dma-life\\\/\"]}]},{\"@type\":\"ImageObject\",\"inLanguage\":\"en-GB\",\"@id\":\"https:\\\/\\\/www.chateaudegoutelas.fr\\\/archive\\\/du-23-02-au-26-02-temps-fort-au-bout-dma-life\\\/#primaryimage\",\"url\":\"https:\\\/\\\/www.chateaudegoutelas.fr\\\/wp-content\\\/uploads\\\/2022\\\/10\\\/Au_bout-dma_life_credit-Celine-Nardou-min-scaled.jpg\",\"contentUrl\":\"https:\\\/\\\/www.chateaudegoutelas.fr\\\/wp-content\\\/uploads\\\/2022\\\/10\\\/Au_bout-dma_life_credit-Celine-Nardou-min-scaled.jpg\",\"width\":2560,\"height\":1935},{\"@type\":\"BreadcrumbList\",\"@id\":\"https:\\\/\\\/www.chateaudegoutelas.fr\\\/archive\\\/du-23-02-au-26-02-temps-fort-au-bout-dma-life\\\/#breadcrumb\",\"itemListElement\":[{\"@type\":\"ListItem\",\"position\":1,\"name\":\"Accueil\",\"item\":\"https:\\\/\\\/www.chateaudegoutelas.fr\\\/\"},{\"@type\":\"ListItem\",\"position\":2,\"name\":\"DU 23\\\/02 AU 26\\\/02 &#8211; TEMPS FORT : Au bout d&rsquo;ma life\"}]},{\"@type\":\"WebSite\",\"@id\":\"https:\\\/\\\/www.chateaudegoutelas.fr\\\/#website\",\"url\":\"https:\\\/\\\/www.chateaudegoutelas.fr\\\/\",\"name\":\"Ch\u00e2teau de Goutelas\",\"description\":\"Un centre culturel de rencontre en Forez\",\"publisher\":{\"@id\":\"https:\\\/\\\/www.chateaudegoutelas.fr\\\/#organization\"},\"potentialAction\":[{\"@type\":\"SearchAction\",\"target\":{\"@type\":\"EntryPoint\",\"urlTemplate\":\"https:\\\/\\\/www.chateaudegoutelas.fr\\\/?s={search_term_string}\"},\"query-input\":{\"@type\":\"PropertyValueSpecification\",\"valueRequired\":true,\"valueName\":\"search_term_string\"}}],\"inLanguage\":\"en-GB\"},{\"@type\":\"Organization\",\"@id\":\"https:\\\/\\\/www.chateaudegoutelas.fr\\\/#organization\",\"name\":\"Ch\u00e2teau de Goutelas\",\"url\":\"https:\\\/\\\/www.chateaudegoutelas.fr\\\/\",\"logo\":{\"@type\":\"ImageObject\",\"inLanguage\":\"en-GB\",\"@id\":\"https:\\\/\\\/www.chateaudegoutelas.fr\\\/#\\\/schema\\\/logo\\\/image\\\/\",\"url\":\"https:\\\/\\\/www.chateaudegoutelas.fr\\\/wp-content\\\/uploads\\\/2023\\\/05\\\/logo-chateau-goutelas-bleu.png\",\"contentUrl\":\"https:\\\/\\\/www.chateaudegoutelas.fr\\\/wp-content\\\/uploads\\\/2023\\\/05\\\/logo-chateau-goutelas-bleu.png\",\"width\":1123,\"height\":327,\"caption\":\"Ch\u00e2teau de Goutelas\"},\"image\":{\"@id\":\"https:\\\/\\\/www.chateaudegoutelas.fr\\\/#\\\/schema\\\/logo\\\/image\\\/\"}}]}<\/script>\n<!-- \/ Yoast SEO plugin. -->","yoast_head_json":{"title":"DU 23\/02 AU 26\/02 - TEMPS FORT : Au bout d'ma life - Ch\u00e2teau de Goutelas","robots":{"index":"index","follow":"follow","max-snippet":"max-snippet:-1","max-image-preview":"max-image-preview:large","max-video-preview":"max-video-preview:-1"},"canonical":"https:\/\/www.chateaudegoutelas.fr\/en\/archive\/du-23-02-au-26-02-temps-fort-au-bout-dma-life\/","og_locale":"en_GB","og_type":"article","og_title":"DU 23\/02 AU 26\/02 - TEMPS FORT : Au bout d'ma life - Ch\u00e2teau de Goutelas","og_description":"Du jeudi 23 au dimanche 26 f\u00e9vrier Au ch\u00e2teau de Goutelas et hors les murs Les vieux dans les yeux D\u00e9bats &#8211; Ateliers &#8211; Conf\u00e9rences gesticul\u00e9es &#8211; Spectacles &#8211; Jeune public &#8211; Exposition &nbsp; Si nous sommes toutes et tous concern\u00e9\u00b7e\u00b7s par le vieillissement, comment expliquer le d\u00e9samour pour nos vieilles et nos vieux ? [&hellip;]","og_url":"https:\/\/www.chateaudegoutelas.fr\/en\/archive\/du-23-02-au-26-02-temps-fort-au-bout-dma-life\/","og_site_name":"Ch\u00e2teau de Goutelas","article_modified_time":"2023-05-26T07:52:59+00:00","og_image":[{"width":2560,"height":1935,"url":"https:\/\/www.chateaudegoutelas.fr\/wp-content\/uploads\/2022\/10\/Au_bout-dma_life_credit-Celine-Nardou-min-scaled.jpg","type":"image\/jpeg"}],"twitter_card":"summary_large_image","twitter_misc":{"Estimated reading time":"2 minutes"},"schema":{"@context":"https:\/\/schema.org","@graph":[{"@type":"WebPage","@id":"https:\/\/www.chateaudegoutelas.fr\/archive\/du-23-02-au-26-02-temps-fort-au-bout-dma-life\/","url":"https:\/\/www.chateaudegoutelas.fr\/archive\/du-23-02-au-26-02-temps-fort-au-bout-dma-life\/","name":"DU 23\/02 AU 26\/02 - TEMPS FORT : Au bout d'ma life - Ch\u00e2teau de Goutelas","isPartOf":{"@id":"https:\/\/www.chateaudegoutelas.fr\/#website"},"primaryImageOfPage":{"@id":"https:\/\/www.chateaudegoutelas.fr\/archive\/du-23-02-au-26-02-temps-fort-au-bout-dma-life\/#primaryimage"},"image":{"@id":"https:\/\/www.chateaudegoutelas.fr\/archive\/du-23-02-au-26-02-temps-fort-au-bout-dma-life\/#primaryimage"},"thumbnailUrl":"https:\/\/www.chateaudegoutelas.fr\/wp-content\/uploads\/2022\/10\/Au_bout-dma_life_credit-Celine-Nardou-min-scaled.jpg","datePublished":"2022-10-19T11:00:00+00:00","dateModified":"2023-05-26T07:52:59+00:00","breadcrumb":{"@id":"https:\/\/www.chateaudegoutelas.fr\/archive\/du-23-02-au-26-02-temps-fort-au-bout-dma-life\/#breadcrumb"},"inLanguage":"en-GB","potentialAction":[{"@type":"ReadAction","target":["https:\/\/www.chateaudegoutelas.fr\/archive\/du-23-02-au-26-02-temps-fort-au-bout-dma-life\/"]}]},{"@type":"ImageObject","inLanguage":"en-GB","@id":"https:\/\/www.chateaudegoutelas.fr\/archive\/du-23-02-au-26-02-temps-fort-au-bout-dma-life\/#primaryimage","url":"https:\/\/www.chateaudegoutelas.fr\/wp-content\/uploads\/2022\/10\/Au_bout-dma_life_credit-Celine-Nardou-min-scaled.jpg","contentUrl":"https:\/\/www.chateaudegoutelas.fr\/wp-content\/uploads\/2022\/10\/Au_bout-dma_life_credit-Celine-Nardou-min-scaled.jpg","width":2560,"height":1935},{"@type":"BreadcrumbList","@id":"https:\/\/www.chateaudegoutelas.fr\/archive\/du-23-02-au-26-02-temps-fort-au-bout-dma-life\/#breadcrumb","itemListElement":[{"@type":"ListItem","position":1,"name":"Accueil","item":"https:\/\/www.chateaudegoutelas.fr\/"},{"@type":"ListItem","position":2,"name":"DU 23\/02 AU 26\/02 &#8211; TEMPS FORT : Au bout d&rsquo;ma life"}]},{"@type":"WebSite","@id":"https:\/\/www.chateaudegoutelas.fr\/#website","url":"https:\/\/www.chateaudegoutelas.fr\/","name":"Ch\u00e2teau de Goutelas","description":"Un centre culturel de rencontre en Forez","publisher":{"@id":"https:\/\/www.chateaudegoutelas.fr\/#organization"},"potentialAction":[{"@type":"SearchAction","target":{"@type":"EntryPoint","urlTemplate":"https:\/\/www.chateaudegoutelas.fr\/?s={search_term_string}"},"query-input":{"@type":"PropertyValueSpecification","valueRequired":true,"valueName":"search_term_string"}}],"inLanguage":"en-GB"},{"@type":"Organization","@id":"https:\/\/www.chateaudegoutelas.fr\/#organization","name":"Ch\u00e2teau de Goutelas","url":"https:\/\/www.chateaudegoutelas.fr\/","logo":{"@type":"ImageObject","inLanguage":"en-GB","@id":"https:\/\/www.chateaudegoutelas.fr\/#\/schema\/logo\/image\/","url":"https:\/\/www.chateaudegoutelas.fr\/wp-content\/uploads\/2023\/05\/logo-chateau-goutelas-bleu.png","contentUrl":"https:\/\/www.chateaudegoutelas.fr\/wp-content\/uploads\/2023\/05\/logo-chateau-goutelas-bleu.png","width":1123,"height":327,"caption":"Ch\u00e2teau de Goutelas"},"image":{"@id":"https:\/\/www.chateaudegoutelas.fr\/#\/schema\/logo\/image\/"}}]}},"_links":{"self":[{"href":"https:\/\/www.chateaudegoutelas.fr\/en\/wp-json\/wp\/v2\/archive\/4782","targetHints":{"allow":["GET"]}}],"collection":[{"href":"https:\/\/www.chateaudegoutelas.fr\/en\/wp-json\/wp\/v2\/archive"}],"about":[{"href":"https:\/\/www.chateaudegoutelas.fr\/en\/wp-json\/wp\/v2\/types\/archive"}],"author":[{"embeddable":true,"href":"https:\/\/www.chateaudegoutelas.fr\/en\/wp-json\/wp\/v2\/users\/7"}],"wp:featuredmedia":[{"embeddable":true,"href":"https:\/\/www.chateaudegoutelas.fr\/en\/wp-json\/wp\/v2\/media\/4783"}],"wp:attachment":[{"href":"https:\/\/www.chateaudegoutelas.fr\/en\/wp-json\/wp\/v2\/media?parent=4782"}],"wp:term":[{"taxonomy":"category","embeddable":true,"href":"https:\/\/www.chateaudegoutelas.fr\/en\/wp-json\/wp\/v2\/categories?post=4782"},{"taxonomy":"post_tag","embeddable":true,"href":"https:\/\/www.chateaudegoutelas.fr\/en\/wp-json\/wp\/v2\/tags?post=4782"}],"curies":[{"name":"wp","href":"https:\/\/api.w.org\/{rel}","templated":true}]}}