{"id":4773,"date":"2022-10-19T12:02:26","date_gmt":"2022-10-19T10:02:26","guid":{"rendered":"https:\/\/www.chateaudegoutelas.fr\/?p=4773"},"modified":"2024-01-08T10:15:56","modified_gmt":"2024-01-08T09:15:56","slug":"du-10-02-au-12-02-rencontres-la-solidarite-du-vivant","status":"publish","type":"archive","link":"https:\/\/www.chateaudegoutelas.fr\/en\/archive\/du-10-02-au-12-02-rencontres-la-solidarite-du-vivant\/","title":{"rendered":"DU 10\/02 AU 12\/02 &#8211; RENCONTRES : La solidarit\u00e9 du vivant"},"content":{"rendered":"<div class=\"shmMigrate\"><img loading=\"lazy\" decoding=\"async\" class=\"alignnone wp-image-4686\" src=\"https:\/\/www.chateaudegoutelas.fr\/wp-content\/uploads\/2022\/10\/Boussole_credit_Chateau-de-Goutelas-min-800x1200.jpg\" alt=\"\" width=\"560\" height=\"840\" srcset=\"https:\/\/www.chateaudegoutelas.fr\/wp-content\/uploads\/2022\/10\/Boussole_credit_Chateau-de-Goutelas-min-800x1200.jpg 800w, https:\/\/www.chateaudegoutelas.fr\/wp-content\/uploads\/2022\/10\/Boussole_credit_Chateau-de-Goutelas-min-1280x1920.jpg 1280w, https:\/\/www.chateaudegoutelas.fr\/wp-content\/uploads\/2022\/10\/Boussole_credit_Chateau-de-Goutelas-min-768x1152.jpg 768w, https:\/\/www.chateaudegoutelas.fr\/wp-content\/uploads\/2022\/10\/Boussole_credit_Chateau-de-Goutelas-min-1024x1536.jpg 1024w, https:\/\/www.chateaudegoutelas.fr\/wp-content\/uploads\/2022\/10\/Boussole_credit_Chateau-de-Goutelas-min-1365x2048.jpg 1365w, https:\/\/www.chateaudegoutelas.fr\/wp-content\/uploads\/2022\/10\/Boussole_credit_Chateau-de-Goutelas-min-8x12.jpg 8w, https:\/\/www.chateaudegoutelas.fr\/wp-content\/uploads\/2022\/10\/Boussole_credit_Chateau-de-Goutelas-min-scaled.jpg 1707w\" sizes=\"auto, (max-width: 560px) 100vw, 560px\" \/><\/div>\n<div class=\"shmMigrate\"><\/div>\n<div class=\"shmMigrate\"><\/div>\n<div class=\"shmMigrate\"><\/div>\n<h4><span style=\"font-weight: 400;\">Du vendredi 10 au dimanche 12 f\u00e9vrier 2023<\/span><\/h4>\n<div class=\"shmMigrate\"><\/div>\n<div class=\"shmMigrate\"><\/div>\n<div class=\"shmMigrate\"><\/div>\n<h4>Vers une communaut\u00e9 de destin<\/h4>\n<p><strong>Rencontres en hommage \u00e0 Mireille Delmas-Marty<\/strong><\/p>\n<p>&nbsp;<\/p>\n<p>\u00abNous devons prendre conscience de notre appartenance \u00e0 une m\u00eame communaut\u00e9 parce que nous avons le m\u00eame destin, et il nous faut construire un avenir commun \u00e0 la mesure de l\u2019humanit\u00e9, et plus largement du monde vivant tout entier.\u00bb<\/p>\n<p>Ces mots prononc\u00e9s au moment de la COP25 (Madrid, 2019) t\u00e9moignent de la force anticipatrice de celle qui a si chaleureusement accompagn\u00e9 le Centre culturel de rencontre de Goutelas, pour lui donner sens et rayonnement. Un an apr\u00e8s sa disparition, nous rendrons hommage \u00e0 Mireille Delmas-Marty, juriste \u00e9minente, humaniste et visionnaire, lors de ces journ\u00e9es plac\u00e9es sous le signe de l\u2019imagination et de l\u2019engagement.<\/p>\n<p>&nbsp;<\/p>\n<p><em>Avec l\u2019\u00e9crivain et essayiste Camille de Toledo, la philosophe Catherine Larr\u00e8re, la compositrice Christine Mennesson, les juristes Sandrine Maljean-Dubois, Laurent Neyret, <\/em><em>Fabien Girard et Fran\u00e7oise Tulkens\u2026<\/em><\/p>\n<div class=\"shmMigrate\"><\/div>\n<div class=\"shmMigrate\"><\/div>\n<div class=\"shmMigrate\"><\/div>\n<p><b>Programme complet : <a href=\"https:\/\/www.chateaudegoutelas.fr\/wp-content\/uploads\/2024\/01\/Programme-Rencontres-en-hommage-a-Mireille-Delmas-Marty.pdf\">SUIVRE CE LIEN<\/a><\/b><\/p>\n<div class=\"shmMigrate\"><\/div>\n<div class=\"shmMigrate\"><\/div>\n<div class=\"shmMigrate\"><\/div>\n<p><strong>En partenariat avec l\u2019Institut Paul Bouchet, le fonds de dotation Second Souffle et le Barreau de Lyon.<\/strong><\/p>\n<div class=\"shmMigrate\"><\/div>\n<div class=\"shmMigrate\"><\/div>\n<div class=\"shmMigrate\"><\/div>\n<p>Photo : La Boussole des Possibles, sculpture-manifeste d&rsquo;Antonio Beninc\u00e0 et Mireille Delmas-Marty<\/p>\n<p>\u00a9 Ch\u00e2teau de Goutelas<\/p>\n<div class=\"shmMigrate\"><\/div>\n<div class=\"shmMigrate\"><\/div>\n<div class=\"shmMigrate\"><\/div>\n<div class=\"shmMigrate\"><\/div>","protected":false},"author":7,"featured_media":4686,"template":"","meta":{"site-sidebar-layout":"default","site-content-layout":"","ast-site-content-layout":"default","site-content-style":"default","site-sidebar-style":"default","ast-global-header-display":"","ast-banner-title-visibility":"","ast-main-header-display":"","ast-hfb-above-header-display":"","ast-hfb-below-header-display":"","ast-hfb-mobile-header-display":"","site-post-title":"","ast-breadcrumbs-content":"","ast-featured-img":"","footer-sml-layout":"","ast-disable-related-posts":"","theme-transparent-header-meta":"default","adv-header-id-meta":"","stick-header-meta":"default","header-above-stick-meta":"","header-main-stick-meta":"","header-below-stick-meta":"","astra-migrate-meta-layouts":"set","ast-page-background-enabled":"default","ast-page-background-meta":{"desktop":{"background-color":"","background-image":"","background-repeat":"repeat","background-position":"center center","background-size":"auto","background-attachment":"scroll","background-type":"","background-media":"","overlay-type":"","overlay-color":"","overlay-opacity":"","overlay-gradient":""},"tablet":{"background-color":"","background-image":"","background-repeat":"repeat","background-position":"center center","background-size":"auto","background-attachment":"scroll","background-type":"","background-media":"","overlay-type":"","overlay-color":"","overlay-opacity":"","overlay-gradient":""},"mobile":{"background-color":"","background-image":"","background-repeat":"repeat","background-position":"center center","background-size":"auto","background-attachment":"scroll","background-type":"","background-media":"","overlay-type":"","overlay-color":"","overlay-opacity":"","overlay-gradient":""}},"ast-content-background-meta":{"desktop":{"background-color":"var(--ast-global-color-5)","background-image":"","background-repeat":"repeat","background-position":"center center","background-size":"auto","background-attachment":"scroll","background-type":"","background-media":"","overlay-type":"","overlay-color":"","overlay-opacity":"","overlay-gradient":""},"tablet":{"background-color":"var(--ast-global-color-5)","background-image":"","background-repeat":"repeat","background-position":"center center","background-size":"auto","background-attachment":"scroll","background-type":"","background-media":"","overlay-type":"","overlay-color":"","overlay-opacity":"","overlay-gradient":""},"mobile":{"background-color":"var(--ast-global-color-5)","background-image":"","background-repeat":"repeat","background-position":"center center","background-size":"auto","background-attachment":"scroll","background-type":"","background-media":"","overlay-type":"","overlay-color":"","overlay-opacity":"","overlay-gradient":""}}},"categories":[4,5],"tags":[],"class_list":["post-4773","archive","type-archive","status-publish","has-post-thumbnail","hentry","category-actualites","category-calendrier"],"yoast_head":"<!-- This site is optimized with the Yoast SEO plugin v27.5 - https:\/\/yoast.com\/product\/yoast-seo-wordpress\/ -->\n<title>DU 10\/02 AU 12\/02 - RENCONTRES : La solidarit\u00e9 du vivant - Ch\u00e2teau de Goutelas<\/title>\n<meta name=\"robots\" content=\"index, follow, max-snippet:-1, max-image-preview:large, max-video-preview:-1\" \/>\n<link rel=\"canonical\" href=\"https:\/\/www.chateaudegoutelas.fr\/en\/archive\/du-10-02-au-12-02-rencontres-la-solidarite-du-vivant\/\" \/>\n<meta property=\"og:locale\" content=\"en_GB\" \/>\n<meta property=\"og:type\" content=\"article\" \/>\n<meta property=\"og:title\" content=\"DU 10\/02 AU 12\/02 - RENCONTRES : La solidarit\u00e9 du vivant - Ch\u00e2teau de Goutelas\" \/>\n<meta property=\"og:description\" content=\"Du vendredi 10 au dimanche 12 f\u00e9vrier 2023 Vers une communaut\u00e9 de destin Rencontres en hommage \u00e0 Mireille Delmas-Marty &nbsp; \u00abNous devons prendre conscience de notre appartenance \u00e0 une m\u00eame communaut\u00e9 parce que nous avons le m\u00eame destin, et il nous faut construire un avenir commun \u00e0 la mesure de l\u2019humanit\u00e9, et plus largement du [&hellip;]\" \/>\n<meta property=\"og:url\" content=\"https:\/\/www.chateaudegoutelas.fr\/en\/archive\/du-10-02-au-12-02-rencontres-la-solidarite-du-vivant\/\" \/>\n<meta property=\"og:site_name\" content=\"Ch\u00e2teau de Goutelas\" \/>\n<meta property=\"article:modified_time\" content=\"2024-01-08T09:15:56+00:00\" \/>\n<meta property=\"og:image\" content=\"https:\/\/www.chateaudegoutelas.fr\/wp-content\/uploads\/2022\/10\/Boussole_credit_Chateau-de-Goutelas-min-scaled.jpg\" \/>\n\t<meta property=\"og:image:width\" content=\"1707\" \/>\n\t<meta property=\"og:image:height\" content=\"2560\" \/>\n\t<meta property=\"og:image:type\" content=\"image\/jpeg\" \/>\n<meta name=\"twitter:card\" content=\"summary_large_image\" \/>\n<meta name=\"twitter:label1\" content=\"Estimated reading time\" \/>\n\t<meta name=\"twitter:data1\" content=\"2 minutes\" \/>\n<script type=\"application\/ld+json\" class=\"yoast-schema-graph\">{\"@context\":\"https:\\\/\\\/schema.org\",\"@graph\":[{\"@type\":\"WebPage\",\"@id\":\"https:\\\/\\\/www.chateaudegoutelas.fr\\\/archive\\\/du-10-02-au-12-02-rencontres-la-solidarite-du-vivant\\\/\",\"url\":\"https:\\\/\\\/www.chateaudegoutelas.fr\\\/archive\\\/du-10-02-au-12-02-rencontres-la-solidarite-du-vivant\\\/\",\"name\":\"DU 10\\\/02 AU 12\\\/02 - RENCONTRES : La solidarit\u00e9 du vivant - Ch\u00e2teau de Goutelas\",\"isPartOf\":{\"@id\":\"https:\\\/\\\/www.chateaudegoutelas.fr\\\/#website\"},\"primaryImageOfPage\":{\"@id\":\"https:\\\/\\\/www.chateaudegoutelas.fr\\\/archive\\\/du-10-02-au-12-02-rencontres-la-solidarite-du-vivant\\\/#primaryimage\"},\"image\":{\"@id\":\"https:\\\/\\\/www.chateaudegoutelas.fr\\\/archive\\\/du-10-02-au-12-02-rencontres-la-solidarite-du-vivant\\\/#primaryimage\"},\"thumbnailUrl\":\"https:\\\/\\\/www.chateaudegoutelas.fr\\\/wp-content\\\/uploads\\\/2022\\\/10\\\/Boussole_credit_Chateau-de-Goutelas-min-scaled.jpg\",\"datePublished\":\"2022-10-19T10:02:26+00:00\",\"dateModified\":\"2024-01-08T09:15:56+00:00\",\"breadcrumb\":{\"@id\":\"https:\\\/\\\/www.chateaudegoutelas.fr\\\/archive\\\/du-10-02-au-12-02-rencontres-la-solidarite-du-vivant\\\/#breadcrumb\"},\"inLanguage\":\"en-GB\",\"potentialAction\":[{\"@type\":\"ReadAction\",\"target\":[\"https:\\\/\\\/www.chateaudegoutelas.fr\\\/archive\\\/du-10-02-au-12-02-rencontres-la-solidarite-du-vivant\\\/\"]}]},{\"@type\":\"ImageObject\",\"inLanguage\":\"en-GB\",\"@id\":\"https:\\\/\\\/www.chateaudegoutelas.fr\\\/archive\\\/du-10-02-au-12-02-rencontres-la-solidarite-du-vivant\\\/#primaryimage\",\"url\":\"https:\\\/\\\/www.chateaudegoutelas.fr\\\/wp-content\\\/uploads\\\/2022\\\/10\\\/Boussole_credit_Chateau-de-Goutelas-min-scaled.jpg\",\"contentUrl\":\"https:\\\/\\\/www.chateaudegoutelas.fr\\\/wp-content\\\/uploads\\\/2022\\\/10\\\/Boussole_credit_Chateau-de-Goutelas-min-scaled.jpg\",\"width\":1707,\"height\":2560},{\"@type\":\"BreadcrumbList\",\"@id\":\"https:\\\/\\\/www.chateaudegoutelas.fr\\\/archive\\\/du-10-02-au-12-02-rencontres-la-solidarite-du-vivant\\\/#breadcrumb\",\"itemListElement\":[{\"@type\":\"ListItem\",\"position\":1,\"name\":\"Accueil\",\"item\":\"https:\\\/\\\/www.chateaudegoutelas.fr\\\/\"},{\"@type\":\"ListItem\",\"position\":2,\"name\":\"DU 10\\\/02 AU 12\\\/02 &#8211; RENCONTRES : La solidarit\u00e9 du vivant\"}]},{\"@type\":\"WebSite\",\"@id\":\"https:\\\/\\\/www.chateaudegoutelas.fr\\\/#website\",\"url\":\"https:\\\/\\\/www.chateaudegoutelas.fr\\\/\",\"name\":\"Ch\u00e2teau de Goutelas\",\"description\":\"Un centre culturel de rencontre en Forez\",\"publisher\":{\"@id\":\"https:\\\/\\\/www.chateaudegoutelas.fr\\\/#organization\"},\"potentialAction\":[{\"@type\":\"SearchAction\",\"target\":{\"@type\":\"EntryPoint\",\"urlTemplate\":\"https:\\\/\\\/www.chateaudegoutelas.fr\\\/?s={search_term_string}\"},\"query-input\":{\"@type\":\"PropertyValueSpecification\",\"valueRequired\":true,\"valueName\":\"search_term_string\"}}],\"inLanguage\":\"en-GB\"},{\"@type\":\"Organization\",\"@id\":\"https:\\\/\\\/www.chateaudegoutelas.fr\\\/#organization\",\"name\":\"Ch\u00e2teau de Goutelas\",\"url\":\"https:\\\/\\\/www.chateaudegoutelas.fr\\\/\",\"logo\":{\"@type\":\"ImageObject\",\"inLanguage\":\"en-GB\",\"@id\":\"https:\\\/\\\/www.chateaudegoutelas.fr\\\/#\\\/schema\\\/logo\\\/image\\\/\",\"url\":\"https:\\\/\\\/www.chateaudegoutelas.fr\\\/wp-content\\\/uploads\\\/2023\\\/05\\\/logo-chateau-goutelas-bleu.png\",\"contentUrl\":\"https:\\\/\\\/www.chateaudegoutelas.fr\\\/wp-content\\\/uploads\\\/2023\\\/05\\\/logo-chateau-goutelas-bleu.png\",\"width\":1123,\"height\":327,\"caption\":\"Ch\u00e2teau de Goutelas\"},\"image\":{\"@id\":\"https:\\\/\\\/www.chateaudegoutelas.fr\\\/#\\\/schema\\\/logo\\\/image\\\/\"}}]}<\/script>\n<!-- \/ Yoast SEO plugin. -->","yoast_head_json":{"title":"DU 10\/02 AU 12\/02 - RENCONTRES : La solidarit\u00e9 du vivant - Ch\u00e2teau de Goutelas","robots":{"index":"index","follow":"follow","max-snippet":"max-snippet:-1","max-image-preview":"max-image-preview:large","max-video-preview":"max-video-preview:-1"},"canonical":"https:\/\/www.chateaudegoutelas.fr\/en\/archive\/du-10-02-au-12-02-rencontres-la-solidarite-du-vivant\/","og_locale":"en_GB","og_type":"article","og_title":"DU 10\/02 AU 12\/02 - RENCONTRES : La solidarit\u00e9 du vivant - Ch\u00e2teau de Goutelas","og_description":"Du vendredi 10 au dimanche 12 f\u00e9vrier 2023 Vers une communaut\u00e9 de destin Rencontres en hommage \u00e0 Mireille Delmas-Marty &nbsp; \u00abNous devons prendre conscience de notre appartenance \u00e0 une m\u00eame communaut\u00e9 parce que nous avons le m\u00eame destin, et il nous faut construire un avenir commun \u00e0 la mesure de l\u2019humanit\u00e9, et plus largement du [&hellip;]","og_url":"https:\/\/www.chateaudegoutelas.fr\/en\/archive\/du-10-02-au-12-02-rencontres-la-solidarite-du-vivant\/","og_site_name":"Ch\u00e2teau de Goutelas","article_modified_time":"2024-01-08T09:15:56+00:00","og_image":[{"width":1707,"height":2560,"url":"https:\/\/www.chateaudegoutelas.fr\/wp-content\/uploads\/2022\/10\/Boussole_credit_Chateau-de-Goutelas-min-scaled.jpg","type":"image\/jpeg"}],"twitter_card":"summary_large_image","twitter_misc":{"Estimated reading time":"2 minutes"},"schema":{"@context":"https:\/\/schema.org","@graph":[{"@type":"WebPage","@id":"https:\/\/www.chateaudegoutelas.fr\/archive\/du-10-02-au-12-02-rencontres-la-solidarite-du-vivant\/","url":"https:\/\/www.chateaudegoutelas.fr\/archive\/du-10-02-au-12-02-rencontres-la-solidarite-du-vivant\/","name":"DU 10\/02 AU 12\/02 - RENCONTRES : La solidarit\u00e9 du vivant - Ch\u00e2teau de Goutelas","isPartOf":{"@id":"https:\/\/www.chateaudegoutelas.fr\/#website"},"primaryImageOfPage":{"@id":"https:\/\/www.chateaudegoutelas.fr\/archive\/du-10-02-au-12-02-rencontres-la-solidarite-du-vivant\/#primaryimage"},"image":{"@id":"https:\/\/www.chateaudegoutelas.fr\/archive\/du-10-02-au-12-02-rencontres-la-solidarite-du-vivant\/#primaryimage"},"thumbnailUrl":"https:\/\/www.chateaudegoutelas.fr\/wp-content\/uploads\/2022\/10\/Boussole_credit_Chateau-de-Goutelas-min-scaled.jpg","datePublished":"2022-10-19T10:02:26+00:00","dateModified":"2024-01-08T09:15:56+00:00","breadcrumb":{"@id":"https:\/\/www.chateaudegoutelas.fr\/archive\/du-10-02-au-12-02-rencontres-la-solidarite-du-vivant\/#breadcrumb"},"inLanguage":"en-GB","potentialAction":[{"@type":"ReadAction","target":["https:\/\/www.chateaudegoutelas.fr\/archive\/du-10-02-au-12-02-rencontres-la-solidarite-du-vivant\/"]}]},{"@type":"ImageObject","inLanguage":"en-GB","@id":"https:\/\/www.chateaudegoutelas.fr\/archive\/du-10-02-au-12-02-rencontres-la-solidarite-du-vivant\/#primaryimage","url":"https:\/\/www.chateaudegoutelas.fr\/wp-content\/uploads\/2022\/10\/Boussole_credit_Chateau-de-Goutelas-min-scaled.jpg","contentUrl":"https:\/\/www.chateaudegoutelas.fr\/wp-content\/uploads\/2022\/10\/Boussole_credit_Chateau-de-Goutelas-min-scaled.jpg","width":1707,"height":2560},{"@type":"BreadcrumbList","@id":"https:\/\/www.chateaudegoutelas.fr\/archive\/du-10-02-au-12-02-rencontres-la-solidarite-du-vivant\/#breadcrumb","itemListElement":[{"@type":"ListItem","position":1,"name":"Accueil","item":"https:\/\/www.chateaudegoutelas.fr\/"},{"@type":"ListItem","position":2,"name":"DU 10\/02 AU 12\/02 &#8211; RENCONTRES : La solidarit\u00e9 du vivant"}]},{"@type":"WebSite","@id":"https:\/\/www.chateaudegoutelas.fr\/#website","url":"https:\/\/www.chateaudegoutelas.fr\/","name":"Ch\u00e2teau de Goutelas","description":"Un centre culturel de rencontre en Forez","publisher":{"@id":"https:\/\/www.chateaudegoutelas.fr\/#organization"},"potentialAction":[{"@type":"SearchAction","target":{"@type":"EntryPoint","urlTemplate":"https:\/\/www.chateaudegoutelas.fr\/?s={search_term_string}"},"query-input":{"@type":"PropertyValueSpecification","valueRequired":true,"valueName":"search_term_string"}}],"inLanguage":"en-GB"},{"@type":"Organization","@id":"https:\/\/www.chateaudegoutelas.fr\/#organization","name":"Ch\u00e2teau de Goutelas","url":"https:\/\/www.chateaudegoutelas.fr\/","logo":{"@type":"ImageObject","inLanguage":"en-GB","@id":"https:\/\/www.chateaudegoutelas.fr\/#\/schema\/logo\/image\/","url":"https:\/\/www.chateaudegoutelas.fr\/wp-content\/uploads\/2023\/05\/logo-chateau-goutelas-bleu.png","contentUrl":"https:\/\/www.chateaudegoutelas.fr\/wp-content\/uploads\/2023\/05\/logo-chateau-goutelas-bleu.png","width":1123,"height":327,"caption":"Ch\u00e2teau de Goutelas"},"image":{"@id":"https:\/\/www.chateaudegoutelas.fr\/#\/schema\/logo\/image\/"}}]}},"_links":{"self":[{"href":"https:\/\/www.chateaudegoutelas.fr\/en\/wp-json\/wp\/v2\/archive\/4773","targetHints":{"allow":["GET"]}}],"collection":[{"href":"https:\/\/www.chateaudegoutelas.fr\/en\/wp-json\/wp\/v2\/archive"}],"about":[{"href":"https:\/\/www.chateaudegoutelas.fr\/en\/wp-json\/wp\/v2\/types\/archive"}],"author":[{"embeddable":true,"href":"https:\/\/www.chateaudegoutelas.fr\/en\/wp-json\/wp\/v2\/users\/7"}],"wp:featuredmedia":[{"embeddable":true,"href":"https:\/\/www.chateaudegoutelas.fr\/en\/wp-json\/wp\/v2\/media\/4686"}],"wp:attachment":[{"href":"https:\/\/www.chateaudegoutelas.fr\/en\/wp-json\/wp\/v2\/media?parent=4773"}],"wp:term":[{"taxonomy":"category","embeddable":true,"href":"https:\/\/www.chateaudegoutelas.fr\/en\/wp-json\/wp\/v2\/categories?post=4773"},{"taxonomy":"post_tag","embeddable":true,"href":"https:\/\/www.chateaudegoutelas.fr\/en\/wp-json\/wp\/v2\/tags?post=4773"}],"curies":[{"name":"wp","href":"https:\/\/api.w.org\/{rel}","templated":true}]}}