{"id":4699,"date":"2022-10-07T15:30:03","date_gmt":"2022-10-07T13:30:03","guid":{"rendered":"https:\/\/www.chateaudegoutelas.fr\/?p=4699"},"modified":"2023-05-26T09:53:12","modified_gmt":"2023-05-26T07:53:12","slug":"du-15-11-au-19-11-festival-plus-plus-plus-cultures-et-droits-lgbtqia-de-kaboul-a-marcoux","status":"publish","type":"archive","link":"https:\/\/www.chateaudegoutelas.fr\/en\/archive\/du-15-11-au-19-11-festival-plus-plus-plus-cultures-et-droits-lgbtqia-de-kaboul-a-marcoux\/","title":{"rendered":"DU 15\/11 AU 19\/11 : Festival PLUS PLUS PLUS &#8211; Cultures et droits LGBTQIA+, de Kaboul \u00e0 Marcoux"},"content":{"rendered":"<div class=\"shmMigrate\"><\/div>\n<div class=\"shmMigrate\"><\/div>\n<div class=\"shmMigrate\"><\/div>\n<h4><span style=\"font-weight: 400;\">Du mardi 15 au samedi 19 novembre<\/span><\/h4>\n<p>&nbsp;<\/p>\n<h4><span style=\"font-weight: 400;\">Rencontres &#8211; th\u00e9\u00e2tre &#8211; performances &#8211; plateau radio &#8211; cin\u00e9 &#8211; expositions &#8211; librairie &#8211; village associatif<\/span><\/h4>\n<div class=\"shmMigrate\"><\/div>\n<div class=\"shmMigrate\"><\/div>\n<div class=\"shmMigrate\"><\/div>\n<p><span style=\"font-weight: 400;\">PLUS PLUS PLUS, c\u2019est l\u2019\u00e9v\u00e9nement du Ch\u00e2teau de Goutelas d\u00e9di\u00e9 aux droits LGBT<\/span><span style=\"font-weight: 400;\">QIA<\/span><span style=\"font-weight: 400;\">+, et plus encore ! <\/span><\/p>\n<p>&nbsp;<\/p>\n<p><span style=\"font-weight: 400;\">Ce rendez-vous s\u2019int\u00e9resse \u00e0 l&rsquo;actualit\u00e9 et aux trajectoires de celles et ceux qui souhaitent vivre <\/span><span style=\"font-weight: 400;\">librement leurs identit\u00e9s, que ce soit au c\u0153ur d\u2019un village fran\u00e7ais ou dans un pays qu\u2019il faut parfois quitter.\u00a0<\/span><\/p>\n<p>&nbsp;<\/p>\n<p><span style=\"font-weight: 400;\">Rejoignez-nous aux c\u00f4t\u00e9s d&rsquo;artistes, de chercheur\u00b7euse\u00b7s et militant\u00b7e\u00b7s pour un \u00e9v\u00e9nement intense de r\u00e9flexion, de cr\u00e9ation et de f\u00eate !\u00a0<\/span><\/p>\n<div class=\"shmMigrate\"><\/div>\n<div class=\"shmMigrate\"><\/div>\n<div class=\"shmMigrate\"><\/div>\n<div class=\"shmMigrate\"><\/div>\n<p><span style=\"font-weight: 400;\">Avec :\u00a0<\/span><\/p>\n<p>&nbsp;<\/p>\n<h4><strong>Fl\u00e9au social<\/strong><\/h4>\n<h4><strong>Gran Lux<\/strong><\/h4>\n<h4><strong>C\u00e9cile Pierson<\/strong><\/h4>\n<h4><strong>2MSG<\/strong><\/h4>\n<h4><strong>Azani V. Ebengou<\/strong><\/h4>\n<h4><strong>Gr\u00e9gory Beltran<\/strong><\/h4>\n<h4><strong>Salima Amari<\/strong><\/h4>\n<h4><strong>Anissa Zerrouki<\/strong><\/h4>\n<h4><strong>ramo<\/strong><\/h4>\n<h4><strong>Dj BdL<\/strong><\/h4>\n<h4><strong>Ourson Trois-Mille<\/strong><\/h4>\n<h4><strong>Virginie Le Corre<\/strong><\/h4>\n<h4><strong>Colin Giraud<\/strong><\/h4>\n<h4><strong>Le MRJC<\/strong><\/h4>\n<h4><strong>Sora<\/strong><\/h4>\n<h4><strong>\u2026<\/strong><\/h4>\n<div class=\"shmMigrate\"><\/div>\n<div class=\"shmMigrate\"><\/div>\n<div class=\"shmMigrate\"><\/div>\n<div class=\"shmMigrate\"><\/div>\n<div class=\"shmMigrate\"><\/div>\n<div class=\"shmMigrate\"><\/div>\n<div class=\"shmMigrate\"><\/div>\n<div class=\"shmMigrate\"><\/div>\n<div class=\"shmMigrate\"><\/div>\n<div class=\"shmMigrate\"><\/div>\n<h5><span style=\"color: #000000;\">&#x1f697; Venir en covoiturage : <a href=\"https:\/\/www.togetzer.com\/covoiturage-evenement\/na33ew\">C&rsquo;EST PAR ICI<\/a><\/span><\/h5>\n<div class=\"shmMigrate\"><\/div>\n<div class=\"shmMigrate\"><\/div>\n<div class=\"shmMigrate\"><\/div>\n<div class=\"shmMigrate\"><\/div>\n<div class=\"shmMigrate\"><\/div>\n<div class=\"shmMigrate\"><\/div>\n<div class=\"shmMigrate\"><\/div>\n<div class=\"shmMigrate\"><\/div>\n<h4>Le programme en un coup d&rsquo;\u0153il :<\/h4>\n<div class=\"shmMigrate\"><\/div>\n<div class=\"shmMigrate\"><\/div>\n<div class=\"shmMigrate\"><\/div>\n<div class=\"shmMigrate\"><\/div>\n<div class=\"shmMigrate\"><\/div>\n<div class=\"shmMigrate\"><\/div>\n<div class=\"shmMigrate\"><\/div>\n<hr \/>\n<h4><strong>mar. 15 nov.<\/strong><br \/>\nau cin\u00e9ma L\u2019Entract<\/h4>\n<p>&nbsp;<\/p>\n<p><strong>SOIR\u00c9E D\u2018OUVERTURE<\/strong><\/p>\n<p>&nbsp;<\/p>\n<p><strong>19H &#8211; AP\u00c9RO<\/strong><br \/>\n<strong>Genre et sexualit\u00e9 en milieu rural<\/strong><br \/>\nMRJC Rh\u00f4ne-Loire<\/p>\n<p>&nbsp;<\/p>\n<p><strong>20H30 &#8211; CIN\u00c9 + D\u00c9BAT<\/strong><br \/>\n<a href=\"http:\/\/cinema-entract.com\/FR\/fiche-film-cinema\/METMHZ\/un-visa-pour-la-liberte-mr.-gay-syria.html\"><strong><em>Un visa pour la libert\u00e9 : Mr Gay Syria<\/em><\/strong><\/a><br \/>\nUn film d&rsquo;Ayse Toprak<br \/>\ndans le cadre du festival Face \u00e0 Face<\/p>\n<div class=\"shmMigrate\"><\/div>\n<div class=\"shmMigrate\"><\/div>\n<div class=\"shmMigrate\"><\/div>\n<div class=\"shmMigrate\"><\/div>\n<div class=\"shmMigrate\"><\/div>\n<hr \/>\n<h4><strong>ven. 18 nov.<\/strong><\/h4>\n<h4>au Ch\u00e2teau de Goutelas<\/h4>\n<p>&nbsp;<\/p>\n<p><strong>15H &#8211; PLATEAU RADIO #1<\/strong><br \/>\n<strong>De Kaboul \u00e0 Marcoux<\/strong><\/p>\n<p>&nbsp;<\/p>\n<p><strong>18H &#8211; PERFORMANCE<\/strong><br \/>\n<a href=\"https:\/\/www.chateaudegoutelas.fr\/en\/vendredi-18-11-perormance-lectures-plongeantes\/\"><strong>Lectures plongeantes<\/strong><\/a><br \/>\nAnissa Zerrouki et Azani V. Ebengou<\/p>\n<p>&nbsp;<\/p>\n<p><strong>21H &#8211; CIN\u00c9 GRAN LUX<\/strong><br \/>\n<a href=\"https:\/\/www.chateaudegoutelas.fr\/en\/vendredi-18-11-cinema-grands-ecarts-avec-le-gran-lux\/\"><strong>Grands \u00c9carts +++<\/strong><\/a><br \/>\nLe Gran Lux<\/p>\n<div class=\"shmMigrate\"><\/div>\n<div class=\"shmMigrate\"><\/div>\n<div class=\"shmMigrate\"><\/div>\n<div class=\"shmMigrate\"><\/div>\n<div class=\"shmMigrate\"><\/div>\n<hr \/>\n<h4><strong>sam. 19 nov.<\/strong><\/h4>\n<h4>au Ch\u00e2teau de Goutelas<\/h4>\n<p>&nbsp;<\/p>\n<p><strong>11H &gt; 17H &#8211; LIBRAIRIE<\/strong><br \/>\n<strong>+ VILLAGE DES ASSOS<\/strong><\/p>\n<p>&nbsp;<\/p>\n<p><strong>11H &#8211; RENCONTRE<\/strong><br \/>\n<strong>Lesbiennes de l\u2019immigration<\/strong><br \/>\nSalima Amari<\/p>\n<p>&nbsp;<\/p>\n<p><strong>15H &#8211; PLATEAU RADIO #2<\/strong><br \/>\n<strong>Run away, turn away?<\/strong><\/p>\n<p>&nbsp;<\/p>\n<p><strong>17H30 &#8211; TH\u00c9\u00c2TRE<\/strong><br \/>\n<a href=\"https:\/\/www.chateaudegoutelas.fr\/en\/samedi-19-11-theatre-lhomosexualite-ce-douloureux-probleme-collectif-fleau-social\/\"><strong>L\u2019homosexualit\u00e9, ce douloureux probl\u00e8me. Fiction document\u00e9e d&rsquo;un mouvement r\u00e9volutionnaire<\/strong><\/a><br \/>\nCollectif Fl\u00e9au social<\/p>\n<p>&nbsp;<\/p>\n<p><strong>19H30 &#8211; PERFORMANCE<\/strong><br \/>\n<a href=\"https:\/\/www.chateaudegoutelas.fr\/en\/samedi-19-11-performance-a-letter-from-underneath-the-water-ramo\/\"><strong>A letter from underneath the water<\/strong><\/a><br \/>\nramo<\/p>\n<p>&nbsp;<\/p>\n<p><strong>SOIR\u00c9E DE CL\u00d4TURE<\/strong><\/p>\n<p><strong>20H30 &#8211; REPAS + DJ SET<\/strong><br \/>\n<strong>Super souper<\/strong><br \/>\nBdL x Ourson Trois-Mille<\/p>\n<div class=\"shmMigrate\"><\/div>\n<div class=\"shmMigrate\"><\/div>\n<div class=\"shmMigrate\"><\/div>\n<div class=\"shmMigrate\"><\/div>\n<div class=\"shmMigrate\"><\/div>\n<div class=\"shmMigrate\"><\/div>\n<div class=\"shmMigrate\"><\/div>\n<hr \/>\n<h4><strong>lun. 21 nov.<\/strong><br \/>\nau Barreau de Lyon<\/h4>\n<p>Au Barreau de Lyon, en ligne ou en visionnage collectif depuis le Ch\u00e2teau de Goutelas<\/p>\n<p>&nbsp;<\/p>\n<p><strong>12H &#8211; CONVERSATION<\/strong><br \/>\n<a href=\"https:\/\/www.chateaudegoutelas.fr\/en\/lundi-21-11-conversation-identite-de-genre-et-orientation-sexuelle-dans-le-cadre-du-droit-dasile\/\"><strong>Identit\u00e9 de genre et orientation sexuelle dans le cadre du droit d\u2019asile<\/strong><\/a><\/p>\n<div class=\"shmMigrate\"><\/div>\n<div class=\"shmMigrate\"><\/div>\n<div class=\"shmMigrate\"><\/div>\n<div class=\"shmMigrate\"><\/div>\n<div class=\"shmMigrate\"><\/div>\n<hr \/>\n<h4><strong>En continu vendredi et samedi<\/strong><\/h4>\n<h4>au Ch\u00e2teau de Goutelas<\/h4>\n<p>&nbsp;<\/p>\n<p><strong>Les petits papiers<\/strong><br \/>\nUne s\u00e9lection d&rsquo;archives militantes issues de la collection personnelle de Dominique Th\u00e9venot, administrateur de l&rsquo;association Ch\u00e2teau de Goutelas.<\/p>\n<p>&nbsp;<\/p>\n<p><strong>Librairie<\/strong><br \/>\nEssais, romans, livres d&rsquo;artistes : faites votre choix parmi les ouvrages propos\u00e9s par la libraire Lune et l&rsquo;autre.<\/p>\n<div class=\"shmMigrate\"><\/div>\n<div class=\"shmMigrate\"><\/div>\n<div class=\"shmMigrate\"><\/div>\n<div class=\"shmMigrate\"><\/div>\n<div class=\"shmMigrate\"><\/div>\n<div class=\"shmMigrate\"><\/div>\n<div class=\"shmMigrate\"><\/div>\n<div class=\"shmMigrate\"><\/div>\n<div class=\"shmMigrate\"><\/div>\n<h5><strong>Un \u00e9v\u00e9nement en partenariat avec :<\/strong><\/h5>\n<h5><\/h5>\n<h5><strong>Le r\u00e9seau <a href=\"https:\/\/traces-migrations.org\/\">TRACES, histoire, m\u00e9moire et actualit\u00e9 des migrations en Auvergne-Rh\u00f4ne-Alpes<\/a><\/strong><\/h5>\n<h5><strong>Le <a href=\"https:\/\/www.barreaulyon.com\/\">Barreau de Lyon<\/a><\/strong><\/h5>\n<h5><a href=\"https:\/\/radiodio.org\/\"><strong>Radio DIO<\/strong><\/a><\/h5>\n<h5><a href=\"http:\/\/www.cinema-entract.com\/\"><strong>Cin\u00e9ma L\u2019Entract<\/strong><\/a><\/h5>\n<h5><strong>Collectif Un autre regard<\/strong><\/h5>\n<h5><a href=\"https:\/\/festivalfaceaface.fr\/\"><strong>Festival Face \u00e0 Face<\/strong><\/a><\/h5>\n<h5><strong>Librairie Lune et L\u2019Autre<\/strong><\/h5>\n<div class=\"shmMigrate\"><\/div>\n<div class=\"shmMigrate\"><\/div>\n<div class=\"shmMigrate\"><\/div>\n<h5><strong>Avec le soutien de la DILCRAH, d\u00e9l\u00e9gation interminist\u00e9rielle \u00e0 la lutte contre le racisme, l\u2019antis\u00e9mitisme et la haine anti-LGBT.<\/strong><\/h5>\n<div class=\"shmMigrate\"><\/div>\n<div class=\"shmMigrate\"><\/div>\n<div class=\"shmMigrate\"><\/div>\n<div class=\"shmMigrate\"><\/div>\n<div class=\"shmMigrate\"><\/div>\n<div class=\"shmMigrate\"><\/div>\n<div class=\"shmMigrate\"><\/div>\n<div class=\"shmMigrate\"><\/div>\n<div class=\"shmMigrate\"><\/div>\n<p>Illustration \u00a9 Atelier Pers<\/p>\n<div class=\"shmMigrate\"><\/div>\n<div class=\"shmMigrate\"><\/div>\n<div class=\"shmMigrate\"><\/div>\n<div class=\"shmMigrate\"><\/div>\n<div class=\"shmMigrate\"><\/div>\n<div class=\"shmMigrate\"><\/div>\n<div class=\"shmMigrate\"><\/div>\n<div class=\"shmMigrate\"><\/div>\n<div class=\"shmMigrate\"><\/div>\n<div class=\"shmMigrate\"><\/div>\n<div class=\"shmMigrate\"><\/div>\n<div class=\"shmMigrate\"><\/div>\n<div class=\"shmMigrate\"><\/div>\n<div class=\"shmMigrate\"><\/div>","protected":false},"author":7,"featured_media":4818,"template":"","meta":{"site-sidebar-layout":"default","site-content-layout":"","ast-site-content-layout":"default","site-content-style":"default","site-sidebar-style":"default","ast-global-header-display":"","ast-banner-title-visibility":"","ast-main-header-display":"","ast-hfb-above-header-display":"","ast-hfb-below-header-display":"","ast-hfb-mobile-header-display":"","site-post-title":"","ast-breadcrumbs-content":null,"ast-featured-img":"","footer-sml-layout":"","ast-disable-related-posts":"","theme-transparent-header-meta":"","adv-header-id-meta":"","stick-header-meta":"","header-above-stick-meta":null,"header-main-stick-meta":"","header-below-stick-meta":null,"astra-migrate-meta-layouts":"default","ast-page-background-enabled":"default","ast-page-background-meta":{"desktop":{"background-color":"","background-image":"","background-repeat":"repeat","background-position":"center center","background-size":"auto","background-attachment":"scroll","background-type":"","background-media":"","overlay-type":"","overlay-color":"","overlay-opacity":"","overlay-gradient":""},"tablet":{"background-color":"","background-image":"","background-repeat":"repeat","background-position":"center center","background-size":"auto","background-attachment":"scroll","background-type":"","background-media":"","overlay-type":"","overlay-color":"","overlay-opacity":"","overlay-gradient":""},"mobile":{"background-color":"","background-image":"","background-repeat":"repeat","background-position":"center center","background-size":"auto","background-attachment":"scroll","background-type":"","background-media":"","overlay-type":"","overlay-color":"","overlay-opacity":"","overlay-gradient":""}},"ast-content-background-meta":{"desktop":{"background-color":"var(--ast-global-color-5)","background-image":"","background-repeat":"repeat","background-position":"center center","background-size":"auto","background-attachment":"scroll","background-type":"","background-media":"","overlay-type":"","overlay-color":"","overlay-opacity":"","overlay-gradient":""},"tablet":{"background-color":"var(--ast-global-color-5)","background-image":"","background-repeat":"repeat","background-position":"center center","background-size":"auto","background-attachment":"scroll","background-type":"","background-media":"","overlay-type":"","overlay-color":"","overlay-opacity":"","overlay-gradient":""},"mobile":{"background-color":"var(--ast-global-color-5)","background-image":"","background-repeat":"repeat","background-position":"center center","background-size":"auto","background-attachment":"scroll","background-type":"","background-media":"","overlay-type":"","overlay-color":"","overlay-opacity":"","overlay-gradient":""}}},"categories":[4],"tags":[],"class_list":["post-4699","archive","type-archive","status-publish","has-post-thumbnail","hentry","category-actualites"],"yoast_head":"<!-- This site is optimized with the Yoast SEO plugin v27.5 - https:\/\/yoast.com\/product\/yoast-seo-wordpress\/ -->\n<title>DU 15\/11 AU 19\/11 : Festival PLUS PLUS PLUS - Cultures et droits LGBTQIA+, de Kaboul \u00e0 Marcoux - Ch\u00e2teau de Goutelas<\/title>\n<meta name=\"robots\" content=\"index, follow, max-snippet:-1, max-image-preview:large, max-video-preview:-1\" \/>\n<link rel=\"canonical\" href=\"https:\/\/www.chateaudegoutelas.fr\/en\/archive\/du-15-11-au-19-11-festival-plus-plus-plus-cultures-et-droits-lgbtqia-de-kaboul-a-marcoux\/\" \/>\n<meta property=\"og:locale\" content=\"en_GB\" \/>\n<meta property=\"og:type\" content=\"article\" \/>\n<meta property=\"og:title\" content=\"DU 15\/11 AU 19\/11 : Festival PLUS PLUS PLUS - Cultures et droits LGBTQIA+, de Kaboul \u00e0 Marcoux - Ch\u00e2teau de Goutelas\" \/>\n<meta property=\"og:description\" content=\"Du mardi 15 au samedi 19 novembre &nbsp; Rencontres &#8211; th\u00e9\u00e2tre &#8211; performances &#8211; plateau radio &#8211; cin\u00e9 &#8211; expositions &#8211; librairie &#8211; village associatif PLUS PLUS PLUS, c\u2019est l\u2019\u00e9v\u00e9nement du Ch\u00e2teau de Goutelas d\u00e9di\u00e9 aux droits LGBTQIA+, et plus encore ! &nbsp; Ce rendez-vous s\u2019int\u00e9resse \u00e0 l&rsquo;actualit\u00e9 et aux trajectoires de celles et ceux [&hellip;]\" \/>\n<meta property=\"og:url\" content=\"https:\/\/www.chateaudegoutelas.fr\/en\/archive\/du-15-11-au-19-11-festival-plus-plus-plus-cultures-et-droits-lgbtqia-de-kaboul-a-marcoux\/\" \/>\n<meta property=\"og:site_name\" content=\"Ch\u00e2teau de Goutelas\" \/>\n<meta property=\"article:modified_time\" content=\"2023-05-26T07:53:12+00:00\" \/>\n<meta property=\"og:image\" content=\"https:\/\/www.chateaudegoutelas.fr\/wp-content\/uploads\/2022\/10\/plusplusplus-typo.jpg\" \/>\n\t<meta property=\"og:image:width\" content=\"2480\" \/>\n\t<meta property=\"og:image:height\" content=\"2480\" \/>\n\t<meta property=\"og:image:type\" content=\"image\/jpeg\" \/>\n<meta name=\"twitter:card\" content=\"summary_large_image\" \/>\n<meta name=\"twitter:label1\" content=\"Estimated reading time\" \/>\n\t<meta name=\"twitter:data1\" content=\"3 minutes\" \/>\n<script type=\"application\/ld+json\" class=\"yoast-schema-graph\">{\"@context\":\"https:\\\/\\\/schema.org\",\"@graph\":[{\"@type\":\"WebPage\",\"@id\":\"https:\\\/\\\/www.chateaudegoutelas.fr\\\/archive\\\/du-15-11-au-19-11-festival-plus-plus-plus-cultures-et-droits-lgbtqia-de-kaboul-a-marcoux\\\/\",\"url\":\"https:\\\/\\\/www.chateaudegoutelas.fr\\\/archive\\\/du-15-11-au-19-11-festival-plus-plus-plus-cultures-et-droits-lgbtqia-de-kaboul-a-marcoux\\\/\",\"name\":\"DU 15\\\/11 AU 19\\\/11 : Festival PLUS PLUS PLUS - Cultures et droits LGBTQIA+, de Kaboul \u00e0 Marcoux - Ch\u00e2teau de Goutelas\",\"isPartOf\":{\"@id\":\"https:\\\/\\\/www.chateaudegoutelas.fr\\\/#website\"},\"primaryImageOfPage\":{\"@id\":\"https:\\\/\\\/www.chateaudegoutelas.fr\\\/archive\\\/du-15-11-au-19-11-festival-plus-plus-plus-cultures-et-droits-lgbtqia-de-kaboul-a-marcoux\\\/#primaryimage\"},\"image\":{\"@id\":\"https:\\\/\\\/www.chateaudegoutelas.fr\\\/archive\\\/du-15-11-au-19-11-festival-plus-plus-plus-cultures-et-droits-lgbtqia-de-kaboul-a-marcoux\\\/#primaryimage\"},\"thumbnailUrl\":\"https:\\\/\\\/www.chateaudegoutelas.fr\\\/wp-content\\\/uploads\\\/2022\\\/10\\\/plusplusplus-typo.jpg\",\"datePublished\":\"2022-10-07T13:30:03+00:00\",\"dateModified\":\"2023-05-26T07:53:12+00:00\",\"breadcrumb\":{\"@id\":\"https:\\\/\\\/www.chateaudegoutelas.fr\\\/archive\\\/du-15-11-au-19-11-festival-plus-plus-plus-cultures-et-droits-lgbtqia-de-kaboul-a-marcoux\\\/#breadcrumb\"},\"inLanguage\":\"en-GB\",\"potentialAction\":[{\"@type\":\"ReadAction\",\"target\":[\"https:\\\/\\\/www.chateaudegoutelas.fr\\\/archive\\\/du-15-11-au-19-11-festival-plus-plus-plus-cultures-et-droits-lgbtqia-de-kaboul-a-marcoux\\\/\"]}]},{\"@type\":\"ImageObject\",\"inLanguage\":\"en-GB\",\"@id\":\"https:\\\/\\\/www.chateaudegoutelas.fr\\\/archive\\\/du-15-11-au-19-11-festival-plus-plus-plus-cultures-et-droits-lgbtqia-de-kaboul-a-marcoux\\\/#primaryimage\",\"url\":\"https:\\\/\\\/www.chateaudegoutelas.fr\\\/wp-content\\\/uploads\\\/2022\\\/10\\\/plusplusplus-typo.jpg\",\"contentUrl\":\"https:\\\/\\\/www.chateaudegoutelas.fr\\\/wp-content\\\/uploads\\\/2022\\\/10\\\/plusplusplus-typo.jpg\",\"width\":2480,\"height\":2480},{\"@type\":\"BreadcrumbList\",\"@id\":\"https:\\\/\\\/www.chateaudegoutelas.fr\\\/archive\\\/du-15-11-au-19-11-festival-plus-plus-plus-cultures-et-droits-lgbtqia-de-kaboul-a-marcoux\\\/#breadcrumb\",\"itemListElement\":[{\"@type\":\"ListItem\",\"position\":1,\"name\":\"Accueil\",\"item\":\"https:\\\/\\\/www.chateaudegoutelas.fr\\\/\"},{\"@type\":\"ListItem\",\"position\":2,\"name\":\"DU 15\\\/11 AU 19\\\/11 : Festival PLUS PLUS PLUS &#8211; Cultures et droits LGBTQIA+, de Kaboul \u00e0 Marcoux\"}]},{\"@type\":\"WebSite\",\"@id\":\"https:\\\/\\\/www.chateaudegoutelas.fr\\\/#website\",\"url\":\"https:\\\/\\\/www.chateaudegoutelas.fr\\\/\",\"name\":\"Ch\u00e2teau de Goutelas\",\"description\":\"Un centre culturel de rencontre en Forez\",\"publisher\":{\"@id\":\"https:\\\/\\\/www.chateaudegoutelas.fr\\\/#organization\"},\"potentialAction\":[{\"@type\":\"SearchAction\",\"target\":{\"@type\":\"EntryPoint\",\"urlTemplate\":\"https:\\\/\\\/www.chateaudegoutelas.fr\\\/?s={search_term_string}\"},\"query-input\":{\"@type\":\"PropertyValueSpecification\",\"valueRequired\":true,\"valueName\":\"search_term_string\"}}],\"inLanguage\":\"en-GB\"},{\"@type\":\"Organization\",\"@id\":\"https:\\\/\\\/www.chateaudegoutelas.fr\\\/#organization\",\"name\":\"Ch\u00e2teau de Goutelas\",\"url\":\"https:\\\/\\\/www.chateaudegoutelas.fr\\\/\",\"logo\":{\"@type\":\"ImageObject\",\"inLanguage\":\"en-GB\",\"@id\":\"https:\\\/\\\/www.chateaudegoutelas.fr\\\/#\\\/schema\\\/logo\\\/image\\\/\",\"url\":\"https:\\\/\\\/www.chateaudegoutelas.fr\\\/wp-content\\\/uploads\\\/2023\\\/05\\\/logo-chateau-goutelas-bleu.png\",\"contentUrl\":\"https:\\\/\\\/www.chateaudegoutelas.fr\\\/wp-content\\\/uploads\\\/2023\\\/05\\\/logo-chateau-goutelas-bleu.png\",\"width\":1123,\"height\":327,\"caption\":\"Ch\u00e2teau de Goutelas\"},\"image\":{\"@id\":\"https:\\\/\\\/www.chateaudegoutelas.fr\\\/#\\\/schema\\\/logo\\\/image\\\/\"}}]}<\/script>\n<!-- \/ Yoast SEO plugin. -->","yoast_head_json":{"title":"DU 15\/11 AU 19\/11 : Festival PLUS PLUS PLUS - Cultures et droits LGBTQIA+, de Kaboul \u00e0 Marcoux - Ch\u00e2teau de Goutelas","robots":{"index":"index","follow":"follow","max-snippet":"max-snippet:-1","max-image-preview":"max-image-preview:large","max-video-preview":"max-video-preview:-1"},"canonical":"https:\/\/www.chateaudegoutelas.fr\/en\/archive\/du-15-11-au-19-11-festival-plus-plus-plus-cultures-et-droits-lgbtqia-de-kaboul-a-marcoux\/","og_locale":"en_GB","og_type":"article","og_title":"DU 15\/11 AU 19\/11 : Festival PLUS PLUS PLUS - Cultures et droits LGBTQIA+, de Kaboul \u00e0 Marcoux - Ch\u00e2teau de Goutelas","og_description":"Du mardi 15 au samedi 19 novembre &nbsp; Rencontres &#8211; th\u00e9\u00e2tre &#8211; performances &#8211; plateau radio &#8211; cin\u00e9 &#8211; expositions &#8211; librairie &#8211; village associatif PLUS PLUS PLUS, c\u2019est l\u2019\u00e9v\u00e9nement du Ch\u00e2teau de Goutelas d\u00e9di\u00e9 aux droits LGBTQIA+, et plus encore ! &nbsp; Ce rendez-vous s\u2019int\u00e9resse \u00e0 l&rsquo;actualit\u00e9 et aux trajectoires de celles et ceux [&hellip;]","og_url":"https:\/\/www.chateaudegoutelas.fr\/en\/archive\/du-15-11-au-19-11-festival-plus-plus-plus-cultures-et-droits-lgbtqia-de-kaboul-a-marcoux\/","og_site_name":"Ch\u00e2teau de Goutelas","article_modified_time":"2023-05-26T07:53:12+00:00","og_image":[{"width":2480,"height":2480,"url":"https:\/\/www.chateaudegoutelas.fr\/wp-content\/uploads\/2022\/10\/plusplusplus-typo.jpg","type":"image\/jpeg"}],"twitter_card":"summary_large_image","twitter_misc":{"Estimated reading time":"3 minutes"},"schema":{"@context":"https:\/\/schema.org","@graph":[{"@type":"WebPage","@id":"https:\/\/www.chateaudegoutelas.fr\/archive\/du-15-11-au-19-11-festival-plus-plus-plus-cultures-et-droits-lgbtqia-de-kaboul-a-marcoux\/","url":"https:\/\/www.chateaudegoutelas.fr\/archive\/du-15-11-au-19-11-festival-plus-plus-plus-cultures-et-droits-lgbtqia-de-kaboul-a-marcoux\/","name":"DU 15\/11 AU 19\/11 : Festival PLUS PLUS PLUS - Cultures et droits LGBTQIA+, de Kaboul \u00e0 Marcoux - Ch\u00e2teau de Goutelas","isPartOf":{"@id":"https:\/\/www.chateaudegoutelas.fr\/#website"},"primaryImageOfPage":{"@id":"https:\/\/www.chateaudegoutelas.fr\/archive\/du-15-11-au-19-11-festival-plus-plus-plus-cultures-et-droits-lgbtqia-de-kaboul-a-marcoux\/#primaryimage"},"image":{"@id":"https:\/\/www.chateaudegoutelas.fr\/archive\/du-15-11-au-19-11-festival-plus-plus-plus-cultures-et-droits-lgbtqia-de-kaboul-a-marcoux\/#primaryimage"},"thumbnailUrl":"https:\/\/www.chateaudegoutelas.fr\/wp-content\/uploads\/2022\/10\/plusplusplus-typo.jpg","datePublished":"2022-10-07T13:30:03+00:00","dateModified":"2023-05-26T07:53:12+00:00","breadcrumb":{"@id":"https:\/\/www.chateaudegoutelas.fr\/archive\/du-15-11-au-19-11-festival-plus-plus-plus-cultures-et-droits-lgbtqia-de-kaboul-a-marcoux\/#breadcrumb"},"inLanguage":"en-GB","potentialAction":[{"@type":"ReadAction","target":["https:\/\/www.chateaudegoutelas.fr\/archive\/du-15-11-au-19-11-festival-plus-plus-plus-cultures-et-droits-lgbtqia-de-kaboul-a-marcoux\/"]}]},{"@type":"ImageObject","inLanguage":"en-GB","@id":"https:\/\/www.chateaudegoutelas.fr\/archive\/du-15-11-au-19-11-festival-plus-plus-plus-cultures-et-droits-lgbtqia-de-kaboul-a-marcoux\/#primaryimage","url":"https:\/\/www.chateaudegoutelas.fr\/wp-content\/uploads\/2022\/10\/plusplusplus-typo.jpg","contentUrl":"https:\/\/www.chateaudegoutelas.fr\/wp-content\/uploads\/2022\/10\/plusplusplus-typo.jpg","width":2480,"height":2480},{"@type":"BreadcrumbList","@id":"https:\/\/www.chateaudegoutelas.fr\/archive\/du-15-11-au-19-11-festival-plus-plus-plus-cultures-et-droits-lgbtqia-de-kaboul-a-marcoux\/#breadcrumb","itemListElement":[{"@type":"ListItem","position":1,"name":"Accueil","item":"https:\/\/www.chateaudegoutelas.fr\/"},{"@type":"ListItem","position":2,"name":"DU 15\/11 AU 19\/11 : Festival PLUS PLUS PLUS &#8211; Cultures et droits LGBTQIA+, de Kaboul \u00e0 Marcoux"}]},{"@type":"WebSite","@id":"https:\/\/www.chateaudegoutelas.fr\/#website","url":"https:\/\/www.chateaudegoutelas.fr\/","name":"Ch\u00e2teau de Goutelas","description":"Un centre culturel de rencontre en Forez","publisher":{"@id":"https:\/\/www.chateaudegoutelas.fr\/#organization"},"potentialAction":[{"@type":"SearchAction","target":{"@type":"EntryPoint","urlTemplate":"https:\/\/www.chateaudegoutelas.fr\/?s={search_term_string}"},"query-input":{"@type":"PropertyValueSpecification","valueRequired":true,"valueName":"search_term_string"}}],"inLanguage":"en-GB"},{"@type":"Organization","@id":"https:\/\/www.chateaudegoutelas.fr\/#organization","name":"Ch\u00e2teau de Goutelas","url":"https:\/\/www.chateaudegoutelas.fr\/","logo":{"@type":"ImageObject","inLanguage":"en-GB","@id":"https:\/\/www.chateaudegoutelas.fr\/#\/schema\/logo\/image\/","url":"https:\/\/www.chateaudegoutelas.fr\/wp-content\/uploads\/2023\/05\/logo-chateau-goutelas-bleu.png","contentUrl":"https:\/\/www.chateaudegoutelas.fr\/wp-content\/uploads\/2023\/05\/logo-chateau-goutelas-bleu.png","width":1123,"height":327,"caption":"Ch\u00e2teau de Goutelas"},"image":{"@id":"https:\/\/www.chateaudegoutelas.fr\/#\/schema\/logo\/image\/"}}]}},"_links":{"self":[{"href":"https:\/\/www.chateaudegoutelas.fr\/en\/wp-json\/wp\/v2\/archive\/4699","targetHints":{"allow":["GET"]}}],"collection":[{"href":"https:\/\/www.chateaudegoutelas.fr\/en\/wp-json\/wp\/v2\/archive"}],"about":[{"href":"https:\/\/www.chateaudegoutelas.fr\/en\/wp-json\/wp\/v2\/types\/archive"}],"author":[{"embeddable":true,"href":"https:\/\/www.chateaudegoutelas.fr\/en\/wp-json\/wp\/v2\/users\/7"}],"wp:featuredmedia":[{"embeddable":true,"href":"https:\/\/www.chateaudegoutelas.fr\/en\/wp-json\/wp\/v2\/media\/4818"}],"wp:attachment":[{"href":"https:\/\/www.chateaudegoutelas.fr\/en\/wp-json\/wp\/v2\/media?parent=4699"}],"wp:term":[{"taxonomy":"category","embeddable":true,"href":"https:\/\/www.chateaudegoutelas.fr\/en\/wp-json\/wp\/v2\/categories?post=4699"},{"taxonomy":"post_tag","embeddable":true,"href":"https:\/\/www.chateaudegoutelas.fr\/en\/wp-json\/wp\/v2\/tags?post=4699"}],"curies":[{"name":"wp","href":"https:\/\/api.w.org\/{rel}","templated":true}]}}