{"id":4644,"date":"2022-09-13T14:04:49","date_gmt":"2022-09-13T12:04:49","guid":{"rendered":"https:\/\/www.chateaudegoutelas.fr\/?p=4644"},"modified":"2023-05-26T09:53:16","modified_gmt":"2023-05-26T07:53:16","slug":"samedi-15-10-rencontres-autour-de-lastree","status":"publish","type":"archive","link":"https:\/\/www.chateaudegoutelas.fr\/en\/archive\/samedi-15-10-rencontres-autour-de-lastree\/","title":{"rendered":"SAMEDI 15\/10 &#8211; RENCONTRES autour de L&rsquo;Astr\u00e9e"},"content":{"rendered":"<div class=\"shmMigrate\"><\/div>\n<div class=\"shmMigrate\"><\/div>\n<div class=\"shmMigrate\"><\/div>\n<div class=\"shmMigrate\"><\/div>\n<h4>Samedi 15 octobre<\/h4>\n<h4>Au ch\u00e2teau de Goutelas et au ch\u00e2teau de la B\u00e2tie d&rsquo;Urf\u00e9 (Saint-Etienne-le-Molard)<\/h4>\n<div class=\"shmMigrate\"><\/div>\n<div class=\"shmMigrate\"><\/div>\n<div class=\"shmMigrate\"><\/div>\n<p>Apr\u00e8s avoir passionn\u00e9 les cours d\u2019Europe au XVII\u00e8me si\u00e8cle, L\u2019Astr\u00e9e d\u2019Honor\u00e9 d\u2019Urf\u00e9 continue d\u2019inspirer, d\u2019int\u00e9resser, d\u2019interroger.<br \/>\nR\u00e9\u00e9criture, iconographie, BD, cin\u00e9ma : chaque transposition r\u00e9v\u00e8le les multiples sens de l\u2018\u0153uvre et dit la sensibilit\u00e9 de son \u00e9poque.<br \/>\nUne journ\u00e9e d\u2019\u00e9changes et de visites nous \u00e9claire sur le succ\u00e8s de ce best-seller qui a pour cadre le Forez.<\/p>\n<p>&nbsp;<\/p>\n<p><em>Avec Jean-Marc Chatelain, Delphine Denis, Camille Esmein, St\u00e9phane Mac\u00e9 &#8211; \u00e9quipe de recherche Le R\u00e8gne d\u2019Astr\u00e9e, Sorbonne Universit\u00e9<\/em><\/p>\n<p><em>En partenariat avec le D\u00e9partement de la Loire &#8211; B\u00e2tie d\u2019Urf\u00e9<\/em><\/p>\n<div class=\"shmMigrate\"><\/div>\n<div class=\"shmMigrate\"><\/div>\n<div class=\"shmMigrate\"><\/div>\n<p><strong>9h <\/strong><br \/>\n<em>Au ch\u00e2teau de Goutelas<\/em><br \/>\n<strong>Astr\u00e9e, best-seller ! <\/strong><br \/>\nConf\u00e9rences et table ronde<\/p>\n<p>&nbsp;<\/p>\n<p><strong>12h<\/strong><br \/>\nAu ch\u00e2teau de Goutelas<br \/>\n<strong>D\u00e9couverte de la \u201cdemeure d\u2019Adamas\u201d<\/strong><\/p>\n<p>&nbsp;<\/p>\n<p><strong>14h30<\/strong><br \/>\nAu ch\u00e2teau de la B\u00e2tie d\u2019Urf\u00e9<br \/>\n<strong>Visite guid\u00e9e<\/strong><\/p>\n<p>&nbsp;<\/p>\n<p><strong>16h<\/strong><br \/>\nAu ch\u00e2teau de la B\u00e2tie d\u2019Urf\u00e9<br \/>\n<strong><em>L\u2019Astr\u00e9e<\/em> en images<\/strong><br \/>\n\u00c9changes et projections<\/p>\n<p>&nbsp;<\/p>\n<p><strong>20h30<\/strong><br \/>\nAu ch\u00e2teau de Goutelas<br \/>\n<strong>Le Salon de Musique : concert de l\u2019ensemble Faenza<\/strong><\/p>\n<p>12\u20ac | Tarif r\u00e9duit 6\u20ac (moins de 18 ans, \u00e9tudiants, personnes en recherche d\u2018emploi)<\/p>\n<div class=\"shmMigrate\"><\/div>\n<div class=\"shmMigrate\"><\/div>\n<div class=\"shmMigrate\"><\/div>\n<p><strong>Conf\u00e9rences et visites gratuites sur r\u00e9servation<\/strong><br \/>\n<strong>D\u00e9jeuner et d\u00eener au ch\u00e2teau de Goutelas : <\/strong><br \/>\n<strong>12\u20ac, sur r\u00e9servation<\/strong><\/p>\n<div class=\"shmMigrate\"><\/div>\n<div class=\"shmMigrate\"><\/div>\n<div class=\"shmMigrate\"><\/div>\n<div class=\"shmMigrate\"><\/div>\n<p>Photo \u00a9 Louis Perrin<\/p>\n<div class=\"shmMigrate\"><\/div>\n<div class=\"shmMigrate\"><\/div>\n<div class=\"shmMigrate\"><\/div>\n<div class=\"shmMigrate\"><\/div>","protected":false},"author":7,"featured_media":4647,"template":"","meta":{"site-sidebar-layout":"default","site-content-layout":"","ast-site-content-layout":"default","site-content-style":"default","site-sidebar-style":"default","ast-global-header-display":"","ast-banner-title-visibility":"","ast-main-header-display":"","ast-hfb-above-header-display":"","ast-hfb-below-header-display":"","ast-hfb-mobile-header-display":"","site-post-title":"","ast-breadcrumbs-content":null,"ast-featured-img":"","footer-sml-layout":"","ast-disable-related-posts":"","theme-transparent-header-meta":"","adv-header-id-meta":"","stick-header-meta":"","header-above-stick-meta":null,"header-main-stick-meta":"","header-below-stick-meta":null,"astra-migrate-meta-layouts":"default","ast-page-background-enabled":"default","ast-page-background-meta":{"desktop":{"background-color":"","background-image":"","background-repeat":"repeat","background-position":"center center","background-size":"auto","background-attachment":"scroll","background-type":"","background-media":"","overlay-type":"","overlay-color":"","overlay-opacity":"","overlay-gradient":""},"tablet":{"background-color":"","background-image":"","background-repeat":"repeat","background-position":"center center","background-size":"auto","background-attachment":"scroll","background-type":"","background-media":"","overlay-type":"","overlay-color":"","overlay-opacity":"","overlay-gradient":""},"mobile":{"background-color":"","background-image":"","background-repeat":"repeat","background-position":"center center","background-size":"auto","background-attachment":"scroll","background-type":"","background-media":"","overlay-type":"","overlay-color":"","overlay-opacity":"","overlay-gradient":""}},"ast-content-background-meta":{"desktop":{"background-color":"var(--ast-global-color-5)","background-image":"","background-repeat":"repeat","background-position":"center center","background-size":"auto","background-attachment":"scroll","background-type":"","background-media":"","overlay-type":"","overlay-color":"","overlay-opacity":"","overlay-gradient":""},"tablet":{"background-color":"var(--ast-global-color-5)","background-image":"","background-repeat":"repeat","background-position":"center center","background-size":"auto","background-attachment":"scroll","background-type":"","background-media":"","overlay-type":"","overlay-color":"","overlay-opacity":"","overlay-gradient":""},"mobile":{"background-color":"var(--ast-global-color-5)","background-image":"","background-repeat":"repeat","background-position":"center center","background-size":"auto","background-attachment":"scroll","background-type":"","background-media":"","overlay-type":"","overlay-color":"","overlay-opacity":"","overlay-gradient":""}}},"categories":[4],"tags":[],"class_list":["post-4644","archive","type-archive","status-publish","has-post-thumbnail","hentry","category-actualites"],"yoast_head":"<!-- This site is optimized with the Yoast SEO plugin v27.5 - https:\/\/yoast.com\/product\/yoast-seo-wordpress\/ -->\n<title>SAMEDI 15\/10 - RENCONTRES autour de L&#039;Astr\u00e9e - Ch\u00e2teau de Goutelas<\/title>\n<meta name=\"robots\" content=\"index, follow, max-snippet:-1, max-image-preview:large, max-video-preview:-1\" \/>\n<link rel=\"canonical\" href=\"https:\/\/www.chateaudegoutelas.fr\/en\/archive\/samedi-15-10-rencontres-autour-de-lastree\/\" \/>\n<meta property=\"og:locale\" content=\"en_GB\" \/>\n<meta property=\"og:type\" content=\"article\" \/>\n<meta property=\"og:title\" content=\"SAMEDI 15\/10 - RENCONTRES autour de L&#039;Astr\u00e9e - Ch\u00e2teau de Goutelas\" \/>\n<meta property=\"og:description\" content=\"Samedi 15 octobre Au ch\u00e2teau de Goutelas et au ch\u00e2teau de la B\u00e2tie d&rsquo;Urf\u00e9 (Saint-Etienne-le-Molard) Apr\u00e8s avoir passionn\u00e9 les cours d\u2019Europe au XVII\u00e8me si\u00e8cle, L\u2019Astr\u00e9e d\u2019Honor\u00e9 d\u2019Urf\u00e9 continue d\u2019inspirer, d\u2019int\u00e9resser, d\u2019interroger. R\u00e9\u00e9criture, iconographie, BD, cin\u00e9ma : chaque transposition r\u00e9v\u00e8le les multiples sens de l\u2018\u0153uvre et dit la sensibilit\u00e9 de son \u00e9poque. Une journ\u00e9e d\u2019\u00e9changes et [&hellip;]\" \/>\n<meta property=\"og:url\" content=\"https:\/\/www.chateaudegoutelas.fr\/en\/archive\/samedi-15-10-rencontres-autour-de-lastree\/\" \/>\n<meta property=\"og:site_name\" content=\"Ch\u00e2teau de Goutelas\" \/>\n<meta property=\"article:modified_time\" content=\"2023-05-26T07:53:16+00:00\" \/>\n<meta property=\"og:image\" content=\"https:\/\/www.chateaudegoutelas.fr\/wp-content\/uploads\/2022\/09\/astree-min-carre-scaled.jpg\" \/>\n\t<meta property=\"og:image:width\" content=\"2560\" \/>\n\t<meta property=\"og:image:height\" content=\"2560\" \/>\n\t<meta property=\"og:image:type\" content=\"image\/jpeg\" \/>\n<meta name=\"twitter:card\" content=\"summary_large_image\" \/>\n<meta name=\"twitter:label1\" content=\"Estimated reading time\" \/>\n\t<meta name=\"twitter:data1\" content=\"1 minute\" \/>\n<script type=\"application\/ld+json\" class=\"yoast-schema-graph\">{\"@context\":\"https:\\\/\\\/schema.org\",\"@graph\":[{\"@type\":\"WebPage\",\"@id\":\"https:\\\/\\\/www.chateaudegoutelas.fr\\\/archive\\\/samedi-15-10-rencontres-autour-de-lastree\\\/\",\"url\":\"https:\\\/\\\/www.chateaudegoutelas.fr\\\/archive\\\/samedi-15-10-rencontres-autour-de-lastree\\\/\",\"name\":\"SAMEDI 15\\\/10 - RENCONTRES autour de L'Astr\u00e9e - Ch\u00e2teau de Goutelas\",\"isPartOf\":{\"@id\":\"https:\\\/\\\/www.chateaudegoutelas.fr\\\/#website\"},\"primaryImageOfPage\":{\"@id\":\"https:\\\/\\\/www.chateaudegoutelas.fr\\\/archive\\\/samedi-15-10-rencontres-autour-de-lastree\\\/#primaryimage\"},\"image\":{\"@id\":\"https:\\\/\\\/www.chateaudegoutelas.fr\\\/archive\\\/samedi-15-10-rencontres-autour-de-lastree\\\/#primaryimage\"},\"thumbnailUrl\":\"https:\\\/\\\/www.chateaudegoutelas.fr\\\/wp-content\\\/uploads\\\/2022\\\/09\\\/astree-min-carre-scaled.jpg\",\"datePublished\":\"2022-09-13T12:04:49+00:00\",\"dateModified\":\"2023-05-26T07:53:16+00:00\",\"breadcrumb\":{\"@id\":\"https:\\\/\\\/www.chateaudegoutelas.fr\\\/archive\\\/samedi-15-10-rencontres-autour-de-lastree\\\/#breadcrumb\"},\"inLanguage\":\"en-GB\",\"potentialAction\":[{\"@type\":\"ReadAction\",\"target\":[\"https:\\\/\\\/www.chateaudegoutelas.fr\\\/archive\\\/samedi-15-10-rencontres-autour-de-lastree\\\/\"]}]},{\"@type\":\"ImageObject\",\"inLanguage\":\"en-GB\",\"@id\":\"https:\\\/\\\/www.chateaudegoutelas.fr\\\/archive\\\/samedi-15-10-rencontres-autour-de-lastree\\\/#primaryimage\",\"url\":\"https:\\\/\\\/www.chateaudegoutelas.fr\\\/wp-content\\\/uploads\\\/2022\\\/09\\\/astree-min-carre-scaled.jpg\",\"contentUrl\":\"https:\\\/\\\/www.chateaudegoutelas.fr\\\/wp-content\\\/uploads\\\/2022\\\/09\\\/astree-min-carre-scaled.jpg\",\"width\":2560,\"height\":2560},{\"@type\":\"BreadcrumbList\",\"@id\":\"https:\\\/\\\/www.chateaudegoutelas.fr\\\/archive\\\/samedi-15-10-rencontres-autour-de-lastree\\\/#breadcrumb\",\"itemListElement\":[{\"@type\":\"ListItem\",\"position\":1,\"name\":\"Accueil\",\"item\":\"https:\\\/\\\/www.chateaudegoutelas.fr\\\/\"},{\"@type\":\"ListItem\",\"position\":2,\"name\":\"SAMEDI 15\\\/10 &#8211; RENCONTRES autour de L&rsquo;Astr\u00e9e\"}]},{\"@type\":\"WebSite\",\"@id\":\"https:\\\/\\\/www.chateaudegoutelas.fr\\\/#website\",\"url\":\"https:\\\/\\\/www.chateaudegoutelas.fr\\\/\",\"name\":\"Ch\u00e2teau de Goutelas\",\"description\":\"Un centre culturel de rencontre en Forez\",\"publisher\":{\"@id\":\"https:\\\/\\\/www.chateaudegoutelas.fr\\\/#organization\"},\"potentialAction\":[{\"@type\":\"SearchAction\",\"target\":{\"@type\":\"EntryPoint\",\"urlTemplate\":\"https:\\\/\\\/www.chateaudegoutelas.fr\\\/?s={search_term_string}\"},\"query-input\":{\"@type\":\"PropertyValueSpecification\",\"valueRequired\":true,\"valueName\":\"search_term_string\"}}],\"inLanguage\":\"en-GB\"},{\"@type\":\"Organization\",\"@id\":\"https:\\\/\\\/www.chateaudegoutelas.fr\\\/#organization\",\"name\":\"Ch\u00e2teau de Goutelas\",\"url\":\"https:\\\/\\\/www.chateaudegoutelas.fr\\\/\",\"logo\":{\"@type\":\"ImageObject\",\"inLanguage\":\"en-GB\",\"@id\":\"https:\\\/\\\/www.chateaudegoutelas.fr\\\/#\\\/schema\\\/logo\\\/image\\\/\",\"url\":\"https:\\\/\\\/www.chateaudegoutelas.fr\\\/wp-content\\\/uploads\\\/2023\\\/05\\\/logo-chateau-goutelas-bleu.png\",\"contentUrl\":\"https:\\\/\\\/www.chateaudegoutelas.fr\\\/wp-content\\\/uploads\\\/2023\\\/05\\\/logo-chateau-goutelas-bleu.png\",\"width\":1123,\"height\":327,\"caption\":\"Ch\u00e2teau de Goutelas\"},\"image\":{\"@id\":\"https:\\\/\\\/www.chateaudegoutelas.fr\\\/#\\\/schema\\\/logo\\\/image\\\/\"}}]}<\/script>\n<!-- \/ Yoast SEO plugin. -->","yoast_head_json":{"title":"SAMEDI 15\/10 - RENCONTRES autour de L'Astr\u00e9e - Ch\u00e2teau de Goutelas","robots":{"index":"index","follow":"follow","max-snippet":"max-snippet:-1","max-image-preview":"max-image-preview:large","max-video-preview":"max-video-preview:-1"},"canonical":"https:\/\/www.chateaudegoutelas.fr\/en\/archive\/samedi-15-10-rencontres-autour-de-lastree\/","og_locale":"en_GB","og_type":"article","og_title":"SAMEDI 15\/10 - RENCONTRES autour de L'Astr\u00e9e - Ch\u00e2teau de Goutelas","og_description":"Samedi 15 octobre Au ch\u00e2teau de Goutelas et au ch\u00e2teau de la B\u00e2tie d&rsquo;Urf\u00e9 (Saint-Etienne-le-Molard) Apr\u00e8s avoir passionn\u00e9 les cours d\u2019Europe au XVII\u00e8me si\u00e8cle, L\u2019Astr\u00e9e d\u2019Honor\u00e9 d\u2019Urf\u00e9 continue d\u2019inspirer, d\u2019int\u00e9resser, d\u2019interroger. R\u00e9\u00e9criture, iconographie, BD, cin\u00e9ma : chaque transposition r\u00e9v\u00e8le les multiples sens de l\u2018\u0153uvre et dit la sensibilit\u00e9 de son \u00e9poque. Une journ\u00e9e d\u2019\u00e9changes et [&hellip;]","og_url":"https:\/\/www.chateaudegoutelas.fr\/en\/archive\/samedi-15-10-rencontres-autour-de-lastree\/","og_site_name":"Ch\u00e2teau de Goutelas","article_modified_time":"2023-05-26T07:53:16+00:00","og_image":[{"width":2560,"height":2560,"url":"https:\/\/www.chateaudegoutelas.fr\/wp-content\/uploads\/2022\/09\/astree-min-carre-scaled.jpg","type":"image\/jpeg"}],"twitter_card":"summary_large_image","twitter_misc":{"Estimated reading time":"1 minute"},"schema":{"@context":"https:\/\/schema.org","@graph":[{"@type":"WebPage","@id":"https:\/\/www.chateaudegoutelas.fr\/archive\/samedi-15-10-rencontres-autour-de-lastree\/","url":"https:\/\/www.chateaudegoutelas.fr\/archive\/samedi-15-10-rencontres-autour-de-lastree\/","name":"SAMEDI 15\/10 - RENCONTRES autour de L'Astr\u00e9e - Ch\u00e2teau de Goutelas","isPartOf":{"@id":"https:\/\/www.chateaudegoutelas.fr\/#website"},"primaryImageOfPage":{"@id":"https:\/\/www.chateaudegoutelas.fr\/archive\/samedi-15-10-rencontres-autour-de-lastree\/#primaryimage"},"image":{"@id":"https:\/\/www.chateaudegoutelas.fr\/archive\/samedi-15-10-rencontres-autour-de-lastree\/#primaryimage"},"thumbnailUrl":"https:\/\/www.chateaudegoutelas.fr\/wp-content\/uploads\/2022\/09\/astree-min-carre-scaled.jpg","datePublished":"2022-09-13T12:04:49+00:00","dateModified":"2023-05-26T07:53:16+00:00","breadcrumb":{"@id":"https:\/\/www.chateaudegoutelas.fr\/archive\/samedi-15-10-rencontres-autour-de-lastree\/#breadcrumb"},"inLanguage":"en-GB","potentialAction":[{"@type":"ReadAction","target":["https:\/\/www.chateaudegoutelas.fr\/archive\/samedi-15-10-rencontres-autour-de-lastree\/"]}]},{"@type":"ImageObject","inLanguage":"en-GB","@id":"https:\/\/www.chateaudegoutelas.fr\/archive\/samedi-15-10-rencontres-autour-de-lastree\/#primaryimage","url":"https:\/\/www.chateaudegoutelas.fr\/wp-content\/uploads\/2022\/09\/astree-min-carre-scaled.jpg","contentUrl":"https:\/\/www.chateaudegoutelas.fr\/wp-content\/uploads\/2022\/09\/astree-min-carre-scaled.jpg","width":2560,"height":2560},{"@type":"BreadcrumbList","@id":"https:\/\/www.chateaudegoutelas.fr\/archive\/samedi-15-10-rencontres-autour-de-lastree\/#breadcrumb","itemListElement":[{"@type":"ListItem","position":1,"name":"Accueil","item":"https:\/\/www.chateaudegoutelas.fr\/"},{"@type":"ListItem","position":2,"name":"SAMEDI 15\/10 &#8211; RENCONTRES autour de L&rsquo;Astr\u00e9e"}]},{"@type":"WebSite","@id":"https:\/\/www.chateaudegoutelas.fr\/#website","url":"https:\/\/www.chateaudegoutelas.fr\/","name":"Ch\u00e2teau de Goutelas","description":"Un centre culturel de rencontre en Forez","publisher":{"@id":"https:\/\/www.chateaudegoutelas.fr\/#organization"},"potentialAction":[{"@type":"SearchAction","target":{"@type":"EntryPoint","urlTemplate":"https:\/\/www.chateaudegoutelas.fr\/?s={search_term_string}"},"query-input":{"@type":"PropertyValueSpecification","valueRequired":true,"valueName":"search_term_string"}}],"inLanguage":"en-GB"},{"@type":"Organization","@id":"https:\/\/www.chateaudegoutelas.fr\/#organization","name":"Ch\u00e2teau de Goutelas","url":"https:\/\/www.chateaudegoutelas.fr\/","logo":{"@type":"ImageObject","inLanguage":"en-GB","@id":"https:\/\/www.chateaudegoutelas.fr\/#\/schema\/logo\/image\/","url":"https:\/\/www.chateaudegoutelas.fr\/wp-content\/uploads\/2023\/05\/logo-chateau-goutelas-bleu.png","contentUrl":"https:\/\/www.chateaudegoutelas.fr\/wp-content\/uploads\/2023\/05\/logo-chateau-goutelas-bleu.png","width":1123,"height":327,"caption":"Ch\u00e2teau de Goutelas"},"image":{"@id":"https:\/\/www.chateaudegoutelas.fr\/#\/schema\/logo\/image\/"}}]}},"_links":{"self":[{"href":"https:\/\/www.chateaudegoutelas.fr\/en\/wp-json\/wp\/v2\/archive\/4644","targetHints":{"allow":["GET"]}}],"collection":[{"href":"https:\/\/www.chateaudegoutelas.fr\/en\/wp-json\/wp\/v2\/archive"}],"about":[{"href":"https:\/\/www.chateaudegoutelas.fr\/en\/wp-json\/wp\/v2\/types\/archive"}],"author":[{"embeddable":true,"href":"https:\/\/www.chateaudegoutelas.fr\/en\/wp-json\/wp\/v2\/users\/7"}],"wp:featuredmedia":[{"embeddable":true,"href":"https:\/\/www.chateaudegoutelas.fr\/en\/wp-json\/wp\/v2\/media\/4647"}],"wp:attachment":[{"href":"https:\/\/www.chateaudegoutelas.fr\/en\/wp-json\/wp\/v2\/media?parent=4644"}],"wp:term":[{"taxonomy":"category","embeddable":true,"href":"https:\/\/www.chateaudegoutelas.fr\/en\/wp-json\/wp\/v2\/categories?post=4644"},{"taxonomy":"post_tag","embeddable":true,"href":"https:\/\/www.chateaudegoutelas.fr\/en\/wp-json\/wp\/v2\/tags?post=4644"}],"curies":[{"name":"wp","href":"https:\/\/api.w.org\/{rel}","templated":true}]}}