{"id":4559,"date":"2022-05-09T09:55:23","date_gmt":"2022-05-09T07:55:23","guid":{"rendered":"https:\/\/www.chateaudegoutelas.fr\/?p=4559"},"modified":"2023-05-26T09:54:55","modified_gmt":"2023-05-26T07:54:55","slug":"samedi-18-06-concert-panorama-madalitso-band-au-chateau-du-rozier","status":"publish","type":"archive","link":"https:\/\/www.chateaudegoutelas.fr\/en\/archive\/samedi-18-06-concert-panorama-madalitso-band-au-chateau-du-rozier\/","title":{"rendered":"SAMEDI 18\/06 &#8211; CONCERT PANORAMA : Madalitso Band (au Ch\u00e2teau du Rozier)"},"content":{"rendered":"<div class=\"shmMigrate\"><\/div>\n<div class=\"shmMigrate\"><\/div>\n<div class=\"shmMigrate\"><\/div>\n<div class=\"shmMigrate\"><\/div>\n<h4><span style=\"font-weight: 400;\">Samedi 18 juin<\/span><\/h4>\n<h4><span style=\"font-weight: 400;\">20h<\/span><\/h4>\n<h4>PANORAMA #2 au Ch\u00e2teau du Rozier (Feurs)<\/h4>\n<div class=\"shmMigrate\"><\/div>\n<div class=\"shmMigrate\"><\/div>\n<div class=\"shmMigrate\"><\/div>\n<p><span data-sheets-value=\"{&quot;1&quot;:2,&quot;2&quot;:&quot;Consid\u00e9r\u00e9s comme de v\u00e9ritables proph\u00e8tes musicaux au Malawi, ils jouent en souriant une musique d\u2019une sinc\u00e9rit\u00e9 et d\u2019une l\u00e9g\u00e8ret\u00e9 imparables. De retour en Europe avec un second album produit par le fameux label genevois Les Disques Bongo Joe, le groupe a d\u00e9j\u00e0 foul\u00e9 les sc\u00e8nes les sc\u00e8nes les plus prestigieuses du monde (Womex, Womad, Roskilde, Sauti Za Busara, Jazz \u00e0 Vienne, Les Suds \u00e0 Arles\u2026) tout en gardant un v\u00e9ritable plaisir \u00e0 se produire dans les lieux les plus intimes. Capables de tenir la sc\u00e8ne pendant des heures, form\u00e9s \u00e0 l\u2019\u00e9cole de la rue, les deux musiciens placent au c\u0153ur de leurs compositions leurs instruments traditionnels faits maison avec les mat\u00e9riaux du bord : le babatone, grande contrebasse \u00e0 une corde, et une guitare \u00e0 4 cordes appel\u00e9 localement banjo.\\nDans une transe douce et minimaliste, Yosefe et Yobu continuent de faire d\u00e9couvrir au monde leur musique. Leur sinc\u00e9rit\u00e9, leur pr\u00e9sence souriante et sans artifice et leurs instruments traduisent sans barri\u00e8re un parcours incroyable. Entre deux petits boulots, ils continuent de jouer sur les march\u00e9s ou pour les mariages de Mtandire, un bidonville de la capitale Lilongwe bien qu\u2019ils aient \u00e9t\u00e9 rep\u00e9r\u00e9s par le producteur Emanuel Kamwenje. Celui-ci leur a fait enregistrer leur premier album en juillet 2017. Cette m\u00eame ann\u00e9e f\u00fbt l\u2019occasion de jouer au Festival Sauti Za Busara \u00e0 Zanzibar, premier voyage hors du Malawi pour les deux musiciens, qui d\u00e9couvrent alors la mer et font les rencontres d\u00e9cisives qui marqueront la suite de leur parcours. &quot;}\" data-sheets-userformat=\"{&quot;2&quot;:13309,&quot;3&quot;:{&quot;1&quot;:0},&quot;5&quot;:{&quot;1&quot;:[{&quot;1&quot;:2,&quot;2&quot;:0,&quot;5&quot;:{&quot;1&quot;:2,&quot;2&quot;:0}},{&quot;1&quot;:0,&quot;2&quot;:0,&quot;3&quot;:3},{&quot;1&quot;:1,&quot;2&quot;:0,&quot;4&quot;:1}]},&quot;6&quot;:{&quot;1&quot;:[{&quot;1&quot;:2,&quot;2&quot;:0,&quot;5&quot;:{&quot;1&quot;:2,&quot;2&quot;:0}},{&quot;1&quot;:0,&quot;2&quot;:0,&quot;3&quot;:3},{&quot;1&quot;:1,&quot;2&quot;:0,&quot;4&quot;:1}]},&quot;7&quot;:{&quot;1&quot;:[{&quot;1&quot;:2,&quot;2&quot;:0,&quot;5&quot;:{&quot;1&quot;:2,&quot;2&quot;:0}},{&quot;1&quot;:0,&quot;2&quot;:0,&quot;3&quot;:3},{&quot;1&quot;:1,&quot;2&quot;:0,&quot;4&quot;:1}]},&quot;8&quot;:{&quot;1&quot;:[{&quot;1&quot;:2,&quot;2&quot;:0,&quot;5&quot;:{&quot;1&quot;:2,&quot;2&quot;:0}},{&quot;1&quot;:0,&quot;2&quot;:0,&quot;3&quot;:3},{&quot;1&quot;:1,&quot;2&quot;:0,&quot;4&quot;:1}]},&quot;9&quot;:0,&quot;10&quot;:1,&quot;11&quot;:4,&quot;12&quot;:0,&quot;15&quot;:&quot;Raleway&quot;,&quot;16&quot;:8}\">Consid\u00e9r\u00e9s comme de v\u00e9ritables proph\u00e8tes musicaux au Malawi, ils jouent en souriant une musique d\u2019une sinc\u00e9rit\u00e9 et d\u2019une l\u00e9g\u00e8ret\u00e9 imparables. De retour en Europe avec un second album produit par le fameux label genevois Les Disques Bongo Joe, le groupe a d\u00e9j\u00e0 foul\u00e9 les sc\u00e8nes les plus prestigieuses du monde (Womex, Womad, Roskilde, Sauti Za Busara, Jazz \u00e0 Vienne, Les Suds \u00e0 Arles\u2026) tout en gardant un v\u00e9ritable plaisir \u00e0 se produire dans les lieux les plus intimes. Capables de tenir la sc\u00e8ne pendant des heures, form\u00e9s \u00e0 l\u2019\u00e9cole de la rue, les deux musiciens placent au c\u0153ur de leurs compositions leurs instruments traditionnels faits maison avec les mat\u00e9riaux du bord : le babatone, grande contrebasse \u00e0 une corde, et une guitare \u00e0 4 cordes appel\u00e9 localement banjo.<\/span><\/p>\n<p><span data-sheets-value=\"{&quot;1&quot;:2,&quot;2&quot;:&quot;Consid\u00e9r\u00e9s comme de v\u00e9ritables proph\u00e8tes musicaux au Malawi, ils jouent en souriant une musique d\u2019une sinc\u00e9rit\u00e9 et d\u2019une l\u00e9g\u00e8ret\u00e9 imparables. De retour en Europe avec un second album produit par le fameux label genevois Les Disques Bongo Joe, le groupe a d\u00e9j\u00e0 foul\u00e9 les sc\u00e8nes les sc\u00e8nes les plus prestigieuses du monde (Womex, Womad, Roskilde, Sauti Za Busara, Jazz \u00e0 Vienne, Les Suds \u00e0 Arles\u2026) tout en gardant un v\u00e9ritable plaisir \u00e0 se produire dans les lieux les plus intimes. Capables de tenir la sc\u00e8ne pendant des heures, form\u00e9s \u00e0 l\u2019\u00e9cole de la rue, les deux musiciens placent au c\u0153ur de leurs compositions leurs instruments traditionnels faits maison avec les mat\u00e9riaux du bord : le babatone, grande contrebasse \u00e0 une corde, et une guitare \u00e0 4 cordes appel\u00e9 localement banjo.\\nDans une transe douce et minimaliste, Yosefe et Yobu continuent de faire d\u00e9couvrir au monde leur musique. Leur sinc\u00e9rit\u00e9, leur pr\u00e9sence souriante et sans artifice et leurs instruments traduisent sans barri\u00e8re un parcours incroyable. Entre deux petits boulots, ils continuent de jouer sur les march\u00e9s ou pour les mariages de Mtandire, un bidonville de la capitale Lilongwe bien qu\u2019ils aient \u00e9t\u00e9 rep\u00e9r\u00e9s par le producteur Emanuel Kamwenje. Celui-ci leur a fait enregistrer leur premier album en juillet 2017. Cette m\u00eame ann\u00e9e f\u00fbt l\u2019occasion de jouer au Festival Sauti Za Busara \u00e0 Zanzibar, premier voyage hors du Malawi pour les deux musiciens, qui d\u00e9couvrent alors la mer et font les rencontres d\u00e9cisives qui marqueront la suite de leur parcours. &quot;}\" data-sheets-userformat=\"{&quot;2&quot;:13309,&quot;3&quot;:{&quot;1&quot;:0},&quot;5&quot;:{&quot;1&quot;:[{&quot;1&quot;:2,&quot;2&quot;:0,&quot;5&quot;:{&quot;1&quot;:2,&quot;2&quot;:0}},{&quot;1&quot;:0,&quot;2&quot;:0,&quot;3&quot;:3},{&quot;1&quot;:1,&quot;2&quot;:0,&quot;4&quot;:1}]},&quot;6&quot;:{&quot;1&quot;:[{&quot;1&quot;:2,&quot;2&quot;:0,&quot;5&quot;:{&quot;1&quot;:2,&quot;2&quot;:0}},{&quot;1&quot;:0,&quot;2&quot;:0,&quot;3&quot;:3},{&quot;1&quot;:1,&quot;2&quot;:0,&quot;4&quot;:1}]},&quot;7&quot;:{&quot;1&quot;:[{&quot;1&quot;:2,&quot;2&quot;:0,&quot;5&quot;:{&quot;1&quot;:2,&quot;2&quot;:0}},{&quot;1&quot;:0,&quot;2&quot;:0,&quot;3&quot;:3},{&quot;1&quot;:1,&quot;2&quot;:0,&quot;4&quot;:1}]},&quot;8&quot;:{&quot;1&quot;:[{&quot;1&quot;:2,&quot;2&quot;:0,&quot;5&quot;:{&quot;1&quot;:2,&quot;2&quot;:0}},{&quot;1&quot;:0,&quot;2&quot;:0,&quot;3&quot;:3},{&quot;1&quot;:1,&quot;2&quot;:0,&quot;4&quot;:1}]},&quot;9&quot;:0,&quot;10&quot;:1,&quot;11&quot;:4,&quot;12&quot;:0,&quot;15&quot;:&quot;Raleway&quot;,&quot;16&quot;:8}\">Dans une transe douce et minimaliste, Yosefe et Yobu continuent de faire d\u00e9couvrir au monde leur musique. Leur sinc\u00e9rit\u00e9, leur pr\u00e9sence souriante et sans artifice et leurs instruments traduisent sans barri\u00e8re un parcours incroyable. Entre deux petits boulots, ils continuent de jouer sur les march\u00e9s ou pour les mariages de Mtandire, un bidonville de la capitale Lilongwe bien qu\u2019ils aient \u00e9t\u00e9 rep\u00e9r\u00e9s par le producteur Emanuel Kamwenje. Celui-ci leur a fait enregistrer leur premier album en juillet 2017. Cette m\u00eame ann\u00e9e f\u00fbt l\u2019occasion de jouer au Festival Sauti Za Busara \u00e0 Zanzibar, premier voyage hors du Malawi pour les deux musiciens, qui d\u00e9couvrent alors la mer et font les rencontres d\u00e9cisives qui marqueront la suite de leur parcours.<\/span><\/p>\n<div class=\"shmMigrate\"><\/div>\n<div class=\"shmMigrate\"><\/div>\n<div class=\"shmMigrate\"><\/div>\n<p><strong>Au Ch\u00e2teau du Rozier, 1 rue d&rsquo;Assier, Feurs<\/strong><\/p>\n<p><strong>En plein air &#8211; Gratuit<\/strong><\/p>\n<p><strong>&#x1f374;Restauration sur place avec\u00a0<a href=\"https:\/\/www.facebook.com\/foodtruck974\">Le Pti Piment Rouge<\/a><\/strong><\/p>\n<p><strong>R\u00e9servation aupr\u00e8s du <a href=\"https:\/\/www.chateaudurozier.fr\/\">Ch\u00e2teau du Rozier<\/a><\/strong><\/p>\n<div class=\"shmMigrate\"><\/div>\n<div class=\"shmMigrate\"><\/div>\n<div class=\"shmMigrate\"><\/div>\n<div class=\"shmMigrate\"><\/div>\n<p><span style=\"font-weight: 400;\">Le Ch\u00e2teau de Goutelas et le Ch\u00e2teau du Rozier (Feurs) s\u2019associent pour vous proposer les soir\u00e9es-concerts Panorama, une programmation qui s&rsquo;ouvre \u00e0 180\u00b0 sur les paysages musicaux actuels.<\/span><\/p>\n<div class=\"shmMigrate\"><\/div>\n<div class=\"shmMigrate\"><\/div>\n<div class=\"shmMigrate\"><\/div>\n<p>Photo \u00a9 Satellite Ent. Lilongwe<\/p>\n<div class=\"shmMigrate\"><\/div>\n<div class=\"shmMigrate\"><\/div>\n<div class=\"shmMigrate\"><\/div>\n<div class=\"shmMigrate\"><\/div>\n","protected":false},"author":7,"featured_media":4561,"template":"","meta":{"site-sidebar-layout":"default","site-content-layout":"","ast-site-content-layout":"default","site-content-style":"default","site-sidebar-style":"default","ast-global-header-display":"","ast-banner-title-visibility":"","ast-main-header-display":"","ast-hfb-above-header-display":"","ast-hfb-below-header-display":"","ast-hfb-mobile-header-display":"","site-post-title":"","ast-breadcrumbs-content":null,"ast-featured-img":"","footer-sml-layout":"","ast-disable-related-posts":"","theme-transparent-header-meta":"","adv-header-id-meta":"","stick-header-meta":"","header-above-stick-meta":null,"header-main-stick-meta":"","header-below-stick-meta":null,"astra-migrate-meta-layouts":"default","ast-page-background-enabled":"default","ast-page-background-meta":{"desktop":{"background-color":"","background-image":"","background-repeat":"repeat","background-position":"center center","background-size":"auto","background-attachment":"scroll","background-type":"","background-media":"","overlay-type":"","overlay-color":"","overlay-opacity":"","overlay-gradient":""},"tablet":{"background-color":"","background-image":"","background-repeat":"repeat","background-position":"center center","background-size":"auto","background-attachment":"scroll","background-type":"","background-media":"","overlay-type":"","overlay-color":"","overlay-opacity":"","overlay-gradient":""},"mobile":{"background-color":"","background-image":"","background-repeat":"repeat","background-position":"center center","background-size":"auto","background-attachment":"scroll","background-type":"","background-media":"","overlay-type":"","overlay-color":"","overlay-opacity":"","overlay-gradient":""}},"ast-content-background-meta":{"desktop":{"background-color":"var(--ast-global-color-5)","background-image":"","background-repeat":"repeat","background-position":"center center","background-size":"auto","background-attachment":"scroll","background-type":"","background-media":"","overlay-type":"","overlay-color":"","overlay-opacity":"","overlay-gradient":""},"tablet":{"background-color":"var(--ast-global-color-5)","background-image":"","background-repeat":"repeat","background-position":"center center","background-size":"auto","background-attachment":"scroll","background-type":"","background-media":"","overlay-type":"","overlay-color":"","overlay-opacity":"","overlay-gradient":""},"mobile":{"background-color":"var(--ast-global-color-5)","background-image":"","background-repeat":"repeat","background-position":"center center","background-size":"auto","background-attachment":"scroll","background-type":"","background-media":"","overlay-type":"","overlay-color":"","overlay-opacity":"","overlay-gradient":""}}},"categories":[4],"tags":[],"class_list":["post-4559","archive","type-archive","status-publish","has-post-thumbnail","hentry","category-actualites"],"yoast_head":"<!-- This site is optimized with the Yoast SEO plugin v27.5 - https:\/\/yoast.com\/product\/yoast-seo-wordpress\/ -->\n<title>SAMEDI 18\/06 - CONCERT PANORAMA : Madalitso Band (au Ch\u00e2teau du Rozier) - Ch\u00e2teau de Goutelas<\/title>\n<meta name=\"robots\" content=\"index, follow, max-snippet:-1, max-image-preview:large, max-video-preview:-1\" \/>\n<link rel=\"canonical\" href=\"https:\/\/www.chateaudegoutelas.fr\/en\/archive\/samedi-18-06-concert-panorama-madalitso-band-au-chateau-du-rozier\/\" \/>\n<meta property=\"og:locale\" content=\"en_GB\" \/>\n<meta property=\"og:type\" content=\"article\" \/>\n<meta property=\"og:title\" content=\"SAMEDI 18\/06 - CONCERT PANORAMA : Madalitso Band (au Ch\u00e2teau du Rozier) - Ch\u00e2teau de Goutelas\" \/>\n<meta property=\"og:description\" content=\"Samedi 18 juin 20h PANORAMA #2 au Ch\u00e2teau du Rozier (Feurs) Consid\u00e9r\u00e9s comme de v\u00e9ritables proph\u00e8tes musicaux au Malawi, ils jouent en souriant une musique d\u2019une sinc\u00e9rit\u00e9 et d\u2019une l\u00e9g\u00e8ret\u00e9 imparables. De retour en Europe avec un second album produit par le fameux label genevois Les Disques Bongo Joe, le groupe a d\u00e9j\u00e0 foul\u00e9 les [&hellip;]\" \/>\n<meta property=\"og:url\" content=\"https:\/\/www.chateaudegoutelas.fr\/en\/archive\/samedi-18-06-concert-panorama-madalitso-band-au-chateau-du-rozier\/\" \/>\n<meta property=\"og:site_name\" content=\"Ch\u00e2teau de Goutelas\" \/>\n<meta property=\"article:modified_time\" content=\"2023-05-26T07:54:55+00:00\" \/>\n<meta property=\"og:image\" content=\"https:\/\/www.chateaudegoutelas.fr\/wp-content\/uploads\/2022\/06\/madalitso-hlm-scaled.jpg\" \/>\n\t<meta property=\"og:image:width\" content=\"2560\" \/>\n\t<meta property=\"og:image:height\" content=\"1440\" \/>\n\t<meta property=\"og:image:type\" content=\"image\/jpeg\" \/>\n<meta name=\"twitter:card\" content=\"summary_large_image\" \/>\n<meta name=\"twitter:label1\" content=\"Estimated reading time\" \/>\n\t<meta name=\"twitter:data1\" content=\"2 minutes\" \/>\n<script type=\"application\/ld+json\" class=\"yoast-schema-graph\">{\"@context\":\"https:\\\/\\\/schema.org\",\"@graph\":[{\"@type\":\"WebPage\",\"@id\":\"https:\\\/\\\/www.chateaudegoutelas.fr\\\/archive\\\/samedi-18-06-concert-panorama-madalitso-band-au-chateau-du-rozier\\\/\",\"url\":\"https:\\\/\\\/www.chateaudegoutelas.fr\\\/archive\\\/samedi-18-06-concert-panorama-madalitso-band-au-chateau-du-rozier\\\/\",\"name\":\"SAMEDI 18\\\/06 - CONCERT PANORAMA : Madalitso Band (au Ch\u00e2teau du Rozier) - Ch\u00e2teau de Goutelas\",\"isPartOf\":{\"@id\":\"https:\\\/\\\/www.chateaudegoutelas.fr\\\/#website\"},\"primaryImageOfPage\":{\"@id\":\"https:\\\/\\\/www.chateaudegoutelas.fr\\\/archive\\\/samedi-18-06-concert-panorama-madalitso-band-au-chateau-du-rozier\\\/#primaryimage\"},\"image\":{\"@id\":\"https:\\\/\\\/www.chateaudegoutelas.fr\\\/archive\\\/samedi-18-06-concert-panorama-madalitso-band-au-chateau-du-rozier\\\/#primaryimage\"},\"thumbnailUrl\":\"https:\\\/\\\/www.chateaudegoutelas.fr\\\/wp-content\\\/uploads\\\/2022\\\/06\\\/madalitso-hlm-scaled.jpg\",\"datePublished\":\"2022-05-09T07:55:23+00:00\",\"dateModified\":\"2023-05-26T07:54:55+00:00\",\"breadcrumb\":{\"@id\":\"https:\\\/\\\/www.chateaudegoutelas.fr\\\/archive\\\/samedi-18-06-concert-panorama-madalitso-band-au-chateau-du-rozier\\\/#breadcrumb\"},\"inLanguage\":\"en-GB\",\"potentialAction\":[{\"@type\":\"ReadAction\",\"target\":[\"https:\\\/\\\/www.chateaudegoutelas.fr\\\/archive\\\/samedi-18-06-concert-panorama-madalitso-band-au-chateau-du-rozier\\\/\"]}]},{\"@type\":\"ImageObject\",\"inLanguage\":\"en-GB\",\"@id\":\"https:\\\/\\\/www.chateaudegoutelas.fr\\\/archive\\\/samedi-18-06-concert-panorama-madalitso-band-au-chateau-du-rozier\\\/#primaryimage\",\"url\":\"https:\\\/\\\/www.chateaudegoutelas.fr\\\/wp-content\\\/uploads\\\/2022\\\/06\\\/madalitso-hlm-scaled.jpg\",\"contentUrl\":\"https:\\\/\\\/www.chateaudegoutelas.fr\\\/wp-content\\\/uploads\\\/2022\\\/06\\\/madalitso-hlm-scaled.jpg\",\"width\":2560,\"height\":1440},{\"@type\":\"BreadcrumbList\",\"@id\":\"https:\\\/\\\/www.chateaudegoutelas.fr\\\/archive\\\/samedi-18-06-concert-panorama-madalitso-band-au-chateau-du-rozier\\\/#breadcrumb\",\"itemListElement\":[{\"@type\":\"ListItem\",\"position\":1,\"name\":\"Accueil\",\"item\":\"https:\\\/\\\/www.chateaudegoutelas.fr\\\/\"},{\"@type\":\"ListItem\",\"position\":2,\"name\":\"SAMEDI 18\\\/06 &#8211; CONCERT PANORAMA : Madalitso Band (au Ch\u00e2teau du Rozier)\"}]},{\"@type\":\"WebSite\",\"@id\":\"https:\\\/\\\/www.chateaudegoutelas.fr\\\/#website\",\"url\":\"https:\\\/\\\/www.chateaudegoutelas.fr\\\/\",\"name\":\"Ch\u00e2teau de Goutelas\",\"description\":\"Un centre culturel de rencontre en Forez\",\"publisher\":{\"@id\":\"https:\\\/\\\/www.chateaudegoutelas.fr\\\/#organization\"},\"potentialAction\":[{\"@type\":\"SearchAction\",\"target\":{\"@type\":\"EntryPoint\",\"urlTemplate\":\"https:\\\/\\\/www.chateaudegoutelas.fr\\\/?s={search_term_string}\"},\"query-input\":{\"@type\":\"PropertyValueSpecification\",\"valueRequired\":true,\"valueName\":\"search_term_string\"}}],\"inLanguage\":\"en-GB\"},{\"@type\":\"Organization\",\"@id\":\"https:\\\/\\\/www.chateaudegoutelas.fr\\\/#organization\",\"name\":\"Ch\u00e2teau de Goutelas\",\"url\":\"https:\\\/\\\/www.chateaudegoutelas.fr\\\/\",\"logo\":{\"@type\":\"ImageObject\",\"inLanguage\":\"en-GB\",\"@id\":\"https:\\\/\\\/www.chateaudegoutelas.fr\\\/#\\\/schema\\\/logo\\\/image\\\/\",\"url\":\"https:\\\/\\\/www.chateaudegoutelas.fr\\\/wp-content\\\/uploads\\\/2023\\\/05\\\/logo-chateau-goutelas-bleu.png\",\"contentUrl\":\"https:\\\/\\\/www.chateaudegoutelas.fr\\\/wp-content\\\/uploads\\\/2023\\\/05\\\/logo-chateau-goutelas-bleu.png\",\"width\":1123,\"height\":327,\"caption\":\"Ch\u00e2teau de Goutelas\"},\"image\":{\"@id\":\"https:\\\/\\\/www.chateaudegoutelas.fr\\\/#\\\/schema\\\/logo\\\/image\\\/\"}}]}<\/script>\n<!-- \/ Yoast SEO plugin. -->","yoast_head_json":{"title":"SAMEDI 18\/06 - CONCERT PANORAMA : Madalitso Band (au Ch\u00e2teau du Rozier) - Ch\u00e2teau de Goutelas","robots":{"index":"index","follow":"follow","max-snippet":"max-snippet:-1","max-image-preview":"max-image-preview:large","max-video-preview":"max-video-preview:-1"},"canonical":"https:\/\/www.chateaudegoutelas.fr\/en\/archive\/samedi-18-06-concert-panorama-madalitso-band-au-chateau-du-rozier\/","og_locale":"en_GB","og_type":"article","og_title":"SAMEDI 18\/06 - CONCERT PANORAMA : Madalitso Band (au Ch\u00e2teau du Rozier) - Ch\u00e2teau de Goutelas","og_description":"Samedi 18 juin 20h PANORAMA #2 au Ch\u00e2teau du Rozier (Feurs) Consid\u00e9r\u00e9s comme de v\u00e9ritables proph\u00e8tes musicaux au Malawi, ils jouent en souriant une musique d\u2019une sinc\u00e9rit\u00e9 et d\u2019une l\u00e9g\u00e8ret\u00e9 imparables. De retour en Europe avec un second album produit par le fameux label genevois Les Disques Bongo Joe, le groupe a d\u00e9j\u00e0 foul\u00e9 les [&hellip;]","og_url":"https:\/\/www.chateaudegoutelas.fr\/en\/archive\/samedi-18-06-concert-panorama-madalitso-band-au-chateau-du-rozier\/","og_site_name":"Ch\u00e2teau de Goutelas","article_modified_time":"2023-05-26T07:54:55+00:00","og_image":[{"width":2560,"height":1440,"url":"https:\/\/www.chateaudegoutelas.fr\/wp-content\/uploads\/2022\/06\/madalitso-hlm-scaled.jpg","type":"image\/jpeg"}],"twitter_card":"summary_large_image","twitter_misc":{"Estimated reading time":"2 minutes"},"schema":{"@context":"https:\/\/schema.org","@graph":[{"@type":"WebPage","@id":"https:\/\/www.chateaudegoutelas.fr\/archive\/samedi-18-06-concert-panorama-madalitso-band-au-chateau-du-rozier\/","url":"https:\/\/www.chateaudegoutelas.fr\/archive\/samedi-18-06-concert-panorama-madalitso-band-au-chateau-du-rozier\/","name":"SAMEDI 18\/06 - CONCERT PANORAMA : Madalitso Band (au Ch\u00e2teau du Rozier) - Ch\u00e2teau de Goutelas","isPartOf":{"@id":"https:\/\/www.chateaudegoutelas.fr\/#website"},"primaryImageOfPage":{"@id":"https:\/\/www.chateaudegoutelas.fr\/archive\/samedi-18-06-concert-panorama-madalitso-band-au-chateau-du-rozier\/#primaryimage"},"image":{"@id":"https:\/\/www.chateaudegoutelas.fr\/archive\/samedi-18-06-concert-panorama-madalitso-band-au-chateau-du-rozier\/#primaryimage"},"thumbnailUrl":"https:\/\/www.chateaudegoutelas.fr\/wp-content\/uploads\/2022\/06\/madalitso-hlm-scaled.jpg","datePublished":"2022-05-09T07:55:23+00:00","dateModified":"2023-05-26T07:54:55+00:00","breadcrumb":{"@id":"https:\/\/www.chateaudegoutelas.fr\/archive\/samedi-18-06-concert-panorama-madalitso-band-au-chateau-du-rozier\/#breadcrumb"},"inLanguage":"en-GB","potentialAction":[{"@type":"ReadAction","target":["https:\/\/www.chateaudegoutelas.fr\/archive\/samedi-18-06-concert-panorama-madalitso-band-au-chateau-du-rozier\/"]}]},{"@type":"ImageObject","inLanguage":"en-GB","@id":"https:\/\/www.chateaudegoutelas.fr\/archive\/samedi-18-06-concert-panorama-madalitso-band-au-chateau-du-rozier\/#primaryimage","url":"https:\/\/www.chateaudegoutelas.fr\/wp-content\/uploads\/2022\/06\/madalitso-hlm-scaled.jpg","contentUrl":"https:\/\/www.chateaudegoutelas.fr\/wp-content\/uploads\/2022\/06\/madalitso-hlm-scaled.jpg","width":2560,"height":1440},{"@type":"BreadcrumbList","@id":"https:\/\/www.chateaudegoutelas.fr\/archive\/samedi-18-06-concert-panorama-madalitso-band-au-chateau-du-rozier\/#breadcrumb","itemListElement":[{"@type":"ListItem","position":1,"name":"Accueil","item":"https:\/\/www.chateaudegoutelas.fr\/"},{"@type":"ListItem","position":2,"name":"SAMEDI 18\/06 &#8211; CONCERT PANORAMA : Madalitso Band (au Ch\u00e2teau du Rozier)"}]},{"@type":"WebSite","@id":"https:\/\/www.chateaudegoutelas.fr\/#website","url":"https:\/\/www.chateaudegoutelas.fr\/","name":"Ch\u00e2teau de Goutelas","description":"Un centre culturel de rencontre en Forez","publisher":{"@id":"https:\/\/www.chateaudegoutelas.fr\/#organization"},"potentialAction":[{"@type":"SearchAction","target":{"@type":"EntryPoint","urlTemplate":"https:\/\/www.chateaudegoutelas.fr\/?s={search_term_string}"},"query-input":{"@type":"PropertyValueSpecification","valueRequired":true,"valueName":"search_term_string"}}],"inLanguage":"en-GB"},{"@type":"Organization","@id":"https:\/\/www.chateaudegoutelas.fr\/#organization","name":"Ch\u00e2teau de Goutelas","url":"https:\/\/www.chateaudegoutelas.fr\/","logo":{"@type":"ImageObject","inLanguage":"en-GB","@id":"https:\/\/www.chateaudegoutelas.fr\/#\/schema\/logo\/image\/","url":"https:\/\/www.chateaudegoutelas.fr\/wp-content\/uploads\/2023\/05\/logo-chateau-goutelas-bleu.png","contentUrl":"https:\/\/www.chateaudegoutelas.fr\/wp-content\/uploads\/2023\/05\/logo-chateau-goutelas-bleu.png","width":1123,"height":327,"caption":"Ch\u00e2teau de Goutelas"},"image":{"@id":"https:\/\/www.chateaudegoutelas.fr\/#\/schema\/logo\/image\/"}}]}},"_links":{"self":[{"href":"https:\/\/www.chateaudegoutelas.fr\/en\/wp-json\/wp\/v2\/archive\/4559","targetHints":{"allow":["GET"]}}],"collection":[{"href":"https:\/\/www.chateaudegoutelas.fr\/en\/wp-json\/wp\/v2\/archive"}],"about":[{"href":"https:\/\/www.chateaudegoutelas.fr\/en\/wp-json\/wp\/v2\/types\/archive"}],"author":[{"embeddable":true,"href":"https:\/\/www.chateaudegoutelas.fr\/en\/wp-json\/wp\/v2\/users\/7"}],"wp:featuredmedia":[{"embeddable":true,"href":"https:\/\/www.chateaudegoutelas.fr\/en\/wp-json\/wp\/v2\/media\/4561"}],"wp:attachment":[{"href":"https:\/\/www.chateaudegoutelas.fr\/en\/wp-json\/wp\/v2\/media?parent=4559"}],"wp:term":[{"taxonomy":"category","embeddable":true,"href":"https:\/\/www.chateaudegoutelas.fr\/en\/wp-json\/wp\/v2\/categories?post=4559"},{"taxonomy":"post_tag","embeddable":true,"href":"https:\/\/www.chateaudegoutelas.fr\/en\/wp-json\/wp\/v2\/tags?post=4559"}],"curies":[{"name":"wp","href":"https:\/\/api.w.org\/{rel}","templated":true}]}}