{"id":4555,"date":"2022-05-09T09:32:46","date_gmt":"2022-05-09T07:32:46","guid":{"rendered":"https:\/\/www.chateaudegoutelas.fr\/?p=4555"},"modified":"2023-05-26T09:55:00","modified_gmt":"2023-05-26T07:55:00","slug":"samedi-04-06-concert-panorama-mafia-wanaca-au-chateau-du-rozier","status":"publish","type":"archive","link":"https:\/\/www.chateaudegoutelas.fr\/en\/archive\/samedi-04-06-concert-panorama-mafia-wanaca-au-chateau-du-rozier\/","title":{"rendered":"SAMEDI 04\/06 &#8211; CONCERT PANORAMA : Mafia Wanaca (au Ch\u00e2teau du Rozier)"},"content":{"rendered":"<div class=\"shmMigrate\"><\/div>\n<div class=\"shmMigrate\"><\/div>\n<div class=\"shmMigrate\"><\/div>\n<div class=\"shmMigrate\"><\/div>\n<h4><span style=\"font-weight: 400;\">Samedi 4 juin<\/span><\/h4>\n<h4><span style=\"font-weight: 400;\">20h<\/span><\/h4>\n<h4>PANORAMA #1 au Ch\u00e2teau du Rozier (Feurs)<\/h4>\n<div class=\"shmMigrate\"><\/div>\n<div class=\"shmMigrate\"><\/div>\n<div class=\"shmMigrate\"><\/div>\n<p><span data-sheets-value=\"{&quot;1&quot;:2,&quot;2&quot;:&quot;SOIR\u00c9E PANORAMA #31 Le Ch\u00e2teau de Goutelas et le Ch\u00e2teau du Rozier s'associent pour vous proposer cette programmation musicale. Un chaloup\u00e9 d'accord\u00e9on, la clameur du saxophone, le balancement du tuba et du Guiro, tout droit sortis d'un film de gangster \u00e0 la bande originale tropicale avec leur Cumbia ill\u00e9gal, nos 4 gentlemen cambrioleurs font revivre dans la rue les plus grandes Cumbia et les Merengue les plus fr\u00e9n\u00e9tiques. Un jeu de sc\u00e8ne en fran\u00e7ais et espagnol plein de r\u00e9f\u00e9rences tarantinesques embarque le public.&quot;}\" data-sheets-userformat=\"{&quot;2&quot;:13309,&quot;3&quot;:{&quot;1&quot;:0},&quot;5&quot;:{&quot;1&quot;:[{&quot;1&quot;:2,&quot;2&quot;:0,&quot;5&quot;:{&quot;1&quot;:2,&quot;2&quot;:0}},{&quot;1&quot;:0,&quot;2&quot;:0,&quot;3&quot;:3},{&quot;1&quot;:1,&quot;2&quot;:0,&quot;4&quot;:1}]},&quot;6&quot;:{&quot;1&quot;:[{&quot;1&quot;:2,&quot;2&quot;:0,&quot;5&quot;:{&quot;1&quot;:2,&quot;2&quot;:0}},{&quot;1&quot;:0,&quot;2&quot;:0,&quot;3&quot;:3},{&quot;1&quot;:1,&quot;2&quot;:0,&quot;4&quot;:1}]},&quot;7&quot;:{&quot;1&quot;:[{&quot;1&quot;:2,&quot;2&quot;:0,&quot;5&quot;:{&quot;1&quot;:2,&quot;2&quot;:0}},{&quot;1&quot;:0,&quot;2&quot;:0,&quot;3&quot;:3},{&quot;1&quot;:1,&quot;2&quot;:0,&quot;4&quot;:1}]},&quot;8&quot;:{&quot;1&quot;:[{&quot;1&quot;:2,&quot;2&quot;:0,&quot;5&quot;:{&quot;1&quot;:2,&quot;2&quot;:0}},{&quot;1&quot;:0,&quot;2&quot;:0,&quot;3&quot;:3},{&quot;1&quot;:1,&quot;2&quot;:0,&quot;4&quot;:1}]},&quot;9&quot;:0,&quot;10&quot;:1,&quot;11&quot;:4,&quot;12&quot;:0,&quot;15&quot;:&quot;Raleway&quot;,&quot;16&quot;:8}\">Un chaloup\u00e9 d\u2019accord\u00e9on, la clameur du saxophone, le balancement du tuba et du Guiro, tout droit sortis d\u2019un film de gangster \u00e0 la bande originale tropicale avec leur Cumbia ill\u00e9gal, nos 4 gentlemen cambrioleurs font revivre dans la rue les plus grandes Cumbia et les Merengue les plus fr\u00e9n\u00e9tiques. Un jeu de sc\u00e8ne en fran\u00e7ais et espagnol plein de r\u00e9f\u00e9rences tarantinesques embarque le public.<\/span><\/p>\n<p><span data-sheets-value=\"{&quot;1&quot;:2,&quot;2&quot;:&quot;&#x1f374;Restauration sur place avec Lisbon Foodtruck&quot;}\" data-sheets-userformat=\"{&quot;2&quot;:1063747,&quot;3&quot;:{&quot;1&quot;:0},&quot;4&quot;:{&quot;1&quot;:2,&quot;2&quot;:16777215},&quot;9&quot;:0,&quot;11&quot;:4,&quot;12&quot;:0,&quot;14&quot;:{&quot;1&quot;:2,&quot;2&quot;:0},&quot;15&quot;:&quot;Raleway&quot;,&quot;16&quot;:8,&quot;23&quot;:1}\" data-sheets-textstyleruns=\"{&quot;1&quot;:0}\uee10{&quot;1&quot;:30,&quot;2&quot;:{&quot;2&quot;:{&quot;1&quot;:2,&quot;2&quot;:1136076},&quot;9&quot;:1}}\" data-sheets-hyperlinkruns=\"{&quot;1&quot;:30,&quot;2&quot;:&quot;https:\/\/www.facebook.com\/lisbonfoodtruck&quot;}\uee10{&quot;1&quot;:46}\">&#x1f374;Restauration sur place avec\u00a0<a class=\"in-cell-link\" href=\"https:\/\/www.facebook.com\/lisbonfoodtruck\" target=\"_blank\" rel=\"noopener\">Lisbon Foodtruck<\/a><\/span><\/p>\n<div class=\"shmMigrate\"><\/div>\n<div class=\"shmMigrate\"><\/div>\n<div class=\"shmMigrate\"><\/div>\n<p><strong>Au Ch\u00e2teau du Rozier, 1 rue d&rsquo;Assier, Feurs<\/strong><\/p>\n<p><strong>En plein air &#8211; Gratuit<\/strong><\/p>\n<p><strong>R\u00e9servation aupr\u00e8s du <a href=\"https:\/\/www.chateaudurozier.fr\/\">Ch\u00e2teau du Rozier<\/a><\/strong><\/p>\n<div class=\"shmMigrate\"><\/div>\n<div class=\"shmMigrate\"><\/div>\n<div class=\"shmMigrate\"><\/div>\n<div class=\"shmMigrate\"><\/div>\n<p><span style=\"font-weight: 400;\">Le Ch\u00e2teau de Goutelas et le Ch\u00e2teau du Rozier (Feurs) s\u2019associent pour vous proposer les soir\u00e9es-concerts Panorama, une programmation qui s&rsquo;ouvre \u00e0 180\u00b0 sur les paysages musicaux actuels.<\/span><\/p>\n<div class=\"shmMigrate\"><\/div>\n<div class=\"shmMigrate\"><\/div>\n<div class=\"shmMigrate\"><\/div>\n<p>Photo \u00a9 Thomas O&rsquo;Brian<\/p>\n<div class=\"shmMigrate\"><\/div>\n<div class=\"shmMigrate\"><\/div>\n<div class=\"shmMigrate\"><\/div>\n<div class=\"shmMigrate\"><\/div>\n","protected":false},"author":7,"featured_media":4556,"template":"","meta":{"site-sidebar-layout":"default","site-content-layout":"","ast-site-content-layout":"default","site-content-style":"default","site-sidebar-style":"default","ast-global-header-display":"","ast-banner-title-visibility":"","ast-main-header-display":"","ast-hfb-above-header-display":"","ast-hfb-below-header-display":"","ast-hfb-mobile-header-display":"","site-post-title":"","ast-breadcrumbs-content":null,"ast-featured-img":"","footer-sml-layout":"","ast-disable-related-posts":"","theme-transparent-header-meta":"","adv-header-id-meta":"","stick-header-meta":"","header-above-stick-meta":null,"header-main-stick-meta":"","header-below-stick-meta":null,"astra-migrate-meta-layouts":"default","ast-page-background-enabled":"default","ast-page-background-meta":{"desktop":{"background-color":"","background-image":"","background-repeat":"repeat","background-position":"center center","background-size":"auto","background-attachment":"scroll","background-type":"","background-media":"","overlay-type":"","overlay-color":"","overlay-opacity":"","overlay-gradient":""},"tablet":{"background-color":"","background-image":"","background-repeat":"repeat","background-position":"center center","background-size":"auto","background-attachment":"scroll","background-type":"","background-media":"","overlay-type":"","overlay-color":"","overlay-opacity":"","overlay-gradient":""},"mobile":{"background-color":"","background-image":"","background-repeat":"repeat","background-position":"center center","background-size":"auto","background-attachment":"scroll","background-type":"","background-media":"","overlay-type":"","overlay-color":"","overlay-opacity":"","overlay-gradient":""}},"ast-content-background-meta":{"desktop":{"background-color":"var(--ast-global-color-5)","background-image":"","background-repeat":"repeat","background-position":"center center","background-size":"auto","background-attachment":"scroll","background-type":"","background-media":"","overlay-type":"","overlay-color":"","overlay-opacity":"","overlay-gradient":""},"tablet":{"background-color":"var(--ast-global-color-5)","background-image":"","background-repeat":"repeat","background-position":"center center","background-size":"auto","background-attachment":"scroll","background-type":"","background-media":"","overlay-type":"","overlay-color":"","overlay-opacity":"","overlay-gradient":""},"mobile":{"background-color":"var(--ast-global-color-5)","background-image":"","background-repeat":"repeat","background-position":"center center","background-size":"auto","background-attachment":"scroll","background-type":"","background-media":"","overlay-type":"","overlay-color":"","overlay-opacity":"","overlay-gradient":""}}},"categories":[4],"tags":[],"class_list":["post-4555","archive","type-archive","status-publish","has-post-thumbnail","hentry","category-actualites"],"yoast_head":"<!-- This site is optimized with the Yoast SEO plugin v27.5 - https:\/\/yoast.com\/product\/yoast-seo-wordpress\/ -->\n<title>SAMEDI 04\/06 - CONCERT PANORAMA : Mafia Wanaca (au Ch\u00e2teau du Rozier) - Ch\u00e2teau de Goutelas<\/title>\n<meta name=\"robots\" content=\"index, follow, max-snippet:-1, max-image-preview:large, max-video-preview:-1\" \/>\n<link rel=\"canonical\" href=\"https:\/\/www.chateaudegoutelas.fr\/en\/archive\/samedi-04-06-concert-panorama-mafia-wanaca-au-chateau-du-rozier\/\" \/>\n<meta property=\"og:locale\" content=\"en_GB\" \/>\n<meta property=\"og:type\" content=\"article\" \/>\n<meta property=\"og:title\" content=\"SAMEDI 04\/06 - CONCERT PANORAMA : Mafia Wanaca (au Ch\u00e2teau du Rozier) - Ch\u00e2teau de Goutelas\" \/>\n<meta property=\"og:description\" content=\"Samedi 4 juin 20h PANORAMA #1 au Ch\u00e2teau du Rozier (Feurs) Un chaloup\u00e9 d\u2019accord\u00e9on, la clameur du saxophone, le balancement du tuba et du Guiro, tout droit sortis d\u2019un film de gangster \u00e0 la bande originale tropicale avec leur Cumbia ill\u00e9gal, nos 4 gentlemen cambrioleurs font revivre dans la rue les plus grandes Cumbia et [&hellip;]\" \/>\n<meta property=\"og:url\" content=\"https:\/\/www.chateaudegoutelas.fr\/en\/archive\/samedi-04-06-concert-panorama-mafia-wanaca-au-chateau-du-rozier\/\" \/>\n<meta property=\"og:site_name\" content=\"Ch\u00e2teau de Goutelas\" \/>\n<meta property=\"article:modified_time\" content=\"2023-05-26T07:55:00+00:00\" \/>\n<meta property=\"og:image\" content=\"https:\/\/www.chateaudegoutelas.fr\/wp-content\/uploads\/2022\/06\/mafia-wanaca-hlm-min-scaled.jpg\" \/>\n\t<meta property=\"og:image:width\" content=\"2560\" \/>\n\t<meta property=\"og:image:height\" content=\"1440\" \/>\n\t<meta property=\"og:image:type\" content=\"image\/jpeg\" \/>\n<meta name=\"twitter:card\" content=\"summary_large_image\" \/>\n<meta name=\"twitter:label1\" content=\"Estimated reading time\" \/>\n\t<meta name=\"twitter:data1\" content=\"1 minute\" \/>\n<script type=\"application\/ld+json\" class=\"yoast-schema-graph\">{\"@context\":\"https:\\\/\\\/schema.org\",\"@graph\":[{\"@type\":\"WebPage\",\"@id\":\"https:\\\/\\\/www.chateaudegoutelas.fr\\\/archive\\\/samedi-04-06-concert-panorama-mafia-wanaca-au-chateau-du-rozier\\\/\",\"url\":\"https:\\\/\\\/www.chateaudegoutelas.fr\\\/archive\\\/samedi-04-06-concert-panorama-mafia-wanaca-au-chateau-du-rozier\\\/\",\"name\":\"SAMEDI 04\\\/06 - CONCERT PANORAMA : Mafia Wanaca (au Ch\u00e2teau du Rozier) - Ch\u00e2teau de Goutelas\",\"isPartOf\":{\"@id\":\"https:\\\/\\\/www.chateaudegoutelas.fr\\\/#website\"},\"primaryImageOfPage\":{\"@id\":\"https:\\\/\\\/www.chateaudegoutelas.fr\\\/archive\\\/samedi-04-06-concert-panorama-mafia-wanaca-au-chateau-du-rozier\\\/#primaryimage\"},\"image\":{\"@id\":\"https:\\\/\\\/www.chateaudegoutelas.fr\\\/archive\\\/samedi-04-06-concert-panorama-mafia-wanaca-au-chateau-du-rozier\\\/#primaryimage\"},\"thumbnailUrl\":\"https:\\\/\\\/www.chateaudegoutelas.fr\\\/wp-content\\\/uploads\\\/2022\\\/06\\\/mafia-wanaca-hlm-min-scaled.jpg\",\"datePublished\":\"2022-05-09T07:32:46+00:00\",\"dateModified\":\"2023-05-26T07:55:00+00:00\",\"breadcrumb\":{\"@id\":\"https:\\\/\\\/www.chateaudegoutelas.fr\\\/archive\\\/samedi-04-06-concert-panorama-mafia-wanaca-au-chateau-du-rozier\\\/#breadcrumb\"},\"inLanguage\":\"en-GB\",\"potentialAction\":[{\"@type\":\"ReadAction\",\"target\":[\"https:\\\/\\\/www.chateaudegoutelas.fr\\\/archive\\\/samedi-04-06-concert-panorama-mafia-wanaca-au-chateau-du-rozier\\\/\"]}]},{\"@type\":\"ImageObject\",\"inLanguage\":\"en-GB\",\"@id\":\"https:\\\/\\\/www.chateaudegoutelas.fr\\\/archive\\\/samedi-04-06-concert-panorama-mafia-wanaca-au-chateau-du-rozier\\\/#primaryimage\",\"url\":\"https:\\\/\\\/www.chateaudegoutelas.fr\\\/wp-content\\\/uploads\\\/2022\\\/06\\\/mafia-wanaca-hlm-min-scaled.jpg\",\"contentUrl\":\"https:\\\/\\\/www.chateaudegoutelas.fr\\\/wp-content\\\/uploads\\\/2022\\\/06\\\/mafia-wanaca-hlm-min-scaled.jpg\",\"width\":2560,\"height\":1440},{\"@type\":\"BreadcrumbList\",\"@id\":\"https:\\\/\\\/www.chateaudegoutelas.fr\\\/archive\\\/samedi-04-06-concert-panorama-mafia-wanaca-au-chateau-du-rozier\\\/#breadcrumb\",\"itemListElement\":[{\"@type\":\"ListItem\",\"position\":1,\"name\":\"Accueil\",\"item\":\"https:\\\/\\\/www.chateaudegoutelas.fr\\\/\"},{\"@type\":\"ListItem\",\"position\":2,\"name\":\"SAMEDI 04\\\/06 &#8211; CONCERT PANORAMA : Mafia Wanaca (au Ch\u00e2teau du Rozier)\"}]},{\"@type\":\"WebSite\",\"@id\":\"https:\\\/\\\/www.chateaudegoutelas.fr\\\/#website\",\"url\":\"https:\\\/\\\/www.chateaudegoutelas.fr\\\/\",\"name\":\"Ch\u00e2teau de Goutelas\",\"description\":\"Un centre culturel de rencontre en Forez\",\"publisher\":{\"@id\":\"https:\\\/\\\/www.chateaudegoutelas.fr\\\/#organization\"},\"potentialAction\":[{\"@type\":\"SearchAction\",\"target\":{\"@type\":\"EntryPoint\",\"urlTemplate\":\"https:\\\/\\\/www.chateaudegoutelas.fr\\\/?s={search_term_string}\"},\"query-input\":{\"@type\":\"PropertyValueSpecification\",\"valueRequired\":true,\"valueName\":\"search_term_string\"}}],\"inLanguage\":\"en-GB\"},{\"@type\":\"Organization\",\"@id\":\"https:\\\/\\\/www.chateaudegoutelas.fr\\\/#organization\",\"name\":\"Ch\u00e2teau de Goutelas\",\"url\":\"https:\\\/\\\/www.chateaudegoutelas.fr\\\/\",\"logo\":{\"@type\":\"ImageObject\",\"inLanguage\":\"en-GB\",\"@id\":\"https:\\\/\\\/www.chateaudegoutelas.fr\\\/#\\\/schema\\\/logo\\\/image\\\/\",\"url\":\"https:\\\/\\\/www.chateaudegoutelas.fr\\\/wp-content\\\/uploads\\\/2023\\\/05\\\/logo-chateau-goutelas-bleu.png\",\"contentUrl\":\"https:\\\/\\\/www.chateaudegoutelas.fr\\\/wp-content\\\/uploads\\\/2023\\\/05\\\/logo-chateau-goutelas-bleu.png\",\"width\":1123,\"height\":327,\"caption\":\"Ch\u00e2teau de Goutelas\"},\"image\":{\"@id\":\"https:\\\/\\\/www.chateaudegoutelas.fr\\\/#\\\/schema\\\/logo\\\/image\\\/\"}}]}<\/script>\n<!-- \/ Yoast SEO plugin. -->","yoast_head_json":{"title":"SAMEDI 04\/06 - CONCERT PANORAMA : Mafia Wanaca (au Ch\u00e2teau du Rozier) - Ch\u00e2teau de Goutelas","robots":{"index":"index","follow":"follow","max-snippet":"max-snippet:-1","max-image-preview":"max-image-preview:large","max-video-preview":"max-video-preview:-1"},"canonical":"https:\/\/www.chateaudegoutelas.fr\/en\/archive\/samedi-04-06-concert-panorama-mafia-wanaca-au-chateau-du-rozier\/","og_locale":"en_GB","og_type":"article","og_title":"SAMEDI 04\/06 - CONCERT PANORAMA : Mafia Wanaca (au Ch\u00e2teau du Rozier) - Ch\u00e2teau de Goutelas","og_description":"Samedi 4 juin 20h PANORAMA #1 au Ch\u00e2teau du Rozier (Feurs) Un chaloup\u00e9 d\u2019accord\u00e9on, la clameur du saxophone, le balancement du tuba et du Guiro, tout droit sortis d\u2019un film de gangster \u00e0 la bande originale tropicale avec leur Cumbia ill\u00e9gal, nos 4 gentlemen cambrioleurs font revivre dans la rue les plus grandes Cumbia et [&hellip;]","og_url":"https:\/\/www.chateaudegoutelas.fr\/en\/archive\/samedi-04-06-concert-panorama-mafia-wanaca-au-chateau-du-rozier\/","og_site_name":"Ch\u00e2teau de Goutelas","article_modified_time":"2023-05-26T07:55:00+00:00","og_image":[{"width":2560,"height":1440,"url":"https:\/\/www.chateaudegoutelas.fr\/wp-content\/uploads\/2022\/06\/mafia-wanaca-hlm-min-scaled.jpg","type":"image\/jpeg"}],"twitter_card":"summary_large_image","twitter_misc":{"Estimated reading time":"1 minute"},"schema":{"@context":"https:\/\/schema.org","@graph":[{"@type":"WebPage","@id":"https:\/\/www.chateaudegoutelas.fr\/archive\/samedi-04-06-concert-panorama-mafia-wanaca-au-chateau-du-rozier\/","url":"https:\/\/www.chateaudegoutelas.fr\/archive\/samedi-04-06-concert-panorama-mafia-wanaca-au-chateau-du-rozier\/","name":"SAMEDI 04\/06 - CONCERT PANORAMA : Mafia Wanaca (au Ch\u00e2teau du Rozier) - Ch\u00e2teau de Goutelas","isPartOf":{"@id":"https:\/\/www.chateaudegoutelas.fr\/#website"},"primaryImageOfPage":{"@id":"https:\/\/www.chateaudegoutelas.fr\/archive\/samedi-04-06-concert-panorama-mafia-wanaca-au-chateau-du-rozier\/#primaryimage"},"image":{"@id":"https:\/\/www.chateaudegoutelas.fr\/archive\/samedi-04-06-concert-panorama-mafia-wanaca-au-chateau-du-rozier\/#primaryimage"},"thumbnailUrl":"https:\/\/www.chateaudegoutelas.fr\/wp-content\/uploads\/2022\/06\/mafia-wanaca-hlm-min-scaled.jpg","datePublished":"2022-05-09T07:32:46+00:00","dateModified":"2023-05-26T07:55:00+00:00","breadcrumb":{"@id":"https:\/\/www.chateaudegoutelas.fr\/archive\/samedi-04-06-concert-panorama-mafia-wanaca-au-chateau-du-rozier\/#breadcrumb"},"inLanguage":"en-GB","potentialAction":[{"@type":"ReadAction","target":["https:\/\/www.chateaudegoutelas.fr\/archive\/samedi-04-06-concert-panorama-mafia-wanaca-au-chateau-du-rozier\/"]}]},{"@type":"ImageObject","inLanguage":"en-GB","@id":"https:\/\/www.chateaudegoutelas.fr\/archive\/samedi-04-06-concert-panorama-mafia-wanaca-au-chateau-du-rozier\/#primaryimage","url":"https:\/\/www.chateaudegoutelas.fr\/wp-content\/uploads\/2022\/06\/mafia-wanaca-hlm-min-scaled.jpg","contentUrl":"https:\/\/www.chateaudegoutelas.fr\/wp-content\/uploads\/2022\/06\/mafia-wanaca-hlm-min-scaled.jpg","width":2560,"height":1440},{"@type":"BreadcrumbList","@id":"https:\/\/www.chateaudegoutelas.fr\/archive\/samedi-04-06-concert-panorama-mafia-wanaca-au-chateau-du-rozier\/#breadcrumb","itemListElement":[{"@type":"ListItem","position":1,"name":"Accueil","item":"https:\/\/www.chateaudegoutelas.fr\/"},{"@type":"ListItem","position":2,"name":"SAMEDI 04\/06 &#8211; CONCERT PANORAMA : Mafia Wanaca (au Ch\u00e2teau du Rozier)"}]},{"@type":"WebSite","@id":"https:\/\/www.chateaudegoutelas.fr\/#website","url":"https:\/\/www.chateaudegoutelas.fr\/","name":"Ch\u00e2teau de Goutelas","description":"Un centre culturel de rencontre en Forez","publisher":{"@id":"https:\/\/www.chateaudegoutelas.fr\/#organization"},"potentialAction":[{"@type":"SearchAction","target":{"@type":"EntryPoint","urlTemplate":"https:\/\/www.chateaudegoutelas.fr\/?s={search_term_string}"},"query-input":{"@type":"PropertyValueSpecification","valueRequired":true,"valueName":"search_term_string"}}],"inLanguage":"en-GB"},{"@type":"Organization","@id":"https:\/\/www.chateaudegoutelas.fr\/#organization","name":"Ch\u00e2teau de Goutelas","url":"https:\/\/www.chateaudegoutelas.fr\/","logo":{"@type":"ImageObject","inLanguage":"en-GB","@id":"https:\/\/www.chateaudegoutelas.fr\/#\/schema\/logo\/image\/","url":"https:\/\/www.chateaudegoutelas.fr\/wp-content\/uploads\/2023\/05\/logo-chateau-goutelas-bleu.png","contentUrl":"https:\/\/www.chateaudegoutelas.fr\/wp-content\/uploads\/2023\/05\/logo-chateau-goutelas-bleu.png","width":1123,"height":327,"caption":"Ch\u00e2teau de Goutelas"},"image":{"@id":"https:\/\/www.chateaudegoutelas.fr\/#\/schema\/logo\/image\/"}}]}},"_links":{"self":[{"href":"https:\/\/www.chateaudegoutelas.fr\/en\/wp-json\/wp\/v2\/archive\/4555","targetHints":{"allow":["GET"]}}],"collection":[{"href":"https:\/\/www.chateaudegoutelas.fr\/en\/wp-json\/wp\/v2\/archive"}],"about":[{"href":"https:\/\/www.chateaudegoutelas.fr\/en\/wp-json\/wp\/v2\/types\/archive"}],"author":[{"embeddable":true,"href":"https:\/\/www.chateaudegoutelas.fr\/en\/wp-json\/wp\/v2\/users\/7"}],"wp:featuredmedia":[{"embeddable":true,"href":"https:\/\/www.chateaudegoutelas.fr\/en\/wp-json\/wp\/v2\/media\/4556"}],"wp:attachment":[{"href":"https:\/\/www.chateaudegoutelas.fr\/en\/wp-json\/wp\/v2\/media?parent=4555"}],"wp:term":[{"taxonomy":"category","embeddable":true,"href":"https:\/\/www.chateaudegoutelas.fr\/en\/wp-json\/wp\/v2\/categories?post=4555"},{"taxonomy":"post_tag","embeddable":true,"href":"https:\/\/www.chateaudegoutelas.fr\/en\/wp-json\/wp\/v2\/tags?post=4555"}],"curies":[{"name":"wp","href":"https:\/\/api.w.org\/{rel}","templated":true}]}}