{"id":4537,"date":"2022-05-09T09:43:19","date_gmt":"2022-05-09T07:43:19","guid":{"rendered":"https:\/\/www.chateaudegoutelas.fr\/?p=4537"},"modified":"2023-05-26T09:54:58","modified_gmt":"2023-05-26T07:54:58","slug":"samedi-11-06-conversation-les-droits-du-vivant-a-lheure-de-lanthropocene","status":"publish","type":"archive","link":"https:\/\/www.chateaudegoutelas.fr\/en\/archive\/samedi-11-06-conversation-les-droits-du-vivant-a-lheure-de-lanthropocene\/","title":{"rendered":"SAMEDI 11\/06 &#8211; CONVERSATION : Les droits du vivant \u00e0 l&rsquo;heure de l&rsquo;anthropoc\u00e8ne"},"content":{"rendered":"<div class=\"shmMigrate\"><\/div>\n<div class=\"shmMigrate\"><\/div>\n<div class=\"shmMigrate\"><\/div>\n<div class=\"shmMigrate\"><\/div>\n<h4>Dans le cadre du <a href=\"https:\/\/www.chateaudegoutelas.fr\/en\/du-10-06-au-12-06-temps-fort-futurs-possibles\/\">festival FUTURS POSSIBLES (10 au 12 juin 2022)<\/a><\/h4>\n<div class=\"shmMigrate\"><\/div>\n<div class=\"shmMigrate\"><\/div>\n<div class=\"shmMigrate\"><\/div>\n<h4><span style=\"font-weight: 400;\">Samedi 11 juin<\/span><\/h4>\n<h4><span style=\"font-weight: 400;\">16h30<\/span><\/h4>\n<div class=\"shmMigrate\"><\/div>\n<div class=\"shmMigrate\"><\/div>\n<div class=\"shmMigrate\"><\/div>\n<h4>Les droits du vivant \u00e0 l&rsquo;heure de l&rsquo;anthropoc\u00e8ne<\/h4>\n<p><strong>Avec<\/strong> <b>Philippe Descola<\/b>, anthropologue,\u00a0<b>Camille de Toledo<\/b>, juriste et \u00e9crivain.<\/p>\n<p>Conversation accompagn\u00e9e par\u00a0<b>Michel Lussault<\/b>, g\u00e9ographe.<\/p>\n<p><span style=\"font-weight: 400;\">\u00a0<\/span><\/p>\n<p>La reconnaissance des \u00ab droits de la nature \u00bb appara\u00eet comme l\u2019un des grands enjeux du XXIe si\u00e8cle. D\u00e9sormais, l\u2019humanisme juridique s\u2019\u00e9tend au-del\u00e0 de l\u2019humain : comment donner une voix aux non-humains ? Pourquoi est-il urgent de concevoir un droit \u00e9cosyst\u00e9mique ?<\/p>\n<p>\u00c0 partir de la m\u00e9taphore d\u2019une \u00ab Boussole des possibles \u00bb propos\u00e9e par Mireille Delmas-Marty, juriste et amie de Goutelas disparue r\u00e9cemment, trois penseurs d\u00e9battent des droits du vivant \u00e0 l\u2019heure de l\u2019anthropoc\u00e8ne.<\/p>\n<div class=\"shmMigrate\"><\/div>\n<div class=\"shmMigrate\"><\/div>\n<div class=\"shmMigrate\"><\/div>\n<p><b>Gratuit<\/b><\/p>\n<p><strong>Dur\u00e9e : 1h15 + \u00e9changes et d\u00e9bat<\/strong><\/p>\n<div class=\"shmMigrate\"><\/div>\n<div class=\"shmMigrate\"><\/div>\n<div class=\"shmMigrate\"><\/div>\n<div class=\"shmMigrate\"><\/div>\n<div dir=\"auto\">Photo Camille de Toledo \u00a9 Fondation Jan Michalski, Tonatiuh Ambrosetti<\/div>\n<div dir=\"auto\">Photo Philippe Descola \u00a9 Amigos Icecream Productions<\/div>\n<div dir=\"auto\">Photo Michel Lussault \u00a9 G.Garitan<\/div>\n<div class=\"shmMigrate\"><\/div>\n<div class=\"shmMigrate\"><\/div>\n<div class=\"shmMigrate\"><\/div>\n<div class=\"shmMigrate\"><\/div>","protected":false},"author":7,"featured_media":4548,"template":"","meta":{"site-sidebar-layout":"default","site-content-layout":"","ast-site-content-layout":"default","site-content-style":"default","site-sidebar-style":"default","ast-global-header-display":"","ast-banner-title-visibility":"","ast-main-header-display":"","ast-hfb-above-header-display":"","ast-hfb-below-header-display":"","ast-hfb-mobile-header-display":"","site-post-title":"","ast-breadcrumbs-content":null,"ast-featured-img":"","footer-sml-layout":"","ast-disable-related-posts":"","theme-transparent-header-meta":"","adv-header-id-meta":"","stick-header-meta":"","header-above-stick-meta":null,"header-main-stick-meta":"","header-below-stick-meta":null,"astra-migrate-meta-layouts":"default","ast-page-background-enabled":"default","ast-page-background-meta":{"desktop":{"background-color":"","background-image":"","background-repeat":"repeat","background-position":"center center","background-size":"auto","background-attachment":"scroll","background-type":"","background-media":"","overlay-type":"","overlay-color":"","overlay-opacity":"","overlay-gradient":""},"tablet":{"background-color":"","background-image":"","background-repeat":"repeat","background-position":"center center","background-size":"auto","background-attachment":"scroll","background-type":"","background-media":"","overlay-type":"","overlay-color":"","overlay-opacity":"","overlay-gradient":""},"mobile":{"background-color":"","background-image":"","background-repeat":"repeat","background-position":"center center","background-size":"auto","background-attachment":"scroll","background-type":"","background-media":"","overlay-type":"","overlay-color":"","overlay-opacity":"","overlay-gradient":""}},"ast-content-background-meta":{"desktop":{"background-color":"var(--ast-global-color-5)","background-image":"","background-repeat":"repeat","background-position":"center center","background-size":"auto","background-attachment":"scroll","background-type":"","background-media":"","overlay-type":"","overlay-color":"","overlay-opacity":"","overlay-gradient":""},"tablet":{"background-color":"var(--ast-global-color-5)","background-image":"","background-repeat":"repeat","background-position":"center center","background-size":"auto","background-attachment":"scroll","background-type":"","background-media":"","overlay-type":"","overlay-color":"","overlay-opacity":"","overlay-gradient":""},"mobile":{"background-color":"var(--ast-global-color-5)","background-image":"","background-repeat":"repeat","background-position":"center center","background-size":"auto","background-attachment":"scroll","background-type":"","background-media":"","overlay-type":"","overlay-color":"","overlay-opacity":"","overlay-gradient":""}}},"categories":[4],"tags":[],"class_list":["post-4537","archive","type-archive","status-publish","has-post-thumbnail","hentry","category-actualites"],"yoast_head":"<!-- This site is optimized with the Yoast SEO plugin v27.5 - https:\/\/yoast.com\/product\/yoast-seo-wordpress\/ -->\n<title>SAMEDI 11\/06 - CONVERSATION : Les droits du vivant \u00e0 l&#039;heure de l&#039;anthropoc\u00e8ne - Ch\u00e2teau de Goutelas<\/title>\n<meta name=\"robots\" content=\"index, follow, max-snippet:-1, max-image-preview:large, max-video-preview:-1\" \/>\n<link rel=\"canonical\" href=\"https:\/\/www.chateaudegoutelas.fr\/en\/archive\/samedi-11-06-conversation-les-droits-du-vivant-a-lheure-de-lanthropocene\/\" \/>\n<meta property=\"og:locale\" content=\"en_GB\" \/>\n<meta property=\"og:type\" content=\"article\" \/>\n<meta property=\"og:title\" content=\"SAMEDI 11\/06 - CONVERSATION : Les droits du vivant \u00e0 l&#039;heure de l&#039;anthropoc\u00e8ne - Ch\u00e2teau de Goutelas\" \/>\n<meta property=\"og:description\" content=\"Dans le cadre du festival FUTURS POSSIBLES (10 au 12 juin 2022) Samedi 11 juin 16h30 Les droits du vivant \u00e0 l&rsquo;heure de l&rsquo;anthropoc\u00e8ne Avec Philippe Descola, anthropologue,\u00a0Camille de Toledo, juriste et \u00e9crivain. Conversation accompagn\u00e9e par\u00a0Michel Lussault, g\u00e9ographe. \u00a0 La reconnaissance des \u00ab droits de la nature \u00bb appara\u00eet comme l\u2019un des grands enjeux du [&hellip;]\" \/>\n<meta property=\"og:url\" content=\"https:\/\/www.chateaudegoutelas.fr\/en\/archive\/samedi-11-06-conversation-les-droits-du-vivant-a-lheure-de-lanthropocene\/\" \/>\n<meta property=\"og:site_name\" content=\"Ch\u00e2teau de Goutelas\" \/>\n<meta property=\"article:modified_time\" content=\"2023-05-26T07:54:58+00:00\" \/>\n<meta property=\"og:image\" content=\"https:\/\/www.chateaudegoutelas.fr\/wp-content\/uploads\/2022\/05\/conversation_portraits.jpg\" \/>\n\t<meta property=\"og:image:width\" content=\"1079\" \/>\n\t<meta property=\"og:image:height\" content=\"799\" \/>\n\t<meta property=\"og:image:type\" content=\"image\/jpeg\" \/>\n<meta name=\"twitter:card\" content=\"summary_large_image\" \/>\n<meta name=\"twitter:label1\" content=\"Estimated reading time\" \/>\n\t<meta name=\"twitter:data1\" content=\"1 minute\" \/>\n<script type=\"application\/ld+json\" class=\"yoast-schema-graph\">{\"@context\":\"https:\\\/\\\/schema.org\",\"@graph\":[{\"@type\":\"WebPage\",\"@id\":\"https:\\\/\\\/www.chateaudegoutelas.fr\\\/archive\\\/samedi-11-06-conversation-les-droits-du-vivant-a-lheure-de-lanthropocene\\\/\",\"url\":\"https:\\\/\\\/www.chateaudegoutelas.fr\\\/archive\\\/samedi-11-06-conversation-les-droits-du-vivant-a-lheure-de-lanthropocene\\\/\",\"name\":\"SAMEDI 11\\\/06 - CONVERSATION : Les droits du vivant \u00e0 l'heure de l'anthropoc\u00e8ne - Ch\u00e2teau de Goutelas\",\"isPartOf\":{\"@id\":\"https:\\\/\\\/www.chateaudegoutelas.fr\\\/#website\"},\"primaryImageOfPage\":{\"@id\":\"https:\\\/\\\/www.chateaudegoutelas.fr\\\/archive\\\/samedi-11-06-conversation-les-droits-du-vivant-a-lheure-de-lanthropocene\\\/#primaryimage\"},\"image\":{\"@id\":\"https:\\\/\\\/www.chateaudegoutelas.fr\\\/archive\\\/samedi-11-06-conversation-les-droits-du-vivant-a-lheure-de-lanthropocene\\\/#primaryimage\"},\"thumbnailUrl\":\"https:\\\/\\\/www.chateaudegoutelas.fr\\\/wp-content\\\/uploads\\\/2022\\\/05\\\/conversation_portraits.jpg\",\"datePublished\":\"2022-05-09T07:43:19+00:00\",\"dateModified\":\"2023-05-26T07:54:58+00:00\",\"breadcrumb\":{\"@id\":\"https:\\\/\\\/www.chateaudegoutelas.fr\\\/archive\\\/samedi-11-06-conversation-les-droits-du-vivant-a-lheure-de-lanthropocene\\\/#breadcrumb\"},\"inLanguage\":\"en-GB\",\"potentialAction\":[{\"@type\":\"ReadAction\",\"target\":[\"https:\\\/\\\/www.chateaudegoutelas.fr\\\/archive\\\/samedi-11-06-conversation-les-droits-du-vivant-a-lheure-de-lanthropocene\\\/\"]}]},{\"@type\":\"ImageObject\",\"inLanguage\":\"en-GB\",\"@id\":\"https:\\\/\\\/www.chateaudegoutelas.fr\\\/archive\\\/samedi-11-06-conversation-les-droits-du-vivant-a-lheure-de-lanthropocene\\\/#primaryimage\",\"url\":\"https:\\\/\\\/www.chateaudegoutelas.fr\\\/wp-content\\\/uploads\\\/2022\\\/05\\\/conversation_portraits.jpg\",\"contentUrl\":\"https:\\\/\\\/www.chateaudegoutelas.fr\\\/wp-content\\\/uploads\\\/2022\\\/05\\\/conversation_portraits.jpg\",\"width\":1079,\"height\":799},{\"@type\":\"BreadcrumbList\",\"@id\":\"https:\\\/\\\/www.chateaudegoutelas.fr\\\/archive\\\/samedi-11-06-conversation-les-droits-du-vivant-a-lheure-de-lanthropocene\\\/#breadcrumb\",\"itemListElement\":[{\"@type\":\"ListItem\",\"position\":1,\"name\":\"Accueil\",\"item\":\"https:\\\/\\\/www.chateaudegoutelas.fr\\\/\"},{\"@type\":\"ListItem\",\"position\":2,\"name\":\"SAMEDI 11\\\/06 &#8211; CONVERSATION : Les droits du vivant \u00e0 l&rsquo;heure de l&rsquo;anthropoc\u00e8ne\"}]},{\"@type\":\"WebSite\",\"@id\":\"https:\\\/\\\/www.chateaudegoutelas.fr\\\/#website\",\"url\":\"https:\\\/\\\/www.chateaudegoutelas.fr\\\/\",\"name\":\"Ch\u00e2teau de Goutelas\",\"description\":\"Un centre culturel de rencontre en Forez\",\"publisher\":{\"@id\":\"https:\\\/\\\/www.chateaudegoutelas.fr\\\/#organization\"},\"potentialAction\":[{\"@type\":\"SearchAction\",\"target\":{\"@type\":\"EntryPoint\",\"urlTemplate\":\"https:\\\/\\\/www.chateaudegoutelas.fr\\\/?s={search_term_string}\"},\"query-input\":{\"@type\":\"PropertyValueSpecification\",\"valueRequired\":true,\"valueName\":\"search_term_string\"}}],\"inLanguage\":\"en-GB\"},{\"@type\":\"Organization\",\"@id\":\"https:\\\/\\\/www.chateaudegoutelas.fr\\\/#organization\",\"name\":\"Ch\u00e2teau de Goutelas\",\"url\":\"https:\\\/\\\/www.chateaudegoutelas.fr\\\/\",\"logo\":{\"@type\":\"ImageObject\",\"inLanguage\":\"en-GB\",\"@id\":\"https:\\\/\\\/www.chateaudegoutelas.fr\\\/#\\\/schema\\\/logo\\\/image\\\/\",\"url\":\"https:\\\/\\\/www.chateaudegoutelas.fr\\\/wp-content\\\/uploads\\\/2023\\\/05\\\/logo-chateau-goutelas-bleu.png\",\"contentUrl\":\"https:\\\/\\\/www.chateaudegoutelas.fr\\\/wp-content\\\/uploads\\\/2023\\\/05\\\/logo-chateau-goutelas-bleu.png\",\"width\":1123,\"height\":327,\"caption\":\"Ch\u00e2teau de Goutelas\"},\"image\":{\"@id\":\"https:\\\/\\\/www.chateaudegoutelas.fr\\\/#\\\/schema\\\/logo\\\/image\\\/\"}}]}<\/script>\n<!-- \/ Yoast SEO plugin. -->","yoast_head_json":{"title":"SAMEDI 11\/06 - CONVERSATION : Les droits du vivant \u00e0 l'heure de l'anthropoc\u00e8ne - Ch\u00e2teau de Goutelas","robots":{"index":"index","follow":"follow","max-snippet":"max-snippet:-1","max-image-preview":"max-image-preview:large","max-video-preview":"max-video-preview:-1"},"canonical":"https:\/\/www.chateaudegoutelas.fr\/en\/archive\/samedi-11-06-conversation-les-droits-du-vivant-a-lheure-de-lanthropocene\/","og_locale":"en_GB","og_type":"article","og_title":"SAMEDI 11\/06 - CONVERSATION : Les droits du vivant \u00e0 l'heure de l'anthropoc\u00e8ne - Ch\u00e2teau de Goutelas","og_description":"Dans le cadre du festival FUTURS POSSIBLES (10 au 12 juin 2022) Samedi 11 juin 16h30 Les droits du vivant \u00e0 l&rsquo;heure de l&rsquo;anthropoc\u00e8ne Avec Philippe Descola, anthropologue,\u00a0Camille de Toledo, juriste et \u00e9crivain. Conversation accompagn\u00e9e par\u00a0Michel Lussault, g\u00e9ographe. \u00a0 La reconnaissance des \u00ab droits de la nature \u00bb appara\u00eet comme l\u2019un des grands enjeux du [&hellip;]","og_url":"https:\/\/www.chateaudegoutelas.fr\/en\/archive\/samedi-11-06-conversation-les-droits-du-vivant-a-lheure-de-lanthropocene\/","og_site_name":"Ch\u00e2teau de Goutelas","article_modified_time":"2023-05-26T07:54:58+00:00","og_image":[{"width":1079,"height":799,"url":"https:\/\/www.chateaudegoutelas.fr\/wp-content\/uploads\/2022\/05\/conversation_portraits.jpg","type":"image\/jpeg"}],"twitter_card":"summary_large_image","twitter_misc":{"Estimated reading time":"1 minute"},"schema":{"@context":"https:\/\/schema.org","@graph":[{"@type":"WebPage","@id":"https:\/\/www.chateaudegoutelas.fr\/archive\/samedi-11-06-conversation-les-droits-du-vivant-a-lheure-de-lanthropocene\/","url":"https:\/\/www.chateaudegoutelas.fr\/archive\/samedi-11-06-conversation-les-droits-du-vivant-a-lheure-de-lanthropocene\/","name":"SAMEDI 11\/06 - CONVERSATION : Les droits du vivant \u00e0 l'heure de l'anthropoc\u00e8ne - Ch\u00e2teau de Goutelas","isPartOf":{"@id":"https:\/\/www.chateaudegoutelas.fr\/#website"},"primaryImageOfPage":{"@id":"https:\/\/www.chateaudegoutelas.fr\/archive\/samedi-11-06-conversation-les-droits-du-vivant-a-lheure-de-lanthropocene\/#primaryimage"},"image":{"@id":"https:\/\/www.chateaudegoutelas.fr\/archive\/samedi-11-06-conversation-les-droits-du-vivant-a-lheure-de-lanthropocene\/#primaryimage"},"thumbnailUrl":"https:\/\/www.chateaudegoutelas.fr\/wp-content\/uploads\/2022\/05\/conversation_portraits.jpg","datePublished":"2022-05-09T07:43:19+00:00","dateModified":"2023-05-26T07:54:58+00:00","breadcrumb":{"@id":"https:\/\/www.chateaudegoutelas.fr\/archive\/samedi-11-06-conversation-les-droits-du-vivant-a-lheure-de-lanthropocene\/#breadcrumb"},"inLanguage":"en-GB","potentialAction":[{"@type":"ReadAction","target":["https:\/\/www.chateaudegoutelas.fr\/archive\/samedi-11-06-conversation-les-droits-du-vivant-a-lheure-de-lanthropocene\/"]}]},{"@type":"ImageObject","inLanguage":"en-GB","@id":"https:\/\/www.chateaudegoutelas.fr\/archive\/samedi-11-06-conversation-les-droits-du-vivant-a-lheure-de-lanthropocene\/#primaryimage","url":"https:\/\/www.chateaudegoutelas.fr\/wp-content\/uploads\/2022\/05\/conversation_portraits.jpg","contentUrl":"https:\/\/www.chateaudegoutelas.fr\/wp-content\/uploads\/2022\/05\/conversation_portraits.jpg","width":1079,"height":799},{"@type":"BreadcrumbList","@id":"https:\/\/www.chateaudegoutelas.fr\/archive\/samedi-11-06-conversation-les-droits-du-vivant-a-lheure-de-lanthropocene\/#breadcrumb","itemListElement":[{"@type":"ListItem","position":1,"name":"Accueil","item":"https:\/\/www.chateaudegoutelas.fr\/"},{"@type":"ListItem","position":2,"name":"SAMEDI 11\/06 &#8211; CONVERSATION : Les droits du vivant \u00e0 l&rsquo;heure de l&rsquo;anthropoc\u00e8ne"}]},{"@type":"WebSite","@id":"https:\/\/www.chateaudegoutelas.fr\/#website","url":"https:\/\/www.chateaudegoutelas.fr\/","name":"Ch\u00e2teau de Goutelas","description":"Un centre culturel de rencontre en Forez","publisher":{"@id":"https:\/\/www.chateaudegoutelas.fr\/#organization"},"potentialAction":[{"@type":"SearchAction","target":{"@type":"EntryPoint","urlTemplate":"https:\/\/www.chateaudegoutelas.fr\/?s={search_term_string}"},"query-input":{"@type":"PropertyValueSpecification","valueRequired":true,"valueName":"search_term_string"}}],"inLanguage":"en-GB"},{"@type":"Organization","@id":"https:\/\/www.chateaudegoutelas.fr\/#organization","name":"Ch\u00e2teau de Goutelas","url":"https:\/\/www.chateaudegoutelas.fr\/","logo":{"@type":"ImageObject","inLanguage":"en-GB","@id":"https:\/\/www.chateaudegoutelas.fr\/#\/schema\/logo\/image\/","url":"https:\/\/www.chateaudegoutelas.fr\/wp-content\/uploads\/2023\/05\/logo-chateau-goutelas-bleu.png","contentUrl":"https:\/\/www.chateaudegoutelas.fr\/wp-content\/uploads\/2023\/05\/logo-chateau-goutelas-bleu.png","width":1123,"height":327,"caption":"Ch\u00e2teau de Goutelas"},"image":{"@id":"https:\/\/www.chateaudegoutelas.fr\/#\/schema\/logo\/image\/"}}]}},"_links":{"self":[{"href":"https:\/\/www.chateaudegoutelas.fr\/en\/wp-json\/wp\/v2\/archive\/4537","targetHints":{"allow":["GET"]}}],"collection":[{"href":"https:\/\/www.chateaudegoutelas.fr\/en\/wp-json\/wp\/v2\/archive"}],"about":[{"href":"https:\/\/www.chateaudegoutelas.fr\/en\/wp-json\/wp\/v2\/types\/archive"}],"author":[{"embeddable":true,"href":"https:\/\/www.chateaudegoutelas.fr\/en\/wp-json\/wp\/v2\/users\/7"}],"wp:featuredmedia":[{"embeddable":true,"href":"https:\/\/www.chateaudegoutelas.fr\/en\/wp-json\/wp\/v2\/media\/4548"}],"wp:attachment":[{"href":"https:\/\/www.chateaudegoutelas.fr\/en\/wp-json\/wp\/v2\/media?parent=4537"}],"wp:term":[{"taxonomy":"category","embeddable":true,"href":"https:\/\/www.chateaudegoutelas.fr\/en\/wp-json\/wp\/v2\/categories?post=4537"},{"taxonomy":"post_tag","embeddable":true,"href":"https:\/\/www.chateaudegoutelas.fr\/en\/wp-json\/wp\/v2\/tags?post=4537"}],"curies":[{"name":"wp","href":"https:\/\/api.w.org\/{rel}","templated":true}]}}