{"id":4373,"date":"2022-03-23T17:07:50","date_gmt":"2022-03-23T16:07:50","guid":{"rendered":"https:\/\/www.chateaudegoutelas.fr\/?p=4373"},"modified":"2023-05-26T09:55:03","modified_gmt":"2023-05-26T07:55:03","slug":"dimanche-22-05-visite-guidee-dun-chateau-a-loeuvre","status":"publish","type":"archive","link":"https:\/\/www.chateaudegoutelas.fr\/en\/archive\/dimanche-22-05-visite-guidee-dun-chateau-a-loeuvre\/","title":{"rendered":"DIMANCHE 22\/05 &#8211; VISITE GUID\u00c9E : D&rsquo;un ch\u00e2teau \u00e0 l&rsquo;\u0153uvre"},"content":{"rendered":"<div class=\"shmMigrate\"><\/div>\n<div class=\"shmMigrate\"><\/div>\n<div class=\"shmMigrate\"><\/div>\n<div class=\"shmMigrate\"><\/div>\n<h4><span style=\"font-weight: 400;\">15h<\/span><\/h4>\n<div class=\"shmMigrate\"><\/div>\n<div class=\"shmMigrate\"><\/div>\n<div class=\"shmMigrate\"><\/div>\n<p><span style=\"font-weight: 400;\">Cette d\u00e9ambulation ravive le souvenir de Lo\u00ffs Papon, chanoine et po\u00e8te qui contribua \u00e0 faire de Goutelas un lieu d\u00e9di\u00e9 aux arts et au savoir. Un saut dans le temps nous porte vers la cr\u00e9ation contemporaine avec l\u2019exposition <\/span><i><span style=\"font-weight: 400;\">This Land Is Your Land.<\/span><\/i><\/p>\n<p><span style=\"font-weight: 400;\">Avec Dominique Th\u00e9venot, ex charg\u00e9 de mission \u201cArts plastiques\u201d \u00e0 la Ville de Montpellier<\/span><\/p>\n<p>&nbsp;<\/p>\n<p><em><span style=\"font-weight: 400;\">Des membres de l\u2019association vous invitent \u00e0 d\u00e9couvrir Goutelas \u00e0 travers le lien qui les relie au ch\u00e2teau et vous livrent un point de vue original.<\/span><\/em><\/p>\n<div class=\"shmMigrate\"><\/div>\n<div class=\"shmMigrate\"><\/div>\n<div class=\"shmMigrate\"><\/div>\n<p><b>Dur\u00e9e : 1h30<\/b><\/p>\n<p><b>3\u20ac<\/b><\/p>\n<p><strong>Gratuit moins de 12 ans<\/strong><\/p>\n<div class=\"shmMigrate\"><\/div>\n<div class=\"shmMigrate\"><\/div>\n<div class=\"shmMigrate\"><\/div>\n<div class=\"shmMigrate\"><\/div>\n<p>Photo \u00a9 Gr\u00e9gory Bret &#8211; Drone reporter 42<\/p>\n<div class=\"shmMigrate\"><\/div>\n<div class=\"shmMigrate\"><\/div>\n<div class=\"shmMigrate\"><\/div>\n<div class=\"shmMigrate\"><\/div>","protected":false},"author":7,"featured_media":4375,"template":"","meta":{"site-sidebar-layout":"default","site-content-layout":"","ast-site-content-layout":"default","site-content-style":"default","site-sidebar-style":"default","ast-global-header-display":"","ast-banner-title-visibility":"","ast-main-header-display":"","ast-hfb-above-header-display":"","ast-hfb-below-header-display":"","ast-hfb-mobile-header-display":"","site-post-title":"","ast-breadcrumbs-content":null,"ast-featured-img":"","footer-sml-layout":"","ast-disable-related-posts":"","theme-transparent-header-meta":"","adv-header-id-meta":"","stick-header-meta":"","header-above-stick-meta":null,"header-main-stick-meta":"","header-below-stick-meta":null,"astra-migrate-meta-layouts":"default","ast-page-background-enabled":"default","ast-page-background-meta":{"desktop":{"background-color":"","background-image":"","background-repeat":"repeat","background-position":"center center","background-size":"auto","background-attachment":"scroll","background-type":"","background-media":"","overlay-type":"","overlay-color":"","overlay-opacity":"","overlay-gradient":""},"tablet":{"background-color":"","background-image":"","background-repeat":"repeat","background-position":"center center","background-size":"auto","background-attachment":"scroll","background-type":"","background-media":"","overlay-type":"","overlay-color":"","overlay-opacity":"","overlay-gradient":""},"mobile":{"background-color":"","background-image":"","background-repeat":"repeat","background-position":"center center","background-size":"auto","background-attachment":"scroll","background-type":"","background-media":"","overlay-type":"","overlay-color":"","overlay-opacity":"","overlay-gradient":""}},"ast-content-background-meta":{"desktop":{"background-color":"var(--ast-global-color-5)","background-image":"","background-repeat":"repeat","background-position":"center center","background-size":"auto","background-attachment":"scroll","background-type":"","background-media":"","overlay-type":"","overlay-color":"","overlay-opacity":"","overlay-gradient":""},"tablet":{"background-color":"var(--ast-global-color-5)","background-image":"","background-repeat":"repeat","background-position":"center center","background-size":"auto","background-attachment":"scroll","background-type":"","background-media":"","overlay-type":"","overlay-color":"","overlay-opacity":"","overlay-gradient":""},"mobile":{"background-color":"var(--ast-global-color-5)","background-image":"","background-repeat":"repeat","background-position":"center center","background-size":"auto","background-attachment":"scroll","background-type":"","background-media":"","overlay-type":"","overlay-color":"","overlay-opacity":"","overlay-gradient":""}}},"categories":[4],"tags":[],"class_list":["post-4373","archive","type-archive","status-publish","has-post-thumbnail","hentry","category-actualites"],"yoast_head":"<!-- This site is optimized with the Yoast SEO plugin v27.5 - https:\/\/yoast.com\/product\/yoast-seo-wordpress\/ -->\n<title>DIMANCHE 22\/05 - VISITE GUID\u00c9E : D&#039;un ch\u00e2teau \u00e0 l&#039;\u0153uvre - Ch\u00e2teau de Goutelas<\/title>\n<meta name=\"robots\" content=\"index, follow, max-snippet:-1, max-image-preview:large, max-video-preview:-1\" \/>\n<link rel=\"canonical\" href=\"https:\/\/www.chateaudegoutelas.fr\/en\/archive\/dimanche-22-05-visite-guidee-dun-chateau-a-loeuvre\/\" \/>\n<meta property=\"og:locale\" content=\"en_GB\" \/>\n<meta property=\"og:type\" content=\"article\" \/>\n<meta property=\"og:title\" content=\"DIMANCHE 22\/05 - VISITE GUID\u00c9E : D&#039;un ch\u00e2teau \u00e0 l&#039;\u0153uvre - Ch\u00e2teau de Goutelas\" \/>\n<meta property=\"og:description\" content=\"15h Cette d\u00e9ambulation ravive le souvenir de Lo\u00ffs Papon, chanoine et po\u00e8te qui contribua \u00e0 faire de Goutelas un lieu d\u00e9di\u00e9 aux arts et au savoir. Un saut dans le temps nous porte vers la cr\u00e9ation contemporaine avec l\u2019exposition This Land Is Your Land. Avec Dominique Th\u00e9venot, ex charg\u00e9 de mission \u201cArts plastiques\u201d \u00e0 la [&hellip;]\" \/>\n<meta property=\"og:url\" content=\"https:\/\/www.chateaudegoutelas.fr\/en\/archive\/dimanche-22-05-visite-guidee-dun-chateau-a-loeuvre\/\" \/>\n<meta property=\"og:site_name\" content=\"Ch\u00e2teau de Goutelas\" \/>\n<meta property=\"article:modified_time\" content=\"2023-05-26T07:55:03+00:00\" \/>\n<meta property=\"og:image\" content=\"https:\/\/www.chateaudegoutelas.fr\/wp-content\/uploads\/2022\/03\/Cour-d_honneur\u00a9Gregory-Bret_drone-reporter-42_WEB-scaled.jpg\" \/>\n\t<meta property=\"og:image:width\" content=\"2560\" \/>\n\t<meta property=\"og:image:height\" content=\"1701\" \/>\n\t<meta property=\"og:image:type\" content=\"image\/jpeg\" \/>\n<meta name=\"twitter:card\" content=\"summary_large_image\" \/>\n<meta name=\"twitter:label1\" content=\"Estimated reading time\" \/>\n\t<meta name=\"twitter:data1\" content=\"1 minute\" \/>\n<script type=\"application\/ld+json\" class=\"yoast-schema-graph\">{\"@context\":\"https:\\\/\\\/schema.org\",\"@graph\":[{\"@type\":\"WebPage\",\"@id\":\"https:\\\/\\\/www.chateaudegoutelas.fr\\\/archive\\\/dimanche-22-05-visite-guidee-dun-chateau-a-loeuvre\\\/\",\"url\":\"https:\\\/\\\/www.chateaudegoutelas.fr\\\/archive\\\/dimanche-22-05-visite-guidee-dun-chateau-a-loeuvre\\\/\",\"name\":\"DIMANCHE 22\\\/05 - VISITE GUID\u00c9E : D'un ch\u00e2teau \u00e0 l'\u0153uvre - Ch\u00e2teau de Goutelas\",\"isPartOf\":{\"@id\":\"https:\\\/\\\/www.chateaudegoutelas.fr\\\/#website\"},\"primaryImageOfPage\":{\"@id\":\"https:\\\/\\\/www.chateaudegoutelas.fr\\\/archive\\\/dimanche-22-05-visite-guidee-dun-chateau-a-loeuvre\\\/#primaryimage\"},\"image\":{\"@id\":\"https:\\\/\\\/www.chateaudegoutelas.fr\\\/archive\\\/dimanche-22-05-visite-guidee-dun-chateau-a-loeuvre\\\/#primaryimage\"},\"thumbnailUrl\":\"https:\\\/\\\/www.chateaudegoutelas.fr\\\/wp-content\\\/uploads\\\/2022\\\/03\\\/Cour-d_honneur\u00a9Gregory-Bret_drone-reporter-42_WEB-scaled.jpg\",\"datePublished\":\"2022-03-23T16:07:50+00:00\",\"dateModified\":\"2023-05-26T07:55:03+00:00\",\"breadcrumb\":{\"@id\":\"https:\\\/\\\/www.chateaudegoutelas.fr\\\/archive\\\/dimanche-22-05-visite-guidee-dun-chateau-a-loeuvre\\\/#breadcrumb\"},\"inLanguage\":\"en-GB\",\"potentialAction\":[{\"@type\":\"ReadAction\",\"target\":[\"https:\\\/\\\/www.chateaudegoutelas.fr\\\/archive\\\/dimanche-22-05-visite-guidee-dun-chateau-a-loeuvre\\\/\"]}]},{\"@type\":\"ImageObject\",\"inLanguage\":\"en-GB\",\"@id\":\"https:\\\/\\\/www.chateaudegoutelas.fr\\\/archive\\\/dimanche-22-05-visite-guidee-dun-chateau-a-loeuvre\\\/#primaryimage\",\"url\":\"https:\\\/\\\/www.chateaudegoutelas.fr\\\/wp-content\\\/uploads\\\/2022\\\/03\\\/Cour-d_honneur\u00a9Gregory-Bret_drone-reporter-42_WEB-scaled.jpg\",\"contentUrl\":\"https:\\\/\\\/www.chateaudegoutelas.fr\\\/wp-content\\\/uploads\\\/2022\\\/03\\\/Cour-d_honneur\u00a9Gregory-Bret_drone-reporter-42_WEB-scaled.jpg\",\"width\":2560,\"height\":1701},{\"@type\":\"BreadcrumbList\",\"@id\":\"https:\\\/\\\/www.chateaudegoutelas.fr\\\/archive\\\/dimanche-22-05-visite-guidee-dun-chateau-a-loeuvre\\\/#breadcrumb\",\"itemListElement\":[{\"@type\":\"ListItem\",\"position\":1,\"name\":\"Accueil\",\"item\":\"https:\\\/\\\/www.chateaudegoutelas.fr\\\/\"},{\"@type\":\"ListItem\",\"position\":2,\"name\":\"DIMANCHE 22\\\/05 &#8211; VISITE GUID\u00c9E : D&rsquo;un ch\u00e2teau \u00e0 l&rsquo;\u0153uvre\"}]},{\"@type\":\"WebSite\",\"@id\":\"https:\\\/\\\/www.chateaudegoutelas.fr\\\/#website\",\"url\":\"https:\\\/\\\/www.chateaudegoutelas.fr\\\/\",\"name\":\"Ch\u00e2teau de Goutelas\",\"description\":\"Un centre culturel de rencontre en Forez\",\"publisher\":{\"@id\":\"https:\\\/\\\/www.chateaudegoutelas.fr\\\/#organization\"},\"potentialAction\":[{\"@type\":\"SearchAction\",\"target\":{\"@type\":\"EntryPoint\",\"urlTemplate\":\"https:\\\/\\\/www.chateaudegoutelas.fr\\\/?s={search_term_string}\"},\"query-input\":{\"@type\":\"PropertyValueSpecification\",\"valueRequired\":true,\"valueName\":\"search_term_string\"}}],\"inLanguage\":\"en-GB\"},{\"@type\":\"Organization\",\"@id\":\"https:\\\/\\\/www.chateaudegoutelas.fr\\\/#organization\",\"name\":\"Ch\u00e2teau de Goutelas\",\"url\":\"https:\\\/\\\/www.chateaudegoutelas.fr\\\/\",\"logo\":{\"@type\":\"ImageObject\",\"inLanguage\":\"en-GB\",\"@id\":\"https:\\\/\\\/www.chateaudegoutelas.fr\\\/#\\\/schema\\\/logo\\\/image\\\/\",\"url\":\"https:\\\/\\\/www.chateaudegoutelas.fr\\\/wp-content\\\/uploads\\\/2023\\\/05\\\/logo-chateau-goutelas-bleu.png\",\"contentUrl\":\"https:\\\/\\\/www.chateaudegoutelas.fr\\\/wp-content\\\/uploads\\\/2023\\\/05\\\/logo-chateau-goutelas-bleu.png\",\"width\":1123,\"height\":327,\"caption\":\"Ch\u00e2teau de Goutelas\"},\"image\":{\"@id\":\"https:\\\/\\\/www.chateaudegoutelas.fr\\\/#\\\/schema\\\/logo\\\/image\\\/\"}}]}<\/script>\n<!-- \/ Yoast SEO plugin. -->","yoast_head_json":{"title":"DIMANCHE 22\/05 - VISITE GUID\u00c9E : D'un ch\u00e2teau \u00e0 l'\u0153uvre - Ch\u00e2teau de Goutelas","robots":{"index":"index","follow":"follow","max-snippet":"max-snippet:-1","max-image-preview":"max-image-preview:large","max-video-preview":"max-video-preview:-1"},"canonical":"https:\/\/www.chateaudegoutelas.fr\/en\/archive\/dimanche-22-05-visite-guidee-dun-chateau-a-loeuvre\/","og_locale":"en_GB","og_type":"article","og_title":"DIMANCHE 22\/05 - VISITE GUID\u00c9E : D'un ch\u00e2teau \u00e0 l'\u0153uvre - Ch\u00e2teau de Goutelas","og_description":"15h Cette d\u00e9ambulation ravive le souvenir de Lo\u00ffs Papon, chanoine et po\u00e8te qui contribua \u00e0 faire de Goutelas un lieu d\u00e9di\u00e9 aux arts et au savoir. Un saut dans le temps nous porte vers la cr\u00e9ation contemporaine avec l\u2019exposition This Land Is Your Land. Avec Dominique Th\u00e9venot, ex charg\u00e9 de mission \u201cArts plastiques\u201d \u00e0 la [&hellip;]","og_url":"https:\/\/www.chateaudegoutelas.fr\/en\/archive\/dimanche-22-05-visite-guidee-dun-chateau-a-loeuvre\/","og_site_name":"Ch\u00e2teau de Goutelas","article_modified_time":"2023-05-26T07:55:03+00:00","og_image":[{"width":2560,"height":1701,"url":"https:\/\/www.chateaudegoutelas.fr\/wp-content\/uploads\/2022\/03\/Cour-d_honneur\u00a9Gregory-Bret_drone-reporter-42_WEB-scaled.jpg","type":"image\/jpeg"}],"twitter_card":"summary_large_image","twitter_misc":{"Estimated reading time":"1 minute"},"schema":{"@context":"https:\/\/schema.org","@graph":[{"@type":"WebPage","@id":"https:\/\/www.chateaudegoutelas.fr\/archive\/dimanche-22-05-visite-guidee-dun-chateau-a-loeuvre\/","url":"https:\/\/www.chateaudegoutelas.fr\/archive\/dimanche-22-05-visite-guidee-dun-chateau-a-loeuvre\/","name":"DIMANCHE 22\/05 - VISITE GUID\u00c9E : D'un ch\u00e2teau \u00e0 l'\u0153uvre - Ch\u00e2teau de Goutelas","isPartOf":{"@id":"https:\/\/www.chateaudegoutelas.fr\/#website"},"primaryImageOfPage":{"@id":"https:\/\/www.chateaudegoutelas.fr\/archive\/dimanche-22-05-visite-guidee-dun-chateau-a-loeuvre\/#primaryimage"},"image":{"@id":"https:\/\/www.chateaudegoutelas.fr\/archive\/dimanche-22-05-visite-guidee-dun-chateau-a-loeuvre\/#primaryimage"},"thumbnailUrl":"https:\/\/www.chateaudegoutelas.fr\/wp-content\/uploads\/2022\/03\/Cour-d_honneur\u00a9Gregory-Bret_drone-reporter-42_WEB-scaled.jpg","datePublished":"2022-03-23T16:07:50+00:00","dateModified":"2023-05-26T07:55:03+00:00","breadcrumb":{"@id":"https:\/\/www.chateaudegoutelas.fr\/archive\/dimanche-22-05-visite-guidee-dun-chateau-a-loeuvre\/#breadcrumb"},"inLanguage":"en-GB","potentialAction":[{"@type":"ReadAction","target":["https:\/\/www.chateaudegoutelas.fr\/archive\/dimanche-22-05-visite-guidee-dun-chateau-a-loeuvre\/"]}]},{"@type":"ImageObject","inLanguage":"en-GB","@id":"https:\/\/www.chateaudegoutelas.fr\/archive\/dimanche-22-05-visite-guidee-dun-chateau-a-loeuvre\/#primaryimage","url":"https:\/\/www.chateaudegoutelas.fr\/wp-content\/uploads\/2022\/03\/Cour-d_honneur\u00a9Gregory-Bret_drone-reporter-42_WEB-scaled.jpg","contentUrl":"https:\/\/www.chateaudegoutelas.fr\/wp-content\/uploads\/2022\/03\/Cour-d_honneur\u00a9Gregory-Bret_drone-reporter-42_WEB-scaled.jpg","width":2560,"height":1701},{"@type":"BreadcrumbList","@id":"https:\/\/www.chateaudegoutelas.fr\/archive\/dimanche-22-05-visite-guidee-dun-chateau-a-loeuvre\/#breadcrumb","itemListElement":[{"@type":"ListItem","position":1,"name":"Accueil","item":"https:\/\/www.chateaudegoutelas.fr\/"},{"@type":"ListItem","position":2,"name":"DIMANCHE 22\/05 &#8211; VISITE GUID\u00c9E : D&rsquo;un ch\u00e2teau \u00e0 l&rsquo;\u0153uvre"}]},{"@type":"WebSite","@id":"https:\/\/www.chateaudegoutelas.fr\/#website","url":"https:\/\/www.chateaudegoutelas.fr\/","name":"Ch\u00e2teau de Goutelas","description":"Un centre culturel de rencontre en Forez","publisher":{"@id":"https:\/\/www.chateaudegoutelas.fr\/#organization"},"potentialAction":[{"@type":"SearchAction","target":{"@type":"EntryPoint","urlTemplate":"https:\/\/www.chateaudegoutelas.fr\/?s={search_term_string}"},"query-input":{"@type":"PropertyValueSpecification","valueRequired":true,"valueName":"search_term_string"}}],"inLanguage":"en-GB"},{"@type":"Organization","@id":"https:\/\/www.chateaudegoutelas.fr\/#organization","name":"Ch\u00e2teau de Goutelas","url":"https:\/\/www.chateaudegoutelas.fr\/","logo":{"@type":"ImageObject","inLanguage":"en-GB","@id":"https:\/\/www.chateaudegoutelas.fr\/#\/schema\/logo\/image\/","url":"https:\/\/www.chateaudegoutelas.fr\/wp-content\/uploads\/2023\/05\/logo-chateau-goutelas-bleu.png","contentUrl":"https:\/\/www.chateaudegoutelas.fr\/wp-content\/uploads\/2023\/05\/logo-chateau-goutelas-bleu.png","width":1123,"height":327,"caption":"Ch\u00e2teau de Goutelas"},"image":{"@id":"https:\/\/www.chateaudegoutelas.fr\/#\/schema\/logo\/image\/"}}]}},"_links":{"self":[{"href":"https:\/\/www.chateaudegoutelas.fr\/en\/wp-json\/wp\/v2\/archive\/4373","targetHints":{"allow":["GET"]}}],"collection":[{"href":"https:\/\/www.chateaudegoutelas.fr\/en\/wp-json\/wp\/v2\/archive"}],"about":[{"href":"https:\/\/www.chateaudegoutelas.fr\/en\/wp-json\/wp\/v2\/types\/archive"}],"author":[{"embeddable":true,"href":"https:\/\/www.chateaudegoutelas.fr\/en\/wp-json\/wp\/v2\/users\/7"}],"wp:featuredmedia":[{"embeddable":true,"href":"https:\/\/www.chateaudegoutelas.fr\/en\/wp-json\/wp\/v2\/media\/4375"}],"wp:attachment":[{"href":"https:\/\/www.chateaudegoutelas.fr\/en\/wp-json\/wp\/v2\/media?parent=4373"}],"wp:term":[{"taxonomy":"category","embeddable":true,"href":"https:\/\/www.chateaudegoutelas.fr\/en\/wp-json\/wp\/v2\/categories?post=4373"},{"taxonomy":"post_tag","embeddable":true,"href":"https:\/\/www.chateaudegoutelas.fr\/en\/wp-json\/wp\/v2\/tags?post=4373"}],"curies":[{"name":"wp","href":"https:\/\/api.w.org\/{rel}","templated":true}]}}