{"id":4370,"date":"2022-03-23T16:50:37","date_gmt":"2022-03-23T15:50:37","guid":{"rendered":"https:\/\/www.chateaudegoutelas.fr\/?p=4370"},"modified":"2023-05-26T09:55:04","modified_gmt":"2023-05-26T07:55:04","slug":"samedi-14-et-dimanche-15-05-festival-de-poesie-contemporaine-les-enchanteurs","status":"publish","type":"archive","link":"https:\/\/www.chateaudegoutelas.fr\/en\/archive\/samedi-14-et-dimanche-15-05-festival-de-poesie-contemporaine-les-enchanteurs\/","title":{"rendered":"SAMEDI 14 ET DIMANCHE 15\/05 &#8211; FESTIVAL DE PO\u00c9SIE CONTEMPORAINE : Les Enchanteurs"},"content":{"rendered":"<div class=\"shmMigrate\"><\/div>\n<div class=\"shmMigrate\"><\/div>\n<div class=\"shmMigrate\"><\/div>\n<div class=\"shmMigrate\"><\/div>\n<h4><span style=\"font-weight: 400;\">Samedi 14 et dimanche 15 mai<\/span><\/h4>\n<div class=\"shmMigrate\"><\/div>\n<div class=\"shmMigrate\"><\/div>\n<div class=\"shmMigrate\"><\/div>\n<p><span style=\"font-weight: 400;\">Les Enchanteurs ! Le titre de ce nouveau rendez-vous au Ch\u00e2teau de Goutelas promet un week-end hors du temps, \u00e0 la rencontre des \u00e9critures po\u00e9tiques contemporaines. Autour d\u2019un march\u00e9 de l\u2019\u00e9dition ind\u00e9pendante, des spectacles, des lectures, des rencontres font entendre les voix po\u00e9tiques d\u2019aujourd\u2019hui.<\/span><\/p>\n<p>&nbsp;<\/p>\n<p><span style=\"font-weight: 400;\">Le Ch\u00e2teau de Goutelas accueille Les enchanteurs po\u00e9tiques, association d&rsquo;\u00e9diteurs ind\u00e9pendants de po\u00e9sie, pour vous proposer cet \u00e9v\u00e8nement. <\/span><\/p>\n<div class=\"shmMigrate\"><\/div>\n<div class=\"shmMigrate\"><\/div>\n<div class=\"shmMigrate\"><\/div>\n<p><strong>PROGRAMME<\/strong><\/p>\n<p>&nbsp;<\/p>\n<p><strong>March\u00e9 de l\u2019\u00e9dition ind\u00e9pendante de po\u00e9sie<\/strong><\/p>\n<p><strong>Samedi 14 et dimanche 15 mai | 10h \u00e0 18h30<\/strong><\/p>\n<p><span style=\"font-weight: 400;\">Pendant ces deux journ\u00e9es, des \u00e9ditrices et \u00e9diteurs pr\u00e9sentent leurs livres, rencontrent le public et partagent leur amour des textes.<\/span><\/p>\n<p><em>Gratuit<\/em><\/p>\n<div class=\"shmMigrate\"><\/div>\n<div class=\"shmMigrate\"><\/div>\n<div class=\"shmMigrate\"><\/div>\n<p><strong>Samedi 14 mai | 20h<\/strong><\/p>\n<p><strong>Mexican Horror Cabaret<\/strong><br \/>\n<strong>Benjamin Lazar, Th\u00e9\u00e2tre de l\u2019Incr\u00e9dule<\/strong><\/p>\n<p>Rencontre in\u00e9dite entre les po\u00e8mes \u00e2pres et puissants du po\u00e8te mexicain Luis-Felipe Fabre et l\u2019univers baroque de Benjamin Lazar, homme de th\u00e9\u00e2tre hors normes.<br \/>\nAccompagn\u00e9 par Lisandro Abadie (voix, lecture en espagnol) et Sylvia Abramowicz (viole), Benjamin Lazar nous invite\u00a0\u00e0 \u00e9changer \u00e0 l\u2019issue du spectacle.<\/p>\n<p><em>10\u20ac<\/em><\/p>\n<div class=\"shmMigrate\"><\/div>\n<div class=\"shmMigrate\"><\/div>\n<div class=\"shmMigrate\"><\/div>\n<div class=\"shmMigrate\"><\/div>\n<p><strong>Dimanche 15 mai | 12h30<\/strong><\/p>\n<p><strong>D\u00e9jeuner avec Pinar Selek<\/strong><\/p>\n<p>Pinar Selek, \u00e9crivaine turque en exil et forte voix de la libert\u00e9 et des droits des femmes, vous invite \u00e0 sa table.<\/p>\n<p><em>23\u20ac avec repas<\/em><\/p>\n<p><em>Sur r\u00e9servation, places limit\u00e9es<\/em><\/p>\n<div class=\"shmMigrate\"><\/div>\n<div class=\"shmMigrate\"><\/div>\n<div class=\"shmMigrate\"><\/div>\n<div class=\"shmMigrate\"><\/div>\n<p><strong>Dimanche 15 mai | 14h30<\/strong><\/p>\n<p><strong>La po\u00e9sie, filtre de nos contemporan\u00e9it\u00e9s<\/strong><\/p>\n<p>Anim\u00e9e par Danielle Maurel, cette table ronde r\u00e9unit le po\u00e8te ha\u00eftien Jean D\u2019Am\u00e9rique, l\u2019\u00e9crivaine Pinar Selek et Beno\u00eet Reiss, auteur et co-directeur des \u00e9ditions Cheyne. La discussion est suivie d\u2019une lecture chor\u00e9graphi\u00e9e de <em>La voix end\u00e9mique<\/em> de Beno\u00eet Reiss par Louise Thiriet du Conservatoire \u00e0 Rayonnement R\u00e9gional de Lyon.<\/p>\n<p><em>Gratuit<\/em><\/p>\n<div class=\"shmMigrate\"><\/div>\n<div class=\"shmMigrate\"><\/div>\n<div class=\"shmMigrate\"><\/div>\n<p><strong>Samedi et dimanche<\/strong><\/p>\n<p><strong>Escape game dans les bois de Goutelas<\/strong><\/p>\n<p>Un jeu d\u2019aventure grandeur nature autour de <em>L\u2019Astr\u00e9e<\/em>, propos\u00e9 par 1909 Events.<\/p>\n<div class=\"shmMigrate\"><\/div>\n<div class=\"shmMigrate\"><\/div>\n<div class=\"shmMigrate\"><\/div>\n<div class=\"shmMigrate\"><\/div>\n<div class=\"shmMigrate\"><\/div>\n<p>Visuel de l&rsquo;\u00e9v\u00e9nement \u00a9 Atelier Pers<\/p>\n<div class=\"shmMigrate\"><\/div>\n<div class=\"shmMigrate\"><\/div>\n<div class=\"shmMigrate\"><\/div>\n<div class=\"shmMigrate\"><\/div>","protected":false},"author":7,"featured_media":4390,"template":"","meta":{"site-sidebar-layout":"default","site-content-layout":"","ast-site-content-layout":"default","site-content-style":"default","site-sidebar-style":"default","ast-global-header-display":"","ast-banner-title-visibility":"","ast-main-header-display":"","ast-hfb-above-header-display":"","ast-hfb-below-header-display":"","ast-hfb-mobile-header-display":"","site-post-title":"","ast-breadcrumbs-content":null,"ast-featured-img":"","footer-sml-layout":"","ast-disable-related-posts":"","theme-transparent-header-meta":"","adv-header-id-meta":"","stick-header-meta":"","header-above-stick-meta":null,"header-main-stick-meta":"","header-below-stick-meta":null,"astra-migrate-meta-layouts":"default","ast-page-background-enabled":"default","ast-page-background-meta":{"desktop":{"background-color":"","background-image":"","background-repeat":"repeat","background-position":"center center","background-size":"auto","background-attachment":"scroll","background-type":"","background-media":"","overlay-type":"","overlay-color":"","overlay-opacity":"","overlay-gradient":""},"tablet":{"background-color":"","background-image":"","background-repeat":"repeat","background-position":"center center","background-size":"auto","background-attachment":"scroll","background-type":"","background-media":"","overlay-type":"","overlay-color":"","overlay-opacity":"","overlay-gradient":""},"mobile":{"background-color":"","background-image":"","background-repeat":"repeat","background-position":"center center","background-size":"auto","background-attachment":"scroll","background-type":"","background-media":"","overlay-type":"","overlay-color":"","overlay-opacity":"","overlay-gradient":""}},"ast-content-background-meta":{"desktop":{"background-color":"var(--ast-global-color-5)","background-image":"","background-repeat":"repeat","background-position":"center center","background-size":"auto","background-attachment":"scroll","background-type":"","background-media":"","overlay-type":"","overlay-color":"","overlay-opacity":"","overlay-gradient":""},"tablet":{"background-color":"var(--ast-global-color-5)","background-image":"","background-repeat":"repeat","background-position":"center center","background-size":"auto","background-attachment":"scroll","background-type":"","background-media":"","overlay-type":"","overlay-color":"","overlay-opacity":"","overlay-gradient":""},"mobile":{"background-color":"var(--ast-global-color-5)","background-image":"","background-repeat":"repeat","background-position":"center center","background-size":"auto","background-attachment":"scroll","background-type":"","background-media":"","overlay-type":"","overlay-color":"","overlay-opacity":"","overlay-gradient":""}}},"categories":[4],"tags":[],"class_list":["post-4370","archive","type-archive","status-publish","has-post-thumbnail","hentry","category-actualites"],"yoast_head":"<!-- This site is optimized with the Yoast SEO plugin v27.5 - https:\/\/yoast.com\/product\/yoast-seo-wordpress\/ -->\n<title>SAMEDI 14 ET DIMANCHE 15\/05 - FESTIVAL DE PO\u00c9SIE CONTEMPORAINE : Les Enchanteurs - Ch\u00e2teau de Goutelas<\/title>\n<meta name=\"robots\" content=\"index, follow, max-snippet:-1, max-image-preview:large, max-video-preview:-1\" \/>\n<link rel=\"canonical\" href=\"https:\/\/www.chateaudegoutelas.fr\/en\/archive\/samedi-14-et-dimanche-15-05-festival-de-poesie-contemporaine-les-enchanteurs\/\" \/>\n<meta property=\"og:locale\" content=\"en_GB\" \/>\n<meta property=\"og:type\" content=\"article\" \/>\n<meta property=\"og:title\" content=\"SAMEDI 14 ET DIMANCHE 15\/05 - FESTIVAL DE PO\u00c9SIE CONTEMPORAINE : Les Enchanteurs - Ch\u00e2teau de Goutelas\" \/>\n<meta property=\"og:description\" content=\"Samedi 14 et dimanche 15 mai Les Enchanteurs ! Le titre de ce nouveau rendez-vous au Ch\u00e2teau de Goutelas promet un week-end hors du temps, \u00e0 la rencontre des \u00e9critures po\u00e9tiques contemporaines. Autour d\u2019un march\u00e9 de l\u2019\u00e9dition ind\u00e9pendante, des spectacles, des lectures, des rencontres font entendre les voix po\u00e9tiques d\u2019aujourd\u2019hui. &nbsp; Le Ch\u00e2teau de Goutelas [&hellip;]\" \/>\n<meta property=\"og:url\" content=\"https:\/\/www.chateaudegoutelas.fr\/en\/archive\/samedi-14-et-dimanche-15-05-festival-de-poesie-contemporaine-les-enchanteurs\/\" \/>\n<meta property=\"og:site_name\" content=\"Ch\u00e2teau de Goutelas\" \/>\n<meta property=\"article:modified_time\" content=\"2023-05-26T07:55:04+00:00\" \/>\n<meta property=\"og:image\" content=\"https:\/\/www.chateaudegoutelas.fr\/wp-content\/uploads\/2022\/03\/Visuel_Enchanteurs-e1649082155239.jpg\" \/>\n\t<meta property=\"og:image:width\" content=\"1346\" \/>\n\t<meta property=\"og:image:height\" content=\"1336\" \/>\n\t<meta property=\"og:image:type\" content=\"image\/jpeg\" \/>\n<meta name=\"twitter:card\" content=\"summary_large_image\" \/>\n<meta name=\"twitter:label1\" content=\"Estimated reading time\" \/>\n\t<meta name=\"twitter:data1\" content=\"2 minutes\" \/>\n<script type=\"application\/ld+json\" class=\"yoast-schema-graph\">{\"@context\":\"https:\\\/\\\/schema.org\",\"@graph\":[{\"@type\":\"WebPage\",\"@id\":\"https:\\\/\\\/www.chateaudegoutelas.fr\\\/archive\\\/samedi-14-et-dimanche-15-05-festival-de-poesie-contemporaine-les-enchanteurs\\\/\",\"url\":\"https:\\\/\\\/www.chateaudegoutelas.fr\\\/archive\\\/samedi-14-et-dimanche-15-05-festival-de-poesie-contemporaine-les-enchanteurs\\\/\",\"name\":\"SAMEDI 14 ET DIMANCHE 15\\\/05 - FESTIVAL DE PO\u00c9SIE CONTEMPORAINE : Les Enchanteurs - Ch\u00e2teau de Goutelas\",\"isPartOf\":{\"@id\":\"https:\\\/\\\/www.chateaudegoutelas.fr\\\/#website\"},\"primaryImageOfPage\":{\"@id\":\"https:\\\/\\\/www.chateaudegoutelas.fr\\\/archive\\\/samedi-14-et-dimanche-15-05-festival-de-poesie-contemporaine-les-enchanteurs\\\/#primaryimage\"},\"image\":{\"@id\":\"https:\\\/\\\/www.chateaudegoutelas.fr\\\/archive\\\/samedi-14-et-dimanche-15-05-festival-de-poesie-contemporaine-les-enchanteurs\\\/#primaryimage\"},\"thumbnailUrl\":\"https:\\\/\\\/www.chateaudegoutelas.fr\\\/wp-content\\\/uploads\\\/2022\\\/03\\\/Visuel_Enchanteurs-e1649082155239.jpg\",\"datePublished\":\"2022-03-23T15:50:37+00:00\",\"dateModified\":\"2023-05-26T07:55:04+00:00\",\"breadcrumb\":{\"@id\":\"https:\\\/\\\/www.chateaudegoutelas.fr\\\/archive\\\/samedi-14-et-dimanche-15-05-festival-de-poesie-contemporaine-les-enchanteurs\\\/#breadcrumb\"},\"inLanguage\":\"en-GB\",\"potentialAction\":[{\"@type\":\"ReadAction\",\"target\":[\"https:\\\/\\\/www.chateaudegoutelas.fr\\\/archive\\\/samedi-14-et-dimanche-15-05-festival-de-poesie-contemporaine-les-enchanteurs\\\/\"]}]},{\"@type\":\"ImageObject\",\"inLanguage\":\"en-GB\",\"@id\":\"https:\\\/\\\/www.chateaudegoutelas.fr\\\/archive\\\/samedi-14-et-dimanche-15-05-festival-de-poesie-contemporaine-les-enchanteurs\\\/#primaryimage\",\"url\":\"https:\\\/\\\/www.chateaudegoutelas.fr\\\/wp-content\\\/uploads\\\/2022\\\/03\\\/Visuel_Enchanteurs-e1649082155239.jpg\",\"contentUrl\":\"https:\\\/\\\/www.chateaudegoutelas.fr\\\/wp-content\\\/uploads\\\/2022\\\/03\\\/Visuel_Enchanteurs-e1649082155239.jpg\",\"width\":1346,\"height\":1336},{\"@type\":\"BreadcrumbList\",\"@id\":\"https:\\\/\\\/www.chateaudegoutelas.fr\\\/archive\\\/samedi-14-et-dimanche-15-05-festival-de-poesie-contemporaine-les-enchanteurs\\\/#breadcrumb\",\"itemListElement\":[{\"@type\":\"ListItem\",\"position\":1,\"name\":\"Accueil\",\"item\":\"https:\\\/\\\/www.chateaudegoutelas.fr\\\/\"},{\"@type\":\"ListItem\",\"position\":2,\"name\":\"SAMEDI 14 ET DIMANCHE 15\\\/05 &#8211; FESTIVAL DE PO\u00c9SIE CONTEMPORAINE : Les Enchanteurs\"}]},{\"@type\":\"WebSite\",\"@id\":\"https:\\\/\\\/www.chateaudegoutelas.fr\\\/#website\",\"url\":\"https:\\\/\\\/www.chateaudegoutelas.fr\\\/\",\"name\":\"Ch\u00e2teau de Goutelas\",\"description\":\"Un centre culturel de rencontre en Forez\",\"publisher\":{\"@id\":\"https:\\\/\\\/www.chateaudegoutelas.fr\\\/#organization\"},\"potentialAction\":[{\"@type\":\"SearchAction\",\"target\":{\"@type\":\"EntryPoint\",\"urlTemplate\":\"https:\\\/\\\/www.chateaudegoutelas.fr\\\/?s={search_term_string}\"},\"query-input\":{\"@type\":\"PropertyValueSpecification\",\"valueRequired\":true,\"valueName\":\"search_term_string\"}}],\"inLanguage\":\"en-GB\"},{\"@type\":\"Organization\",\"@id\":\"https:\\\/\\\/www.chateaudegoutelas.fr\\\/#organization\",\"name\":\"Ch\u00e2teau de Goutelas\",\"url\":\"https:\\\/\\\/www.chateaudegoutelas.fr\\\/\",\"logo\":{\"@type\":\"ImageObject\",\"inLanguage\":\"en-GB\",\"@id\":\"https:\\\/\\\/www.chateaudegoutelas.fr\\\/#\\\/schema\\\/logo\\\/image\\\/\",\"url\":\"https:\\\/\\\/www.chateaudegoutelas.fr\\\/wp-content\\\/uploads\\\/2023\\\/05\\\/logo-chateau-goutelas-bleu.png\",\"contentUrl\":\"https:\\\/\\\/www.chateaudegoutelas.fr\\\/wp-content\\\/uploads\\\/2023\\\/05\\\/logo-chateau-goutelas-bleu.png\",\"width\":1123,\"height\":327,\"caption\":\"Ch\u00e2teau de Goutelas\"},\"image\":{\"@id\":\"https:\\\/\\\/www.chateaudegoutelas.fr\\\/#\\\/schema\\\/logo\\\/image\\\/\"}}]}<\/script>\n<!-- \/ Yoast SEO plugin. -->","yoast_head_json":{"title":"SAMEDI 14 ET DIMANCHE 15\/05 - FESTIVAL DE PO\u00c9SIE CONTEMPORAINE : Les Enchanteurs - Ch\u00e2teau de Goutelas","robots":{"index":"index","follow":"follow","max-snippet":"max-snippet:-1","max-image-preview":"max-image-preview:large","max-video-preview":"max-video-preview:-1"},"canonical":"https:\/\/www.chateaudegoutelas.fr\/en\/archive\/samedi-14-et-dimanche-15-05-festival-de-poesie-contemporaine-les-enchanteurs\/","og_locale":"en_GB","og_type":"article","og_title":"SAMEDI 14 ET DIMANCHE 15\/05 - FESTIVAL DE PO\u00c9SIE CONTEMPORAINE : Les Enchanteurs - Ch\u00e2teau de Goutelas","og_description":"Samedi 14 et dimanche 15 mai Les Enchanteurs ! Le titre de ce nouveau rendez-vous au Ch\u00e2teau de Goutelas promet un week-end hors du temps, \u00e0 la rencontre des \u00e9critures po\u00e9tiques contemporaines. Autour d\u2019un march\u00e9 de l\u2019\u00e9dition ind\u00e9pendante, des spectacles, des lectures, des rencontres font entendre les voix po\u00e9tiques d\u2019aujourd\u2019hui. &nbsp; Le Ch\u00e2teau de Goutelas [&hellip;]","og_url":"https:\/\/www.chateaudegoutelas.fr\/en\/archive\/samedi-14-et-dimanche-15-05-festival-de-poesie-contemporaine-les-enchanteurs\/","og_site_name":"Ch\u00e2teau de Goutelas","article_modified_time":"2023-05-26T07:55:04+00:00","og_image":[{"width":1346,"height":1336,"url":"https:\/\/www.chateaudegoutelas.fr\/wp-content\/uploads\/2022\/03\/Visuel_Enchanteurs-e1649082155239.jpg","type":"image\/jpeg"}],"twitter_card":"summary_large_image","twitter_misc":{"Estimated reading time":"2 minutes"},"schema":{"@context":"https:\/\/schema.org","@graph":[{"@type":"WebPage","@id":"https:\/\/www.chateaudegoutelas.fr\/archive\/samedi-14-et-dimanche-15-05-festival-de-poesie-contemporaine-les-enchanteurs\/","url":"https:\/\/www.chateaudegoutelas.fr\/archive\/samedi-14-et-dimanche-15-05-festival-de-poesie-contemporaine-les-enchanteurs\/","name":"SAMEDI 14 ET DIMANCHE 15\/05 - FESTIVAL DE PO\u00c9SIE CONTEMPORAINE : Les Enchanteurs - Ch\u00e2teau de Goutelas","isPartOf":{"@id":"https:\/\/www.chateaudegoutelas.fr\/#website"},"primaryImageOfPage":{"@id":"https:\/\/www.chateaudegoutelas.fr\/archive\/samedi-14-et-dimanche-15-05-festival-de-poesie-contemporaine-les-enchanteurs\/#primaryimage"},"image":{"@id":"https:\/\/www.chateaudegoutelas.fr\/archive\/samedi-14-et-dimanche-15-05-festival-de-poesie-contemporaine-les-enchanteurs\/#primaryimage"},"thumbnailUrl":"https:\/\/www.chateaudegoutelas.fr\/wp-content\/uploads\/2022\/03\/Visuel_Enchanteurs-e1649082155239.jpg","datePublished":"2022-03-23T15:50:37+00:00","dateModified":"2023-05-26T07:55:04+00:00","breadcrumb":{"@id":"https:\/\/www.chateaudegoutelas.fr\/archive\/samedi-14-et-dimanche-15-05-festival-de-poesie-contemporaine-les-enchanteurs\/#breadcrumb"},"inLanguage":"en-GB","potentialAction":[{"@type":"ReadAction","target":["https:\/\/www.chateaudegoutelas.fr\/archive\/samedi-14-et-dimanche-15-05-festival-de-poesie-contemporaine-les-enchanteurs\/"]}]},{"@type":"ImageObject","inLanguage":"en-GB","@id":"https:\/\/www.chateaudegoutelas.fr\/archive\/samedi-14-et-dimanche-15-05-festival-de-poesie-contemporaine-les-enchanteurs\/#primaryimage","url":"https:\/\/www.chateaudegoutelas.fr\/wp-content\/uploads\/2022\/03\/Visuel_Enchanteurs-e1649082155239.jpg","contentUrl":"https:\/\/www.chateaudegoutelas.fr\/wp-content\/uploads\/2022\/03\/Visuel_Enchanteurs-e1649082155239.jpg","width":1346,"height":1336},{"@type":"BreadcrumbList","@id":"https:\/\/www.chateaudegoutelas.fr\/archive\/samedi-14-et-dimanche-15-05-festival-de-poesie-contemporaine-les-enchanteurs\/#breadcrumb","itemListElement":[{"@type":"ListItem","position":1,"name":"Accueil","item":"https:\/\/www.chateaudegoutelas.fr\/"},{"@type":"ListItem","position":2,"name":"SAMEDI 14 ET DIMANCHE 15\/05 &#8211; FESTIVAL DE PO\u00c9SIE CONTEMPORAINE : Les Enchanteurs"}]},{"@type":"WebSite","@id":"https:\/\/www.chateaudegoutelas.fr\/#website","url":"https:\/\/www.chateaudegoutelas.fr\/","name":"Ch\u00e2teau de Goutelas","description":"Un centre culturel de rencontre en Forez","publisher":{"@id":"https:\/\/www.chateaudegoutelas.fr\/#organization"},"potentialAction":[{"@type":"SearchAction","target":{"@type":"EntryPoint","urlTemplate":"https:\/\/www.chateaudegoutelas.fr\/?s={search_term_string}"},"query-input":{"@type":"PropertyValueSpecification","valueRequired":true,"valueName":"search_term_string"}}],"inLanguage":"en-GB"},{"@type":"Organization","@id":"https:\/\/www.chateaudegoutelas.fr\/#organization","name":"Ch\u00e2teau de Goutelas","url":"https:\/\/www.chateaudegoutelas.fr\/","logo":{"@type":"ImageObject","inLanguage":"en-GB","@id":"https:\/\/www.chateaudegoutelas.fr\/#\/schema\/logo\/image\/","url":"https:\/\/www.chateaudegoutelas.fr\/wp-content\/uploads\/2023\/05\/logo-chateau-goutelas-bleu.png","contentUrl":"https:\/\/www.chateaudegoutelas.fr\/wp-content\/uploads\/2023\/05\/logo-chateau-goutelas-bleu.png","width":1123,"height":327,"caption":"Ch\u00e2teau de Goutelas"},"image":{"@id":"https:\/\/www.chateaudegoutelas.fr\/#\/schema\/logo\/image\/"}}]}},"_links":{"self":[{"href":"https:\/\/www.chateaudegoutelas.fr\/en\/wp-json\/wp\/v2\/archive\/4370","targetHints":{"allow":["GET"]}}],"collection":[{"href":"https:\/\/www.chateaudegoutelas.fr\/en\/wp-json\/wp\/v2\/archive"}],"about":[{"href":"https:\/\/www.chateaudegoutelas.fr\/en\/wp-json\/wp\/v2\/types\/archive"}],"author":[{"embeddable":true,"href":"https:\/\/www.chateaudegoutelas.fr\/en\/wp-json\/wp\/v2\/users\/7"}],"wp:featuredmedia":[{"embeddable":true,"href":"https:\/\/www.chateaudegoutelas.fr\/en\/wp-json\/wp\/v2\/media\/4390"}],"wp:attachment":[{"href":"https:\/\/www.chateaudegoutelas.fr\/en\/wp-json\/wp\/v2\/media?parent=4370"}],"wp:term":[{"taxonomy":"category","embeddable":true,"href":"https:\/\/www.chateaudegoutelas.fr\/en\/wp-json\/wp\/v2\/categories?post=4370"},{"taxonomy":"post_tag","embeddable":true,"href":"https:\/\/www.chateaudegoutelas.fr\/en\/wp-json\/wp\/v2\/tags?post=4370"}],"curies":[{"name":"wp","href":"https:\/\/api.w.org\/{rel}","templated":true}]}}