{"id":4365,"date":"2022-03-23T14:55:12","date_gmt":"2022-03-23T13:55:12","guid":{"rendered":"https:\/\/www.chateaudegoutelas.fr\/?p=4365"},"modified":"2023-05-26T09:55:04","modified_gmt":"2023-05-26T07:55:04","slug":"vendredi-13-05-concert-performance-premiere-rencontre","status":"publish","type":"archive","link":"https:\/\/www.chateaudegoutelas.fr\/en\/archive\/vendredi-13-05-concert-performance-premiere-rencontre\/","title":{"rendered":"VENDREDI 13\/05 &#8211; CONCERT-PERFORMANCE : Premi\u00e8re rencontre"},"content":{"rendered":"<div class=\"shmMigrate\"><\/div>\n<div class=\"shmMigrate\"><\/div>\n<div class=\"shmMigrate\"><\/div>\n<div class=\"shmMigrate\"><\/div>\n<h4><span style=\"font-weight: 400;\">Vendredi 13 mai<\/span><\/h4>\n<h4><span style=\"font-weight: 400;\">20h30<\/span><\/h4>\n<div class=\"shmMigrate\"><\/div>\n<div class=\"shmMigrate\"><\/div>\n<div class=\"shmMigrate\"><\/div>\n<p><em>Tout ceci n\u2019est peut-\u00eatre qu\u2019une illusion, mais il serait navrant de penser que les com\u00e8tes ont d\u00e9ploy\u00e9 de grands artifices depuis la nuit des temps seulement pour se donner en spectacle. <\/em><\/p>\n<p>&nbsp;<\/p>\n<p>V\u00e9ronique B\u00e9land, artiste invit\u00e9e en 2020 pour l\u2019exposition <em>Juste avant l\u2019horizon du visible<\/em>, rencontre le musicien David Lavaysse. Apr\u00e8s deux ans de report (sans jamais se rencontrer) et une semaine de r\u00e9sidence au Ch\u00e2teau de Goutelas, les extraits in\u00e9dits du roman en cours d\u2019\u00e9criture <em>Et on clouera des com\u00e8tes sur l\u2019horizon en fuite <\/em>de V\u00e9ronique B\u00e9land s\u2019incarnent parmi les sons de synth\u00e9tiseurs modulaires, capteurs d\u2019ondes \u00e9lectromagn\u00e9tiques et divers instruments &amp; subterfuges activ\u00e9s en direct par David Lavaysse.<\/p>\n<div class=\"shmMigrate\"><\/div>\n<div class=\"shmMigrate\"><\/div>\n<div class=\"shmMigrate\"><\/div>\n<p><strong>Gratuit<\/strong><\/p>\n<p><strong>Ouverture du food truck \u00e0 19h<\/strong><\/p>\n<div class=\"shmMigrate\"><\/div>\n<div class=\"shmMigrate\"><\/div>\n<div class=\"shmMigrate\"><\/div>\n<div class=\"shmMigrate\"><\/div>\n<p><em>Le concert de <strong>Frida<\/strong> initialement pr\u00e9vu ce m\u00eame soir est report\u00e9 au vendredi 25 novembre 2022.<\/em><\/p>\n<div class=\"shmMigrate\"><\/div>\n<div class=\"shmMigrate\"><\/div>\n<div class=\"shmMigrate\"><\/div>\n<p>Photo \u00a9 V\u00e9ronique B\u00e9land \/ David Lavaysse<\/p>\n<div class=\"shmMigrate\"><\/div>\n<div class=\"shmMigrate\"><\/div>\n<div class=\"shmMigrate\"><\/div>\n<div class=\"shmMigrate\"><\/div>\n<div class=\"shmMigrate\"><\/div>\n<div class=\"shmMigrate\"><\/div>\n<div class=\"shmMigrate\"><\/div>\n<div class=\"shmMigrate\"><\/div>\n<p><strong><em>Et on clouera des com\u00e8tes sur l\u2019horizon en fuite<\/em><\/strong><\/p>\n<p><strong>Roman (en cours d\u2019\u00e9criture)<\/strong><\/p>\n<p>&nbsp;<\/p>\n<p>C\u2019est une histoire ordinaire, une histoire de tous les jours. Une femme va mourir et elle a peur, tellement qu\u2019elle refuse de voir la v\u00e9rit\u00e9 en face et choisit de s\u2019enfermer dans sa maison isol\u00e9e au c\u0153ur de la for\u00eat qu\u00e9b\u00e9coise. C\u2019est l\u2019histoire d\u2019un huis clos ou\u0300 la mort c\u00f4toie la vie dans la plus pure fiction, et ou\u0300 l\u2019hiver qui s\u2019installe lentement a\u0300 l\u2019ext\u00e9rieur semble m\u00e9tamorphoser les personnages autant que le paysage. C\u2019est l\u2019histoire d\u2019une mourante qui, d\u00e9lirante, commence a\u0300 parler aux d\u00e9funts\u00a0et convoque les anc\u00eatres appartenant \u00e0 toute une lign\u00e9e ayant habit\u00e9 \u2013 ou hant\u00e9 \u2013 cette terre par le pass\u00e9. C\u2019est une histoire de fant\u00f4mes qui interviennent dans une cacophonie inaudible, dans un jeu insolite o\u00f9 les adieux ne sont pas permis.<\/p>\n<p>Ce projet a \u00e9t\u00e9 financ\u00e9 par la R\u00e9gion Nouvelle-Aquitaine. Il a \u00e9galement b\u00e9n\u00e9fici\u00e9 du soutien de la Maison Julien Gracq, dans le cadre d\u2019une r\u00e9sidence d\u2019\u00e9criture.<\/p>\n<div class=\"shmMigrate\"><\/div>\n<div class=\"shmMigrate\"><\/div>\n<div class=\"shmMigrate\"><\/div>\n<div class=\"shmMigrate\"><\/div>\n<div class=\"shmMigrate\"><\/div>\n<p><strong><a href=\"https:\/\/veroniquebeland.art\/\">V\u00e9ronique B\u00e9land<\/a> \u2013 Biographie<\/strong><\/p>\n<p>&nbsp;<\/p>\n<p>Originaire du Qu\u00e9bec (Canada), V\u00e9ronique B\u00e9land vit en France depuis 2010, o\u00f9 elle a \u00e9t\u00e9 dipl\u00f4m\u00e9e du Studio national des arts contemporains Le Fresnoy en 2012. Elle est \u00e9galement titulaire d\u2019une ma\u00eetrise en arts visuels et m\u00e9diatiques de l\u2019Universit\u00e9 du Qu\u00e9bec \u00e0 Montr\u00e9al.\u00a0Sa pratique artistique, qui gravite entre les arts m\u00e9diatiques et la litt\u00e9rature, s\u2019int\u00e9resse \u00e0 des ph\u00e9nom\u00e8nes insaisissables \u00e0 \u00e9chelle humaine, dans une tentative constante d\u2019ausculter ce qui semble vide pour en r\u00e9v\u00e9ler le contenu. Par divers protocoles de traduction ou de transcodage, qui convoquent \u00e0 la fois les mondes de l\u2019art et de la science tout en entretenant un lien \u00e9troit avec la notion d\u2019archivage, ses \u0153uvres cherchent \u00e0 faire contact entre le perceptible et l\u2019imperceptible, d\u2019o\u00f9 en jaillit une certaine forme de narration.<\/p>\n<p>Depuis 2005, son travail a \u00e9t\u00e9 pr\u00e9sent\u00e9 lors d\u2019expositions individuelles et collectives au Canada, aux \u00c9tats-Unis et dans plusieurs pays d\u2019Europe\u00a0(France, Belgique, Allemagne, Pays-Bas, Lituanie, Espagne, Portugal). En 2014, elle a publi\u00e9 avec Catherine Tremblay le livre de correspondances photographiques <em>Elles collectionnent des mondes<\/em> aux \u00e9ditions du Renard. Elle est aussi l\u2019auteure du recueil de po\u00e9sie <em>Le vide de la distance n\u2019est nulle part ailleurs<\/em> (2016) et de <em>Malgr\u00e9 les collines \u2013 \u00e9garements cartographiques dont vous \u00eates le h\u00e9ros<\/em> (2017), tous deux parus aux \u00e9ditions sun|sun. \u200b\u200b\u200b\u200b\u200b\u200b\u200b<\/p>\n<p>Ses \u0153uvres ont remport\u00e9 plusieurs distinctions, notamment le Prix Jacques de Tonnancour et le Prix d\u2019excellence des Ateliers Roland-Proulx \u00e0 Montr\u00e9al en 2007, le Prix des Amis du Fresnoy en 2012 et la mention R\u00e9v\u00e9lation livre d\u2019artiste au Salon Multiple Art Days de Paris en 2017. Sa carri\u00e8re a \u00e9galement \u00e9t\u00e9 r\u00e9compens\u00e9e par le Prix Marguerite Moreau pour l\u2019art contemporain en 2021 et le prestigieux World Omosiroi Award (Japon) en 2022, un prix international et interdisciplinaire \u00ab\u00a0c\u00e9l\u00e9brant l\u2019innovation en mati\u00e8re de connaissance, d\u00e9cern\u00e9 \u00e0 des personnes dont les id\u00e9es et les activit\u00e9s sont inspirantes et r\u00e9v\u00e9latrices.\u00a0\u00bb<\/p>\n<p>&nbsp;<\/p>\n<p>Site web : <a href=\"https:\/\/veroniquebeland.art\/\">https:\/\/veroniquebeland.art\/<\/a><\/p>\n<div class=\"shmMigrate\"><\/div>\n<div class=\"shmMigrate\"><\/div>\n<div class=\"shmMigrate\"><\/div>\n<div class=\"shmMigrate\"><\/div>\n<div class=\"shmMigrate\"><\/div>\n<p><strong><a href=\"https:\/\/www.lavaysse.com\">David Lavaysse<\/a> \u2013 Biographie<\/strong><\/p>\n<p><strong>\u00a0<\/strong><\/p>\n<p>N\u00e9 \u00e0 Montpellier en 1976, David Lavaysse d\u00e9bute la composition et la production musicale au milieu des ann\u00e9es 90.<\/p>\n<p>Multi-instrumentiste, il r\u00e9alise plusieurs albums solo parus sur diverses maisons de disques sous le pseudonyme \u00abi&amp;fused\u00bb : &lsquo;Real fun&rsquo; (MK label \/ 1999), &lsquo;Expectations&rsquo; (Serpentine \/ 1999), &lsquo;Kind of clue&rsquo; (ici d&rsquo;ailleurs \/ 2002, &lsquo;Slow eater&rsquo; (ici d&rsquo;ailleurs \/ 2008).<\/p>\n<p>Il cr\u00e9e le groupe &lsquo;The Shoppings&rsquo; avec le sociologue de la mode Pascal Monfort. Un premier album \u00e9ponyme para\u00eet en 2007 sur le label ici d&rsquo;ailleurs, un second nomm\u00e9 \u2018Vanit\u00e9e\u2019 en 2018. Entre-temps ils collaborent avec les cr\u00e9ateurs Jean-Charles de Castelbajac et Jeremy Scott.<\/p>\n<p>En 2011, il fonde &lsquo;<a href=\"http:\/\/1fuse.fr\/\">1fuse<\/a>&lsquo;, maison de production sonore et plastique. Chaque projet est l&rsquo;occasion d&rsquo;exp\u00e9rimenter des nouvelles formes de collaboration et de cr\u00e9ations alliant design sonore et graphique.<\/p>\n<p>Avec notamment la net-artiste Annie Abrahams (&lsquo;R\u00e9confort infini \/ 2013), l&rsquo;auteur Thomas Mal\u00e9sieux (&lsquo;Histoire d&rsquo;un document retrouv\u00e9 \/ 2014), le vigneron Vincent Bonnal (&lsquo;P\u00e9lissols \/ 2015 ), l&rsquo;acteur et metteur en sc\u00e8ne Jacque Allaire (&lsquo;Mon cr\u00e9dit \/ 2016&rsquo;) et le photographe C\u00e9dric Viollet (&lsquo;Arrondir&rsquo; \/ 2018).<\/p>\n<p>Il r\u00e9pond \u00e9galement \u00e0 des commandes de composition pour le th\u00e9\u00e2tre et la danse (<em>La R\u00e9publique de Platon<\/em> et <em>Le dernier continent<\/em> de Jacques Allaire, <em>La ville en gr\u00e2ce<\/em> de Young Ho Nam) et de sound design (Off-White, Colette, Dim, Carhartt, REC, UNX,\u00a0 Edoki, Worlwide festival, Qu\u00e9bec Science,&#8230;).<\/p>\n<p>En novembre 2019 il cr\u00e9e &lsquo;Manhwa&rsquo; , spectacle en collaboration avec le dessinateur Cor\u00e9en Young- Wook Beck, \u00e0 l&rsquo;op\u00e9ra Com\u00e9die de Montpellier.<br \/>\nUne nouvelle cr\u00e9ation bas\u00e9e sur l&rsquo;Odyss\u00e9e d&rsquo;Hom\u00e8re, \u00a0\u00bb L&rsquo;Odyssey Manhwa \u00a0\u00bb a \u00e9t\u00e9\u00a0 cr\u00e9\u00e9e \u00e0 l&rsquo;Op\u00e9ra de Montpellier en novembre 2021 et sera jou\u00e9 \u00e0 Andong (Cor\u00e9e du sud) en juillet 2022.<\/p>\n<p>&nbsp;<\/p>\n<p>Site web : <a href=\"https:\/\/www.lavaysse.com\/\">https:\/\/www.lavaysse.com<\/a><\/p>\n<div class=\"shmMigrate\"><\/div>\n<div class=\"shmMigrate\"><\/div>\n<div class=\"shmMigrate\"><\/div>\n<div class=\"shmMigrate\"><\/div>\n<div class=\"shmMigrate\"><\/div>\n<div class=\"shmMigrate\"><\/div>\n<div class=\"shmMigrate\"><\/div>\n<p><i>Avec le soutien de<\/i><\/p>\n<div class=\"shmMigrate\"><\/div>\n<div class=\"shmMigrate\"><\/div>\n<div class=\"shmMigrate\"><\/div>\n<div class=\"shmMigrate\"><\/div>\n<div class=\"shmMigrate\"><\/div>\n<div class=\"shmMigrate\"><\/div>\n<div class=\"shmMigrate\"><\/div>\n<div class=\"shmMigrate\"><\/div>\n<div class=\"shmMigrate\"><\/div>\n<div class=\"shmMigrate\"><\/div>\n<div class=\"shmMigrate\"><\/div>\n<div class=\"shmMigrate\"><\/div>\n<div class=\"shmMigrate\"><\/div>\n<div class=\"shmMigrate\"><\/div>\n<div class=\"shmMigrate\"><\/div>","protected":false},"author":7,"featured_media":4366,"template":"","meta":{"site-sidebar-layout":"default","site-content-layout":"","ast-site-content-layout":"default","site-content-style":"default","site-sidebar-style":"default","ast-global-header-display":"","ast-banner-title-visibility":"","ast-main-header-display":"","ast-hfb-above-header-display":"","ast-hfb-below-header-display":"","ast-hfb-mobile-header-display":"","site-post-title":"","ast-breadcrumbs-content":null,"ast-featured-img":"","footer-sml-layout":"","ast-disable-related-posts":"","theme-transparent-header-meta":"","adv-header-id-meta":"","stick-header-meta":"","header-above-stick-meta":null,"header-main-stick-meta":"","header-below-stick-meta":null,"astra-migrate-meta-layouts":"default","ast-page-background-enabled":"default","ast-page-background-meta":{"desktop":{"background-color":"","background-image":"","background-repeat":"repeat","background-position":"center center","background-size":"auto","background-attachment":"scroll","background-type":"","background-media":"","overlay-type":"","overlay-color":"","overlay-opacity":"","overlay-gradient":""},"tablet":{"background-color":"","background-image":"","background-repeat":"repeat","background-position":"center center","background-size":"auto","background-attachment":"scroll","background-type":"","background-media":"","overlay-type":"","overlay-color":"","overlay-opacity":"","overlay-gradient":""},"mobile":{"background-color":"","background-image":"","background-repeat":"repeat","background-position":"center center","background-size":"auto","background-attachment":"scroll","background-type":"","background-media":"","overlay-type":"","overlay-color":"","overlay-opacity":"","overlay-gradient":""}},"ast-content-background-meta":{"desktop":{"background-color":"var(--ast-global-color-5)","background-image":"","background-repeat":"repeat","background-position":"center center","background-size":"auto","background-attachment":"scroll","background-type":"","background-media":"","overlay-type":"","overlay-color":"","overlay-opacity":"","overlay-gradient":""},"tablet":{"background-color":"var(--ast-global-color-5)","background-image":"","background-repeat":"repeat","background-position":"center center","background-size":"auto","background-attachment":"scroll","background-type":"","background-media":"","overlay-type":"","overlay-color":"","overlay-opacity":"","overlay-gradient":""},"mobile":{"background-color":"var(--ast-global-color-5)","background-image":"","background-repeat":"repeat","background-position":"center center","background-size":"auto","background-attachment":"scroll","background-type":"","background-media":"","overlay-type":"","overlay-color":"","overlay-opacity":"","overlay-gradient":""}}},"categories":[4],"tags":[],"class_list":["post-4365","archive","type-archive","status-publish","has-post-thumbnail","hentry","category-actualites"],"yoast_head":"<!-- This site is optimized with the Yoast SEO plugin v27.5 - https:\/\/yoast.com\/product\/yoast-seo-wordpress\/ -->\n<title>VENDREDI 13\/05 - CONCERT-PERFORMANCE : Premi\u00e8re rencontre - Ch\u00e2teau de Goutelas<\/title>\n<meta name=\"robots\" content=\"index, follow, max-snippet:-1, max-image-preview:large, max-video-preview:-1\" \/>\n<link rel=\"canonical\" href=\"https:\/\/www.chateaudegoutelas.fr\/en\/archive\/vendredi-13-05-concert-performance-premiere-rencontre\/\" \/>\n<meta property=\"og:locale\" content=\"en_GB\" \/>\n<meta property=\"og:type\" content=\"article\" \/>\n<meta property=\"og:title\" content=\"VENDREDI 13\/05 - CONCERT-PERFORMANCE : Premi\u00e8re rencontre - Ch\u00e2teau de Goutelas\" \/>\n<meta property=\"og:description\" content=\"Vendredi 13 mai 20h30 Tout ceci n\u2019est peut-\u00eatre qu\u2019une illusion, mais il serait navrant de penser que les com\u00e8tes ont d\u00e9ploy\u00e9 de grands artifices depuis la nuit des temps seulement pour se donner en spectacle. &nbsp; V\u00e9ronique B\u00e9land, artiste invit\u00e9e en 2020 pour l\u2019exposition Juste avant l\u2019horizon du visible, rencontre le musicien David Lavaysse. Apr\u00e8s [&hellip;]\" \/>\n<meta property=\"og:url\" content=\"https:\/\/www.chateaudegoutelas.fr\/en\/archive\/vendredi-13-05-concert-performance-premiere-rencontre\/\" \/>\n<meta property=\"og:site_name\" content=\"Ch\u00e2teau de Goutelas\" \/>\n<meta property=\"article:modified_time\" content=\"2023-05-26T07:55:04+00:00\" \/>\n<meta property=\"og:image\" content=\"https:\/\/www.chateaudegoutelas.fr\/wp-content\/uploads\/2022\/03\/Sans-titre-scaled.jpg\" \/>\n\t<meta property=\"og:image:width\" content=\"2560\" \/>\n\t<meta property=\"og:image:height\" content=\"1707\" \/>\n\t<meta property=\"og:image:type\" content=\"image\/jpeg\" \/>\n<meta name=\"twitter:card\" content=\"summary_large_image\" \/>\n<meta name=\"twitter:label1\" content=\"Estimated reading time\" \/>\n\t<meta name=\"twitter:data1\" content=\"5 minutes\" \/>\n<script type=\"application\/ld+json\" class=\"yoast-schema-graph\">{\"@context\":\"https:\\\/\\\/schema.org\",\"@graph\":[{\"@type\":\"WebPage\",\"@id\":\"https:\\\/\\\/www.chateaudegoutelas.fr\\\/archive\\\/vendredi-13-05-concert-performance-premiere-rencontre\\\/\",\"url\":\"https:\\\/\\\/www.chateaudegoutelas.fr\\\/archive\\\/vendredi-13-05-concert-performance-premiere-rencontre\\\/\",\"name\":\"VENDREDI 13\\\/05 - CONCERT-PERFORMANCE : Premi\u00e8re rencontre - Ch\u00e2teau de Goutelas\",\"isPartOf\":{\"@id\":\"https:\\\/\\\/www.chateaudegoutelas.fr\\\/#website\"},\"primaryImageOfPage\":{\"@id\":\"https:\\\/\\\/www.chateaudegoutelas.fr\\\/archive\\\/vendredi-13-05-concert-performance-premiere-rencontre\\\/#primaryimage\"},\"image\":{\"@id\":\"https:\\\/\\\/www.chateaudegoutelas.fr\\\/archive\\\/vendredi-13-05-concert-performance-premiere-rencontre\\\/#primaryimage\"},\"thumbnailUrl\":\"https:\\\/\\\/www.chateaudegoutelas.fr\\\/wp-content\\\/uploads\\\/2022\\\/03\\\/Sans-titre-scaled.jpg\",\"datePublished\":\"2022-03-23T13:55:12+00:00\",\"dateModified\":\"2023-05-26T07:55:04+00:00\",\"breadcrumb\":{\"@id\":\"https:\\\/\\\/www.chateaudegoutelas.fr\\\/archive\\\/vendredi-13-05-concert-performance-premiere-rencontre\\\/#breadcrumb\"},\"inLanguage\":\"en-GB\",\"potentialAction\":[{\"@type\":\"ReadAction\",\"target\":[\"https:\\\/\\\/www.chateaudegoutelas.fr\\\/archive\\\/vendredi-13-05-concert-performance-premiere-rencontre\\\/\"]}]},{\"@type\":\"ImageObject\",\"inLanguage\":\"en-GB\",\"@id\":\"https:\\\/\\\/www.chateaudegoutelas.fr\\\/archive\\\/vendredi-13-05-concert-performance-premiere-rencontre\\\/#primaryimage\",\"url\":\"https:\\\/\\\/www.chateaudegoutelas.fr\\\/wp-content\\\/uploads\\\/2022\\\/03\\\/Sans-titre-scaled.jpg\",\"contentUrl\":\"https:\\\/\\\/www.chateaudegoutelas.fr\\\/wp-content\\\/uploads\\\/2022\\\/03\\\/Sans-titre-scaled.jpg\",\"width\":2560,\"height\":1707},{\"@type\":\"BreadcrumbList\",\"@id\":\"https:\\\/\\\/www.chateaudegoutelas.fr\\\/archive\\\/vendredi-13-05-concert-performance-premiere-rencontre\\\/#breadcrumb\",\"itemListElement\":[{\"@type\":\"ListItem\",\"position\":1,\"name\":\"Accueil\",\"item\":\"https:\\\/\\\/www.chateaudegoutelas.fr\\\/\"},{\"@type\":\"ListItem\",\"position\":2,\"name\":\"VENDREDI 13\\\/05 &#8211; CONCERT-PERFORMANCE : Premi\u00e8re rencontre\"}]},{\"@type\":\"WebSite\",\"@id\":\"https:\\\/\\\/www.chateaudegoutelas.fr\\\/#website\",\"url\":\"https:\\\/\\\/www.chateaudegoutelas.fr\\\/\",\"name\":\"Ch\u00e2teau de Goutelas\",\"description\":\"Un centre culturel de rencontre en Forez\",\"publisher\":{\"@id\":\"https:\\\/\\\/www.chateaudegoutelas.fr\\\/#organization\"},\"potentialAction\":[{\"@type\":\"SearchAction\",\"target\":{\"@type\":\"EntryPoint\",\"urlTemplate\":\"https:\\\/\\\/www.chateaudegoutelas.fr\\\/?s={search_term_string}\"},\"query-input\":{\"@type\":\"PropertyValueSpecification\",\"valueRequired\":true,\"valueName\":\"search_term_string\"}}],\"inLanguage\":\"en-GB\"},{\"@type\":\"Organization\",\"@id\":\"https:\\\/\\\/www.chateaudegoutelas.fr\\\/#organization\",\"name\":\"Ch\u00e2teau de Goutelas\",\"url\":\"https:\\\/\\\/www.chateaudegoutelas.fr\\\/\",\"logo\":{\"@type\":\"ImageObject\",\"inLanguage\":\"en-GB\",\"@id\":\"https:\\\/\\\/www.chateaudegoutelas.fr\\\/#\\\/schema\\\/logo\\\/image\\\/\",\"url\":\"https:\\\/\\\/www.chateaudegoutelas.fr\\\/wp-content\\\/uploads\\\/2023\\\/05\\\/logo-chateau-goutelas-bleu.png\",\"contentUrl\":\"https:\\\/\\\/www.chateaudegoutelas.fr\\\/wp-content\\\/uploads\\\/2023\\\/05\\\/logo-chateau-goutelas-bleu.png\",\"width\":1123,\"height\":327,\"caption\":\"Ch\u00e2teau de Goutelas\"},\"image\":{\"@id\":\"https:\\\/\\\/www.chateaudegoutelas.fr\\\/#\\\/schema\\\/logo\\\/image\\\/\"}}]}<\/script>\n<!-- \/ Yoast SEO plugin. -->","yoast_head_json":{"title":"VENDREDI 13\/05 - CONCERT-PERFORMANCE : Premi\u00e8re rencontre - Ch\u00e2teau de Goutelas","robots":{"index":"index","follow":"follow","max-snippet":"max-snippet:-1","max-image-preview":"max-image-preview:large","max-video-preview":"max-video-preview:-1"},"canonical":"https:\/\/www.chateaudegoutelas.fr\/en\/archive\/vendredi-13-05-concert-performance-premiere-rencontre\/","og_locale":"en_GB","og_type":"article","og_title":"VENDREDI 13\/05 - CONCERT-PERFORMANCE : Premi\u00e8re rencontre - Ch\u00e2teau de Goutelas","og_description":"Vendredi 13 mai 20h30 Tout ceci n\u2019est peut-\u00eatre qu\u2019une illusion, mais il serait navrant de penser que les com\u00e8tes ont d\u00e9ploy\u00e9 de grands artifices depuis la nuit des temps seulement pour se donner en spectacle. &nbsp; V\u00e9ronique B\u00e9land, artiste invit\u00e9e en 2020 pour l\u2019exposition Juste avant l\u2019horizon du visible, rencontre le musicien David Lavaysse. Apr\u00e8s [&hellip;]","og_url":"https:\/\/www.chateaudegoutelas.fr\/en\/archive\/vendredi-13-05-concert-performance-premiere-rencontre\/","og_site_name":"Ch\u00e2teau de Goutelas","article_modified_time":"2023-05-26T07:55:04+00:00","og_image":[{"width":2560,"height":1707,"url":"https:\/\/www.chateaudegoutelas.fr\/wp-content\/uploads\/2022\/03\/Sans-titre-scaled.jpg","type":"image\/jpeg"}],"twitter_card":"summary_large_image","twitter_misc":{"Estimated reading time":"5 minutes"},"schema":{"@context":"https:\/\/schema.org","@graph":[{"@type":"WebPage","@id":"https:\/\/www.chateaudegoutelas.fr\/archive\/vendredi-13-05-concert-performance-premiere-rencontre\/","url":"https:\/\/www.chateaudegoutelas.fr\/archive\/vendredi-13-05-concert-performance-premiere-rencontre\/","name":"VENDREDI 13\/05 - CONCERT-PERFORMANCE : Premi\u00e8re rencontre - Ch\u00e2teau de Goutelas","isPartOf":{"@id":"https:\/\/www.chateaudegoutelas.fr\/#website"},"primaryImageOfPage":{"@id":"https:\/\/www.chateaudegoutelas.fr\/archive\/vendredi-13-05-concert-performance-premiere-rencontre\/#primaryimage"},"image":{"@id":"https:\/\/www.chateaudegoutelas.fr\/archive\/vendredi-13-05-concert-performance-premiere-rencontre\/#primaryimage"},"thumbnailUrl":"https:\/\/www.chateaudegoutelas.fr\/wp-content\/uploads\/2022\/03\/Sans-titre-scaled.jpg","datePublished":"2022-03-23T13:55:12+00:00","dateModified":"2023-05-26T07:55:04+00:00","breadcrumb":{"@id":"https:\/\/www.chateaudegoutelas.fr\/archive\/vendredi-13-05-concert-performance-premiere-rencontre\/#breadcrumb"},"inLanguage":"en-GB","potentialAction":[{"@type":"ReadAction","target":["https:\/\/www.chateaudegoutelas.fr\/archive\/vendredi-13-05-concert-performance-premiere-rencontre\/"]}]},{"@type":"ImageObject","inLanguage":"en-GB","@id":"https:\/\/www.chateaudegoutelas.fr\/archive\/vendredi-13-05-concert-performance-premiere-rencontre\/#primaryimage","url":"https:\/\/www.chateaudegoutelas.fr\/wp-content\/uploads\/2022\/03\/Sans-titre-scaled.jpg","contentUrl":"https:\/\/www.chateaudegoutelas.fr\/wp-content\/uploads\/2022\/03\/Sans-titre-scaled.jpg","width":2560,"height":1707},{"@type":"BreadcrumbList","@id":"https:\/\/www.chateaudegoutelas.fr\/archive\/vendredi-13-05-concert-performance-premiere-rencontre\/#breadcrumb","itemListElement":[{"@type":"ListItem","position":1,"name":"Accueil","item":"https:\/\/www.chateaudegoutelas.fr\/"},{"@type":"ListItem","position":2,"name":"VENDREDI 13\/05 &#8211; CONCERT-PERFORMANCE : Premi\u00e8re rencontre"}]},{"@type":"WebSite","@id":"https:\/\/www.chateaudegoutelas.fr\/#website","url":"https:\/\/www.chateaudegoutelas.fr\/","name":"Ch\u00e2teau de Goutelas","description":"Un centre culturel de rencontre en Forez","publisher":{"@id":"https:\/\/www.chateaudegoutelas.fr\/#organization"},"potentialAction":[{"@type":"SearchAction","target":{"@type":"EntryPoint","urlTemplate":"https:\/\/www.chateaudegoutelas.fr\/?s={search_term_string}"},"query-input":{"@type":"PropertyValueSpecification","valueRequired":true,"valueName":"search_term_string"}}],"inLanguage":"en-GB"},{"@type":"Organization","@id":"https:\/\/www.chateaudegoutelas.fr\/#organization","name":"Ch\u00e2teau de Goutelas","url":"https:\/\/www.chateaudegoutelas.fr\/","logo":{"@type":"ImageObject","inLanguage":"en-GB","@id":"https:\/\/www.chateaudegoutelas.fr\/#\/schema\/logo\/image\/","url":"https:\/\/www.chateaudegoutelas.fr\/wp-content\/uploads\/2023\/05\/logo-chateau-goutelas-bleu.png","contentUrl":"https:\/\/www.chateaudegoutelas.fr\/wp-content\/uploads\/2023\/05\/logo-chateau-goutelas-bleu.png","width":1123,"height":327,"caption":"Ch\u00e2teau de Goutelas"},"image":{"@id":"https:\/\/www.chateaudegoutelas.fr\/#\/schema\/logo\/image\/"}}]}},"_links":{"self":[{"href":"https:\/\/www.chateaudegoutelas.fr\/en\/wp-json\/wp\/v2\/archive\/4365","targetHints":{"allow":["GET"]}}],"collection":[{"href":"https:\/\/www.chateaudegoutelas.fr\/en\/wp-json\/wp\/v2\/archive"}],"about":[{"href":"https:\/\/www.chateaudegoutelas.fr\/en\/wp-json\/wp\/v2\/types\/archive"}],"author":[{"embeddable":true,"href":"https:\/\/www.chateaudegoutelas.fr\/en\/wp-json\/wp\/v2\/users\/7"}],"wp:featuredmedia":[{"embeddable":true,"href":"https:\/\/www.chateaudegoutelas.fr\/en\/wp-json\/wp\/v2\/media\/4366"}],"wp:attachment":[{"href":"https:\/\/www.chateaudegoutelas.fr\/en\/wp-json\/wp\/v2\/media?parent=4365"}],"wp:term":[{"taxonomy":"category","embeddable":true,"href":"https:\/\/www.chateaudegoutelas.fr\/en\/wp-json\/wp\/v2\/categories?post=4365"},{"taxonomy":"post_tag","embeddable":true,"href":"https:\/\/www.chateaudegoutelas.fr\/en\/wp-json\/wp\/v2\/tags?post=4365"}],"curies":[{"name":"wp","href":"https:\/\/api.w.org\/{rel}","templated":true}]}}