{"id":4303,"date":"2022-02-24T17:25:22","date_gmt":"2022-02-24T16:25:22","guid":{"rendered":"https:\/\/www.chateaudegoutelas.fr\/?p=4303"},"modified":"2023-05-26T09:55:05","modified_gmt":"2023-05-26T07:55:05","slug":"lundi-25-04-theatre-musical-prisme-ou-le-plumage-colore-des-sons","status":"publish","type":"archive","link":"https:\/\/www.chateaudegoutelas.fr\/en\/archive\/lundi-25-04-theatre-musical-prisme-ou-le-plumage-colore-des-sons\/","title":{"rendered":"LUNDI 25\/04 &#8211; TH\u00c9\u00c2TRE MUSICAL : Prisme ou le plumage color\u00e9 des sons"},"content":{"rendered":"<div class=\"shmMigrate\"><\/div>\n<div class=\"shmMigrate\"><\/div>\n<div class=\"shmMigrate\"><\/div>\n<div class=\"shmMigrate\"><\/div>\n<h4>16h<\/h4>\n<div class=\"shmMigrate\"><\/div>\n<div class=\"shmMigrate\"><\/div>\n<div class=\"shmMigrate\"><\/div>\n<p><strong>Cie Idyle<\/strong><\/p>\n<p>&nbsp;<\/p>\n<p><span style=\"font-weight: 400;\">\u00a0<\/span><\/p>\n<p><span style=\"font-weight: 400;\">Une promenade musicale et color\u00e9e, dans un jardin o\u00f9 les oiseaux parlent aux passants, o\u00f9 parfois les passants leur r\u00e9pondent. Ici, tous les secrets peuvent se chanter ! Les voix et les notes de guitare d\u2019une aventuri\u00e8re curieuse et d\u2019un gardien parfois un peu grincheux se m\u00ealent et nous invitent \u00e0 les rejoindre. <\/span><\/p>\n<p>&nbsp;<\/p>\n<p><em>Autrice, compositrice, voix, percussions : Lydie Dupuy<\/em><br \/>\n<em>Chant, guitare : Zacharie Dangoin<\/em><br \/>\n<em>Texte et mise en sc\u00e8ne : Cl\u00e9o Dangoin<\/em><br \/>\n<em>Cr\u00e9ation lumi\u00e8re et sc\u00e9nographie : Elsa Jabrin<\/em><br \/>\n<em>Costumes : V\u00e9rane Mounier<\/em><br \/>\n<em>Son : Thomas Masson<\/em><\/p>\n<div class=\"shmMigrate\"><\/div>\n<div class=\"shmMigrate\"><\/div>\n<div class=\"shmMigrate\"><\/div>\n<p><b>Dur\u00e9e : 45 min<\/b><\/p>\n<p><strong>A partir de 3 ans<\/strong><\/p>\n<p><b>8\u20ac avec go\u00fbter<\/b><\/p>\n<p><strong>Sur r\u00e9servation<\/strong><\/p>\n<div class=\"shmMigrate\"><\/div>\n<div class=\"shmMigrate\"><\/div>\n<div class=\"shmMigrate\"><\/div>\n<div class=\"shmMigrate\"><\/div>\n<p><strong>Dans le cadre de la saison culturelle d\u00e9partementale \u201cDe villes\u2026 en villages\u201d<\/strong><\/p>\n<div class=\"shmMigrate\"><\/div>\n<div class=\"shmMigrate\"><\/div>\n<div class=\"shmMigrate\"><\/div>\n<p>Photo \u00a9 Pierre Jaffeux &#8211; EideticStudio<\/p>\n<div class=\"shmMigrate\"><\/div>\n<div class=\"shmMigrate\"><\/div>\n<div class=\"shmMigrate\"><\/div>\n<div class=\"shmMigrate\"><\/div>","protected":false},"author":7,"featured_media":4304,"template":"","meta":{"site-sidebar-layout":"default","site-content-layout":"","ast-site-content-layout":"default","site-content-style":"default","site-sidebar-style":"default","ast-global-header-display":"","ast-banner-title-visibility":"","ast-main-header-display":"","ast-hfb-above-header-display":"","ast-hfb-below-header-display":"","ast-hfb-mobile-header-display":"","site-post-title":"","ast-breadcrumbs-content":null,"ast-featured-img":"","footer-sml-layout":"","ast-disable-related-posts":"","theme-transparent-header-meta":"","adv-header-id-meta":"","stick-header-meta":"","header-above-stick-meta":null,"header-main-stick-meta":"","header-below-stick-meta":null,"astra-migrate-meta-layouts":"default","ast-page-background-enabled":"default","ast-page-background-meta":{"desktop":{"background-color":"","background-image":"","background-repeat":"repeat","background-position":"center center","background-size":"auto","background-attachment":"scroll","background-type":"","background-media":"","overlay-type":"","overlay-color":"","overlay-opacity":"","overlay-gradient":""},"tablet":{"background-color":"","background-image":"","background-repeat":"repeat","background-position":"center center","background-size":"auto","background-attachment":"scroll","background-type":"","background-media":"","overlay-type":"","overlay-color":"","overlay-opacity":"","overlay-gradient":""},"mobile":{"background-color":"","background-image":"","background-repeat":"repeat","background-position":"center center","background-size":"auto","background-attachment":"scroll","background-type":"","background-media":"","overlay-type":"","overlay-color":"","overlay-opacity":"","overlay-gradient":""}},"ast-content-background-meta":{"desktop":{"background-color":"var(--ast-global-color-5)","background-image":"","background-repeat":"repeat","background-position":"center center","background-size":"auto","background-attachment":"scroll","background-type":"","background-media":"","overlay-type":"","overlay-color":"","overlay-opacity":"","overlay-gradient":""},"tablet":{"background-color":"var(--ast-global-color-5)","background-image":"","background-repeat":"repeat","background-position":"center center","background-size":"auto","background-attachment":"scroll","background-type":"","background-media":"","overlay-type":"","overlay-color":"","overlay-opacity":"","overlay-gradient":""},"mobile":{"background-color":"var(--ast-global-color-5)","background-image":"","background-repeat":"repeat","background-position":"center center","background-size":"auto","background-attachment":"scroll","background-type":"","background-media":"","overlay-type":"","overlay-color":"","overlay-opacity":"","overlay-gradient":""}}},"categories":[4],"tags":[],"class_list":["post-4303","archive","type-archive","status-publish","has-post-thumbnail","hentry","category-actualites"],"yoast_head":"<!-- This site is optimized with the Yoast SEO plugin v27.5 - https:\/\/yoast.com\/product\/yoast-seo-wordpress\/ -->\n<title>LUNDI 25\/04 - TH\u00c9\u00c2TRE MUSICAL : Prisme ou le plumage color\u00e9 des sons - Ch\u00e2teau de Goutelas<\/title>\n<meta name=\"robots\" content=\"index, follow, max-snippet:-1, max-image-preview:large, max-video-preview:-1\" \/>\n<link rel=\"canonical\" href=\"https:\/\/www.chateaudegoutelas.fr\/en\/archive\/lundi-25-04-theatre-musical-prisme-ou-le-plumage-colore-des-sons\/\" \/>\n<meta property=\"og:locale\" content=\"en_GB\" \/>\n<meta property=\"og:type\" content=\"article\" \/>\n<meta property=\"og:title\" content=\"LUNDI 25\/04 - TH\u00c9\u00c2TRE MUSICAL : Prisme ou le plumage color\u00e9 des sons - Ch\u00e2teau de Goutelas\" \/>\n<meta property=\"og:description\" content=\"16h Cie Idyle &nbsp; \u00a0 Une promenade musicale et color\u00e9e, dans un jardin o\u00f9 les oiseaux parlent aux passants, o\u00f9 parfois les passants leur r\u00e9pondent. Ici, tous les secrets peuvent se chanter ! Les voix et les notes de guitare d\u2019une aventuri\u00e8re curieuse et d\u2019un gardien parfois un peu grincheux se m\u00ealent et nous invitent [&hellip;]\" \/>\n<meta property=\"og:url\" content=\"https:\/\/www.chateaudegoutelas.fr\/en\/archive\/lundi-25-04-theatre-musical-prisme-ou-le-plumage-colore-des-sons\/\" \/>\n<meta property=\"og:site_name\" content=\"Ch\u00e2teau de Goutelas\" \/>\n<meta property=\"article:modified_time\" content=\"2023-05-26T07:55:05+00:00\" \/>\n<meta property=\"og:image\" content=\"https:\/\/www.chateaudegoutelas.fr\/wp-content\/uploads\/2022\/02\/PierreJaffeux-EideticStudio\u00a9-spectacle-prisme-263-1920w.jpg\" \/>\n\t<meta property=\"og:image:width\" content=\"1920\" \/>\n\t<meta property=\"og:image:height\" content=\"1047\" \/>\n\t<meta property=\"og:image:type\" content=\"image\/jpeg\" \/>\n<meta name=\"twitter:card\" content=\"summary_large_image\" \/>\n<meta name=\"twitter:label1\" content=\"Estimated reading time\" \/>\n\t<meta name=\"twitter:data1\" content=\"1 minute\" \/>\n<script type=\"application\/ld+json\" class=\"yoast-schema-graph\">{\"@context\":\"https:\\\/\\\/schema.org\",\"@graph\":[{\"@type\":\"WebPage\",\"@id\":\"https:\\\/\\\/www.chateaudegoutelas.fr\\\/archive\\\/lundi-25-04-theatre-musical-prisme-ou-le-plumage-colore-des-sons\\\/\",\"url\":\"https:\\\/\\\/www.chateaudegoutelas.fr\\\/archive\\\/lundi-25-04-theatre-musical-prisme-ou-le-plumage-colore-des-sons\\\/\",\"name\":\"LUNDI 25\\\/04 - TH\u00c9\u00c2TRE MUSICAL : Prisme ou le plumage color\u00e9 des sons - Ch\u00e2teau de Goutelas\",\"isPartOf\":{\"@id\":\"https:\\\/\\\/www.chateaudegoutelas.fr\\\/#website\"},\"primaryImageOfPage\":{\"@id\":\"https:\\\/\\\/www.chateaudegoutelas.fr\\\/archive\\\/lundi-25-04-theatre-musical-prisme-ou-le-plumage-colore-des-sons\\\/#primaryimage\"},\"image\":{\"@id\":\"https:\\\/\\\/www.chateaudegoutelas.fr\\\/archive\\\/lundi-25-04-theatre-musical-prisme-ou-le-plumage-colore-des-sons\\\/#primaryimage\"},\"thumbnailUrl\":\"https:\\\/\\\/www.chateaudegoutelas.fr\\\/wp-content\\\/uploads\\\/2022\\\/02\\\/PierreJaffeux-EideticStudio\u00a9-spectacle-prisme-263-1920w.jpg\",\"datePublished\":\"2022-02-24T16:25:22+00:00\",\"dateModified\":\"2023-05-26T07:55:05+00:00\",\"breadcrumb\":{\"@id\":\"https:\\\/\\\/www.chateaudegoutelas.fr\\\/archive\\\/lundi-25-04-theatre-musical-prisme-ou-le-plumage-colore-des-sons\\\/#breadcrumb\"},\"inLanguage\":\"en-GB\",\"potentialAction\":[{\"@type\":\"ReadAction\",\"target\":[\"https:\\\/\\\/www.chateaudegoutelas.fr\\\/archive\\\/lundi-25-04-theatre-musical-prisme-ou-le-plumage-colore-des-sons\\\/\"]}]},{\"@type\":\"ImageObject\",\"inLanguage\":\"en-GB\",\"@id\":\"https:\\\/\\\/www.chateaudegoutelas.fr\\\/archive\\\/lundi-25-04-theatre-musical-prisme-ou-le-plumage-colore-des-sons\\\/#primaryimage\",\"url\":\"https:\\\/\\\/www.chateaudegoutelas.fr\\\/wp-content\\\/uploads\\\/2022\\\/02\\\/PierreJaffeux-EideticStudio\u00a9-spectacle-prisme-263-1920w.jpg\",\"contentUrl\":\"https:\\\/\\\/www.chateaudegoutelas.fr\\\/wp-content\\\/uploads\\\/2022\\\/02\\\/PierreJaffeux-EideticStudio\u00a9-spectacle-prisme-263-1920w.jpg\",\"width\":1920,\"height\":1047},{\"@type\":\"BreadcrumbList\",\"@id\":\"https:\\\/\\\/www.chateaudegoutelas.fr\\\/archive\\\/lundi-25-04-theatre-musical-prisme-ou-le-plumage-colore-des-sons\\\/#breadcrumb\",\"itemListElement\":[{\"@type\":\"ListItem\",\"position\":1,\"name\":\"Accueil\",\"item\":\"https:\\\/\\\/www.chateaudegoutelas.fr\\\/\"},{\"@type\":\"ListItem\",\"position\":2,\"name\":\"LUNDI 25\\\/04 &#8211; TH\u00c9\u00c2TRE MUSICAL : Prisme ou le plumage color\u00e9 des sons\"}]},{\"@type\":\"WebSite\",\"@id\":\"https:\\\/\\\/www.chateaudegoutelas.fr\\\/#website\",\"url\":\"https:\\\/\\\/www.chateaudegoutelas.fr\\\/\",\"name\":\"Ch\u00e2teau de Goutelas\",\"description\":\"Un centre culturel de rencontre en Forez\",\"publisher\":{\"@id\":\"https:\\\/\\\/www.chateaudegoutelas.fr\\\/#organization\"},\"potentialAction\":[{\"@type\":\"SearchAction\",\"target\":{\"@type\":\"EntryPoint\",\"urlTemplate\":\"https:\\\/\\\/www.chateaudegoutelas.fr\\\/?s={search_term_string}\"},\"query-input\":{\"@type\":\"PropertyValueSpecification\",\"valueRequired\":true,\"valueName\":\"search_term_string\"}}],\"inLanguage\":\"en-GB\"},{\"@type\":\"Organization\",\"@id\":\"https:\\\/\\\/www.chateaudegoutelas.fr\\\/#organization\",\"name\":\"Ch\u00e2teau de Goutelas\",\"url\":\"https:\\\/\\\/www.chateaudegoutelas.fr\\\/\",\"logo\":{\"@type\":\"ImageObject\",\"inLanguage\":\"en-GB\",\"@id\":\"https:\\\/\\\/www.chateaudegoutelas.fr\\\/#\\\/schema\\\/logo\\\/image\\\/\",\"url\":\"https:\\\/\\\/www.chateaudegoutelas.fr\\\/wp-content\\\/uploads\\\/2023\\\/05\\\/logo-chateau-goutelas-bleu.png\",\"contentUrl\":\"https:\\\/\\\/www.chateaudegoutelas.fr\\\/wp-content\\\/uploads\\\/2023\\\/05\\\/logo-chateau-goutelas-bleu.png\",\"width\":1123,\"height\":327,\"caption\":\"Ch\u00e2teau de Goutelas\"},\"image\":{\"@id\":\"https:\\\/\\\/www.chateaudegoutelas.fr\\\/#\\\/schema\\\/logo\\\/image\\\/\"}}]}<\/script>\n<!-- \/ Yoast SEO plugin. -->","yoast_head_json":{"title":"LUNDI 25\/04 - TH\u00c9\u00c2TRE MUSICAL : Prisme ou le plumage color\u00e9 des sons - Ch\u00e2teau de Goutelas","robots":{"index":"index","follow":"follow","max-snippet":"max-snippet:-1","max-image-preview":"max-image-preview:large","max-video-preview":"max-video-preview:-1"},"canonical":"https:\/\/www.chateaudegoutelas.fr\/en\/archive\/lundi-25-04-theatre-musical-prisme-ou-le-plumage-colore-des-sons\/","og_locale":"en_GB","og_type":"article","og_title":"LUNDI 25\/04 - TH\u00c9\u00c2TRE MUSICAL : Prisme ou le plumage color\u00e9 des sons - Ch\u00e2teau de Goutelas","og_description":"16h Cie Idyle &nbsp; \u00a0 Une promenade musicale et color\u00e9e, dans un jardin o\u00f9 les oiseaux parlent aux passants, o\u00f9 parfois les passants leur r\u00e9pondent. Ici, tous les secrets peuvent se chanter ! Les voix et les notes de guitare d\u2019une aventuri\u00e8re curieuse et d\u2019un gardien parfois un peu grincheux se m\u00ealent et nous invitent [&hellip;]","og_url":"https:\/\/www.chateaudegoutelas.fr\/en\/archive\/lundi-25-04-theatre-musical-prisme-ou-le-plumage-colore-des-sons\/","og_site_name":"Ch\u00e2teau de Goutelas","article_modified_time":"2023-05-26T07:55:05+00:00","og_image":[{"width":1920,"height":1047,"url":"https:\/\/www.chateaudegoutelas.fr\/wp-content\/uploads\/2022\/02\/PierreJaffeux-EideticStudio\u00a9-spectacle-prisme-263-1920w.jpg","type":"image\/jpeg"}],"twitter_card":"summary_large_image","twitter_misc":{"Estimated reading time":"1 minute"},"schema":{"@context":"https:\/\/schema.org","@graph":[{"@type":"WebPage","@id":"https:\/\/www.chateaudegoutelas.fr\/archive\/lundi-25-04-theatre-musical-prisme-ou-le-plumage-colore-des-sons\/","url":"https:\/\/www.chateaudegoutelas.fr\/archive\/lundi-25-04-theatre-musical-prisme-ou-le-plumage-colore-des-sons\/","name":"LUNDI 25\/04 - TH\u00c9\u00c2TRE MUSICAL : Prisme ou le plumage color\u00e9 des sons - Ch\u00e2teau de Goutelas","isPartOf":{"@id":"https:\/\/www.chateaudegoutelas.fr\/#website"},"primaryImageOfPage":{"@id":"https:\/\/www.chateaudegoutelas.fr\/archive\/lundi-25-04-theatre-musical-prisme-ou-le-plumage-colore-des-sons\/#primaryimage"},"image":{"@id":"https:\/\/www.chateaudegoutelas.fr\/archive\/lundi-25-04-theatre-musical-prisme-ou-le-plumage-colore-des-sons\/#primaryimage"},"thumbnailUrl":"https:\/\/www.chateaudegoutelas.fr\/wp-content\/uploads\/2022\/02\/PierreJaffeux-EideticStudio\u00a9-spectacle-prisme-263-1920w.jpg","datePublished":"2022-02-24T16:25:22+00:00","dateModified":"2023-05-26T07:55:05+00:00","breadcrumb":{"@id":"https:\/\/www.chateaudegoutelas.fr\/archive\/lundi-25-04-theatre-musical-prisme-ou-le-plumage-colore-des-sons\/#breadcrumb"},"inLanguage":"en-GB","potentialAction":[{"@type":"ReadAction","target":["https:\/\/www.chateaudegoutelas.fr\/archive\/lundi-25-04-theatre-musical-prisme-ou-le-plumage-colore-des-sons\/"]}]},{"@type":"ImageObject","inLanguage":"en-GB","@id":"https:\/\/www.chateaudegoutelas.fr\/archive\/lundi-25-04-theatre-musical-prisme-ou-le-plumage-colore-des-sons\/#primaryimage","url":"https:\/\/www.chateaudegoutelas.fr\/wp-content\/uploads\/2022\/02\/PierreJaffeux-EideticStudio\u00a9-spectacle-prisme-263-1920w.jpg","contentUrl":"https:\/\/www.chateaudegoutelas.fr\/wp-content\/uploads\/2022\/02\/PierreJaffeux-EideticStudio\u00a9-spectacle-prisme-263-1920w.jpg","width":1920,"height":1047},{"@type":"BreadcrumbList","@id":"https:\/\/www.chateaudegoutelas.fr\/archive\/lundi-25-04-theatre-musical-prisme-ou-le-plumage-colore-des-sons\/#breadcrumb","itemListElement":[{"@type":"ListItem","position":1,"name":"Accueil","item":"https:\/\/www.chateaudegoutelas.fr\/"},{"@type":"ListItem","position":2,"name":"LUNDI 25\/04 &#8211; TH\u00c9\u00c2TRE MUSICAL : Prisme ou le plumage color\u00e9 des sons"}]},{"@type":"WebSite","@id":"https:\/\/www.chateaudegoutelas.fr\/#website","url":"https:\/\/www.chateaudegoutelas.fr\/","name":"Ch\u00e2teau de Goutelas","description":"Un centre culturel de rencontre en Forez","publisher":{"@id":"https:\/\/www.chateaudegoutelas.fr\/#organization"},"potentialAction":[{"@type":"SearchAction","target":{"@type":"EntryPoint","urlTemplate":"https:\/\/www.chateaudegoutelas.fr\/?s={search_term_string}"},"query-input":{"@type":"PropertyValueSpecification","valueRequired":true,"valueName":"search_term_string"}}],"inLanguage":"en-GB"},{"@type":"Organization","@id":"https:\/\/www.chateaudegoutelas.fr\/#organization","name":"Ch\u00e2teau de Goutelas","url":"https:\/\/www.chateaudegoutelas.fr\/","logo":{"@type":"ImageObject","inLanguage":"en-GB","@id":"https:\/\/www.chateaudegoutelas.fr\/#\/schema\/logo\/image\/","url":"https:\/\/www.chateaudegoutelas.fr\/wp-content\/uploads\/2023\/05\/logo-chateau-goutelas-bleu.png","contentUrl":"https:\/\/www.chateaudegoutelas.fr\/wp-content\/uploads\/2023\/05\/logo-chateau-goutelas-bleu.png","width":1123,"height":327,"caption":"Ch\u00e2teau de Goutelas"},"image":{"@id":"https:\/\/www.chateaudegoutelas.fr\/#\/schema\/logo\/image\/"}}]}},"_links":{"self":[{"href":"https:\/\/www.chateaudegoutelas.fr\/en\/wp-json\/wp\/v2\/archive\/4303","targetHints":{"allow":["GET"]}}],"collection":[{"href":"https:\/\/www.chateaudegoutelas.fr\/en\/wp-json\/wp\/v2\/archive"}],"about":[{"href":"https:\/\/www.chateaudegoutelas.fr\/en\/wp-json\/wp\/v2\/types\/archive"}],"author":[{"embeddable":true,"href":"https:\/\/www.chateaudegoutelas.fr\/en\/wp-json\/wp\/v2\/users\/7"}],"wp:featuredmedia":[{"embeddable":true,"href":"https:\/\/www.chateaudegoutelas.fr\/en\/wp-json\/wp\/v2\/media\/4304"}],"wp:attachment":[{"href":"https:\/\/www.chateaudegoutelas.fr\/en\/wp-json\/wp\/v2\/media?parent=4303"}],"wp:term":[{"taxonomy":"category","embeddable":true,"href":"https:\/\/www.chateaudegoutelas.fr\/en\/wp-json\/wp\/v2\/categories?post=4303"},{"taxonomy":"post_tag","embeddable":true,"href":"https:\/\/www.chateaudegoutelas.fr\/en\/wp-json\/wp\/v2\/tags?post=4303"}],"curies":[{"name":"wp","href":"https:\/\/api.w.org\/{rel}","templated":true}]}}