{"id":4266,"date":"2022-02-11T10:26:39","date_gmt":"2022-02-11T09:26:39","guid":{"rendered":"https:\/\/www.chateaudegoutelas.fr\/?p=4266"},"modified":"2023-05-26T09:55:12","modified_gmt":"2023-05-26T07:55:12","slug":"samedi-19-03-tables-rondes-juger-en-temps-de-crise","status":"publish","type":"archive","link":"https:\/\/www.chateaudegoutelas.fr\/en\/archive\/samedi-19-03-tables-rondes-juger-en-temps-de-crise\/","title":{"rendered":"SAMEDI 19\/03 &#8211; TABLES RONDES : Juger en temps de crise"},"content":{"rendered":"<div class=\"shmMigrate\"><\/div>\n<div class=\"shmMigrate\"><\/div>\n<div class=\"shmMigrate\"><\/div>\n<div class=\"shmMigrate\"><\/div>\n<h4>9h30 &#8211; 12h30<\/h4>\n<div class=\"shmMigrate\"><\/div>\n<div class=\"shmMigrate\"><\/div>\n<div class=\"shmMigrate\"><\/div>\n<h4>Dans le cadre du temps fort <a href=\"https:\/\/www.chateaudegoutelas.fr\/en\/18-03-et-19-03-temps-fort-droit-de-regards-democraties-et-etats-durgence\/\">Droit de regards : d\u00e9mocratie(s) et \u00e9tats d&rsquo;urgence<\/a><\/h4>\n<div class=\"shmMigrate\"><\/div>\n<div class=\"shmMigrate\"><\/div>\n<div class=\"shmMigrate\"><\/div>\n<div class=\"shmMigrate\"><\/div>\n<div class=\"wpb_text_column wpb_content_element\">\n<div class=\"wpb_wrapper\">\n<p>Des crises sanitaires et s\u00e9curitaires successives mettent en question l\u2019\u00e9quilibre de l\u2019\u00e9tat de droit. Quelle est la place de l\u2019autorit\u00e9 judiciaire dans ce contexte ?<br \/>\nLe juge endosse-t-il un r\u00f4le de contre-pouvoir ? Chercheurs, avocats et magistrats croisent leurs regards.<\/p>\n<p>&nbsp;<\/p>\n<p><strong>9h30 &#8211;<\/strong>\u00a0Introduction par <strong>Myriam Plet<\/strong>, avocate honoraire et vice-pr\u00e9sidente du Ch\u00e2teau de Goutelas<\/p>\n<p>&nbsp;<\/p>\n<p><strong>10h &#8211;\u00a0Du c\u00f4t\u00e9 des juridictions administratives, quel contr\u00f4le de l\u2019action publique ?<\/strong><\/p>\n<p>&nbsp;<\/p>\n<p>Avec <strong>Dani\u00e8le D\u00e9al<\/strong>, pr\u00e9sidente de chambre, Cour administrative d\u2019appel de Lyon, <strong>Serge Deygas<\/strong>, b\u00e2tonnier du Barreau de Lyon et <strong>H\u00e9l\u00e8ne Farge<\/strong>, avocate au Conseil d\u2019Etat et \u00e0 la Cour de cassation. Mod\u00e9ration par <strong>Karine Roudier<\/strong>, ma\u00eetresse de conf\u00e9rences en droit public \u00e0 Sciences Po Lyon.<\/p>\n<p>&nbsp;<\/p>\n<p><strong>11h15 &#8211;\u00a0Quelle place pour le Juge judiciaire dans la protection des libert\u00e9s ?<\/strong><\/p>\n<p>&nbsp;<\/p>\n<p>Avec <strong>Jean-Marie Burguburu<\/strong>, Pr\u00e9sident de la Commission nationale consultative des Droits de l\u2019Homme, <strong>Wilfrid Exposito<\/strong>, vice-pr\u00e9sident du tribunal judiciaire de Roanne charg\u00e9 des fonctions de juge des libert\u00e9s et de la d\u00e9tention, et <strong>Djoheur Zerouki-Cottin<\/strong>, ma\u00eetresse de conf\u00e9rences en droit p\u00e9nal \u00e0 l\u2019Universit\u00e9 Jean Monnet, Saint-Etienne. Mod\u00e9ration par <strong>Jean-F\u00e9lix Luciani<\/strong>, avocat au Barreau de Lyon.<\/p>\n<\/div>\n<\/div>\n<div class=\"shmMigrate\"><\/div>\n<div class=\"shmMigrate\"><\/div>\n<div class=\"shmMigrate\"><\/div>\n<p><b>Gratuit sur r\u00e9servation<\/b><\/p>\n<div class=\"shmMigrate\"><\/div>\n<div class=\"shmMigrate\"><\/div>\n<div class=\"shmMigrate\"><\/div>\n<div class=\"shmMigrate\"><\/div>\n<p><b>Retrouvez le reste du programme (th\u00e9\u00e2tre, performances, exposition&#8230;) :<\/b><\/p>\n<div class=\"shmMigrate\"><\/div>\n<div class=\"shmMigrate\"><\/div>\n<div class=\"shmMigrate\"><\/div>\n<div class=\"shmMigrate\"><\/div>\n<div class=\"shmMigrate\"><\/div>\n<p>Photo \u00a9 Diego Ibarra Sanchez<\/p>\n<div class=\"shmMigrate\"><\/div>\n<div class=\"shmMigrate\"><\/div>\n<div class=\"shmMigrate\"><\/div>\n<div class=\"shmMigrate\"><\/div>","protected":false},"author":7,"featured_media":4269,"template":"","meta":{"site-sidebar-layout":"default","site-content-layout":"","ast-site-content-layout":"default","site-content-style":"default","site-sidebar-style":"default","ast-global-header-display":"","ast-banner-title-visibility":"","ast-main-header-display":"","ast-hfb-above-header-display":"","ast-hfb-below-header-display":"","ast-hfb-mobile-header-display":"","site-post-title":"","ast-breadcrumbs-content":null,"ast-featured-img":"","footer-sml-layout":"","ast-disable-related-posts":"","theme-transparent-header-meta":"","adv-header-id-meta":"","stick-header-meta":"","header-above-stick-meta":null,"header-main-stick-meta":"","header-below-stick-meta":null,"astra-migrate-meta-layouts":"default","ast-page-background-enabled":"default","ast-page-background-meta":{"desktop":{"background-color":"","background-image":"","background-repeat":"repeat","background-position":"center center","background-size":"auto","background-attachment":"scroll","background-type":"","background-media":"","overlay-type":"","overlay-color":"","overlay-opacity":"","overlay-gradient":""},"tablet":{"background-color":"","background-image":"","background-repeat":"repeat","background-position":"center center","background-size":"auto","background-attachment":"scroll","background-type":"","background-media":"","overlay-type":"","overlay-color":"","overlay-opacity":"","overlay-gradient":""},"mobile":{"background-color":"","background-image":"","background-repeat":"repeat","background-position":"center center","background-size":"auto","background-attachment":"scroll","background-type":"","background-media":"","overlay-type":"","overlay-color":"","overlay-opacity":"","overlay-gradient":""}},"ast-content-background-meta":{"desktop":{"background-color":"var(--ast-global-color-5)","background-image":"","background-repeat":"repeat","background-position":"center center","background-size":"auto","background-attachment":"scroll","background-type":"","background-media":"","overlay-type":"","overlay-color":"","overlay-opacity":"","overlay-gradient":""},"tablet":{"background-color":"var(--ast-global-color-5)","background-image":"","background-repeat":"repeat","background-position":"center center","background-size":"auto","background-attachment":"scroll","background-type":"","background-media":"","overlay-type":"","overlay-color":"","overlay-opacity":"","overlay-gradient":""},"mobile":{"background-color":"var(--ast-global-color-5)","background-image":"","background-repeat":"repeat","background-position":"center center","background-size":"auto","background-attachment":"scroll","background-type":"","background-media":"","overlay-type":"","overlay-color":"","overlay-opacity":"","overlay-gradient":""}}},"categories":[142],"tags":[],"class_list":["post-4266","archive","type-archive","status-publish","has-post-thumbnail","hentry","category-tf-droit-de-regards"],"yoast_head":"<!-- This site is optimized with the Yoast SEO plugin v27.5 - https:\/\/yoast.com\/product\/yoast-seo-wordpress\/ -->\n<title>SAMEDI 19\/03 - TABLES RONDES : Juger en temps de crise - Ch\u00e2teau de Goutelas<\/title>\n<meta name=\"robots\" content=\"index, follow, max-snippet:-1, max-image-preview:large, max-video-preview:-1\" \/>\n<link rel=\"canonical\" href=\"https:\/\/www.chateaudegoutelas.fr\/en\/archive\/samedi-19-03-tables-rondes-juger-en-temps-de-crise\/\" \/>\n<meta property=\"og:locale\" content=\"en_GB\" \/>\n<meta property=\"og:type\" content=\"article\" \/>\n<meta property=\"og:title\" content=\"SAMEDI 19\/03 - TABLES RONDES : Juger en temps de crise - Ch\u00e2teau de Goutelas\" \/>\n<meta property=\"og:description\" content=\"9h30 &#8211; 12h30 Dans le cadre du temps fort Droit de regards : d\u00e9mocratie(s) et \u00e9tats d&rsquo;urgence Des crises sanitaires et s\u00e9curitaires successives mettent en question l\u2019\u00e9quilibre de l\u2019\u00e9tat de droit. Quelle est la place de l\u2019autorit\u00e9 judiciaire dans ce contexte ? Le juge endosse-t-il un r\u00f4le de contre-pouvoir ? Chercheurs, avocats et magistrats croisent [&hellip;]\" \/>\n<meta property=\"og:url\" content=\"https:\/\/www.chateaudegoutelas.fr\/en\/archive\/samedi-19-03-tables-rondes-juger-en-temps-de-crise\/\" \/>\n<meta property=\"og:site_name\" content=\"Ch\u00e2teau de Goutelas\" \/>\n<meta property=\"article:modified_time\" content=\"2023-05-26T07:55:12+00:00\" \/>\n<meta property=\"og:image\" content=\"https:\/\/www.chateaudegoutelas.fr\/wp-content\/uploads\/2022\/02\/Perla_Joe-New-York-Times-Where-women-rule-the-headlines-In-her-words_-She-resists-in-Lebanon_credit-Diego-Ibarra-Sanchez_min-scaled.jpg\" \/>\n\t<meta property=\"og:image:width\" content=\"2560\" \/>\n\t<meta property=\"og:image:height\" content=\"1707\" \/>\n\t<meta property=\"og:image:type\" content=\"image\/jpeg\" \/>\n<meta name=\"twitter:card\" content=\"summary_large_image\" \/>\n<meta name=\"twitter:label1\" content=\"Estimated reading time\" \/>\n\t<meta name=\"twitter:data1\" content=\"2 minutes\" \/>\n<script type=\"application\/ld+json\" class=\"yoast-schema-graph\">{\"@context\":\"https:\\\/\\\/schema.org\",\"@graph\":[{\"@type\":\"WebPage\",\"@id\":\"https:\\\/\\\/www.chateaudegoutelas.fr\\\/archive\\\/samedi-19-03-tables-rondes-juger-en-temps-de-crise\\\/\",\"url\":\"https:\\\/\\\/www.chateaudegoutelas.fr\\\/archive\\\/samedi-19-03-tables-rondes-juger-en-temps-de-crise\\\/\",\"name\":\"SAMEDI 19\\\/03 - TABLES RONDES : Juger en temps de crise - Ch\u00e2teau de Goutelas\",\"isPartOf\":{\"@id\":\"https:\\\/\\\/www.chateaudegoutelas.fr\\\/#website\"},\"primaryImageOfPage\":{\"@id\":\"https:\\\/\\\/www.chateaudegoutelas.fr\\\/archive\\\/samedi-19-03-tables-rondes-juger-en-temps-de-crise\\\/#primaryimage\"},\"image\":{\"@id\":\"https:\\\/\\\/www.chateaudegoutelas.fr\\\/archive\\\/samedi-19-03-tables-rondes-juger-en-temps-de-crise\\\/#primaryimage\"},\"thumbnailUrl\":\"https:\\\/\\\/www.chateaudegoutelas.fr\\\/wp-content\\\/uploads\\\/2022\\\/02\\\/Perla_Joe-New-York-Times-Where-women-rule-the-headlines-In-her-words_-She-resists-in-Lebanon_credit-Diego-Ibarra-Sanchez_min-scaled.jpg\",\"datePublished\":\"2022-02-11T09:26:39+00:00\",\"dateModified\":\"2023-05-26T07:55:12+00:00\",\"breadcrumb\":{\"@id\":\"https:\\\/\\\/www.chateaudegoutelas.fr\\\/archive\\\/samedi-19-03-tables-rondes-juger-en-temps-de-crise\\\/#breadcrumb\"},\"inLanguage\":\"en-GB\",\"potentialAction\":[{\"@type\":\"ReadAction\",\"target\":[\"https:\\\/\\\/www.chateaudegoutelas.fr\\\/archive\\\/samedi-19-03-tables-rondes-juger-en-temps-de-crise\\\/\"]}]},{\"@type\":\"ImageObject\",\"inLanguage\":\"en-GB\",\"@id\":\"https:\\\/\\\/www.chateaudegoutelas.fr\\\/archive\\\/samedi-19-03-tables-rondes-juger-en-temps-de-crise\\\/#primaryimage\",\"url\":\"https:\\\/\\\/www.chateaudegoutelas.fr\\\/wp-content\\\/uploads\\\/2022\\\/02\\\/Perla_Joe-New-York-Times-Where-women-rule-the-headlines-In-her-words_-She-resists-in-Lebanon_credit-Diego-Ibarra-Sanchez_min-scaled.jpg\",\"contentUrl\":\"https:\\\/\\\/www.chateaudegoutelas.fr\\\/wp-content\\\/uploads\\\/2022\\\/02\\\/Perla_Joe-New-York-Times-Where-women-rule-the-headlines-In-her-words_-She-resists-in-Lebanon_credit-Diego-Ibarra-Sanchez_min-scaled.jpg\",\"width\":2560,\"height\":1707,\"caption\":\"Beirut, Lebanon. November 29th, 2019. Perla Maalouli, a 27-year-old Lebanese filmmaker, activist and musician protest outside the Finance Ministry\u2019s VAT building Dozens of protesters gathered outside Finance Ministry\u2019s VAT building. Riot police and the Lebanese Army later arrived, pushing the protesters away from the entrance and forming a human chain around it. Diego Ibarra S\u00e1nchez for THE NEW YORK TIMES\"},{\"@type\":\"BreadcrumbList\",\"@id\":\"https:\\\/\\\/www.chateaudegoutelas.fr\\\/archive\\\/samedi-19-03-tables-rondes-juger-en-temps-de-crise\\\/#breadcrumb\",\"itemListElement\":[{\"@type\":\"ListItem\",\"position\":1,\"name\":\"Accueil\",\"item\":\"https:\\\/\\\/www.chateaudegoutelas.fr\\\/\"},{\"@type\":\"ListItem\",\"position\":2,\"name\":\"SAMEDI 19\\\/03 &#8211; TABLES RONDES : Juger en temps de crise\"}]},{\"@type\":\"WebSite\",\"@id\":\"https:\\\/\\\/www.chateaudegoutelas.fr\\\/#website\",\"url\":\"https:\\\/\\\/www.chateaudegoutelas.fr\\\/\",\"name\":\"Ch\u00e2teau de Goutelas\",\"description\":\"Un centre culturel de rencontre en Forez\",\"publisher\":{\"@id\":\"https:\\\/\\\/www.chateaudegoutelas.fr\\\/#organization\"},\"potentialAction\":[{\"@type\":\"SearchAction\",\"target\":{\"@type\":\"EntryPoint\",\"urlTemplate\":\"https:\\\/\\\/www.chateaudegoutelas.fr\\\/?s={search_term_string}\"},\"query-input\":{\"@type\":\"PropertyValueSpecification\",\"valueRequired\":true,\"valueName\":\"search_term_string\"}}],\"inLanguage\":\"en-GB\"},{\"@type\":\"Organization\",\"@id\":\"https:\\\/\\\/www.chateaudegoutelas.fr\\\/#organization\",\"name\":\"Ch\u00e2teau de Goutelas\",\"url\":\"https:\\\/\\\/www.chateaudegoutelas.fr\\\/\",\"logo\":{\"@type\":\"ImageObject\",\"inLanguage\":\"en-GB\",\"@id\":\"https:\\\/\\\/www.chateaudegoutelas.fr\\\/#\\\/schema\\\/logo\\\/image\\\/\",\"url\":\"https:\\\/\\\/www.chateaudegoutelas.fr\\\/wp-content\\\/uploads\\\/2023\\\/05\\\/logo-chateau-goutelas-bleu.png\",\"contentUrl\":\"https:\\\/\\\/www.chateaudegoutelas.fr\\\/wp-content\\\/uploads\\\/2023\\\/05\\\/logo-chateau-goutelas-bleu.png\",\"width\":1123,\"height\":327,\"caption\":\"Ch\u00e2teau de Goutelas\"},\"image\":{\"@id\":\"https:\\\/\\\/www.chateaudegoutelas.fr\\\/#\\\/schema\\\/logo\\\/image\\\/\"}}]}<\/script>\n<!-- \/ Yoast SEO plugin. -->","yoast_head_json":{"title":"SAMEDI 19\/03 - TABLES RONDES : Juger en temps de crise - Ch\u00e2teau de Goutelas","robots":{"index":"index","follow":"follow","max-snippet":"max-snippet:-1","max-image-preview":"max-image-preview:large","max-video-preview":"max-video-preview:-1"},"canonical":"https:\/\/www.chateaudegoutelas.fr\/en\/archive\/samedi-19-03-tables-rondes-juger-en-temps-de-crise\/","og_locale":"en_GB","og_type":"article","og_title":"SAMEDI 19\/03 - TABLES RONDES : Juger en temps de crise - Ch\u00e2teau de Goutelas","og_description":"9h30 &#8211; 12h30 Dans le cadre du temps fort Droit de regards : d\u00e9mocratie(s) et \u00e9tats d&rsquo;urgence Des crises sanitaires et s\u00e9curitaires successives mettent en question l\u2019\u00e9quilibre de l\u2019\u00e9tat de droit. Quelle est la place de l\u2019autorit\u00e9 judiciaire dans ce contexte ? Le juge endosse-t-il un r\u00f4le de contre-pouvoir ? Chercheurs, avocats et magistrats croisent [&hellip;]","og_url":"https:\/\/www.chateaudegoutelas.fr\/en\/archive\/samedi-19-03-tables-rondes-juger-en-temps-de-crise\/","og_site_name":"Ch\u00e2teau de Goutelas","article_modified_time":"2023-05-26T07:55:12+00:00","og_image":[{"width":2560,"height":1707,"url":"https:\/\/www.chateaudegoutelas.fr\/wp-content\/uploads\/2022\/02\/Perla_Joe-New-York-Times-Where-women-rule-the-headlines-In-her-words_-She-resists-in-Lebanon_credit-Diego-Ibarra-Sanchez_min-scaled.jpg","type":"image\/jpeg"}],"twitter_card":"summary_large_image","twitter_misc":{"Estimated reading time":"2 minutes"},"schema":{"@context":"https:\/\/schema.org","@graph":[{"@type":"WebPage","@id":"https:\/\/www.chateaudegoutelas.fr\/archive\/samedi-19-03-tables-rondes-juger-en-temps-de-crise\/","url":"https:\/\/www.chateaudegoutelas.fr\/archive\/samedi-19-03-tables-rondes-juger-en-temps-de-crise\/","name":"SAMEDI 19\/03 - TABLES RONDES : Juger en temps de crise - Ch\u00e2teau de Goutelas","isPartOf":{"@id":"https:\/\/www.chateaudegoutelas.fr\/#website"},"primaryImageOfPage":{"@id":"https:\/\/www.chateaudegoutelas.fr\/archive\/samedi-19-03-tables-rondes-juger-en-temps-de-crise\/#primaryimage"},"image":{"@id":"https:\/\/www.chateaudegoutelas.fr\/archive\/samedi-19-03-tables-rondes-juger-en-temps-de-crise\/#primaryimage"},"thumbnailUrl":"https:\/\/www.chateaudegoutelas.fr\/wp-content\/uploads\/2022\/02\/Perla_Joe-New-York-Times-Where-women-rule-the-headlines-In-her-words_-She-resists-in-Lebanon_credit-Diego-Ibarra-Sanchez_min-scaled.jpg","datePublished":"2022-02-11T09:26:39+00:00","dateModified":"2023-05-26T07:55:12+00:00","breadcrumb":{"@id":"https:\/\/www.chateaudegoutelas.fr\/archive\/samedi-19-03-tables-rondes-juger-en-temps-de-crise\/#breadcrumb"},"inLanguage":"en-GB","potentialAction":[{"@type":"ReadAction","target":["https:\/\/www.chateaudegoutelas.fr\/archive\/samedi-19-03-tables-rondes-juger-en-temps-de-crise\/"]}]},{"@type":"ImageObject","inLanguage":"en-GB","@id":"https:\/\/www.chateaudegoutelas.fr\/archive\/samedi-19-03-tables-rondes-juger-en-temps-de-crise\/#primaryimage","url":"https:\/\/www.chateaudegoutelas.fr\/wp-content\/uploads\/2022\/02\/Perla_Joe-New-York-Times-Where-women-rule-the-headlines-In-her-words_-She-resists-in-Lebanon_credit-Diego-Ibarra-Sanchez_min-scaled.jpg","contentUrl":"https:\/\/www.chateaudegoutelas.fr\/wp-content\/uploads\/2022\/02\/Perla_Joe-New-York-Times-Where-women-rule-the-headlines-In-her-words_-She-resists-in-Lebanon_credit-Diego-Ibarra-Sanchez_min-scaled.jpg","width":2560,"height":1707,"caption":"Beirut, Lebanon. November 29th, 2019. Perla Maalouli, a 27-year-old Lebanese filmmaker, activist and musician protest outside the Finance Ministry\u2019s VAT building Dozens of protesters gathered outside Finance Ministry\u2019s VAT building. Riot police and the Lebanese Army later arrived, pushing the protesters away from the entrance and forming a human chain around it. Diego Ibarra S\u00e1nchez for THE NEW YORK TIMES"},{"@type":"BreadcrumbList","@id":"https:\/\/www.chateaudegoutelas.fr\/archive\/samedi-19-03-tables-rondes-juger-en-temps-de-crise\/#breadcrumb","itemListElement":[{"@type":"ListItem","position":1,"name":"Accueil","item":"https:\/\/www.chateaudegoutelas.fr\/"},{"@type":"ListItem","position":2,"name":"SAMEDI 19\/03 &#8211; TABLES RONDES : Juger en temps de crise"}]},{"@type":"WebSite","@id":"https:\/\/www.chateaudegoutelas.fr\/#website","url":"https:\/\/www.chateaudegoutelas.fr\/","name":"Ch\u00e2teau de Goutelas","description":"Un centre culturel de rencontre en Forez","publisher":{"@id":"https:\/\/www.chateaudegoutelas.fr\/#organization"},"potentialAction":[{"@type":"SearchAction","target":{"@type":"EntryPoint","urlTemplate":"https:\/\/www.chateaudegoutelas.fr\/?s={search_term_string}"},"query-input":{"@type":"PropertyValueSpecification","valueRequired":true,"valueName":"search_term_string"}}],"inLanguage":"en-GB"},{"@type":"Organization","@id":"https:\/\/www.chateaudegoutelas.fr\/#organization","name":"Ch\u00e2teau de Goutelas","url":"https:\/\/www.chateaudegoutelas.fr\/","logo":{"@type":"ImageObject","inLanguage":"en-GB","@id":"https:\/\/www.chateaudegoutelas.fr\/#\/schema\/logo\/image\/","url":"https:\/\/www.chateaudegoutelas.fr\/wp-content\/uploads\/2023\/05\/logo-chateau-goutelas-bleu.png","contentUrl":"https:\/\/www.chateaudegoutelas.fr\/wp-content\/uploads\/2023\/05\/logo-chateau-goutelas-bleu.png","width":1123,"height":327,"caption":"Ch\u00e2teau de Goutelas"},"image":{"@id":"https:\/\/www.chateaudegoutelas.fr\/#\/schema\/logo\/image\/"}}]}},"_links":{"self":[{"href":"https:\/\/www.chateaudegoutelas.fr\/en\/wp-json\/wp\/v2\/archive\/4266","targetHints":{"allow":["GET"]}}],"collection":[{"href":"https:\/\/www.chateaudegoutelas.fr\/en\/wp-json\/wp\/v2\/archive"}],"about":[{"href":"https:\/\/www.chateaudegoutelas.fr\/en\/wp-json\/wp\/v2\/types\/archive"}],"author":[{"embeddable":true,"href":"https:\/\/www.chateaudegoutelas.fr\/en\/wp-json\/wp\/v2\/users\/7"}],"wp:featuredmedia":[{"embeddable":true,"href":"https:\/\/www.chateaudegoutelas.fr\/en\/wp-json\/wp\/v2\/media\/4269"}],"wp:attachment":[{"href":"https:\/\/www.chateaudegoutelas.fr\/en\/wp-json\/wp\/v2\/media?parent=4266"}],"wp:term":[{"taxonomy":"category","embeddable":true,"href":"https:\/\/www.chateaudegoutelas.fr\/en\/wp-json\/wp\/v2\/categories?post=4266"},{"taxonomy":"post_tag","embeddable":true,"href":"https:\/\/www.chateaudegoutelas.fr\/en\/wp-json\/wp\/v2\/tags?post=4266"}],"curies":[{"name":"wp","href":"https:\/\/api.w.org\/{rel}","templated":true}]}}