{"id":4252,"date":"2022-02-14T09:56:15","date_gmt":"2022-02-14T08:56:15","guid":{"rendered":"https:\/\/www.chateaudegoutelas.fr\/?p=4252"},"modified":"2023-05-26T09:55:10","modified_gmt":"2023-05-26T07:55:10","slug":"mars-artiste-en-residence-gabriela-golder","status":"publish","type":"archive","link":"https:\/\/www.chateaudegoutelas.fr\/en\/archive\/mars-artiste-en-residence-gabriela-golder\/","title":{"rendered":"MARS &#8211; ARTISTE EN R\u00c9SIDENCE : Gabriela Golder"},"content":{"rendered":"<div class=\"shmMigrate\"><\/div>\n<div class=\"shmMigrate\"><\/div>\n<div class=\"shmMigrate\"><\/div>\n<div class=\"shmMigrate\"><\/div>\n<h4>Gabriela Golder<\/h4>\n<h4>Argentine<\/h4>\n<h4>Mars 2022<\/h4>\n<p>&nbsp;<\/p>\n<p>Entre images en mouvement, installations vid\u00e9o et cr\u00e9ations in situ, l\u2019artiste argentine Gabriela Golder bouscule nos certitudes et nous invite \u00e0 explorer collectivement les notions de libert\u00e9 et de justice. Avec le projet <em>Arracher les yeux<\/em>, elle cr\u00e9e un ensemble de pi\u00e8ces visuelles en s&rsquo;appuyant sur des faits r\u00e9els.<\/p>\n<p>&nbsp;<\/p>\n<p>Cette r\u00e9sidence s&rsquo;inscrit dans le cadre du programme <strong>Odyss\u00e9e<\/strong> pour la r\u00e9sidence d&rsquo;artistes \u00e9trangers dans les Centres culturels de rencontre fran\u00e7ais (Association des Centres culturels de rencontre &#8211; Minist\u00e8re de la Culture)<\/p>\n<div class=\"shmMigrate\"><\/div>\n<div class=\"shmMigrate\"><\/div>\n<div class=\"shmMigrate\"><\/div>\n<p><strong>Sortie de r\u00e9sidence le samedi 19 mars : table ronde \u00ab\u00a0Regards d&rsquo;artistes\u00a0\u00bb et performance vid\u00e9o<\/strong><\/p>\n<div class=\"shmMigrate\"><\/div>\n<div class=\"shmMigrate\"><\/div>\n<div class=\"shmMigrate\"><\/div>\n<div class=\"shmMigrate\"><\/div>\n<div class=\"shmMigrate\"><\/div>","protected":false},"author":7,"featured_media":4253,"template":"","meta":{"site-sidebar-layout":"default","site-content-layout":"","ast-site-content-layout":"default","site-content-style":"default","site-sidebar-style":"default","ast-global-header-display":"","ast-banner-title-visibility":"","ast-main-header-display":"","ast-hfb-above-header-display":"","ast-hfb-below-header-display":"","ast-hfb-mobile-header-display":"","site-post-title":"","ast-breadcrumbs-content":null,"ast-featured-img":"","footer-sml-layout":"","ast-disable-related-posts":"","theme-transparent-header-meta":"","adv-header-id-meta":"","stick-header-meta":"","header-above-stick-meta":null,"header-main-stick-meta":"","header-below-stick-meta":null,"astra-migrate-meta-layouts":"default","ast-page-background-enabled":"default","ast-page-background-meta":{"desktop":{"background-color":"","background-image":"","background-repeat":"repeat","background-position":"center center","background-size":"auto","background-attachment":"scroll","background-type":"","background-media":"","overlay-type":"","overlay-color":"","overlay-opacity":"","overlay-gradient":""},"tablet":{"background-color":"","background-image":"","background-repeat":"repeat","background-position":"center center","background-size":"auto","background-attachment":"scroll","background-type":"","background-media":"","overlay-type":"","overlay-color":"","overlay-opacity":"","overlay-gradient":""},"mobile":{"background-color":"","background-image":"","background-repeat":"repeat","background-position":"center center","background-size":"auto","background-attachment":"scroll","background-type":"","background-media":"","overlay-type":"","overlay-color":"","overlay-opacity":"","overlay-gradient":""}},"ast-content-background-meta":{"desktop":{"background-color":"var(--ast-global-color-5)","background-image":"","background-repeat":"repeat","background-position":"center center","background-size":"auto","background-attachment":"scroll","background-type":"","background-media":"","overlay-type":"","overlay-color":"","overlay-opacity":"","overlay-gradient":""},"tablet":{"background-color":"var(--ast-global-color-5)","background-image":"","background-repeat":"repeat","background-position":"center center","background-size":"auto","background-attachment":"scroll","background-type":"","background-media":"","overlay-type":"","overlay-color":"","overlay-opacity":"","overlay-gradient":""},"mobile":{"background-color":"var(--ast-global-color-5)","background-image":"","background-repeat":"repeat","background-position":"center center","background-size":"auto","background-attachment":"scroll","background-type":"","background-media":"","overlay-type":"","overlay-color":"","overlay-opacity":"","overlay-gradient":""}}},"categories":[142],"tags":[],"class_list":["post-4252","archive","type-archive","status-publish","has-post-thumbnail","hentry","category-tf-droit-de-regards"],"yoast_head":"<!-- This site is optimized with the Yoast SEO plugin v27.5 - https:\/\/yoast.com\/product\/yoast-seo-wordpress\/ -->\n<title>MARS - ARTISTE EN R\u00c9SIDENCE : Gabriela Golder - Ch\u00e2teau de Goutelas<\/title>\n<meta name=\"robots\" content=\"index, follow, max-snippet:-1, max-image-preview:large, max-video-preview:-1\" \/>\n<link rel=\"canonical\" href=\"https:\/\/www.chateaudegoutelas.fr\/en\/archive\/mars-artiste-en-residence-gabriela-golder\/\" \/>\n<meta property=\"og:locale\" content=\"en_GB\" \/>\n<meta property=\"og:type\" content=\"article\" \/>\n<meta property=\"og:title\" content=\"MARS - ARTISTE EN R\u00c9SIDENCE : Gabriela Golder - Ch\u00e2teau de Goutelas\" \/>\n<meta property=\"og:description\" content=\"Gabriela Golder Argentine Mars 2022 &nbsp; Entre images en mouvement, installations vid\u00e9o et cr\u00e9ations in situ, l\u2019artiste argentine Gabriela Golder bouscule nos certitudes et nous invite \u00e0 explorer collectivement les notions de libert\u00e9 et de justice. Avec le projet Arracher les yeux, elle cr\u00e9e un ensemble de pi\u00e8ces visuelles en s&rsquo;appuyant sur des faits r\u00e9els. [&hellip;]\" \/>\n<meta property=\"og:url\" content=\"https:\/\/www.chateaudegoutelas.fr\/en\/archive\/mars-artiste-en-residence-gabriela-golder\/\" \/>\n<meta property=\"og:site_name\" content=\"Ch\u00e2teau de Goutelas\" \/>\n<meta property=\"article:modified_time\" content=\"2023-05-26T07:55:10+00:00\" \/>\n<meta property=\"og:image\" content=\"https:\/\/www.chateaudegoutelas.fr\/wp-content\/uploads\/2022\/02\/Gariela-Golder_REOCUPACION-Installation-video-5-canaux-2006_credit-Gabriela-Golder-1.jpg\" \/>\n\t<meta property=\"og:image:width\" content=\"1772\" \/>\n\t<meta property=\"og:image:height\" content=\"1329\" \/>\n\t<meta property=\"og:image:type\" content=\"image\/jpeg\" \/>\n<meta name=\"twitter:card\" content=\"summary_large_image\" \/>\n<meta name=\"twitter:label1\" content=\"Estimated reading time\" \/>\n\t<meta name=\"twitter:data1\" content=\"1 minute\" \/>\n<script type=\"application\/ld+json\" class=\"yoast-schema-graph\">{\"@context\":\"https:\\\/\\\/schema.org\",\"@graph\":[{\"@type\":\"WebPage\",\"@id\":\"https:\\\/\\\/www.chateaudegoutelas.fr\\\/archive\\\/mars-artiste-en-residence-gabriela-golder\\\/\",\"url\":\"https:\\\/\\\/www.chateaudegoutelas.fr\\\/archive\\\/mars-artiste-en-residence-gabriela-golder\\\/\",\"name\":\"MARS - ARTISTE EN R\u00c9SIDENCE : Gabriela Golder - Ch\u00e2teau de Goutelas\",\"isPartOf\":{\"@id\":\"https:\\\/\\\/www.chateaudegoutelas.fr\\\/#website\"},\"primaryImageOfPage\":{\"@id\":\"https:\\\/\\\/www.chateaudegoutelas.fr\\\/archive\\\/mars-artiste-en-residence-gabriela-golder\\\/#primaryimage\"},\"image\":{\"@id\":\"https:\\\/\\\/www.chateaudegoutelas.fr\\\/archive\\\/mars-artiste-en-residence-gabriela-golder\\\/#primaryimage\"},\"thumbnailUrl\":\"https:\\\/\\\/www.chateaudegoutelas.fr\\\/wp-content\\\/uploads\\\/2022\\\/02\\\/Gariela-Golder_REOCUPACION-Installation-video-5-canaux-2006_credit-Gabriela-Golder-1.jpg\",\"datePublished\":\"2022-02-14T08:56:15+00:00\",\"dateModified\":\"2023-05-26T07:55:10+00:00\",\"breadcrumb\":{\"@id\":\"https:\\\/\\\/www.chateaudegoutelas.fr\\\/archive\\\/mars-artiste-en-residence-gabriela-golder\\\/#breadcrumb\"},\"inLanguage\":\"en-GB\",\"potentialAction\":[{\"@type\":\"ReadAction\",\"target\":[\"https:\\\/\\\/www.chateaudegoutelas.fr\\\/archive\\\/mars-artiste-en-residence-gabriela-golder\\\/\"]}]},{\"@type\":\"ImageObject\",\"inLanguage\":\"en-GB\",\"@id\":\"https:\\\/\\\/www.chateaudegoutelas.fr\\\/archive\\\/mars-artiste-en-residence-gabriela-golder\\\/#primaryimage\",\"url\":\"https:\\\/\\\/www.chateaudegoutelas.fr\\\/wp-content\\\/uploads\\\/2022\\\/02\\\/Gariela-Golder_REOCUPACION-Installation-video-5-canaux-2006_credit-Gabriela-Golder-1.jpg\",\"contentUrl\":\"https:\\\/\\\/www.chateaudegoutelas.fr\\\/wp-content\\\/uploads\\\/2022\\\/02\\\/Gariela-Golder_REOCUPACION-Installation-video-5-canaux-2006_credit-Gabriela-Golder-1.jpg\",\"width\":1772,\"height\":1329},{\"@type\":\"BreadcrumbList\",\"@id\":\"https:\\\/\\\/www.chateaudegoutelas.fr\\\/archive\\\/mars-artiste-en-residence-gabriela-golder\\\/#breadcrumb\",\"itemListElement\":[{\"@type\":\"ListItem\",\"position\":1,\"name\":\"Accueil\",\"item\":\"https:\\\/\\\/www.chateaudegoutelas.fr\\\/\"},{\"@type\":\"ListItem\",\"position\":2,\"name\":\"MARS &#8211; ARTISTE EN R\u00c9SIDENCE : Gabriela Golder\"}]},{\"@type\":\"WebSite\",\"@id\":\"https:\\\/\\\/www.chateaudegoutelas.fr\\\/#website\",\"url\":\"https:\\\/\\\/www.chateaudegoutelas.fr\\\/\",\"name\":\"Ch\u00e2teau de Goutelas\",\"description\":\"Un centre culturel de rencontre en Forez\",\"publisher\":{\"@id\":\"https:\\\/\\\/www.chateaudegoutelas.fr\\\/#organization\"},\"potentialAction\":[{\"@type\":\"SearchAction\",\"target\":{\"@type\":\"EntryPoint\",\"urlTemplate\":\"https:\\\/\\\/www.chateaudegoutelas.fr\\\/?s={search_term_string}\"},\"query-input\":{\"@type\":\"PropertyValueSpecification\",\"valueRequired\":true,\"valueName\":\"search_term_string\"}}],\"inLanguage\":\"en-GB\"},{\"@type\":\"Organization\",\"@id\":\"https:\\\/\\\/www.chateaudegoutelas.fr\\\/#organization\",\"name\":\"Ch\u00e2teau de Goutelas\",\"url\":\"https:\\\/\\\/www.chateaudegoutelas.fr\\\/\",\"logo\":{\"@type\":\"ImageObject\",\"inLanguage\":\"en-GB\",\"@id\":\"https:\\\/\\\/www.chateaudegoutelas.fr\\\/#\\\/schema\\\/logo\\\/image\\\/\",\"url\":\"https:\\\/\\\/www.chateaudegoutelas.fr\\\/wp-content\\\/uploads\\\/2023\\\/05\\\/logo-chateau-goutelas-bleu.png\",\"contentUrl\":\"https:\\\/\\\/www.chateaudegoutelas.fr\\\/wp-content\\\/uploads\\\/2023\\\/05\\\/logo-chateau-goutelas-bleu.png\",\"width\":1123,\"height\":327,\"caption\":\"Ch\u00e2teau de Goutelas\"},\"image\":{\"@id\":\"https:\\\/\\\/www.chateaudegoutelas.fr\\\/#\\\/schema\\\/logo\\\/image\\\/\"}}]}<\/script>\n<!-- \/ Yoast SEO plugin. -->","yoast_head_json":{"title":"MARS - ARTISTE EN R\u00c9SIDENCE : Gabriela Golder - Ch\u00e2teau de Goutelas","robots":{"index":"index","follow":"follow","max-snippet":"max-snippet:-1","max-image-preview":"max-image-preview:large","max-video-preview":"max-video-preview:-1"},"canonical":"https:\/\/www.chateaudegoutelas.fr\/en\/archive\/mars-artiste-en-residence-gabriela-golder\/","og_locale":"en_GB","og_type":"article","og_title":"MARS - ARTISTE EN R\u00c9SIDENCE : Gabriela Golder - Ch\u00e2teau de Goutelas","og_description":"Gabriela Golder Argentine Mars 2022 &nbsp; Entre images en mouvement, installations vid\u00e9o et cr\u00e9ations in situ, l\u2019artiste argentine Gabriela Golder bouscule nos certitudes et nous invite \u00e0 explorer collectivement les notions de libert\u00e9 et de justice. Avec le projet Arracher les yeux, elle cr\u00e9e un ensemble de pi\u00e8ces visuelles en s&rsquo;appuyant sur des faits r\u00e9els. [&hellip;]","og_url":"https:\/\/www.chateaudegoutelas.fr\/en\/archive\/mars-artiste-en-residence-gabriela-golder\/","og_site_name":"Ch\u00e2teau de Goutelas","article_modified_time":"2023-05-26T07:55:10+00:00","og_image":[{"url":"https:\/\/www.chateaudegoutelas.fr\/wp-content\/uploads\/2022\/02\/Gariela-Golder_REOCUPACION-Installation-video-5-canaux-2006_credit-Gabriela-Golder-1.jpg","width":1772,"height":1329,"type":"image\/jpeg"}],"twitter_card":"summary_large_image","twitter_misc":{"Estimated reading time":"1 minute"},"schema":{"@context":"https:\/\/schema.org","@graph":[{"@type":"WebPage","@id":"https:\/\/www.chateaudegoutelas.fr\/archive\/mars-artiste-en-residence-gabriela-golder\/","url":"https:\/\/www.chateaudegoutelas.fr\/archive\/mars-artiste-en-residence-gabriela-golder\/","name":"MARS - ARTISTE EN R\u00c9SIDENCE : Gabriela Golder - Ch\u00e2teau de Goutelas","isPartOf":{"@id":"https:\/\/www.chateaudegoutelas.fr\/#website"},"primaryImageOfPage":{"@id":"https:\/\/www.chateaudegoutelas.fr\/archive\/mars-artiste-en-residence-gabriela-golder\/#primaryimage"},"image":{"@id":"https:\/\/www.chateaudegoutelas.fr\/archive\/mars-artiste-en-residence-gabriela-golder\/#primaryimage"},"thumbnailUrl":"https:\/\/www.chateaudegoutelas.fr\/wp-content\/uploads\/2022\/02\/Gariela-Golder_REOCUPACION-Installation-video-5-canaux-2006_credit-Gabriela-Golder-1.jpg","datePublished":"2022-02-14T08:56:15+00:00","dateModified":"2023-05-26T07:55:10+00:00","breadcrumb":{"@id":"https:\/\/www.chateaudegoutelas.fr\/archive\/mars-artiste-en-residence-gabriela-golder\/#breadcrumb"},"inLanguage":"en-GB","potentialAction":[{"@type":"ReadAction","target":["https:\/\/www.chateaudegoutelas.fr\/archive\/mars-artiste-en-residence-gabriela-golder\/"]}]},{"@type":"ImageObject","inLanguage":"en-GB","@id":"https:\/\/www.chateaudegoutelas.fr\/archive\/mars-artiste-en-residence-gabriela-golder\/#primaryimage","url":"https:\/\/www.chateaudegoutelas.fr\/wp-content\/uploads\/2022\/02\/Gariela-Golder_REOCUPACION-Installation-video-5-canaux-2006_credit-Gabriela-Golder-1.jpg","contentUrl":"https:\/\/www.chateaudegoutelas.fr\/wp-content\/uploads\/2022\/02\/Gariela-Golder_REOCUPACION-Installation-video-5-canaux-2006_credit-Gabriela-Golder-1.jpg","width":1772,"height":1329},{"@type":"BreadcrumbList","@id":"https:\/\/www.chateaudegoutelas.fr\/archive\/mars-artiste-en-residence-gabriela-golder\/#breadcrumb","itemListElement":[{"@type":"ListItem","position":1,"name":"Accueil","item":"https:\/\/www.chateaudegoutelas.fr\/"},{"@type":"ListItem","position":2,"name":"MARS &#8211; ARTISTE EN R\u00c9SIDENCE : Gabriela Golder"}]},{"@type":"WebSite","@id":"https:\/\/www.chateaudegoutelas.fr\/#website","url":"https:\/\/www.chateaudegoutelas.fr\/","name":"Ch\u00e2teau de Goutelas","description":"Un centre culturel de rencontre en Forez","publisher":{"@id":"https:\/\/www.chateaudegoutelas.fr\/#organization"},"potentialAction":[{"@type":"SearchAction","target":{"@type":"EntryPoint","urlTemplate":"https:\/\/www.chateaudegoutelas.fr\/?s={search_term_string}"},"query-input":{"@type":"PropertyValueSpecification","valueRequired":true,"valueName":"search_term_string"}}],"inLanguage":"en-GB"},{"@type":"Organization","@id":"https:\/\/www.chateaudegoutelas.fr\/#organization","name":"Ch\u00e2teau de Goutelas","url":"https:\/\/www.chateaudegoutelas.fr\/","logo":{"@type":"ImageObject","inLanguage":"en-GB","@id":"https:\/\/www.chateaudegoutelas.fr\/#\/schema\/logo\/image\/","url":"https:\/\/www.chateaudegoutelas.fr\/wp-content\/uploads\/2023\/05\/logo-chateau-goutelas-bleu.png","contentUrl":"https:\/\/www.chateaudegoutelas.fr\/wp-content\/uploads\/2023\/05\/logo-chateau-goutelas-bleu.png","width":1123,"height":327,"caption":"Ch\u00e2teau de Goutelas"},"image":{"@id":"https:\/\/www.chateaudegoutelas.fr\/#\/schema\/logo\/image\/"}}]}},"_links":{"self":[{"href":"https:\/\/www.chateaudegoutelas.fr\/en\/wp-json\/wp\/v2\/archive\/4252","targetHints":{"allow":["GET"]}}],"collection":[{"href":"https:\/\/www.chateaudegoutelas.fr\/en\/wp-json\/wp\/v2\/archive"}],"about":[{"href":"https:\/\/www.chateaudegoutelas.fr\/en\/wp-json\/wp\/v2\/types\/archive"}],"author":[{"embeddable":true,"href":"https:\/\/www.chateaudegoutelas.fr\/en\/wp-json\/wp\/v2\/users\/7"}],"wp:featuredmedia":[{"embeddable":true,"href":"https:\/\/www.chateaudegoutelas.fr\/en\/wp-json\/wp\/v2\/media\/4253"}],"wp:attachment":[{"href":"https:\/\/www.chateaudegoutelas.fr\/en\/wp-json\/wp\/v2\/media?parent=4252"}],"wp:term":[{"taxonomy":"category","embeddable":true,"href":"https:\/\/www.chateaudegoutelas.fr\/en\/wp-json\/wp\/v2\/categories?post=4252"},{"taxonomy":"post_tag","embeddable":true,"href":"https:\/\/www.chateaudegoutelas.fr\/en\/wp-json\/wp\/v2\/tags?post=4252"}],"curies":[{"name":"wp","href":"https:\/\/api.w.org\/{rel}","templated":true}]}}