{"id":4117,"date":"2021-12-03T11:20:30","date_gmt":"2021-12-03T10:20:30","guid":{"rendered":"https:\/\/www.chateaudegoutelas.fr\/?p=4117"},"modified":"2023-05-26T09:56:42","modified_gmt":"2023-05-26T07:56:42","slug":"samedi-22-01-webinaire-vers-de-nouvelles-formes-de-solidarite","status":"publish","type":"archive","link":"https:\/\/www.chateaudegoutelas.fr\/en\/archive\/samedi-22-01-webinaire-vers-de-nouvelles-formes-de-solidarite\/","title":{"rendered":"SAMEDI 22\/01 &#8211; CONVERSATION EN VISIOCONF\u00c9RENCE : Vers de nouvelles formes de solidarit\u00e9"},"content":{"rendered":"<div class=\"shmMigrate\"><\/div>\n<div class=\"shmMigrate\"><\/div>\n<div class=\"shmMigrate\"><\/div>\n<div class=\"shmMigrate\"><\/div>\n<h4><span style=\"font-weight: 400;\">Samedi 22 janvier<\/span><\/h4>\n<h4><span style=\"font-weight: 400;\">16h30<\/span><\/h4>\n<h4><span style=\"font-weight: 400;\">En visioconf\u00e9rence (ou visionnage collectif au Ch\u00e2teau de Goutelas)<\/span><\/h4>\n<div class=\"shmMigrate\"><\/div>\n<div class=\"shmMigrate\"><\/div>\n<div class=\"shmMigrate\"><\/div>\n<p><b>Conversation avec Mireille Delmas-Marty, juriste, Ga\u00ebl Giraud, \u00e9conomiste, Claire H\u00e9don, D\u00e9fenseure des droits et ex-pr\u00e9sidente d\u2019ATD Quart Monde, Jean-Baptiste Racine, juriste.<br \/>\n<\/b><\/p>\n<p>&nbsp;<\/p>\n<p>Quelles nouvelles formes de solidarit\u00e9 sociale et \u00e9cologique pourraient \u00e9merger pour proposer des alternatives au \u00ab Tout-march\u00e9 \u00bb ? Des penseurs et des chercheurs croisent leurs points de vue.<\/p>\n<p>Invitons-nous au d\u00e9bat !<\/p>\n<div class=\"shmMigrate\"><\/div>\n<div class=\"shmMigrate\"><\/div>\n<div class=\"shmMigrate\"><\/div>\n<div class=\"shmMigrate\"><\/div>\n<p><b>Les intervenants<br \/>\n<\/b><\/p>\n<p>&nbsp;<\/p>\n<p><strong>Ga\u00ebl Giraud<\/strong> est directeur de recherche au CNRS en \u00e9conomie. Personnalit\u00e9 hors norme, il s\u2019est impos\u00e9 comme l\u2019une des grandes voix de la gauche \u00e9cologiste, et l&rsquo;une des pens\u00e9es les plus influentes de son temps. Aujourd&rsquo;hui directeur du programme Justice environnementale de Georgetown University, il participera \u00e0 cette conversation depuis Washington DC.<\/p>\n<p>&nbsp;<\/p>\n<p>Journaliste de formation, <strong>Claire H\u00e9don<\/strong> est nomm\u00e9e en 2020 D\u00e9fenseure des droits (autorit\u00e9 ind\u00e9pendante charg\u00e9e de veiller au respect des libert\u00e9s et des droits des citoyens par les administrations et organismes publics). Elle pr\u00e9side le mouvement ATD Quart Monde de 2015 \u00e0 2020 ; c&rsquo;est \u00e0 ce titre que Mireille Delmas-Marty la convie \u00e0 prendre part \u00e0 cette conversation autour des nouvelles formes de solidarit\u00e9 sociale et \u00e9cologique.<\/p>\n<p>&nbsp;<\/p>\n<p>Juriste (Coll\u00e8ge de France) et amie de Goutelas, <strong>Mireille Delmas-Marty<\/strong> a con\u00e7u avec le plasticien Antonio Beninc\u00e0 la \u00ab Boussole des possibles \u00bb install\u00e9e au Ch\u00e2teau de Goutelas : un objet-manifeste pour donner \u00e0 voir les tensions qui agitent nos soci\u00e9t\u00e9s mondialis\u00e9es, qui sugg\u00e8re aussi qu\u2019il est possible de stabiliser ces soci\u00e9t\u00e9s sans les figer, de les pacifier sans les uniformiser.<\/p>\n<p>&nbsp;<\/p>\n<p>Professeur de droit priv\u00e9 \u00e0 l&rsquo;Universit\u00e9 C\u00f4te d&rsquo;Azur et Paris 2 Panth\u00e9on-Assas, <strong>Jean-Baptiste Racine<\/strong> est sp\u00e9cialiste de droit \u00e9conomique. Il sera en charge d&rsquo;animer cette discussion \u00e0 la recherche d&rsquo;alternatives pour une \u00ab\u00a0mondialit\u00e9\u00a0\u00bb plus solidaire.<\/p>\n<div class=\"shmMigrate\"><\/div>\n<div class=\"shmMigrate\"><\/div>\n<div class=\"shmMigrate\"><\/div>\n<div class=\"shmMigrate\"><\/div>\n<p><b>En ligne ou en visionnage collectif au Ch\u00e2teau de Goutelas<\/b><\/p>\n<p><b>Dur\u00e9e : 1h30<\/b><\/p>\n<p><strong>Gratuit sur inscription<\/strong><\/p>\n<div class=\"shmMigrate\"><\/div>\n<div class=\"shmMigrate\"><\/div>\n<div class=\"shmMigrate\"><\/div>\n<div class=\"shmMigrate\"><\/div>\n<div class=\"shmMigrate\"><\/div>\n<p>Illustration \u00a9 Atelier Pers<\/p>\n<div class=\"shmMigrate\"><\/div>\n<div class=\"shmMigrate\"><\/div>\n<div class=\"shmMigrate\"><\/div>\n<div class=\"shmMigrate\"><\/div>","protected":false},"author":7,"featured_media":3974,"template":"","meta":{"site-sidebar-layout":"default","site-content-layout":"","ast-site-content-layout":"default","site-content-style":"default","site-sidebar-style":"default","ast-global-header-display":"","ast-banner-title-visibility":"","ast-main-header-display":"","ast-hfb-above-header-display":"","ast-hfb-below-header-display":"","ast-hfb-mobile-header-display":"","site-post-title":"","ast-breadcrumbs-content":null,"ast-featured-img":"","footer-sml-layout":"","ast-disable-related-posts":"","theme-transparent-header-meta":"","adv-header-id-meta":"","stick-header-meta":"","header-above-stick-meta":null,"header-main-stick-meta":"","header-below-stick-meta":null,"astra-migrate-meta-layouts":"default","ast-page-background-enabled":"default","ast-page-background-meta":{"desktop":{"background-color":"","background-image":"","background-repeat":"repeat","background-position":"center center","background-size":"auto","background-attachment":"scroll","background-type":"","background-media":"","overlay-type":"","overlay-color":"","overlay-opacity":"","overlay-gradient":""},"tablet":{"background-color":"","background-image":"","background-repeat":"repeat","background-position":"center center","background-size":"auto","background-attachment":"scroll","background-type":"","background-media":"","overlay-type":"","overlay-color":"","overlay-opacity":"","overlay-gradient":""},"mobile":{"background-color":"","background-image":"","background-repeat":"repeat","background-position":"center center","background-size":"auto","background-attachment":"scroll","background-type":"","background-media":"","overlay-type":"","overlay-color":"","overlay-opacity":"","overlay-gradient":""}},"ast-content-background-meta":{"desktop":{"background-color":"var(--ast-global-color-5)","background-image":"","background-repeat":"repeat","background-position":"center center","background-size":"auto","background-attachment":"scroll","background-type":"","background-media":"","overlay-type":"","overlay-color":"","overlay-opacity":"","overlay-gradient":""},"tablet":{"background-color":"var(--ast-global-color-5)","background-image":"","background-repeat":"repeat","background-position":"center center","background-size":"auto","background-attachment":"scroll","background-type":"","background-media":"","overlay-type":"","overlay-color":"","overlay-opacity":"","overlay-gradient":""},"mobile":{"background-color":"var(--ast-global-color-5)","background-image":"","background-repeat":"repeat","background-position":"center center","background-size":"auto","background-attachment":"scroll","background-type":"","background-media":"","overlay-type":"","overlay-color":"","overlay-opacity":"","overlay-gradient":""}}},"categories":[4],"tags":[],"class_list":["post-4117","archive","type-archive","status-publish","has-post-thumbnail","hentry","category-actualites"],"yoast_head":"<!-- This site is optimized with the Yoast SEO plugin v27.5 - https:\/\/yoast.com\/product\/yoast-seo-wordpress\/ -->\n<title>SAMEDI 22\/01 - CONVERSATION EN VISIOCONF\u00c9RENCE : Vers de nouvelles formes de solidarit\u00e9 - Ch\u00e2teau de Goutelas<\/title>\n<meta name=\"robots\" content=\"index, follow, max-snippet:-1, max-image-preview:large, max-video-preview:-1\" \/>\n<link rel=\"canonical\" href=\"https:\/\/www.chateaudegoutelas.fr\/en\/archive\/samedi-22-01-webinaire-vers-de-nouvelles-formes-de-solidarite\/\" \/>\n<meta property=\"og:locale\" content=\"en_GB\" \/>\n<meta property=\"og:type\" content=\"article\" \/>\n<meta property=\"og:title\" content=\"SAMEDI 22\/01 - CONVERSATION EN VISIOCONF\u00c9RENCE : Vers de nouvelles formes de solidarit\u00e9 - Ch\u00e2teau de Goutelas\" \/>\n<meta property=\"og:description\" content=\"Samedi 22 janvier 16h30 En visioconf\u00e9rence (ou visionnage collectif au Ch\u00e2teau de Goutelas) Conversation avec Mireille Delmas-Marty, juriste, Ga\u00ebl Giraud, \u00e9conomiste, Claire H\u00e9don, D\u00e9fenseure des droits et ex-pr\u00e9sidente d\u2019ATD Quart Monde, Jean-Baptiste Racine, juriste. &nbsp; Quelles nouvelles formes de solidarit\u00e9 sociale et \u00e9cologique pourraient \u00e9merger pour proposer des alternatives au \u00ab Tout-march\u00e9 \u00bb ? Des [&hellip;]\" \/>\n<meta property=\"og:url\" content=\"https:\/\/www.chateaudegoutelas.fr\/en\/archive\/samedi-22-01-webinaire-vers-de-nouvelles-formes-de-solidarite\/\" \/>\n<meta property=\"og:site_name\" content=\"Ch\u00e2teau de Goutelas\" \/>\n<meta property=\"article:modified_time\" content=\"2023-05-26T07:56:42+00:00\" \/>\n<meta property=\"og:image\" content=\"https:\/\/www.chateaudegoutelas.fr\/wp-content\/uploads\/2021\/12\/Visuel_a_la_croisee_des_savoirs-scaled.jpg\" \/>\n\t<meta property=\"og:image:width\" content=\"2560\" \/>\n\t<meta property=\"og:image:height\" content=\"1810\" \/>\n\t<meta property=\"og:image:type\" content=\"image\/jpeg\" \/>\n<meta name=\"twitter:card\" content=\"summary_large_image\" \/>\n<meta name=\"twitter:label1\" content=\"Estimated reading time\" \/>\n\t<meta name=\"twitter:data1\" content=\"2 minutes\" \/>\n<script type=\"application\/ld+json\" class=\"yoast-schema-graph\">{\"@context\":\"https:\\\/\\\/schema.org\",\"@graph\":[{\"@type\":\"WebPage\",\"@id\":\"https:\\\/\\\/www.chateaudegoutelas.fr\\\/archive\\\/samedi-22-01-webinaire-vers-de-nouvelles-formes-de-solidarite\\\/\",\"url\":\"https:\\\/\\\/www.chateaudegoutelas.fr\\\/archive\\\/samedi-22-01-webinaire-vers-de-nouvelles-formes-de-solidarite\\\/\",\"name\":\"SAMEDI 22\\\/01 - CONVERSATION EN VISIOCONF\u00c9RENCE : Vers de nouvelles formes de solidarit\u00e9 - Ch\u00e2teau de Goutelas\",\"isPartOf\":{\"@id\":\"https:\\\/\\\/www.chateaudegoutelas.fr\\\/#website\"},\"primaryImageOfPage\":{\"@id\":\"https:\\\/\\\/www.chateaudegoutelas.fr\\\/archive\\\/samedi-22-01-webinaire-vers-de-nouvelles-formes-de-solidarite\\\/#primaryimage\"},\"image\":{\"@id\":\"https:\\\/\\\/www.chateaudegoutelas.fr\\\/archive\\\/samedi-22-01-webinaire-vers-de-nouvelles-formes-de-solidarite\\\/#primaryimage\"},\"thumbnailUrl\":\"https:\\\/\\\/www.chateaudegoutelas.fr\\\/wp-content\\\/uploads\\\/2021\\\/12\\\/Visuel_a_la_croisee_des_savoirs-scaled.jpg\",\"datePublished\":\"2021-12-03T10:20:30+00:00\",\"dateModified\":\"2023-05-26T07:56:42+00:00\",\"breadcrumb\":{\"@id\":\"https:\\\/\\\/www.chateaudegoutelas.fr\\\/archive\\\/samedi-22-01-webinaire-vers-de-nouvelles-formes-de-solidarite\\\/#breadcrumb\"},\"inLanguage\":\"en-GB\",\"potentialAction\":[{\"@type\":\"ReadAction\",\"target\":[\"https:\\\/\\\/www.chateaudegoutelas.fr\\\/archive\\\/samedi-22-01-webinaire-vers-de-nouvelles-formes-de-solidarite\\\/\"]}]},{\"@type\":\"ImageObject\",\"inLanguage\":\"en-GB\",\"@id\":\"https:\\\/\\\/www.chateaudegoutelas.fr\\\/archive\\\/samedi-22-01-webinaire-vers-de-nouvelles-formes-de-solidarite\\\/#primaryimage\",\"url\":\"https:\\\/\\\/www.chateaudegoutelas.fr\\\/wp-content\\\/uploads\\\/2021\\\/12\\\/Visuel_a_la_croisee_des_savoirs-scaled.jpg\",\"contentUrl\":\"https:\\\/\\\/www.chateaudegoutelas.fr\\\/wp-content\\\/uploads\\\/2021\\\/12\\\/Visuel_a_la_croisee_des_savoirs-scaled.jpg\",\"width\":2560,\"height\":1810},{\"@type\":\"BreadcrumbList\",\"@id\":\"https:\\\/\\\/www.chateaudegoutelas.fr\\\/archive\\\/samedi-22-01-webinaire-vers-de-nouvelles-formes-de-solidarite\\\/#breadcrumb\",\"itemListElement\":[{\"@type\":\"ListItem\",\"position\":1,\"name\":\"Accueil\",\"item\":\"https:\\\/\\\/www.chateaudegoutelas.fr\\\/\"},{\"@type\":\"ListItem\",\"position\":2,\"name\":\"SAMEDI 22\\\/01 &#8211; CONVERSATION EN VISIOCONF\u00c9RENCE : Vers de nouvelles formes de solidarit\u00e9\"}]},{\"@type\":\"WebSite\",\"@id\":\"https:\\\/\\\/www.chateaudegoutelas.fr\\\/#website\",\"url\":\"https:\\\/\\\/www.chateaudegoutelas.fr\\\/\",\"name\":\"Ch\u00e2teau de Goutelas\",\"description\":\"Un centre culturel de rencontre en Forez\",\"publisher\":{\"@id\":\"https:\\\/\\\/www.chateaudegoutelas.fr\\\/#organization\"},\"potentialAction\":[{\"@type\":\"SearchAction\",\"target\":{\"@type\":\"EntryPoint\",\"urlTemplate\":\"https:\\\/\\\/www.chateaudegoutelas.fr\\\/?s={search_term_string}\"},\"query-input\":{\"@type\":\"PropertyValueSpecification\",\"valueRequired\":true,\"valueName\":\"search_term_string\"}}],\"inLanguage\":\"en-GB\"},{\"@type\":\"Organization\",\"@id\":\"https:\\\/\\\/www.chateaudegoutelas.fr\\\/#organization\",\"name\":\"Ch\u00e2teau de Goutelas\",\"url\":\"https:\\\/\\\/www.chateaudegoutelas.fr\\\/\",\"logo\":{\"@type\":\"ImageObject\",\"inLanguage\":\"en-GB\",\"@id\":\"https:\\\/\\\/www.chateaudegoutelas.fr\\\/#\\\/schema\\\/logo\\\/image\\\/\",\"url\":\"https:\\\/\\\/www.chateaudegoutelas.fr\\\/wp-content\\\/uploads\\\/2023\\\/05\\\/logo-chateau-goutelas-bleu.png\",\"contentUrl\":\"https:\\\/\\\/www.chateaudegoutelas.fr\\\/wp-content\\\/uploads\\\/2023\\\/05\\\/logo-chateau-goutelas-bleu.png\",\"width\":1123,\"height\":327,\"caption\":\"Ch\u00e2teau de Goutelas\"},\"image\":{\"@id\":\"https:\\\/\\\/www.chateaudegoutelas.fr\\\/#\\\/schema\\\/logo\\\/image\\\/\"}}]}<\/script>\n<!-- \/ Yoast SEO plugin. -->","yoast_head_json":{"title":"SAMEDI 22\/01 - CONVERSATION EN VISIOCONF\u00c9RENCE : Vers de nouvelles formes de solidarit\u00e9 - Ch\u00e2teau de Goutelas","robots":{"index":"index","follow":"follow","max-snippet":"max-snippet:-1","max-image-preview":"max-image-preview:large","max-video-preview":"max-video-preview:-1"},"canonical":"https:\/\/www.chateaudegoutelas.fr\/en\/archive\/samedi-22-01-webinaire-vers-de-nouvelles-formes-de-solidarite\/","og_locale":"en_GB","og_type":"article","og_title":"SAMEDI 22\/01 - CONVERSATION EN VISIOCONF\u00c9RENCE : Vers de nouvelles formes de solidarit\u00e9 - Ch\u00e2teau de Goutelas","og_description":"Samedi 22 janvier 16h30 En visioconf\u00e9rence (ou visionnage collectif au Ch\u00e2teau de Goutelas) Conversation avec Mireille Delmas-Marty, juriste, Ga\u00ebl Giraud, \u00e9conomiste, Claire H\u00e9don, D\u00e9fenseure des droits et ex-pr\u00e9sidente d\u2019ATD Quart Monde, Jean-Baptiste Racine, juriste. &nbsp; Quelles nouvelles formes de solidarit\u00e9 sociale et \u00e9cologique pourraient \u00e9merger pour proposer des alternatives au \u00ab Tout-march\u00e9 \u00bb ? Des [&hellip;]","og_url":"https:\/\/www.chateaudegoutelas.fr\/en\/archive\/samedi-22-01-webinaire-vers-de-nouvelles-formes-de-solidarite\/","og_site_name":"Ch\u00e2teau de Goutelas","article_modified_time":"2023-05-26T07:56:42+00:00","og_image":[{"width":2560,"height":1810,"url":"https:\/\/www.chateaudegoutelas.fr\/wp-content\/uploads\/2021\/12\/Visuel_a_la_croisee_des_savoirs-scaled.jpg","type":"image\/jpeg"}],"twitter_card":"summary_large_image","twitter_misc":{"Estimated reading time":"2 minutes"},"schema":{"@context":"https:\/\/schema.org","@graph":[{"@type":"WebPage","@id":"https:\/\/www.chateaudegoutelas.fr\/archive\/samedi-22-01-webinaire-vers-de-nouvelles-formes-de-solidarite\/","url":"https:\/\/www.chateaudegoutelas.fr\/archive\/samedi-22-01-webinaire-vers-de-nouvelles-formes-de-solidarite\/","name":"SAMEDI 22\/01 - CONVERSATION EN VISIOCONF\u00c9RENCE : Vers de nouvelles formes de solidarit\u00e9 - Ch\u00e2teau de Goutelas","isPartOf":{"@id":"https:\/\/www.chateaudegoutelas.fr\/#website"},"primaryImageOfPage":{"@id":"https:\/\/www.chateaudegoutelas.fr\/archive\/samedi-22-01-webinaire-vers-de-nouvelles-formes-de-solidarite\/#primaryimage"},"image":{"@id":"https:\/\/www.chateaudegoutelas.fr\/archive\/samedi-22-01-webinaire-vers-de-nouvelles-formes-de-solidarite\/#primaryimage"},"thumbnailUrl":"https:\/\/www.chateaudegoutelas.fr\/wp-content\/uploads\/2021\/12\/Visuel_a_la_croisee_des_savoirs-scaled.jpg","datePublished":"2021-12-03T10:20:30+00:00","dateModified":"2023-05-26T07:56:42+00:00","breadcrumb":{"@id":"https:\/\/www.chateaudegoutelas.fr\/archive\/samedi-22-01-webinaire-vers-de-nouvelles-formes-de-solidarite\/#breadcrumb"},"inLanguage":"en-GB","potentialAction":[{"@type":"ReadAction","target":["https:\/\/www.chateaudegoutelas.fr\/archive\/samedi-22-01-webinaire-vers-de-nouvelles-formes-de-solidarite\/"]}]},{"@type":"ImageObject","inLanguage":"en-GB","@id":"https:\/\/www.chateaudegoutelas.fr\/archive\/samedi-22-01-webinaire-vers-de-nouvelles-formes-de-solidarite\/#primaryimage","url":"https:\/\/www.chateaudegoutelas.fr\/wp-content\/uploads\/2021\/12\/Visuel_a_la_croisee_des_savoirs-scaled.jpg","contentUrl":"https:\/\/www.chateaudegoutelas.fr\/wp-content\/uploads\/2021\/12\/Visuel_a_la_croisee_des_savoirs-scaled.jpg","width":2560,"height":1810},{"@type":"BreadcrumbList","@id":"https:\/\/www.chateaudegoutelas.fr\/archive\/samedi-22-01-webinaire-vers-de-nouvelles-formes-de-solidarite\/#breadcrumb","itemListElement":[{"@type":"ListItem","position":1,"name":"Accueil","item":"https:\/\/www.chateaudegoutelas.fr\/"},{"@type":"ListItem","position":2,"name":"SAMEDI 22\/01 &#8211; CONVERSATION EN VISIOCONF\u00c9RENCE : Vers de nouvelles formes de solidarit\u00e9"}]},{"@type":"WebSite","@id":"https:\/\/www.chateaudegoutelas.fr\/#website","url":"https:\/\/www.chateaudegoutelas.fr\/","name":"Ch\u00e2teau de Goutelas","description":"Un centre culturel de rencontre en Forez","publisher":{"@id":"https:\/\/www.chateaudegoutelas.fr\/#organization"},"potentialAction":[{"@type":"SearchAction","target":{"@type":"EntryPoint","urlTemplate":"https:\/\/www.chateaudegoutelas.fr\/?s={search_term_string}"},"query-input":{"@type":"PropertyValueSpecification","valueRequired":true,"valueName":"search_term_string"}}],"inLanguage":"en-GB"},{"@type":"Organization","@id":"https:\/\/www.chateaudegoutelas.fr\/#organization","name":"Ch\u00e2teau de Goutelas","url":"https:\/\/www.chateaudegoutelas.fr\/","logo":{"@type":"ImageObject","inLanguage":"en-GB","@id":"https:\/\/www.chateaudegoutelas.fr\/#\/schema\/logo\/image\/","url":"https:\/\/www.chateaudegoutelas.fr\/wp-content\/uploads\/2023\/05\/logo-chateau-goutelas-bleu.png","contentUrl":"https:\/\/www.chateaudegoutelas.fr\/wp-content\/uploads\/2023\/05\/logo-chateau-goutelas-bleu.png","width":1123,"height":327,"caption":"Ch\u00e2teau de Goutelas"},"image":{"@id":"https:\/\/www.chateaudegoutelas.fr\/#\/schema\/logo\/image\/"}}]}},"_links":{"self":[{"href":"https:\/\/www.chateaudegoutelas.fr\/en\/wp-json\/wp\/v2\/archive\/4117","targetHints":{"allow":["GET"]}}],"collection":[{"href":"https:\/\/www.chateaudegoutelas.fr\/en\/wp-json\/wp\/v2\/archive"}],"about":[{"href":"https:\/\/www.chateaudegoutelas.fr\/en\/wp-json\/wp\/v2\/types\/archive"}],"author":[{"embeddable":true,"href":"https:\/\/www.chateaudegoutelas.fr\/en\/wp-json\/wp\/v2\/users\/7"}],"wp:featuredmedia":[{"embeddable":true,"href":"https:\/\/www.chateaudegoutelas.fr\/en\/wp-json\/wp\/v2\/media\/3974"}],"wp:attachment":[{"href":"https:\/\/www.chateaudegoutelas.fr\/en\/wp-json\/wp\/v2\/media?parent=4117"}],"wp:term":[{"taxonomy":"category","embeddable":true,"href":"https:\/\/www.chateaudegoutelas.fr\/en\/wp-json\/wp\/v2\/categories?post=4117"},{"taxonomy":"post_tag","embeddable":true,"href":"https:\/\/www.chateaudegoutelas.fr\/en\/wp-json\/wp\/v2\/tags?post=4117"}],"curies":[{"name":"wp","href":"https:\/\/api.w.org\/{rel}","templated":true}]}}