{"id":4044,"date":"2021-12-01T18:00:29","date_gmt":"2021-12-01T17:00:29","guid":{"rendered":"https:\/\/www.chateaudegoutelas.fr\/?p=4044"},"modified":"2023-05-26T09:56:45","modified_gmt":"2023-05-26T07:56:45","slug":"mardi-11-01-webinaire-libertes-confinees","status":"publish","type":"archive","link":"https:\/\/www.chateaudegoutelas.fr\/en\/archive\/mardi-11-01-webinaire-libertes-confinees\/","title":{"rendered":"MARDI 11\/01 &#8211; WEBINAIRE &#8211; LIBERT\u00c9S CONFIN\u00c9ES"},"content":{"rendered":"<div class=\"shmMigrate\"><\/div>\n<div class=\"shmMigrate\"><\/div>\n<div class=\"shmMigrate\"><\/div>\n<div class=\"shmMigrate\"><\/div>\n<h4><span style=\"font-weight: 400;\">Mardi 11 janvier<\/span><\/h4>\n<h4><span style=\"font-weight: 400;\">12h &#8211; 13h30<\/span><\/h4>\n<div class=\"shmMigrate\"><\/div>\n<div class=\"shmMigrate\"><\/div>\n<div class=\"shmMigrate\"><\/div>\n<h4>Libert\u00e9s confin\u00e9es : vieillir et exercer ses droits, en EHPAD et ailleurs<\/h4>\n<p>&nbsp;<\/p>\n<p><strong>Webinaire &#8211; en ligne<br \/>\nVisionnage collectif au Ch\u00e2teau de Goutelas<br \/>\n<\/strong><\/p>\n<p>&nbsp;<\/p>\n<p><strong>Intervenants : D\u00e9fenseur.e des Droits, Lynn Pook, artiste<\/strong><\/p>\n<p>&nbsp;<\/p>\n<p><span style=\"font-weight: 400;\">Garantir un \u00e9quilibre entre, d\u2019une part nos droits et libert\u00e9s, et d\u2019autre part la protection de la sant\u00e9, tel est l\u2019objet de la r\u00e9flexion men\u00e9e conjointement par l\u2019Observatoire des Libert\u00e9s Publiques du Barreau de Lyon et le Ch\u00e2teau de Goutelas \u2013 Centre culturel de rencontre. <\/span><span style=\"font-weight: 400;\">Pour les plus vuln\u00e9rables d\u2019entre nous, et notamment les r\u00e9sidents en EHPAD, les limitations apport\u00e9es par exemple \u00e0 la libert\u00e9 d\u2019aller et venir ou au droit \u00e0 la vie priv\u00e9e et familiale sont-elles justifi\u00e9es et proportionn\u00e9es ?<\/span><\/p>\n<p><span style=\"font-weight: 400;\">Un rapport du D\u00e9fenseur Des Droits publi\u00e9 en 2021 \u00e9claire cette question et formule des recommandations afin de promouvoir des pratiques innovantes et bienveillantes.\u00a0<\/span><\/p>\n<p><span style=\"font-weight: 400;\">Une d\u00e9marche artistique men\u00e9e aupr\u00e8s de personnes \u00e2g\u00e9es quelquefois atteintes de troubles cognitifs, peut-elle contribuer \u00e0 l\u2019expression de leur libert\u00e9 ? <\/span><span style=\"font-weight: 400;\">A partir de l\u2019exp\u00e9rimentation intitul\u00e9e \u00ab L\u2019art d\u00e9ment le chaos \u00bb qu\u2019elle a anim\u00e9e, l\u2019artiste Lynn Pook contribuera \u00e0 notre r\u00e9flexion. Son intervention sera illustr\u00e9e par des images r\u00e9alis\u00e9es par Cl\u00e9ment Gaumon, vid\u00e9aste.<\/span><\/p>\n<p>Connectez-vous depuis chez vous et interagissez \u00e0 distance ou rejoignez-nous au Ch\u00e2teau de Goutelas pour un visionnage collectif riche en \u00e9changes et en partage !<\/p>\n<div class=\"shmMigrate\"><\/div>\n<div class=\"shmMigrate\"><\/div>\n<div class=\"shmMigrate\"><\/div>\n<p><b>Dur\u00e9e : 1h30<\/b><\/p>\n<p><b>Gratuit sur r\u00e9servation<\/b><\/p>\n<div class=\"shmMigrate\"><\/div>\n<div class=\"shmMigrate\"><\/div>\n<div class=\"shmMigrate\"><\/div>\n<div class=\"shmMigrate\"><\/div>\n<div class=\"shmMigrate\"><\/div>\n<p><span style=\"font-weight: 400;\">Pr\u00e9sentation et mod\u00e9ration :<\/span> <span style=\"font-weight: 400;\"><br \/>\n<\/span><span style=\"font-weight: 400;\"><strong>Myriam Plet<\/strong>, Ch\u00e2teau de Goutelas, Centre culturel de rencontre, avocate honoraire au Barreau de Lyon<\/span><\/p>\n<p>&nbsp;<\/p>\n<p><span style=\"font-weight: 400;\">Avec : <\/span><span style=\"font-weight: 400;\"><br \/>\n<\/span><b>La D\u00e9fenseure des droits<\/b><\/p>\n<p><span style=\"font-weight: 400;\">Autorit\u00e9 administrative ind\u00e9pendante de l\u2019Etat, institu\u00e9e par la constitution pour assurer l\u2019\u00e9galit\u00e9 dans l\u2019acc\u00e8s aux droits, elle peut \u00eatre saisie par toute personne qui s\u2019estime l\u00e9s\u00e9e par le fonctionnement d\u2019un service public, victime de discrimination, ou lanceur d\u2019alerte.<\/span><\/p>\n<p>En mai 2021, la D\u00e9fenseure des droits a publi\u00e9 un rapport sur les droits fondamentaux des personnes \u00e2g\u00e9es accueillies en EHPAD (\u00e9tablissements d\u2019h\u00e9bergement pour personnes \u00e2g\u00e9es d\u00e9pendantes) apr\u00e8s avoir \u00e9t\u00e9 particuli\u00e8rement interpell\u00e9e \u00e0 ce sujet depuis le d\u00e9but de la crise sanitaire li\u00e9e \u00e0 l\u2019\u00e9pid\u00e9mie de la Covid-19.<\/p>\n<p><a href=\"https:\/\/www.defenseurdesdroits.fr\/sites\/default\/files\/atoms\/files\/836210050_ddd_droitsehpad_access.pdf\">www.defenseurdesdroits.fr\/sites\/default\/files\/atoms\/files\/836210050_ddd_droitsehpad_access.pdf<\/a><\/p>\n<p>&nbsp;<\/p>\n<p><b>Lynn Pook<\/b><\/p>\n<p><span style=\"font-weight: 400;\">Lynn Pook est une artiste franco-allemande qui vit et travaille \u00e0 Barnave (26). Elle a \u00e9tudi\u00e9 la sculpture, les arts et m\u00e9dias et la danse \u00e0 Strasbourg, Paris, Berlin, Karlsruhe et Marseille.<\/span><\/p>\n<p><span style=\"font-weight: 400;\">Depuis 2003, elle s\u2019int\u00e9resse au toucher par un contact sonore explorant la dimension vibratoire et tactile du son. A la fois in\u00e9dite et accessible \u00e0 tous les publics (enfants, adultes, personnes \u00e2g\u00e9es avec ou sans handicaps), l\u2019exp\u00e9rience sensorielle unique propos\u00e9e par ses installations audio-tactiles s\u2019appuie sur une recherche \u00e0 la fois artistique et technologique sur le sensible, le toucher mettant en jeu le syst\u00e8me proprioceptif\u00a0 du corps.<\/span><\/p>\n<p><span style=\"font-weight: 400;\">Depuis 2020, Lynn Pook est associ\u00e9e au projet \u00ab L\u2019art d\u00e9ment le chaos \u00bb qui vise \u00e0 favoriser l&rsquo;expression, la cr\u00e9ativit\u00e9 et le bien-\u00eatre de personnes atteintes de troubles cognitifs.<\/span><\/p>\n<p><a href=\"http:\/\/www.lynnpook.net\/fr\/index_fr.htm\">www.lynnpook.net<\/a><\/p>\n<p>&nbsp;<\/p>\n<p>&nbsp;<\/p>\n<p>Photo \u00a9<\/p>\n<p><i>En partenariat avec l&rsquo;Observatoire lyonnais des libert\u00e9s publiques et le <a href=\"https:\/\/www.barreaulyon.com\/\">Barreau de Lyon<\/a>.<\/i><\/p>\n<div class=\"shmMigrate\"><\/div>\n<div class=\"shmMigrate\"><\/div>\n<div class=\"shmMigrate\"><\/div>\n<div class=\"shmMigrate\"><\/div>\n<div class=\"shmMigrate\"><\/div>\n<div class=\"shmMigrate\"><\/div>\n<div class=\"shmMigrate\"><\/div>\n<div class=\"shmMigrate\"><\/div>\n<div class=\"shmMigrate\"><\/div>\n<div class=\"shmMigrate\"><\/div>\n<div class=\"shmMigrate\"><\/div>\n<div class=\"shmMigrate\"><\/div>\n<div class=\"shmMigrate\"><\/div>\n<div class=\"shmMigrate\"><\/div>","protected":false},"author":7,"featured_media":4046,"template":"","meta":{"site-sidebar-layout":"default","site-content-layout":"","ast-site-content-layout":"default","site-content-style":"default","site-sidebar-style":"default","ast-global-header-display":"","ast-banner-title-visibility":"","ast-main-header-display":"","ast-hfb-above-header-display":"","ast-hfb-below-header-display":"","ast-hfb-mobile-header-display":"","site-post-title":"","ast-breadcrumbs-content":null,"ast-featured-img":"","footer-sml-layout":"","ast-disable-related-posts":"","theme-transparent-header-meta":"","adv-header-id-meta":"","stick-header-meta":"","header-above-stick-meta":null,"header-main-stick-meta":"","header-below-stick-meta":null,"astra-migrate-meta-layouts":"default","ast-page-background-enabled":"default","ast-page-background-meta":{"desktop":{"background-color":"","background-image":"","background-repeat":"repeat","background-position":"center center","background-size":"auto","background-attachment":"scroll","background-type":"","background-media":"","overlay-type":"","overlay-color":"","overlay-opacity":"","overlay-gradient":""},"tablet":{"background-color":"","background-image":"","background-repeat":"repeat","background-position":"center center","background-size":"auto","background-attachment":"scroll","background-type":"","background-media":"","overlay-type":"","overlay-color":"","overlay-opacity":"","overlay-gradient":""},"mobile":{"background-color":"","background-image":"","background-repeat":"repeat","background-position":"center center","background-size":"auto","background-attachment":"scroll","background-type":"","background-media":"","overlay-type":"","overlay-color":"","overlay-opacity":"","overlay-gradient":""}},"ast-content-background-meta":{"desktop":{"background-color":"var(--ast-global-color-5)","background-image":"","background-repeat":"repeat","background-position":"center center","background-size":"auto","background-attachment":"scroll","background-type":"","background-media":"","overlay-type":"","overlay-color":"","overlay-opacity":"","overlay-gradient":""},"tablet":{"background-color":"var(--ast-global-color-5)","background-image":"","background-repeat":"repeat","background-position":"center center","background-size":"auto","background-attachment":"scroll","background-type":"","background-media":"","overlay-type":"","overlay-color":"","overlay-opacity":"","overlay-gradient":""},"mobile":{"background-color":"var(--ast-global-color-5)","background-image":"","background-repeat":"repeat","background-position":"center center","background-size":"auto","background-attachment":"scroll","background-type":"","background-media":"","overlay-type":"","overlay-color":"","overlay-opacity":"","overlay-gradient":""}}},"categories":[4],"tags":[],"class_list":["post-4044","archive","type-archive","status-publish","has-post-thumbnail","hentry","category-actualites"],"yoast_head":"<!-- This site is optimized with the Yoast SEO plugin v27.5 - https:\/\/yoast.com\/product\/yoast-seo-wordpress\/ -->\n<title>MARDI 11\/01 - WEBINAIRE - LIBERT\u00c9S CONFIN\u00c9ES - Ch\u00e2teau de Goutelas<\/title>\n<meta name=\"robots\" content=\"index, follow, max-snippet:-1, max-image-preview:large, max-video-preview:-1\" \/>\n<link rel=\"canonical\" href=\"https:\/\/www.chateaudegoutelas.fr\/en\/archive\/mardi-11-01-webinaire-libertes-confinees\/\" \/>\n<meta property=\"og:locale\" content=\"en_GB\" \/>\n<meta property=\"og:type\" content=\"article\" \/>\n<meta property=\"og:title\" content=\"MARDI 11\/01 - WEBINAIRE - LIBERT\u00c9S CONFIN\u00c9ES - Ch\u00e2teau de Goutelas\" \/>\n<meta property=\"og:description\" content=\"Mardi 11 janvier 12h &#8211; 13h30 Libert\u00e9s confin\u00e9es : vieillir et exercer ses droits, en EHPAD et ailleurs &nbsp; Webinaire &#8211; en ligne Visionnage collectif au Ch\u00e2teau de Goutelas &nbsp; Intervenants : D\u00e9fenseur.e des Droits, Lynn Pook, artiste &nbsp; Garantir un \u00e9quilibre entre, d\u2019une part nos droits et libert\u00e9s, et d\u2019autre part la protection de [&hellip;]\" \/>\n<meta property=\"og:url\" content=\"https:\/\/www.chateaudegoutelas.fr\/en\/archive\/mardi-11-01-webinaire-libertes-confinees\/\" \/>\n<meta property=\"og:site_name\" content=\"Ch\u00e2teau de Goutelas\" \/>\n<meta property=\"article:modified_time\" content=\"2023-05-26T07:56:45+00:00\" \/>\n<meta property=\"og:image\" content=\"https:\/\/www.chateaudegoutelas.fr\/wp-content\/uploads\/2021\/12\/photo.jpg\" \/>\n\t<meta property=\"og:image:width\" content=\"1304\" \/>\n\t<meta property=\"og:image:height\" content=\"870\" \/>\n\t<meta property=\"og:image:type\" content=\"image\/jpeg\" \/>\n<meta name=\"twitter:card\" content=\"summary_large_image\" \/>\n<meta name=\"twitter:label1\" content=\"Estimated reading time\" \/>\n\t<meta name=\"twitter:data1\" content=\"3 minutes\" \/>\n<script type=\"application\/ld+json\" class=\"yoast-schema-graph\">{\"@context\":\"https:\\\/\\\/schema.org\",\"@graph\":[{\"@type\":\"WebPage\",\"@id\":\"https:\\\/\\\/www.chateaudegoutelas.fr\\\/archive\\\/mardi-11-01-webinaire-libertes-confinees\\\/\",\"url\":\"https:\\\/\\\/www.chateaudegoutelas.fr\\\/archive\\\/mardi-11-01-webinaire-libertes-confinees\\\/\",\"name\":\"MARDI 11\\\/01 - WEBINAIRE - LIBERT\u00c9S CONFIN\u00c9ES - Ch\u00e2teau de Goutelas\",\"isPartOf\":{\"@id\":\"https:\\\/\\\/www.chateaudegoutelas.fr\\\/#website\"},\"primaryImageOfPage\":{\"@id\":\"https:\\\/\\\/www.chateaudegoutelas.fr\\\/archive\\\/mardi-11-01-webinaire-libertes-confinees\\\/#primaryimage\"},\"image\":{\"@id\":\"https:\\\/\\\/www.chateaudegoutelas.fr\\\/archive\\\/mardi-11-01-webinaire-libertes-confinees\\\/#primaryimage\"},\"thumbnailUrl\":\"https:\\\/\\\/www.chateaudegoutelas.fr\\\/wp-content\\\/uploads\\\/2021\\\/12\\\/photo.jpg\",\"datePublished\":\"2021-12-01T17:00:29+00:00\",\"dateModified\":\"2023-05-26T07:56:45+00:00\",\"breadcrumb\":{\"@id\":\"https:\\\/\\\/www.chateaudegoutelas.fr\\\/archive\\\/mardi-11-01-webinaire-libertes-confinees\\\/#breadcrumb\"},\"inLanguage\":\"en-GB\",\"potentialAction\":[{\"@type\":\"ReadAction\",\"target\":[\"https:\\\/\\\/www.chateaudegoutelas.fr\\\/archive\\\/mardi-11-01-webinaire-libertes-confinees\\\/\"]}]},{\"@type\":\"ImageObject\",\"inLanguage\":\"en-GB\",\"@id\":\"https:\\\/\\\/www.chateaudegoutelas.fr\\\/archive\\\/mardi-11-01-webinaire-libertes-confinees\\\/#primaryimage\",\"url\":\"https:\\\/\\\/www.chateaudegoutelas.fr\\\/wp-content\\\/uploads\\\/2021\\\/12\\\/photo.jpg\",\"contentUrl\":\"https:\\\/\\\/www.chateaudegoutelas.fr\\\/wp-content\\\/uploads\\\/2021\\\/12\\\/photo.jpg\",\"width\":1304,\"height\":870},{\"@type\":\"BreadcrumbList\",\"@id\":\"https:\\\/\\\/www.chateaudegoutelas.fr\\\/archive\\\/mardi-11-01-webinaire-libertes-confinees\\\/#breadcrumb\",\"itemListElement\":[{\"@type\":\"ListItem\",\"position\":1,\"name\":\"Accueil\",\"item\":\"https:\\\/\\\/www.chateaudegoutelas.fr\\\/\"},{\"@type\":\"ListItem\",\"position\":2,\"name\":\"MARDI 11\\\/01 &#8211; WEBINAIRE &#8211; LIBERT\u00c9S CONFIN\u00c9ES\"}]},{\"@type\":\"WebSite\",\"@id\":\"https:\\\/\\\/www.chateaudegoutelas.fr\\\/#website\",\"url\":\"https:\\\/\\\/www.chateaudegoutelas.fr\\\/\",\"name\":\"Ch\u00e2teau de Goutelas\",\"description\":\"Un centre culturel de rencontre en Forez\",\"publisher\":{\"@id\":\"https:\\\/\\\/www.chateaudegoutelas.fr\\\/#organization\"},\"potentialAction\":[{\"@type\":\"SearchAction\",\"target\":{\"@type\":\"EntryPoint\",\"urlTemplate\":\"https:\\\/\\\/www.chateaudegoutelas.fr\\\/?s={search_term_string}\"},\"query-input\":{\"@type\":\"PropertyValueSpecification\",\"valueRequired\":true,\"valueName\":\"search_term_string\"}}],\"inLanguage\":\"en-GB\"},{\"@type\":\"Organization\",\"@id\":\"https:\\\/\\\/www.chateaudegoutelas.fr\\\/#organization\",\"name\":\"Ch\u00e2teau de Goutelas\",\"url\":\"https:\\\/\\\/www.chateaudegoutelas.fr\\\/\",\"logo\":{\"@type\":\"ImageObject\",\"inLanguage\":\"en-GB\",\"@id\":\"https:\\\/\\\/www.chateaudegoutelas.fr\\\/#\\\/schema\\\/logo\\\/image\\\/\",\"url\":\"https:\\\/\\\/www.chateaudegoutelas.fr\\\/wp-content\\\/uploads\\\/2023\\\/05\\\/logo-chateau-goutelas-bleu.png\",\"contentUrl\":\"https:\\\/\\\/www.chateaudegoutelas.fr\\\/wp-content\\\/uploads\\\/2023\\\/05\\\/logo-chateau-goutelas-bleu.png\",\"width\":1123,\"height\":327,\"caption\":\"Ch\u00e2teau de Goutelas\"},\"image\":{\"@id\":\"https:\\\/\\\/www.chateaudegoutelas.fr\\\/#\\\/schema\\\/logo\\\/image\\\/\"}}]}<\/script>\n<!-- \/ Yoast SEO plugin. -->","yoast_head_json":{"title":"MARDI 11\/01 - WEBINAIRE - LIBERT\u00c9S CONFIN\u00c9ES - Ch\u00e2teau de Goutelas","robots":{"index":"index","follow":"follow","max-snippet":"max-snippet:-1","max-image-preview":"max-image-preview:large","max-video-preview":"max-video-preview:-1"},"canonical":"https:\/\/www.chateaudegoutelas.fr\/en\/archive\/mardi-11-01-webinaire-libertes-confinees\/","og_locale":"en_GB","og_type":"article","og_title":"MARDI 11\/01 - WEBINAIRE - LIBERT\u00c9S CONFIN\u00c9ES - Ch\u00e2teau de Goutelas","og_description":"Mardi 11 janvier 12h &#8211; 13h30 Libert\u00e9s confin\u00e9es : vieillir et exercer ses droits, en EHPAD et ailleurs &nbsp; Webinaire &#8211; en ligne Visionnage collectif au Ch\u00e2teau de Goutelas &nbsp; Intervenants : D\u00e9fenseur.e des Droits, Lynn Pook, artiste &nbsp; Garantir un \u00e9quilibre entre, d\u2019une part nos droits et libert\u00e9s, et d\u2019autre part la protection de [&hellip;]","og_url":"https:\/\/www.chateaudegoutelas.fr\/en\/archive\/mardi-11-01-webinaire-libertes-confinees\/","og_site_name":"Ch\u00e2teau de Goutelas","article_modified_time":"2023-05-26T07:56:45+00:00","og_image":[{"width":1304,"height":870,"url":"https:\/\/www.chateaudegoutelas.fr\/wp-content\/uploads\/2021\/12\/photo.jpg","type":"image\/jpeg"}],"twitter_card":"summary_large_image","twitter_misc":{"Estimated reading time":"3 minutes"},"schema":{"@context":"https:\/\/schema.org","@graph":[{"@type":"WebPage","@id":"https:\/\/www.chateaudegoutelas.fr\/archive\/mardi-11-01-webinaire-libertes-confinees\/","url":"https:\/\/www.chateaudegoutelas.fr\/archive\/mardi-11-01-webinaire-libertes-confinees\/","name":"MARDI 11\/01 - WEBINAIRE - LIBERT\u00c9S CONFIN\u00c9ES - Ch\u00e2teau de Goutelas","isPartOf":{"@id":"https:\/\/www.chateaudegoutelas.fr\/#website"},"primaryImageOfPage":{"@id":"https:\/\/www.chateaudegoutelas.fr\/archive\/mardi-11-01-webinaire-libertes-confinees\/#primaryimage"},"image":{"@id":"https:\/\/www.chateaudegoutelas.fr\/archive\/mardi-11-01-webinaire-libertes-confinees\/#primaryimage"},"thumbnailUrl":"https:\/\/www.chateaudegoutelas.fr\/wp-content\/uploads\/2021\/12\/photo.jpg","datePublished":"2021-12-01T17:00:29+00:00","dateModified":"2023-05-26T07:56:45+00:00","breadcrumb":{"@id":"https:\/\/www.chateaudegoutelas.fr\/archive\/mardi-11-01-webinaire-libertes-confinees\/#breadcrumb"},"inLanguage":"en-GB","potentialAction":[{"@type":"ReadAction","target":["https:\/\/www.chateaudegoutelas.fr\/archive\/mardi-11-01-webinaire-libertes-confinees\/"]}]},{"@type":"ImageObject","inLanguage":"en-GB","@id":"https:\/\/www.chateaudegoutelas.fr\/archive\/mardi-11-01-webinaire-libertes-confinees\/#primaryimage","url":"https:\/\/www.chateaudegoutelas.fr\/wp-content\/uploads\/2021\/12\/photo.jpg","contentUrl":"https:\/\/www.chateaudegoutelas.fr\/wp-content\/uploads\/2021\/12\/photo.jpg","width":1304,"height":870},{"@type":"BreadcrumbList","@id":"https:\/\/www.chateaudegoutelas.fr\/archive\/mardi-11-01-webinaire-libertes-confinees\/#breadcrumb","itemListElement":[{"@type":"ListItem","position":1,"name":"Accueil","item":"https:\/\/www.chateaudegoutelas.fr\/"},{"@type":"ListItem","position":2,"name":"MARDI 11\/01 &#8211; WEBINAIRE &#8211; LIBERT\u00c9S CONFIN\u00c9ES"}]},{"@type":"WebSite","@id":"https:\/\/www.chateaudegoutelas.fr\/#website","url":"https:\/\/www.chateaudegoutelas.fr\/","name":"Ch\u00e2teau de Goutelas","description":"Un centre culturel de rencontre en Forez","publisher":{"@id":"https:\/\/www.chateaudegoutelas.fr\/#organization"},"potentialAction":[{"@type":"SearchAction","target":{"@type":"EntryPoint","urlTemplate":"https:\/\/www.chateaudegoutelas.fr\/?s={search_term_string}"},"query-input":{"@type":"PropertyValueSpecification","valueRequired":true,"valueName":"search_term_string"}}],"inLanguage":"en-GB"},{"@type":"Organization","@id":"https:\/\/www.chateaudegoutelas.fr\/#organization","name":"Ch\u00e2teau de Goutelas","url":"https:\/\/www.chateaudegoutelas.fr\/","logo":{"@type":"ImageObject","inLanguage":"en-GB","@id":"https:\/\/www.chateaudegoutelas.fr\/#\/schema\/logo\/image\/","url":"https:\/\/www.chateaudegoutelas.fr\/wp-content\/uploads\/2023\/05\/logo-chateau-goutelas-bleu.png","contentUrl":"https:\/\/www.chateaudegoutelas.fr\/wp-content\/uploads\/2023\/05\/logo-chateau-goutelas-bleu.png","width":1123,"height":327,"caption":"Ch\u00e2teau de Goutelas"},"image":{"@id":"https:\/\/www.chateaudegoutelas.fr\/#\/schema\/logo\/image\/"}}]}},"_links":{"self":[{"href":"https:\/\/www.chateaudegoutelas.fr\/en\/wp-json\/wp\/v2\/archive\/4044","targetHints":{"allow":["GET"]}}],"collection":[{"href":"https:\/\/www.chateaudegoutelas.fr\/en\/wp-json\/wp\/v2\/archive"}],"about":[{"href":"https:\/\/www.chateaudegoutelas.fr\/en\/wp-json\/wp\/v2\/types\/archive"}],"author":[{"embeddable":true,"href":"https:\/\/www.chateaudegoutelas.fr\/en\/wp-json\/wp\/v2\/users\/7"}],"wp:featuredmedia":[{"embeddable":true,"href":"https:\/\/www.chateaudegoutelas.fr\/en\/wp-json\/wp\/v2\/media\/4046"}],"wp:attachment":[{"href":"https:\/\/www.chateaudegoutelas.fr\/en\/wp-json\/wp\/v2\/media?parent=4044"}],"wp:term":[{"taxonomy":"category","embeddable":true,"href":"https:\/\/www.chateaudegoutelas.fr\/en\/wp-json\/wp\/v2\/categories?post=4044"},{"taxonomy":"post_tag","embeddable":true,"href":"https:\/\/www.chateaudegoutelas.fr\/en\/wp-json\/wp\/v2\/tags?post=4044"}],"curies":[{"name":"wp","href":"https:\/\/api.w.org\/{rel}","templated":true}]}}