{"id":4037,"date":"2021-10-13T15:24:40","date_gmt":"2021-10-13T13:24:40","guid":{"rendered":"https:\/\/www.chateaudegoutelas.fr\/?p=4037"},"modified":"2023-05-26T09:56:48","modified_gmt":"2023-05-26T07:56:48","slug":"du-13-12-au-18-12-artistes-en-residence-compagnie-sous-x","status":"publish","type":"archive","link":"https:\/\/www.chateaudegoutelas.fr\/en\/archive\/du-13-12-au-18-12-artistes-en-residence-compagnie-sous-x\/","title":{"rendered":"DU 13\/12 AU 18\/12 &#8211; ARTISTES EN R\u00c9SIDENCE : COMPAGNIE SOUS X"},"content":{"rendered":"<div class=\"shmMigrate\"><\/div>\n<div class=\"shmMigrate\"><\/div>\n<div class=\"shmMigrate\"><\/div>\n<div class=\"shmMigrate\"><\/div>\n<p>Alix Denambride et Emmanuel Vigier travaillent \u00e0 l\u2019\u00e9criture du spectacle <em>Huit calibres, une cartouche de Gitanes, un micro<\/em>. Jouant avec les codes du th\u00e9\u00e2tre et du documentaire, ils nous replongent dans l\u2019affaire Georges Courtois : en 1985, le braqueur prend en otage la cour d\u2019assises de Nantes sous l&rsquo;\u0153il d&rsquo;une cam\u00e9ra et au micro d&rsquo;une \u00e9quipe de journalistes.<\/p>\n<p>Les auteurs interrogent la m\u00e9moire de ce faits divers et ses archives. Quels personnages \u00e9mergent entre fiction et r\u00e9alit\u00e9 ? Comment incarner dans les corps l&rsquo;\u00e9v\u00e8nement qui se joue ? Rendez-vous en mars 2022 pour d\u00e9couvrir une \u00e9tape de cr\u00e9ation !<\/p>\n<div class=\"shmMigrate\"><\/div>\n<div class=\"shmMigrate\"><\/div>\n<div class=\"shmMigrate\"><\/div>\n<div class=\"shmMigrate\"><\/div>\n<p>Photo \u00a9 S\u00e9bastien Normand<\/p>\n<div class=\"shmMigrate\"><\/div>\n<div class=\"shmMigrate\"><\/div>\n<div class=\"shmMigrate\"><\/div>\n<div class=\"shmMigrate\"><\/div>","protected":false},"author":7,"featured_media":4038,"template":"","meta":{"site-sidebar-layout":"default","site-content-layout":"","ast-site-content-layout":"default","site-content-style":"default","site-sidebar-style":"default","ast-global-header-display":"","ast-banner-title-visibility":"","ast-main-header-display":"","ast-hfb-above-header-display":"","ast-hfb-below-header-display":"","ast-hfb-mobile-header-display":"","site-post-title":"","ast-breadcrumbs-content":null,"ast-featured-img":"","footer-sml-layout":"","ast-disable-related-posts":"","theme-transparent-header-meta":"","adv-header-id-meta":"","stick-header-meta":"","header-above-stick-meta":null,"header-main-stick-meta":"","header-below-stick-meta":null,"astra-migrate-meta-layouts":"default","ast-page-background-enabled":"default","ast-page-background-meta":{"desktop":{"background-color":"","background-image":"","background-repeat":"repeat","background-position":"center center","background-size":"auto","background-attachment":"scroll","background-type":"","background-media":"","overlay-type":"","overlay-color":"","overlay-opacity":"","overlay-gradient":""},"tablet":{"background-color":"","background-image":"","background-repeat":"repeat","background-position":"center center","background-size":"auto","background-attachment":"scroll","background-type":"","background-media":"","overlay-type":"","overlay-color":"","overlay-opacity":"","overlay-gradient":""},"mobile":{"background-color":"","background-image":"","background-repeat":"repeat","background-position":"center center","background-size":"auto","background-attachment":"scroll","background-type":"","background-media":"","overlay-type":"","overlay-color":"","overlay-opacity":"","overlay-gradient":""}},"ast-content-background-meta":{"desktop":{"background-color":"var(--ast-global-color-5)","background-image":"","background-repeat":"repeat","background-position":"center center","background-size":"auto","background-attachment":"scroll","background-type":"","background-media":"","overlay-type":"","overlay-color":"","overlay-opacity":"","overlay-gradient":""},"tablet":{"background-color":"var(--ast-global-color-5)","background-image":"","background-repeat":"repeat","background-position":"center center","background-size":"auto","background-attachment":"scroll","background-type":"","background-media":"","overlay-type":"","overlay-color":"","overlay-opacity":"","overlay-gradient":""},"mobile":{"background-color":"var(--ast-global-color-5)","background-image":"","background-repeat":"repeat","background-position":"center center","background-size":"auto","background-attachment":"scroll","background-type":"","background-media":"","overlay-type":"","overlay-color":"","overlay-opacity":"","overlay-gradient":""}}},"categories":[4],"tags":[],"class_list":["post-4037","archive","type-archive","status-publish","has-post-thumbnail","hentry","category-actualites"],"yoast_head":"<!-- This site is optimized with the Yoast SEO plugin v27.5 - https:\/\/yoast.com\/product\/yoast-seo-wordpress\/ -->\n<title>DU 13\/12 AU 18\/12 - ARTISTES EN R\u00c9SIDENCE : COMPAGNIE SOUS X - Ch\u00e2teau de Goutelas<\/title>\n<meta name=\"robots\" content=\"index, follow, max-snippet:-1, max-image-preview:large, max-video-preview:-1\" \/>\n<link rel=\"canonical\" href=\"https:\/\/www.chateaudegoutelas.fr\/en\/archive\/du-13-12-au-18-12-artistes-en-residence-compagnie-sous-x\/\" \/>\n<meta property=\"og:locale\" content=\"en_GB\" \/>\n<meta property=\"og:type\" content=\"article\" \/>\n<meta property=\"og:title\" content=\"DU 13\/12 AU 18\/12 - ARTISTES EN R\u00c9SIDENCE : COMPAGNIE SOUS X - Ch\u00e2teau de Goutelas\" \/>\n<meta property=\"og:description\" content=\"Alix Denambride et Emmanuel Vigier travaillent \u00e0 l\u2019\u00e9criture du spectacle Huit calibres, une cartouche de Gitanes, un micro. Jouant avec les codes du th\u00e9\u00e2tre et du documentaire, ils nous replongent dans l\u2019affaire Georges Courtois : en 1985, le braqueur prend en otage la cour d\u2019assises de Nantes sous l&rsquo;\u0153il d&rsquo;une cam\u00e9ra et au micro d&rsquo;une [&hellip;]\" \/>\n<meta property=\"og:url\" content=\"https:\/\/www.chateaudegoutelas.fr\/en\/archive\/du-13-12-au-18-12-artistes-en-residence-compagnie-sous-x\/\" \/>\n<meta property=\"og:site_name\" content=\"Ch\u00e2teau de Goutelas\" \/>\n<meta property=\"article:modified_time\" content=\"2023-05-26T07:56:48+00:00\" \/>\n<meta property=\"og:image\" content=\"https:\/\/www.chateaudegoutelas.fr\/wp-content\/uploads\/2021\/12\/Copie-de-Cie-Sous-X_Credit-Sebastien-Normand-scaled.jpg\" \/>\n\t<meta property=\"og:image:width\" content=\"2560\" \/>\n\t<meta property=\"og:image:height\" content=\"2048\" \/>\n\t<meta property=\"og:image:type\" content=\"image\/jpeg\" \/>\n<meta name=\"twitter:card\" content=\"summary_large_image\" \/>\n<meta name=\"twitter:label1\" content=\"Estimated reading time\" \/>\n\t<meta name=\"twitter:data1\" content=\"1 minute\" \/>\n<script type=\"application\/ld+json\" class=\"yoast-schema-graph\">{\"@context\":\"https:\\\/\\\/schema.org\",\"@graph\":[{\"@type\":\"WebPage\",\"@id\":\"https:\\\/\\\/www.chateaudegoutelas.fr\\\/archive\\\/du-13-12-au-18-12-artistes-en-residence-compagnie-sous-x\\\/\",\"url\":\"https:\\\/\\\/www.chateaudegoutelas.fr\\\/archive\\\/du-13-12-au-18-12-artistes-en-residence-compagnie-sous-x\\\/\",\"name\":\"DU 13\\\/12 AU 18\\\/12 - ARTISTES EN R\u00c9SIDENCE : COMPAGNIE SOUS X - Ch\u00e2teau de Goutelas\",\"isPartOf\":{\"@id\":\"https:\\\/\\\/www.chateaudegoutelas.fr\\\/#website\"},\"primaryImageOfPage\":{\"@id\":\"https:\\\/\\\/www.chateaudegoutelas.fr\\\/archive\\\/du-13-12-au-18-12-artistes-en-residence-compagnie-sous-x\\\/#primaryimage\"},\"image\":{\"@id\":\"https:\\\/\\\/www.chateaudegoutelas.fr\\\/archive\\\/du-13-12-au-18-12-artistes-en-residence-compagnie-sous-x\\\/#primaryimage\"},\"thumbnailUrl\":\"https:\\\/\\\/www.chateaudegoutelas.fr\\\/wp-content\\\/uploads\\\/2021\\\/12\\\/Copie-de-Cie-Sous-X_Credit-Sebastien-Normand-scaled.jpg\",\"datePublished\":\"2021-10-13T13:24:40+00:00\",\"dateModified\":\"2023-05-26T07:56:48+00:00\",\"breadcrumb\":{\"@id\":\"https:\\\/\\\/www.chateaudegoutelas.fr\\\/archive\\\/du-13-12-au-18-12-artistes-en-residence-compagnie-sous-x\\\/#breadcrumb\"},\"inLanguage\":\"en-GB\",\"potentialAction\":[{\"@type\":\"ReadAction\",\"target\":[\"https:\\\/\\\/www.chateaudegoutelas.fr\\\/archive\\\/du-13-12-au-18-12-artistes-en-residence-compagnie-sous-x\\\/\"]}]},{\"@type\":\"ImageObject\",\"inLanguage\":\"en-GB\",\"@id\":\"https:\\\/\\\/www.chateaudegoutelas.fr\\\/archive\\\/du-13-12-au-18-12-artistes-en-residence-compagnie-sous-x\\\/#primaryimage\",\"url\":\"https:\\\/\\\/www.chateaudegoutelas.fr\\\/wp-content\\\/uploads\\\/2021\\\/12\\\/Copie-de-Cie-Sous-X_Credit-Sebastien-Normand-scaled.jpg\",\"contentUrl\":\"https:\\\/\\\/www.chateaudegoutelas.fr\\\/wp-content\\\/uploads\\\/2021\\\/12\\\/Copie-de-Cie-Sous-X_Credit-Sebastien-Normand-scaled.jpg\",\"width\":2560,\"height\":2048},{\"@type\":\"BreadcrumbList\",\"@id\":\"https:\\\/\\\/www.chateaudegoutelas.fr\\\/archive\\\/du-13-12-au-18-12-artistes-en-residence-compagnie-sous-x\\\/#breadcrumb\",\"itemListElement\":[{\"@type\":\"ListItem\",\"position\":1,\"name\":\"Accueil\",\"item\":\"https:\\\/\\\/www.chateaudegoutelas.fr\\\/\"},{\"@type\":\"ListItem\",\"position\":2,\"name\":\"DU 13\\\/12 AU 18\\\/12 &#8211; ARTISTES EN R\u00c9SIDENCE : COMPAGNIE SOUS X\"}]},{\"@type\":\"WebSite\",\"@id\":\"https:\\\/\\\/www.chateaudegoutelas.fr\\\/#website\",\"url\":\"https:\\\/\\\/www.chateaudegoutelas.fr\\\/\",\"name\":\"Ch\u00e2teau de Goutelas\",\"description\":\"Un centre culturel de rencontre en Forez\",\"publisher\":{\"@id\":\"https:\\\/\\\/www.chateaudegoutelas.fr\\\/#organization\"},\"potentialAction\":[{\"@type\":\"SearchAction\",\"target\":{\"@type\":\"EntryPoint\",\"urlTemplate\":\"https:\\\/\\\/www.chateaudegoutelas.fr\\\/?s={search_term_string}\"},\"query-input\":{\"@type\":\"PropertyValueSpecification\",\"valueRequired\":true,\"valueName\":\"search_term_string\"}}],\"inLanguage\":\"en-GB\"},{\"@type\":\"Organization\",\"@id\":\"https:\\\/\\\/www.chateaudegoutelas.fr\\\/#organization\",\"name\":\"Ch\u00e2teau de Goutelas\",\"url\":\"https:\\\/\\\/www.chateaudegoutelas.fr\\\/\",\"logo\":{\"@type\":\"ImageObject\",\"inLanguage\":\"en-GB\",\"@id\":\"https:\\\/\\\/www.chateaudegoutelas.fr\\\/#\\\/schema\\\/logo\\\/image\\\/\",\"url\":\"https:\\\/\\\/www.chateaudegoutelas.fr\\\/wp-content\\\/uploads\\\/2023\\\/05\\\/logo-chateau-goutelas-bleu.png\",\"contentUrl\":\"https:\\\/\\\/www.chateaudegoutelas.fr\\\/wp-content\\\/uploads\\\/2023\\\/05\\\/logo-chateau-goutelas-bleu.png\",\"width\":1123,\"height\":327,\"caption\":\"Ch\u00e2teau de Goutelas\"},\"image\":{\"@id\":\"https:\\\/\\\/www.chateaudegoutelas.fr\\\/#\\\/schema\\\/logo\\\/image\\\/\"}}]}<\/script>\n<!-- \/ Yoast SEO plugin. -->","yoast_head_json":{"title":"DU 13\/12 AU 18\/12 - ARTISTES EN R\u00c9SIDENCE : COMPAGNIE SOUS X - Ch\u00e2teau de Goutelas","robots":{"index":"index","follow":"follow","max-snippet":"max-snippet:-1","max-image-preview":"max-image-preview:large","max-video-preview":"max-video-preview:-1"},"canonical":"https:\/\/www.chateaudegoutelas.fr\/en\/archive\/du-13-12-au-18-12-artistes-en-residence-compagnie-sous-x\/","og_locale":"en_GB","og_type":"article","og_title":"DU 13\/12 AU 18\/12 - ARTISTES EN R\u00c9SIDENCE : COMPAGNIE SOUS X - Ch\u00e2teau de Goutelas","og_description":"Alix Denambride et Emmanuel Vigier travaillent \u00e0 l\u2019\u00e9criture du spectacle Huit calibres, une cartouche de Gitanes, un micro. Jouant avec les codes du th\u00e9\u00e2tre et du documentaire, ils nous replongent dans l\u2019affaire Georges Courtois : en 1985, le braqueur prend en otage la cour d\u2019assises de Nantes sous l&rsquo;\u0153il d&rsquo;une cam\u00e9ra et au micro d&rsquo;une [&hellip;]","og_url":"https:\/\/www.chateaudegoutelas.fr\/en\/archive\/du-13-12-au-18-12-artistes-en-residence-compagnie-sous-x\/","og_site_name":"Ch\u00e2teau de Goutelas","article_modified_time":"2023-05-26T07:56:48+00:00","og_image":[{"width":2560,"height":2048,"url":"https:\/\/www.chateaudegoutelas.fr\/wp-content\/uploads\/2021\/12\/Copie-de-Cie-Sous-X_Credit-Sebastien-Normand-scaled.jpg","type":"image\/jpeg"}],"twitter_card":"summary_large_image","twitter_misc":{"Estimated reading time":"1 minute"},"schema":{"@context":"https:\/\/schema.org","@graph":[{"@type":"WebPage","@id":"https:\/\/www.chateaudegoutelas.fr\/archive\/du-13-12-au-18-12-artistes-en-residence-compagnie-sous-x\/","url":"https:\/\/www.chateaudegoutelas.fr\/archive\/du-13-12-au-18-12-artistes-en-residence-compagnie-sous-x\/","name":"DU 13\/12 AU 18\/12 - ARTISTES EN R\u00c9SIDENCE : COMPAGNIE SOUS X - Ch\u00e2teau de Goutelas","isPartOf":{"@id":"https:\/\/www.chateaudegoutelas.fr\/#website"},"primaryImageOfPage":{"@id":"https:\/\/www.chateaudegoutelas.fr\/archive\/du-13-12-au-18-12-artistes-en-residence-compagnie-sous-x\/#primaryimage"},"image":{"@id":"https:\/\/www.chateaudegoutelas.fr\/archive\/du-13-12-au-18-12-artistes-en-residence-compagnie-sous-x\/#primaryimage"},"thumbnailUrl":"https:\/\/www.chateaudegoutelas.fr\/wp-content\/uploads\/2021\/12\/Copie-de-Cie-Sous-X_Credit-Sebastien-Normand-scaled.jpg","datePublished":"2021-10-13T13:24:40+00:00","dateModified":"2023-05-26T07:56:48+00:00","breadcrumb":{"@id":"https:\/\/www.chateaudegoutelas.fr\/archive\/du-13-12-au-18-12-artistes-en-residence-compagnie-sous-x\/#breadcrumb"},"inLanguage":"en-GB","potentialAction":[{"@type":"ReadAction","target":["https:\/\/www.chateaudegoutelas.fr\/archive\/du-13-12-au-18-12-artistes-en-residence-compagnie-sous-x\/"]}]},{"@type":"ImageObject","inLanguage":"en-GB","@id":"https:\/\/www.chateaudegoutelas.fr\/archive\/du-13-12-au-18-12-artistes-en-residence-compagnie-sous-x\/#primaryimage","url":"https:\/\/www.chateaudegoutelas.fr\/wp-content\/uploads\/2021\/12\/Copie-de-Cie-Sous-X_Credit-Sebastien-Normand-scaled.jpg","contentUrl":"https:\/\/www.chateaudegoutelas.fr\/wp-content\/uploads\/2021\/12\/Copie-de-Cie-Sous-X_Credit-Sebastien-Normand-scaled.jpg","width":2560,"height":2048},{"@type":"BreadcrumbList","@id":"https:\/\/www.chateaudegoutelas.fr\/archive\/du-13-12-au-18-12-artistes-en-residence-compagnie-sous-x\/#breadcrumb","itemListElement":[{"@type":"ListItem","position":1,"name":"Accueil","item":"https:\/\/www.chateaudegoutelas.fr\/"},{"@type":"ListItem","position":2,"name":"DU 13\/12 AU 18\/12 &#8211; ARTISTES EN R\u00c9SIDENCE : COMPAGNIE SOUS X"}]},{"@type":"WebSite","@id":"https:\/\/www.chateaudegoutelas.fr\/#website","url":"https:\/\/www.chateaudegoutelas.fr\/","name":"Ch\u00e2teau de Goutelas","description":"Un centre culturel de rencontre en Forez","publisher":{"@id":"https:\/\/www.chateaudegoutelas.fr\/#organization"},"potentialAction":[{"@type":"SearchAction","target":{"@type":"EntryPoint","urlTemplate":"https:\/\/www.chateaudegoutelas.fr\/?s={search_term_string}"},"query-input":{"@type":"PropertyValueSpecification","valueRequired":true,"valueName":"search_term_string"}}],"inLanguage":"en-GB"},{"@type":"Organization","@id":"https:\/\/www.chateaudegoutelas.fr\/#organization","name":"Ch\u00e2teau de Goutelas","url":"https:\/\/www.chateaudegoutelas.fr\/","logo":{"@type":"ImageObject","inLanguage":"en-GB","@id":"https:\/\/www.chateaudegoutelas.fr\/#\/schema\/logo\/image\/","url":"https:\/\/www.chateaudegoutelas.fr\/wp-content\/uploads\/2023\/05\/logo-chateau-goutelas-bleu.png","contentUrl":"https:\/\/www.chateaudegoutelas.fr\/wp-content\/uploads\/2023\/05\/logo-chateau-goutelas-bleu.png","width":1123,"height":327,"caption":"Ch\u00e2teau de Goutelas"},"image":{"@id":"https:\/\/www.chateaudegoutelas.fr\/#\/schema\/logo\/image\/"}}]}},"_links":{"self":[{"href":"https:\/\/www.chateaudegoutelas.fr\/en\/wp-json\/wp\/v2\/archive\/4037","targetHints":{"allow":["GET"]}}],"collection":[{"href":"https:\/\/www.chateaudegoutelas.fr\/en\/wp-json\/wp\/v2\/archive"}],"about":[{"href":"https:\/\/www.chateaudegoutelas.fr\/en\/wp-json\/wp\/v2\/types\/archive"}],"author":[{"embeddable":true,"href":"https:\/\/www.chateaudegoutelas.fr\/en\/wp-json\/wp\/v2\/users\/7"}],"wp:featuredmedia":[{"embeddable":true,"href":"https:\/\/www.chateaudegoutelas.fr\/en\/wp-json\/wp\/v2\/media\/4038"}],"wp:attachment":[{"href":"https:\/\/www.chateaudegoutelas.fr\/en\/wp-json\/wp\/v2\/media?parent=4037"}],"wp:term":[{"taxonomy":"category","embeddable":true,"href":"https:\/\/www.chateaudegoutelas.fr\/en\/wp-json\/wp\/v2\/categories?post=4037"},{"taxonomy":"post_tag","embeddable":true,"href":"https:\/\/www.chateaudegoutelas.fr\/en\/wp-json\/wp\/v2\/tags?post=4037"}],"curies":[{"name":"wp","href":"https:\/\/api.w.org\/{rel}","templated":true}]}}