{"id":3979,"date":"2021-12-03T11:19:44","date_gmt":"2021-12-03T10:19:44","guid":{"rendered":"https:\/\/www.chateaudegoutelas.fr\/?p=3979"},"modified":"2023-05-26T09:56:43","modified_gmt":"2023-05-26T07:56:43","slug":"du-20-01-au-22-01-a-la-croisee-des-savoirs-conferences-gesticulees","status":"publish","type":"archive","link":"https:\/\/www.chateaudegoutelas.fr\/en\/archive\/du-20-01-au-22-01-a-la-croisee-des-savoirs-conferences-gesticulees\/","title":{"rendered":"DU 20\/01 AU 22\/01 &#8211; \u00c0 LA CROIS\u00c9E DES SAVOIRS : les conf\u00e9rences gesticul\u00e9es, d\u00e9bats et ateliers"},"content":{"rendered":"<div class=\"shmMigrate\"><\/div>\n<div class=\"shmMigrate\"><\/div>\n<div class=\"shmMigrate\"><\/div>\n<div class=\"shmMigrate\"><\/div>\n<h4><span style=\"font-weight: 400;\">Du jeudi 20 au samedi 22 janvier<\/span><\/h4>\n<h4>Dans le cadre du temps fort <a href=\"https:\/\/www.chateaudegoutelas.fr\/en\/du-20-01-au-23-01-a-la-croisee-des-savoirs-la-fabrique-des-nouvelles-solidarites\/\">A la crois\u00e9e des savoirs<\/a> (du 20.01 au 23.01)<\/h4>\n<div class=\"shmMigrate\"><\/div>\n<div class=\"shmMigrate\"><\/div>\n<div class=\"shmMigrate\"><\/div>\n<h4><b>Jeudi 20 janvier | 20h30\u00a0<\/b><\/h4>\n<p>&nbsp;<\/p>\n<p><strong><i>Je travaille, avec deux ailes<\/i><\/strong><span style=\"font-weight: 400;\">, Emmanuelle Cournari | <a href=\"https:\/\/www.facebook.com\/barlechevalblanc\/\">Bar Le Cheval Blanc<\/a>, Saint-Germain-Laval<\/span><\/p>\n<p>Dur\u00e9e : 1h30 | Prix libre<\/p>\n<p>R\u00e9servation au 07 82 95 51 96<\/p>\n<p>&nbsp;<\/p>\n<h4><b>Jeudi 20 janvier | 20h30\u00a0<\/b><\/h4>\n<p>&nbsp;<\/p>\n<p><strong><i>Je ne sais plus o\u00f9 j&rsquo;habite ou comment arr\u00eater de vouloir \u00eatre propri\u00e9taire<\/i><\/strong><span style=\"font-weight: 400;\">, Julian Aug\u00e9 | <a href=\"http:\/\/remue-meninges.com\/site\/\">Caf\u00e9-lecture Le Remue M\u00e9ninges<\/a>, Saint-Etienne<\/span><\/p>\n<div class=\"shmMigrate\"><\/div>\n<div class=\"shmMigrate\"><\/div>\n<div class=\"shmMigrate\"><\/div>\n<div class=\"shmMigrate\"><\/div>\n<h4><span style=\"color: #800000;\"><b>Vendredi 21 janvier | 18h30\u00a0<\/b><\/span><\/h4>\n<p><span style=\"color: #800000;\">&#8212;&#8212; &#x2757; ANNUL\u00c9E &#x2757; &#8212;&#8212;<\/span><\/p>\n<p><span style=\"color: #800000;\"><strong><i>Le corps des femmes ou une autre histoire des agrumes<\/i><\/strong><span style=\"font-weight: 400;\">, Laurence Reeb | <a style=\"color: #800000;\" href=\"https:\/\/www.famillesrurales.org\/verrieres-en-forez\/\">Salle d\u2019animation, Verri\u00e8res-en-Forez<\/a><\/span><\/span><\/p>\n<p>&nbsp;<\/p>\n<h4><span style=\"color: #800000;\"><b>Vendredi 21 janvier | 20h30<\/b><\/span><\/h4>\n<p><span style=\"color: #800000;\">&#8212;&#8212; &#x2757; ANNUL\u00c9E &#x2757; &#8212;&#8212;<\/span><\/p>\n<p><span style=\"color: #800000;\"><strong><i>L\u2019avenir est dans le pr\u00e9, R\u00e9approprions-nous la politique agricole et alimentaire<\/i><\/strong><span style=\"font-weight: 400;\">, Madeline Carlin | <a style=\"color: #800000;\" href=\"http:\/\/csm.montbrison42.fr\/\">Centre social, Montbrison<\/a><\/span><\/span><\/p>\n<p>&nbsp;<\/p>\n<h4><b>Samedi 22 janvier | 10h\u00a0<\/b><\/h4>\n<p>&nbsp;<\/p>\n<p><i><span style=\"font-weight: 400;\"><strong>De la fourche \u00e0 la fourchette\u2026 Non ! L\u2019inverse !, Pour une s\u00e9curit\u00e9 sociale de l\u2019alimentation<\/strong>,<\/span><\/i><span style=\"font-weight: 400;\"> Mathieu Dalmais<\/span><\/p>\n<p><a href=\"https:\/\/www.chateaudurozier.fr\/\"><span style=\"font-weight: 400;\">Ch\u00e2teau du Rozier, Feurs\u00a0<\/span><\/a><\/p>\n<p>Prix libre<\/p>\n<div class=\"shmMigrate\"><\/div>\n<div class=\"shmMigrate\"><\/div>\n<div class=\"shmMigrate\"><\/div>\n<div class=\"shmMigrate\"><\/div>\n<h4><b>Samedi 22 janvier | 14h<\/b><\/h4>\n<p>&nbsp;<\/p>\n<p><strong><i>Territoire et alimentation : se projeter sur son territoire comme consommateur mais aussi comme acteur<\/i><\/strong><\/p>\n<p><strong>Atelier<\/strong><\/p>\n<p>&nbsp;<\/p>\n<p>Jardin d&rsquo;Astr\u00e9e<\/p>\n<p>La B\u00e2tie d&rsquo;Urf\u00e9, Saint-Etienne-le-Molard<\/p>\n<p>Dur\u00e9e : 1h30<\/p>\n<p>Organis\u00e9 par le CILDEA, la MJC du Pays d&rsquo;Astr\u00e9e et le cin\u00e9ma L&rsquo;Entract<\/p>\n<p>R\u00e9servation au 04 77 97 32 74<\/p>\n<div class=\"shmMigrate\"><\/div>\n<div class=\"shmMigrate\"><\/div>\n<div class=\"shmMigrate\"><\/div>\n<h4><b>Samedi 22 janvier | 16h<\/b><\/h4>\n<p>&nbsp;<\/p>\n<p><strong><i>Quand agriculteurs et consommateurs imaginent de nouvelles solidarit\u00e9s<\/i><\/strong><\/p>\n<p><strong>Cin\u00e9-rencontre<\/strong><\/p>\n<p>&nbsp;<\/p>\n<p>Cin\u00e9ma L&rsquo;Entract<\/p>\n<p>23 rue Alsace Lorraine, Bo\u00ebn-sur-Lignon<\/p>\n<p>Dur\u00e9e : 1h20 + \u00e9changes<\/p>\n<p>Tarifs habituels du cin\u00e9ma<\/p>\n<div class=\"shmMigrate\"><\/div>\n<div class=\"shmMigrate\"><\/div>\n<div class=\"shmMigrate\"><\/div>\n<h4><b>Samedi 22 janvier | 16h30<\/b><\/h4>\n<p>&nbsp;<\/p>\n<p><strong><i>Vers de nouvelles formes de solidarit\u00e9<\/i><\/strong><\/p>\n<p><strong>Conversation en visioconf\u00e9rence<\/strong><\/p>\n<p>Avec Mireille Delmas-Marty, juriste, Ga\u00ebl Giraud, \u00e9conomiste, Claire H\u00e9don, D\u00e9fenseure des droits et ex-pr\u00e9sidente d&rsquo;ATD Quart Monde, Jean-Baptiste Racine, juriste<\/p>\n<p>&nbsp;<\/p>\n<p>En ligne (webinaire)<\/p>\n<p>Dur\u00e9e : 1h30 | Gratuit<\/p>\n<div class=\"shmMigrate\"><\/div>\n<div class=\"shmMigrate\"><\/div>\n<div class=\"shmMigrate\"><\/div>\n<div class=\"shmMigrate\"><\/div>\n<p><strong>R\u00e9servation et informations compl\u00e9mentaires aupr\u00e8s des organisateurs de chaque conf\u00e9rence<\/strong><\/p>\n<div class=\"shmMigrate\"><\/div>\n<div class=\"shmMigrate\"><\/div>\n<div class=\"shmMigrate\"><\/div>\n<p>Photo \u00a9 Ch\u00e2teau de Goutelas<\/p>\n<div class=\"shmMigrate\"><\/div>\n<div class=\"shmMigrate\"><\/div>\n<div class=\"shmMigrate\"><\/div>\n<div class=\"shmMigrate\"><\/div>","protected":false},"author":7,"featured_media":3982,"template":"","meta":{"site-sidebar-layout":"default","site-content-layout":"","ast-site-content-layout":"default","site-content-style":"default","site-sidebar-style":"default","ast-global-header-display":"","ast-banner-title-visibility":"","ast-main-header-display":"","ast-hfb-above-header-display":"","ast-hfb-below-header-display":"","ast-hfb-mobile-header-display":"","site-post-title":"","ast-breadcrumbs-content":null,"ast-featured-img":"","footer-sml-layout":"","ast-disable-related-posts":"","theme-transparent-header-meta":"","adv-header-id-meta":"","stick-header-meta":"","header-above-stick-meta":null,"header-main-stick-meta":"","header-below-stick-meta":null,"astra-migrate-meta-layouts":"default","ast-page-background-enabled":"default","ast-page-background-meta":{"desktop":{"background-color":"","background-image":"","background-repeat":"repeat","background-position":"center center","background-size":"auto","background-attachment":"scroll","background-type":"","background-media":"","overlay-type":"","overlay-color":"","overlay-opacity":"","overlay-gradient":""},"tablet":{"background-color":"","background-image":"","background-repeat":"repeat","background-position":"center center","background-size":"auto","background-attachment":"scroll","background-type":"","background-media":"","overlay-type":"","overlay-color":"","overlay-opacity":"","overlay-gradient":""},"mobile":{"background-color":"","background-image":"","background-repeat":"repeat","background-position":"center center","background-size":"auto","background-attachment":"scroll","background-type":"","background-media":"","overlay-type":"","overlay-color":"","overlay-opacity":"","overlay-gradient":""}},"ast-content-background-meta":{"desktop":{"background-color":"var(--ast-global-color-5)","background-image":"","background-repeat":"repeat","background-position":"center center","background-size":"auto","background-attachment":"scroll","background-type":"","background-media":"","overlay-type":"","overlay-color":"","overlay-opacity":"","overlay-gradient":""},"tablet":{"background-color":"var(--ast-global-color-5)","background-image":"","background-repeat":"repeat","background-position":"center center","background-size":"auto","background-attachment":"scroll","background-type":"","background-media":"","overlay-type":"","overlay-color":"","overlay-opacity":"","overlay-gradient":""},"mobile":{"background-color":"var(--ast-global-color-5)","background-image":"","background-repeat":"repeat","background-position":"center center","background-size":"auto","background-attachment":"scroll","background-type":"","background-media":"","overlay-type":"","overlay-color":"","overlay-opacity":"","overlay-gradient":""}}},"categories":[4],"tags":[],"class_list":["post-3979","archive","type-archive","status-publish","has-post-thumbnail","hentry","category-actualites"],"yoast_head":"<!-- This site is optimized with the Yoast SEO plugin v27.5 - https:\/\/yoast.com\/product\/yoast-seo-wordpress\/ -->\n<title>DU 20\/01 AU 22\/01 - \u00c0 LA CROIS\u00c9E DES SAVOIRS : les conf\u00e9rences gesticul\u00e9es, d\u00e9bats et ateliers - Ch\u00e2teau de Goutelas<\/title>\n<meta name=\"robots\" content=\"index, follow, max-snippet:-1, max-image-preview:large, max-video-preview:-1\" \/>\n<link rel=\"canonical\" href=\"https:\/\/www.chateaudegoutelas.fr\/en\/archive\/du-20-01-au-22-01-a-la-croisee-des-savoirs-conferences-gesticulees\/\" \/>\n<meta property=\"og:locale\" content=\"en_GB\" \/>\n<meta property=\"og:type\" content=\"article\" \/>\n<meta property=\"og:title\" content=\"DU 20\/01 AU 22\/01 - \u00c0 LA CROIS\u00c9E DES SAVOIRS : les conf\u00e9rences gesticul\u00e9es, d\u00e9bats et ateliers - Ch\u00e2teau de Goutelas\" \/>\n<meta property=\"og:description\" content=\"Du jeudi 20 au samedi 22 janvier Dans le cadre du temps fort A la crois\u00e9e des savoirs (du 20.01 au 23.01) Jeudi 20 janvier | 20h30\u00a0 &nbsp; Je travaille, avec deux ailes, Emmanuelle Cournari | Bar Le Cheval Blanc, Saint-Germain-Laval Dur\u00e9e : 1h30 | Prix libre R\u00e9servation au 07 82 95 51 96 &nbsp; [&hellip;]\" \/>\n<meta property=\"og:url\" content=\"https:\/\/www.chateaudegoutelas.fr\/en\/archive\/du-20-01-au-22-01-a-la-croisee-des-savoirs-conferences-gesticulees\/\" \/>\n<meta property=\"og:site_name\" content=\"Ch\u00e2teau de Goutelas\" \/>\n<meta property=\"article:modified_time\" content=\"2023-05-26T07:56:43+00:00\" \/>\n<meta property=\"og:image\" content=\"https:\/\/www.chateaudegoutelas.fr\/wp-content\/uploads\/2021\/12\/Conferences_cChateau-de-Goutelas-scaled.jpg\" \/>\n\t<meta property=\"og:image:width\" content=\"2560\" \/>\n\t<meta property=\"og:image:height\" content=\"1706\" \/>\n\t<meta property=\"og:image:type\" content=\"image\/jpeg\" \/>\n<meta name=\"twitter:card\" content=\"summary_large_image\" \/>\n<meta name=\"twitter:label1\" content=\"Estimated reading time\" \/>\n\t<meta name=\"twitter:data1\" content=\"2 minutes\" \/>\n<script type=\"application\/ld+json\" class=\"yoast-schema-graph\">{\"@context\":\"https:\\\/\\\/schema.org\",\"@graph\":[{\"@type\":\"WebPage\",\"@id\":\"https:\\\/\\\/www.chateaudegoutelas.fr\\\/archive\\\/du-20-01-au-22-01-a-la-croisee-des-savoirs-conferences-gesticulees\\\/\",\"url\":\"https:\\\/\\\/www.chateaudegoutelas.fr\\\/archive\\\/du-20-01-au-22-01-a-la-croisee-des-savoirs-conferences-gesticulees\\\/\",\"name\":\"DU 20\\\/01 AU 22\\\/01 - \u00c0 LA CROIS\u00c9E DES SAVOIRS : les conf\u00e9rences gesticul\u00e9es, d\u00e9bats et ateliers - Ch\u00e2teau de Goutelas\",\"isPartOf\":{\"@id\":\"https:\\\/\\\/www.chateaudegoutelas.fr\\\/#website\"},\"primaryImageOfPage\":{\"@id\":\"https:\\\/\\\/www.chateaudegoutelas.fr\\\/archive\\\/du-20-01-au-22-01-a-la-croisee-des-savoirs-conferences-gesticulees\\\/#primaryimage\"},\"image\":{\"@id\":\"https:\\\/\\\/www.chateaudegoutelas.fr\\\/archive\\\/du-20-01-au-22-01-a-la-croisee-des-savoirs-conferences-gesticulees\\\/#primaryimage\"},\"thumbnailUrl\":\"https:\\\/\\\/www.chateaudegoutelas.fr\\\/wp-content\\\/uploads\\\/2021\\\/12\\\/Conferences_cChateau-de-Goutelas-scaled.jpg\",\"datePublished\":\"2021-12-03T10:19:44+00:00\",\"dateModified\":\"2023-05-26T07:56:43+00:00\",\"breadcrumb\":{\"@id\":\"https:\\\/\\\/www.chateaudegoutelas.fr\\\/archive\\\/du-20-01-au-22-01-a-la-croisee-des-savoirs-conferences-gesticulees\\\/#breadcrumb\"},\"inLanguage\":\"en-GB\",\"potentialAction\":[{\"@type\":\"ReadAction\",\"target\":[\"https:\\\/\\\/www.chateaudegoutelas.fr\\\/archive\\\/du-20-01-au-22-01-a-la-croisee-des-savoirs-conferences-gesticulees\\\/\"]}]},{\"@type\":\"ImageObject\",\"inLanguage\":\"en-GB\",\"@id\":\"https:\\\/\\\/www.chateaudegoutelas.fr\\\/archive\\\/du-20-01-au-22-01-a-la-croisee-des-savoirs-conferences-gesticulees\\\/#primaryimage\",\"url\":\"https:\\\/\\\/www.chateaudegoutelas.fr\\\/wp-content\\\/uploads\\\/2021\\\/12\\\/Conferences_cChateau-de-Goutelas-scaled.jpg\",\"contentUrl\":\"https:\\\/\\\/www.chateaudegoutelas.fr\\\/wp-content\\\/uploads\\\/2021\\\/12\\\/Conferences_cChateau-de-Goutelas-scaled.jpg\",\"width\":2560,\"height\":1706},{\"@type\":\"BreadcrumbList\",\"@id\":\"https:\\\/\\\/www.chateaudegoutelas.fr\\\/archive\\\/du-20-01-au-22-01-a-la-croisee-des-savoirs-conferences-gesticulees\\\/#breadcrumb\",\"itemListElement\":[{\"@type\":\"ListItem\",\"position\":1,\"name\":\"Accueil\",\"item\":\"https:\\\/\\\/www.chateaudegoutelas.fr\\\/\"},{\"@type\":\"ListItem\",\"position\":2,\"name\":\"DU 20\\\/01 AU 22\\\/01 &#8211; \u00c0 LA CROIS\u00c9E DES SAVOIRS : les conf\u00e9rences gesticul\u00e9es, d\u00e9bats et ateliers\"}]},{\"@type\":\"WebSite\",\"@id\":\"https:\\\/\\\/www.chateaudegoutelas.fr\\\/#website\",\"url\":\"https:\\\/\\\/www.chateaudegoutelas.fr\\\/\",\"name\":\"Ch\u00e2teau de Goutelas\",\"description\":\"Un centre culturel de rencontre en Forez\",\"publisher\":{\"@id\":\"https:\\\/\\\/www.chateaudegoutelas.fr\\\/#organization\"},\"potentialAction\":[{\"@type\":\"SearchAction\",\"target\":{\"@type\":\"EntryPoint\",\"urlTemplate\":\"https:\\\/\\\/www.chateaudegoutelas.fr\\\/?s={search_term_string}\"},\"query-input\":{\"@type\":\"PropertyValueSpecification\",\"valueRequired\":true,\"valueName\":\"search_term_string\"}}],\"inLanguage\":\"en-GB\"},{\"@type\":\"Organization\",\"@id\":\"https:\\\/\\\/www.chateaudegoutelas.fr\\\/#organization\",\"name\":\"Ch\u00e2teau de Goutelas\",\"url\":\"https:\\\/\\\/www.chateaudegoutelas.fr\\\/\",\"logo\":{\"@type\":\"ImageObject\",\"inLanguage\":\"en-GB\",\"@id\":\"https:\\\/\\\/www.chateaudegoutelas.fr\\\/#\\\/schema\\\/logo\\\/image\\\/\",\"url\":\"https:\\\/\\\/www.chateaudegoutelas.fr\\\/wp-content\\\/uploads\\\/2023\\\/05\\\/logo-chateau-goutelas-bleu.png\",\"contentUrl\":\"https:\\\/\\\/www.chateaudegoutelas.fr\\\/wp-content\\\/uploads\\\/2023\\\/05\\\/logo-chateau-goutelas-bleu.png\",\"width\":1123,\"height\":327,\"caption\":\"Ch\u00e2teau de Goutelas\"},\"image\":{\"@id\":\"https:\\\/\\\/www.chateaudegoutelas.fr\\\/#\\\/schema\\\/logo\\\/image\\\/\"}}]}<\/script>\n<!-- \/ Yoast SEO plugin. -->","yoast_head_json":{"title":"DU 20\/01 AU 22\/01 - \u00c0 LA CROIS\u00c9E DES SAVOIRS : les conf\u00e9rences gesticul\u00e9es, d\u00e9bats et ateliers - Ch\u00e2teau de Goutelas","robots":{"index":"index","follow":"follow","max-snippet":"max-snippet:-1","max-image-preview":"max-image-preview:large","max-video-preview":"max-video-preview:-1"},"canonical":"https:\/\/www.chateaudegoutelas.fr\/en\/archive\/du-20-01-au-22-01-a-la-croisee-des-savoirs-conferences-gesticulees\/","og_locale":"en_GB","og_type":"article","og_title":"DU 20\/01 AU 22\/01 - \u00c0 LA CROIS\u00c9E DES SAVOIRS : les conf\u00e9rences gesticul\u00e9es, d\u00e9bats et ateliers - Ch\u00e2teau de Goutelas","og_description":"Du jeudi 20 au samedi 22 janvier Dans le cadre du temps fort A la crois\u00e9e des savoirs (du 20.01 au 23.01) Jeudi 20 janvier | 20h30\u00a0 &nbsp; Je travaille, avec deux ailes, Emmanuelle Cournari | Bar Le Cheval Blanc, Saint-Germain-Laval Dur\u00e9e : 1h30 | Prix libre R\u00e9servation au 07 82 95 51 96 &nbsp; [&hellip;]","og_url":"https:\/\/www.chateaudegoutelas.fr\/en\/archive\/du-20-01-au-22-01-a-la-croisee-des-savoirs-conferences-gesticulees\/","og_site_name":"Ch\u00e2teau de Goutelas","article_modified_time":"2023-05-26T07:56:43+00:00","og_image":[{"width":2560,"height":1706,"url":"https:\/\/www.chateaudegoutelas.fr\/wp-content\/uploads\/2021\/12\/Conferences_cChateau-de-Goutelas-scaled.jpg","type":"image\/jpeg"}],"twitter_card":"summary_large_image","twitter_misc":{"Estimated reading time":"2 minutes"},"schema":{"@context":"https:\/\/schema.org","@graph":[{"@type":"WebPage","@id":"https:\/\/www.chateaudegoutelas.fr\/archive\/du-20-01-au-22-01-a-la-croisee-des-savoirs-conferences-gesticulees\/","url":"https:\/\/www.chateaudegoutelas.fr\/archive\/du-20-01-au-22-01-a-la-croisee-des-savoirs-conferences-gesticulees\/","name":"DU 20\/01 AU 22\/01 - \u00c0 LA CROIS\u00c9E DES SAVOIRS : les conf\u00e9rences gesticul\u00e9es, d\u00e9bats et ateliers - Ch\u00e2teau de Goutelas","isPartOf":{"@id":"https:\/\/www.chateaudegoutelas.fr\/#website"},"primaryImageOfPage":{"@id":"https:\/\/www.chateaudegoutelas.fr\/archive\/du-20-01-au-22-01-a-la-croisee-des-savoirs-conferences-gesticulees\/#primaryimage"},"image":{"@id":"https:\/\/www.chateaudegoutelas.fr\/archive\/du-20-01-au-22-01-a-la-croisee-des-savoirs-conferences-gesticulees\/#primaryimage"},"thumbnailUrl":"https:\/\/www.chateaudegoutelas.fr\/wp-content\/uploads\/2021\/12\/Conferences_cChateau-de-Goutelas-scaled.jpg","datePublished":"2021-12-03T10:19:44+00:00","dateModified":"2023-05-26T07:56:43+00:00","breadcrumb":{"@id":"https:\/\/www.chateaudegoutelas.fr\/archive\/du-20-01-au-22-01-a-la-croisee-des-savoirs-conferences-gesticulees\/#breadcrumb"},"inLanguage":"en-GB","potentialAction":[{"@type":"ReadAction","target":["https:\/\/www.chateaudegoutelas.fr\/archive\/du-20-01-au-22-01-a-la-croisee-des-savoirs-conferences-gesticulees\/"]}]},{"@type":"ImageObject","inLanguage":"en-GB","@id":"https:\/\/www.chateaudegoutelas.fr\/archive\/du-20-01-au-22-01-a-la-croisee-des-savoirs-conferences-gesticulees\/#primaryimage","url":"https:\/\/www.chateaudegoutelas.fr\/wp-content\/uploads\/2021\/12\/Conferences_cChateau-de-Goutelas-scaled.jpg","contentUrl":"https:\/\/www.chateaudegoutelas.fr\/wp-content\/uploads\/2021\/12\/Conferences_cChateau-de-Goutelas-scaled.jpg","width":2560,"height":1706},{"@type":"BreadcrumbList","@id":"https:\/\/www.chateaudegoutelas.fr\/archive\/du-20-01-au-22-01-a-la-croisee-des-savoirs-conferences-gesticulees\/#breadcrumb","itemListElement":[{"@type":"ListItem","position":1,"name":"Accueil","item":"https:\/\/www.chateaudegoutelas.fr\/"},{"@type":"ListItem","position":2,"name":"DU 20\/01 AU 22\/01 &#8211; \u00c0 LA CROIS\u00c9E DES SAVOIRS : les conf\u00e9rences gesticul\u00e9es, d\u00e9bats et ateliers"}]},{"@type":"WebSite","@id":"https:\/\/www.chateaudegoutelas.fr\/#website","url":"https:\/\/www.chateaudegoutelas.fr\/","name":"Ch\u00e2teau de Goutelas","description":"Un centre culturel de rencontre en Forez","publisher":{"@id":"https:\/\/www.chateaudegoutelas.fr\/#organization"},"potentialAction":[{"@type":"SearchAction","target":{"@type":"EntryPoint","urlTemplate":"https:\/\/www.chateaudegoutelas.fr\/?s={search_term_string}"},"query-input":{"@type":"PropertyValueSpecification","valueRequired":true,"valueName":"search_term_string"}}],"inLanguage":"en-GB"},{"@type":"Organization","@id":"https:\/\/www.chateaudegoutelas.fr\/#organization","name":"Ch\u00e2teau de Goutelas","url":"https:\/\/www.chateaudegoutelas.fr\/","logo":{"@type":"ImageObject","inLanguage":"en-GB","@id":"https:\/\/www.chateaudegoutelas.fr\/#\/schema\/logo\/image\/","url":"https:\/\/www.chateaudegoutelas.fr\/wp-content\/uploads\/2023\/05\/logo-chateau-goutelas-bleu.png","contentUrl":"https:\/\/www.chateaudegoutelas.fr\/wp-content\/uploads\/2023\/05\/logo-chateau-goutelas-bleu.png","width":1123,"height":327,"caption":"Ch\u00e2teau de Goutelas"},"image":{"@id":"https:\/\/www.chateaudegoutelas.fr\/#\/schema\/logo\/image\/"}}]}},"_links":{"self":[{"href":"https:\/\/www.chateaudegoutelas.fr\/en\/wp-json\/wp\/v2\/archive\/3979","targetHints":{"allow":["GET"]}}],"collection":[{"href":"https:\/\/www.chateaudegoutelas.fr\/en\/wp-json\/wp\/v2\/archive"}],"about":[{"href":"https:\/\/www.chateaudegoutelas.fr\/en\/wp-json\/wp\/v2\/types\/archive"}],"author":[{"embeddable":true,"href":"https:\/\/www.chateaudegoutelas.fr\/en\/wp-json\/wp\/v2\/users\/7"}],"wp:featuredmedia":[{"embeddable":true,"href":"https:\/\/www.chateaudegoutelas.fr\/en\/wp-json\/wp\/v2\/media\/3982"}],"wp:attachment":[{"href":"https:\/\/www.chateaudegoutelas.fr\/en\/wp-json\/wp\/v2\/media?parent=3979"}],"wp:term":[{"taxonomy":"category","embeddable":true,"href":"https:\/\/www.chateaudegoutelas.fr\/en\/wp-json\/wp\/v2\/categories?post=3979"},{"taxonomy":"post_tag","embeddable":true,"href":"https:\/\/www.chateaudegoutelas.fr\/en\/wp-json\/wp\/v2\/tags?post=3979"}],"curies":[{"name":"wp","href":"https:\/\/api.w.org\/{rel}","templated":true}]}}