{"id":3973,"date":"2021-12-03T10:33:23","date_gmt":"2021-12-03T09:33:23","guid":{"rendered":"https:\/\/www.chateaudegoutelas.fr\/?p=3973"},"modified":"2023-05-26T09:56:44","modified_gmt":"2023-05-26T07:56:44","slug":"du-20-01-au-23-01-a-la-croisee-des-savoirs-la-fabrique-des-nouvelles-solidarites","status":"publish","type":"archive","link":"https:\/\/www.chateaudegoutelas.fr\/en\/archive\/du-20-01-au-23-01-a-la-croisee-des-savoirs-la-fabrique-des-nouvelles-solidarites\/","title":{"rendered":"DU 20\/01 AU 23\/01 &#8211; \u00c0 LA CROIS\u00c9E DES SAVOIRS, la fabrique des nouvelles solidarit\u00e9s"},"content":{"rendered":"<div class=\"shmMigrate\"><\/div>\n<div class=\"shmMigrate\"><\/div>\n<div class=\"shmMigrate\"><\/div>\n<div class=\"shmMigrate\"><\/div>\n<div class=\"shmMigrate\"><\/div>\n<div class=\"shmMigrate\"><\/div>\n<h4><span style=\"font-weight: 400;\">Du jeudi 20 au dimanche 23 janvier<\/span><\/h4>\n<h4><span style=\"font-weight: 400;\">Dans la Loire (Goutelas, Montbrison, Feurs, Saint-Germain-Laval, Saint-Etienne&#8230;)<\/span><\/h4>\n<div class=\"shmMigrate\"><\/div>\n<div class=\"shmMigrate\"><\/div>\n<div class=\"shmMigrate\"><\/div>\n<p>D\u2019un bout \u00e0 l\u2019autre de la Loire, le festival \u00ab\u00a0\u00c0 la crois\u00e9e des savoirs\u00a0\u00bb agite les nouvelles formes de solidarit\u00e9 ! En r\u00e9unissant des associations, des lieux ou des habitants particuli\u00e8rement investis et inventifs, cet \u00e9v\u00e9nement met en lumi\u00e8re des initiatives locales innovantes.<\/p>\n<p>Ecologie, \u00e9conomie, alimentation, sant\u00e9, \u00e9ducation, habitat, travail&#8230; Les sujets sont vari\u00e9s, les formes sont cr\u00e9atives et collaboratives.<\/p>\n<p>Rejoignez-nous pour partager des solutions d&rsquo;avenir !<\/p>\n<p>&nbsp;<\/p>\n<p><em>Partenaires :\u00a0<\/em><\/p>\n<p><em>L\u2019association Familles rurales de Verri\u00e8res-en-Forez<\/em><br \/>\n<em>Le Bar associatif Le Cheval Blanc<\/em><br \/>\n<em>Le Caf\u00e9-lecture Le Remue M\u00e9ninges<\/em><br \/>\n<em>Le Centre social de Montbrison<\/em><br \/>\n<em>La CLEF de Sail-sous-Couzan<\/em><br \/>\n<em>La MJC de Feurs et le Ch\u00e2teau du Rozier<\/em><br \/>\n<em>La MJC du Pays d\u2019Astr\u00e9e, le CILDEA et le cin\u00e9ma L\u2019Entract<\/em><br \/>\n<em>Le MRJC et la Ferme du Treuil<\/em><\/p>\n<div class=\"shmMigrate\"><\/div>\n<div class=\"shmMigrate\"><\/div>\n<div class=\"shmMigrate\"><\/div>\n<div class=\"cxmmr5t8 oygrvhab hcukyx3x c1et5uql o9v6fnle\"><strong>* JEUDI 20.01 | 20H30<\/strong><br \/>\n<strong>Je travaille, avec deux ailes, ou une autre histoire de l&rsquo;organisation du travail<\/strong><br \/>\nConf\u00e9rence gesticul\u00e9e d&rsquo;Emmanuelle Cournarie<\/div>\n<div><\/div>\n<div class=\"cxmmr5t8 oygrvhab hcukyx3x c1et5uql o9v6fnle\"><span class=\"pq6dq46d tbxw36s4 knj5qynh kvgmc6g5 ditlmg2l oygrvhab nvdbi5me sf5mxxl7 gl3lb2sf hhz5lgdu\"><img loading=\"lazy\" decoding=\"async\" src=\"https:\/\/static.xx.fbcdn.net\/images\/emoji.php\/v9\/t2d\/1\/16\/1f4cd.png\" alt=\"&#x1f4cd;\" width=\"16\" height=\"16\" \/><\/span>\u00a0Bar associatif Le Cheval Blanc | Boulevard des vingtains, Saint-Germain-Laval<br \/>\nDur\u00e9e : 1h30 | Prix libre<br \/>\nOrganis\u00e9e par le bar associatif Le Cheval Blanc<br \/>\nR\u00e9servation au 07 82 95 51 96<\/div>\n<div class=\"shmMigrate\"><\/div>\n<div class=\"shmMigrate\"><\/div>\n<div class=\"shmMigrate\"><\/div>\n<div class=\"cxmmr5t8 oygrvhab hcukyx3x c1et5uql o9v6fnle\"><strong>* JEUDI 20.01 | 20H30<\/strong><br \/>\n<strong>Je ne sais plus o\u00f9 j&rsquo;habite, ou comment arr\u00eater de vouloir \u00eatre propri\u00e9taire<\/strong><br \/>\nConf\u00e9rence gesticul\u00e9e de Julian Aug\u00e9<\/div>\n<div><\/div>\n<div class=\"cxmmr5t8 oygrvhab hcukyx3x c1et5uql o9v6fnle\"><span class=\"pq6dq46d tbxw36s4 knj5qynh kvgmc6g5 ditlmg2l oygrvhab nvdbi5me sf5mxxl7 gl3lb2sf hhz5lgdu\"><img loading=\"lazy\" decoding=\"async\" src=\"https:\/\/static.xx.fbcdn.net\/images\/emoji.php\/v9\/t2d\/1\/16\/1f4cd.png\" alt=\"&#x1f4cd;\" width=\"16\" height=\"16\" \/><\/span>\u00a0Caf\u00e9-lecture le Remue-m\u00e9ninges | 43 rue Michelet, Saint-Etienne<br \/>\nDur\u00e9e : 1h30 | Prix libre<br \/>\nOrganis\u00e9e par Le Remue-m\u00e9ninges<br \/>\nR\u00e9servation au 04 77 37 87 50<\/div>\n<div class=\"shmMigrate\"><\/div>\n<div class=\"shmMigrate\"><\/div>\n<div class=\"shmMigrate\"><\/div>\n<div class=\"cxmmr5t8 oygrvhab hcukyx3x c1et5uql o9v6fnle\"><span style=\"color: #800000;\"><strong>* VENDREDI 21.01 | 18H30<\/strong><\/span><\/div>\n<div class=\"cxmmr5t8 oygrvhab hcukyx3x c1et5uql o9v6fnle\"><span style=\"color: #800000;\">&#8212;&#8212; &#x2757; ANNUL\u00c9E &#x2757; &#8212;&#8212;<\/span><br \/>\n<span style=\"color: #800000;\"><strong>Le corps des femmes, ou une autre histoire des agrumes<\/strong><\/span><br \/>\n<span style=\"color: #800000;\">Conf\u00e9rence gesticul\u00e9e de Laurence Reeb<\/span><\/div>\n<div class=\"shmMigrate\"><\/div>\n<div class=\"shmMigrate\"><\/div>\n<div class=\"shmMigrate\"><\/div>\n<div class=\"cxmmr5t8 oygrvhab hcukyx3x c1et5uql o9v6fnle\"><span style=\"color: #800000;\"><strong>* VENDREDI 21.01 | 20H30<\/strong><\/span><\/div>\n<div class=\"cxmmr5t8 oygrvhab hcukyx3x c1et5uql o9v6fnle\"><span style=\"color: #800000;\">&#8212;&#8212; &#x2757; ANNUL\u00c9E &#x2757; &#8212;&#8212;<\/span><br \/>\n<span style=\"color: #800000;\"><strong>L&rsquo;avenir est dans le pr\u00e9. R\u00e9approprions-nous le politique agricole et alimentaire<\/strong><\/span><br \/>\n<span style=\"color: #800000;\">Conf\u00e9rence gesticul\u00e9e de Madeline Carlin<\/span><\/div>\n<div class=\"shmMigrate\"><\/div>\n<div class=\"shmMigrate\"><\/div>\n<div class=\"shmMigrate\"><\/div>\n<div class=\"cxmmr5t8 oygrvhab hcukyx3x c1et5uql o9v6fnle\"><strong>* SAMEDI 22.01 | 10H<\/strong><br \/>\n<strong>De la fourche \u00e0 la fourchette&#8230; Non ! L&rsquo;inverse ! Pour une s\u00e9curit\u00e9 sociale de l&rsquo;alimentation<\/strong><\/div>\n<div>\n<p>Conf\u00e9rence gesticul\u00e9e de Mathieu Dalmais<\/p>\n<\/div>\n<div class=\"cxmmr5t8 oygrvhab hcukyx3x c1et5uql o9v6fnle\"><span class=\"pq6dq46d tbxw36s4 knj5qynh kvgmc6g5 ditlmg2l oygrvhab nvdbi5me sf5mxxl7 gl3lb2sf hhz5lgdu\"><img loading=\"lazy\" decoding=\"async\" src=\"https:\/\/static.xx.fbcdn.net\/images\/emoji.php\/v9\/t2d\/1\/16\/1f4cd.png\" alt=\"&#x1f4cd;\" width=\"16\" height=\"16\" \/><\/span>\u00a0Ch\u00e2teau du Rozier | 1 rue d\u2019Assier, Feurs<br \/>\nDur\u00e9e : 1h30 | Prix libre<br \/>\nOrganis\u00e9e par la MJC de Feurs en partenariat avec le Ch\u00e2teau du Rozier<br \/>\nR\u00e9servation en ligne :\u00a0<a class=\"oajrlxb2 g5ia77u1 qu0x051f esr5mh6w e9989ue4 r7d6kgcz rq0escxv nhd2j8a9 nc684nl6 p7hjln8o kvgmc6g5 cxmmr5t8 oygrvhab hcukyx3x jb3vyjys rz4wbd8a qt6c0cv9 a8nywdso i1ao9s8h esuyzwwr f1sip0of lzcic4wl gpro0wi8 py34i1dx\" tabindex=\"0\" role=\"link\" href=\"https:\/\/l.facebook.com\/l.php?u=https%3A%2F%2Fchateaudurozier.mapado.com%2Fevent%2F27260-conference-gesticulee%3FeventDate%3D364916%26fbclid%3DIwAR2sIU4J-T4Czxld14MNgWY84I_TDhwrk28janCg_i7byAwYkB0l6ROgRPw&amp;h=AT0mzvQn671vfPTNQmvTHAHureeU8lYOnt7__NwUJzsIyDKaKCAx5V2OhWkHpeRwOtaMpEzh1OcPgAusEedijUDA0HSJ0xiJL7frciYnFNrLFSLeksVB5WlHXJ_zttDZeC96&amp;__tn__=q&amp;c[0]=AT2J6hNiVeXV6X8KjKiFq1Z-_DK3YCR8ziJiVcuvbO5vQ6MTuN-GItUbwdk9gOrT5wNATZRze0ZxL_yUHv9GgRXAICTkveUr3AhHRMjsL5pkVvY0Y0A_5WWr_FsxLVwaSyCW7Xzd6roH84JfK72Qz7OQ1WsqrL1FOvLT-9JMIJVKr2kl\" target=\"_blank\" rel=\"nofollow noopener\">https:\/\/chateaudurozier.mapado.com\/&#8230;\/27260-conference&#8230;<\/a><\/div>\n<div class=\"shmMigrate\"><\/div>\n<div class=\"shmMigrate\"><\/div>\n<div class=\"shmMigrate\"><\/div>\n<div class=\"cxmmr5t8 oygrvhab hcukyx3x c1et5uql o9v6fnle\"><strong>* SAMEDI 22.01 | 14H<\/strong><br \/>\n<strong>Territoire et alimentation. Se projeter sur son territoire comme consommateur mais aussi comme acteur<\/strong><br \/>\nAtelier<\/div>\n<div><\/div>\n<div class=\"cxmmr5t8 oygrvhab hcukyx3x c1et5uql o9v6fnle\"><span class=\"pq6dq46d tbxw36s4 knj5qynh kvgmc6g5 ditlmg2l oygrvhab nvdbi5me sf5mxxl7 gl3lb2sf hhz5lgdu\"><img loading=\"lazy\" decoding=\"async\" src=\"https:\/\/static.xx.fbcdn.net\/images\/emoji.php\/v9\/t2d\/1\/16\/1f4cd.png\" alt=\"&#x1f4cd;\" width=\"16\" height=\"16\" \/><\/span>\u00a0Jardin d\u2019Astr\u00e9e | La B\u00e2tie d\u2019Urf\u00e9, Saint-Etienne-le-Molard<br \/>\nDur\u00e9e : 1h30<br \/>\nOrganis\u00e9 par le CILDEA, la MJC du Pays d\u2019Astr\u00e9e et le cin\u00e9ma L\u2019Entract<br \/>\nR\u00e9servation au 04 77 97 32 74<\/div>\n<div class=\"shmMigrate\"><\/div>\n<div class=\"shmMigrate\"><\/div>\n<div class=\"shmMigrate\"><\/div>\n<div class=\"cxmmr5t8 oygrvhab hcukyx3x c1et5uql o9v6fnle\"><strong>* SAMEDI 22.01 | 16H<\/strong><br \/>\n<strong>Quand agriculteurs et consommateurs imaginent de nouvelles solidarit\u00e9s<\/strong><br \/>\nCin\u00e9-rencontre<\/div>\n<div><\/div>\n<div class=\"cxmmr5t8 oygrvhab hcukyx3x c1et5uql o9v6fnle\"><span class=\"pq6dq46d tbxw36s4 knj5qynh kvgmc6g5 ditlmg2l oygrvhab nvdbi5me sf5mxxl7 gl3lb2sf hhz5lgdu\"><img loading=\"lazy\" decoding=\"async\" src=\"https:\/\/static.xx.fbcdn.net\/images\/emoji.php\/v9\/t2d\/1\/16\/1f4cd.png\" alt=\"&#x1f4cd;\" width=\"16\" height=\"16\" \/><\/span>\u00a0Cin\u00e9ma L\u2019Entract\u2019 | 23 rue Alsace Lorraine, Bo\u00ebn-sur-Lignon<br \/>\nDur\u00e9e : film 1h20 + \u00e9changes | Tarifs habituels du cin\u00e9ma<br \/>\nOrganis\u00e9 par le CILDEA, la MJC du Pays d\u2019Astr\u00e9e et le cin\u00e9ma L\u2019Entract\u2019<br \/>\nBilletterie sur place<\/div>\n<div class=\"shmMigrate\"><\/div>\n<div class=\"shmMigrate\"><\/div>\n<div class=\"shmMigrate\"><\/div>\n<div class=\"cxmmr5t8 oygrvhab hcukyx3x c1et5uql o9v6fnle\"><strong>* SAMEDI 22.01 | 16H30<\/strong><br \/>\n<strong>Vers de nouvelles formes de solidarit\u00e9<\/strong><br \/>\nConversation avec Mireille Delmas-Marty, juriste, Ga\u00ebl Giraud, \u00e9conomiste, Claire H\u00e9don, D\u00e9fenseure des droits et ex-pr\u00e9sidente d\u2019ATD Quart Monde, Jean-Baptiste Racine, juriste<\/div>\n<div><\/div>\n<div class=\"cxmmr5t8 oygrvhab hcukyx3x c1et5uql o9v6fnle\"><span class=\"pq6dq46d tbxw36s4 knj5qynh kvgmc6g5 ditlmg2l oygrvhab nvdbi5me sf5mxxl7 gl3lb2sf hhz5lgdu\"><img loading=\"lazy\" decoding=\"async\" src=\"https:\/\/static.xx.fbcdn.net\/images\/emoji.php\/v9\/t2d\/1\/16\/1f4cd.png\" alt=\"&#x1f4cd;\" width=\"16\" height=\"16\" \/><\/span>\u00a0En ligne ou en visionnage collectif au Ch\u00e2teau de Goutelas<br \/>\nDur\u00e9e : 1h30<\/div>\n<div class=\"cxmmr5t8 oygrvhab hcukyx3x c1et5uql o9v6fnle\">Gratuit sur inscription :<br \/>\n&gt; Visioconf\u00e9rence :\u00a0<a class=\"oajrlxb2 g5ia77u1 qu0x051f esr5mh6w e9989ue4 r7d6kgcz rq0escxv nhd2j8a9 nc684nl6 p7hjln8o kvgmc6g5 cxmmr5t8 oygrvhab hcukyx3x jb3vyjys rz4wbd8a qt6c0cv9 a8nywdso i1ao9s8h esuyzwwr f1sip0of lzcic4wl gpro0wi8 py34i1dx\" tabindex=\"0\" role=\"link\" href=\"https:\/\/l.facebook.com\/l.php?u=https%3A%2F%2Fus02web.zoom.us%2Fwebinar%2Fregister%2FWN_9MY4UUGFRcGhUxsfr77A8A%3Ffbclid%3DIwAR3KaCDWVvQCns5hG8y5nLCzA4aU6gXmiRKmk07D0p4YPuyZzuoXaINTsk0&amp;h=AT03V56ctvZ6ZsF1LoebVSSpyoqi8D8FCob5VEK8snm8ft5eg68xMAJcpZbhzwEZF4gjtk9Q4cLUECP9R3J6KMJ6xkeUfacuX-iFCb62sPlebx45Y-QSy8ZDuNesUwsSvtgX&amp;__tn__=q&amp;c[0]=AT2J6hNiVeXV6X8KjKiFq1Z-_DK3YCR8ziJiVcuvbO5vQ6MTuN-GItUbwdk9gOrT5wNATZRze0ZxL_yUHv9GgRXAICTkveUr3AhHRMjsL5pkVvY0Y0A_5WWr_FsxLVwaSyCW7Xzd6roH84JfK72Qz7OQ1WsqrL1FOvLT-9JMIJVKr2kl\" target=\"_blank\" rel=\"nofollow noopener\">https:\/\/us02web.zoom.us\/&#8230;\/reg&#8230;\/WN_9MY4UUGFRcGhUxsfr77A8A<\/a><br \/>\n&gt; Visionnage collectif depuis le ch\u00e2teau de Goutelas :\u00a0<a class=\"oajrlxb2 g5ia77u1 qu0x051f esr5mh6w e9989ue4 r7d6kgcz rq0escxv nhd2j8a9 nc684nl6 p7hjln8o kvgmc6g5 cxmmr5t8 oygrvhab hcukyx3x jb3vyjys rz4wbd8a qt6c0cv9 a8nywdso i1ao9s8h esuyzwwr f1sip0of lzcic4wl gpro0wi8 py34i1dx\" tabindex=\"0\" role=\"link\" href=\"https:\/\/l.facebook.com\/l.php?u=https%3A%2F%2Fwww.billetweb.fr%2Fvisionnage-collectif-de-la-conversation-vers-de-nouvelles-formes-de-solidarite%3Ffbclid%3DIwAR0ecOVgGz3-71pZUXGb2lnYOrbRiAzsR1fAtc8qDmNXiVxvw8JLjk6aWXc&amp;h=AT26m6YChoJVaOUmHPYh4kKaGdYXDC6meO4pEjdhuPiZyiqGTC4Z4KKDEHwCP-HlsLFCvvg9GkyfuOYnp7OXamsNtY9F0FA1v7fi7dkt7qYCD5Zysce2ho18jWj35R6DOKbe&amp;__tn__=q&amp;c[0]=AT2J6hNiVeXV6X8KjKiFq1Z-_DK3YCR8ziJiVcuvbO5vQ6MTuN-GItUbwdk9gOrT5wNATZRze0ZxL_yUHv9GgRXAICTkveUr3AhHRMjsL5pkVvY0Y0A_5WWr_FsxLVwaSyCW7Xzd6roH84JfK72Qz7OQ1WsqrL1FOvLT-9JMIJVKr2kl\" target=\"_blank\" rel=\"nofollow noopener\">https:\/\/www.billetweb.fr\/visionnage-collectif-de-la&#8230;<\/a><\/div>\n<div class=\"shmMigrate\"><\/div>\n<div class=\"shmMigrate\"><\/div>\n<div class=\"shmMigrate\"><\/div>\n<div class=\"cxmmr5t8 oygrvhab hcukyx3x c1et5uql o9v6fnle\"><strong>* SAMEDI 22.01 | 19H<\/strong><br \/>\n<strong>D\u00eener au ch\u00e2teau de Goutelas<\/strong><\/div>\n<div><\/div>\n<div class=\"cxmmr5t8 oygrvhab hcukyx3x c1et5uql o9v6fnle\"><span class=\"pq6dq46d tbxw36s4 knj5qynh kvgmc6g5 ditlmg2l oygrvhab nvdbi5me sf5mxxl7 gl3lb2sf hhz5lgdu\"><img loading=\"lazy\" decoding=\"async\" src=\"https:\/\/static.xx.fbcdn.net\/images\/emoji.php\/v9\/t2d\/1\/16\/1f4cd.png\" alt=\"&#x1f4cd;\" width=\"16\" height=\"16\" \/><\/span>\u00a012\u20ac | Sur r\u00e9servation :\u00a0<a class=\"oajrlxb2 g5ia77u1 qu0x051f esr5mh6w e9989ue4 r7d6kgcz rq0escxv nhd2j8a9 nc684nl6 p7hjln8o kvgmc6g5 cxmmr5t8 oygrvhab hcukyx3x jb3vyjys rz4wbd8a qt6c0cv9 a8nywdso i1ao9s8h esuyzwwr f1sip0of lzcic4wl gpro0wi8 py34i1dx\" tabindex=\"0\" role=\"link\" href=\"https:\/\/l.facebook.com\/l.php?u=https%3A%2F%2Fwww.billetweb.fr%2Fdiner-au-chateau-de-goutelas%3Ffbclid%3DIwAR1D4Ufn6Re_c8YvXrKTRHAqUBficTyEsG4P-dmaRG5bDjq1mGQ2OAgD-NI&amp;h=AT37ypvmOmSpnO_oqVn1QSPm0haH3UO1rSCycqjGYt0kJ2HzeBu8HvZH5R4IX9LaD2cbMsgIfZyCoAD-HHVlXdEheVAHMduTm7RYzEeqePi-RM04tm0mRcXYZ6iiv_KtDxWx&amp;__tn__=q&amp;c[0]=AT2J6hNiVeXV6X8KjKiFq1Z-_DK3YCR8ziJiVcuvbO5vQ6MTuN-GItUbwdk9gOrT5wNATZRze0ZxL_yUHv9GgRXAICTkveUr3AhHRMjsL5pkVvY0Y0A_5WWr_FsxLVwaSyCW7Xzd6roH84JfK72Qz7OQ1WsqrL1FOvLT-9JMIJVKr2kl\" target=\"_blank\" rel=\"nofollow noopener\">https:\/\/www.billetweb.fr\/diner-au-chateau-de-goutelas<\/a><\/div>\n<div class=\"shmMigrate\"><\/div>\n<div class=\"shmMigrate\"><\/div>\n<div class=\"shmMigrate\"><\/div>\n<p><strong>Sur r\u00e9servation aupr\u00e8s de chaque organisateur<\/strong><\/p>\n<p><strong>Possibilit\u00e9 d&rsquo;h\u00e9bergement et restauration au Ch\u00e2teau de Goutelas (sur r\u00e9servation)<\/strong><\/p>\n<div class=\"shmMigrate\"><\/div>\n<div class=\"shmMigrate\"><\/div>\n<div class=\"shmMigrate\"><\/div>\n<div class=\"shmMigrate\"><\/div>\n<div class=\"shmMigrate\"><\/div>\n<p>Illustration \u00a9 Atelier Pers<\/p>\n<div class=\"shmMigrate\"><\/div>\n<div class=\"shmMigrate\"><\/div>\n<div class=\"shmMigrate\"><\/div>\n<div class=\"shmMigrate\"><\/div>\n","protected":false},"author":7,"featured_media":3974,"template":"","meta":{"site-sidebar-layout":"default","site-content-layout":"","ast-site-content-layout":"default","site-content-style":"default","site-sidebar-style":"default","ast-global-header-display":"","ast-banner-title-visibility":"","ast-main-header-display":"","ast-hfb-above-header-display":"","ast-hfb-below-header-display":"","ast-hfb-mobile-header-display":"","site-post-title":"","ast-breadcrumbs-content":null,"ast-featured-img":"","footer-sml-layout":"","ast-disable-related-posts":"","theme-transparent-header-meta":"","adv-header-id-meta":"","stick-header-meta":"","header-above-stick-meta":null,"header-main-stick-meta":"","header-below-stick-meta":null,"astra-migrate-meta-layouts":"default","ast-page-background-enabled":"default","ast-page-background-meta":{"desktop":{"background-color":"","background-image":"","background-repeat":"repeat","background-position":"center center","background-size":"auto","background-attachment":"scroll","background-type":"","background-media":"","overlay-type":"","overlay-color":"","overlay-opacity":"","overlay-gradient":""},"tablet":{"background-color":"","background-image":"","background-repeat":"repeat","background-position":"center center","background-size":"auto","background-attachment":"scroll","background-type":"","background-media":"","overlay-type":"","overlay-color":"","overlay-opacity":"","overlay-gradient":""},"mobile":{"background-color":"","background-image":"","background-repeat":"repeat","background-position":"center center","background-size":"auto","background-attachment":"scroll","background-type":"","background-media":"","overlay-type":"","overlay-color":"","overlay-opacity":"","overlay-gradient":""}},"ast-content-background-meta":{"desktop":{"background-color":"var(--ast-global-color-5)","background-image":"","background-repeat":"repeat","background-position":"center center","background-size":"auto","background-attachment":"scroll","background-type":"","background-media":"","overlay-type":"","overlay-color":"","overlay-opacity":"","overlay-gradient":""},"tablet":{"background-color":"var(--ast-global-color-5)","background-image":"","background-repeat":"repeat","background-position":"center center","background-size":"auto","background-attachment":"scroll","background-type":"","background-media":"","overlay-type":"","overlay-color":"","overlay-opacity":"","overlay-gradient":""},"mobile":{"background-color":"var(--ast-global-color-5)","background-image":"","background-repeat":"repeat","background-position":"center center","background-size":"auto","background-attachment":"scroll","background-type":"","background-media":"","overlay-type":"","overlay-color":"","overlay-opacity":"","overlay-gradient":""}}},"categories":[4],"tags":[],"class_list":["post-3973","archive","type-archive","status-publish","has-post-thumbnail","hentry","category-actualites"],"yoast_head":"<!-- This site is optimized with the Yoast SEO plugin v27.5 - https:\/\/yoast.com\/product\/yoast-seo-wordpress\/ -->\n<title>DU 20\/01 AU 23\/01 - \u00c0 LA CROIS\u00c9E DES SAVOIRS, la fabrique des nouvelles solidarit\u00e9s - Ch\u00e2teau de Goutelas<\/title>\n<meta name=\"robots\" content=\"index, follow, max-snippet:-1, max-image-preview:large, max-video-preview:-1\" \/>\n<link rel=\"canonical\" href=\"https:\/\/www.chateaudegoutelas.fr\/en\/archive\/du-20-01-au-23-01-a-la-croisee-des-savoirs-la-fabrique-des-nouvelles-solidarites\/\" \/>\n<meta property=\"og:locale\" content=\"en_GB\" \/>\n<meta property=\"og:type\" content=\"article\" \/>\n<meta property=\"og:title\" content=\"DU 20\/01 AU 23\/01 - \u00c0 LA CROIS\u00c9E DES SAVOIRS, la fabrique des nouvelles solidarit\u00e9s - Ch\u00e2teau de Goutelas\" \/>\n<meta property=\"og:description\" content=\"Du jeudi 20 au dimanche 23 janvier Dans la Loire (Goutelas, Montbrison, Feurs, Saint-Germain-Laval, Saint-Etienne&#8230;) D\u2019un bout \u00e0 l\u2019autre de la Loire, le festival \u00ab\u00a0\u00c0 la crois\u00e9e des savoirs\u00a0\u00bb agite les nouvelles formes de solidarit\u00e9 ! En r\u00e9unissant des associations, des lieux ou des habitants particuli\u00e8rement investis et inventifs, cet \u00e9v\u00e9nement met en lumi\u00e8re des [&hellip;]\" \/>\n<meta property=\"og:url\" content=\"https:\/\/www.chateaudegoutelas.fr\/en\/archive\/du-20-01-au-23-01-a-la-croisee-des-savoirs-la-fabrique-des-nouvelles-solidarites\/\" \/>\n<meta property=\"og:site_name\" content=\"Ch\u00e2teau de Goutelas\" \/>\n<meta property=\"article:modified_time\" content=\"2023-05-26T07:56:44+00:00\" \/>\n<meta property=\"og:image\" content=\"https:\/\/www.chateaudegoutelas.fr\/wp-content\/uploads\/2021\/12\/Visuel_a_la_croisee_des_savoirs-scaled.jpg\" \/>\n\t<meta property=\"og:image:width\" content=\"2560\" \/>\n\t<meta property=\"og:image:height\" content=\"1810\" \/>\n\t<meta property=\"og:image:type\" content=\"image\/jpeg\" \/>\n<meta name=\"twitter:card\" content=\"summary_large_image\" \/>\n<meta name=\"twitter:label1\" content=\"Estimated reading time\" \/>\n\t<meta name=\"twitter:data1\" content=\"5 minutes\" \/>\n<script type=\"application\/ld+json\" class=\"yoast-schema-graph\">{\"@context\":\"https:\\\/\\\/schema.org\",\"@graph\":[{\"@type\":\"WebPage\",\"@id\":\"https:\\\/\\\/www.chateaudegoutelas.fr\\\/archive\\\/du-20-01-au-23-01-a-la-croisee-des-savoirs-la-fabrique-des-nouvelles-solidarites\\\/\",\"url\":\"https:\\\/\\\/www.chateaudegoutelas.fr\\\/archive\\\/du-20-01-au-23-01-a-la-croisee-des-savoirs-la-fabrique-des-nouvelles-solidarites\\\/\",\"name\":\"DU 20\\\/01 AU 23\\\/01 - \u00c0 LA CROIS\u00c9E DES SAVOIRS, la fabrique des nouvelles solidarit\u00e9s - Ch\u00e2teau de Goutelas\",\"isPartOf\":{\"@id\":\"https:\\\/\\\/www.chateaudegoutelas.fr\\\/#website\"},\"primaryImageOfPage\":{\"@id\":\"https:\\\/\\\/www.chateaudegoutelas.fr\\\/archive\\\/du-20-01-au-23-01-a-la-croisee-des-savoirs-la-fabrique-des-nouvelles-solidarites\\\/#primaryimage\"},\"image\":{\"@id\":\"https:\\\/\\\/www.chateaudegoutelas.fr\\\/archive\\\/du-20-01-au-23-01-a-la-croisee-des-savoirs-la-fabrique-des-nouvelles-solidarites\\\/#primaryimage\"},\"thumbnailUrl\":\"https:\\\/\\\/www.chateaudegoutelas.fr\\\/wp-content\\\/uploads\\\/2021\\\/12\\\/Visuel_a_la_croisee_des_savoirs-scaled.jpg\",\"datePublished\":\"2021-12-03T09:33:23+00:00\",\"dateModified\":\"2023-05-26T07:56:44+00:00\",\"breadcrumb\":{\"@id\":\"https:\\\/\\\/www.chateaudegoutelas.fr\\\/archive\\\/du-20-01-au-23-01-a-la-croisee-des-savoirs-la-fabrique-des-nouvelles-solidarites\\\/#breadcrumb\"},\"inLanguage\":\"en-GB\",\"potentialAction\":[{\"@type\":\"ReadAction\",\"target\":[\"https:\\\/\\\/www.chateaudegoutelas.fr\\\/archive\\\/du-20-01-au-23-01-a-la-croisee-des-savoirs-la-fabrique-des-nouvelles-solidarites\\\/\"]}]},{\"@type\":\"ImageObject\",\"inLanguage\":\"en-GB\",\"@id\":\"https:\\\/\\\/www.chateaudegoutelas.fr\\\/archive\\\/du-20-01-au-23-01-a-la-croisee-des-savoirs-la-fabrique-des-nouvelles-solidarites\\\/#primaryimage\",\"url\":\"https:\\\/\\\/www.chateaudegoutelas.fr\\\/wp-content\\\/uploads\\\/2021\\\/12\\\/Visuel_a_la_croisee_des_savoirs-scaled.jpg\",\"contentUrl\":\"https:\\\/\\\/www.chateaudegoutelas.fr\\\/wp-content\\\/uploads\\\/2021\\\/12\\\/Visuel_a_la_croisee_des_savoirs-scaled.jpg\",\"width\":2560,\"height\":1810},{\"@type\":\"BreadcrumbList\",\"@id\":\"https:\\\/\\\/www.chateaudegoutelas.fr\\\/archive\\\/du-20-01-au-23-01-a-la-croisee-des-savoirs-la-fabrique-des-nouvelles-solidarites\\\/#breadcrumb\",\"itemListElement\":[{\"@type\":\"ListItem\",\"position\":1,\"name\":\"Accueil\",\"item\":\"https:\\\/\\\/www.chateaudegoutelas.fr\\\/\"},{\"@type\":\"ListItem\",\"position\":2,\"name\":\"DU 20\\\/01 AU 23\\\/01 &#8211; \u00c0 LA CROIS\u00c9E DES SAVOIRS, la fabrique des nouvelles solidarit\u00e9s\"}]},{\"@type\":\"WebSite\",\"@id\":\"https:\\\/\\\/www.chateaudegoutelas.fr\\\/#website\",\"url\":\"https:\\\/\\\/www.chateaudegoutelas.fr\\\/\",\"name\":\"Ch\u00e2teau de Goutelas\",\"description\":\"Un centre culturel de rencontre en Forez\",\"publisher\":{\"@id\":\"https:\\\/\\\/www.chateaudegoutelas.fr\\\/#organization\"},\"potentialAction\":[{\"@type\":\"SearchAction\",\"target\":{\"@type\":\"EntryPoint\",\"urlTemplate\":\"https:\\\/\\\/www.chateaudegoutelas.fr\\\/?s={search_term_string}\"},\"query-input\":{\"@type\":\"PropertyValueSpecification\",\"valueRequired\":true,\"valueName\":\"search_term_string\"}}],\"inLanguage\":\"en-GB\"},{\"@type\":\"Organization\",\"@id\":\"https:\\\/\\\/www.chateaudegoutelas.fr\\\/#organization\",\"name\":\"Ch\u00e2teau de Goutelas\",\"url\":\"https:\\\/\\\/www.chateaudegoutelas.fr\\\/\",\"logo\":{\"@type\":\"ImageObject\",\"inLanguage\":\"en-GB\",\"@id\":\"https:\\\/\\\/www.chateaudegoutelas.fr\\\/#\\\/schema\\\/logo\\\/image\\\/\",\"url\":\"https:\\\/\\\/www.chateaudegoutelas.fr\\\/wp-content\\\/uploads\\\/2023\\\/05\\\/logo-chateau-goutelas-bleu.png\",\"contentUrl\":\"https:\\\/\\\/www.chateaudegoutelas.fr\\\/wp-content\\\/uploads\\\/2023\\\/05\\\/logo-chateau-goutelas-bleu.png\",\"width\":1123,\"height\":327,\"caption\":\"Ch\u00e2teau de Goutelas\"},\"image\":{\"@id\":\"https:\\\/\\\/www.chateaudegoutelas.fr\\\/#\\\/schema\\\/logo\\\/image\\\/\"}}]}<\/script>\n<!-- \/ Yoast SEO plugin. -->","yoast_head_json":{"title":"DU 20\/01 AU 23\/01 - \u00c0 LA CROIS\u00c9E DES SAVOIRS, la fabrique des nouvelles solidarit\u00e9s - Ch\u00e2teau de Goutelas","robots":{"index":"index","follow":"follow","max-snippet":"max-snippet:-1","max-image-preview":"max-image-preview:large","max-video-preview":"max-video-preview:-1"},"canonical":"https:\/\/www.chateaudegoutelas.fr\/en\/archive\/du-20-01-au-23-01-a-la-croisee-des-savoirs-la-fabrique-des-nouvelles-solidarites\/","og_locale":"en_GB","og_type":"article","og_title":"DU 20\/01 AU 23\/01 - \u00c0 LA CROIS\u00c9E DES SAVOIRS, la fabrique des nouvelles solidarit\u00e9s - Ch\u00e2teau de Goutelas","og_description":"Du jeudi 20 au dimanche 23 janvier Dans la Loire (Goutelas, Montbrison, Feurs, Saint-Germain-Laval, Saint-Etienne&#8230;) D\u2019un bout \u00e0 l\u2019autre de la Loire, le festival \u00ab\u00a0\u00c0 la crois\u00e9e des savoirs\u00a0\u00bb agite les nouvelles formes de solidarit\u00e9 ! En r\u00e9unissant des associations, des lieux ou des habitants particuli\u00e8rement investis et inventifs, cet \u00e9v\u00e9nement met en lumi\u00e8re des [&hellip;]","og_url":"https:\/\/www.chateaudegoutelas.fr\/en\/archive\/du-20-01-au-23-01-a-la-croisee-des-savoirs-la-fabrique-des-nouvelles-solidarites\/","og_site_name":"Ch\u00e2teau de Goutelas","article_modified_time":"2023-05-26T07:56:44+00:00","og_image":[{"width":2560,"height":1810,"url":"https:\/\/www.chateaudegoutelas.fr\/wp-content\/uploads\/2021\/12\/Visuel_a_la_croisee_des_savoirs-scaled.jpg","type":"image\/jpeg"}],"twitter_card":"summary_large_image","twitter_misc":{"Estimated reading time":"5 minutes"},"schema":{"@context":"https:\/\/schema.org","@graph":[{"@type":"WebPage","@id":"https:\/\/www.chateaudegoutelas.fr\/archive\/du-20-01-au-23-01-a-la-croisee-des-savoirs-la-fabrique-des-nouvelles-solidarites\/","url":"https:\/\/www.chateaudegoutelas.fr\/archive\/du-20-01-au-23-01-a-la-croisee-des-savoirs-la-fabrique-des-nouvelles-solidarites\/","name":"DU 20\/01 AU 23\/01 - \u00c0 LA CROIS\u00c9E DES SAVOIRS, la fabrique des nouvelles solidarit\u00e9s - Ch\u00e2teau de Goutelas","isPartOf":{"@id":"https:\/\/www.chateaudegoutelas.fr\/#website"},"primaryImageOfPage":{"@id":"https:\/\/www.chateaudegoutelas.fr\/archive\/du-20-01-au-23-01-a-la-croisee-des-savoirs-la-fabrique-des-nouvelles-solidarites\/#primaryimage"},"image":{"@id":"https:\/\/www.chateaudegoutelas.fr\/archive\/du-20-01-au-23-01-a-la-croisee-des-savoirs-la-fabrique-des-nouvelles-solidarites\/#primaryimage"},"thumbnailUrl":"https:\/\/www.chateaudegoutelas.fr\/wp-content\/uploads\/2021\/12\/Visuel_a_la_croisee_des_savoirs-scaled.jpg","datePublished":"2021-12-03T09:33:23+00:00","dateModified":"2023-05-26T07:56:44+00:00","breadcrumb":{"@id":"https:\/\/www.chateaudegoutelas.fr\/archive\/du-20-01-au-23-01-a-la-croisee-des-savoirs-la-fabrique-des-nouvelles-solidarites\/#breadcrumb"},"inLanguage":"en-GB","potentialAction":[{"@type":"ReadAction","target":["https:\/\/www.chateaudegoutelas.fr\/archive\/du-20-01-au-23-01-a-la-croisee-des-savoirs-la-fabrique-des-nouvelles-solidarites\/"]}]},{"@type":"ImageObject","inLanguage":"en-GB","@id":"https:\/\/www.chateaudegoutelas.fr\/archive\/du-20-01-au-23-01-a-la-croisee-des-savoirs-la-fabrique-des-nouvelles-solidarites\/#primaryimage","url":"https:\/\/www.chateaudegoutelas.fr\/wp-content\/uploads\/2021\/12\/Visuel_a_la_croisee_des_savoirs-scaled.jpg","contentUrl":"https:\/\/www.chateaudegoutelas.fr\/wp-content\/uploads\/2021\/12\/Visuel_a_la_croisee_des_savoirs-scaled.jpg","width":2560,"height":1810},{"@type":"BreadcrumbList","@id":"https:\/\/www.chateaudegoutelas.fr\/archive\/du-20-01-au-23-01-a-la-croisee-des-savoirs-la-fabrique-des-nouvelles-solidarites\/#breadcrumb","itemListElement":[{"@type":"ListItem","position":1,"name":"Accueil","item":"https:\/\/www.chateaudegoutelas.fr\/"},{"@type":"ListItem","position":2,"name":"DU 20\/01 AU 23\/01 &#8211; \u00c0 LA CROIS\u00c9E DES SAVOIRS, la fabrique des nouvelles solidarit\u00e9s"}]},{"@type":"WebSite","@id":"https:\/\/www.chateaudegoutelas.fr\/#website","url":"https:\/\/www.chateaudegoutelas.fr\/","name":"Ch\u00e2teau de Goutelas","description":"Un centre culturel de rencontre en Forez","publisher":{"@id":"https:\/\/www.chateaudegoutelas.fr\/#organization"},"potentialAction":[{"@type":"SearchAction","target":{"@type":"EntryPoint","urlTemplate":"https:\/\/www.chateaudegoutelas.fr\/?s={search_term_string}"},"query-input":{"@type":"PropertyValueSpecification","valueRequired":true,"valueName":"search_term_string"}}],"inLanguage":"en-GB"},{"@type":"Organization","@id":"https:\/\/www.chateaudegoutelas.fr\/#organization","name":"Ch\u00e2teau de Goutelas","url":"https:\/\/www.chateaudegoutelas.fr\/","logo":{"@type":"ImageObject","inLanguage":"en-GB","@id":"https:\/\/www.chateaudegoutelas.fr\/#\/schema\/logo\/image\/","url":"https:\/\/www.chateaudegoutelas.fr\/wp-content\/uploads\/2023\/05\/logo-chateau-goutelas-bleu.png","contentUrl":"https:\/\/www.chateaudegoutelas.fr\/wp-content\/uploads\/2023\/05\/logo-chateau-goutelas-bleu.png","width":1123,"height":327,"caption":"Ch\u00e2teau de Goutelas"},"image":{"@id":"https:\/\/www.chateaudegoutelas.fr\/#\/schema\/logo\/image\/"}}]}},"_links":{"self":[{"href":"https:\/\/www.chateaudegoutelas.fr\/en\/wp-json\/wp\/v2\/archive\/3973","targetHints":{"allow":["GET"]}}],"collection":[{"href":"https:\/\/www.chateaudegoutelas.fr\/en\/wp-json\/wp\/v2\/archive"}],"about":[{"href":"https:\/\/www.chateaudegoutelas.fr\/en\/wp-json\/wp\/v2\/types\/archive"}],"author":[{"embeddable":true,"href":"https:\/\/www.chateaudegoutelas.fr\/en\/wp-json\/wp\/v2\/users\/7"}],"wp:featuredmedia":[{"embeddable":true,"href":"https:\/\/www.chateaudegoutelas.fr\/en\/wp-json\/wp\/v2\/media\/3974"}],"wp:attachment":[{"href":"https:\/\/www.chateaudegoutelas.fr\/en\/wp-json\/wp\/v2\/media?parent=3973"}],"wp:term":[{"taxonomy":"category","embeddable":true,"href":"https:\/\/www.chateaudegoutelas.fr\/en\/wp-json\/wp\/v2\/categories?post=3973"},{"taxonomy":"post_tag","embeddable":true,"href":"https:\/\/www.chateaudegoutelas.fr\/en\/wp-json\/wp\/v2\/tags?post=3973"}],"curies":[{"name":"wp","href":"https:\/\/api.w.org\/{rel}","templated":true}]}}