{"id":3895,"date":"2021-10-13T13:25:44","date_gmt":"2021-10-13T11:25:44","guid":{"rendered":"https:\/\/www.chateaudegoutelas.fr\/?p=3895"},"modified":"2023-05-26T09:56:50","modified_gmt":"2023-05-26T07:56:50","slug":"samedi-27-11-cinema-carte-blanche-au-gran-lux","status":"publish","type":"archive","link":"https:\/\/www.chateaudegoutelas.fr\/en\/archive\/samedi-27-11-cinema-carte-blanche-au-gran-lux\/","title":{"rendered":"SAMEDI 27.11 &#8211; CIN\u00c9MA : Carte blanche au Gran Lux"},"content":{"rendered":"<div class=\"shmMigrate\"><\/div>\n<div class=\"shmMigrate\"><\/div>\n<div class=\"shmMigrate\"><\/div>\n<div class=\"shmMigrate\"><\/div>\n<h4><strong>S\u00e9lection \u00e9clectique de films sur pellicule<\/strong><\/h4>\n<p>&nbsp;<\/p>\n<h4><span style=\"font-weight: 400;\">Samedi 27 novembre<\/span><\/h4>\n<h4><span style=\"font-weight: 400;\">19h &gt; 00h<\/span><\/h4>\n<p>&nbsp;<\/p>\n<div class=\"wpb_text_column wpb_content_element\">\n<div class=\"wpb_wrapper\">\n<h4>DANS LE CADRE DU TEMPS FORT\u00a0<a href=\"https:\/\/www.chateaudegoutelas.fr\/en\/du-25-11-au-28-11-images-migrantes-cinema-rencontres-spectacles\/\" target=\"_blank\" rel=\"noopener\">IMAGES MIGRANTES, REGARDS SUR L\u2019HOSPITALIT\u00c9 \u2013 DU 25 AU 29 NOVEMBRE 2021<\/a><\/h4>\n<\/div>\n<\/div>\n<div class=\"vc_empty_space\"><\/div>\n<div class=\"shmMigrate\"><\/div>\n<div class=\"shmMigrate\"><\/div>\n<div class=\"shmMigrate\"><\/div>\n<p><span style=\"font-weight: 400;\">Pour cette soir\u00e9e \u00e9v\u00e9nement, carte blanche au Gran Lux ! Le collectif cin\u00e9phile st\u00e9phanois s\u2019installe \u00e0 Goutelas avec <\/span><span style=\"font-weight: 400;\">ses projecteurs 35mm<\/span><span style=\"font-weight: 400;\"> et 16mm pour un bond dans les ann\u00e9es 1950 et 1970. L\u2019hospitalit\u00e9 \u00e9clair\u00e9e par le cin\u00e9ma d\u2019auteur&#8230; \u00c0 ne pas manquer !<\/span><\/p>\n<div class=\"shmMigrate\"><\/div>\n<div class=\"shmMigrate\"><\/div>\n<div class=\"shmMigrate\"><\/div>\n<p><strong>Les films au programme :<\/strong><\/p>\n<div class=\"shmMigrate\"><\/div>\n<div class=\"shmMigrate\"><\/div>\n<div class=\"shmMigrate\"><\/div>\n<p><a href=\"https:\/\/www.allocine.fr\/film\/fichefilm_gen_cfilm=1760.html\"><strong><i>Les statues meurent aussi <\/i>&#8211; Chris Marker, Alain Resnais et Ghislain Cloquet (France | 1953 | 30 min)<\/strong><\/a><\/p>\n<p>\u00ab Quand les hommes sont morts, ils entrent dans l&rsquo;histoire. Quand les statues sont mortes, elles entrent dans l&rsquo;art. Cette botanique de la mort, c&rsquo;est ce que nous appelons la culture. \u00bb<\/p>\n<p>C&rsquo;est ainsi que commence ce documentaire controvers\u00e9 qui pose la question de la diff\u00e9rence entre l&rsquo;art n\u00e8gre et l&rsquo;art royal, mais surtout celle de la relation qu&rsquo;entretient l&rsquo;Occident avec l&rsquo;Afrique. \u00c0 l&rsquo;\u00e9poque, les mouvements de d\u00e9colonisation n&rsquo;en sont encore qu&rsquo;\u00e0 leurs d\u00e9buts.<\/p>\n<p>&nbsp;<\/p>\n<p><a href=\"https:\/\/www.premiere.fr\/film\/Afrique-sur-Seine\"><strong><i>Afrique sur Seine <\/i>&#8211; Paulin Soumanou Vieyra, Mamadou Sarr et Jacques M\u00e9lo Kane (France | 1955 | 22 min)<\/strong><\/a><\/p>\n<p>C\u2019est faute d\u2019autorisation de tournage au S\u00e9n\u00e9gal que Paulin Soumanou Viera d\u00e9cide de tourner son premier court m\u00e9trage \u00e0 Paris. Ce film raconte la vie d\u2019\u00e9tudiants Africains \u00e0 Paris, leurs rencontres et la nostalgie qu\u2019ils \u00e9prouvent loin de leur terre natale. L\u2019Afrique est-elle aussi sur les bords de la Seine ? Ou au Quartier Latin ? Interrogations aigres-douces d\u2019une g\u00e9n\u00e9ration d\u2019artistes et d\u2019\u00e9tudiants \u00e0 la recherche de leur civilisation, de leur culture, de leur avenir.<\/p>\n<p>&nbsp;<\/p>\n<p><a href=\"https:\/\/www.bd-cine.com\/fiche.php?id=18381\"><strong><i>Kalla <\/i>&#8211; Fran\u00e7ois Villiers (France | 1955 | 18 min)<\/strong><\/a><\/p>\n<p>Install\u00e9 \u00e0 Paris, l&rsquo;\u00e9tudiant camerounais Kalla se rem\u00e9more l&rsquo;apparition de sa vocation comme ing\u00e9nieur en d\u00e9pit des traditions populaires de son village natal. A travers l&rsquo;histoire de sa scolarit\u00e9, son orientation au Cameroun puis en France, il explique \u00e9galement les sentiments qui le motivent \u00e0 fournir \u00e0 l&rsquo;ancienne colonie des comp\u00e9tences en hydro\u00e9lectricit\u00e9.<\/p>\n<p>&nbsp;<\/p>\n<p><a href=\"https:\/\/www.bd-cine.com\/fiche.php?id=16756\"><strong><i>Certifi\u00e9 exact \u201cLes \u00e9trangers\u201d<\/i> &#8211; Catherine Dehaut, Etienne de Grammont, Gilles Klotchkoff, Jean-Claude Larrieux, Carlos de los Ilanos, Henri Roux, Marcel Trillat et Fr\u00e9d\u00e9ric Variot (France | 1970 | 54 min)<\/strong><\/a><\/p>\n<p>Compos\u00e9 d\u2019images prises sur le vif et de t\u00e9moignages, ce film d\u00e9nonce avec force la politique alors suivie par la France en mati\u00e8re d\u2019immigration. On va, tr\u00e8s simplement, rencontrer les \u00e9trangers \u00e0 la gare d\u2019Austerlitz o\u00f9 ils arrivent avec tous leurs bagages, dans les quartiers d\u2019Aubervilliers ou de Nanterre qu\u2019ils occupent, puis sur les chantiers o\u00f9 ils travaillent. Si la parole des immigr\u00e9s est mise en avant, s\u2019entendent \u00e9galement celle des syndicalistes accompagnant les luttes de ces travailleurs invisibles, celle des maires communistes de Seine-Saint-Denis confront\u00e9s \u00e0 la concentration forc\u00e9e.<\/p>\n<p>&nbsp;<\/p>\n<p><a href=\"https:\/\/www.unifrance.org\/film\/43800\/etoile-aux-dents-ou-poulou-le-magnifique\"><strong><i>\u00c9toile aux dents ou Poulou le Magnifique &#8211; <\/i>Derri Barkani (France | 1971 | 83 min)<\/strong><\/a><\/p>\n<p>Dans les ann\u00e9es 70, quartier de la Goutte d\u2019or, trois amis d\u2019origine alg\u00e9rienne, mi-Pieds Nickel\u00e9s, mi Vitelloni, vivent d\u2019exp\u00e9dients. Poulou le plus mauvais boxeur toutes cat\u00e9gories, Amar le plus maladroit voleur de tous les temps et Jib\u00e9, \u00e9crivain public aupr\u00e8s de compatriotes illettr\u00e9s dont il conna\u00eet la vie en d\u00e9tail.<\/p>\n<div class=\"shmMigrate\"><\/div>\n<div class=\"shmMigrate\"><\/div>\n<div class=\"shmMigrate\"><\/div>\n<p><strong>10\u20ac | 8\u20ac tarif r\u00e9duit<\/strong><\/p>\n<p><strong>Sur r\u00e9servation<\/strong><\/p>\n<p><strong>D\u00eener possible \u00e0 Goutelas, 12\u20ac sur r\u00e9servation<\/strong><\/p>\n<div class=\"shmMigrate\"><\/div>\n<div class=\"shmMigrate\"><\/div>\n<div class=\"shmMigrate\"><\/div>\n<div class=\"shmMigrate\"><\/div>\n<p>Photo \u00a9 <i><span style=\"font-weight: 400;\">Afrique sur Seine <\/span><\/i><span style=\"font-weight: 400;\">&#8211; Paulin Soumanou Vieyra, Mamadou Sarr et Jacques M\u00e9lo Kane (France | 1955 | 22 min)<\/span><\/p>\n<div class=\"shmMigrate\"><\/div>\n<div class=\"shmMigrate\"><\/div>\n<div class=\"shmMigrate\"><\/div>\n<div class=\"shmMigrate\"><\/div>","protected":false},"author":7,"featured_media":3868,"template":"","meta":{"site-sidebar-layout":"default","site-content-layout":"","ast-site-content-layout":"default","site-content-style":"default","site-sidebar-style":"default","ast-global-header-display":"","ast-banner-title-visibility":"","ast-main-header-display":"","ast-hfb-above-header-display":"","ast-hfb-below-header-display":"","ast-hfb-mobile-header-display":"","site-post-title":"","ast-breadcrumbs-content":null,"ast-featured-img":"","footer-sml-layout":"","ast-disable-related-posts":"","theme-transparent-header-meta":"","adv-header-id-meta":"","stick-header-meta":"","header-above-stick-meta":null,"header-main-stick-meta":"","header-below-stick-meta":null,"astra-migrate-meta-layouts":"default","ast-page-background-enabled":"default","ast-page-background-meta":{"desktop":{"background-color":"","background-image":"","background-repeat":"repeat","background-position":"center center","background-size":"auto","background-attachment":"scroll","background-type":"","background-media":"","overlay-type":"","overlay-color":"","overlay-opacity":"","overlay-gradient":""},"tablet":{"background-color":"","background-image":"","background-repeat":"repeat","background-position":"center center","background-size":"auto","background-attachment":"scroll","background-type":"","background-media":"","overlay-type":"","overlay-color":"","overlay-opacity":"","overlay-gradient":""},"mobile":{"background-color":"","background-image":"","background-repeat":"repeat","background-position":"center center","background-size":"auto","background-attachment":"scroll","background-type":"","background-media":"","overlay-type":"","overlay-color":"","overlay-opacity":"","overlay-gradient":""}},"ast-content-background-meta":{"desktop":{"background-color":"var(--ast-global-color-5)","background-image":"","background-repeat":"repeat","background-position":"center center","background-size":"auto","background-attachment":"scroll","background-type":"","background-media":"","overlay-type":"","overlay-color":"","overlay-opacity":"","overlay-gradient":""},"tablet":{"background-color":"var(--ast-global-color-5)","background-image":"","background-repeat":"repeat","background-position":"center center","background-size":"auto","background-attachment":"scroll","background-type":"","background-media":"","overlay-type":"","overlay-color":"","overlay-opacity":"","overlay-gradient":""},"mobile":{"background-color":"var(--ast-global-color-5)","background-image":"","background-repeat":"repeat","background-position":"center center","background-size":"auto","background-attachment":"scroll","background-type":"","background-media":"","overlay-type":"","overlay-color":"","overlay-opacity":"","overlay-gradient":""}}},"categories":[4],"tags":[],"class_list":["post-3895","archive","type-archive","status-publish","has-post-thumbnail","hentry","category-actualites"],"yoast_head":"<!-- This site is optimized with the Yoast SEO plugin v27.5 - https:\/\/yoast.com\/product\/yoast-seo-wordpress\/ -->\n<title>SAMEDI 27.11 - CIN\u00c9MA : Carte blanche au Gran Lux - Ch\u00e2teau de Goutelas<\/title>\n<meta name=\"robots\" content=\"index, follow, max-snippet:-1, max-image-preview:large, max-video-preview:-1\" \/>\n<link rel=\"canonical\" href=\"https:\/\/www.chateaudegoutelas.fr\/en\/archive\/samedi-27-11-cinema-carte-blanche-au-gran-lux\/\" \/>\n<meta property=\"og:locale\" content=\"en_GB\" \/>\n<meta property=\"og:type\" content=\"article\" \/>\n<meta property=\"og:title\" content=\"SAMEDI 27.11 - CIN\u00c9MA : Carte blanche au Gran Lux - Ch\u00e2teau de Goutelas\" \/>\n<meta property=\"og:description\" content=\"S\u00e9lection \u00e9clectique de films sur pellicule &nbsp; Samedi 27 novembre 19h &gt; 00h &nbsp; DANS LE CADRE DU TEMPS FORT\u00a0IMAGES MIGRANTES, REGARDS SUR L\u2019HOSPITALIT\u00c9 \u2013 DU 25 AU 29 NOVEMBRE 2021 Pour cette soir\u00e9e \u00e9v\u00e9nement, carte blanche au Gran Lux ! Le collectif cin\u00e9phile st\u00e9phanois s\u2019installe \u00e0 Goutelas avec ses projecteurs 35mm et 16mm pour [&hellip;]\" \/>\n<meta property=\"og:url\" content=\"https:\/\/www.chateaudegoutelas.fr\/en\/archive\/samedi-27-11-cinema-carte-blanche-au-gran-lux\/\" \/>\n<meta property=\"og:site_name\" content=\"Ch\u00e2teau de Goutelas\" \/>\n<meta property=\"article:modified_time\" content=\"2023-05-26T07:56:50+00:00\" \/>\n<meta property=\"og:image\" content=\"https:\/\/www.chateaudegoutelas.fr\/wp-content\/uploads\/2021\/11\/Gran-Lux_cAfrique-sur-Seine.jpg\" \/>\n\t<meta property=\"og:image:width\" content=\"2362\" \/>\n\t<meta property=\"og:image:height\" content=\"1476\" \/>\n\t<meta property=\"og:image:type\" content=\"image\/jpeg\" \/>\n<meta name=\"twitter:card\" content=\"summary_large_image\" \/>\n<meta name=\"twitter:label1\" content=\"Estimated reading time\" \/>\n\t<meta name=\"twitter:data1\" content=\"3 minutes\" \/>\n<script type=\"application\/ld+json\" class=\"yoast-schema-graph\">{\"@context\":\"https:\\\/\\\/schema.org\",\"@graph\":[{\"@type\":\"WebPage\",\"@id\":\"https:\\\/\\\/www.chateaudegoutelas.fr\\\/archive\\\/samedi-27-11-cinema-carte-blanche-au-gran-lux\\\/\",\"url\":\"https:\\\/\\\/www.chateaudegoutelas.fr\\\/archive\\\/samedi-27-11-cinema-carte-blanche-au-gran-lux\\\/\",\"name\":\"SAMEDI 27.11 - CIN\u00c9MA : Carte blanche au Gran Lux - Ch\u00e2teau de Goutelas\",\"isPartOf\":{\"@id\":\"https:\\\/\\\/www.chateaudegoutelas.fr\\\/#website\"},\"primaryImageOfPage\":{\"@id\":\"https:\\\/\\\/www.chateaudegoutelas.fr\\\/archive\\\/samedi-27-11-cinema-carte-blanche-au-gran-lux\\\/#primaryimage\"},\"image\":{\"@id\":\"https:\\\/\\\/www.chateaudegoutelas.fr\\\/archive\\\/samedi-27-11-cinema-carte-blanche-au-gran-lux\\\/#primaryimage\"},\"thumbnailUrl\":\"https:\\\/\\\/www.chateaudegoutelas.fr\\\/wp-content\\\/uploads\\\/2021\\\/11\\\/Gran-Lux_cAfrique-sur-Seine.jpg\",\"datePublished\":\"2021-10-13T11:25:44+00:00\",\"dateModified\":\"2023-05-26T07:56:50+00:00\",\"breadcrumb\":{\"@id\":\"https:\\\/\\\/www.chateaudegoutelas.fr\\\/archive\\\/samedi-27-11-cinema-carte-blanche-au-gran-lux\\\/#breadcrumb\"},\"inLanguage\":\"en-GB\",\"potentialAction\":[{\"@type\":\"ReadAction\",\"target\":[\"https:\\\/\\\/www.chateaudegoutelas.fr\\\/archive\\\/samedi-27-11-cinema-carte-blanche-au-gran-lux\\\/\"]}]},{\"@type\":\"ImageObject\",\"inLanguage\":\"en-GB\",\"@id\":\"https:\\\/\\\/www.chateaudegoutelas.fr\\\/archive\\\/samedi-27-11-cinema-carte-blanche-au-gran-lux\\\/#primaryimage\",\"url\":\"https:\\\/\\\/www.chateaudegoutelas.fr\\\/wp-content\\\/uploads\\\/2021\\\/11\\\/Gran-Lux_cAfrique-sur-Seine.jpg\",\"contentUrl\":\"https:\\\/\\\/www.chateaudegoutelas.fr\\\/wp-content\\\/uploads\\\/2021\\\/11\\\/Gran-Lux_cAfrique-sur-Seine.jpg\",\"width\":2362,\"height\":1476},{\"@type\":\"BreadcrumbList\",\"@id\":\"https:\\\/\\\/www.chateaudegoutelas.fr\\\/archive\\\/samedi-27-11-cinema-carte-blanche-au-gran-lux\\\/#breadcrumb\",\"itemListElement\":[{\"@type\":\"ListItem\",\"position\":1,\"name\":\"Accueil\",\"item\":\"https:\\\/\\\/www.chateaudegoutelas.fr\\\/\"},{\"@type\":\"ListItem\",\"position\":2,\"name\":\"SAMEDI 27.11 &#8211; CIN\u00c9MA : Carte blanche au Gran Lux\"}]},{\"@type\":\"WebSite\",\"@id\":\"https:\\\/\\\/www.chateaudegoutelas.fr\\\/#website\",\"url\":\"https:\\\/\\\/www.chateaudegoutelas.fr\\\/\",\"name\":\"Ch\u00e2teau de Goutelas\",\"description\":\"Un centre culturel de rencontre en Forez\",\"publisher\":{\"@id\":\"https:\\\/\\\/www.chateaudegoutelas.fr\\\/#organization\"},\"potentialAction\":[{\"@type\":\"SearchAction\",\"target\":{\"@type\":\"EntryPoint\",\"urlTemplate\":\"https:\\\/\\\/www.chateaudegoutelas.fr\\\/?s={search_term_string}\"},\"query-input\":{\"@type\":\"PropertyValueSpecification\",\"valueRequired\":true,\"valueName\":\"search_term_string\"}}],\"inLanguage\":\"en-GB\"},{\"@type\":\"Organization\",\"@id\":\"https:\\\/\\\/www.chateaudegoutelas.fr\\\/#organization\",\"name\":\"Ch\u00e2teau de Goutelas\",\"url\":\"https:\\\/\\\/www.chateaudegoutelas.fr\\\/\",\"logo\":{\"@type\":\"ImageObject\",\"inLanguage\":\"en-GB\",\"@id\":\"https:\\\/\\\/www.chateaudegoutelas.fr\\\/#\\\/schema\\\/logo\\\/image\\\/\",\"url\":\"https:\\\/\\\/www.chateaudegoutelas.fr\\\/wp-content\\\/uploads\\\/2023\\\/05\\\/logo-chateau-goutelas-bleu.png\",\"contentUrl\":\"https:\\\/\\\/www.chateaudegoutelas.fr\\\/wp-content\\\/uploads\\\/2023\\\/05\\\/logo-chateau-goutelas-bleu.png\",\"width\":1123,\"height\":327,\"caption\":\"Ch\u00e2teau de Goutelas\"},\"image\":{\"@id\":\"https:\\\/\\\/www.chateaudegoutelas.fr\\\/#\\\/schema\\\/logo\\\/image\\\/\"}}]}<\/script>\n<!-- \/ Yoast SEO plugin. -->","yoast_head_json":{"title":"SAMEDI 27.11 - CIN\u00c9MA : Carte blanche au Gran Lux - Ch\u00e2teau de Goutelas","robots":{"index":"index","follow":"follow","max-snippet":"max-snippet:-1","max-image-preview":"max-image-preview:large","max-video-preview":"max-video-preview:-1"},"canonical":"https:\/\/www.chateaudegoutelas.fr\/en\/archive\/samedi-27-11-cinema-carte-blanche-au-gran-lux\/","og_locale":"en_GB","og_type":"article","og_title":"SAMEDI 27.11 - CIN\u00c9MA : Carte blanche au Gran Lux - Ch\u00e2teau de Goutelas","og_description":"S\u00e9lection \u00e9clectique de films sur pellicule &nbsp; Samedi 27 novembre 19h &gt; 00h &nbsp; DANS LE CADRE DU TEMPS FORT\u00a0IMAGES MIGRANTES, REGARDS SUR L\u2019HOSPITALIT\u00c9 \u2013 DU 25 AU 29 NOVEMBRE 2021 Pour cette soir\u00e9e \u00e9v\u00e9nement, carte blanche au Gran Lux ! Le collectif cin\u00e9phile st\u00e9phanois s\u2019installe \u00e0 Goutelas avec ses projecteurs 35mm et 16mm pour [&hellip;]","og_url":"https:\/\/www.chateaudegoutelas.fr\/en\/archive\/samedi-27-11-cinema-carte-blanche-au-gran-lux\/","og_site_name":"Ch\u00e2teau de Goutelas","article_modified_time":"2023-05-26T07:56:50+00:00","og_image":[{"width":2362,"height":1476,"url":"https:\/\/www.chateaudegoutelas.fr\/wp-content\/uploads\/2021\/11\/Gran-Lux_cAfrique-sur-Seine.jpg","type":"image\/jpeg"}],"twitter_card":"summary_large_image","twitter_misc":{"Estimated reading time":"3 minutes"},"schema":{"@context":"https:\/\/schema.org","@graph":[{"@type":"WebPage","@id":"https:\/\/www.chateaudegoutelas.fr\/archive\/samedi-27-11-cinema-carte-blanche-au-gran-lux\/","url":"https:\/\/www.chateaudegoutelas.fr\/archive\/samedi-27-11-cinema-carte-blanche-au-gran-lux\/","name":"SAMEDI 27.11 - CIN\u00c9MA : Carte blanche au Gran Lux - Ch\u00e2teau de Goutelas","isPartOf":{"@id":"https:\/\/www.chateaudegoutelas.fr\/#website"},"primaryImageOfPage":{"@id":"https:\/\/www.chateaudegoutelas.fr\/archive\/samedi-27-11-cinema-carte-blanche-au-gran-lux\/#primaryimage"},"image":{"@id":"https:\/\/www.chateaudegoutelas.fr\/archive\/samedi-27-11-cinema-carte-blanche-au-gran-lux\/#primaryimage"},"thumbnailUrl":"https:\/\/www.chateaudegoutelas.fr\/wp-content\/uploads\/2021\/11\/Gran-Lux_cAfrique-sur-Seine.jpg","datePublished":"2021-10-13T11:25:44+00:00","dateModified":"2023-05-26T07:56:50+00:00","breadcrumb":{"@id":"https:\/\/www.chateaudegoutelas.fr\/archive\/samedi-27-11-cinema-carte-blanche-au-gran-lux\/#breadcrumb"},"inLanguage":"en-GB","potentialAction":[{"@type":"ReadAction","target":["https:\/\/www.chateaudegoutelas.fr\/archive\/samedi-27-11-cinema-carte-blanche-au-gran-lux\/"]}]},{"@type":"ImageObject","inLanguage":"en-GB","@id":"https:\/\/www.chateaudegoutelas.fr\/archive\/samedi-27-11-cinema-carte-blanche-au-gran-lux\/#primaryimage","url":"https:\/\/www.chateaudegoutelas.fr\/wp-content\/uploads\/2021\/11\/Gran-Lux_cAfrique-sur-Seine.jpg","contentUrl":"https:\/\/www.chateaudegoutelas.fr\/wp-content\/uploads\/2021\/11\/Gran-Lux_cAfrique-sur-Seine.jpg","width":2362,"height":1476},{"@type":"BreadcrumbList","@id":"https:\/\/www.chateaudegoutelas.fr\/archive\/samedi-27-11-cinema-carte-blanche-au-gran-lux\/#breadcrumb","itemListElement":[{"@type":"ListItem","position":1,"name":"Accueil","item":"https:\/\/www.chateaudegoutelas.fr\/"},{"@type":"ListItem","position":2,"name":"SAMEDI 27.11 &#8211; CIN\u00c9MA : Carte blanche au Gran Lux"}]},{"@type":"WebSite","@id":"https:\/\/www.chateaudegoutelas.fr\/#website","url":"https:\/\/www.chateaudegoutelas.fr\/","name":"Ch\u00e2teau de Goutelas","description":"Un centre culturel de rencontre en Forez","publisher":{"@id":"https:\/\/www.chateaudegoutelas.fr\/#organization"},"potentialAction":[{"@type":"SearchAction","target":{"@type":"EntryPoint","urlTemplate":"https:\/\/www.chateaudegoutelas.fr\/?s={search_term_string}"},"query-input":{"@type":"PropertyValueSpecification","valueRequired":true,"valueName":"search_term_string"}}],"inLanguage":"en-GB"},{"@type":"Organization","@id":"https:\/\/www.chateaudegoutelas.fr\/#organization","name":"Ch\u00e2teau de Goutelas","url":"https:\/\/www.chateaudegoutelas.fr\/","logo":{"@type":"ImageObject","inLanguage":"en-GB","@id":"https:\/\/www.chateaudegoutelas.fr\/#\/schema\/logo\/image\/","url":"https:\/\/www.chateaudegoutelas.fr\/wp-content\/uploads\/2023\/05\/logo-chateau-goutelas-bleu.png","contentUrl":"https:\/\/www.chateaudegoutelas.fr\/wp-content\/uploads\/2023\/05\/logo-chateau-goutelas-bleu.png","width":1123,"height":327,"caption":"Ch\u00e2teau de Goutelas"},"image":{"@id":"https:\/\/www.chateaudegoutelas.fr\/#\/schema\/logo\/image\/"}}]}},"_links":{"self":[{"href":"https:\/\/www.chateaudegoutelas.fr\/en\/wp-json\/wp\/v2\/archive\/3895","targetHints":{"allow":["GET"]}}],"collection":[{"href":"https:\/\/www.chateaudegoutelas.fr\/en\/wp-json\/wp\/v2\/archive"}],"about":[{"href":"https:\/\/www.chateaudegoutelas.fr\/en\/wp-json\/wp\/v2\/types\/archive"}],"author":[{"embeddable":true,"href":"https:\/\/www.chateaudegoutelas.fr\/en\/wp-json\/wp\/v2\/users\/7"}],"wp:featuredmedia":[{"embeddable":true,"href":"https:\/\/www.chateaudegoutelas.fr\/en\/wp-json\/wp\/v2\/media\/3868"}],"wp:attachment":[{"href":"https:\/\/www.chateaudegoutelas.fr\/en\/wp-json\/wp\/v2\/media?parent=3895"}],"wp:term":[{"taxonomy":"category","embeddable":true,"href":"https:\/\/www.chateaudegoutelas.fr\/en\/wp-json\/wp\/v2\/categories?post=3895"},{"taxonomy":"post_tag","embeddable":true,"href":"https:\/\/www.chateaudegoutelas.fr\/en\/wp-json\/wp\/v2\/tags?post=3895"}],"curies":[{"name":"wp","href":"https:\/\/api.w.org\/{rel}","templated":true}]}}