{"id":3855,"date":"2021-10-13T12:51:00","date_gmt":"2021-10-13T10:51:00","guid":{"rendered":"https:\/\/www.chateaudegoutelas.fr\/?p=3855"},"modified":"2023-05-26T09:56:55","modified_gmt":"2023-05-26T07:56:55","slug":"images-migrantes-les-projections","status":"publish","type":"archive","link":"https:\/\/www.chateaudegoutelas.fr\/en\/archive\/images-migrantes-les-projections\/","title":{"rendered":"DU 25.11 AU 29.11 &#8211; IMAGES MIGRANTES : les projections"},"content":{"rendered":"<div class=\"shmMigrate\"><\/div>\n<div class=\"shmMigrate\"><\/div>\n<div class=\"shmMigrate\"><\/div>\n<div class=\"shmMigrate\"><\/div>\n<h4>Dans le cadre du temps fort <a href=\"https:\/\/www.chateaudegoutelas.fr\/en\/du-25-11-au-28-11-images-migrantes-cinema-rencontres-spectacles\/\" target=\"_blank\" rel=\"noopener\">Images migrantes, Regards sur l&rsquo;hospitalit\u00e9 &#8211; Du 25 au 29 novembre 2021<\/a><\/h4>\n<div class=\"shmMigrate\"><\/div>\n<div class=\"shmMigrate\"><\/div>\n<div class=\"shmMigrate\"><\/div>\n<h3><strong>S\u00e9ances \u00e0 Goutelas : films documentaires<\/strong><\/h3>\n<p>&nbsp;<\/p>\n<p><span style=\"font-weight: 400;\">\u00a0<\/span><span style=\"font-weight: 400;\">Hind Meddeb, Manon Ott et Tamara Stepanyan : les films de ces jeunes r\u00e9alisatrices pr\u00e9sentent trois exp\u00e9riences de la migration et de l\u2019(in)hospitalit\u00e9. Au c\u0153ur du quartier parisien de Stalingrad, d\u2019une banlieue ouvri\u00e8re en mutation ou d\u2019un petit village arm\u00e9nien, portraits de vies marqu\u00e9es par la travers\u00e9e des fronti\u00e8res.<\/span><\/p>\n<div class=\"shmMigrate\"><\/div>\n<div class=\"shmMigrate\"><\/div>\n<div class=\"shmMigrate\"><\/div>\n<h4><strong>Samedi 27 novembre | 14h<\/strong><\/h4>\n<h4><a href=\"http:\/\/www.film-documentaire.fr\/4DACTION\/w_fiche_film\/55380_1\"><strong>Paris Stalingrad<\/strong><\/a><\/h4>\n<p>&nbsp;<\/p>\n<p>Hind Meddeb et Thim Naccache (France | 2020 | 86 min)<\/p>\n<p>&nbsp;<\/p>\n<p>En suivant le jeune Souleymane, <em>Paris Stalingrad<\/em> retrace le parcours des migrants dans Paris : les campements de rue, les interminables files d\u2019attente devant les administrations, les descentes de police et la mobilisation des habitants du quartier pour venir en aide aux r\u00e9fugi\u00e9s.<\/p>\n<p>&nbsp;<\/p>\n<p><strong>En pr\u00e9sence de la r\u00e9alisatrice<\/strong><\/p>\n<div class=\"shmMigrate\"><\/div>\n<div class=\"shmMigrate\"><\/div>\n<div class=\"shmMigrate\"><\/div>\n<div class=\"shmMigrate\"><\/div>\n<div class=\"shmMigrate\"><\/div>\n<h4><strong>Dimanche 28 novembre | 11h<\/strong><\/h4>\n<h4><a href=\"http:\/\/www.film-documentaire.fr\/4DACTION\/w_fiche_film\/51954_1\" target=\"_blank\" rel=\"noopener\"><b>De cendres et de braises<\/b><\/a><\/h4>\n<p>&nbsp;<\/p>\n<p><span style=\"font-weight: 400;\">Manon Ott et Gr\u00e9gory Cohen (France | 2018 | 73 min)<\/span><\/p>\n<p>&nbsp;<\/p>\n<p>Portrait po\u00e9tique et politique d&rsquo;une banlieue ouvri\u00e8re en mutation,\u00a0De Cendres et de Braises\u00a0nous invite \u00e0 \u00e9couter les paroles des habitants des cit\u00e9s des Mureaux, pr\u00e8s de l&rsquo;usine Renault-Flins. Qu&rsquo;elles soient douces, r\u00e9volt\u00e9es ou chant\u00e9es, au pied des tours de la cit\u00e9, \u00e0 l&rsquo;entr\u00e9e de l&rsquo;usine ou \u00e0 c\u00f4t\u00e9 d&rsquo;un feu, celles-ci nous font traverser la nuit jusqu&rsquo;\u00e0 ce qu&rsquo;un nouveau jour se l\u00e8ve sur d&rsquo;autres lendemains possibles.<\/p>\n<div class=\"shmMigrate\"><\/div>\n<div class=\"shmMigrate\"><\/div>\n<div class=\"shmMigrate\"><\/div>\n<div class=\"shmMigrate\"><\/div>\n<div class=\"shmMigrate\"><\/div>\n<h4><strong>Dimanche 28 novembre | 15h<\/strong><\/h4>\n<h4><a href=\"http:\/\/www.film-documentaire.fr\/4DACTION\/w_fiche_film\/56801_1\"><b>Village de femmes<\/b><\/a><\/h4>\n<p>&nbsp;<\/p>\n<p><span style=\"font-weight: 400;\">Tamara Stepanyan (<\/span><span style=\"font-weight: 400;\">France, Arm\u00e9nie | 2019 | 92 min)<\/span><\/p>\n<p>&nbsp;<\/p>\n<p>Un village o\u00f9 r\u00e9sident des femmes, des enfants et des personnes \u00e2g\u00e9es. Les hommes partent neuf mois par an en Russie pour travailler. L&rsquo;\u00e9t\u00e9, une atmosph\u00e8re lente et conviviale ; les femmes font le foin, coupent l&rsquo;herbe et stockent pour l&rsquo;hiver.<\/p>\n<p>&nbsp;<\/p>\n<p><strong>En pr\u00e9sence de la r\u00e9alisatrice<\/strong><\/p>\n<div class=\"shmMigrate\"><\/div>\n<div class=\"shmMigrate\"><\/div>\n<div class=\"shmMigrate\"><\/div>\n<div class=\"shmMigrate\"><\/div>\n<div class=\"shmMigrate\"><\/div>\n<h3><strong>S\u00e9ances au cin\u00e9ma L&rsquo;Entract : films documentaires et fiction<\/strong><\/h3>\n<p>&nbsp;<\/p>\n<p><span style=\"font-weight: 400;\">Au cin\u00e9ma L&rsquo;Entract, 23 rue Alsace Lorraine, 42130 Bo\u00ebn-sur-Lignon<\/span><\/p>\n<div class=\"shmMigrate\"><\/div>\n<div class=\"shmMigrate\"><\/div>\n<div class=\"shmMigrate\"><\/div>\n<h4><strong>Jeudi 25 novembre | 20h30<\/strong><\/h4>\n<h4><a href=\"http:\/\/www.film-documentaire.fr\/4DACTION\/w_fiche_film\/59602_1\"><b>Demain est si loin<\/b><\/a><\/h4>\n<p>&nbsp;<\/p>\n<p><span style=\"font-weight: 400;\">Muriel Cravatte (France | 2020 | 88 min)<\/span><\/p>\n<p>&nbsp;<\/p>\n<p>Chaque jour, des exil\u00e9s tentent de traverser la fronti\u00e8re franco-italienne \u00e0 pied pour rejoindre la France, empruntant des itin\u00e9raires de montagne dangereux pour \u00e9chapper aux traques polici\u00e8res. Arriv\u00e9s \u00e0 Brian\u00e7on, ils sont accueillis pendant quelques jours au Refuge Solidaire, h\u00e9bergement d\u2019urgence g\u00e9r\u00e9 par des b\u00e9n\u00e9voles. Entre harc\u00e8lement policier et criminalisation, les solidaires qui viennent en aide aux exil\u00e9s s\u2019organisent pour continuer \u00e0 agir.<\/p>\n<p>&nbsp;<\/p>\n<p><strong>En pr\u00e9sence de la r\u00e9alisatrice<\/strong><\/p>\n<div class=\"shmMigrate\"><\/div>\n<div class=\"shmMigrate\"><\/div>\n<div class=\"shmMigrate\"><\/div>\n<div class=\"shmMigrate\"><\/div>\n<div class=\"shmMigrate\"><\/div>\n<h4><strong>Dimanche 28 novembre | 17h30<\/strong><\/h4>\n<h4><a href=\"http:\/\/www.film-documentaire.fr\/4DACTION\/w_fiche_film\/55325_1\"><b>Midnight Traveler<\/b><\/a><\/h4>\n<p>&nbsp;<\/p>\n<p><span style=\"font-weight: 400;\">Hassan Fazili<\/span><span style=\"font-weight: 400;\"> (\u00c9tats-Unis, Qatar, Royaume-Uni, Canada | 2019 | 87 min)<\/span><\/p>\n<p>&nbsp;<\/p>\n<p>Lorsque les talibans mettent sa t\u00eate \u00e0 prix, le r\u00e9alisateur afghan Hassan Fazili est forc\u00e9 de prendre la fuite avec sa femme et ses deux jeunes filles. Saisissant leur parcours incertain \u00e0 l\u2019aide de trois smartphones, Fazili montre \u00e0 la fois le danger et le d\u00e9sespoir auxquels sont confront\u00e9s les r\u00e9fugi\u00e9s demandeurs d\u2019asile mais aussi l\u2019immense amour qui le lie \u00e0 sa famille.<\/p>\n<div class=\"shmMigrate\"><\/div>\n<div class=\"shmMigrate\"><\/div>\n<div class=\"shmMigrate\"><\/div>\n<div class=\"shmMigrate\"><\/div>\n<div class=\"shmMigrate\"><\/div>\n<h4><strong>Dimanche 28 novembre | 20h30<\/strong><\/h4>\n<h4><a href=\"https:\/\/www.telerama.fr\/cinema\/atlantique,-de-mati-diop-un-conte-eblouissant,n6448099.php\"><b>Atlantique<\/b><\/a><\/h4>\n<p>&nbsp;<\/p>\n<p><span style=\"font-weight: 400;\">Mati Diop (France, S\u00e9n\u00e9gal, Belgique | 2019 | 104 min) <\/span><\/p>\n<p>&nbsp;<\/p>\n<p>Dans une banlieue populaire de Dakar, les ouvriers d\u2019un chantier, sans salaire depuis des mois, d\u00e9cident de quitter le pays par l\u2019oc\u00e9an pour un avenir meilleur. Parmi eux se trouve Souleiman, qui laisse derri\u00e8re lui celle qu&rsquo;il aime, Ada, promise \u00e0 un autre homme. Quelques jours apr\u00e8s le d\u00e9part en mer des gar\u00e7ons, un incendie d\u00e9vaste la f\u00eate de mariage d\u2019Ada et de myst\u00e9rieuses fi\u00e8vres s&#8217;emparent des filles du quartier.<\/p>\n<div class=\"shmMigrate\"><\/div>\n<div class=\"shmMigrate\"><\/div>\n<div class=\"shmMigrate\"><\/div>\n<div class=\"shmMigrate\"><\/div>\n<div class=\"shmMigrate\"><\/div>\n<h4><strong>Lundi 29 novembre | 20h30<\/strong><\/h4>\n<h4><a href=\"http:\/\/www.film-documentaire.fr\/4DACTION\/w_actualite_film\/55372\" target=\"_blank\" rel=\"noopener\"><b>Le bon grain et l&rsquo;ivraie<\/b><\/a><\/h4>\n<p>&nbsp;<\/p>\n<p><span style=\"font-weight: 400;\">Manuela Fresil (France | 2018 | 94 min) <\/span><\/p>\n<p>&nbsp;<\/p>\n<p>En petite bande joyeuse, ils dansent, rient, font des batailles de boules de neige, mais o\u00f9 dormiront-ils cette nuit\u00a0? Dans un hall de gare\u00a0? Dans un centre d\u2019h\u00e9bergement\u00a0? En France, aucun enfant ne devrait se poser ces questions.<\/p>\n<div class=\"shmMigrate\"><\/div>\n<div class=\"shmMigrate\"><\/div>\n<div class=\"shmMigrate\"><\/div>\n<div class=\"shmMigrate\"><\/div>\n<div class=\"shmMigrate\"><\/div>\n<p><b>S\u00e9ances \u00e0 Goutelas : gratuit, sur r\u00e9servation<\/b><\/p>\n<p><strong>S\u00e9ances au cin\u00e9ma : 6 \u20ac | 5 \u20ac tarif \u00e9tudiant, billetterie sur place (pas de r\u00e9servation)<\/strong><\/p>\n<div class=\"shmMigrate\"><\/div>\n<div class=\"shmMigrate\"><\/div>\n<div class=\"shmMigrate\"><\/div>\n<div class=\"shmMigrate\"><\/div>\n<p>Photo \u00a9 <i><span style=\"font-weight: 400;\">Paris Stalingrad &#8211; <\/span><\/i><span style=\"font-weight: 400;\">Hind Meddeb et Thim Naccache<\/span> <span style=\"font-weight: 400;\">\u00a0(France | 2020 | 86 min)<\/span><\/p>\n<div class=\"shmMigrate\"><\/div>\n<div class=\"shmMigrate\"><\/div>\n<div class=\"shmMigrate\"><\/div>\n<div class=\"shmMigrate\"><\/div>","protected":false},"author":7,"featured_media":3870,"template":"","meta":{"site-sidebar-layout":"default","site-content-layout":"","ast-site-content-layout":"default","site-content-style":"default","site-sidebar-style":"default","ast-global-header-display":"","ast-banner-title-visibility":"","ast-main-header-display":"","ast-hfb-above-header-display":"","ast-hfb-below-header-display":"","ast-hfb-mobile-header-display":"","site-post-title":"","ast-breadcrumbs-content":null,"ast-featured-img":"","footer-sml-layout":"","ast-disable-related-posts":"","theme-transparent-header-meta":"","adv-header-id-meta":"","stick-header-meta":"","header-above-stick-meta":null,"header-main-stick-meta":"","header-below-stick-meta":null,"astra-migrate-meta-layouts":"default","ast-page-background-enabled":"default","ast-page-background-meta":{"desktop":{"background-color":"","background-image":"","background-repeat":"repeat","background-position":"center center","background-size":"auto","background-attachment":"scroll","background-type":"","background-media":"","overlay-type":"","overlay-color":"","overlay-opacity":"","overlay-gradient":""},"tablet":{"background-color":"","background-image":"","background-repeat":"repeat","background-position":"center center","background-size":"auto","background-attachment":"scroll","background-type":"","background-media":"","overlay-type":"","overlay-color":"","overlay-opacity":"","overlay-gradient":""},"mobile":{"background-color":"","background-image":"","background-repeat":"repeat","background-position":"center center","background-size":"auto","background-attachment":"scroll","background-type":"","background-media":"","overlay-type":"","overlay-color":"","overlay-opacity":"","overlay-gradient":""}},"ast-content-background-meta":{"desktop":{"background-color":"var(--ast-global-color-5)","background-image":"","background-repeat":"repeat","background-position":"center center","background-size":"auto","background-attachment":"scroll","background-type":"","background-media":"","overlay-type":"","overlay-color":"","overlay-opacity":"","overlay-gradient":""},"tablet":{"background-color":"var(--ast-global-color-5)","background-image":"","background-repeat":"repeat","background-position":"center center","background-size":"auto","background-attachment":"scroll","background-type":"","background-media":"","overlay-type":"","overlay-color":"","overlay-opacity":"","overlay-gradient":""},"mobile":{"background-color":"var(--ast-global-color-5)","background-image":"","background-repeat":"repeat","background-position":"center center","background-size":"auto","background-attachment":"scroll","background-type":"","background-media":"","overlay-type":"","overlay-color":"","overlay-opacity":"","overlay-gradient":""}}},"categories":[4],"tags":[],"class_list":["post-3855","archive","type-archive","status-publish","has-post-thumbnail","hentry","category-actualites"],"yoast_head":"<!-- This site is optimized with the Yoast SEO plugin v27.5 - https:\/\/yoast.com\/product\/yoast-seo-wordpress\/ -->\n<title>DU 25.11 AU 29.11 - IMAGES MIGRANTES : les projections - Ch\u00e2teau de Goutelas<\/title>\n<meta name=\"robots\" content=\"index, follow, max-snippet:-1, max-image-preview:large, max-video-preview:-1\" \/>\n<link rel=\"canonical\" href=\"https:\/\/www.chateaudegoutelas.fr\/en\/archive\/images-migrantes-les-projections\/\" \/>\n<meta property=\"og:locale\" content=\"en_GB\" \/>\n<meta property=\"og:type\" content=\"article\" \/>\n<meta property=\"og:title\" content=\"DU 25.11 AU 29.11 - IMAGES MIGRANTES : les projections - Ch\u00e2teau de Goutelas\" \/>\n<meta property=\"og:description\" content=\"Dans le cadre du temps fort Images migrantes, Regards sur l&rsquo;hospitalit\u00e9 &#8211; Du 25 au 29 novembre 2021 S\u00e9ances \u00e0 Goutelas : films documentaires &nbsp; \u00a0Hind Meddeb, Manon Ott et Tamara Stepanyan : les films de ces jeunes r\u00e9alisatrices pr\u00e9sentent trois exp\u00e9riences de la migration et de l\u2019(in)hospitalit\u00e9. Au c\u0153ur du quartier parisien de Stalingrad, [&hellip;]\" \/>\n<meta property=\"og:url\" content=\"https:\/\/www.chateaudegoutelas.fr\/en\/archive\/images-migrantes-les-projections\/\" \/>\n<meta property=\"og:site_name\" content=\"Ch\u00e2teau de Goutelas\" \/>\n<meta property=\"article:modified_time\" content=\"2023-05-26T07:56:55+00:00\" \/>\n<meta property=\"og:image\" content=\"https:\/\/www.chateaudegoutelas.fr\/wp-content\/uploads\/2021\/11\/paris-stalingrad.jpg\" \/>\n\t<meta property=\"og:image:width\" content=\"1920\" \/>\n\t<meta property=\"og:image:height\" content=\"1080\" \/>\n\t<meta property=\"og:image:type\" content=\"image\/jpeg\" \/>\n<meta name=\"twitter:card\" content=\"summary_large_image\" \/>\n<meta name=\"twitter:label1\" content=\"Estimated reading time\" \/>\n\t<meta name=\"twitter:data1\" content=\"4 minutes\" \/>\n<script type=\"application\/ld+json\" class=\"yoast-schema-graph\">{\"@context\":\"https:\\\/\\\/schema.org\",\"@graph\":[{\"@type\":\"WebPage\",\"@id\":\"https:\\\/\\\/www.chateaudegoutelas.fr\\\/archive\\\/images-migrantes-les-projections\\\/\",\"url\":\"https:\\\/\\\/www.chateaudegoutelas.fr\\\/archive\\\/images-migrantes-les-projections\\\/\",\"name\":\"DU 25.11 AU 29.11 - IMAGES MIGRANTES : les projections - Ch\u00e2teau de Goutelas\",\"isPartOf\":{\"@id\":\"https:\\\/\\\/www.chateaudegoutelas.fr\\\/#website\"},\"primaryImageOfPage\":{\"@id\":\"https:\\\/\\\/www.chateaudegoutelas.fr\\\/archive\\\/images-migrantes-les-projections\\\/#primaryimage\"},\"image\":{\"@id\":\"https:\\\/\\\/www.chateaudegoutelas.fr\\\/archive\\\/images-migrantes-les-projections\\\/#primaryimage\"},\"thumbnailUrl\":\"https:\\\/\\\/www.chateaudegoutelas.fr\\\/wp-content\\\/uploads\\\/2021\\\/11\\\/paris-stalingrad.jpg\",\"datePublished\":\"2021-10-13T10:51:00+00:00\",\"dateModified\":\"2023-05-26T07:56:55+00:00\",\"breadcrumb\":{\"@id\":\"https:\\\/\\\/www.chateaudegoutelas.fr\\\/archive\\\/images-migrantes-les-projections\\\/#breadcrumb\"},\"inLanguage\":\"en-GB\",\"potentialAction\":[{\"@type\":\"ReadAction\",\"target\":[\"https:\\\/\\\/www.chateaudegoutelas.fr\\\/archive\\\/images-migrantes-les-projections\\\/\"]}]},{\"@type\":\"ImageObject\",\"inLanguage\":\"en-GB\",\"@id\":\"https:\\\/\\\/www.chateaudegoutelas.fr\\\/archive\\\/images-migrantes-les-projections\\\/#primaryimage\",\"url\":\"https:\\\/\\\/www.chateaudegoutelas.fr\\\/wp-content\\\/uploads\\\/2021\\\/11\\\/paris-stalingrad.jpg\",\"contentUrl\":\"https:\\\/\\\/www.chateaudegoutelas.fr\\\/wp-content\\\/uploads\\\/2021\\\/11\\\/paris-stalingrad.jpg\",\"width\":1920,\"height\":1080},{\"@type\":\"BreadcrumbList\",\"@id\":\"https:\\\/\\\/www.chateaudegoutelas.fr\\\/archive\\\/images-migrantes-les-projections\\\/#breadcrumb\",\"itemListElement\":[{\"@type\":\"ListItem\",\"position\":1,\"name\":\"Accueil\",\"item\":\"https:\\\/\\\/www.chateaudegoutelas.fr\\\/\"},{\"@type\":\"ListItem\",\"position\":2,\"name\":\"DU 25.11 AU 29.11 &#8211; IMAGES MIGRANTES : les projections\"}]},{\"@type\":\"WebSite\",\"@id\":\"https:\\\/\\\/www.chateaudegoutelas.fr\\\/#website\",\"url\":\"https:\\\/\\\/www.chateaudegoutelas.fr\\\/\",\"name\":\"Ch\u00e2teau de Goutelas\",\"description\":\"Un centre culturel de rencontre en Forez\",\"publisher\":{\"@id\":\"https:\\\/\\\/www.chateaudegoutelas.fr\\\/#organization\"},\"potentialAction\":[{\"@type\":\"SearchAction\",\"target\":{\"@type\":\"EntryPoint\",\"urlTemplate\":\"https:\\\/\\\/www.chateaudegoutelas.fr\\\/?s={search_term_string}\"},\"query-input\":{\"@type\":\"PropertyValueSpecification\",\"valueRequired\":true,\"valueName\":\"search_term_string\"}}],\"inLanguage\":\"en-GB\"},{\"@type\":\"Organization\",\"@id\":\"https:\\\/\\\/www.chateaudegoutelas.fr\\\/#organization\",\"name\":\"Ch\u00e2teau de Goutelas\",\"url\":\"https:\\\/\\\/www.chateaudegoutelas.fr\\\/\",\"logo\":{\"@type\":\"ImageObject\",\"inLanguage\":\"en-GB\",\"@id\":\"https:\\\/\\\/www.chateaudegoutelas.fr\\\/#\\\/schema\\\/logo\\\/image\\\/\",\"url\":\"https:\\\/\\\/www.chateaudegoutelas.fr\\\/wp-content\\\/uploads\\\/2023\\\/05\\\/logo-chateau-goutelas-bleu.png\",\"contentUrl\":\"https:\\\/\\\/www.chateaudegoutelas.fr\\\/wp-content\\\/uploads\\\/2023\\\/05\\\/logo-chateau-goutelas-bleu.png\",\"width\":1123,\"height\":327,\"caption\":\"Ch\u00e2teau de Goutelas\"},\"image\":{\"@id\":\"https:\\\/\\\/www.chateaudegoutelas.fr\\\/#\\\/schema\\\/logo\\\/image\\\/\"}}]}<\/script>\n<!-- \/ Yoast SEO plugin. -->","yoast_head_json":{"title":"DU 25.11 AU 29.11 - IMAGES MIGRANTES : les projections - Ch\u00e2teau de Goutelas","robots":{"index":"index","follow":"follow","max-snippet":"max-snippet:-1","max-image-preview":"max-image-preview:large","max-video-preview":"max-video-preview:-1"},"canonical":"https:\/\/www.chateaudegoutelas.fr\/en\/archive\/images-migrantes-les-projections\/","og_locale":"en_GB","og_type":"article","og_title":"DU 25.11 AU 29.11 - IMAGES MIGRANTES : les projections - Ch\u00e2teau de Goutelas","og_description":"Dans le cadre du temps fort Images migrantes, Regards sur l&rsquo;hospitalit\u00e9 &#8211; Du 25 au 29 novembre 2021 S\u00e9ances \u00e0 Goutelas : films documentaires &nbsp; \u00a0Hind Meddeb, Manon Ott et Tamara Stepanyan : les films de ces jeunes r\u00e9alisatrices pr\u00e9sentent trois exp\u00e9riences de la migration et de l\u2019(in)hospitalit\u00e9. Au c\u0153ur du quartier parisien de Stalingrad, [&hellip;]","og_url":"https:\/\/www.chateaudegoutelas.fr\/en\/archive\/images-migrantes-les-projections\/","og_site_name":"Ch\u00e2teau de Goutelas","article_modified_time":"2023-05-26T07:56:55+00:00","og_image":[{"width":1920,"height":1080,"url":"https:\/\/www.chateaudegoutelas.fr\/wp-content\/uploads\/2021\/11\/paris-stalingrad.jpg","type":"image\/jpeg"}],"twitter_card":"summary_large_image","twitter_misc":{"Estimated reading time":"4 minutes"},"schema":{"@context":"https:\/\/schema.org","@graph":[{"@type":"WebPage","@id":"https:\/\/www.chateaudegoutelas.fr\/archive\/images-migrantes-les-projections\/","url":"https:\/\/www.chateaudegoutelas.fr\/archive\/images-migrantes-les-projections\/","name":"DU 25.11 AU 29.11 - IMAGES MIGRANTES : les projections - Ch\u00e2teau de Goutelas","isPartOf":{"@id":"https:\/\/www.chateaudegoutelas.fr\/#website"},"primaryImageOfPage":{"@id":"https:\/\/www.chateaudegoutelas.fr\/archive\/images-migrantes-les-projections\/#primaryimage"},"image":{"@id":"https:\/\/www.chateaudegoutelas.fr\/archive\/images-migrantes-les-projections\/#primaryimage"},"thumbnailUrl":"https:\/\/www.chateaudegoutelas.fr\/wp-content\/uploads\/2021\/11\/paris-stalingrad.jpg","datePublished":"2021-10-13T10:51:00+00:00","dateModified":"2023-05-26T07:56:55+00:00","breadcrumb":{"@id":"https:\/\/www.chateaudegoutelas.fr\/archive\/images-migrantes-les-projections\/#breadcrumb"},"inLanguage":"en-GB","potentialAction":[{"@type":"ReadAction","target":["https:\/\/www.chateaudegoutelas.fr\/archive\/images-migrantes-les-projections\/"]}]},{"@type":"ImageObject","inLanguage":"en-GB","@id":"https:\/\/www.chateaudegoutelas.fr\/archive\/images-migrantes-les-projections\/#primaryimage","url":"https:\/\/www.chateaudegoutelas.fr\/wp-content\/uploads\/2021\/11\/paris-stalingrad.jpg","contentUrl":"https:\/\/www.chateaudegoutelas.fr\/wp-content\/uploads\/2021\/11\/paris-stalingrad.jpg","width":1920,"height":1080},{"@type":"BreadcrumbList","@id":"https:\/\/www.chateaudegoutelas.fr\/archive\/images-migrantes-les-projections\/#breadcrumb","itemListElement":[{"@type":"ListItem","position":1,"name":"Accueil","item":"https:\/\/www.chateaudegoutelas.fr\/"},{"@type":"ListItem","position":2,"name":"DU 25.11 AU 29.11 &#8211; IMAGES MIGRANTES : les projections"}]},{"@type":"WebSite","@id":"https:\/\/www.chateaudegoutelas.fr\/#website","url":"https:\/\/www.chateaudegoutelas.fr\/","name":"Ch\u00e2teau de Goutelas","description":"Un centre culturel de rencontre en Forez","publisher":{"@id":"https:\/\/www.chateaudegoutelas.fr\/#organization"},"potentialAction":[{"@type":"SearchAction","target":{"@type":"EntryPoint","urlTemplate":"https:\/\/www.chateaudegoutelas.fr\/?s={search_term_string}"},"query-input":{"@type":"PropertyValueSpecification","valueRequired":true,"valueName":"search_term_string"}}],"inLanguage":"en-GB"},{"@type":"Organization","@id":"https:\/\/www.chateaudegoutelas.fr\/#organization","name":"Ch\u00e2teau de Goutelas","url":"https:\/\/www.chateaudegoutelas.fr\/","logo":{"@type":"ImageObject","inLanguage":"en-GB","@id":"https:\/\/www.chateaudegoutelas.fr\/#\/schema\/logo\/image\/","url":"https:\/\/www.chateaudegoutelas.fr\/wp-content\/uploads\/2023\/05\/logo-chateau-goutelas-bleu.png","contentUrl":"https:\/\/www.chateaudegoutelas.fr\/wp-content\/uploads\/2023\/05\/logo-chateau-goutelas-bleu.png","width":1123,"height":327,"caption":"Ch\u00e2teau de Goutelas"},"image":{"@id":"https:\/\/www.chateaudegoutelas.fr\/#\/schema\/logo\/image\/"}}]}},"_links":{"self":[{"href":"https:\/\/www.chateaudegoutelas.fr\/en\/wp-json\/wp\/v2\/archive\/3855","targetHints":{"allow":["GET"]}}],"collection":[{"href":"https:\/\/www.chateaudegoutelas.fr\/en\/wp-json\/wp\/v2\/archive"}],"about":[{"href":"https:\/\/www.chateaudegoutelas.fr\/en\/wp-json\/wp\/v2\/types\/archive"}],"author":[{"embeddable":true,"href":"https:\/\/www.chateaudegoutelas.fr\/en\/wp-json\/wp\/v2\/users\/7"}],"wp:featuredmedia":[{"embeddable":true,"href":"https:\/\/www.chateaudegoutelas.fr\/en\/wp-json\/wp\/v2\/media\/3870"}],"wp:attachment":[{"href":"https:\/\/www.chateaudegoutelas.fr\/en\/wp-json\/wp\/v2\/media?parent=3855"}],"wp:term":[{"taxonomy":"category","embeddable":true,"href":"https:\/\/www.chateaudegoutelas.fr\/en\/wp-json\/wp\/v2\/categories?post=3855"},{"taxonomy":"post_tag","embeddable":true,"href":"https:\/\/www.chateaudegoutelas.fr\/en\/wp-json\/wp\/v2\/tags?post=3855"}],"curies":[{"name":"wp","href":"https:\/\/api.w.org\/{rel}","templated":true}]}}