{"id":3844,"date":"2021-10-13T12:41:49","date_gmt":"2021-10-13T10:41:49","guid":{"rendered":"https:\/\/www.chateaudegoutelas.fr\/?p=3844"},"modified":"2023-05-26T09:56:58","modified_gmt":"2023-05-26T07:56:58","slug":"du-08-11-au-03-12-artiste-en-residence-fadi-idris","status":"publish","type":"archive","link":"https:\/\/www.chateaudegoutelas.fr\/en\/archive\/du-08-11-au-03-12-artiste-en-residence-fadi-idris\/","title":{"rendered":"DU 08.11 AU 03.12 &#8211; ARTISTE EN R\u00c9SIDENCE : Fadi Idris"},"content":{"rendered":"<div class=\"shmMigrate\"><\/div>\n<div class=\"shmMigrate\"><\/div>\n<div class=\"shmMigrate\"><\/div>\n<div class=\"shmMigrate\"><\/div>\n<p>Originaire de Bethl\u00e9em, Fadi Idris est un jeune r\u00e9alisateur d\u00e9j\u00e0 prim\u00e9 pour son film <em><a href=\"https:\/\/drive.google.com\/file\/d\/0B9z1r2Hwm8UWeEhOX01ha3g4LVE\/view?resourcekey=0-PyHkTkRxSFAHsz2_zIAbdg\">Six Fingers<\/a><\/em>. Il a r\u00e9alis\u00e9 plusieurs courts-m\u00e9trages documentaires dont <a href=\"https:\/\/drive.google.com\/file\/d\/1gyupnmQGp9vfFdMaGmpicBtRwIre3yvP\/view\"><em>La veine de ma vie<\/em><\/a> sur les b\u00e9douins de Palestine <span class=\"\">ainsi que\u00a0<\/span><em class=\"\"><span class=\"\">La maison bleue<\/span><\/em><span class=\"\">\u00a0<\/span><span class=\"\">sur l\u2019artiste ALPHA pour l\u2019exposition \u00ab Calais. T\u00e9moigner de la Jungle \u00bb au Centre Pompidou.<\/span>\u00a0En r\u00e9sidence \u00e0 Goutelas, il travaille le script de son nouveau projet de film <em>Le franchissement<\/em>, qui sera bas\u00e9 sur son histoire personnelle : passant la fronti\u00e8re, cach\u00e9 dans le coffre d\u2019une voiture ; escaladant \u00ab le mur de la honte \u00bb ; sautant d\u2019un arbre.<\/p>\n<p>&nbsp;<\/p>\n<p>Dans le cadre du <a href=\"https:\/\/www.accr-europe.org\/fr\/les-residences\/les-programmes\/nora\">programme Nora<\/a> (Minist\u00e8re de la Culture &#8211; <a href=\"https:\/\/www.accr-europe.org\/\">Association des Centres culturels de rencontre<\/a>)<\/p>\n<div class=\"shmMigrate\"><\/div>\n<div class=\"shmMigrate\"><\/div>\n<div class=\"shmMigrate\"><\/div>\n<div class=\"shmMigrate\"><\/div>\n<p>Photo \u00a9 JosephineVGH<\/p>\n<div class=\"shmMigrate\"><\/div>\n<div class=\"shmMigrate\"><\/div>\n<div class=\"shmMigrate\"><\/div>\n<div class=\"shmMigrate\"><\/div>","protected":false},"author":7,"featured_media":3845,"template":"","meta":{"site-sidebar-layout":"default","site-content-layout":"","ast-site-content-layout":"default","site-content-style":"default","site-sidebar-style":"default","ast-global-header-display":"","ast-banner-title-visibility":"","ast-main-header-display":"","ast-hfb-above-header-display":"","ast-hfb-below-header-display":"","ast-hfb-mobile-header-display":"","site-post-title":"","ast-breadcrumbs-content":null,"ast-featured-img":"","footer-sml-layout":"","ast-disable-related-posts":"","theme-transparent-header-meta":"","adv-header-id-meta":"","stick-header-meta":"","header-above-stick-meta":null,"header-main-stick-meta":"","header-below-stick-meta":null,"astra-migrate-meta-layouts":"default","ast-page-background-enabled":"default","ast-page-background-meta":{"desktop":{"background-color":"","background-image":"","background-repeat":"repeat","background-position":"center center","background-size":"auto","background-attachment":"scroll","background-type":"","background-media":"","overlay-type":"","overlay-color":"","overlay-opacity":"","overlay-gradient":""},"tablet":{"background-color":"","background-image":"","background-repeat":"repeat","background-position":"center center","background-size":"auto","background-attachment":"scroll","background-type":"","background-media":"","overlay-type":"","overlay-color":"","overlay-opacity":"","overlay-gradient":""},"mobile":{"background-color":"","background-image":"","background-repeat":"repeat","background-position":"center center","background-size":"auto","background-attachment":"scroll","background-type":"","background-media":"","overlay-type":"","overlay-color":"","overlay-opacity":"","overlay-gradient":""}},"ast-content-background-meta":{"desktop":{"background-color":"var(--ast-global-color-5)","background-image":"","background-repeat":"repeat","background-position":"center center","background-size":"auto","background-attachment":"scroll","background-type":"","background-media":"","overlay-type":"","overlay-color":"","overlay-opacity":"","overlay-gradient":""},"tablet":{"background-color":"var(--ast-global-color-5)","background-image":"","background-repeat":"repeat","background-position":"center center","background-size":"auto","background-attachment":"scroll","background-type":"","background-media":"","overlay-type":"","overlay-color":"","overlay-opacity":"","overlay-gradient":""},"mobile":{"background-color":"var(--ast-global-color-5)","background-image":"","background-repeat":"repeat","background-position":"center center","background-size":"auto","background-attachment":"scroll","background-type":"","background-media":"","overlay-type":"","overlay-color":"","overlay-opacity":"","overlay-gradient":""}}},"categories":[4],"tags":[],"class_list":["post-3844","archive","type-archive","status-publish","has-post-thumbnail","hentry","category-actualites"],"yoast_head":"<!-- This site is optimized with the Yoast SEO plugin v27.5 - https:\/\/yoast.com\/product\/yoast-seo-wordpress\/ -->\n<title>DU 08.11 AU 03.12 - ARTISTE EN R\u00c9SIDENCE : Fadi Idris - Ch\u00e2teau de Goutelas<\/title>\n<meta name=\"robots\" content=\"index, follow, max-snippet:-1, max-image-preview:large, max-video-preview:-1\" \/>\n<link rel=\"canonical\" href=\"https:\/\/www.chateaudegoutelas.fr\/en\/archive\/du-08-11-au-03-12-artiste-en-residence-fadi-idris\/\" \/>\n<meta property=\"og:locale\" content=\"en_GB\" \/>\n<meta property=\"og:type\" content=\"article\" \/>\n<meta property=\"og:title\" content=\"DU 08.11 AU 03.12 - ARTISTE EN R\u00c9SIDENCE : Fadi Idris - Ch\u00e2teau de Goutelas\" \/>\n<meta property=\"og:description\" content=\"Originaire de Bethl\u00e9em, Fadi Idris est un jeune r\u00e9alisateur d\u00e9j\u00e0 prim\u00e9 pour son film Six Fingers. Il a r\u00e9alis\u00e9 plusieurs courts-m\u00e9trages documentaires dont La veine de ma vie sur les b\u00e9douins de Palestine ainsi que\u00a0La maison bleue\u00a0sur l\u2019artiste ALPHA pour l\u2019exposition \u00ab Calais. T\u00e9moigner de la Jungle \u00bb au Centre Pompidou.\u00a0En r\u00e9sidence \u00e0 Goutelas, il [&hellip;]\" \/>\n<meta property=\"og:url\" content=\"https:\/\/www.chateaudegoutelas.fr\/en\/archive\/du-08-11-au-03-12-artiste-en-residence-fadi-idris\/\" \/>\n<meta property=\"og:site_name\" content=\"Ch\u00e2teau de Goutelas\" \/>\n<meta property=\"article:modified_time\" content=\"2023-05-26T07:56:58+00:00\" \/>\n<meta property=\"og:image\" content=\"https:\/\/www.chateaudegoutelas.fr\/wp-content\/uploads\/2021\/11\/3_Fadi-Idrees_credit-JosephineVGH.jpg\" \/>\n\t<meta property=\"og:image:width\" content=\"2048\" \/>\n\t<meta property=\"og:image:height\" content=\"1201\" \/>\n\t<meta property=\"og:image:type\" content=\"image\/jpeg\" \/>\n<meta name=\"twitter:card\" content=\"summary_large_image\" \/>\n<meta name=\"twitter:label1\" content=\"Estimated reading time\" \/>\n\t<meta name=\"twitter:data1\" content=\"1 minute\" \/>\n<script type=\"application\/ld+json\" class=\"yoast-schema-graph\">{\"@context\":\"https:\\\/\\\/schema.org\",\"@graph\":[{\"@type\":\"WebPage\",\"@id\":\"https:\\\/\\\/www.chateaudegoutelas.fr\\\/archive\\\/du-08-11-au-03-12-artiste-en-residence-fadi-idris\\\/\",\"url\":\"https:\\\/\\\/www.chateaudegoutelas.fr\\\/archive\\\/du-08-11-au-03-12-artiste-en-residence-fadi-idris\\\/\",\"name\":\"DU 08.11 AU 03.12 - ARTISTE EN R\u00c9SIDENCE : Fadi Idris - Ch\u00e2teau de Goutelas\",\"isPartOf\":{\"@id\":\"https:\\\/\\\/www.chateaudegoutelas.fr\\\/#website\"},\"primaryImageOfPage\":{\"@id\":\"https:\\\/\\\/www.chateaudegoutelas.fr\\\/archive\\\/du-08-11-au-03-12-artiste-en-residence-fadi-idris\\\/#primaryimage\"},\"image\":{\"@id\":\"https:\\\/\\\/www.chateaudegoutelas.fr\\\/archive\\\/du-08-11-au-03-12-artiste-en-residence-fadi-idris\\\/#primaryimage\"},\"thumbnailUrl\":\"https:\\\/\\\/www.chateaudegoutelas.fr\\\/wp-content\\\/uploads\\\/2021\\\/11\\\/3_Fadi-Idrees_credit-JosephineVGH.jpg\",\"datePublished\":\"2021-10-13T10:41:49+00:00\",\"dateModified\":\"2023-05-26T07:56:58+00:00\",\"breadcrumb\":{\"@id\":\"https:\\\/\\\/www.chateaudegoutelas.fr\\\/archive\\\/du-08-11-au-03-12-artiste-en-residence-fadi-idris\\\/#breadcrumb\"},\"inLanguage\":\"en-GB\",\"potentialAction\":[{\"@type\":\"ReadAction\",\"target\":[\"https:\\\/\\\/www.chateaudegoutelas.fr\\\/archive\\\/du-08-11-au-03-12-artiste-en-residence-fadi-idris\\\/\"]}]},{\"@type\":\"ImageObject\",\"inLanguage\":\"en-GB\",\"@id\":\"https:\\\/\\\/www.chateaudegoutelas.fr\\\/archive\\\/du-08-11-au-03-12-artiste-en-residence-fadi-idris\\\/#primaryimage\",\"url\":\"https:\\\/\\\/www.chateaudegoutelas.fr\\\/wp-content\\\/uploads\\\/2021\\\/11\\\/3_Fadi-Idrees_credit-JosephineVGH.jpg\",\"contentUrl\":\"https:\\\/\\\/www.chateaudegoutelas.fr\\\/wp-content\\\/uploads\\\/2021\\\/11\\\/3_Fadi-Idrees_credit-JosephineVGH.jpg\",\"width\":2048,\"height\":1201},{\"@type\":\"BreadcrumbList\",\"@id\":\"https:\\\/\\\/www.chateaudegoutelas.fr\\\/archive\\\/du-08-11-au-03-12-artiste-en-residence-fadi-idris\\\/#breadcrumb\",\"itemListElement\":[{\"@type\":\"ListItem\",\"position\":1,\"name\":\"Accueil\",\"item\":\"https:\\\/\\\/www.chateaudegoutelas.fr\\\/\"},{\"@type\":\"ListItem\",\"position\":2,\"name\":\"DU 08.11 AU 03.12 &#8211; ARTISTE EN R\u00c9SIDENCE : Fadi Idris\"}]},{\"@type\":\"WebSite\",\"@id\":\"https:\\\/\\\/www.chateaudegoutelas.fr\\\/#website\",\"url\":\"https:\\\/\\\/www.chateaudegoutelas.fr\\\/\",\"name\":\"Ch\u00e2teau de Goutelas\",\"description\":\"Un centre culturel de rencontre en Forez\",\"publisher\":{\"@id\":\"https:\\\/\\\/www.chateaudegoutelas.fr\\\/#organization\"},\"potentialAction\":[{\"@type\":\"SearchAction\",\"target\":{\"@type\":\"EntryPoint\",\"urlTemplate\":\"https:\\\/\\\/www.chateaudegoutelas.fr\\\/?s={search_term_string}\"},\"query-input\":{\"@type\":\"PropertyValueSpecification\",\"valueRequired\":true,\"valueName\":\"search_term_string\"}}],\"inLanguage\":\"en-GB\"},{\"@type\":\"Organization\",\"@id\":\"https:\\\/\\\/www.chateaudegoutelas.fr\\\/#organization\",\"name\":\"Ch\u00e2teau de Goutelas\",\"url\":\"https:\\\/\\\/www.chateaudegoutelas.fr\\\/\",\"logo\":{\"@type\":\"ImageObject\",\"inLanguage\":\"en-GB\",\"@id\":\"https:\\\/\\\/www.chateaudegoutelas.fr\\\/#\\\/schema\\\/logo\\\/image\\\/\",\"url\":\"https:\\\/\\\/www.chateaudegoutelas.fr\\\/wp-content\\\/uploads\\\/2023\\\/05\\\/logo-chateau-goutelas-bleu.png\",\"contentUrl\":\"https:\\\/\\\/www.chateaudegoutelas.fr\\\/wp-content\\\/uploads\\\/2023\\\/05\\\/logo-chateau-goutelas-bleu.png\",\"width\":1123,\"height\":327,\"caption\":\"Ch\u00e2teau de Goutelas\"},\"image\":{\"@id\":\"https:\\\/\\\/www.chateaudegoutelas.fr\\\/#\\\/schema\\\/logo\\\/image\\\/\"}}]}<\/script>\n<!-- \/ Yoast SEO plugin. -->","yoast_head_json":{"title":"DU 08.11 AU 03.12 - ARTISTE EN R\u00c9SIDENCE : Fadi Idris - Ch\u00e2teau de Goutelas","robots":{"index":"index","follow":"follow","max-snippet":"max-snippet:-1","max-image-preview":"max-image-preview:large","max-video-preview":"max-video-preview:-1"},"canonical":"https:\/\/www.chateaudegoutelas.fr\/en\/archive\/du-08-11-au-03-12-artiste-en-residence-fadi-idris\/","og_locale":"en_GB","og_type":"article","og_title":"DU 08.11 AU 03.12 - ARTISTE EN R\u00c9SIDENCE : Fadi Idris - Ch\u00e2teau de Goutelas","og_description":"Originaire de Bethl\u00e9em, Fadi Idris est un jeune r\u00e9alisateur d\u00e9j\u00e0 prim\u00e9 pour son film Six Fingers. Il a r\u00e9alis\u00e9 plusieurs courts-m\u00e9trages documentaires dont La veine de ma vie sur les b\u00e9douins de Palestine ainsi que\u00a0La maison bleue\u00a0sur l\u2019artiste ALPHA pour l\u2019exposition \u00ab Calais. T\u00e9moigner de la Jungle \u00bb au Centre Pompidou.\u00a0En r\u00e9sidence \u00e0 Goutelas, il [&hellip;]","og_url":"https:\/\/www.chateaudegoutelas.fr\/en\/archive\/du-08-11-au-03-12-artiste-en-residence-fadi-idris\/","og_site_name":"Ch\u00e2teau de Goutelas","article_modified_time":"2023-05-26T07:56:58+00:00","og_image":[{"width":2048,"height":1201,"url":"https:\/\/www.chateaudegoutelas.fr\/wp-content\/uploads\/2021\/11\/3_Fadi-Idrees_credit-JosephineVGH.jpg","type":"image\/jpeg"}],"twitter_card":"summary_large_image","twitter_misc":{"Estimated reading time":"1 minute"},"schema":{"@context":"https:\/\/schema.org","@graph":[{"@type":"WebPage","@id":"https:\/\/www.chateaudegoutelas.fr\/archive\/du-08-11-au-03-12-artiste-en-residence-fadi-idris\/","url":"https:\/\/www.chateaudegoutelas.fr\/archive\/du-08-11-au-03-12-artiste-en-residence-fadi-idris\/","name":"DU 08.11 AU 03.12 - ARTISTE EN R\u00c9SIDENCE : Fadi Idris - Ch\u00e2teau de Goutelas","isPartOf":{"@id":"https:\/\/www.chateaudegoutelas.fr\/#website"},"primaryImageOfPage":{"@id":"https:\/\/www.chateaudegoutelas.fr\/archive\/du-08-11-au-03-12-artiste-en-residence-fadi-idris\/#primaryimage"},"image":{"@id":"https:\/\/www.chateaudegoutelas.fr\/archive\/du-08-11-au-03-12-artiste-en-residence-fadi-idris\/#primaryimage"},"thumbnailUrl":"https:\/\/www.chateaudegoutelas.fr\/wp-content\/uploads\/2021\/11\/3_Fadi-Idrees_credit-JosephineVGH.jpg","datePublished":"2021-10-13T10:41:49+00:00","dateModified":"2023-05-26T07:56:58+00:00","breadcrumb":{"@id":"https:\/\/www.chateaudegoutelas.fr\/archive\/du-08-11-au-03-12-artiste-en-residence-fadi-idris\/#breadcrumb"},"inLanguage":"en-GB","potentialAction":[{"@type":"ReadAction","target":["https:\/\/www.chateaudegoutelas.fr\/archive\/du-08-11-au-03-12-artiste-en-residence-fadi-idris\/"]}]},{"@type":"ImageObject","inLanguage":"en-GB","@id":"https:\/\/www.chateaudegoutelas.fr\/archive\/du-08-11-au-03-12-artiste-en-residence-fadi-idris\/#primaryimage","url":"https:\/\/www.chateaudegoutelas.fr\/wp-content\/uploads\/2021\/11\/3_Fadi-Idrees_credit-JosephineVGH.jpg","contentUrl":"https:\/\/www.chateaudegoutelas.fr\/wp-content\/uploads\/2021\/11\/3_Fadi-Idrees_credit-JosephineVGH.jpg","width":2048,"height":1201},{"@type":"BreadcrumbList","@id":"https:\/\/www.chateaudegoutelas.fr\/archive\/du-08-11-au-03-12-artiste-en-residence-fadi-idris\/#breadcrumb","itemListElement":[{"@type":"ListItem","position":1,"name":"Accueil","item":"https:\/\/www.chateaudegoutelas.fr\/"},{"@type":"ListItem","position":2,"name":"DU 08.11 AU 03.12 &#8211; ARTISTE EN R\u00c9SIDENCE : Fadi Idris"}]},{"@type":"WebSite","@id":"https:\/\/www.chateaudegoutelas.fr\/#website","url":"https:\/\/www.chateaudegoutelas.fr\/","name":"Ch\u00e2teau de Goutelas","description":"Un centre culturel de rencontre en Forez","publisher":{"@id":"https:\/\/www.chateaudegoutelas.fr\/#organization"},"potentialAction":[{"@type":"SearchAction","target":{"@type":"EntryPoint","urlTemplate":"https:\/\/www.chateaudegoutelas.fr\/?s={search_term_string}"},"query-input":{"@type":"PropertyValueSpecification","valueRequired":true,"valueName":"search_term_string"}}],"inLanguage":"en-GB"},{"@type":"Organization","@id":"https:\/\/www.chateaudegoutelas.fr\/#organization","name":"Ch\u00e2teau de Goutelas","url":"https:\/\/www.chateaudegoutelas.fr\/","logo":{"@type":"ImageObject","inLanguage":"en-GB","@id":"https:\/\/www.chateaudegoutelas.fr\/#\/schema\/logo\/image\/","url":"https:\/\/www.chateaudegoutelas.fr\/wp-content\/uploads\/2023\/05\/logo-chateau-goutelas-bleu.png","contentUrl":"https:\/\/www.chateaudegoutelas.fr\/wp-content\/uploads\/2023\/05\/logo-chateau-goutelas-bleu.png","width":1123,"height":327,"caption":"Ch\u00e2teau de Goutelas"},"image":{"@id":"https:\/\/www.chateaudegoutelas.fr\/#\/schema\/logo\/image\/"}}]}},"_links":{"self":[{"href":"https:\/\/www.chateaudegoutelas.fr\/en\/wp-json\/wp\/v2\/archive\/3844","targetHints":{"allow":["GET"]}}],"collection":[{"href":"https:\/\/www.chateaudegoutelas.fr\/en\/wp-json\/wp\/v2\/archive"}],"about":[{"href":"https:\/\/www.chateaudegoutelas.fr\/en\/wp-json\/wp\/v2\/types\/archive"}],"author":[{"embeddable":true,"href":"https:\/\/www.chateaudegoutelas.fr\/en\/wp-json\/wp\/v2\/users\/7"}],"wp:featuredmedia":[{"embeddable":true,"href":"https:\/\/www.chateaudegoutelas.fr\/en\/wp-json\/wp\/v2\/media\/3845"}],"wp:attachment":[{"href":"https:\/\/www.chateaudegoutelas.fr\/en\/wp-json\/wp\/v2\/media?parent=3844"}],"wp:term":[{"taxonomy":"category","embeddable":true,"href":"https:\/\/www.chateaudegoutelas.fr\/en\/wp-json\/wp\/v2\/categories?post=3844"},{"taxonomy":"post_tag","embeddable":true,"href":"https:\/\/www.chateaudegoutelas.fr\/en\/wp-json\/wp\/v2\/tags?post=3844"}],"curies":[{"name":"wp","href":"https:\/\/api.w.org\/{rel}","templated":true}]}}