{"id":3795,"date":"2021-10-13T12:48:57","date_gmt":"2021-10-13T10:48:57","guid":{"rendered":"https:\/\/www.chateaudegoutelas.fr\/?p=3795"},"modified":"2023-05-26T09:56:56","modified_gmt":"2023-05-26T07:56:56","slug":"mardi-23-11-webinaire-quand-la-solidarite-devient-un-delit","status":"publish","type":"archive","link":"https:\/\/www.chateaudegoutelas.fr\/en\/archive\/mardi-23-11-webinaire-quand-la-solidarite-devient-un-delit\/","title":{"rendered":"MARDI 23\/11 \u2013 WEBINAIRE : Quand la solidarit\u00e9 devient un d\u00e9lit"},"content":{"rendered":"<div class=\"shmMigrate\"><\/div>\n<div class=\"shmMigrate\"><\/div>\n<div class=\"shmMigrate\"><\/div>\n<div class=\"shmMigrate\"><\/div>\n<h4>En pr\u00e9ambule du temps fort <a href=\"https:\/\/www.chateaudegoutelas.fr\/du-25-11-au-28-11-images-migrantes-cinema-rencontres-spectacles\/\" target=\"_blank\" rel=\"noopener\">Images migrantes, Regards sur l\u2019hospitalit\u00e9 \u2013 Du 25 au 29 novembre 2021<\/a><\/h4>\n<div class=\"shmMigrate\"><\/div>\n<div class=\"shmMigrate\"><\/div>\n<div class=\"shmMigrate\"><\/div>\n<h4><span style=\"font-weight: 400;\">Mardi 23 novembre<\/span><\/h4>\n<h4><span style=\"font-weight: 400;\">12h<\/span><\/h4>\n<div class=\"shmMigrate\"><\/div>\n<div class=\"shmMigrate\"><\/div>\n<div class=\"shmMigrate\"><\/div>\n<h4>Quand la solidarit\u00e9 devient un d\u00e9lit :<br \/>\nles limites de l&rsquo;hospitalit\u00e9<\/h4>\n<p>&nbsp;<\/p>\n<p><strong>Webinaire &#8211; en ligne<br \/>\nVisionnage collectif au Ch\u00e2teau de Goutelas<br \/>\n<\/strong><\/p>\n<p>&nbsp;<\/p>\n<p><strong>Intervenants : Dani\u00e8le Lochak, juriste, Muriel Cravatte, r\u00e9alisatrice et Sabah Rahmani, avocate<\/strong><\/p>\n<p>&nbsp;<\/p>\n<p>Aucun texte, bien s\u00fbr, n\u2019incrimine la solidarit\u00e9. L\u2019expression a \u00e9t\u00e9 popularis\u00e9e lorsque, en mai 2003, 354 organisations et pr\u00e8s de 20 000 personnes ont appos\u00e9 leur signature au bas d\u2019un Manifeste des d\u00e9linquants de la solidarit\u00e9, qui se concluait ainsi :\u00ab Nous d\u00e9clarons avoir aid\u00e9 des \u00e9trangers en situation irr\u00e9guli\u00e8re. Nous d\u00e9clarons avoir la ferme volont\u00e9 de continuer \u00e0 le faire [\u2026]. Si la solidarit\u00e9 est un d\u00e9lit, je demande \u00e0 \u00eatre poursuivi(e) pour ce d\u00e9lit \u00bb.<\/p>\n<p>&nbsp;<\/p>\n<p>Entre approche juridique et cr\u00e9ation artistique, ce webinaire invite Dani\u00e8le Lochak, juriste, professeure \u00e9m\u00e9rite de droit public \u00e0 l\u2019Universit\u00e9 Paris-Nanterre et militante de la d\u00e9fense des droits de l\u2019homme, Sabah Rahmani, avocate, et Muriel Cravatte, r\u00e9alisatrice, \u00e0 d\u00e9battre du d\u00e9lit de solidarit\u00e9.<\/p>\n<p>&nbsp;<\/p>\n<p>Connectez-vous depuis chez vous et interagissez \u00e0 distance ou rejoignez-nous au Ch\u00e2teau de Goutelas, en pr\u00e9sence d&rsquo;associations d&rsquo;aide aux migrants, pour un visionnage collectif riche en \u00e9changes et en partage !<\/p>\n<div class=\"shmMigrate\"><\/div>\n<div class=\"shmMigrate\"><\/div>\n<div class=\"shmMigrate\"><\/div>\n<p><b>Dur\u00e9e : 1h30<\/b><\/p>\n<p><b>Gratuit sur r\u00e9servation<\/b><\/p>\n<div class=\"shmMigrate\"><\/div>\n<div class=\"shmMigrate\"><\/div>\n<div class=\"shmMigrate\"><\/div>\n<div class=\"shmMigrate\"><\/div>\n<div class=\"shmMigrate\"><\/div>\n<p><strong>Dani\u00e8le Lochak<\/strong><\/p>\n<p>Dani\u00e8le Lochak est professeure de droit public \u00e9m\u00e9rite \u00e0 l\u2019Universit\u00e9 Paris Nanterre. Elle s\u2019est particuli\u00e8rement investie dans l\u2019\u00e9tude (voir notamment son ouvrage <em>Les droits de l\u2019homme<\/em>, La D\u00e9couverte, collection \u00ab\u00a0Rep\u00e8res\u00a0\u00bb, 4<sup>e<\/sup>\u00e9dition, 2018) et la d\u00e9fense des droits de l\u2019homme, en particulier des droits des migrants. Elle a pr\u00e9sid\u00e9 de 1985 \u00e0 2000 le Groupe d\u2019information et de soutien des immigr\u00e9s (GISTI), au sein duquel elle demeure active.<\/p>\n<p>&nbsp;<\/p>\n<p><a href=\"https:\/\/murielcravatte.jimdo.com\/\"><strong>Muriel Cravatte<\/strong><\/a><\/p>\n<p>N\u00e9e en 1969, Muriel Cravatte a la double nationalit\u00e9 fran\u00e7aise et belge. Elle est dipl\u00f4m\u00e9e de l\u2019INSAS (Belgique) en section Image. Assistante op\u00e9rateur, puis musicienne et vid\u00e9aste, elle travaille ensuite comme r\u00e9alisatrice et directrice de la photographie, en fiction comme en documentaire. Apr\u00e8s plusieurs courts-m\u00e9trages de fiction, elle r\u00e9alise en 2020 son premier long-m\u00e9trage documentaire, <em>Demain est si loin<\/em> (s\u00e9lectionn\u00e9 au Cin\u00e9ma du r\u00e9el 2020). En 2021 elle r\u00e9alise un court-m\u00e9trage documentaire intitul\u00e9 <em>En col\u00e8re<\/em> et d\u00e9veloppe le documentaire <em>En pleine mer<\/em>, ainsi qu\u2019un premier long-m\u00e9trage de fiction, <em>Silences<\/em>.<\/p>\n<p><a href=\"https:\/\/murielcravatte.jimdo.com\/\">https:\/\/murielcravatte.jimdo.com\/<\/a><\/p>\n<p>&nbsp;<\/p>\n<p>Photo \u00a9Muriel Cravatte<\/p>\n<p><i>En partenariat avec l&rsquo;Observatoire lyonnais des libert\u00e9s publiques et le <a href=\"https:\/\/www.barreaulyon.com\/\">Barreau de Lyon<\/a>.<\/i><\/p>\n<div class=\"shmMigrate\"><\/div>\n<div class=\"shmMigrate\"><\/div>\n<div class=\"shmMigrate\"><\/div>\n<div class=\"shmMigrate\"><\/div>\n<div class=\"shmMigrate\"><\/div>\n<div class=\"shmMigrate\"><\/div>\n<div class=\"shmMigrate\"><\/div>\n<div class=\"shmMigrate\"><\/div>\n<div class=\"shmMigrate\"><\/div>\n<div class=\"shmMigrate\"><\/div>\n<div class=\"shmMigrate\"><\/div>\n<div class=\"shmMigrate\"><\/div>\n<div class=\"shmMigrate\"><\/div>\n<div class=\"shmMigrate\"><\/div>\n","protected":false},"author":7,"featured_media":3798,"template":"","meta":{"site-sidebar-layout":"default","site-content-layout":"","ast-site-content-layout":"default","site-content-style":"default","site-sidebar-style":"default","ast-global-header-display":"","ast-banner-title-visibility":"","ast-main-header-display":"","ast-hfb-above-header-display":"","ast-hfb-below-header-display":"","ast-hfb-mobile-header-display":"","site-post-title":"","ast-breadcrumbs-content":null,"ast-featured-img":"","footer-sml-layout":"","ast-disable-related-posts":"","theme-transparent-header-meta":"","adv-header-id-meta":"","stick-header-meta":"","header-above-stick-meta":null,"header-main-stick-meta":"","header-below-stick-meta":null,"astra-migrate-meta-layouts":"default","ast-page-background-enabled":"default","ast-page-background-meta":{"desktop":{"background-color":"","background-image":"","background-repeat":"repeat","background-position":"center center","background-size":"auto","background-attachment":"scroll","background-type":"","background-media":"","overlay-type":"","overlay-color":"","overlay-opacity":"","overlay-gradient":""},"tablet":{"background-color":"","background-image":"","background-repeat":"repeat","background-position":"center center","background-size":"auto","background-attachment":"scroll","background-type":"","background-media":"","overlay-type":"","overlay-color":"","overlay-opacity":"","overlay-gradient":""},"mobile":{"background-color":"","background-image":"","background-repeat":"repeat","background-position":"center center","background-size":"auto","background-attachment":"scroll","background-type":"","background-media":"","overlay-type":"","overlay-color":"","overlay-opacity":"","overlay-gradient":""}},"ast-content-background-meta":{"desktop":{"background-color":"var(--ast-global-color-5)","background-image":"","background-repeat":"repeat","background-position":"center center","background-size":"auto","background-attachment":"scroll","background-type":"","background-media":"","overlay-type":"","overlay-color":"","overlay-opacity":"","overlay-gradient":""},"tablet":{"background-color":"var(--ast-global-color-5)","background-image":"","background-repeat":"repeat","background-position":"center center","background-size":"auto","background-attachment":"scroll","background-type":"","background-media":"","overlay-type":"","overlay-color":"","overlay-opacity":"","overlay-gradient":""},"mobile":{"background-color":"var(--ast-global-color-5)","background-image":"","background-repeat":"repeat","background-position":"center center","background-size":"auto","background-attachment":"scroll","background-type":"","background-media":"","overlay-type":"","overlay-color":"","overlay-opacity":"","overlay-gradient":""}}},"categories":[4],"tags":[],"class_list":["post-3795","archive","type-archive","status-publish","has-post-thumbnail","hentry","category-actualites"],"yoast_head":"<!-- This site is optimized with the Yoast SEO plugin v27.5 - https:\/\/yoast.com\/product\/yoast-seo-wordpress\/ -->\n<title>MARDI 23\/11 \u2013 WEBINAIRE : Quand la solidarit\u00e9 devient un d\u00e9lit - Ch\u00e2teau de Goutelas<\/title>\n<meta name=\"robots\" content=\"index, follow, max-snippet:-1, max-image-preview:large, max-video-preview:-1\" \/>\n<link rel=\"canonical\" href=\"https:\/\/www.chateaudegoutelas.fr\/en\/archive\/mardi-23-11-webinaire-quand-la-solidarite-devient-un-delit\/\" \/>\n<meta property=\"og:locale\" content=\"en_GB\" \/>\n<meta property=\"og:type\" content=\"article\" \/>\n<meta property=\"og:title\" content=\"MARDI 23\/11 \u2013 WEBINAIRE : Quand la solidarit\u00e9 devient un d\u00e9lit - Ch\u00e2teau de Goutelas\" \/>\n<meta property=\"og:description\" content=\"En pr\u00e9ambule du temps fort Images migrantes, Regards sur l\u2019hospitalit\u00e9 \u2013 Du 25 au 29 novembre 2021 Mardi 23 novembre 12h Quand la solidarit\u00e9 devient un d\u00e9lit : les limites de l&rsquo;hospitalit\u00e9 &nbsp; Webinaire &#8211; en ligne Visionnage collectif au Ch\u00e2teau de Goutelas &nbsp; Intervenants : Dani\u00e8le Lochak, juriste, Muriel Cravatte, r\u00e9alisatrice et Sabah Rahmani, [&hellip;]\" \/>\n<meta property=\"og:url\" content=\"https:\/\/www.chateaudegoutelas.fr\/en\/archive\/mardi-23-11-webinaire-quand-la-solidarite-devient-un-delit\/\" \/>\n<meta property=\"og:site_name\" content=\"Ch\u00e2teau de Goutelas\" \/>\n<meta property=\"article:modified_time\" content=\"2023-05-26T07:56:56+00:00\" \/>\n<meta property=\"og:image\" content=\"https:\/\/www.chateaudegoutelas.fr\/wp-content\/uploads\/2021\/10\/DEMAINSILOIN_07_clair.jpg\" \/>\n\t<meta property=\"og:image:width\" content=\"1920\" \/>\n\t<meta property=\"og:image:height\" content=\"1080\" \/>\n\t<meta property=\"og:image:type\" content=\"image\/jpeg\" \/>\n<meta name=\"twitter:card\" content=\"summary_large_image\" \/>\n<meta name=\"twitter:label1\" content=\"Estimated reading time\" \/>\n\t<meta name=\"twitter:data1\" content=\"2 minutes\" \/>\n<script type=\"application\/ld+json\" class=\"yoast-schema-graph\">{\"@context\":\"https:\\\/\\\/schema.org\",\"@graph\":[{\"@type\":\"WebPage\",\"@id\":\"https:\\\/\\\/www.chateaudegoutelas.fr\\\/archive\\\/mardi-23-11-webinaire-quand-la-solidarite-devient-un-delit\\\/\",\"url\":\"https:\\\/\\\/www.chateaudegoutelas.fr\\\/archive\\\/mardi-23-11-webinaire-quand-la-solidarite-devient-un-delit\\\/\",\"name\":\"MARDI 23\\\/11 \u2013 WEBINAIRE : Quand la solidarit\u00e9 devient un d\u00e9lit - Ch\u00e2teau de Goutelas\",\"isPartOf\":{\"@id\":\"https:\\\/\\\/www.chateaudegoutelas.fr\\\/#website\"},\"primaryImageOfPage\":{\"@id\":\"https:\\\/\\\/www.chateaudegoutelas.fr\\\/archive\\\/mardi-23-11-webinaire-quand-la-solidarite-devient-un-delit\\\/#primaryimage\"},\"image\":{\"@id\":\"https:\\\/\\\/www.chateaudegoutelas.fr\\\/archive\\\/mardi-23-11-webinaire-quand-la-solidarite-devient-un-delit\\\/#primaryimage\"},\"thumbnailUrl\":\"https:\\\/\\\/www.chateaudegoutelas.fr\\\/wp-content\\\/uploads\\\/2021\\\/10\\\/DEMAINSILOIN_07_clair.jpg\",\"datePublished\":\"2021-10-13T10:48:57+00:00\",\"dateModified\":\"2023-05-26T07:56:56+00:00\",\"breadcrumb\":{\"@id\":\"https:\\\/\\\/www.chateaudegoutelas.fr\\\/archive\\\/mardi-23-11-webinaire-quand-la-solidarite-devient-un-delit\\\/#breadcrumb\"},\"inLanguage\":\"en-GB\",\"potentialAction\":[{\"@type\":\"ReadAction\",\"target\":[\"https:\\\/\\\/www.chateaudegoutelas.fr\\\/archive\\\/mardi-23-11-webinaire-quand-la-solidarite-devient-un-delit\\\/\"]}]},{\"@type\":\"ImageObject\",\"inLanguage\":\"en-GB\",\"@id\":\"https:\\\/\\\/www.chateaudegoutelas.fr\\\/archive\\\/mardi-23-11-webinaire-quand-la-solidarite-devient-un-delit\\\/#primaryimage\",\"url\":\"https:\\\/\\\/www.chateaudegoutelas.fr\\\/wp-content\\\/uploads\\\/2021\\\/10\\\/DEMAINSILOIN_07_clair.jpg\",\"contentUrl\":\"https:\\\/\\\/www.chateaudegoutelas.fr\\\/wp-content\\\/uploads\\\/2021\\\/10\\\/DEMAINSILOIN_07_clair.jpg\",\"width\":1920,\"height\":1080,\"caption\":\"Demain est si loin cr\u00e9dit Muriel Cravatte\"},{\"@type\":\"BreadcrumbList\",\"@id\":\"https:\\\/\\\/www.chateaudegoutelas.fr\\\/archive\\\/mardi-23-11-webinaire-quand-la-solidarite-devient-un-delit\\\/#breadcrumb\",\"itemListElement\":[{\"@type\":\"ListItem\",\"position\":1,\"name\":\"Accueil\",\"item\":\"https:\\\/\\\/www.chateaudegoutelas.fr\\\/\"},{\"@type\":\"ListItem\",\"position\":2,\"name\":\"MARDI 23\\\/11 \u2013 WEBINAIRE : Quand la solidarit\u00e9 devient un d\u00e9lit\"}]},{\"@type\":\"WebSite\",\"@id\":\"https:\\\/\\\/www.chateaudegoutelas.fr\\\/#website\",\"url\":\"https:\\\/\\\/www.chateaudegoutelas.fr\\\/\",\"name\":\"Ch\u00e2teau de Goutelas\",\"description\":\"Un centre culturel de rencontre en Forez\",\"publisher\":{\"@id\":\"https:\\\/\\\/www.chateaudegoutelas.fr\\\/#organization\"},\"potentialAction\":[{\"@type\":\"SearchAction\",\"target\":{\"@type\":\"EntryPoint\",\"urlTemplate\":\"https:\\\/\\\/www.chateaudegoutelas.fr\\\/?s={search_term_string}\"},\"query-input\":{\"@type\":\"PropertyValueSpecification\",\"valueRequired\":true,\"valueName\":\"search_term_string\"}}],\"inLanguage\":\"en-GB\"},{\"@type\":\"Organization\",\"@id\":\"https:\\\/\\\/www.chateaudegoutelas.fr\\\/#organization\",\"name\":\"Ch\u00e2teau de Goutelas\",\"url\":\"https:\\\/\\\/www.chateaudegoutelas.fr\\\/\",\"logo\":{\"@type\":\"ImageObject\",\"inLanguage\":\"en-GB\",\"@id\":\"https:\\\/\\\/www.chateaudegoutelas.fr\\\/#\\\/schema\\\/logo\\\/image\\\/\",\"url\":\"https:\\\/\\\/www.chateaudegoutelas.fr\\\/wp-content\\\/uploads\\\/2023\\\/05\\\/logo-chateau-goutelas-bleu.png\",\"contentUrl\":\"https:\\\/\\\/www.chateaudegoutelas.fr\\\/wp-content\\\/uploads\\\/2023\\\/05\\\/logo-chateau-goutelas-bleu.png\",\"width\":1123,\"height\":327,\"caption\":\"Ch\u00e2teau de Goutelas\"},\"image\":{\"@id\":\"https:\\\/\\\/www.chateaudegoutelas.fr\\\/#\\\/schema\\\/logo\\\/image\\\/\"}}]}<\/script>\n<!-- \/ Yoast SEO plugin. -->","yoast_head_json":{"title":"MARDI 23\/11 \u2013 WEBINAIRE : Quand la solidarit\u00e9 devient un d\u00e9lit - Ch\u00e2teau de Goutelas","robots":{"index":"index","follow":"follow","max-snippet":"max-snippet:-1","max-image-preview":"max-image-preview:large","max-video-preview":"max-video-preview:-1"},"canonical":"https:\/\/www.chateaudegoutelas.fr\/en\/archive\/mardi-23-11-webinaire-quand-la-solidarite-devient-un-delit\/","og_locale":"en_GB","og_type":"article","og_title":"MARDI 23\/11 \u2013 WEBINAIRE : Quand la solidarit\u00e9 devient un d\u00e9lit - Ch\u00e2teau de Goutelas","og_description":"En pr\u00e9ambule du temps fort Images migrantes, Regards sur l\u2019hospitalit\u00e9 \u2013 Du 25 au 29 novembre 2021 Mardi 23 novembre 12h Quand la solidarit\u00e9 devient un d\u00e9lit : les limites de l&rsquo;hospitalit\u00e9 &nbsp; Webinaire &#8211; en ligne Visionnage collectif au Ch\u00e2teau de Goutelas &nbsp; Intervenants : Dani\u00e8le Lochak, juriste, Muriel Cravatte, r\u00e9alisatrice et Sabah Rahmani, [&hellip;]","og_url":"https:\/\/www.chateaudegoutelas.fr\/en\/archive\/mardi-23-11-webinaire-quand-la-solidarite-devient-un-delit\/","og_site_name":"Ch\u00e2teau de Goutelas","article_modified_time":"2023-05-26T07:56:56+00:00","og_image":[{"width":1920,"height":1080,"url":"https:\/\/www.chateaudegoutelas.fr\/wp-content\/uploads\/2021\/10\/DEMAINSILOIN_07_clair.jpg","type":"image\/jpeg"}],"twitter_card":"summary_large_image","twitter_misc":{"Estimated reading time":"2 minutes"},"schema":{"@context":"https:\/\/schema.org","@graph":[{"@type":"WebPage","@id":"https:\/\/www.chateaudegoutelas.fr\/archive\/mardi-23-11-webinaire-quand-la-solidarite-devient-un-delit\/","url":"https:\/\/www.chateaudegoutelas.fr\/archive\/mardi-23-11-webinaire-quand-la-solidarite-devient-un-delit\/","name":"MARDI 23\/11 \u2013 WEBINAIRE : Quand la solidarit\u00e9 devient un d\u00e9lit - Ch\u00e2teau de Goutelas","isPartOf":{"@id":"https:\/\/www.chateaudegoutelas.fr\/#website"},"primaryImageOfPage":{"@id":"https:\/\/www.chateaudegoutelas.fr\/archive\/mardi-23-11-webinaire-quand-la-solidarite-devient-un-delit\/#primaryimage"},"image":{"@id":"https:\/\/www.chateaudegoutelas.fr\/archive\/mardi-23-11-webinaire-quand-la-solidarite-devient-un-delit\/#primaryimage"},"thumbnailUrl":"https:\/\/www.chateaudegoutelas.fr\/wp-content\/uploads\/2021\/10\/DEMAINSILOIN_07_clair.jpg","datePublished":"2021-10-13T10:48:57+00:00","dateModified":"2023-05-26T07:56:56+00:00","breadcrumb":{"@id":"https:\/\/www.chateaudegoutelas.fr\/archive\/mardi-23-11-webinaire-quand-la-solidarite-devient-un-delit\/#breadcrumb"},"inLanguage":"en-GB","potentialAction":[{"@type":"ReadAction","target":["https:\/\/www.chateaudegoutelas.fr\/archive\/mardi-23-11-webinaire-quand-la-solidarite-devient-un-delit\/"]}]},{"@type":"ImageObject","inLanguage":"en-GB","@id":"https:\/\/www.chateaudegoutelas.fr\/archive\/mardi-23-11-webinaire-quand-la-solidarite-devient-un-delit\/#primaryimage","url":"https:\/\/www.chateaudegoutelas.fr\/wp-content\/uploads\/2021\/10\/DEMAINSILOIN_07_clair.jpg","contentUrl":"https:\/\/www.chateaudegoutelas.fr\/wp-content\/uploads\/2021\/10\/DEMAINSILOIN_07_clair.jpg","width":1920,"height":1080,"caption":"Demain est si loin cr\u00e9dit Muriel Cravatte"},{"@type":"BreadcrumbList","@id":"https:\/\/www.chateaudegoutelas.fr\/archive\/mardi-23-11-webinaire-quand-la-solidarite-devient-un-delit\/#breadcrumb","itemListElement":[{"@type":"ListItem","position":1,"name":"Accueil","item":"https:\/\/www.chateaudegoutelas.fr\/"},{"@type":"ListItem","position":2,"name":"MARDI 23\/11 \u2013 WEBINAIRE : Quand la solidarit\u00e9 devient un d\u00e9lit"}]},{"@type":"WebSite","@id":"https:\/\/www.chateaudegoutelas.fr\/#website","url":"https:\/\/www.chateaudegoutelas.fr\/","name":"Ch\u00e2teau de Goutelas","description":"Un centre culturel de rencontre en Forez","publisher":{"@id":"https:\/\/www.chateaudegoutelas.fr\/#organization"},"potentialAction":[{"@type":"SearchAction","target":{"@type":"EntryPoint","urlTemplate":"https:\/\/www.chateaudegoutelas.fr\/?s={search_term_string}"},"query-input":{"@type":"PropertyValueSpecification","valueRequired":true,"valueName":"search_term_string"}}],"inLanguage":"en-GB"},{"@type":"Organization","@id":"https:\/\/www.chateaudegoutelas.fr\/#organization","name":"Ch\u00e2teau de Goutelas","url":"https:\/\/www.chateaudegoutelas.fr\/","logo":{"@type":"ImageObject","inLanguage":"en-GB","@id":"https:\/\/www.chateaudegoutelas.fr\/#\/schema\/logo\/image\/","url":"https:\/\/www.chateaudegoutelas.fr\/wp-content\/uploads\/2023\/05\/logo-chateau-goutelas-bleu.png","contentUrl":"https:\/\/www.chateaudegoutelas.fr\/wp-content\/uploads\/2023\/05\/logo-chateau-goutelas-bleu.png","width":1123,"height":327,"caption":"Ch\u00e2teau de Goutelas"},"image":{"@id":"https:\/\/www.chateaudegoutelas.fr\/#\/schema\/logo\/image\/"}}]}},"_links":{"self":[{"href":"https:\/\/www.chateaudegoutelas.fr\/en\/wp-json\/wp\/v2\/archive\/3795","targetHints":{"allow":["GET"]}}],"collection":[{"href":"https:\/\/www.chateaudegoutelas.fr\/en\/wp-json\/wp\/v2\/archive"}],"about":[{"href":"https:\/\/www.chateaudegoutelas.fr\/en\/wp-json\/wp\/v2\/types\/archive"}],"author":[{"embeddable":true,"href":"https:\/\/www.chateaudegoutelas.fr\/en\/wp-json\/wp\/v2\/users\/7"}],"wp:featuredmedia":[{"embeddable":true,"href":"https:\/\/www.chateaudegoutelas.fr\/en\/wp-json\/wp\/v2\/media\/3798"}],"wp:attachment":[{"href":"https:\/\/www.chateaudegoutelas.fr\/en\/wp-json\/wp\/v2\/media?parent=3795"}],"wp:term":[{"taxonomy":"category","embeddable":true,"href":"https:\/\/www.chateaudegoutelas.fr\/en\/wp-json\/wp\/v2\/categories?post=3795"},{"taxonomy":"post_tag","embeddable":true,"href":"https:\/\/www.chateaudegoutelas.fr\/en\/wp-json\/wp\/v2\/tags?post=3795"}],"curies":[{"name":"wp","href":"https:\/\/api.w.org\/{rel}","templated":true}]}}