{"id":3769,"date":"2021-10-13T12:50:04","date_gmt":"2021-10-13T10:50:04","guid":{"rendered":"https:\/\/www.chateaudegoutelas.fr\/?p=3769"},"modified":"2023-05-26T09:56:56","modified_gmt":"2023-05-26T07:56:56","slug":"du-25-11-au-28-11-images-migrantes-cinema-rencontres-spectacles","status":"publish","type":"archive","link":"https:\/\/www.chateaudegoutelas.fr\/en\/archive\/du-25-11-au-28-11-images-migrantes-cinema-rencontres-spectacles\/","title":{"rendered":"DU 25\/11 AU 29\/11 &#8211; IMAGES MIGRANTES : cin\u00e9ma, rencontres, spectacles"},"content":{"rendered":"<div class=\"shmMigrate\"><\/div>\n<div class=\"shmMigrate\"><\/div>\n<div class=\"shmMigrate\"><\/div>\n<div class=\"shmMigrate\"><\/div>\n<h4><span style=\"font-weight: 400;\">Du jeudi 25 au lundi 29 novembre<\/span><\/h4>\n<h4><span style=\"font-weight: 400;\">Au Ch\u00e2teau de Goutelas et au <a href=\"http:\/\/cinema-entract.com\/\">cin\u00e9ma L&rsquo;Entract<\/a> (Bo\u00ebn-sur-Lignon)<\/span><\/h4>\n<div class=\"shmMigrate\"><\/div>\n<div class=\"shmMigrate\"><\/div>\n<div class=\"shmMigrate\"><\/div>\n<h4>Regards sur l&rsquo;hospitalit\u00e9<\/h4>\n<p>&nbsp;<\/p>\n<p><span style=\"font-weight: 400;\">50 ans apr\u00e8s la fin de son mythique festival de cin\u00e9ma, Goutelas renoue avec l\u2019exp\u00e9rience collective de visionner des films\u2026 et d\u2019en parler !<\/span><\/p>\n<p><span style=\"font-weight: 400;\">Films sur pellicule, documentaires, cin\u00e9ma d\u2019animation, installations vid\u00e9o ou cr\u00e9ations collectives : tous les formats, d\u2019hier et d\u2019aujourd\u2019hui, nous permettent d&rsquo;\u00e9changer autour des migrations, de l\u2019hospitalit\u00e9 et de leurs imaginaires.<\/span><\/p>\n<div class=\"shmMigrate\"><\/div>\n<div class=\"shmMigrate\"><\/div>\n<div class=\"shmMigrate\"><\/div>\n<h4>L&rsquo;essentiel du programme<\/h4>\n<p>&nbsp;<\/p>\n<p>&#x1f3ac; &#8211; Projection<br \/>\n&#x1f4ac; &#8211; Rencontre<br \/>\n&#x1f3ad; &#8211; Spectacle<br \/>\n&#x1f957; &#8211; Repas<\/p>\n<p>&nbsp;<\/p>\n<p>JEUDI 25 NOVEMBRE<\/p>\n<p>* Au cin\u00e9ma L\u2019Entract \u00e0 Bo\u00ebn-sur-Lignon :<br \/>\n20h30 | <a href=\"https:\/\/www.chateaudegoutelas.fr\/en\/images-migrantes-les-projections\/\" target=\"_blank\" rel=\"noopener\">Demain est si loin<\/a> &#x1f3ac;&#x1f4ac;<\/p>\n<p>&nbsp;<\/p>\n<p>VENDREDI 26 NOVEMBRE<\/p>\n<p>* Au Ch\u00e2teau de Goutelas :<br \/>\n18h | <a href=\"https:\/\/www.chateaudegoutelas.fr\/en\/vendredi-26-11-place-des-hospitalites\/\">Place des hospitalit\u00e9s<\/a> &#x1f4ac;<br \/>\n20h30 | Concert <a href=\"https:\/\/www.chateaudegoutelas.fr\/en\/vendredi-26-11-concert-chems\/\" target=\"_blank\" rel=\"noopener\">Chems<\/a> + <a href=\"https:\/\/www.chateaudegoutelas.fr\/en\/vendredi-26-11-cine-concert-yoanna-cie\/\" target=\"_blank\" rel=\"noopener\">cin\u00e9-concert<\/a> &#x1f3ad;<br \/>\n+ d\u00eener au ch\u00e2teau &#x1f957;<\/p>\n<p>&nbsp;<\/p>\n<p>SAMEDI 27 NOVEMBRE<\/p>\n<p>* Au Ch\u00e2teau de Goutelas :<br \/>\n10h30 | <a href=\"https:\/\/www.chateaudegoutelas.fr\/en\/samedi-27-11-kebabs-en-forez\/\">Kebabs en Forez<\/a> &#x1f4ac;<br \/>\n14h &gt; 16h | <a href=\"https:\/\/www.chateaudegoutelas.fr\/en\/images-migrantes-les-projections\/\" target=\"_blank\" rel=\"noopener\">Paris Stalingrad<\/a> &#x1f3ac;&#x1f4ac;<br \/>\n14h &gt; 16h | <a href=\"https:\/\/www.chateaudegoutelas.fr\/en\/samedi-27-11-et-dimanche-28-11-le-jeune-yacou-conte-musical\/\" target=\"_blank\" rel=\"noopener\">Le jeune Yacou<\/a> &#x1f3ad;<br \/>\n16h30 | Conversation autour d\u2019une boussole &#x1f4ac;<\/p>\n<p><em>Avec Philippe Hanus, historien, Guillaume Le Blanc, philosophe et \u00e9crivain, Simon Plantier, citoyen engag\u00e9 pour le respect des droits des exil\u00e9s, S\u00e9bastien Thi\u00e9ry, politologue, Daphn\u00e9 Velay, g\u00e9ographe<\/em><br \/>\n16H30 &gt; 18h30 | <a href=\"https:\/\/www.chateaudegoutelas.fr\/en\/samedi-27-11-short-list-courts-metrages-danimation\/\" target=\"_blank\" rel=\"noopener\">Short list<\/a> &#x1f3ac;<br \/>\n19h &gt; 00h | <a href=\"https:\/\/www.chateaudegoutelas.fr\/en\/samedi-27-11-cinema-carte-blanche-au-gran-lux\/\">Gran Lux : carte blanche<\/a> &#x1f3ac;<br \/>\n+ d\u00e9jeuner kebab &#x1f957;<br \/>\n+ d\u00eener au ch\u00e2teau &#x1f957;<\/p>\n<p>&nbsp;<\/p>\n<p>DIMANCHE 28 NOVEMBRE<\/p>\n<p>* Au Ch\u00e2teau de Goutelas :<br \/>\n11h | <a href=\"https:\/\/www.chateaudegoutelas.fr\/en\/images-migrantes-les-projections\/\" target=\"_blank\" rel=\"noopener\">De cendres et de braises<\/a> &#x1f3ac;<br \/>\n15h | <a href=\"https:\/\/www.chateaudegoutelas.fr\/en\/images-migrantes-les-projections\/\" target=\"_blank\" rel=\"noopener\">Village de femmes<\/a> &#x1f3ac;&#x1f4ac;<br \/>\n15h | <a href=\"https:\/\/www.chateaudegoutelas.fr\/en\/samedi-27-11-et-dimanche-28-11-le-jeune-yacou-conte-musical\/\" target=\"_blank\" rel=\"noopener\">Le jeune Yacou<\/a> &#x1f3ad;<br \/>\n+ d\u00e9jeuner au ch\u00e2teau &#x1f957;<\/p>\n<p>&nbsp;<\/p>\n<p>* Au cin\u00e9ma L\u2019Entract \u00e0 Bo\u00ebn-sur-Lignon :<br \/>\n17h30 | <a href=\"https:\/\/www.chateaudegoutelas.fr\/en\/images-migrantes-les-projections\/\" target=\"_blank\" rel=\"noopener\">Midnight Traveler<\/a> &#x1f3ac;<br \/>\n20h30 | <a href=\"https:\/\/www.chateaudegoutelas.fr\/en\/images-migrantes-les-projections\/\" target=\"_blank\" rel=\"noopener\">Atlantique<\/a> &#x1f3ac;<\/p>\n<p>&nbsp;<\/p>\n<p>LUNDI 29 NOVEMBRE<\/p>\n<p>* Au cin\u00e9ma L\u2019Entract \u00e0 Bo\u00ebn-sur-Lignon :<br \/>\n20h30 | <a href=\"https:\/\/www.chateaudegoutelas.fr\/en\/images-migrantes-les-projections\/\" target=\"_blank\" rel=\"noopener\">Le bon grain et l\u2019ivraie<\/a> &#x1f3ac;<\/p>\n<div class=\"shmMigrate\"><\/div>\n<div class=\"shmMigrate\"><\/div>\n<div class=\"shmMigrate\"><\/div>\n<h4>Programme d\u00e9taill\u00e9 :<\/h4>\n<div class=\"shmMigrate\"><\/div>\n<div class=\"shmMigrate\"><\/div>\n<div class=\"shmMigrate\"><\/div>\n<div class=\"shmMigrate\"><\/div>\n<p><strong>Films, spectacles, rencontres, repas au Ch\u00e2teau de Goutelas : sur r\u00e9servation<\/strong><\/p>\n<p><strong>Possibilit\u00e9s d\u2019h\u00e9bergement au Ch\u00e2teau de Goutelas : 04 77 97 35 42 \/ contact@chateaudegoutelas.fr<\/strong><\/p>\n<p>\u200b\u200b\u200b\u200b\u200b\u200b\u200b<\/p>\n<p><strong>Films au cin\u00e9ma L&rsquo;Entract : billetterie sur place, sans r\u00e9servation (6\u20ac, 5\u20ac tarif r\u00e9duit)<\/strong><\/p>\n<div class=\"shmMigrate\"><\/div>\n<div class=\"shmMigrate\"><\/div>\n<div class=\"shmMigrate\"><\/div>\n<div class=\"shmMigrate\"><\/div>\n<h4>Coup d&rsquo;\u0153il sur le programme du week-end<\/h4>\n<p>&nbsp;<\/p>\n<p>Utilisez les fl\u00e8ches &#x23ee; et &#x23ed; pour naviguer d&rsquo;une vid\u00e9o \u00e0 l&rsquo;autre !<\/p>\n<div class=\"shmMigrate\"><\/div>\n<div class=\"shmMigrate\"><\/div>\n<div class=\"shmMigrate\"><\/div>\n<div class=\"shmMigrate\"><\/div>\n<div class=\"shmMigrate\"><\/div>\n<p><em><span style=\"font-weight: 400;\">Un \u00e9v\u00e9nement propos\u00e9 dans le cadre du festival Images migrantes<\/span><\/em><\/p>\n<p>&nbsp;<\/p>\n<p><em><span style=\"font-weight: 400;\">En partenariat avec :<\/span><\/em><\/p>\n<p><em><span style=\"font-weight: 400;\">Le r\u00e9seau TRACES &#8211; histoire, m\u00e9moire et actualit\u00e9 des migrations en Auvergne-Rh\u00f4ne-Alpes<\/span><\/em><\/p>\n<p><em><span style=\"font-weight: 400;\">Le cin\u00e9ma L\u2019Entract<\/span><\/em><\/p>\n<p><em><span style=\"font-weight: 400;\">Le Gran Lux<\/span><\/em><\/p>\n<p><em><span style=\"font-weight: 400;\">Le festival du court m\u00e9trage de Clermont-Ferrand<\/span><\/em><\/p>\n<p><em><span style=\"font-weight: 400;\">Les associations d\u2019aide aux migrants de la Loire<\/span><\/em><\/p>\n<p><em><span style=\"font-weight: 400;\">Le Barreau de Lyon <\/span><\/em><\/p>\n<p><em>Le Th\u00e9\u00e2tre des P\u00e9nitents &#8211; Ville de Montbrison<\/em><\/p>\n<div class=\"shmMigrate\"><\/div>\n<div class=\"shmMigrate\"><\/div>\n<div class=\"shmMigrate\"><\/div>\n<p>Illustration \u00a9 Atelier Pers<\/p>\n<div class=\"shmMigrate\"><\/div>\n<div class=\"shmMigrate\"><\/div>\n<div class=\"shmMigrate\"><\/div>\n<div class=\"shmMigrate\"><\/div>","protected":false},"author":7,"featured_media":3770,"template":"","meta":{"site-sidebar-layout":"default","site-content-layout":"","ast-site-content-layout":"default","site-content-style":"default","site-sidebar-style":"default","ast-global-header-display":"","ast-banner-title-visibility":"","ast-main-header-display":"","ast-hfb-above-header-display":"","ast-hfb-below-header-display":"","ast-hfb-mobile-header-display":"","site-post-title":"","ast-breadcrumbs-content":null,"ast-featured-img":"","footer-sml-layout":"","ast-disable-related-posts":"","theme-transparent-header-meta":"","adv-header-id-meta":"","stick-header-meta":"","header-above-stick-meta":null,"header-main-stick-meta":"","header-below-stick-meta":null,"astra-migrate-meta-layouts":"default","ast-page-background-enabled":"default","ast-page-background-meta":{"desktop":{"background-color":"","background-image":"","background-repeat":"repeat","background-position":"center center","background-size":"auto","background-attachment":"scroll","background-type":"","background-media":"","overlay-type":"","overlay-color":"","overlay-opacity":"","overlay-gradient":""},"tablet":{"background-color":"","background-image":"","background-repeat":"repeat","background-position":"center center","background-size":"auto","background-attachment":"scroll","background-type":"","background-media":"","overlay-type":"","overlay-color":"","overlay-opacity":"","overlay-gradient":""},"mobile":{"background-color":"","background-image":"","background-repeat":"repeat","background-position":"center center","background-size":"auto","background-attachment":"scroll","background-type":"","background-media":"","overlay-type":"","overlay-color":"","overlay-opacity":"","overlay-gradient":""}},"ast-content-background-meta":{"desktop":{"background-color":"var(--ast-global-color-5)","background-image":"","background-repeat":"repeat","background-position":"center center","background-size":"auto","background-attachment":"scroll","background-type":"","background-media":"","overlay-type":"","overlay-color":"","overlay-opacity":"","overlay-gradient":""},"tablet":{"background-color":"var(--ast-global-color-5)","background-image":"","background-repeat":"repeat","background-position":"center center","background-size":"auto","background-attachment":"scroll","background-type":"","background-media":"","overlay-type":"","overlay-color":"","overlay-opacity":"","overlay-gradient":""},"mobile":{"background-color":"var(--ast-global-color-5)","background-image":"","background-repeat":"repeat","background-position":"center center","background-size":"auto","background-attachment":"scroll","background-type":"","background-media":"","overlay-type":"","overlay-color":"","overlay-opacity":"","overlay-gradient":""}}},"categories":[4],"tags":[],"class_list":["post-3769","archive","type-archive","status-publish","has-post-thumbnail","hentry","category-actualites"],"yoast_head":"<!-- This site is optimized with the Yoast SEO plugin v27.5 - https:\/\/yoast.com\/product\/yoast-seo-wordpress\/ -->\n<title>DU 25\/11 AU 29\/11 - IMAGES MIGRANTES : cin\u00e9ma, rencontres, spectacles - Ch\u00e2teau de Goutelas<\/title>\n<meta name=\"robots\" content=\"index, follow, max-snippet:-1, max-image-preview:large, max-video-preview:-1\" \/>\n<link rel=\"canonical\" href=\"https:\/\/www.chateaudegoutelas.fr\/en\/archive\/du-25-11-au-28-11-images-migrantes-cinema-rencontres-spectacles\/\" \/>\n<meta property=\"og:locale\" content=\"en_GB\" \/>\n<meta property=\"og:type\" content=\"article\" \/>\n<meta property=\"og:title\" content=\"DU 25\/11 AU 29\/11 - IMAGES MIGRANTES : cin\u00e9ma, rencontres, spectacles - Ch\u00e2teau de Goutelas\" \/>\n<meta property=\"og:description\" content=\"Du jeudi 25 au lundi 29 novembre Au Ch\u00e2teau de Goutelas et au cin\u00e9ma L&rsquo;Entract (Bo\u00ebn-sur-Lignon) Regards sur l&rsquo;hospitalit\u00e9 &nbsp; 50 ans apr\u00e8s la fin de son mythique festival de cin\u00e9ma, Goutelas renoue avec l\u2019exp\u00e9rience collective de visionner des films\u2026 et d\u2019en parler ! Films sur pellicule, documentaires, cin\u00e9ma d\u2019animation, installations vid\u00e9o ou cr\u00e9ations collectives [&hellip;]\" \/>\n<meta property=\"og:url\" content=\"https:\/\/www.chateaudegoutelas.fr\/en\/archive\/du-25-11-au-28-11-images-migrantes-cinema-rencontres-spectacles\/\" \/>\n<meta property=\"og:site_name\" content=\"Ch\u00e2teau de Goutelas\" \/>\n<meta property=\"article:modified_time\" content=\"2023-05-26T07:56:56+00:00\" \/>\n<meta property=\"og:image\" content=\"https:\/\/www.chateaudegoutelas.fr\/wp-content\/uploads\/2021\/10\/INTERCALAIRE_2-scaled.jpg\" \/>\n\t<meta property=\"og:image:width\" content=\"2560\" \/>\n\t<meta property=\"og:image:height\" content=\"1977\" \/>\n\t<meta property=\"og:image:type\" content=\"image\/jpeg\" \/>\n<meta name=\"twitter:card\" content=\"summary_large_image\" \/>\n<meta name=\"twitter:label1\" content=\"Estimated reading time\" \/>\n\t<meta name=\"twitter:data1\" content=\"2 minutes\" \/>\n<script type=\"application\/ld+json\" class=\"yoast-schema-graph\">{\"@context\":\"https:\\\/\\\/schema.org\",\"@graph\":[{\"@type\":\"WebPage\",\"@id\":\"https:\\\/\\\/www.chateaudegoutelas.fr\\\/archive\\\/du-25-11-au-28-11-images-migrantes-cinema-rencontres-spectacles\\\/\",\"url\":\"https:\\\/\\\/www.chateaudegoutelas.fr\\\/archive\\\/du-25-11-au-28-11-images-migrantes-cinema-rencontres-spectacles\\\/\",\"name\":\"DU 25\\\/11 AU 29\\\/11 - IMAGES MIGRANTES : cin\u00e9ma, rencontres, spectacles - Ch\u00e2teau de Goutelas\",\"isPartOf\":{\"@id\":\"https:\\\/\\\/www.chateaudegoutelas.fr\\\/#website\"},\"primaryImageOfPage\":{\"@id\":\"https:\\\/\\\/www.chateaudegoutelas.fr\\\/archive\\\/du-25-11-au-28-11-images-migrantes-cinema-rencontres-spectacles\\\/#primaryimage\"},\"image\":{\"@id\":\"https:\\\/\\\/www.chateaudegoutelas.fr\\\/archive\\\/du-25-11-au-28-11-images-migrantes-cinema-rencontres-spectacles\\\/#primaryimage\"},\"thumbnailUrl\":\"https:\\\/\\\/www.chateaudegoutelas.fr\\\/wp-content\\\/uploads\\\/2021\\\/10\\\/INTERCALAIRE_2-scaled.jpg\",\"datePublished\":\"2021-10-13T10:50:04+00:00\",\"dateModified\":\"2023-05-26T07:56:56+00:00\",\"breadcrumb\":{\"@id\":\"https:\\\/\\\/www.chateaudegoutelas.fr\\\/archive\\\/du-25-11-au-28-11-images-migrantes-cinema-rencontres-spectacles\\\/#breadcrumb\"},\"inLanguage\":\"en-GB\",\"potentialAction\":[{\"@type\":\"ReadAction\",\"target\":[\"https:\\\/\\\/www.chateaudegoutelas.fr\\\/archive\\\/du-25-11-au-28-11-images-migrantes-cinema-rencontres-spectacles\\\/\"]}]},{\"@type\":\"ImageObject\",\"inLanguage\":\"en-GB\",\"@id\":\"https:\\\/\\\/www.chateaudegoutelas.fr\\\/archive\\\/du-25-11-au-28-11-images-migrantes-cinema-rencontres-spectacles\\\/#primaryimage\",\"url\":\"https:\\\/\\\/www.chateaudegoutelas.fr\\\/wp-content\\\/uploads\\\/2021\\\/10\\\/INTERCALAIRE_2-scaled.jpg\",\"contentUrl\":\"https:\\\/\\\/www.chateaudegoutelas.fr\\\/wp-content\\\/uploads\\\/2021\\\/10\\\/INTERCALAIRE_2-scaled.jpg\",\"width\":2560,\"height\":1977},{\"@type\":\"BreadcrumbList\",\"@id\":\"https:\\\/\\\/www.chateaudegoutelas.fr\\\/archive\\\/du-25-11-au-28-11-images-migrantes-cinema-rencontres-spectacles\\\/#breadcrumb\",\"itemListElement\":[{\"@type\":\"ListItem\",\"position\":1,\"name\":\"Accueil\",\"item\":\"https:\\\/\\\/www.chateaudegoutelas.fr\\\/\"},{\"@type\":\"ListItem\",\"position\":2,\"name\":\"DU 25\\\/11 AU 29\\\/11 &#8211; IMAGES MIGRANTES : cin\u00e9ma, rencontres, spectacles\"}]},{\"@type\":\"WebSite\",\"@id\":\"https:\\\/\\\/www.chateaudegoutelas.fr\\\/#website\",\"url\":\"https:\\\/\\\/www.chateaudegoutelas.fr\\\/\",\"name\":\"Ch\u00e2teau de Goutelas\",\"description\":\"Un centre culturel de rencontre en Forez\",\"publisher\":{\"@id\":\"https:\\\/\\\/www.chateaudegoutelas.fr\\\/#organization\"},\"potentialAction\":[{\"@type\":\"SearchAction\",\"target\":{\"@type\":\"EntryPoint\",\"urlTemplate\":\"https:\\\/\\\/www.chateaudegoutelas.fr\\\/?s={search_term_string}\"},\"query-input\":{\"@type\":\"PropertyValueSpecification\",\"valueRequired\":true,\"valueName\":\"search_term_string\"}}],\"inLanguage\":\"en-GB\"},{\"@type\":\"Organization\",\"@id\":\"https:\\\/\\\/www.chateaudegoutelas.fr\\\/#organization\",\"name\":\"Ch\u00e2teau de Goutelas\",\"url\":\"https:\\\/\\\/www.chateaudegoutelas.fr\\\/\",\"logo\":{\"@type\":\"ImageObject\",\"inLanguage\":\"en-GB\",\"@id\":\"https:\\\/\\\/www.chateaudegoutelas.fr\\\/#\\\/schema\\\/logo\\\/image\\\/\",\"url\":\"https:\\\/\\\/www.chateaudegoutelas.fr\\\/wp-content\\\/uploads\\\/2023\\\/05\\\/logo-chateau-goutelas-bleu.png\",\"contentUrl\":\"https:\\\/\\\/www.chateaudegoutelas.fr\\\/wp-content\\\/uploads\\\/2023\\\/05\\\/logo-chateau-goutelas-bleu.png\",\"width\":1123,\"height\":327,\"caption\":\"Ch\u00e2teau de Goutelas\"},\"image\":{\"@id\":\"https:\\\/\\\/www.chateaudegoutelas.fr\\\/#\\\/schema\\\/logo\\\/image\\\/\"}}]}<\/script>\n<!-- \/ Yoast SEO plugin. -->","yoast_head_json":{"title":"DU 25\/11 AU 29\/11 - IMAGES MIGRANTES : cin\u00e9ma, rencontres, spectacles - Ch\u00e2teau de Goutelas","robots":{"index":"index","follow":"follow","max-snippet":"max-snippet:-1","max-image-preview":"max-image-preview:large","max-video-preview":"max-video-preview:-1"},"canonical":"https:\/\/www.chateaudegoutelas.fr\/en\/archive\/du-25-11-au-28-11-images-migrantes-cinema-rencontres-spectacles\/","og_locale":"en_GB","og_type":"article","og_title":"DU 25\/11 AU 29\/11 - IMAGES MIGRANTES : cin\u00e9ma, rencontres, spectacles - Ch\u00e2teau de Goutelas","og_description":"Du jeudi 25 au lundi 29 novembre Au Ch\u00e2teau de Goutelas et au cin\u00e9ma L&rsquo;Entract (Bo\u00ebn-sur-Lignon) Regards sur l&rsquo;hospitalit\u00e9 &nbsp; 50 ans apr\u00e8s la fin de son mythique festival de cin\u00e9ma, Goutelas renoue avec l\u2019exp\u00e9rience collective de visionner des films\u2026 et d\u2019en parler ! Films sur pellicule, documentaires, cin\u00e9ma d\u2019animation, installations vid\u00e9o ou cr\u00e9ations collectives [&hellip;]","og_url":"https:\/\/www.chateaudegoutelas.fr\/en\/archive\/du-25-11-au-28-11-images-migrantes-cinema-rencontres-spectacles\/","og_site_name":"Ch\u00e2teau de Goutelas","article_modified_time":"2023-05-26T07:56:56+00:00","og_image":[{"width":2560,"height":1977,"url":"https:\/\/www.chateaudegoutelas.fr\/wp-content\/uploads\/2021\/10\/INTERCALAIRE_2-scaled.jpg","type":"image\/jpeg"}],"twitter_card":"summary_large_image","twitter_misc":{"Estimated reading time":"2 minutes"},"schema":{"@context":"https:\/\/schema.org","@graph":[{"@type":"WebPage","@id":"https:\/\/www.chateaudegoutelas.fr\/archive\/du-25-11-au-28-11-images-migrantes-cinema-rencontres-spectacles\/","url":"https:\/\/www.chateaudegoutelas.fr\/archive\/du-25-11-au-28-11-images-migrantes-cinema-rencontres-spectacles\/","name":"DU 25\/11 AU 29\/11 - IMAGES MIGRANTES : cin\u00e9ma, rencontres, spectacles - Ch\u00e2teau de Goutelas","isPartOf":{"@id":"https:\/\/www.chateaudegoutelas.fr\/#website"},"primaryImageOfPage":{"@id":"https:\/\/www.chateaudegoutelas.fr\/archive\/du-25-11-au-28-11-images-migrantes-cinema-rencontres-spectacles\/#primaryimage"},"image":{"@id":"https:\/\/www.chateaudegoutelas.fr\/archive\/du-25-11-au-28-11-images-migrantes-cinema-rencontres-spectacles\/#primaryimage"},"thumbnailUrl":"https:\/\/www.chateaudegoutelas.fr\/wp-content\/uploads\/2021\/10\/INTERCALAIRE_2-scaled.jpg","datePublished":"2021-10-13T10:50:04+00:00","dateModified":"2023-05-26T07:56:56+00:00","breadcrumb":{"@id":"https:\/\/www.chateaudegoutelas.fr\/archive\/du-25-11-au-28-11-images-migrantes-cinema-rencontres-spectacles\/#breadcrumb"},"inLanguage":"en-GB","potentialAction":[{"@type":"ReadAction","target":["https:\/\/www.chateaudegoutelas.fr\/archive\/du-25-11-au-28-11-images-migrantes-cinema-rencontres-spectacles\/"]}]},{"@type":"ImageObject","inLanguage":"en-GB","@id":"https:\/\/www.chateaudegoutelas.fr\/archive\/du-25-11-au-28-11-images-migrantes-cinema-rencontres-spectacles\/#primaryimage","url":"https:\/\/www.chateaudegoutelas.fr\/wp-content\/uploads\/2021\/10\/INTERCALAIRE_2-scaled.jpg","contentUrl":"https:\/\/www.chateaudegoutelas.fr\/wp-content\/uploads\/2021\/10\/INTERCALAIRE_2-scaled.jpg","width":2560,"height":1977},{"@type":"BreadcrumbList","@id":"https:\/\/www.chateaudegoutelas.fr\/archive\/du-25-11-au-28-11-images-migrantes-cinema-rencontres-spectacles\/#breadcrumb","itemListElement":[{"@type":"ListItem","position":1,"name":"Accueil","item":"https:\/\/www.chateaudegoutelas.fr\/"},{"@type":"ListItem","position":2,"name":"DU 25\/11 AU 29\/11 &#8211; IMAGES MIGRANTES : cin\u00e9ma, rencontres, spectacles"}]},{"@type":"WebSite","@id":"https:\/\/www.chateaudegoutelas.fr\/#website","url":"https:\/\/www.chateaudegoutelas.fr\/","name":"Ch\u00e2teau de Goutelas","description":"Un centre culturel de rencontre en Forez","publisher":{"@id":"https:\/\/www.chateaudegoutelas.fr\/#organization"},"potentialAction":[{"@type":"SearchAction","target":{"@type":"EntryPoint","urlTemplate":"https:\/\/www.chateaudegoutelas.fr\/?s={search_term_string}"},"query-input":{"@type":"PropertyValueSpecification","valueRequired":true,"valueName":"search_term_string"}}],"inLanguage":"en-GB"},{"@type":"Organization","@id":"https:\/\/www.chateaudegoutelas.fr\/#organization","name":"Ch\u00e2teau de Goutelas","url":"https:\/\/www.chateaudegoutelas.fr\/","logo":{"@type":"ImageObject","inLanguage":"en-GB","@id":"https:\/\/www.chateaudegoutelas.fr\/#\/schema\/logo\/image\/","url":"https:\/\/www.chateaudegoutelas.fr\/wp-content\/uploads\/2023\/05\/logo-chateau-goutelas-bleu.png","contentUrl":"https:\/\/www.chateaudegoutelas.fr\/wp-content\/uploads\/2023\/05\/logo-chateau-goutelas-bleu.png","width":1123,"height":327,"caption":"Ch\u00e2teau de Goutelas"},"image":{"@id":"https:\/\/www.chateaudegoutelas.fr\/#\/schema\/logo\/image\/"}}]}},"_links":{"self":[{"href":"https:\/\/www.chateaudegoutelas.fr\/en\/wp-json\/wp\/v2\/archive\/3769","targetHints":{"allow":["GET"]}}],"collection":[{"href":"https:\/\/www.chateaudegoutelas.fr\/en\/wp-json\/wp\/v2\/archive"}],"about":[{"href":"https:\/\/www.chateaudegoutelas.fr\/en\/wp-json\/wp\/v2\/types\/archive"}],"author":[{"embeddable":true,"href":"https:\/\/www.chateaudegoutelas.fr\/en\/wp-json\/wp\/v2\/users\/7"}],"wp:featuredmedia":[{"embeddable":true,"href":"https:\/\/www.chateaudegoutelas.fr\/en\/wp-json\/wp\/v2\/media\/3770"}],"wp:attachment":[{"href":"https:\/\/www.chateaudegoutelas.fr\/en\/wp-json\/wp\/v2\/media?parent=3769"}],"wp:term":[{"taxonomy":"category","embeddable":true,"href":"https:\/\/www.chateaudegoutelas.fr\/en\/wp-json\/wp\/v2\/categories?post=3769"},{"taxonomy":"post_tag","embeddable":true,"href":"https:\/\/www.chateaudegoutelas.fr\/en\/wp-json\/wp\/v2\/tags?post=3769"}],"curies":[{"name":"wp","href":"https:\/\/api.w.org\/{rel}","templated":true}]}}