{"id":3763,"date":"2021-10-13T13:00:14","date_gmt":"2021-10-13T11:00:14","guid":{"rendered":"https:\/\/www.chateaudegoutelas.fr\/?p=3763"},"modified":"2023-05-26T09:56:54","modified_gmt":"2023-05-26T07:56:54","slug":"vendredi-26-11-cine-concert-yoanna-cie","status":"publish","type":"archive","link":"https:\/\/www.chateaudegoutelas.fr\/en\/archive\/vendredi-26-11-cine-concert-yoanna-cie\/","title":{"rendered":"VENDREDI 26\/11 &#8211; CINE-CONCERT : Yoanna &#038; Cie"},"content":{"rendered":"<div class=\"shmMigrate\"><\/div>\n<div class=\"shmMigrate\"><\/div>\n<div class=\"shmMigrate\"><\/div>\n<div class=\"shmMigrate\"><\/div>\n<h4>Dans le cadre du temps fort <a href=\"https:\/\/www.chateaudegoutelas.fr\/en\/du-25-11-au-28-11-images-migrantes-cinema-rencontres-spectacles\/\" target=\"_blank\" rel=\"noopener\">Images migrantes, Regards sur l\u2019hospitalit\u00e9 \u2013 Du 25 au 29 novembre 2021<\/a><\/h4>\n<div class=\"shmMigrate\"><\/div>\n<div class=\"shmMigrate\"><\/div>\n<div class=\"shmMigrate\"><\/div>\n<h4><span style=\"font-weight: 400;\">Vendredi 26 novembre<\/span><\/h4>\n<h4><span style=\"font-weight: 400;\">20h30<\/span><\/h4>\n<div class=\"shmMigrate\"><\/div>\n<div class=\"shmMigrate\"><\/div>\n<p><span style=\"font-weight: 400;\">Une s\u00e9ance de cin\u00e9ma pas comme les autres ouvre <a href=\"https:\/\/www.chateaudegoutelas.fr\/en\/vendredi-26-11-concert-chems\/\">le concert de Chems<\/a>.<\/span><\/p>\n<p><span style=\"font-weight: 400;\">\u00c0 l\u2019\u00e9cran, les personnages et les d\u00e9cors d\u2019un film tourn\u00e9 \u00e0 Goutelas. Sur sc\u00e8ne, des musiciens qui jouent \u201cen live\u201d la bande-son de ce court-m\u00e9trage. Et en coulisses, la richesse d\u2019une rencontre, artistique et humaine, autour de l\u2019exp\u00e9rience de l\u2019exil. <\/span><\/p>\n<p>&nbsp;<\/p>\n<p><em><span style=\"font-weight: 400;\">Cin\u00e9-concert cr\u00e9\u00e9 par une dizaine de personnes en demande d\u2019asile, dans le cadre d\u2019ateliers anim\u00e9s par Yoanna <\/span><span style=\"font-weight: 400;\">(artiste compagnon du festival Poly\u2019Sons 2021)<\/span><span style=\"font-weight: 400;\"> et ses complices Mathieu Goust (musicien) et Magali Laroche (r\u00e9alisatrice).<\/span><\/em><\/p>\n<div class=\"shmMigrate\"><\/div>\n<div class=\"shmMigrate\"><\/div>\n<div class=\"shmMigrate\"><\/div>\n<p><b>Cin\u00e9-concert + concert de Chems :<\/b><\/p>\n<p><b>12 \u20ac | 8 \u20ac tarif r\u00e9duit<\/b><\/p>\n<p><b>Gratuit pour les moins de 12 ans<\/b><\/p>\n<div class=\"shmMigrate\"><\/div>\n<div class=\"shmMigrate\"><\/div>\n<div class=\"shmMigrate\"><\/div>\n<div class=\"shmMigrate\"><\/div>\n<p><em><span style=\"font-weight: 400;\">En partenariat avec :<\/span><\/em><\/p>\n<p><em><span style=\"font-weight: 400;\">Le Th\u00e9\u00e2tre des P\u00e9nitents &#8211; Ville de Montbrison<\/span><\/em><\/p>\n<p><em><span style=\"font-weight: 400;\">L\u2019Entraide Pierre Valdo<\/span><\/em><\/p>\n<p><em><span style=\"font-weight: 400;\">Le collectif d\u2019accueil des demandeurs d\u2019asile de Bo\u00ebn et Noir\u00e9table.\u00a0<\/span><\/em><\/p>\n<p>&nbsp;<\/p>\n<p><em><span style=\"font-weight: 400;\">Ce projet est soutenu par L\u2019Et\u00e9 culturel, une manifestation \u00e0 l\u2019initiative du Minist\u00e8re de la culture et mise en \u0153uvre par la Direction r\u00e9gionale des affaires culturelles Auvergne-Rh\u00f4ne-Alpes et les op\u00e9rateurs nationaux.<\/span><\/em><\/p>\n<div class=\"shmMigrate\"><\/div>\n<div class=\"shmMigrate\"><\/div>\n<div class=\"shmMigrate\"><\/div>\n<p>Photo \u00a9 Lucie Locqueneux<\/p>\n<div class=\"shmMigrate\"><\/div>\n<div class=\"shmMigrate\"><\/div>\n<div class=\"shmMigrate\"><\/div>\n<div class=\"shmMigrate\"><\/div>","protected":false},"author":7,"featured_media":3952,"template":"","meta":{"site-sidebar-layout":"default","site-content-layout":"","ast-site-content-layout":"default","site-content-style":"default","site-sidebar-style":"default","ast-global-header-display":"","ast-banner-title-visibility":"","ast-main-header-display":"","ast-hfb-above-header-display":"","ast-hfb-below-header-display":"","ast-hfb-mobile-header-display":"","site-post-title":"","ast-breadcrumbs-content":null,"ast-featured-img":"","footer-sml-layout":"","ast-disable-related-posts":"","theme-transparent-header-meta":"","adv-header-id-meta":"","stick-header-meta":"","header-above-stick-meta":null,"header-main-stick-meta":"","header-below-stick-meta":null,"astra-migrate-meta-layouts":"default","ast-page-background-enabled":"default","ast-page-background-meta":{"desktop":{"background-color":"","background-image":"","background-repeat":"repeat","background-position":"center center","background-size":"auto","background-attachment":"scroll","background-type":"","background-media":"","overlay-type":"","overlay-color":"","overlay-opacity":"","overlay-gradient":""},"tablet":{"background-color":"","background-image":"","background-repeat":"repeat","background-position":"center center","background-size":"auto","background-attachment":"scroll","background-type":"","background-media":"","overlay-type":"","overlay-color":"","overlay-opacity":"","overlay-gradient":""},"mobile":{"background-color":"","background-image":"","background-repeat":"repeat","background-position":"center center","background-size":"auto","background-attachment":"scroll","background-type":"","background-media":"","overlay-type":"","overlay-color":"","overlay-opacity":"","overlay-gradient":""}},"ast-content-background-meta":{"desktop":{"background-color":"var(--ast-global-color-5)","background-image":"","background-repeat":"repeat","background-position":"center center","background-size":"auto","background-attachment":"scroll","background-type":"","background-media":"","overlay-type":"","overlay-color":"","overlay-opacity":"","overlay-gradient":""},"tablet":{"background-color":"var(--ast-global-color-5)","background-image":"","background-repeat":"repeat","background-position":"center center","background-size":"auto","background-attachment":"scroll","background-type":"","background-media":"","overlay-type":"","overlay-color":"","overlay-opacity":"","overlay-gradient":""},"mobile":{"background-color":"var(--ast-global-color-5)","background-image":"","background-repeat":"repeat","background-position":"center center","background-size":"auto","background-attachment":"scroll","background-type":"","background-media":"","overlay-type":"","overlay-color":"","overlay-opacity":"","overlay-gradient":""}}},"categories":[4],"tags":[],"class_list":["post-3763","archive","type-archive","status-publish","has-post-thumbnail","hentry","category-actualites"],"yoast_head":"<!-- This site is optimized with the Yoast SEO plugin v27.5 - https:\/\/yoast.com\/product\/yoast-seo-wordpress\/ -->\n<title>VENDREDI 26\/11 - CINE-CONCERT : Yoanna &amp; Cie - Ch\u00e2teau de Goutelas<\/title>\n<meta name=\"robots\" content=\"index, follow, max-snippet:-1, max-image-preview:large, max-video-preview:-1\" \/>\n<link rel=\"canonical\" href=\"https:\/\/www.chateaudegoutelas.fr\/en\/archive\/vendredi-26-11-cine-concert-yoanna-cie\/\" \/>\n<meta property=\"og:locale\" content=\"en_GB\" \/>\n<meta property=\"og:type\" content=\"article\" \/>\n<meta property=\"og:title\" content=\"VENDREDI 26\/11 - CINE-CONCERT : Yoanna &amp; Cie - Ch\u00e2teau de Goutelas\" \/>\n<meta property=\"og:description\" content=\"Dans le cadre du temps fort Images migrantes, Regards sur l\u2019hospitalit\u00e9 \u2013 Du 25 au 29 novembre 2021 Vendredi 26 novembre 20h30 Une s\u00e9ance de cin\u00e9ma pas comme les autres ouvre le concert de Chems. \u00c0 l\u2019\u00e9cran, les personnages et les d\u00e9cors d\u2019un film tourn\u00e9 \u00e0 Goutelas. Sur sc\u00e8ne, des musiciens qui jouent \u201cen live\u201d [&hellip;]\" \/>\n<meta property=\"og:url\" content=\"https:\/\/www.chateaudegoutelas.fr\/en\/archive\/vendredi-26-11-cine-concert-yoanna-cie\/\" \/>\n<meta property=\"og:site_name\" content=\"Ch\u00e2teau de Goutelas\" \/>\n<meta property=\"article:modified_time\" content=\"2023-05-26T07:56:54+00:00\" \/>\n<meta property=\"og:image\" content=\"https:\/\/www.chateaudegoutelas.fr\/wp-content\/uploads\/2021\/10\/MicrosoftTeams-image-scaled.jpg\" \/>\n\t<meta property=\"og:image:width\" content=\"2560\" \/>\n\t<meta property=\"og:image:height\" content=\"1920\" \/>\n\t<meta property=\"og:image:type\" content=\"image\/jpeg\" \/>\n<meta name=\"twitter:card\" content=\"summary_large_image\" \/>\n<meta name=\"twitter:label1\" content=\"Estimated reading time\" \/>\n\t<meta name=\"twitter:data1\" content=\"1 minute\" \/>\n<script type=\"application\/ld+json\" class=\"yoast-schema-graph\">{\"@context\":\"https:\\\/\\\/schema.org\",\"@graph\":[{\"@type\":\"WebPage\",\"@id\":\"https:\\\/\\\/www.chateaudegoutelas.fr\\\/archive\\\/vendredi-26-11-cine-concert-yoanna-cie\\\/\",\"url\":\"https:\\\/\\\/www.chateaudegoutelas.fr\\\/archive\\\/vendredi-26-11-cine-concert-yoanna-cie\\\/\",\"name\":\"VENDREDI 26\\\/11 - CINE-CONCERT : Yoanna & Cie - Ch\u00e2teau de Goutelas\",\"isPartOf\":{\"@id\":\"https:\\\/\\\/www.chateaudegoutelas.fr\\\/#website\"},\"primaryImageOfPage\":{\"@id\":\"https:\\\/\\\/www.chateaudegoutelas.fr\\\/archive\\\/vendredi-26-11-cine-concert-yoanna-cie\\\/#primaryimage\"},\"image\":{\"@id\":\"https:\\\/\\\/www.chateaudegoutelas.fr\\\/archive\\\/vendredi-26-11-cine-concert-yoanna-cie\\\/#primaryimage\"},\"thumbnailUrl\":\"https:\\\/\\\/www.chateaudegoutelas.fr\\\/wp-content\\\/uploads\\\/2021\\\/10\\\/MicrosoftTeams-image-scaled.jpg\",\"datePublished\":\"2021-10-13T11:00:14+00:00\",\"dateModified\":\"2023-05-26T07:56:54+00:00\",\"breadcrumb\":{\"@id\":\"https:\\\/\\\/www.chateaudegoutelas.fr\\\/archive\\\/vendredi-26-11-cine-concert-yoanna-cie\\\/#breadcrumb\"},\"inLanguage\":\"en-GB\",\"potentialAction\":[{\"@type\":\"ReadAction\",\"target\":[\"https:\\\/\\\/www.chateaudegoutelas.fr\\\/archive\\\/vendredi-26-11-cine-concert-yoanna-cie\\\/\"]}]},{\"@type\":\"ImageObject\",\"inLanguage\":\"en-GB\",\"@id\":\"https:\\\/\\\/www.chateaudegoutelas.fr\\\/archive\\\/vendredi-26-11-cine-concert-yoanna-cie\\\/#primaryimage\",\"url\":\"https:\\\/\\\/www.chateaudegoutelas.fr\\\/wp-content\\\/uploads\\\/2021\\\/10\\\/MicrosoftTeams-image-scaled.jpg\",\"contentUrl\":\"https:\\\/\\\/www.chateaudegoutelas.fr\\\/wp-content\\\/uploads\\\/2021\\\/10\\\/MicrosoftTeams-image-scaled.jpg\",\"width\":2560,\"height\":1920},{\"@type\":\"BreadcrumbList\",\"@id\":\"https:\\\/\\\/www.chateaudegoutelas.fr\\\/archive\\\/vendredi-26-11-cine-concert-yoanna-cie\\\/#breadcrumb\",\"itemListElement\":[{\"@type\":\"ListItem\",\"position\":1,\"name\":\"Accueil\",\"item\":\"https:\\\/\\\/www.chateaudegoutelas.fr\\\/\"},{\"@type\":\"ListItem\",\"position\":2,\"name\":\"VENDREDI 26\\\/11 &#8211; CINE-CONCERT : Yoanna &#038; Cie\"}]},{\"@type\":\"WebSite\",\"@id\":\"https:\\\/\\\/www.chateaudegoutelas.fr\\\/#website\",\"url\":\"https:\\\/\\\/www.chateaudegoutelas.fr\\\/\",\"name\":\"Ch\u00e2teau de Goutelas\",\"description\":\"Un centre culturel de rencontre en Forez\",\"publisher\":{\"@id\":\"https:\\\/\\\/www.chateaudegoutelas.fr\\\/#organization\"},\"potentialAction\":[{\"@type\":\"SearchAction\",\"target\":{\"@type\":\"EntryPoint\",\"urlTemplate\":\"https:\\\/\\\/www.chateaudegoutelas.fr\\\/?s={search_term_string}\"},\"query-input\":{\"@type\":\"PropertyValueSpecification\",\"valueRequired\":true,\"valueName\":\"search_term_string\"}}],\"inLanguage\":\"en-GB\"},{\"@type\":\"Organization\",\"@id\":\"https:\\\/\\\/www.chateaudegoutelas.fr\\\/#organization\",\"name\":\"Ch\u00e2teau de Goutelas\",\"url\":\"https:\\\/\\\/www.chateaudegoutelas.fr\\\/\",\"logo\":{\"@type\":\"ImageObject\",\"inLanguage\":\"en-GB\",\"@id\":\"https:\\\/\\\/www.chateaudegoutelas.fr\\\/#\\\/schema\\\/logo\\\/image\\\/\",\"url\":\"https:\\\/\\\/www.chateaudegoutelas.fr\\\/wp-content\\\/uploads\\\/2023\\\/05\\\/logo-chateau-goutelas-bleu.png\",\"contentUrl\":\"https:\\\/\\\/www.chateaudegoutelas.fr\\\/wp-content\\\/uploads\\\/2023\\\/05\\\/logo-chateau-goutelas-bleu.png\",\"width\":1123,\"height\":327,\"caption\":\"Ch\u00e2teau de Goutelas\"},\"image\":{\"@id\":\"https:\\\/\\\/www.chateaudegoutelas.fr\\\/#\\\/schema\\\/logo\\\/image\\\/\"}}]}<\/script>\n<!-- \/ Yoast SEO plugin. -->","yoast_head_json":{"title":"VENDREDI 26\/11 - CINE-CONCERT : Yoanna & Cie - Ch\u00e2teau de Goutelas","robots":{"index":"index","follow":"follow","max-snippet":"max-snippet:-1","max-image-preview":"max-image-preview:large","max-video-preview":"max-video-preview:-1"},"canonical":"https:\/\/www.chateaudegoutelas.fr\/en\/archive\/vendredi-26-11-cine-concert-yoanna-cie\/","og_locale":"en_GB","og_type":"article","og_title":"VENDREDI 26\/11 - CINE-CONCERT : Yoanna & Cie - Ch\u00e2teau de Goutelas","og_description":"Dans le cadre du temps fort Images migrantes, Regards sur l\u2019hospitalit\u00e9 \u2013 Du 25 au 29 novembre 2021 Vendredi 26 novembre 20h30 Une s\u00e9ance de cin\u00e9ma pas comme les autres ouvre le concert de Chems. \u00c0 l\u2019\u00e9cran, les personnages et les d\u00e9cors d\u2019un film tourn\u00e9 \u00e0 Goutelas. Sur sc\u00e8ne, des musiciens qui jouent \u201cen live\u201d [&hellip;]","og_url":"https:\/\/www.chateaudegoutelas.fr\/en\/archive\/vendredi-26-11-cine-concert-yoanna-cie\/","og_site_name":"Ch\u00e2teau de Goutelas","article_modified_time":"2023-05-26T07:56:54+00:00","og_image":[{"width":2560,"height":1920,"url":"https:\/\/www.chateaudegoutelas.fr\/wp-content\/uploads\/2021\/10\/MicrosoftTeams-image-scaled.jpg","type":"image\/jpeg"}],"twitter_card":"summary_large_image","twitter_misc":{"Estimated reading time":"1 minute"},"schema":{"@context":"https:\/\/schema.org","@graph":[{"@type":"WebPage","@id":"https:\/\/www.chateaudegoutelas.fr\/archive\/vendredi-26-11-cine-concert-yoanna-cie\/","url":"https:\/\/www.chateaudegoutelas.fr\/archive\/vendredi-26-11-cine-concert-yoanna-cie\/","name":"VENDREDI 26\/11 - CINE-CONCERT : Yoanna & Cie - Ch\u00e2teau de Goutelas","isPartOf":{"@id":"https:\/\/www.chateaudegoutelas.fr\/#website"},"primaryImageOfPage":{"@id":"https:\/\/www.chateaudegoutelas.fr\/archive\/vendredi-26-11-cine-concert-yoanna-cie\/#primaryimage"},"image":{"@id":"https:\/\/www.chateaudegoutelas.fr\/archive\/vendredi-26-11-cine-concert-yoanna-cie\/#primaryimage"},"thumbnailUrl":"https:\/\/www.chateaudegoutelas.fr\/wp-content\/uploads\/2021\/10\/MicrosoftTeams-image-scaled.jpg","datePublished":"2021-10-13T11:00:14+00:00","dateModified":"2023-05-26T07:56:54+00:00","breadcrumb":{"@id":"https:\/\/www.chateaudegoutelas.fr\/archive\/vendredi-26-11-cine-concert-yoanna-cie\/#breadcrumb"},"inLanguage":"en-GB","potentialAction":[{"@type":"ReadAction","target":["https:\/\/www.chateaudegoutelas.fr\/archive\/vendredi-26-11-cine-concert-yoanna-cie\/"]}]},{"@type":"ImageObject","inLanguage":"en-GB","@id":"https:\/\/www.chateaudegoutelas.fr\/archive\/vendredi-26-11-cine-concert-yoanna-cie\/#primaryimage","url":"https:\/\/www.chateaudegoutelas.fr\/wp-content\/uploads\/2021\/10\/MicrosoftTeams-image-scaled.jpg","contentUrl":"https:\/\/www.chateaudegoutelas.fr\/wp-content\/uploads\/2021\/10\/MicrosoftTeams-image-scaled.jpg","width":2560,"height":1920},{"@type":"BreadcrumbList","@id":"https:\/\/www.chateaudegoutelas.fr\/archive\/vendredi-26-11-cine-concert-yoanna-cie\/#breadcrumb","itemListElement":[{"@type":"ListItem","position":1,"name":"Accueil","item":"https:\/\/www.chateaudegoutelas.fr\/"},{"@type":"ListItem","position":2,"name":"VENDREDI 26\/11 &#8211; CINE-CONCERT : Yoanna &#038; Cie"}]},{"@type":"WebSite","@id":"https:\/\/www.chateaudegoutelas.fr\/#website","url":"https:\/\/www.chateaudegoutelas.fr\/","name":"Ch\u00e2teau de Goutelas","description":"Un centre culturel de rencontre en Forez","publisher":{"@id":"https:\/\/www.chateaudegoutelas.fr\/#organization"},"potentialAction":[{"@type":"SearchAction","target":{"@type":"EntryPoint","urlTemplate":"https:\/\/www.chateaudegoutelas.fr\/?s={search_term_string}"},"query-input":{"@type":"PropertyValueSpecification","valueRequired":true,"valueName":"search_term_string"}}],"inLanguage":"en-GB"},{"@type":"Organization","@id":"https:\/\/www.chateaudegoutelas.fr\/#organization","name":"Ch\u00e2teau de Goutelas","url":"https:\/\/www.chateaudegoutelas.fr\/","logo":{"@type":"ImageObject","inLanguage":"en-GB","@id":"https:\/\/www.chateaudegoutelas.fr\/#\/schema\/logo\/image\/","url":"https:\/\/www.chateaudegoutelas.fr\/wp-content\/uploads\/2023\/05\/logo-chateau-goutelas-bleu.png","contentUrl":"https:\/\/www.chateaudegoutelas.fr\/wp-content\/uploads\/2023\/05\/logo-chateau-goutelas-bleu.png","width":1123,"height":327,"caption":"Ch\u00e2teau de Goutelas"},"image":{"@id":"https:\/\/www.chateaudegoutelas.fr\/#\/schema\/logo\/image\/"}}]}},"_links":{"self":[{"href":"https:\/\/www.chateaudegoutelas.fr\/en\/wp-json\/wp\/v2\/archive\/3763","targetHints":{"allow":["GET"]}}],"collection":[{"href":"https:\/\/www.chateaudegoutelas.fr\/en\/wp-json\/wp\/v2\/archive"}],"about":[{"href":"https:\/\/www.chateaudegoutelas.fr\/en\/wp-json\/wp\/v2\/types\/archive"}],"author":[{"embeddable":true,"href":"https:\/\/www.chateaudegoutelas.fr\/en\/wp-json\/wp\/v2\/users\/7"}],"wp:featuredmedia":[{"embeddable":true,"href":"https:\/\/www.chateaudegoutelas.fr\/en\/wp-json\/wp\/v2\/media\/3952"}],"wp:attachment":[{"href":"https:\/\/www.chateaudegoutelas.fr\/en\/wp-json\/wp\/v2\/media?parent=3763"}],"wp:term":[{"taxonomy":"category","embeddable":true,"href":"https:\/\/www.chateaudegoutelas.fr\/en\/wp-json\/wp\/v2\/categories?post=3763"},{"taxonomy":"post_tag","embeddable":true,"href":"https:\/\/www.chateaudegoutelas.fr\/en\/wp-json\/wp\/v2\/tags?post=3763"}],"curies":[{"name":"wp","href":"https:\/\/api.w.org\/{rel}","templated":true}]}}