{"id":3612,"date":"2021-08-26T11:33:40","date_gmt":"2021-08-26T09:33:40","guid":{"rendered":"https:\/\/www.chateaudegoutelas.fr\/?p=3612"},"modified":"2023-05-26T09:57:03","modified_gmt":"2023-05-26T07:57:03","slug":"du-30-08-au-05-09-artiste-en-residence-rue-des-kebabs","status":"publish","type":"archive","link":"https:\/\/www.chateaudegoutelas.fr\/en\/archive\/du-30-08-au-05-09-artiste-en-residence-rue-des-kebabs\/","title":{"rendered":"DU 30\/08 AU 05\/09 \u2013 R\u00c9SIDENCE : Rue des kebabs"},"content":{"rendered":"<div class=\"shmMigrate\"><\/div>\n<div class=\"shmMigrate\"><\/div>\n<div class=\"shmMigrate\"><\/div>\n<div class=\"shmMigrate\"><\/div>\n<p><strong>Rue des Kebabs<\/strong><br \/>\n<strong>r\u00e9sidence du 30 ao\u00fbt au 5 septembre 2021<\/strong><\/p>\n<p>&nbsp;<\/p>\n<p><strong>avec<\/strong> Catherine Gauthier, Sandrine Binoux, Dan Charles Dahan<\/p>\n<p>&nbsp;<\/p>\n<p><em>Rue des kebabs <\/em>est un projet pluridisciplinaire de recherche action men\u00e9 par Catherine Gauthier, sociologue, Sandrine Binoux, photographe et Dan Charles Dahan, concepteur r\u00e9alisateur multim\u00e9dia.<\/p>\n<p>&nbsp;<\/p>\n<p>Son ambition est d\u2019observer les modes d\u2019implantation des commerces de restauration rapide et leur r\u00f4le social dans les centres villes anciens et centres-bourgs de quelques localit\u00e9s en R\u00e9gion Auvergne Rh\u00f4ne-Alpes en ayant pour entr\u00e9e principale l\u2019exemple des kebabs. Ceci dans un contexte de mutations urbaines et de projets d\u2019am\u00e9nagement plus ou moins avanc\u00e9s et de crise sanitaire o\u00f9 la vente \u00e0 emporter a souvent modifi\u00e9 les usages.<\/p>\n<p>&nbsp;<\/p>\n<p>L\u2019enqu\u00eate sociologique des comportements et repr\u00e9sentations des commer\u00e7ants, clients ou riverains et l\u2019analyse architecturale des boutiques, quartiers et projets urbains s\u2019articulent \u00e0 un travail audiovisuel de capture photographiques et sonores en vue de la r\u00e9alisation d\u2019un film documentaire. L\u2019\u00e9quipe du \u00ab tournage \u00bb sera dans les murs du ch\u00e2teau pour saisir les situations locales entre Bo\u00ebn-sur-Lignon et Ambert et leurs bassins de vie.<\/p>\n<p>&nbsp;<\/p>\n<p>La <strong>restitution<\/strong> de cette r\u00e9sidence aura lieu <strong>samedi 27 novembre 2021<\/strong> dans le cadre de \u00ab\u00a0Images migrantes\u00a0\u00bb, suivie d\u2019un d\u00e9jeuner partag\u00e9 autour d\u2019un kebab.<\/p>\n<p>&nbsp;<\/p>\n<p><em>\u00ab Rue des kebabs \u00bb est port\u00e9 par l\u2019Ecole Nationale Sup\u00e9rieure d\u2019Architecture de Clermont-Ferrand et son laboratoire Ressources depuis 2019, co-financ\u00e9 par l\u2019appel \u00e0 projet M\u00e9moires du 20\u00e8me et du 21\u00e8me si\u00e8cle et partenaire du r\u00e9seau Traces en Auvergne-Rh\u00f4ne Alpes.<\/em><\/p>\n<div class=\"shmMigrate\"><\/div>\n<div class=\"shmMigrate\"><\/div>\n<div class=\"shmMigrate\"><\/div>\n<div class=\"shmMigrate\"><\/div>\n<div class=\"shmMigrate\"><\/div>\n<p style=\"text-align: left;\"><strong>Catherine Gauthier<\/strong> est sociologue et ma\u00eetresse de conf\u00e9rence \u00e0 l\u2019 ENSA Clermont-Ferrand et chercheure permanente au laboratoire RESSOURCES. Elle est \u00e9galement r\u00e9alisatrice de films documentaires et films de recherche.<\/p>\n<p>&nbsp;<\/p>\n<p style=\"text-align: left;\"><strong>Sandrine Binoux<\/strong> est photographe plasticienne, enseignante \u00e0 l\u2019\u00c9cole Sup\u00e9rieure d\u2019Art et de Design de Saint-\u00c9tienne. Dans sa d\u00e9marche personnelle, elle cherche \u00e0 aller au-devant de r\u00e9alit\u00e9s et \u00e0 questionner les notions d\u2019identit\u00e9 et de territoire.<\/p>\n<p>&nbsp;<\/p>\n<p style=\"text-align: left;\"><strong>Dan Charles Dahan<\/strong> est concepteur-r\u00e9alisateur multim\u00e9dia ind\u00e9pendant, dipl\u00f4m\u00e9 de l\u2019IESA Paris en 2001. Son travail oscille entre art sonore, musique acousmatique, musique improvis\u00e9e, mix exp\u00e9rimental, art radiophonique, paysage sonore (field recording), sound design, &#8230;<\/p>\n<div class=\"shmMigrate\"><\/div>\n<div class=\"shmMigrate\"><\/div>\n<div class=\"shmMigrate\"><\/div>","protected":false},"author":7,"featured_media":3620,"template":"","meta":{"site-sidebar-layout":"default","site-content-layout":"","ast-site-content-layout":"default","site-content-style":"default","site-sidebar-style":"default","ast-global-header-display":"","ast-banner-title-visibility":"","ast-main-header-display":"","ast-hfb-above-header-display":"","ast-hfb-below-header-display":"","ast-hfb-mobile-header-display":"","site-post-title":"","ast-breadcrumbs-content":null,"ast-featured-img":"","footer-sml-layout":"","ast-disable-related-posts":"","theme-transparent-header-meta":"","adv-header-id-meta":"","stick-header-meta":"","header-above-stick-meta":null,"header-main-stick-meta":"","header-below-stick-meta":null,"astra-migrate-meta-layouts":"default","ast-page-background-enabled":"default","ast-page-background-meta":{"desktop":{"background-color":"","background-image":"","background-repeat":"repeat","background-position":"center center","background-size":"auto","background-attachment":"scroll","background-type":"","background-media":"","overlay-type":"","overlay-color":"","overlay-opacity":"","overlay-gradient":""},"tablet":{"background-color":"","background-image":"","background-repeat":"repeat","background-position":"center center","background-size":"auto","background-attachment":"scroll","background-type":"","background-media":"","overlay-type":"","overlay-color":"","overlay-opacity":"","overlay-gradient":""},"mobile":{"background-color":"","background-image":"","background-repeat":"repeat","background-position":"center center","background-size":"auto","background-attachment":"scroll","background-type":"","background-media":"","overlay-type":"","overlay-color":"","overlay-opacity":"","overlay-gradient":""}},"ast-content-background-meta":{"desktop":{"background-color":"var(--ast-global-color-5)","background-image":"","background-repeat":"repeat","background-position":"center center","background-size":"auto","background-attachment":"scroll","background-type":"","background-media":"","overlay-type":"","overlay-color":"","overlay-opacity":"","overlay-gradient":""},"tablet":{"background-color":"var(--ast-global-color-5)","background-image":"","background-repeat":"repeat","background-position":"center center","background-size":"auto","background-attachment":"scroll","background-type":"","background-media":"","overlay-type":"","overlay-color":"","overlay-opacity":"","overlay-gradient":""},"mobile":{"background-color":"var(--ast-global-color-5)","background-image":"","background-repeat":"repeat","background-position":"center center","background-size":"auto","background-attachment":"scroll","background-type":"","background-media":"","overlay-type":"","overlay-color":"","overlay-opacity":"","overlay-gradient":""}}},"categories":[4],"tags":[],"class_list":["post-3612","archive","type-archive","status-publish","has-post-thumbnail","hentry","category-actualites"],"yoast_head":"<!-- This site is optimized with the Yoast SEO plugin v27.5 - https:\/\/yoast.com\/product\/yoast-seo-wordpress\/ -->\n<title>DU 30\/08 AU 05\/09 \u2013 R\u00c9SIDENCE : Rue des kebabs - Ch\u00e2teau de Goutelas<\/title>\n<meta name=\"robots\" content=\"index, follow, max-snippet:-1, max-image-preview:large, max-video-preview:-1\" \/>\n<link rel=\"canonical\" href=\"https:\/\/www.chateaudegoutelas.fr\/en\/archive\/du-30-08-au-05-09-artiste-en-residence-rue-des-kebabs\/\" \/>\n<meta property=\"og:locale\" content=\"en_GB\" \/>\n<meta property=\"og:type\" content=\"article\" \/>\n<meta property=\"og:title\" content=\"DU 30\/08 AU 05\/09 \u2013 R\u00c9SIDENCE : Rue des kebabs - Ch\u00e2teau de Goutelas\" \/>\n<meta property=\"og:description\" content=\"Rue des Kebabs r\u00e9sidence du 30 ao\u00fbt au 5 septembre 2021 &nbsp; avec Catherine Gauthier, Sandrine Binoux, Dan Charles Dahan &nbsp; Rue des kebabs est un projet pluridisciplinaire de recherche action men\u00e9 par Catherine Gauthier, sociologue, Sandrine Binoux, photographe et Dan Charles Dahan, concepteur r\u00e9alisateur multim\u00e9dia. &nbsp; Son ambition est d\u2019observer les modes d\u2019implantation des [&hellip;]\" \/>\n<meta property=\"og:url\" content=\"https:\/\/www.chateaudegoutelas.fr\/en\/archive\/du-30-08-au-05-09-artiste-en-residence-rue-des-kebabs\/\" \/>\n<meta property=\"og:site_name\" content=\"Ch\u00e2teau de Goutelas\" \/>\n<meta property=\"article:modified_time\" content=\"2023-05-26T07:57:03+00:00\" \/>\n<meta property=\"og:image\" content=\"https:\/\/www.chateaudegoutelas.fr\/wp-content\/uploads\/2021\/08\/Ambert_Exposition-les-vitrines-qui-parlent-credit_DR-scaled.jpg\" \/>\n\t<meta property=\"og:image:width\" content=\"2560\" \/>\n\t<meta property=\"og:image:height\" content=\"1707\" \/>\n\t<meta property=\"og:image:type\" content=\"image\/jpeg\" \/>\n<meta name=\"twitter:card\" content=\"summary_large_image\" \/>\n<meta name=\"twitter:label1\" content=\"Estimated reading time\" \/>\n\t<meta name=\"twitter:data1\" content=\"2 minutes\" \/>\n<script type=\"application\/ld+json\" class=\"yoast-schema-graph\">{\"@context\":\"https:\\\/\\\/schema.org\",\"@graph\":[{\"@type\":\"WebPage\",\"@id\":\"https:\\\/\\\/www.chateaudegoutelas.fr\\\/archive\\\/du-30-08-au-05-09-artiste-en-residence-rue-des-kebabs\\\/\",\"url\":\"https:\\\/\\\/www.chateaudegoutelas.fr\\\/archive\\\/du-30-08-au-05-09-artiste-en-residence-rue-des-kebabs\\\/\",\"name\":\"DU 30\\\/08 AU 05\\\/09 \u2013 R\u00c9SIDENCE : Rue des kebabs - Ch\u00e2teau de Goutelas\",\"isPartOf\":{\"@id\":\"https:\\\/\\\/www.chateaudegoutelas.fr\\\/#website\"},\"primaryImageOfPage\":{\"@id\":\"https:\\\/\\\/www.chateaudegoutelas.fr\\\/archive\\\/du-30-08-au-05-09-artiste-en-residence-rue-des-kebabs\\\/#primaryimage\"},\"image\":{\"@id\":\"https:\\\/\\\/www.chateaudegoutelas.fr\\\/archive\\\/du-30-08-au-05-09-artiste-en-residence-rue-des-kebabs\\\/#primaryimage\"},\"thumbnailUrl\":\"https:\\\/\\\/www.chateaudegoutelas.fr\\\/wp-content\\\/uploads\\\/2021\\\/08\\\/Ambert_Exposition-les-vitrines-qui-parlent-credit_DR-scaled.jpg\",\"datePublished\":\"2021-08-26T09:33:40+00:00\",\"dateModified\":\"2023-05-26T07:57:03+00:00\",\"breadcrumb\":{\"@id\":\"https:\\\/\\\/www.chateaudegoutelas.fr\\\/archive\\\/du-30-08-au-05-09-artiste-en-residence-rue-des-kebabs\\\/#breadcrumb\"},\"inLanguage\":\"en-GB\",\"potentialAction\":[{\"@type\":\"ReadAction\",\"target\":[\"https:\\\/\\\/www.chateaudegoutelas.fr\\\/archive\\\/du-30-08-au-05-09-artiste-en-residence-rue-des-kebabs\\\/\"]}]},{\"@type\":\"ImageObject\",\"inLanguage\":\"en-GB\",\"@id\":\"https:\\\/\\\/www.chateaudegoutelas.fr\\\/archive\\\/du-30-08-au-05-09-artiste-en-residence-rue-des-kebabs\\\/#primaryimage\",\"url\":\"https:\\\/\\\/www.chateaudegoutelas.fr\\\/wp-content\\\/uploads\\\/2021\\\/08\\\/Ambert_Exposition-les-vitrines-qui-parlent-credit_DR-scaled.jpg\",\"contentUrl\":\"https:\\\/\\\/www.chateaudegoutelas.fr\\\/wp-content\\\/uploads\\\/2021\\\/08\\\/Ambert_Exposition-les-vitrines-qui-parlent-credit_DR-scaled.jpg\",\"width\":2560,\"height\":1707,\"caption\":\"Exposition les vitrines qui parlent \u00e0 Ambert\"},{\"@type\":\"BreadcrumbList\",\"@id\":\"https:\\\/\\\/www.chateaudegoutelas.fr\\\/archive\\\/du-30-08-au-05-09-artiste-en-residence-rue-des-kebabs\\\/#breadcrumb\",\"itemListElement\":[{\"@type\":\"ListItem\",\"position\":1,\"name\":\"Accueil\",\"item\":\"https:\\\/\\\/www.chateaudegoutelas.fr\\\/\"},{\"@type\":\"ListItem\",\"position\":2,\"name\":\"DU 30\\\/08 AU 05\\\/09 \u2013 R\u00c9SIDENCE : Rue des kebabs\"}]},{\"@type\":\"WebSite\",\"@id\":\"https:\\\/\\\/www.chateaudegoutelas.fr\\\/#website\",\"url\":\"https:\\\/\\\/www.chateaudegoutelas.fr\\\/\",\"name\":\"Ch\u00e2teau de Goutelas\",\"description\":\"Un centre culturel de rencontre en Forez\",\"publisher\":{\"@id\":\"https:\\\/\\\/www.chateaudegoutelas.fr\\\/#organization\"},\"potentialAction\":[{\"@type\":\"SearchAction\",\"target\":{\"@type\":\"EntryPoint\",\"urlTemplate\":\"https:\\\/\\\/www.chateaudegoutelas.fr\\\/?s={search_term_string}\"},\"query-input\":{\"@type\":\"PropertyValueSpecification\",\"valueRequired\":true,\"valueName\":\"search_term_string\"}}],\"inLanguage\":\"en-GB\"},{\"@type\":\"Organization\",\"@id\":\"https:\\\/\\\/www.chateaudegoutelas.fr\\\/#organization\",\"name\":\"Ch\u00e2teau de Goutelas\",\"url\":\"https:\\\/\\\/www.chateaudegoutelas.fr\\\/\",\"logo\":{\"@type\":\"ImageObject\",\"inLanguage\":\"en-GB\",\"@id\":\"https:\\\/\\\/www.chateaudegoutelas.fr\\\/#\\\/schema\\\/logo\\\/image\\\/\",\"url\":\"https:\\\/\\\/www.chateaudegoutelas.fr\\\/wp-content\\\/uploads\\\/2023\\\/05\\\/logo-chateau-goutelas-bleu.png\",\"contentUrl\":\"https:\\\/\\\/www.chateaudegoutelas.fr\\\/wp-content\\\/uploads\\\/2023\\\/05\\\/logo-chateau-goutelas-bleu.png\",\"width\":1123,\"height\":327,\"caption\":\"Ch\u00e2teau de Goutelas\"},\"image\":{\"@id\":\"https:\\\/\\\/www.chateaudegoutelas.fr\\\/#\\\/schema\\\/logo\\\/image\\\/\"}}]}<\/script>\n<!-- \/ Yoast SEO plugin. -->","yoast_head_json":{"title":"DU 30\/08 AU 05\/09 \u2013 R\u00c9SIDENCE : Rue des kebabs - Ch\u00e2teau de Goutelas","robots":{"index":"index","follow":"follow","max-snippet":"max-snippet:-1","max-image-preview":"max-image-preview:large","max-video-preview":"max-video-preview:-1"},"canonical":"https:\/\/www.chateaudegoutelas.fr\/en\/archive\/du-30-08-au-05-09-artiste-en-residence-rue-des-kebabs\/","og_locale":"en_GB","og_type":"article","og_title":"DU 30\/08 AU 05\/09 \u2013 R\u00c9SIDENCE : Rue des kebabs - Ch\u00e2teau de Goutelas","og_description":"Rue des Kebabs r\u00e9sidence du 30 ao\u00fbt au 5 septembre 2021 &nbsp; avec Catherine Gauthier, Sandrine Binoux, Dan Charles Dahan &nbsp; Rue des kebabs est un projet pluridisciplinaire de recherche action men\u00e9 par Catherine Gauthier, sociologue, Sandrine Binoux, photographe et Dan Charles Dahan, concepteur r\u00e9alisateur multim\u00e9dia. &nbsp; Son ambition est d\u2019observer les modes d\u2019implantation des [&hellip;]","og_url":"https:\/\/www.chateaudegoutelas.fr\/en\/archive\/du-30-08-au-05-09-artiste-en-residence-rue-des-kebabs\/","og_site_name":"Ch\u00e2teau de Goutelas","article_modified_time":"2023-05-26T07:57:03+00:00","og_image":[{"width":2560,"height":1707,"url":"https:\/\/www.chateaudegoutelas.fr\/wp-content\/uploads\/2021\/08\/Ambert_Exposition-les-vitrines-qui-parlent-credit_DR-scaled.jpg","type":"image\/jpeg"}],"twitter_card":"summary_large_image","twitter_misc":{"Estimated reading time":"2 minutes"},"schema":{"@context":"https:\/\/schema.org","@graph":[{"@type":"WebPage","@id":"https:\/\/www.chateaudegoutelas.fr\/archive\/du-30-08-au-05-09-artiste-en-residence-rue-des-kebabs\/","url":"https:\/\/www.chateaudegoutelas.fr\/archive\/du-30-08-au-05-09-artiste-en-residence-rue-des-kebabs\/","name":"DU 30\/08 AU 05\/09 \u2013 R\u00c9SIDENCE : Rue des kebabs - Ch\u00e2teau de Goutelas","isPartOf":{"@id":"https:\/\/www.chateaudegoutelas.fr\/#website"},"primaryImageOfPage":{"@id":"https:\/\/www.chateaudegoutelas.fr\/archive\/du-30-08-au-05-09-artiste-en-residence-rue-des-kebabs\/#primaryimage"},"image":{"@id":"https:\/\/www.chateaudegoutelas.fr\/archive\/du-30-08-au-05-09-artiste-en-residence-rue-des-kebabs\/#primaryimage"},"thumbnailUrl":"https:\/\/www.chateaudegoutelas.fr\/wp-content\/uploads\/2021\/08\/Ambert_Exposition-les-vitrines-qui-parlent-credit_DR-scaled.jpg","datePublished":"2021-08-26T09:33:40+00:00","dateModified":"2023-05-26T07:57:03+00:00","breadcrumb":{"@id":"https:\/\/www.chateaudegoutelas.fr\/archive\/du-30-08-au-05-09-artiste-en-residence-rue-des-kebabs\/#breadcrumb"},"inLanguage":"en-GB","potentialAction":[{"@type":"ReadAction","target":["https:\/\/www.chateaudegoutelas.fr\/archive\/du-30-08-au-05-09-artiste-en-residence-rue-des-kebabs\/"]}]},{"@type":"ImageObject","inLanguage":"en-GB","@id":"https:\/\/www.chateaudegoutelas.fr\/archive\/du-30-08-au-05-09-artiste-en-residence-rue-des-kebabs\/#primaryimage","url":"https:\/\/www.chateaudegoutelas.fr\/wp-content\/uploads\/2021\/08\/Ambert_Exposition-les-vitrines-qui-parlent-credit_DR-scaled.jpg","contentUrl":"https:\/\/www.chateaudegoutelas.fr\/wp-content\/uploads\/2021\/08\/Ambert_Exposition-les-vitrines-qui-parlent-credit_DR-scaled.jpg","width":2560,"height":1707,"caption":"Exposition les vitrines qui parlent \u00e0 Ambert"},{"@type":"BreadcrumbList","@id":"https:\/\/www.chateaudegoutelas.fr\/archive\/du-30-08-au-05-09-artiste-en-residence-rue-des-kebabs\/#breadcrumb","itemListElement":[{"@type":"ListItem","position":1,"name":"Accueil","item":"https:\/\/www.chateaudegoutelas.fr\/"},{"@type":"ListItem","position":2,"name":"DU 30\/08 AU 05\/09 \u2013 R\u00c9SIDENCE : Rue des kebabs"}]},{"@type":"WebSite","@id":"https:\/\/www.chateaudegoutelas.fr\/#website","url":"https:\/\/www.chateaudegoutelas.fr\/","name":"Ch\u00e2teau de Goutelas","description":"Un centre culturel de rencontre en Forez","publisher":{"@id":"https:\/\/www.chateaudegoutelas.fr\/#organization"},"potentialAction":[{"@type":"SearchAction","target":{"@type":"EntryPoint","urlTemplate":"https:\/\/www.chateaudegoutelas.fr\/?s={search_term_string}"},"query-input":{"@type":"PropertyValueSpecification","valueRequired":true,"valueName":"search_term_string"}}],"inLanguage":"en-GB"},{"@type":"Organization","@id":"https:\/\/www.chateaudegoutelas.fr\/#organization","name":"Ch\u00e2teau de Goutelas","url":"https:\/\/www.chateaudegoutelas.fr\/","logo":{"@type":"ImageObject","inLanguage":"en-GB","@id":"https:\/\/www.chateaudegoutelas.fr\/#\/schema\/logo\/image\/","url":"https:\/\/www.chateaudegoutelas.fr\/wp-content\/uploads\/2023\/05\/logo-chateau-goutelas-bleu.png","contentUrl":"https:\/\/www.chateaudegoutelas.fr\/wp-content\/uploads\/2023\/05\/logo-chateau-goutelas-bleu.png","width":1123,"height":327,"caption":"Ch\u00e2teau de Goutelas"},"image":{"@id":"https:\/\/www.chateaudegoutelas.fr\/#\/schema\/logo\/image\/"}}]}},"_links":{"self":[{"href":"https:\/\/www.chateaudegoutelas.fr\/en\/wp-json\/wp\/v2\/archive\/3612","targetHints":{"allow":["GET"]}}],"collection":[{"href":"https:\/\/www.chateaudegoutelas.fr\/en\/wp-json\/wp\/v2\/archive"}],"about":[{"href":"https:\/\/www.chateaudegoutelas.fr\/en\/wp-json\/wp\/v2\/types\/archive"}],"author":[{"embeddable":true,"href":"https:\/\/www.chateaudegoutelas.fr\/en\/wp-json\/wp\/v2\/users\/7"}],"wp:featuredmedia":[{"embeddable":true,"href":"https:\/\/www.chateaudegoutelas.fr\/en\/wp-json\/wp\/v2\/media\/3620"}],"wp:attachment":[{"href":"https:\/\/www.chateaudegoutelas.fr\/en\/wp-json\/wp\/v2\/media?parent=3612"}],"wp:term":[{"taxonomy":"category","embeddable":true,"href":"https:\/\/www.chateaudegoutelas.fr\/en\/wp-json\/wp\/v2\/categories?post=3612"},{"taxonomy":"post_tag","embeddable":true,"href":"https:\/\/www.chateaudegoutelas.fr\/en\/wp-json\/wp\/v2\/tags?post=3612"}],"curies":[{"name":"wp","href":"https:\/\/api.w.org\/{rel}","templated":true}]}}