{"id":3601,"date":"2021-05-28T10:17:31","date_gmt":"2021-05-28T08:17:31","guid":{"rendered":"https:\/\/www.chateaudegoutelas.fr\/?p=3601"},"modified":"2023-05-26T09:57:06","modified_gmt":"2023-05-26T07:57:06","slug":"du-24-08-au-28-08-artiste-en-residence-yoanna","status":"publish","type":"archive","link":"https:\/\/www.chateaudegoutelas.fr\/en\/archive\/du-24-08-au-28-08-artiste-en-residence-yoanna\/","title":{"rendered":"DU 24\/08 AU 28\/08 &#8211; ARTISTE EN R\u00c9SIDENCE : Yoanna"},"content":{"rendered":"<div class=\"shmMigrate\"><\/div>\n<div class=\"shmMigrate\"><\/div>\n<div class=\"shmMigrate\"><\/div>\n<h4>Y\u2019a quelqu\u2019un ?<br \/>\nCr\u00e9ation d&rsquo;un cin\u00e9-concert avec des personnes en situation d&rsquo;exil<\/h4>\n<p>&nbsp;<\/p>\n<h4><\/h4>\n<div class=\"shmMigrate\"><\/div>\n<div class=\"shmMigrate\"><\/div>\n<h5>avec Yoanna, Magali Laroche, Mathieu Goust<\/h5>\n<h4><\/h4>\n<div class=\"shmMigrate\"><\/div>\n<div class=\"shmMigrate\"><\/div>\n<div class=\"shmMigrate\"><\/div>\n<h4>du 24 au 28 ao\u00fbt<\/h4>\n<div class=\"shmMigrate\"><\/div>\n<div class=\"shmMigrate\"><\/div>\n<div class=\"shmMigrate\"><\/div>\n<p>Le Ch\u00e2teau de Goutelas accueille la musicienne Yoanna, artiste-compagnon du <a href=\"https:\/\/www.theatredespenitents.fr\/artiste\/cine-concert-avec-yoanna\/\">Th\u00e9\u00e2tre des P\u00e9nitents<\/a>. Accompagn\u00e9e de Magali Laroche et Mathieu Goust, elle propose des ateliers de pratique artistique \u00e0 destination de familles et de jeunes en situation d\u2019exil pour \u00e9crire, r\u00e9aliser et monter ensemble un court-m\u00e9trage sur le th\u00e8me de l&rsquo;hospitalit\u00e9.<\/p>\n<p>&nbsp;<\/p>\n<p>Le film mis en musique sera pr\u00e9sent\u00e9 fin novembre dans le cadre du temps fort Images migrantes : restez en lien !<\/p>\n<p>&nbsp;<\/p>\n<p><em>En partenariat avec le Th\u00e9\u00e2tre des P\u00e9nitents, le CADA &#8211; Centre d\u2019accueil des demandeurs d\u2019asile \/ Entraide Pierre Valdo,\u00a0Le Collectif d\u2019accueil des demandeurs d\u2019asile.<\/em><\/p>\n<p><em>Ce projet a re\u00e7oit le soutien du Minist\u00e8re de la Culture dans le cadre du dispositif \u201cEt\u00e9 culturel\u201d.<\/em><\/p>\n<p><em>L\u2019\u00c9t\u00e9 culturel est une manifestation \u00e0 l\u2019initiative du Minist\u00e8re de la culture et mise en \u0153uvre par la Direction r\u00e9gionale des affaires culturelles Auvergne-Rh\u00f4ne-Alpes et les op\u00e9rateurs nationaux<\/em><\/p>\n<div class=\"shmMigrate\"><\/div>\n<div class=\"shmMigrate\"><\/div>\n<div class=\"shmMigrate\"><\/div>\n<p>Photo \u00a9\u00a0Lucie Locqueneux<\/p>\n<div class=\"shmMigrate\"><\/div>\n<div class=\"shmMigrate\"><\/div>\n<div class=\"shmMigrate\"><\/div>\n<div class=\"shmMigrate\"><\/div>\n<div class=\"shmMigrate\"><\/div>\n<div class=\"shmMigrate\"><\/div>\n<div class=\"shmMigrate\"><\/div>\n<div class=\"shmMigrate\"><\/div>\n<div class=\"shmMigrate\"><\/div>\n<div class=\"shmMigrate\"><\/div>\n<div class=\"shmMigrate\"><\/div>\n<div class=\"shmMigrate\"><\/div>\n<div class=\"shmMigrate\"><\/div>\n<div class=\"shmMigrate\"><\/div>\n<div class=\"shmMigrate\"><\/div>\n<div class=\"shmMigrate\"><\/div>\n<div class=\"shmMigrate\"><\/div>\n<div class=\"shmMigrate\"><\/div>","protected":false},"author":7,"featured_media":3602,"template":"","meta":{"site-sidebar-layout":"default","site-content-layout":"","ast-site-content-layout":"default","site-content-style":"default","site-sidebar-style":"default","ast-global-header-display":"","ast-banner-title-visibility":"","ast-main-header-display":"","ast-hfb-above-header-display":"","ast-hfb-below-header-display":"","ast-hfb-mobile-header-display":"","site-post-title":"","ast-breadcrumbs-content":null,"ast-featured-img":"","footer-sml-layout":"","ast-disable-related-posts":"","theme-transparent-header-meta":"","adv-header-id-meta":"","stick-header-meta":"","header-above-stick-meta":null,"header-main-stick-meta":"","header-below-stick-meta":null,"astra-migrate-meta-layouts":"default","ast-page-background-enabled":"default","ast-page-background-meta":{"desktop":{"background-color":"","background-image":"","background-repeat":"repeat","background-position":"center center","background-size":"auto","background-attachment":"scroll","background-type":"","background-media":"","overlay-type":"","overlay-color":"","overlay-opacity":"","overlay-gradient":""},"tablet":{"background-color":"","background-image":"","background-repeat":"repeat","background-position":"center center","background-size":"auto","background-attachment":"scroll","background-type":"","background-media":"","overlay-type":"","overlay-color":"","overlay-opacity":"","overlay-gradient":""},"mobile":{"background-color":"","background-image":"","background-repeat":"repeat","background-position":"center center","background-size":"auto","background-attachment":"scroll","background-type":"","background-media":"","overlay-type":"","overlay-color":"","overlay-opacity":"","overlay-gradient":""}},"ast-content-background-meta":{"desktop":{"background-color":"var(--ast-global-color-5)","background-image":"","background-repeat":"repeat","background-position":"center center","background-size":"auto","background-attachment":"scroll","background-type":"","background-media":"","overlay-type":"","overlay-color":"","overlay-opacity":"","overlay-gradient":""},"tablet":{"background-color":"var(--ast-global-color-5)","background-image":"","background-repeat":"repeat","background-position":"center center","background-size":"auto","background-attachment":"scroll","background-type":"","background-media":"","overlay-type":"","overlay-color":"","overlay-opacity":"","overlay-gradient":""},"mobile":{"background-color":"var(--ast-global-color-5)","background-image":"","background-repeat":"repeat","background-position":"center center","background-size":"auto","background-attachment":"scroll","background-type":"","background-media":"","overlay-type":"","overlay-color":"","overlay-opacity":"","overlay-gradient":""}}},"categories":[4],"tags":[],"class_list":["post-3601","archive","type-archive","status-publish","has-post-thumbnail","hentry","category-actualites"],"yoast_head":"<!-- This site is optimized with the Yoast SEO plugin v27.5 - https:\/\/yoast.com\/product\/yoast-seo-wordpress\/ -->\n<title>DU 24\/08 AU 28\/08 - ARTISTE EN R\u00c9SIDENCE : Yoanna - Ch\u00e2teau de Goutelas<\/title>\n<meta name=\"robots\" content=\"index, follow, max-snippet:-1, max-image-preview:large, max-video-preview:-1\" \/>\n<link rel=\"canonical\" href=\"https:\/\/www.chateaudegoutelas.fr\/en\/archive\/du-24-08-au-28-08-artiste-en-residence-yoanna\/\" \/>\n<meta property=\"og:locale\" content=\"en_GB\" \/>\n<meta property=\"og:type\" content=\"article\" \/>\n<meta property=\"og:title\" content=\"DU 24\/08 AU 28\/08 - ARTISTE EN R\u00c9SIDENCE : Yoanna - Ch\u00e2teau de Goutelas\" \/>\n<meta property=\"og:description\" content=\"Y\u2019a quelqu\u2019un ? Cr\u00e9ation d&rsquo;un cin\u00e9-concert avec des personnes en situation d&rsquo;exil &nbsp; avec Yoanna, Magali Laroche, Mathieu Goust du 24 au 28 ao\u00fbt Le Ch\u00e2teau de Goutelas accueille la musicienne Yoanna, artiste-compagnon du Th\u00e9\u00e2tre des P\u00e9nitents. Accompagn\u00e9e de Magali Laroche et Mathieu Goust, elle propose des ateliers de pratique artistique \u00e0 destination de familles [&hellip;]\" \/>\n<meta property=\"og:url\" content=\"https:\/\/www.chateaudegoutelas.fr\/en\/archive\/du-24-08-au-28-08-artiste-en-residence-yoanna\/\" \/>\n<meta property=\"og:site_name\" content=\"Ch\u00e2teau de Goutelas\" \/>\n<meta property=\"article:modified_time\" content=\"2023-05-26T07:57:06+00:00\" \/>\n<meta property=\"og:image\" content=\"https:\/\/www.chateaudegoutelas.fr\/wp-content\/uploads\/2021\/07\/yoanna-PP-accord-cr-dit-lucie-locqueneux-e1627568848590.jpg\" \/>\n\t<meta property=\"og:image:width\" content=\"1227\" \/>\n\t<meta property=\"og:image:height\" content=\"1182\" \/>\n\t<meta property=\"og:image:type\" content=\"image\/jpeg\" \/>\n<meta name=\"twitter:card\" content=\"summary_large_image\" \/>\n<meta name=\"twitter:label1\" content=\"Estimated reading time\" \/>\n\t<meta name=\"twitter:data1\" content=\"1 minute\" \/>\n<script type=\"application\/ld+json\" class=\"yoast-schema-graph\">{\"@context\":\"https:\\\/\\\/schema.org\",\"@graph\":[{\"@type\":\"WebPage\",\"@id\":\"https:\\\/\\\/www.chateaudegoutelas.fr\\\/archive\\\/du-24-08-au-28-08-artiste-en-residence-yoanna\\\/\",\"url\":\"https:\\\/\\\/www.chateaudegoutelas.fr\\\/archive\\\/du-24-08-au-28-08-artiste-en-residence-yoanna\\\/\",\"name\":\"DU 24\\\/08 AU 28\\\/08 - ARTISTE EN R\u00c9SIDENCE : Yoanna - Ch\u00e2teau de Goutelas\",\"isPartOf\":{\"@id\":\"https:\\\/\\\/www.chateaudegoutelas.fr\\\/#website\"},\"primaryImageOfPage\":{\"@id\":\"https:\\\/\\\/www.chateaudegoutelas.fr\\\/archive\\\/du-24-08-au-28-08-artiste-en-residence-yoanna\\\/#primaryimage\"},\"image\":{\"@id\":\"https:\\\/\\\/www.chateaudegoutelas.fr\\\/archive\\\/du-24-08-au-28-08-artiste-en-residence-yoanna\\\/#primaryimage\"},\"thumbnailUrl\":\"https:\\\/\\\/www.chateaudegoutelas.fr\\\/wp-content\\\/uploads\\\/2021\\\/07\\\/yoanna-PP-accord-cr-dit-lucie-locqueneux-e1627568848590.jpg\",\"datePublished\":\"2021-05-28T08:17:31+00:00\",\"dateModified\":\"2023-05-26T07:57:06+00:00\",\"breadcrumb\":{\"@id\":\"https:\\\/\\\/www.chateaudegoutelas.fr\\\/archive\\\/du-24-08-au-28-08-artiste-en-residence-yoanna\\\/#breadcrumb\"},\"inLanguage\":\"en-GB\",\"potentialAction\":[{\"@type\":\"ReadAction\",\"target\":[\"https:\\\/\\\/www.chateaudegoutelas.fr\\\/archive\\\/du-24-08-au-28-08-artiste-en-residence-yoanna\\\/\"]}]},{\"@type\":\"ImageObject\",\"inLanguage\":\"en-GB\",\"@id\":\"https:\\\/\\\/www.chateaudegoutelas.fr\\\/archive\\\/du-24-08-au-28-08-artiste-en-residence-yoanna\\\/#primaryimage\",\"url\":\"https:\\\/\\\/www.chateaudegoutelas.fr\\\/wp-content\\\/uploads\\\/2021\\\/07\\\/yoanna-PP-accord-cr-dit-lucie-locqueneux-e1627568848590.jpg\",\"contentUrl\":\"https:\\\/\\\/www.chateaudegoutelas.fr\\\/wp-content\\\/uploads\\\/2021\\\/07\\\/yoanna-PP-accord-cr-dit-lucie-locqueneux-e1627568848590.jpg\",\"width\":1227,\"height\":1182},{\"@type\":\"BreadcrumbList\",\"@id\":\"https:\\\/\\\/www.chateaudegoutelas.fr\\\/archive\\\/du-24-08-au-28-08-artiste-en-residence-yoanna\\\/#breadcrumb\",\"itemListElement\":[{\"@type\":\"ListItem\",\"position\":1,\"name\":\"Accueil\",\"item\":\"https:\\\/\\\/www.chateaudegoutelas.fr\\\/\"},{\"@type\":\"ListItem\",\"position\":2,\"name\":\"DU 24\\\/08 AU 28\\\/08 &#8211; ARTISTE EN R\u00c9SIDENCE : Yoanna\"}]},{\"@type\":\"WebSite\",\"@id\":\"https:\\\/\\\/www.chateaudegoutelas.fr\\\/#website\",\"url\":\"https:\\\/\\\/www.chateaudegoutelas.fr\\\/\",\"name\":\"Ch\u00e2teau de Goutelas\",\"description\":\"Un centre culturel de rencontre en Forez\",\"publisher\":{\"@id\":\"https:\\\/\\\/www.chateaudegoutelas.fr\\\/#organization\"},\"potentialAction\":[{\"@type\":\"SearchAction\",\"target\":{\"@type\":\"EntryPoint\",\"urlTemplate\":\"https:\\\/\\\/www.chateaudegoutelas.fr\\\/?s={search_term_string}\"},\"query-input\":{\"@type\":\"PropertyValueSpecification\",\"valueRequired\":true,\"valueName\":\"search_term_string\"}}],\"inLanguage\":\"en-GB\"},{\"@type\":\"Organization\",\"@id\":\"https:\\\/\\\/www.chateaudegoutelas.fr\\\/#organization\",\"name\":\"Ch\u00e2teau de Goutelas\",\"url\":\"https:\\\/\\\/www.chateaudegoutelas.fr\\\/\",\"logo\":{\"@type\":\"ImageObject\",\"inLanguage\":\"en-GB\",\"@id\":\"https:\\\/\\\/www.chateaudegoutelas.fr\\\/#\\\/schema\\\/logo\\\/image\\\/\",\"url\":\"https:\\\/\\\/www.chateaudegoutelas.fr\\\/wp-content\\\/uploads\\\/2023\\\/05\\\/logo-chateau-goutelas-bleu.png\",\"contentUrl\":\"https:\\\/\\\/www.chateaudegoutelas.fr\\\/wp-content\\\/uploads\\\/2023\\\/05\\\/logo-chateau-goutelas-bleu.png\",\"width\":1123,\"height\":327,\"caption\":\"Ch\u00e2teau de Goutelas\"},\"image\":{\"@id\":\"https:\\\/\\\/www.chateaudegoutelas.fr\\\/#\\\/schema\\\/logo\\\/image\\\/\"}}]}<\/script>\n<!-- \/ Yoast SEO plugin. -->","yoast_head_json":{"title":"DU 24\/08 AU 28\/08 - ARTISTE EN R\u00c9SIDENCE : Yoanna - Ch\u00e2teau de Goutelas","robots":{"index":"index","follow":"follow","max-snippet":"max-snippet:-1","max-image-preview":"max-image-preview:large","max-video-preview":"max-video-preview:-1"},"canonical":"https:\/\/www.chateaudegoutelas.fr\/en\/archive\/du-24-08-au-28-08-artiste-en-residence-yoanna\/","og_locale":"en_GB","og_type":"article","og_title":"DU 24\/08 AU 28\/08 - ARTISTE EN R\u00c9SIDENCE : Yoanna - Ch\u00e2teau de Goutelas","og_description":"Y\u2019a quelqu\u2019un ? Cr\u00e9ation d&rsquo;un cin\u00e9-concert avec des personnes en situation d&rsquo;exil &nbsp; avec Yoanna, Magali Laroche, Mathieu Goust du 24 au 28 ao\u00fbt Le Ch\u00e2teau de Goutelas accueille la musicienne Yoanna, artiste-compagnon du Th\u00e9\u00e2tre des P\u00e9nitents. Accompagn\u00e9e de Magali Laroche et Mathieu Goust, elle propose des ateliers de pratique artistique \u00e0 destination de familles [&hellip;]","og_url":"https:\/\/www.chateaudegoutelas.fr\/en\/archive\/du-24-08-au-28-08-artiste-en-residence-yoanna\/","og_site_name":"Ch\u00e2teau de Goutelas","article_modified_time":"2023-05-26T07:57:06+00:00","og_image":[{"width":1227,"height":1182,"url":"https:\/\/www.chateaudegoutelas.fr\/wp-content\/uploads\/2021\/07\/yoanna-PP-accord-cr-dit-lucie-locqueneux-e1627568848590.jpg","type":"image\/jpeg"}],"twitter_card":"summary_large_image","twitter_misc":{"Estimated reading time":"1 minute"},"schema":{"@context":"https:\/\/schema.org","@graph":[{"@type":"WebPage","@id":"https:\/\/www.chateaudegoutelas.fr\/archive\/du-24-08-au-28-08-artiste-en-residence-yoanna\/","url":"https:\/\/www.chateaudegoutelas.fr\/archive\/du-24-08-au-28-08-artiste-en-residence-yoanna\/","name":"DU 24\/08 AU 28\/08 - ARTISTE EN R\u00c9SIDENCE : Yoanna - Ch\u00e2teau de Goutelas","isPartOf":{"@id":"https:\/\/www.chateaudegoutelas.fr\/#website"},"primaryImageOfPage":{"@id":"https:\/\/www.chateaudegoutelas.fr\/archive\/du-24-08-au-28-08-artiste-en-residence-yoanna\/#primaryimage"},"image":{"@id":"https:\/\/www.chateaudegoutelas.fr\/archive\/du-24-08-au-28-08-artiste-en-residence-yoanna\/#primaryimage"},"thumbnailUrl":"https:\/\/www.chateaudegoutelas.fr\/wp-content\/uploads\/2021\/07\/yoanna-PP-accord-cr-dit-lucie-locqueneux-e1627568848590.jpg","datePublished":"2021-05-28T08:17:31+00:00","dateModified":"2023-05-26T07:57:06+00:00","breadcrumb":{"@id":"https:\/\/www.chateaudegoutelas.fr\/archive\/du-24-08-au-28-08-artiste-en-residence-yoanna\/#breadcrumb"},"inLanguage":"en-GB","potentialAction":[{"@type":"ReadAction","target":["https:\/\/www.chateaudegoutelas.fr\/archive\/du-24-08-au-28-08-artiste-en-residence-yoanna\/"]}]},{"@type":"ImageObject","inLanguage":"en-GB","@id":"https:\/\/www.chateaudegoutelas.fr\/archive\/du-24-08-au-28-08-artiste-en-residence-yoanna\/#primaryimage","url":"https:\/\/www.chateaudegoutelas.fr\/wp-content\/uploads\/2021\/07\/yoanna-PP-accord-cr-dit-lucie-locqueneux-e1627568848590.jpg","contentUrl":"https:\/\/www.chateaudegoutelas.fr\/wp-content\/uploads\/2021\/07\/yoanna-PP-accord-cr-dit-lucie-locqueneux-e1627568848590.jpg","width":1227,"height":1182},{"@type":"BreadcrumbList","@id":"https:\/\/www.chateaudegoutelas.fr\/archive\/du-24-08-au-28-08-artiste-en-residence-yoanna\/#breadcrumb","itemListElement":[{"@type":"ListItem","position":1,"name":"Accueil","item":"https:\/\/www.chateaudegoutelas.fr\/"},{"@type":"ListItem","position":2,"name":"DU 24\/08 AU 28\/08 &#8211; ARTISTE EN R\u00c9SIDENCE : Yoanna"}]},{"@type":"WebSite","@id":"https:\/\/www.chateaudegoutelas.fr\/#website","url":"https:\/\/www.chateaudegoutelas.fr\/","name":"Ch\u00e2teau de Goutelas","description":"Un centre culturel de rencontre en Forez","publisher":{"@id":"https:\/\/www.chateaudegoutelas.fr\/#organization"},"potentialAction":[{"@type":"SearchAction","target":{"@type":"EntryPoint","urlTemplate":"https:\/\/www.chateaudegoutelas.fr\/?s={search_term_string}"},"query-input":{"@type":"PropertyValueSpecification","valueRequired":true,"valueName":"search_term_string"}}],"inLanguage":"en-GB"},{"@type":"Organization","@id":"https:\/\/www.chateaudegoutelas.fr\/#organization","name":"Ch\u00e2teau de Goutelas","url":"https:\/\/www.chateaudegoutelas.fr\/","logo":{"@type":"ImageObject","inLanguage":"en-GB","@id":"https:\/\/www.chateaudegoutelas.fr\/#\/schema\/logo\/image\/","url":"https:\/\/www.chateaudegoutelas.fr\/wp-content\/uploads\/2023\/05\/logo-chateau-goutelas-bleu.png","contentUrl":"https:\/\/www.chateaudegoutelas.fr\/wp-content\/uploads\/2023\/05\/logo-chateau-goutelas-bleu.png","width":1123,"height":327,"caption":"Ch\u00e2teau de Goutelas"},"image":{"@id":"https:\/\/www.chateaudegoutelas.fr\/#\/schema\/logo\/image\/"}}]}},"_links":{"self":[{"href":"https:\/\/www.chateaudegoutelas.fr\/en\/wp-json\/wp\/v2\/archive\/3601","targetHints":{"allow":["GET"]}}],"collection":[{"href":"https:\/\/www.chateaudegoutelas.fr\/en\/wp-json\/wp\/v2\/archive"}],"about":[{"href":"https:\/\/www.chateaudegoutelas.fr\/en\/wp-json\/wp\/v2\/types\/archive"}],"author":[{"embeddable":true,"href":"https:\/\/www.chateaudegoutelas.fr\/en\/wp-json\/wp\/v2\/users\/7"}],"wp:featuredmedia":[{"embeddable":true,"href":"https:\/\/www.chateaudegoutelas.fr\/en\/wp-json\/wp\/v2\/media\/3602"}],"wp:attachment":[{"href":"https:\/\/www.chateaudegoutelas.fr\/en\/wp-json\/wp\/v2\/media?parent=3601"}],"wp:term":[{"taxonomy":"category","embeddable":true,"href":"https:\/\/www.chateaudegoutelas.fr\/en\/wp-json\/wp\/v2\/categories?post=3601"},{"taxonomy":"post_tag","embeddable":true,"href":"https:\/\/www.chateaudegoutelas.fr\/en\/wp-json\/wp\/v2\/tags?post=3601"}],"curies":[{"name":"wp","href":"https:\/\/api.w.org\/{rel}","templated":true}]}}