{"id":3537,"date":"2021-05-28T10:11:22","date_gmt":"2021-05-28T08:11:22","guid":{"rendered":"https:\/\/www.chateaudegoutelas.fr\/?p=3537"},"modified":"2023-05-26T09:58:46","modified_gmt":"2023-05-26T07:58:46","slug":"dimanche-08-08-atelier-meditation-au-prieure-de-montverdun","status":"publish","type":"archive","link":"https:\/\/www.chateaudegoutelas.fr\/en\/archive\/dimanche-08-08-atelier-meditation-au-prieure-de-montverdun\/","title":{"rendered":"Dimanche 08\/08 &#8211; Atelier m\u00e9ditation au prieur\u00e9 de Montverdun"},"content":{"rendered":"<div class=\"shmMigrate\"><\/div>\n<div class=\"shmMigrate\"><\/div>\n<div class=\"shmMigrate\"><\/div>\n<div class=\"shmMigrate\"><\/div>\n<h4><span style=\"font-weight: 400;\">Dimanche 8 ao\u00fbt<\/span><\/h4>\n<h4><span style=\"font-weight: 400;\">18h<\/span><\/h4>\n<h4><span style=\"font-weight: 400;\">Au prieur\u00e9 de Montverdun<\/span><\/h4>\n<h4><\/h4>\n<p>&nbsp;<\/p>\n<h4><span style=\"font-weight: 400;\">Dans le cadre du <a href=\"https:\/\/www.abrisdefortune.fr\/\">festival Abris de Fortune<\/a>\u00a0<\/span><\/h4>\n<div class=\"shmMigrate\"><\/div>\n<div class=\"shmMigrate\"><\/div>\n<div class=\"shmMigrate\"><\/div>\n<p>Aur\u00e9lie Sebbane, gardienne du Prieur\u00e9 de Montverdun, vous propose trois ateliers d\u2019initiation \u00e0 l\u2019art de la m\u00e9ditation ou comment retrouver un peu de calme et de s\u00e9r\u00e9nit\u00e9 dans nos quotidiens souvent surmen\u00e9s !<\/p>\n<div class=\"shmMigrate\"><\/div>\n<div class=\"shmMigrate\"><\/div>\n<div class=\"shmMigrate\"><\/div>\n<p><strong>Dur\u00e9e 45 min<\/strong><br \/>\n<strong>4\u20ac <\/strong><br \/>\n<strong>Sur r\u00e9servation (places limit\u00e9es) aupr\u00e8s d\u2019Aur\u00e9lie Sebbane (06 73 68 62 58)<\/strong><br \/>\n<strong>Rendez vous au prieur\u00e9 de Montverdun<\/strong><\/p>\n<p><strong>Munissez-vous de votre coussin de m\u00e9ditation ou de votre tapis !<\/strong><\/p>\n<div class=\"shmMigrate\"><\/div>\n<div class=\"shmMigrate\"><\/div>\n<div class=\"shmMigrate\"><\/div>\n<p>Prieur\u00e9 de Montverdun<br \/>\n45.718089, 4.066139<\/p>\n<p>Parking<br \/>\nLe Prieur\u00e9 de Montverdun, 552 chemin du pic &#8211; 42130 Montverdun<\/p>\n<p>&nbsp;<\/p>\n<p>Illustration \u00a9 Atelier Pers<\/p>\n<div class=\"shmMigrate\"><\/div>\n<div class=\"shmMigrate\"><\/div>\n<div class=\"shmMigrate\"><\/div>\n<div class=\"shmMigrate\"><\/div>","protected":false},"author":7,"featured_media":3560,"template":"","meta":{"site-sidebar-layout":"default","site-content-layout":"","ast-site-content-layout":"default","site-content-style":"default","site-sidebar-style":"default","ast-global-header-display":"","ast-banner-title-visibility":"","ast-main-header-display":"","ast-hfb-above-header-display":"","ast-hfb-below-header-display":"","ast-hfb-mobile-header-display":"","site-post-title":"","ast-breadcrumbs-content":null,"ast-featured-img":"","footer-sml-layout":"","ast-disable-related-posts":"","theme-transparent-header-meta":"","adv-header-id-meta":"","stick-header-meta":"","header-above-stick-meta":null,"header-main-stick-meta":"","header-below-stick-meta":null,"astra-migrate-meta-layouts":"default","ast-page-background-enabled":"default","ast-page-background-meta":{"desktop":{"background-color":"","background-image":"","background-repeat":"repeat","background-position":"center center","background-size":"auto","background-attachment":"scroll","background-type":"","background-media":"","overlay-type":"","overlay-color":"","overlay-opacity":"","overlay-gradient":""},"tablet":{"background-color":"","background-image":"","background-repeat":"repeat","background-position":"center center","background-size":"auto","background-attachment":"scroll","background-type":"","background-media":"","overlay-type":"","overlay-color":"","overlay-opacity":"","overlay-gradient":""},"mobile":{"background-color":"","background-image":"","background-repeat":"repeat","background-position":"center center","background-size":"auto","background-attachment":"scroll","background-type":"","background-media":"","overlay-type":"","overlay-color":"","overlay-opacity":"","overlay-gradient":""}},"ast-content-background-meta":{"desktop":{"background-color":"var(--ast-global-color-5)","background-image":"","background-repeat":"repeat","background-position":"center center","background-size":"auto","background-attachment":"scroll","background-type":"","background-media":"","overlay-type":"","overlay-color":"","overlay-opacity":"","overlay-gradient":""},"tablet":{"background-color":"var(--ast-global-color-5)","background-image":"","background-repeat":"repeat","background-position":"center center","background-size":"auto","background-attachment":"scroll","background-type":"","background-media":"","overlay-type":"","overlay-color":"","overlay-opacity":"","overlay-gradient":""},"mobile":{"background-color":"var(--ast-global-color-5)","background-image":"","background-repeat":"repeat","background-position":"center center","background-size":"auto","background-attachment":"scroll","background-type":"","background-media":"","overlay-type":"","overlay-color":"","overlay-opacity":"","overlay-gradient":""}}},"categories":[4],"tags":[],"class_list":["post-3537","archive","type-archive","status-publish","has-post-thumbnail","hentry","category-actualites"],"yoast_head":"<!-- This site is optimized with the Yoast SEO plugin v27.5 - https:\/\/yoast.com\/product\/yoast-seo-wordpress\/ -->\n<title>Dimanche 08\/08 - Atelier m\u00e9ditation au prieur\u00e9 de Montverdun - Ch\u00e2teau de Goutelas<\/title>\n<meta name=\"robots\" content=\"index, follow, max-snippet:-1, max-image-preview:large, max-video-preview:-1\" \/>\n<link rel=\"canonical\" href=\"https:\/\/www.chateaudegoutelas.fr\/en\/archive\/dimanche-08-08-atelier-meditation-au-prieure-de-montverdun\/\" \/>\n<meta property=\"og:locale\" content=\"en_GB\" \/>\n<meta property=\"og:type\" content=\"article\" \/>\n<meta property=\"og:title\" content=\"Dimanche 08\/08 - Atelier m\u00e9ditation au prieur\u00e9 de Montverdun - Ch\u00e2teau de Goutelas\" \/>\n<meta property=\"og:description\" content=\"Dimanche 8 ao\u00fbt 18h Au prieur\u00e9 de Montverdun &nbsp; Dans le cadre du festival Abris de Fortune\u00a0 Aur\u00e9lie Sebbane, gardienne du Prieur\u00e9 de Montverdun, vous propose trois ateliers d\u2019initiation \u00e0 l\u2019art de la m\u00e9ditation ou comment retrouver un peu de calme et de s\u00e9r\u00e9nit\u00e9 dans nos quotidiens souvent surmen\u00e9s ! Dur\u00e9e 45 min 4\u20ac Sur [&hellip;]\" \/>\n<meta property=\"og:url\" content=\"https:\/\/www.chateaudegoutelas.fr\/en\/archive\/dimanche-08-08-atelier-meditation-au-prieure-de-montverdun\/\" \/>\n<meta property=\"og:site_name\" content=\"Ch\u00e2teau de Goutelas\" \/>\n<meta property=\"article:modified_time\" content=\"2023-05-26T07:58:46+00:00\" \/>\n<meta property=\"og:image\" content=\"https:\/\/www.chateaudegoutelas.fr\/wp-content\/uploads\/2021\/07\/IMG_6682-scaled.jpg\" \/>\n\t<meta property=\"og:image:width\" content=\"1920\" \/>\n\t<meta property=\"og:image:height\" content=\"2560\" \/>\n\t<meta property=\"og:image:type\" content=\"image\/jpeg\" \/>\n<meta name=\"twitter:card\" content=\"summary_large_image\" \/>\n<meta name=\"twitter:label1\" content=\"Estimated reading time\" \/>\n\t<meta name=\"twitter:data1\" content=\"1 minute\" \/>\n<script type=\"application\/ld+json\" class=\"yoast-schema-graph\">{\"@context\":\"https:\\\/\\\/schema.org\",\"@graph\":[{\"@type\":\"WebPage\",\"@id\":\"https:\\\/\\\/www.chateaudegoutelas.fr\\\/archive\\\/dimanche-08-08-atelier-meditation-au-prieure-de-montverdun\\\/\",\"url\":\"https:\\\/\\\/www.chateaudegoutelas.fr\\\/archive\\\/dimanche-08-08-atelier-meditation-au-prieure-de-montverdun\\\/\",\"name\":\"Dimanche 08\\\/08 - Atelier m\u00e9ditation au prieur\u00e9 de Montverdun - Ch\u00e2teau de Goutelas\",\"isPartOf\":{\"@id\":\"https:\\\/\\\/www.chateaudegoutelas.fr\\\/#website\"},\"primaryImageOfPage\":{\"@id\":\"https:\\\/\\\/www.chateaudegoutelas.fr\\\/archive\\\/dimanche-08-08-atelier-meditation-au-prieure-de-montverdun\\\/#primaryimage\"},\"image\":{\"@id\":\"https:\\\/\\\/www.chateaudegoutelas.fr\\\/archive\\\/dimanche-08-08-atelier-meditation-au-prieure-de-montverdun\\\/#primaryimage\"},\"thumbnailUrl\":\"https:\\\/\\\/www.chateaudegoutelas.fr\\\/wp-content\\\/uploads\\\/2021\\\/07\\\/IMG_6682-scaled.jpg\",\"datePublished\":\"2021-05-28T08:11:22+00:00\",\"dateModified\":\"2023-05-26T07:58:46+00:00\",\"breadcrumb\":{\"@id\":\"https:\\\/\\\/www.chateaudegoutelas.fr\\\/archive\\\/dimanche-08-08-atelier-meditation-au-prieure-de-montverdun\\\/#breadcrumb\"},\"inLanguage\":\"en-GB\",\"potentialAction\":[{\"@type\":\"ReadAction\",\"target\":[\"https:\\\/\\\/www.chateaudegoutelas.fr\\\/archive\\\/dimanche-08-08-atelier-meditation-au-prieure-de-montverdun\\\/\"]}]},{\"@type\":\"ImageObject\",\"inLanguage\":\"en-GB\",\"@id\":\"https:\\\/\\\/www.chateaudegoutelas.fr\\\/archive\\\/dimanche-08-08-atelier-meditation-au-prieure-de-montverdun\\\/#primaryimage\",\"url\":\"https:\\\/\\\/www.chateaudegoutelas.fr\\\/wp-content\\\/uploads\\\/2021\\\/07\\\/IMG_6682-scaled.jpg\",\"contentUrl\":\"https:\\\/\\\/www.chateaudegoutelas.fr\\\/wp-content\\\/uploads\\\/2021\\\/07\\\/IMG_6682-scaled.jpg\",\"width\":1920,\"height\":2560},{\"@type\":\"BreadcrumbList\",\"@id\":\"https:\\\/\\\/www.chateaudegoutelas.fr\\\/archive\\\/dimanche-08-08-atelier-meditation-au-prieure-de-montverdun\\\/#breadcrumb\",\"itemListElement\":[{\"@type\":\"ListItem\",\"position\":1,\"name\":\"Accueil\",\"item\":\"https:\\\/\\\/www.chateaudegoutelas.fr\\\/\"},{\"@type\":\"ListItem\",\"position\":2,\"name\":\"Dimanche 08\\\/08 &#8211; Atelier m\u00e9ditation au prieur\u00e9 de Montverdun\"}]},{\"@type\":\"WebSite\",\"@id\":\"https:\\\/\\\/www.chateaudegoutelas.fr\\\/#website\",\"url\":\"https:\\\/\\\/www.chateaudegoutelas.fr\\\/\",\"name\":\"Ch\u00e2teau de Goutelas\",\"description\":\"Un centre culturel de rencontre en Forez\",\"publisher\":{\"@id\":\"https:\\\/\\\/www.chateaudegoutelas.fr\\\/#organization\"},\"potentialAction\":[{\"@type\":\"SearchAction\",\"target\":{\"@type\":\"EntryPoint\",\"urlTemplate\":\"https:\\\/\\\/www.chateaudegoutelas.fr\\\/?s={search_term_string}\"},\"query-input\":{\"@type\":\"PropertyValueSpecification\",\"valueRequired\":true,\"valueName\":\"search_term_string\"}}],\"inLanguage\":\"en-GB\"},{\"@type\":\"Organization\",\"@id\":\"https:\\\/\\\/www.chateaudegoutelas.fr\\\/#organization\",\"name\":\"Ch\u00e2teau de Goutelas\",\"url\":\"https:\\\/\\\/www.chateaudegoutelas.fr\\\/\",\"logo\":{\"@type\":\"ImageObject\",\"inLanguage\":\"en-GB\",\"@id\":\"https:\\\/\\\/www.chateaudegoutelas.fr\\\/#\\\/schema\\\/logo\\\/image\\\/\",\"url\":\"https:\\\/\\\/www.chateaudegoutelas.fr\\\/wp-content\\\/uploads\\\/2023\\\/05\\\/logo-chateau-goutelas-bleu.png\",\"contentUrl\":\"https:\\\/\\\/www.chateaudegoutelas.fr\\\/wp-content\\\/uploads\\\/2023\\\/05\\\/logo-chateau-goutelas-bleu.png\",\"width\":1123,\"height\":327,\"caption\":\"Ch\u00e2teau de Goutelas\"},\"image\":{\"@id\":\"https:\\\/\\\/www.chateaudegoutelas.fr\\\/#\\\/schema\\\/logo\\\/image\\\/\"}}]}<\/script>\n<!-- \/ Yoast SEO plugin. -->","yoast_head_json":{"title":"Dimanche 08\/08 - Atelier m\u00e9ditation au prieur\u00e9 de Montverdun - Ch\u00e2teau de Goutelas","robots":{"index":"index","follow":"follow","max-snippet":"max-snippet:-1","max-image-preview":"max-image-preview:large","max-video-preview":"max-video-preview:-1"},"canonical":"https:\/\/www.chateaudegoutelas.fr\/en\/archive\/dimanche-08-08-atelier-meditation-au-prieure-de-montverdun\/","og_locale":"en_GB","og_type":"article","og_title":"Dimanche 08\/08 - Atelier m\u00e9ditation au prieur\u00e9 de Montverdun - Ch\u00e2teau de Goutelas","og_description":"Dimanche 8 ao\u00fbt 18h Au prieur\u00e9 de Montverdun &nbsp; Dans le cadre du festival Abris de Fortune\u00a0 Aur\u00e9lie Sebbane, gardienne du Prieur\u00e9 de Montverdun, vous propose trois ateliers d\u2019initiation \u00e0 l\u2019art de la m\u00e9ditation ou comment retrouver un peu de calme et de s\u00e9r\u00e9nit\u00e9 dans nos quotidiens souvent surmen\u00e9s ! Dur\u00e9e 45 min 4\u20ac Sur [&hellip;]","og_url":"https:\/\/www.chateaudegoutelas.fr\/en\/archive\/dimanche-08-08-atelier-meditation-au-prieure-de-montverdun\/","og_site_name":"Ch\u00e2teau de Goutelas","article_modified_time":"2023-05-26T07:58:46+00:00","og_image":[{"width":1920,"height":2560,"url":"https:\/\/www.chateaudegoutelas.fr\/wp-content\/uploads\/2021\/07\/IMG_6682-scaled.jpg","type":"image\/jpeg"}],"twitter_card":"summary_large_image","twitter_misc":{"Estimated reading time":"1 minute"},"schema":{"@context":"https:\/\/schema.org","@graph":[{"@type":"WebPage","@id":"https:\/\/www.chateaudegoutelas.fr\/archive\/dimanche-08-08-atelier-meditation-au-prieure-de-montverdun\/","url":"https:\/\/www.chateaudegoutelas.fr\/archive\/dimanche-08-08-atelier-meditation-au-prieure-de-montverdun\/","name":"Dimanche 08\/08 - Atelier m\u00e9ditation au prieur\u00e9 de Montverdun - Ch\u00e2teau de Goutelas","isPartOf":{"@id":"https:\/\/www.chateaudegoutelas.fr\/#website"},"primaryImageOfPage":{"@id":"https:\/\/www.chateaudegoutelas.fr\/archive\/dimanche-08-08-atelier-meditation-au-prieure-de-montverdun\/#primaryimage"},"image":{"@id":"https:\/\/www.chateaudegoutelas.fr\/archive\/dimanche-08-08-atelier-meditation-au-prieure-de-montverdun\/#primaryimage"},"thumbnailUrl":"https:\/\/www.chateaudegoutelas.fr\/wp-content\/uploads\/2021\/07\/IMG_6682-scaled.jpg","datePublished":"2021-05-28T08:11:22+00:00","dateModified":"2023-05-26T07:58:46+00:00","breadcrumb":{"@id":"https:\/\/www.chateaudegoutelas.fr\/archive\/dimanche-08-08-atelier-meditation-au-prieure-de-montverdun\/#breadcrumb"},"inLanguage":"en-GB","potentialAction":[{"@type":"ReadAction","target":["https:\/\/www.chateaudegoutelas.fr\/archive\/dimanche-08-08-atelier-meditation-au-prieure-de-montverdun\/"]}]},{"@type":"ImageObject","inLanguage":"en-GB","@id":"https:\/\/www.chateaudegoutelas.fr\/archive\/dimanche-08-08-atelier-meditation-au-prieure-de-montverdun\/#primaryimage","url":"https:\/\/www.chateaudegoutelas.fr\/wp-content\/uploads\/2021\/07\/IMG_6682-scaled.jpg","contentUrl":"https:\/\/www.chateaudegoutelas.fr\/wp-content\/uploads\/2021\/07\/IMG_6682-scaled.jpg","width":1920,"height":2560},{"@type":"BreadcrumbList","@id":"https:\/\/www.chateaudegoutelas.fr\/archive\/dimanche-08-08-atelier-meditation-au-prieure-de-montverdun\/#breadcrumb","itemListElement":[{"@type":"ListItem","position":1,"name":"Accueil","item":"https:\/\/www.chateaudegoutelas.fr\/"},{"@type":"ListItem","position":2,"name":"Dimanche 08\/08 &#8211; Atelier m\u00e9ditation au prieur\u00e9 de Montverdun"}]},{"@type":"WebSite","@id":"https:\/\/www.chateaudegoutelas.fr\/#website","url":"https:\/\/www.chateaudegoutelas.fr\/","name":"Ch\u00e2teau de Goutelas","description":"Un centre culturel de rencontre en Forez","publisher":{"@id":"https:\/\/www.chateaudegoutelas.fr\/#organization"},"potentialAction":[{"@type":"SearchAction","target":{"@type":"EntryPoint","urlTemplate":"https:\/\/www.chateaudegoutelas.fr\/?s={search_term_string}"},"query-input":{"@type":"PropertyValueSpecification","valueRequired":true,"valueName":"search_term_string"}}],"inLanguage":"en-GB"},{"@type":"Organization","@id":"https:\/\/www.chateaudegoutelas.fr\/#organization","name":"Ch\u00e2teau de Goutelas","url":"https:\/\/www.chateaudegoutelas.fr\/","logo":{"@type":"ImageObject","inLanguage":"en-GB","@id":"https:\/\/www.chateaudegoutelas.fr\/#\/schema\/logo\/image\/","url":"https:\/\/www.chateaudegoutelas.fr\/wp-content\/uploads\/2023\/05\/logo-chateau-goutelas-bleu.png","contentUrl":"https:\/\/www.chateaudegoutelas.fr\/wp-content\/uploads\/2023\/05\/logo-chateau-goutelas-bleu.png","width":1123,"height":327,"caption":"Ch\u00e2teau de Goutelas"},"image":{"@id":"https:\/\/www.chateaudegoutelas.fr\/#\/schema\/logo\/image\/"}}]}},"_links":{"self":[{"href":"https:\/\/www.chateaudegoutelas.fr\/en\/wp-json\/wp\/v2\/archive\/3537","targetHints":{"allow":["GET"]}}],"collection":[{"href":"https:\/\/www.chateaudegoutelas.fr\/en\/wp-json\/wp\/v2\/archive"}],"about":[{"href":"https:\/\/www.chateaudegoutelas.fr\/en\/wp-json\/wp\/v2\/types\/archive"}],"author":[{"embeddable":true,"href":"https:\/\/www.chateaudegoutelas.fr\/en\/wp-json\/wp\/v2\/users\/7"}],"wp:featuredmedia":[{"embeddable":true,"href":"https:\/\/www.chateaudegoutelas.fr\/en\/wp-json\/wp\/v2\/media\/3560"}],"wp:attachment":[{"href":"https:\/\/www.chateaudegoutelas.fr\/en\/wp-json\/wp\/v2\/media?parent=3537"}],"wp:term":[{"taxonomy":"category","embeddable":true,"href":"https:\/\/www.chateaudegoutelas.fr\/en\/wp-json\/wp\/v2\/categories?post=3537"},{"taxonomy":"post_tag","embeddable":true,"href":"https:\/\/www.chateaudegoutelas.fr\/en\/wp-json\/wp\/v2\/tags?post=3537"}],"curies":[{"name":"wp","href":"https:\/\/api.w.org\/{rel}","templated":true}]}}