{"id":3429,"date":"2021-05-28T09:51:03","date_gmt":"2021-05-28T07:51:03","guid":{"rendered":"https:\/\/www.chateaudegoutelas.fr\/?p=3429"},"modified":"2023-05-26T09:58:48","modified_gmt":"2023-05-26T07:58:48","slug":"jeudi-29-07-concert-panorama-4-juwa","status":"publish","type":"archive","link":"https:\/\/www.chateaudegoutelas.fr\/en\/archive\/jeudi-29-07-concert-panorama-4-juwa\/","title":{"rendered":"JEUDI 29\/07 &#8211; CONCERT PANORAMA #4 : JUWA"},"content":{"rendered":"<div class=\"shmMigrate\"><\/div>\n<div class=\"shmMigrate\"><\/div>\n<div class=\"shmMigrate\"><\/div>\n<div class=\"shmMigrate\"><\/div>\n<h4><span style=\"font-weight: 400;\">Jeudi 29 juillet 2021<\/span><\/h4>\n<h4><span style=\"font-weight: 400;\">20h30<\/span><\/h4>\n<h4><span style=\"font-weight: 400;\">Concert JUWA : jazz-rock<\/span><\/h4>\n<div class=\"shmMigrate\"><\/div>\n<div class=\"shmMigrate\"><\/div>\n<div class=\"shmMigrate\"><\/div>\n<p>Le Ch\u00e2teau de Goutelas et le <strong><a href=\"https:\/\/www.chateaudurozier.fr\/\">Ch\u00e2teau du Rozier<\/a><\/strong> s&rsquo;associent pour vous proposer une s\u00e9rie de concerts de part et d&rsquo;autre de la Loire ! La programmation Panorama s&rsquo;ouvre \u00e0 180\u00b0 sur les paysages musicaux actuels : soul, chanson fran\u00e7aise, \u00e9lectro-jazz, folk, rock ou world&#8230;<\/p>\n<p>A Goutelas, la cour d&rsquo;honneur et sa sc\u00e8ne naturelle sont le d\u00e9cor des jeudis soirs ; une restauration \u00e0 base de produits locaux est propos\u00e9e sur place.<\/p>\n<p>Le vendredi soir, rendez-vous est donn\u00e9 devant la nouvelle sc\u00e8ne ext\u00e9rieure du Ch\u00e2teau du Rozier.<\/p>\n<p>&nbsp;<\/p>\n<p>Pour cette derni\u00e8re soir\u00e9e Panorama, les quatre jeunes musiciens de JUWA accordent leurs sensibilit\u00e9s pour un jazz-rock aux compositions savamment vari\u00e9es. Les sonorit\u00e9s d&rsquo;un jazz actuel \u00e0 la Snarky Puppy s&rsquo;envolent pour un concert furieusement libre.<\/p>\n<p>&nbsp;<\/p>\n<p><em>Avec le soutien de <a href=\"https:\/\/jazzsra.fr\/\">JAZZ(s)RA<\/a> dans le cadre du dispositif de soutien \u00e0 la diffusion des groupes \u00e9mergents<\/em><b><\/b><\/p>\n<div class=\"shmMigrate\"><\/div>\n<div class=\"shmMigrate\"><\/div>\n<div class=\"shmMigrate\"><\/div>\n<div class=\"shmMigrate\"><\/div>\n<p><b>+ Le vendredi 30 juillet &#8211; <a href=\"https:\/\/www.chateaudurozier.fr\/evenement\/supamoon\/\">Supamoon au Ch\u00e2teau du Rozier<\/a>.<\/b><\/p>\n<div class=\"shmMigrate\"><\/div>\n<div class=\"shmMigrate\"><\/div>\n<div class=\"shmMigrate\"><\/div>\n<div class=\"shmMigrate\"><\/div>\n<div class=\"shmMigrate\"><\/div>\n<p><span style=\"font-weight: 400;\">En plein air &#8211; <strong>Gratuit <a href=\"https:\/\/www.billetweb.fr\/panorama-4-juwa\">sur r\u00e9servation<\/a><\/strong><\/span><\/p>\n<p><span style=\"font-weight: 400;\">Assiettes-repas : 10\u20ac &#8211; enfants 5\u20ac<\/span><\/p>\n<p><span style=\"font-weight: 400;\">Ouverture du bistrot d\u2019\u00e9t\u00e9 d\u00e8s 19h<\/span><\/p>\n<div class=\"shmMigrate\"><\/div>\n<div class=\"shmMigrate\"><\/div>\n<div class=\"shmMigrate\"><\/div>\n<div class=\"shmMigrate\"><\/div>\n<p><span style=\"font-weight: 400;\">Photo : <\/span>\u00a9 <span style=\"font-weight: 400;\">Fotolive42<\/span><\/p>\n<div class=\"shmMigrate\"><\/div>\n<div class=\"shmMigrate\"><\/div>\n<div class=\"shmMigrate\"><\/div>\n<div class=\"shmMigrate\"><\/div>","protected":false},"author":7,"featured_media":3430,"template":"","meta":{"site-sidebar-layout":"default","site-content-layout":"","ast-site-content-layout":"default","site-content-style":"default","site-sidebar-style":"default","ast-global-header-display":"","ast-banner-title-visibility":"","ast-main-header-display":"","ast-hfb-above-header-display":"","ast-hfb-below-header-display":"","ast-hfb-mobile-header-display":"","site-post-title":"","ast-breadcrumbs-content":null,"ast-featured-img":"","footer-sml-layout":"","ast-disable-related-posts":"","theme-transparent-header-meta":"","adv-header-id-meta":"","stick-header-meta":"","header-above-stick-meta":null,"header-main-stick-meta":"","header-below-stick-meta":null,"astra-migrate-meta-layouts":"default","ast-page-background-enabled":"default","ast-page-background-meta":{"desktop":{"background-color":"","background-image":"","background-repeat":"repeat","background-position":"center center","background-size":"auto","background-attachment":"scroll","background-type":"","background-media":"","overlay-type":"","overlay-color":"","overlay-opacity":"","overlay-gradient":""},"tablet":{"background-color":"","background-image":"","background-repeat":"repeat","background-position":"center center","background-size":"auto","background-attachment":"scroll","background-type":"","background-media":"","overlay-type":"","overlay-color":"","overlay-opacity":"","overlay-gradient":""},"mobile":{"background-color":"","background-image":"","background-repeat":"repeat","background-position":"center center","background-size":"auto","background-attachment":"scroll","background-type":"","background-media":"","overlay-type":"","overlay-color":"","overlay-opacity":"","overlay-gradient":""}},"ast-content-background-meta":{"desktop":{"background-color":"var(--ast-global-color-5)","background-image":"","background-repeat":"repeat","background-position":"center center","background-size":"auto","background-attachment":"scroll","background-type":"","background-media":"","overlay-type":"","overlay-color":"","overlay-opacity":"","overlay-gradient":""},"tablet":{"background-color":"var(--ast-global-color-5)","background-image":"","background-repeat":"repeat","background-position":"center center","background-size":"auto","background-attachment":"scroll","background-type":"","background-media":"","overlay-type":"","overlay-color":"","overlay-opacity":"","overlay-gradient":""},"mobile":{"background-color":"var(--ast-global-color-5)","background-image":"","background-repeat":"repeat","background-position":"center center","background-size":"auto","background-attachment":"scroll","background-type":"","background-media":"","overlay-type":"","overlay-color":"","overlay-opacity":"","overlay-gradient":""}}},"categories":[4],"tags":[],"class_list":["post-3429","archive","type-archive","status-publish","has-post-thumbnail","hentry","category-actualites"],"yoast_head":"<!-- This site is optimized with the Yoast SEO plugin v27.5 - https:\/\/yoast.com\/product\/yoast-seo-wordpress\/ -->\n<title>JEUDI 29\/07 - CONCERT PANORAMA #4 : JUWA - Ch\u00e2teau de Goutelas<\/title>\n<meta name=\"robots\" content=\"index, follow, max-snippet:-1, max-image-preview:large, max-video-preview:-1\" \/>\n<link rel=\"canonical\" href=\"https:\/\/www.chateaudegoutelas.fr\/en\/archive\/jeudi-29-07-concert-panorama-4-juwa\/\" \/>\n<meta property=\"og:locale\" content=\"en_GB\" \/>\n<meta property=\"og:type\" content=\"article\" \/>\n<meta property=\"og:title\" content=\"JEUDI 29\/07 - CONCERT PANORAMA #4 : JUWA - Ch\u00e2teau de Goutelas\" \/>\n<meta property=\"og:description\" content=\"Jeudi 29 juillet 2021 20h30 Concert JUWA : jazz-rock Le Ch\u00e2teau de Goutelas et le Ch\u00e2teau du Rozier s&rsquo;associent pour vous proposer une s\u00e9rie de concerts de part et d&rsquo;autre de la Loire ! La programmation Panorama s&rsquo;ouvre \u00e0 180\u00b0 sur les paysages musicaux actuels : soul, chanson fran\u00e7aise, \u00e9lectro-jazz, folk, rock ou world&#8230; A [&hellip;]\" \/>\n<meta property=\"og:url\" content=\"https:\/\/www.chateaudegoutelas.fr\/en\/archive\/jeudi-29-07-concert-panorama-4-juwa\/\" \/>\n<meta property=\"og:site_name\" content=\"Ch\u00e2teau de Goutelas\" \/>\n<meta property=\"article:modified_time\" content=\"2023-05-26T07:58:48+00:00\" \/>\n<meta property=\"og:image\" content=\"https:\/\/www.chateaudegoutelas.fr\/wp-content\/uploads\/2021\/05\/DSC07113-scaled.jpg\" \/>\n\t<meta property=\"og:image:width\" content=\"2560\" \/>\n\t<meta property=\"og:image:height\" content=\"1707\" \/>\n\t<meta property=\"og:image:type\" content=\"image\/jpeg\" \/>\n<meta name=\"twitter:card\" content=\"summary_large_image\" \/>\n<meta name=\"twitter:label1\" content=\"Estimated reading time\" \/>\n\t<meta name=\"twitter:data1\" content=\"1 minute\" \/>\n<script type=\"application\/ld+json\" class=\"yoast-schema-graph\">{\"@context\":\"https:\\\/\\\/schema.org\",\"@graph\":[{\"@type\":\"WebPage\",\"@id\":\"https:\\\/\\\/www.chateaudegoutelas.fr\\\/archive\\\/jeudi-29-07-concert-panorama-4-juwa\\\/\",\"url\":\"https:\\\/\\\/www.chateaudegoutelas.fr\\\/archive\\\/jeudi-29-07-concert-panorama-4-juwa\\\/\",\"name\":\"JEUDI 29\\\/07 - CONCERT PANORAMA #4 : JUWA - Ch\u00e2teau de Goutelas\",\"isPartOf\":{\"@id\":\"https:\\\/\\\/www.chateaudegoutelas.fr\\\/#website\"},\"primaryImageOfPage\":{\"@id\":\"https:\\\/\\\/www.chateaudegoutelas.fr\\\/archive\\\/jeudi-29-07-concert-panorama-4-juwa\\\/#primaryimage\"},\"image\":{\"@id\":\"https:\\\/\\\/www.chateaudegoutelas.fr\\\/archive\\\/jeudi-29-07-concert-panorama-4-juwa\\\/#primaryimage\"},\"thumbnailUrl\":\"https:\\\/\\\/www.chateaudegoutelas.fr\\\/wp-content\\\/uploads\\\/2021\\\/05\\\/DSC07113-scaled.jpg\",\"datePublished\":\"2021-05-28T07:51:03+00:00\",\"dateModified\":\"2023-05-26T07:58:48+00:00\",\"breadcrumb\":{\"@id\":\"https:\\\/\\\/www.chateaudegoutelas.fr\\\/archive\\\/jeudi-29-07-concert-panorama-4-juwa\\\/#breadcrumb\"},\"inLanguage\":\"en-GB\",\"potentialAction\":[{\"@type\":\"ReadAction\",\"target\":[\"https:\\\/\\\/www.chateaudegoutelas.fr\\\/archive\\\/jeudi-29-07-concert-panorama-4-juwa\\\/\"]}]},{\"@type\":\"ImageObject\",\"inLanguage\":\"en-GB\",\"@id\":\"https:\\\/\\\/www.chateaudegoutelas.fr\\\/archive\\\/jeudi-29-07-concert-panorama-4-juwa\\\/#primaryimage\",\"url\":\"https:\\\/\\\/www.chateaudegoutelas.fr\\\/wp-content\\\/uploads\\\/2021\\\/05\\\/DSC07113-scaled.jpg\",\"contentUrl\":\"https:\\\/\\\/www.chateaudegoutelas.fr\\\/wp-content\\\/uploads\\\/2021\\\/05\\\/DSC07113-scaled.jpg\",\"width\":2560,\"height\":1707},{\"@type\":\"BreadcrumbList\",\"@id\":\"https:\\\/\\\/www.chateaudegoutelas.fr\\\/archive\\\/jeudi-29-07-concert-panorama-4-juwa\\\/#breadcrumb\",\"itemListElement\":[{\"@type\":\"ListItem\",\"position\":1,\"name\":\"Accueil\",\"item\":\"https:\\\/\\\/www.chateaudegoutelas.fr\\\/\"},{\"@type\":\"ListItem\",\"position\":2,\"name\":\"JEUDI 29\\\/07 &#8211; CONCERT PANORAMA #4 : JUWA\"}]},{\"@type\":\"WebSite\",\"@id\":\"https:\\\/\\\/www.chateaudegoutelas.fr\\\/#website\",\"url\":\"https:\\\/\\\/www.chateaudegoutelas.fr\\\/\",\"name\":\"Ch\u00e2teau de Goutelas\",\"description\":\"Un centre culturel de rencontre en Forez\",\"publisher\":{\"@id\":\"https:\\\/\\\/www.chateaudegoutelas.fr\\\/#organization\"},\"potentialAction\":[{\"@type\":\"SearchAction\",\"target\":{\"@type\":\"EntryPoint\",\"urlTemplate\":\"https:\\\/\\\/www.chateaudegoutelas.fr\\\/?s={search_term_string}\"},\"query-input\":{\"@type\":\"PropertyValueSpecification\",\"valueRequired\":true,\"valueName\":\"search_term_string\"}}],\"inLanguage\":\"en-GB\"},{\"@type\":\"Organization\",\"@id\":\"https:\\\/\\\/www.chateaudegoutelas.fr\\\/#organization\",\"name\":\"Ch\u00e2teau de Goutelas\",\"url\":\"https:\\\/\\\/www.chateaudegoutelas.fr\\\/\",\"logo\":{\"@type\":\"ImageObject\",\"inLanguage\":\"en-GB\",\"@id\":\"https:\\\/\\\/www.chateaudegoutelas.fr\\\/#\\\/schema\\\/logo\\\/image\\\/\",\"url\":\"https:\\\/\\\/www.chateaudegoutelas.fr\\\/wp-content\\\/uploads\\\/2023\\\/05\\\/logo-chateau-goutelas-bleu.png\",\"contentUrl\":\"https:\\\/\\\/www.chateaudegoutelas.fr\\\/wp-content\\\/uploads\\\/2023\\\/05\\\/logo-chateau-goutelas-bleu.png\",\"width\":1123,\"height\":327,\"caption\":\"Ch\u00e2teau de Goutelas\"},\"image\":{\"@id\":\"https:\\\/\\\/www.chateaudegoutelas.fr\\\/#\\\/schema\\\/logo\\\/image\\\/\"}}]}<\/script>\n<!-- \/ Yoast SEO plugin. -->","yoast_head_json":{"title":"JEUDI 29\/07 - CONCERT PANORAMA #4 : JUWA - Ch\u00e2teau de Goutelas","robots":{"index":"index","follow":"follow","max-snippet":"max-snippet:-1","max-image-preview":"max-image-preview:large","max-video-preview":"max-video-preview:-1"},"canonical":"https:\/\/www.chateaudegoutelas.fr\/en\/archive\/jeudi-29-07-concert-panorama-4-juwa\/","og_locale":"en_GB","og_type":"article","og_title":"JEUDI 29\/07 - CONCERT PANORAMA #4 : JUWA - Ch\u00e2teau de Goutelas","og_description":"Jeudi 29 juillet 2021 20h30 Concert JUWA : jazz-rock Le Ch\u00e2teau de Goutelas et le Ch\u00e2teau du Rozier s&rsquo;associent pour vous proposer une s\u00e9rie de concerts de part et d&rsquo;autre de la Loire ! La programmation Panorama s&rsquo;ouvre \u00e0 180\u00b0 sur les paysages musicaux actuels : soul, chanson fran\u00e7aise, \u00e9lectro-jazz, folk, rock ou world&#8230; A [&hellip;]","og_url":"https:\/\/www.chateaudegoutelas.fr\/en\/archive\/jeudi-29-07-concert-panorama-4-juwa\/","og_site_name":"Ch\u00e2teau de Goutelas","article_modified_time":"2023-05-26T07:58:48+00:00","og_image":[{"width":2560,"height":1707,"url":"https:\/\/www.chateaudegoutelas.fr\/wp-content\/uploads\/2021\/05\/DSC07113-scaled.jpg","type":"image\/jpeg"}],"twitter_card":"summary_large_image","twitter_misc":{"Estimated reading time":"1 minute"},"schema":{"@context":"https:\/\/schema.org","@graph":[{"@type":"WebPage","@id":"https:\/\/www.chateaudegoutelas.fr\/archive\/jeudi-29-07-concert-panorama-4-juwa\/","url":"https:\/\/www.chateaudegoutelas.fr\/archive\/jeudi-29-07-concert-panorama-4-juwa\/","name":"JEUDI 29\/07 - CONCERT PANORAMA #4 : JUWA - Ch\u00e2teau de Goutelas","isPartOf":{"@id":"https:\/\/www.chateaudegoutelas.fr\/#website"},"primaryImageOfPage":{"@id":"https:\/\/www.chateaudegoutelas.fr\/archive\/jeudi-29-07-concert-panorama-4-juwa\/#primaryimage"},"image":{"@id":"https:\/\/www.chateaudegoutelas.fr\/archive\/jeudi-29-07-concert-panorama-4-juwa\/#primaryimage"},"thumbnailUrl":"https:\/\/www.chateaudegoutelas.fr\/wp-content\/uploads\/2021\/05\/DSC07113-scaled.jpg","datePublished":"2021-05-28T07:51:03+00:00","dateModified":"2023-05-26T07:58:48+00:00","breadcrumb":{"@id":"https:\/\/www.chateaudegoutelas.fr\/archive\/jeudi-29-07-concert-panorama-4-juwa\/#breadcrumb"},"inLanguage":"en-GB","potentialAction":[{"@type":"ReadAction","target":["https:\/\/www.chateaudegoutelas.fr\/archive\/jeudi-29-07-concert-panorama-4-juwa\/"]}]},{"@type":"ImageObject","inLanguage":"en-GB","@id":"https:\/\/www.chateaudegoutelas.fr\/archive\/jeudi-29-07-concert-panorama-4-juwa\/#primaryimage","url":"https:\/\/www.chateaudegoutelas.fr\/wp-content\/uploads\/2021\/05\/DSC07113-scaled.jpg","contentUrl":"https:\/\/www.chateaudegoutelas.fr\/wp-content\/uploads\/2021\/05\/DSC07113-scaled.jpg","width":2560,"height":1707},{"@type":"BreadcrumbList","@id":"https:\/\/www.chateaudegoutelas.fr\/archive\/jeudi-29-07-concert-panorama-4-juwa\/#breadcrumb","itemListElement":[{"@type":"ListItem","position":1,"name":"Accueil","item":"https:\/\/www.chateaudegoutelas.fr\/"},{"@type":"ListItem","position":2,"name":"JEUDI 29\/07 &#8211; CONCERT PANORAMA #4 : JUWA"}]},{"@type":"WebSite","@id":"https:\/\/www.chateaudegoutelas.fr\/#website","url":"https:\/\/www.chateaudegoutelas.fr\/","name":"Ch\u00e2teau de Goutelas","description":"Un centre culturel de rencontre en Forez","publisher":{"@id":"https:\/\/www.chateaudegoutelas.fr\/#organization"},"potentialAction":[{"@type":"SearchAction","target":{"@type":"EntryPoint","urlTemplate":"https:\/\/www.chateaudegoutelas.fr\/?s={search_term_string}"},"query-input":{"@type":"PropertyValueSpecification","valueRequired":true,"valueName":"search_term_string"}}],"inLanguage":"en-GB"},{"@type":"Organization","@id":"https:\/\/www.chateaudegoutelas.fr\/#organization","name":"Ch\u00e2teau de Goutelas","url":"https:\/\/www.chateaudegoutelas.fr\/","logo":{"@type":"ImageObject","inLanguage":"en-GB","@id":"https:\/\/www.chateaudegoutelas.fr\/#\/schema\/logo\/image\/","url":"https:\/\/www.chateaudegoutelas.fr\/wp-content\/uploads\/2023\/05\/logo-chateau-goutelas-bleu.png","contentUrl":"https:\/\/www.chateaudegoutelas.fr\/wp-content\/uploads\/2023\/05\/logo-chateau-goutelas-bleu.png","width":1123,"height":327,"caption":"Ch\u00e2teau de Goutelas"},"image":{"@id":"https:\/\/www.chateaudegoutelas.fr\/#\/schema\/logo\/image\/"}}]}},"_links":{"self":[{"href":"https:\/\/www.chateaudegoutelas.fr\/en\/wp-json\/wp\/v2\/archive\/3429","targetHints":{"allow":["GET"]}}],"collection":[{"href":"https:\/\/www.chateaudegoutelas.fr\/en\/wp-json\/wp\/v2\/archive"}],"about":[{"href":"https:\/\/www.chateaudegoutelas.fr\/en\/wp-json\/wp\/v2\/types\/archive"}],"author":[{"embeddable":true,"href":"https:\/\/www.chateaudegoutelas.fr\/en\/wp-json\/wp\/v2\/users\/7"}],"wp:featuredmedia":[{"embeddable":true,"href":"https:\/\/www.chateaudegoutelas.fr\/en\/wp-json\/wp\/v2\/media\/3430"}],"wp:attachment":[{"href":"https:\/\/www.chateaudegoutelas.fr\/en\/wp-json\/wp\/v2\/media?parent=3429"}],"wp:term":[{"taxonomy":"category","embeddable":true,"href":"https:\/\/www.chateaudegoutelas.fr\/en\/wp-json\/wp\/v2\/categories?post=3429"},{"taxonomy":"post_tag","embeddable":true,"href":"https:\/\/www.chateaudegoutelas.fr\/en\/wp-json\/wp\/v2\/tags?post=3429"}],"curies":[{"name":"wp","href":"https:\/\/api.w.org\/{rel}","templated":true}]}}