{"id":3425,"date":"2021-07-28T13:37:11","date_gmt":"2021-07-28T11:37:11","guid":{"rendered":"https:\/\/www.chateaudegoutelas.fr\/?p=3425"},"modified":"2023-05-26T09:57:04","modified_gmt":"2023-05-26T07:57:04","slug":"18-et-19-09-journees-europeennes-du-patrimoine","status":"publish","type":"archive","link":"https:\/\/www.chateaudegoutelas.fr\/en\/archive\/18-et-19-09-journees-europeennes-du-patrimoine\/","title":{"rendered":"18 ET 19\/09 &#8211; JOURN\u00c9ES EUROP\u00c9ENNES DU PATRIMOINE"},"content":{"rendered":"<div class=\"shmMigrate\"><\/div>\n<div class=\"shmMigrate\"><\/div>\n<div class=\"shmMigrate\"><\/div>\n<div class=\"shmMigrate\"><\/div>\n<h4><span style=\"font-weight: 400;\">Samedi 18 et dimanche 19 septembre<\/span><\/h4>\n<div class=\"shmMigrate\"><\/div>\n<div class=\"shmMigrate\"><\/div>\n<div class=\"shmMigrate\"><\/div>\n<p>En 1961 s\u2019amor\u00e7ait la reconstruction de Goutelas par des hommes et des femmes venus de tous horizons. Ces deux journ\u00e9es sont l\u2019occasion de c\u00e9l\u00e9brer les 60 ans d\u2019une \u201cutopie en actes\u201d, confirm\u00e9e \u00e0 travers un ambitieux projet, celui d\u2019un Centre culturel de rencontre en Forez.<\/p>\n<p>&nbsp;<\/p>\n<p><strong>SAMEDI 18 SEPTEMBRE<\/strong><\/p>\n<p><strong>&gt; 16h : Lecture musicale <em>Au congr\u00e8s des vents<\/em><\/strong><\/p>\n<p>Par Isabelle Fruleux et Elsa Beriola.<\/p>\n<p><em>Gratuit sur r\u00e9servation\u00a0<\/em><\/p>\n<p>&nbsp;<\/p>\n<p><strong>&gt; 17h : inauguration de la <\/strong><em><strong>Boussole des possibles<\/strong><\/em><\/p>\n<p>Un objet manifeste r\u00e9alis\u00e9 par Antonio Beninc\u00e0 d&rsquo;apr\u00e8s les \u00e9crits de Mireille Delmas-Marty<\/p>\n<p><em>Entr\u00e9e libre<\/em><\/p>\n<p>&nbsp;<\/p>\n<p><strong>&gt; 19H : Concert-bal swing<\/strong><\/p>\n<p>Avec le trio swing de Patrick Bafon.<\/p>\n<p>&nbsp;<\/p>\n<p>Fond\u00e9 par Patrick Bafon, le trio s&rsquo;attache \u00e0 faire revivre les ambiances survolt\u00e9es de la p\u00e9riode swing.\u00a0Grand standards, incontournables du swing et arrangements personnels se c\u00f4toient pour un r\u00e9pertoire enlev\u00e9 et festif.<br \/>\nUn couple de danseurs exp\u00e9riment\u00e9s vous entra\u00eene sur la piste pour r\u00e9v\u00e9ler le swing qui est en vous !<\/p>\n<p>&nbsp;<\/p>\n<p><em>Gratuit sur r\u00e9servation<\/em><\/p>\n<p>&nbsp;<\/p>\n<p><strong>DIMANCHE 19 SEPTEMBRE<\/strong><\/p>\n<p>&nbsp;<\/p>\n<p><strong>&gt; 10H &#8211; 18H : Visites libres<\/strong> des espaces int\u00e9rieurs et ext\u00e9rieurs du ch\u00e2teau.<\/p>\n<p><em>Entr\u00e9e libre<\/em><\/p>\n<p>&nbsp;<\/p>\n<p><strong>&gt; 11H<\/strong> <strong>: Visite accompagn\u00e9e<\/strong> du ch\u00e2teau<\/p>\n<p><em>Sur r\u00e9servation<\/em><\/p>\n<p>&nbsp;<\/p>\n<p><strong>&gt; 14H30 : Visite accompagn\u00e9e<\/strong> du ch\u00e2teau<\/p>\n<p><em>Sur r\u00e9servation<\/em><\/p>\n<div class=\"shmMigrate\"><\/div>\n<div class=\"shmMigrate\"><\/div>\n<div class=\"shmMigrate\"><\/div>\n<div>\n<p><strong>Ev\u00e9nement gratuit &#8211; Lecture musicale, concert-bal swing et visites accompagn\u00e9es sur r\u00e9servation<\/strong><\/p>\n<p><strong>Bistrot d&rsquo;\u00e9t\u00e9 :<\/strong><\/p>\n<\/div>\n<div><strong>Petite restauration sur place samedi et dimanche\u00a0d\u00e8s 12h30 \/ planches ap\u00e9ritif samedi soir jusqu&rsquo;\u00e0 21h \/ Caf\u00e9 les apr\u00e8s-midis<\/strong><\/div>\n<div class=\"shmMigrate\"><\/div>\n<div class=\"shmMigrate\"><\/div>\n<div class=\"shmMigrate\"><\/div>\n<div class=\"shmMigrate\"><\/div>\n<div><em>Veuillez noter que la pr\u00e9sentation d&rsquo;un\u00a0<strong>pass sanitaire<\/strong>\u00a0sera n\u00e9cessaire pour participer \u00e0 cet \u00e9v\u00e9nement\u00a0(sauf pour les personnes mineures).<\/em><\/div>\n<div><\/div>\n<div><em>Si vous n&rsquo;en avez pas, un test antig\u00e9nique vous permet d&rsquo;obtenir gratuitement en pharmacie et en 15 min un pass valable 48h (pharmacie la plus proche \u00e0 Bo\u00ebn-sur-Lignon :\u00a004 77 24 01 51).<\/em><\/div>\n<div class=\"shmMigrate\"><\/div>\n<div class=\"shmMigrate\"><\/div>\n<div class=\"shmMigrate\"><\/div>\n<div class=\"shmMigrate\"><\/div>","protected":false},"author":7,"featured_media":3642,"template":"","meta":{"site-sidebar-layout":"default","site-content-layout":"","ast-site-content-layout":"default","site-content-style":"default","site-sidebar-style":"default","ast-global-header-display":"","ast-banner-title-visibility":"","ast-main-header-display":"","ast-hfb-above-header-display":"","ast-hfb-below-header-display":"","ast-hfb-mobile-header-display":"","site-post-title":"","ast-breadcrumbs-content":null,"ast-featured-img":"","footer-sml-layout":"","ast-disable-related-posts":"","theme-transparent-header-meta":"","adv-header-id-meta":"","stick-header-meta":"","header-above-stick-meta":null,"header-main-stick-meta":"","header-below-stick-meta":null,"astra-migrate-meta-layouts":"default","ast-page-background-enabled":"default","ast-page-background-meta":{"desktop":{"background-color":"","background-image":"","background-repeat":"repeat","background-position":"center center","background-size":"auto","background-attachment":"scroll","background-type":"","background-media":"","overlay-type":"","overlay-color":"","overlay-opacity":"","overlay-gradient":""},"tablet":{"background-color":"","background-image":"","background-repeat":"repeat","background-position":"center center","background-size":"auto","background-attachment":"scroll","background-type":"","background-media":"","overlay-type":"","overlay-color":"","overlay-opacity":"","overlay-gradient":""},"mobile":{"background-color":"","background-image":"","background-repeat":"repeat","background-position":"center center","background-size":"auto","background-attachment":"scroll","background-type":"","background-media":"","overlay-type":"","overlay-color":"","overlay-opacity":"","overlay-gradient":""}},"ast-content-background-meta":{"desktop":{"background-color":"var(--ast-global-color-5)","background-image":"","background-repeat":"repeat","background-position":"center center","background-size":"auto","background-attachment":"scroll","background-type":"","background-media":"","overlay-type":"","overlay-color":"","overlay-opacity":"","overlay-gradient":""},"tablet":{"background-color":"var(--ast-global-color-5)","background-image":"","background-repeat":"repeat","background-position":"center center","background-size":"auto","background-attachment":"scroll","background-type":"","background-media":"","overlay-type":"","overlay-color":"","overlay-opacity":"","overlay-gradient":""},"mobile":{"background-color":"var(--ast-global-color-5)","background-image":"","background-repeat":"repeat","background-position":"center center","background-size":"auto","background-attachment":"scroll","background-type":"","background-media":"","overlay-type":"","overlay-color":"","overlay-opacity":"","overlay-gradient":""}}},"categories":[4],"tags":[],"class_list":["post-3425","archive","type-archive","status-publish","has-post-thumbnail","hentry","category-actualites"],"yoast_head":"<!-- This site is optimized with the Yoast SEO plugin v27.5 - https:\/\/yoast.com\/product\/yoast-seo-wordpress\/ -->\n<title>18 ET 19\/09 - JOURN\u00c9ES EUROP\u00c9ENNES DU PATRIMOINE - Ch\u00e2teau de Goutelas<\/title>\n<meta name=\"robots\" content=\"index, follow, max-snippet:-1, max-image-preview:large, max-video-preview:-1\" \/>\n<link rel=\"canonical\" href=\"https:\/\/www.chateaudegoutelas.fr\/en\/archive\/18-et-19-09-journees-europeennes-du-patrimoine\/\" \/>\n<meta property=\"og:locale\" content=\"en_GB\" \/>\n<meta property=\"og:type\" content=\"article\" \/>\n<meta property=\"og:title\" content=\"18 ET 19\/09 - JOURN\u00c9ES EUROP\u00c9ENNES DU PATRIMOINE - Ch\u00e2teau de Goutelas\" \/>\n<meta property=\"og:description\" content=\"Samedi 18 et dimanche 19 septembre En 1961 s\u2019amor\u00e7ait la reconstruction de Goutelas par des hommes et des femmes venus de tous horizons. Ces deux journ\u00e9es sont l\u2019occasion de c\u00e9l\u00e9brer les 60 ans d\u2019une \u201cutopie en actes\u201d, confirm\u00e9e \u00e0 travers un ambitieux projet, celui d\u2019un Centre culturel de rencontre en Forez. &nbsp; SAMEDI 18 SEPTEMBRE [&hellip;]\" \/>\n<meta property=\"og:url\" content=\"https:\/\/www.chateaudegoutelas.fr\/en\/archive\/18-et-19-09-journees-europeennes-du-patrimoine\/\" \/>\n<meta property=\"og:site_name\" content=\"Ch\u00e2teau de Goutelas\" \/>\n<meta property=\"article:modified_time\" content=\"2023-05-26T07:57:04+00:00\" \/>\n<meta property=\"og:image\" content=\"https:\/\/www.chateaudegoutelas.fr\/wp-content\/uploads\/2021\/07\/Posts_Facebook_sans_texte.jpg\" \/>\n\t<meta property=\"og:image:width\" content=\"1080\" \/>\n\t<meta property=\"og:image:height\" content=\"1080\" \/>\n\t<meta property=\"og:image:type\" content=\"image\/jpeg\" \/>\n<meta name=\"twitter:card\" content=\"summary_large_image\" \/>\n<meta name=\"twitter:label1\" content=\"Estimated reading time\" \/>\n\t<meta name=\"twitter:data1\" content=\"2 minutes\" \/>\n<script type=\"application\/ld+json\" class=\"yoast-schema-graph\">{\"@context\":\"https:\\\/\\\/schema.org\",\"@graph\":[{\"@type\":\"WebPage\",\"@id\":\"https:\\\/\\\/www.chateaudegoutelas.fr\\\/archive\\\/18-et-19-09-journees-europeennes-du-patrimoine\\\/\",\"url\":\"https:\\\/\\\/www.chateaudegoutelas.fr\\\/archive\\\/18-et-19-09-journees-europeennes-du-patrimoine\\\/\",\"name\":\"18 ET 19\\\/09 - JOURN\u00c9ES EUROP\u00c9ENNES DU PATRIMOINE - Ch\u00e2teau de Goutelas\",\"isPartOf\":{\"@id\":\"https:\\\/\\\/www.chateaudegoutelas.fr\\\/#website\"},\"primaryImageOfPage\":{\"@id\":\"https:\\\/\\\/www.chateaudegoutelas.fr\\\/archive\\\/18-et-19-09-journees-europeennes-du-patrimoine\\\/#primaryimage\"},\"image\":{\"@id\":\"https:\\\/\\\/www.chateaudegoutelas.fr\\\/archive\\\/18-et-19-09-journees-europeennes-du-patrimoine\\\/#primaryimage\"},\"thumbnailUrl\":\"https:\\\/\\\/www.chateaudegoutelas.fr\\\/wp-content\\\/uploads\\\/2021\\\/07\\\/Posts_Facebook_sans_texte.jpg\",\"datePublished\":\"2021-07-28T11:37:11+00:00\",\"dateModified\":\"2023-05-26T07:57:04+00:00\",\"breadcrumb\":{\"@id\":\"https:\\\/\\\/www.chateaudegoutelas.fr\\\/archive\\\/18-et-19-09-journees-europeennes-du-patrimoine\\\/#breadcrumb\"},\"inLanguage\":\"en-GB\",\"potentialAction\":[{\"@type\":\"ReadAction\",\"target\":[\"https:\\\/\\\/www.chateaudegoutelas.fr\\\/archive\\\/18-et-19-09-journees-europeennes-du-patrimoine\\\/\"]}]},{\"@type\":\"ImageObject\",\"inLanguage\":\"en-GB\",\"@id\":\"https:\\\/\\\/www.chateaudegoutelas.fr\\\/archive\\\/18-et-19-09-journees-europeennes-du-patrimoine\\\/#primaryimage\",\"url\":\"https:\\\/\\\/www.chateaudegoutelas.fr\\\/wp-content\\\/uploads\\\/2021\\\/07\\\/Posts_Facebook_sans_texte.jpg\",\"contentUrl\":\"https:\\\/\\\/www.chateaudegoutelas.fr\\\/wp-content\\\/uploads\\\/2021\\\/07\\\/Posts_Facebook_sans_texte.jpg\",\"width\":1080,\"height\":1080},{\"@type\":\"BreadcrumbList\",\"@id\":\"https:\\\/\\\/www.chateaudegoutelas.fr\\\/archive\\\/18-et-19-09-journees-europeennes-du-patrimoine\\\/#breadcrumb\",\"itemListElement\":[{\"@type\":\"ListItem\",\"position\":1,\"name\":\"Accueil\",\"item\":\"https:\\\/\\\/www.chateaudegoutelas.fr\\\/\"},{\"@type\":\"ListItem\",\"position\":2,\"name\":\"18 ET 19\\\/09 &#8211; JOURN\u00c9ES EUROP\u00c9ENNES DU PATRIMOINE\"}]},{\"@type\":\"WebSite\",\"@id\":\"https:\\\/\\\/www.chateaudegoutelas.fr\\\/#website\",\"url\":\"https:\\\/\\\/www.chateaudegoutelas.fr\\\/\",\"name\":\"Ch\u00e2teau de Goutelas\",\"description\":\"Un centre culturel de rencontre en Forez\",\"publisher\":{\"@id\":\"https:\\\/\\\/www.chateaudegoutelas.fr\\\/#organization\"},\"potentialAction\":[{\"@type\":\"SearchAction\",\"target\":{\"@type\":\"EntryPoint\",\"urlTemplate\":\"https:\\\/\\\/www.chateaudegoutelas.fr\\\/?s={search_term_string}\"},\"query-input\":{\"@type\":\"PropertyValueSpecification\",\"valueRequired\":true,\"valueName\":\"search_term_string\"}}],\"inLanguage\":\"en-GB\"},{\"@type\":\"Organization\",\"@id\":\"https:\\\/\\\/www.chateaudegoutelas.fr\\\/#organization\",\"name\":\"Ch\u00e2teau de Goutelas\",\"url\":\"https:\\\/\\\/www.chateaudegoutelas.fr\\\/\",\"logo\":{\"@type\":\"ImageObject\",\"inLanguage\":\"en-GB\",\"@id\":\"https:\\\/\\\/www.chateaudegoutelas.fr\\\/#\\\/schema\\\/logo\\\/image\\\/\",\"url\":\"https:\\\/\\\/www.chateaudegoutelas.fr\\\/wp-content\\\/uploads\\\/2023\\\/05\\\/logo-chateau-goutelas-bleu.png\",\"contentUrl\":\"https:\\\/\\\/www.chateaudegoutelas.fr\\\/wp-content\\\/uploads\\\/2023\\\/05\\\/logo-chateau-goutelas-bleu.png\",\"width\":1123,\"height\":327,\"caption\":\"Ch\u00e2teau de Goutelas\"},\"image\":{\"@id\":\"https:\\\/\\\/www.chateaudegoutelas.fr\\\/#\\\/schema\\\/logo\\\/image\\\/\"}}]}<\/script>\n<!-- \/ Yoast SEO plugin. -->","yoast_head_json":{"title":"18 ET 19\/09 - JOURN\u00c9ES EUROP\u00c9ENNES DU PATRIMOINE - Ch\u00e2teau de Goutelas","robots":{"index":"index","follow":"follow","max-snippet":"max-snippet:-1","max-image-preview":"max-image-preview:large","max-video-preview":"max-video-preview:-1"},"canonical":"https:\/\/www.chateaudegoutelas.fr\/en\/archive\/18-et-19-09-journees-europeennes-du-patrimoine\/","og_locale":"en_GB","og_type":"article","og_title":"18 ET 19\/09 - JOURN\u00c9ES EUROP\u00c9ENNES DU PATRIMOINE - Ch\u00e2teau de Goutelas","og_description":"Samedi 18 et dimanche 19 septembre En 1961 s\u2019amor\u00e7ait la reconstruction de Goutelas par des hommes et des femmes venus de tous horizons. Ces deux journ\u00e9es sont l\u2019occasion de c\u00e9l\u00e9brer les 60 ans d\u2019une \u201cutopie en actes\u201d, confirm\u00e9e \u00e0 travers un ambitieux projet, celui d\u2019un Centre culturel de rencontre en Forez. &nbsp; SAMEDI 18 SEPTEMBRE [&hellip;]","og_url":"https:\/\/www.chateaudegoutelas.fr\/en\/archive\/18-et-19-09-journees-europeennes-du-patrimoine\/","og_site_name":"Ch\u00e2teau de Goutelas","article_modified_time":"2023-05-26T07:57:04+00:00","og_image":[{"width":1080,"height":1080,"url":"https:\/\/www.chateaudegoutelas.fr\/wp-content\/uploads\/2021\/07\/Posts_Facebook_sans_texte.jpg","type":"image\/jpeg"}],"twitter_card":"summary_large_image","twitter_misc":{"Estimated reading time":"2 minutes"},"schema":{"@context":"https:\/\/schema.org","@graph":[{"@type":"WebPage","@id":"https:\/\/www.chateaudegoutelas.fr\/archive\/18-et-19-09-journees-europeennes-du-patrimoine\/","url":"https:\/\/www.chateaudegoutelas.fr\/archive\/18-et-19-09-journees-europeennes-du-patrimoine\/","name":"18 ET 19\/09 - JOURN\u00c9ES EUROP\u00c9ENNES DU PATRIMOINE - Ch\u00e2teau de Goutelas","isPartOf":{"@id":"https:\/\/www.chateaudegoutelas.fr\/#website"},"primaryImageOfPage":{"@id":"https:\/\/www.chateaudegoutelas.fr\/archive\/18-et-19-09-journees-europeennes-du-patrimoine\/#primaryimage"},"image":{"@id":"https:\/\/www.chateaudegoutelas.fr\/archive\/18-et-19-09-journees-europeennes-du-patrimoine\/#primaryimage"},"thumbnailUrl":"https:\/\/www.chateaudegoutelas.fr\/wp-content\/uploads\/2021\/07\/Posts_Facebook_sans_texte.jpg","datePublished":"2021-07-28T11:37:11+00:00","dateModified":"2023-05-26T07:57:04+00:00","breadcrumb":{"@id":"https:\/\/www.chateaudegoutelas.fr\/archive\/18-et-19-09-journees-europeennes-du-patrimoine\/#breadcrumb"},"inLanguage":"en-GB","potentialAction":[{"@type":"ReadAction","target":["https:\/\/www.chateaudegoutelas.fr\/archive\/18-et-19-09-journees-europeennes-du-patrimoine\/"]}]},{"@type":"ImageObject","inLanguage":"en-GB","@id":"https:\/\/www.chateaudegoutelas.fr\/archive\/18-et-19-09-journees-europeennes-du-patrimoine\/#primaryimage","url":"https:\/\/www.chateaudegoutelas.fr\/wp-content\/uploads\/2021\/07\/Posts_Facebook_sans_texte.jpg","contentUrl":"https:\/\/www.chateaudegoutelas.fr\/wp-content\/uploads\/2021\/07\/Posts_Facebook_sans_texte.jpg","width":1080,"height":1080},{"@type":"BreadcrumbList","@id":"https:\/\/www.chateaudegoutelas.fr\/archive\/18-et-19-09-journees-europeennes-du-patrimoine\/#breadcrumb","itemListElement":[{"@type":"ListItem","position":1,"name":"Accueil","item":"https:\/\/www.chateaudegoutelas.fr\/"},{"@type":"ListItem","position":2,"name":"18 ET 19\/09 &#8211; JOURN\u00c9ES EUROP\u00c9ENNES DU PATRIMOINE"}]},{"@type":"WebSite","@id":"https:\/\/www.chateaudegoutelas.fr\/#website","url":"https:\/\/www.chateaudegoutelas.fr\/","name":"Ch\u00e2teau de Goutelas","description":"Un centre culturel de rencontre en Forez","publisher":{"@id":"https:\/\/www.chateaudegoutelas.fr\/#organization"},"potentialAction":[{"@type":"SearchAction","target":{"@type":"EntryPoint","urlTemplate":"https:\/\/www.chateaudegoutelas.fr\/?s={search_term_string}"},"query-input":{"@type":"PropertyValueSpecification","valueRequired":true,"valueName":"search_term_string"}}],"inLanguage":"en-GB"},{"@type":"Organization","@id":"https:\/\/www.chateaudegoutelas.fr\/#organization","name":"Ch\u00e2teau de Goutelas","url":"https:\/\/www.chateaudegoutelas.fr\/","logo":{"@type":"ImageObject","inLanguage":"en-GB","@id":"https:\/\/www.chateaudegoutelas.fr\/#\/schema\/logo\/image\/","url":"https:\/\/www.chateaudegoutelas.fr\/wp-content\/uploads\/2023\/05\/logo-chateau-goutelas-bleu.png","contentUrl":"https:\/\/www.chateaudegoutelas.fr\/wp-content\/uploads\/2023\/05\/logo-chateau-goutelas-bleu.png","width":1123,"height":327,"caption":"Ch\u00e2teau de Goutelas"},"image":{"@id":"https:\/\/www.chateaudegoutelas.fr\/#\/schema\/logo\/image\/"}}]}},"_links":{"self":[{"href":"https:\/\/www.chateaudegoutelas.fr\/en\/wp-json\/wp\/v2\/archive\/3425","targetHints":{"allow":["GET"]}}],"collection":[{"href":"https:\/\/www.chateaudegoutelas.fr\/en\/wp-json\/wp\/v2\/archive"}],"about":[{"href":"https:\/\/www.chateaudegoutelas.fr\/en\/wp-json\/wp\/v2\/types\/archive"}],"author":[{"embeddable":true,"href":"https:\/\/www.chateaudegoutelas.fr\/en\/wp-json\/wp\/v2\/users\/7"}],"wp:featuredmedia":[{"embeddable":true,"href":"https:\/\/www.chateaudegoutelas.fr\/en\/wp-json\/wp\/v2\/media\/3642"}],"wp:attachment":[{"href":"https:\/\/www.chateaudegoutelas.fr\/en\/wp-json\/wp\/v2\/media?parent=3425"}],"wp:term":[{"taxonomy":"category","embeddable":true,"href":"https:\/\/www.chateaudegoutelas.fr\/en\/wp-json\/wp\/v2\/categories?post=3425"},{"taxonomy":"post_tag","embeddable":true,"href":"https:\/\/www.chateaudegoutelas.fr\/en\/wp-json\/wp\/v2\/tags?post=3425"}],"curies":[{"name":"wp","href":"https:\/\/api.w.org\/{rel}","templated":true}]}}